{"id":53243,"date":"2023-09-25T09:50:17","date_gmt":"2023-09-25T09:50:17","guid":{"rendered":"https:\/\/www.ifg.gr\/events\/ekthesi-fotografias-clement-chapillon\/"},"modified":"2023-09-28T13:54:40","modified_gmt":"2023-09-28T13:54:40","slug":"exposition-photographique-clement-chapillon","status":"publish","type":"event","link":"https:\/\/www.ifg.gr\/fr\/events\/exposition-photographique-clement-chapillon\/","title":{"rendered":"Exposition photographique : Cl\u00e9ment Chapillon \u00ab Les rochers fauves \u00bb"},"content":{"rendered":"<h3>Vernissage le 10 octobre 2023, \u00e0 19h00<br \/>\nHeures d&rsquo;ouverture : lundi au vendredi 08h00 \u2013 20h00 | samedi 09h00 \u2013 17h00<\/h3>\n<h3>L&rsquo;exposition\u00a0est une invitation \u00e0 plonger dans un monde insulaire \u00e0 la fois brut et po\u00e9tique, o\u00f9 l&rsquo;histoire, la g\u00e9ographie, et l&rsquo;imaginaire se m\u00ealent pour former un tableau visuel captivant. Nous vous convions chaleureusement \u00e0 cette exposition exceptionnelle qui promet de vous transporter au c\u0153ur de l&rsquo;\u00eele d&rsquo;Amorgos.<\/h3>\n<p>&nbsp;<\/p>\n<p>L&rsquo;<strong>Institut fran\u00e7ais de Gr\u00e8ce<\/strong>, avec le soutien de l\u2019<strong><a href=\"https:\/\/www.institutfrancais.com\/fr\" target=\"_blank\" rel=\"noopener\">Institut Fran\u00e7ais (Paris)<\/a><\/strong>, pr\u00e9sente l\u2019exposition photographique exceptionnelle, intitul\u00e9e <strong><em>Les Rochers Fauves<\/em><\/strong>, r\u00e9alis\u00e9e par l&rsquo;artiste <strong><a href=\"http:\/\/www.clementchapillon.com\/\" target=\"_blank\" rel=\"noopener\">Cl\u00e9ment Chapillon<\/a><\/strong>. Cette exposition est l\u2019occasion de d\u00e9couvrir les histoires fascinantes qui se cachent derri\u00e8re chaque photographie et de plonger dans une mythologie insulaire, celle de l\u2019\u00eele d\u2019Amorgos.<\/p>\n<blockquote><p><em>\u00ab L\u2019histoire des rochers fauves, c\u2019est d\u2019abord celle d\u2019un questionnement sur l\u2019\u00eel\u00e9it\u00e9 \u00bb<\/em>, explique Cl\u00e9ment Chapillon. Dans cette s\u00e9rie photographique, l&rsquo;artiste explore la notion d&rsquo;isolement, tant g\u00e9ographique que mental, \u00e0 travers l&rsquo;univers insulaire de la mer \u00c9g\u00e9e. Il interroge la mani\u00e8re dont le temps, les interactions humaines, les croyances et l&rsquo;imaginaire prennent forme dans un monde fini bord\u00e9 par l&rsquo;infini. Depuis pr\u00e8s de vingt ans, Cl\u00e9ment Chapillon se rend r\u00e9guli\u00e8rement sur l&rsquo;\u00eele d&rsquo;Amorgos, situ\u00e9e au c\u0153ur de l&rsquo;archipel grec des Cyclades.<\/p>\n<p><em>\u00ab Sur Amorgos, on se sent loin, isol\u00e9, et cela cr\u00e9e un espace mental o\u00f9 le r\u00e9el devient tr\u00e8s poreux avec l\u2019imaginaire \u00bb<\/em>, confie Cl\u00e9ment Chapillon. Arm\u00e9 de son appareil Plaubel Makina 67 (moyen format argentique), il a cr\u00e9\u00e9 un <strong>r\u00e9cit visuel \u00e0 la fois documentaire et m\u00e9taphorique<\/strong>, explorant les sentiments contradictoires suscit\u00e9s par l&rsquo;insularit\u00e9 de ce territoire rocheux, aride et sauvage.<\/p><\/blockquote>\n<p>Le projet <em>Les Rochers Fauves<\/em> a vu le jour en d\u00e9cembre 2018, gr\u00e2ce au soutien de la <a href=\"https:\/\/www.les-treilles.com\/\" target=\"_blank\" rel=\"noopener\"><strong>Fondation des Treilles<\/strong><\/a>. La r\u00e9alisation de cette s\u00e9rie photographique a n\u00e9cessit\u00e9 deux ans de travail et cinq voyages sur l&rsquo;\u00eele d&rsquo;Amorgos. Le nom de la s\u00e9rie est tir\u00e9 d&rsquo;un passage de <strong><em>La Gr\u00e8ce d\u2019aujourd\u2019hui<\/em><\/strong>\u00a0de l&rsquo;arch\u00e9ologue et \u00e9crivain fran\u00e7ais <strong>Gaston Deschamps<\/strong>, publi\u00e9 en 1892, dans lequel une partie de l&rsquo;ouvrage est consacr\u00e9e \u00e0 Amorgos.<\/p>\n<p>Gaston Deschamps d\u00e9crit les paysages, la vie des habitants, les traditions locales, mais aussi son travail sur place et ses sentiments, dans un style lyrique et surann\u00e9. Ces mots ont profond\u00e9ment r\u00e9sonn\u00e9 chez Cl\u00e9ment Chapillon, qui a extrait des fragments de texte de cette m\u00eame page pour les utiliser comme palimpseste, tentant ainsi de reproduire les sensations insulaires.<\/p>\n<p>Cl\u00e9ment Chapillon est un photographe qui explore les territoires, les personnes qui les habitent, ainsi que les liens qui les unissent, \u00e0 travers une \u00e9criture personnelle emprunt\u00e9e au \u00ab\u00a0r\u00e9alisme po\u00e9tique\u00a0\u00bb. Ses narrations, oscillant entre le r\u00e9el et l&rsquo;imaginaire, s&rsquo;inspirent de t\u00e9moignages contemporains ou d&rsquo;anciens \u00e9crits pour documenter \u00e0 la fois l&rsquo;espace g\u00e9ographique et mental des lieux.<\/p>\n<p><a href=\"http:\/\/www.clementchapillon.com\/promise-me-a-land\" target=\"_blank\" rel=\"noopener\"><em><strong>Promise me a Land<\/strong><\/em><\/a>, son premier documentaire de long m\u00e9trage, explorait les diff\u00e9rentes dimensions de la terre promise en Isra\u00ebl\/Palestine. Avec sa nouvelle s\u00e9rie <em>Les Rochers Fauves<\/em>, Cl\u00e9ment Chapillon scrute la notion d&rsquo;insularit\u00e9 en documentant la dualit\u00e9, l&rsquo;isolement et la m\u00e9moire d&rsquo;une \u00eele en mer \u00c9g\u00e9e. Il est \u00e9galement le co-fondateur du studio de production documentaire <strong>Unforeseen<\/strong>.<\/p>\n<p><a href=\"https:\/\/www.institutfrancais.com\/fr\" target=\"_blank\" rel=\"noopener\"><img loading=\"lazy\" decoding=\"async\" class=\"alignnone wp-image-53265\" src=\"https:\/\/www.ifg.gr\/wp-content\/uploads\/2023\/09\/IF_Logo_CMYK-1.jpg\" alt=\"\" width=\"279\" height=\"116\" srcset=\"https:\/\/www.ifg.gr\/wp-content\/uploads\/2023\/09\/IF_Logo_CMYK-1.jpg 949w, https:\/\/www.ifg.gr\/wp-content\/uploads\/2023\/09\/IF_Logo_CMYK-1-768x319.jpg 768w, https:\/\/www.ifg.gr\/wp-content\/uploads\/2023\/09\/IF_Logo_CMYK-1-313x130.jpg 313w\" sizes=\"auto, (max-width: 279px) 100vw, 279px\" \/><\/a><\/p>\n","protected":false},"excerpt":{"rendered":"<p>D\u00e9couvrez cette exposition exceptionnelle qui promet de vous transporter au c\u0153ur de l&rsquo;\u00eele d&rsquo;Amorgos !<\/p>\n","protected":false},"author":18,"featured_media":53221,"template":"","tags":[1372,1369],"event_category":[872],"event_group":[],"class_list":["post-53243","event","type-event","status-publish","has-post-thumbnail","hentry","tag-photographie","tag-fotografia-fr","event_category-spectacle-vivant"],"acf":{"sponsors_default":false,"info_title":"","info_text":"","date_range":{"start":"10\/10\/2023","end":"02\/11\/2023","cancelled":false,"note":"","start_time":"19:00","end_time":""},"details":{"location":"<p>MAYA Le bistro<br \/>\nInstitut fran\u00e7ais de Gr\u00e8ce \u2013 31, rue Sina, 10680 Ath\u00e8nes<\/p>\n<p>Vernissage le 10 octobre 2023, \u00e0 19h00<\/p>\n<p>Heures d'ouverture : lundi au vendredi 08h00 \u2013 20h00 | samedi 09h00 \u2013 17h00<\/p>\n","hyperlink1a":{"text":"","link":""},"price":"Entr\u00e9e libre","hyperlink2a":{"text":"","link":""},"online_event":false,"live_streaming":false,"live_streaming_code":"","facebook_url":"https:\/\/www.facebook.com\/events\/259487483741287\/?ref=newsfeed","hyperlink":{"text":"","link":""},"hyperlink2":{"text":"","link":""},"hyperlink3":{"text":"","link":""},"press_release":false},"featured_image_credits":"\u00a9Cl\u00e9ment Chapillon","home_slider_image":{"ID":53223,"id":53223,"title":"CHAPILLON_CLEMENT_EXPOSITION_1300x768","filename":"CHAPILLON_CLEMENT_EXPOSITION_1300x768.jpg","filesize":972408,"url":"https:\/\/www.ifg.gr\/wp-content\/uploads\/2023\/09\/CHAPILLON_CLEMENT_EXPOSITION_1300x768.jpg","link":"https:\/\/www.ifg.gr\/fr\/events\/exposition-photographique-clement-chapillon\/chapillon_clement_exposition_1300x768-2\/","alt":"","author":"18","description":"","caption":"","name":"chapillon_clement_exposition_1300x768-2","status":"inherit","uploaded_to":53243,"date":"2023-09-25 09:48:57","modified":"2023-09-25 09:48:57","menu_order":0,"mime_type":"image\/jpeg","type":"image","subtype":"jpeg","icon":"https:\/\/www.ifg.gr\/wp-includes\/images\/media\/default.png","width":1300,"height":768,"sizes":{"thumbnail":"https:\/\/www.ifg.gr\/wp-content\/uploads\/2023\/09\/CHAPILLON_CLEMENT_EXPOSITION_1300x768.jpg","thumbnail-width":150,"thumbnail-height":89,"medium":"https:\/\/www.ifg.gr\/wp-content\/uploads\/2023\/09\/CHAPILLON_CLEMENT_EXPOSITION_1300x768.jpg","medium-width":300,"medium-height":177,"medium_large":"https:\/\/www.ifg.gr\/wp-content\/uploads\/2023\/09\/CHAPILLON_CLEMENT_EXPOSITION_1300x768-768x454.jpg","medium_large-width":640,"medium_large-height":378,"large":"https:\/\/www.ifg.gr\/wp-content\/uploads\/2023\/09\/CHAPILLON_CLEMENT_EXPOSITION_1300x768.jpg","large-width":640,"large-height":378,"1536x1536":"https:\/\/www.ifg.gr\/wp-content\/uploads\/2023\/09\/CHAPILLON_CLEMENT_EXPOSITION_1300x768.jpg","1536x1536-width":1300,"1536x1536-height":768,"2048x2048":"https:\/\/www.ifg.gr\/wp-content\/uploads\/2023\/09\/CHAPILLON_CLEMENT_EXPOSITION_1300x768.jpg","2048x2048-width":1300,"2048x2048-height":768,"full-width":"https:\/\/www.ifg.gr\/wp-content\/uploads\/2023\/09\/CHAPILLON_CLEMENT_EXPOSITION_1300x768.jpg","full-width-width":1300,"full-width-height":768,"sidebar":"https:\/\/www.ifg.gr\/wp-content\/uploads\/2023\/09\/CHAPILLON_CLEMENT_EXPOSITION_1300x768.jpg","sidebar-width":1300,"sidebar-height":768,"thumb-sm":"https:\/\/www.ifg.gr\/wp-content\/uploads\/2023\/09\/CHAPILLON_CLEMENT_EXPOSITION_1300x768-220x130.jpg","thumb-sm-width":220,"thumb-sm-height":130,"thumb-square":"https:\/\/www.ifg.gr\/wp-content\/uploads\/2023\/09\/CHAPILLON_CLEMENT_EXPOSITION_1300x768-300x300.jpg","thumb-square-width":300,"thumb-square-height":300,"thumb-big":"https:\/\/www.ifg.gr\/wp-content\/uploads\/2023\/09\/CHAPILLON_CLEMENT_EXPOSITION_1300x768-600x400.jpg","thumb-big-width":600,"thumb-big-height":400,"slider-big":"https:\/\/www.ifg.gr\/wp-content\/uploads\/2023\/09\/CHAPILLON_CLEMENT_EXPOSITION_1300x768.jpg","slider-big-width":1300,"slider-big-height":768}},"sponsors_group":[{"group_title":"","banners":[{"image":{"ID":53258,"id":53258,"title":"IF_Logo_CMYK","filename":"IF_Logo_CMYK.jpg","filesize":69964,"url":"https:\/\/www.ifg.gr\/wp-content\/uploads\/2023\/09\/IF_Logo_CMYK.jpg","link":"https:\/\/www.ifg.gr\/fr\/events\/exposition-photographique-clement-chapillon\/if_logo_cmyk-4\/","alt":"","author":"18","description":"","caption":"","name":"if_logo_cmyk-4","status":"inherit","uploaded_to":53243,"date":"2023-09-25 12:10:43","modified":"2023-09-25 12:10:43","menu_order":0,"mime_type":"image\/jpeg","type":"image","subtype":"jpeg","icon":"https:\/\/www.ifg.gr\/wp-includes\/images\/media\/default.png","width":949,"height":394,"sizes":{"thumbnail":"https:\/\/www.ifg.gr\/wp-content\/uploads\/2023\/09\/IF_Logo_CMYK.jpg","thumbnail-width":150,"thumbnail-height":62,"medium":"https:\/\/www.ifg.gr\/wp-content\/uploads\/2023\/09\/IF_Logo_CMYK.jpg","medium-width":300,"medium-height":125,"medium_large":"https:\/\/www.ifg.gr\/wp-content\/uploads\/2023\/09\/IF_Logo_CMYK-768x319.jpg","medium_large-width":640,"medium_large-height":266,"large":"https:\/\/www.ifg.gr\/wp-content\/uploads\/2023\/09\/IF_Logo_CMYK.jpg","large-width":640,"large-height":266,"1536x1536":"https:\/\/www.ifg.gr\/wp-content\/uploads\/2023\/09\/IF_Logo_CMYK.jpg","1536x1536-width":949,"1536x1536-height":394,"2048x2048":"https:\/\/www.ifg.gr\/wp-content\/uploads\/2023\/09\/IF_Logo_CMYK.jpg","2048x2048-width":949,"2048x2048-height":394,"full-width":"https:\/\/www.ifg.gr\/wp-content\/uploads\/2023\/09\/IF_Logo_CMYK.jpg","full-width-width":949,"full-width-height":394,"sidebar":"https:\/\/www.ifg.gr\/wp-content\/uploads\/2023\/09\/IF_Logo_CMYK.jpg","sidebar-width":949,"sidebar-height":394,"thumb-sm":"https:\/\/www.ifg.gr\/wp-content\/uploads\/2023\/09\/IF_Logo_CMYK-313x130.jpg","thumb-sm-width":313,"thumb-sm-height":130,"thumb-square":"https:\/\/www.ifg.gr\/wp-content\/uploads\/2023\/09\/IF_Logo_CMYK-300x300.jpg","thumb-square-width":300,"thumb-square-height":300,"thumb-big":"https:\/\/www.ifg.gr\/wp-content\/uploads\/2023\/09\/IF_Logo_CMYK-600x394.jpg","thumb-big-width":600,"thumb-big-height":394,"slider-big":"https:\/\/www.ifg.gr\/wp-content\/uploads\/2023\/09\/IF_Logo_CMYK.jpg","slider-big-width":949,"slider-big-height":394}},"link":"https:\/\/www.institutfrancais.com\/fr"}]}],"layout":false},"yoast_head":"<!-- This site is optimized with the Yoast SEO plugin v26.8 - https:\/\/yoast.com\/product\/yoast-seo-wordpress\/ -->\n<title>Exposition photographique : Cl\u00e9ment Chapillon \u00ab Les rochers fauves \u00bb<\/title>\n<meta name=\"description\" content=\"D\u00e9couvrez cette exposition exceptionnelle qui promet de vous transporter au c\u0153ur d&#039;Amorgos, une \u00eele \u00e0 la fois brute et po\u00e9tique.\" \/>\n<meta name=\"robots\" content=\"index, follow, max-snippet:-1, max-image-preview:large, max-video-preview:-1\" \/>\n<link rel=\"canonical\" href=\"https:\/\/www.ifg.gr\/events\/ekthesi-fotografias-clement-chapillon\/\" \/>\n<meta property=\"og:locale\" content=\"fr_FR\" \/>\n<meta property=\"og:type\" content=\"article\" \/>\n<meta property=\"og:title\" content=\"Exposition photographique : Cl\u00e9ment Chapillon \u00ab Les rochers fauves \u00bb\" \/>\n<meta property=\"og:description\" content=\"D\u00e9couvrez cette exposition exceptionnelle qui promet de vous transporter au c\u0153ur d&#039;Amorgos, une \u00eele \u00e0 la fois brute et po\u00e9tique.\" \/>\n<meta property=\"og:url\" content=\"https:\/\/www.ifg.gr\/events\/ekthesi-fotografias-clement-chapillon\/\" \/>\n<meta property=\"og:site_name\" content=\"IFG\" \/>\n<meta property=\"article:modified_time\" content=\"2023-09-28T13:54:40+00:00\" \/>\n<meta property=\"og:image\" content=\"https:\/\/www.ifg.gr\/wp-content\/uploads\/2023\/09\/CHAPILLON_CLEMENT_EXPOSITION_1200x800-1.jpg\" \/>\n\t<meta property=\"og:image:width\" content=\"1200\" \/>\n\t<meta property=\"og:image:height\" content=\"800\" \/>\n\t<meta property=\"og:image:type\" content=\"image\/jpeg\" \/>\n<meta name=\"twitter:card\" content=\"summary_large_image\" \/>\n<meta name=\"twitter:label1\" content=\"Dur\u00e9e de lecture estim\u00e9e\" \/>\n\t<meta name=\"twitter:data1\" content=\"3 minutes\" \/>\n<script type=\"application\/ld+json\" class=\"yoast-schema-graph\">{\"@context\":\"https:\/\/schema.org\",\"@graph\":[{\"@type\":\"WebPage\",\"@id\":\"https:\/\/www.ifg.gr\/events\/ekthesi-fotografias-clement-chapillon\/\",\"url\":\"https:\/\/www.ifg.gr\/events\/ekthesi-fotografias-clement-chapillon\/\",\"name\":\"Exposition photographique : Cl\u00e9ment Chapillon \u00ab Les rochers fauves \u00bb\",\"isPartOf\":{\"@id\":\"https:\/\/www.ifg.gr\/#website\"},\"primaryImageOfPage\":{\"@id\":\"https:\/\/www.ifg.gr\/events\/ekthesi-fotografias-clement-chapillon\/#primaryimage\"},\"image\":{\"@id\":\"https:\/\/www.ifg.gr\/events\/ekthesi-fotografias-clement-chapillon\/#primaryimage\"},\"thumbnailUrl\":\"https:\/\/www.ifg.gr\/wp-content\/uploads\/2023\/09\/CHAPILLON_CLEMENT_EXPOSITION_1200x800-1.jpg\",\"datePublished\":\"2023-09-25T09:50:17+00:00\",\"dateModified\":\"2023-09-28T13:54:40+00:00\",\"description\":\"D\u00e9couvrez cette exposition exceptionnelle qui promet de vous transporter au c\u0153ur d'Amorgos, une \u00eele \u00e0 la fois brute et po\u00e9tique.\",\"breadcrumb\":{\"@id\":\"https:\/\/www.ifg.gr\/events\/ekthesi-fotografias-clement-chapillon\/#breadcrumb\"},\"inLanguage\":\"fr-FR\",\"potentialAction\":[{\"@type\":\"ReadAction\",\"target\":[\"https:\/\/www.ifg.gr\/events\/ekthesi-fotografias-clement-chapillon\/\"]}]},{\"@type\":\"ImageObject\",\"inLanguage\":\"fr-FR\",\"@id\":\"https:\/\/www.ifg.gr\/events\/ekthesi-fotografias-clement-chapillon\/#primaryimage\",\"url\":\"https:\/\/www.ifg.gr\/wp-content\/uploads\/2023\/09\/CHAPILLON_CLEMENT_EXPOSITION_1200x800-1.jpg\",\"contentUrl\":\"https:\/\/www.ifg.gr\/wp-content\/uploads\/2023\/09\/CHAPILLON_CLEMENT_EXPOSITION_1200x800-1.jpg\",\"width\":1200,\"height\":800},{\"@type\":\"BreadcrumbList\",\"@id\":\"https:\/\/www.ifg.gr\/events\/ekthesi-fotografias-clement-chapillon\/#breadcrumb\",\"itemListElement\":[{\"@type\":\"ListItem\",\"position\":1,\"name\":\"Home\",\"item\":\"https:\/\/www.ifg.gr\/fr\/\"},{\"@type\":\"ListItem\",\"position\":2,\"name\":\"Events\",\"item\":\"https:\/\/www.ifg.gr\/events\/\"},{\"@type\":\"ListItem\",\"position\":3,\"name\":\"Exposition photographique : Cl\u00e9ment Chapillon \u00ab Les rochers fauves \u00bb\"}]},{\"@type\":\"WebSite\",\"@id\":\"https:\/\/www.ifg.gr\/#website\",\"url\":\"https:\/\/www.ifg.gr\/\",\"name\":\"IFG\",\"description\":\"\",\"potentialAction\":[{\"@type\":\"SearchAction\",\"target\":{\"@type\":\"EntryPoint\",\"urlTemplate\":\"https:\/\/www.ifg.gr\/?s={search_term_string}\"},\"query-input\":{\"@type\":\"PropertyValueSpecification\",\"valueRequired\":true,\"valueName\":\"search_term_string\"}}],\"inLanguage\":\"fr-FR\"}]}<\/script>\n<!-- \/ Yoast SEO plugin. -->","yoast_head_json":{"title":"Exposition photographique : Cl\u00e9ment Chapillon \u00ab Les rochers fauves \u00bb","description":"D\u00e9couvrez cette exposition exceptionnelle qui promet de vous transporter au c\u0153ur d'Amorgos, une \u00eele \u00e0 la fois brute et po\u00e9tique.","robots":{"index":"index","follow":"follow","max-snippet":"max-snippet:-1","max-image-preview":"max-image-preview:large","max-video-preview":"max-video-preview:-1"},"canonical":"https:\/\/www.ifg.gr\/events\/ekthesi-fotografias-clement-chapillon\/","og_locale":"fr_FR","og_type":"article","og_title":"Exposition photographique : Cl\u00e9ment Chapillon \u00ab Les rochers fauves \u00bb","og_description":"D\u00e9couvrez cette exposition exceptionnelle qui promet de vous transporter au c\u0153ur d'Amorgos, une \u00eele \u00e0 la fois brute et po\u00e9tique.","og_url":"https:\/\/www.ifg.gr\/events\/ekthesi-fotografias-clement-chapillon\/","og_site_name":"IFG","article_modified_time":"2023-09-28T13:54:40+00:00","og_image":[{"width":1200,"height":800,"url":"https:\/\/www.ifg.gr\/wp-content\/uploads\/2023\/09\/CHAPILLON_CLEMENT_EXPOSITION_1200x800-1.jpg","type":"image\/jpeg"}],"twitter_card":"summary_large_image","twitter_misc":{"Dur\u00e9e de lecture estim\u00e9e":"3 minutes"},"schema":{"@context":"https:\/\/schema.org","@graph":[{"@type":"WebPage","@id":"https:\/\/www.ifg.gr\/events\/ekthesi-fotografias-clement-chapillon\/","url":"https:\/\/www.ifg.gr\/events\/ekthesi-fotografias-clement-chapillon\/","name":"Exposition photographique : Cl\u00e9ment Chapillon \u00ab Les rochers fauves \u00bb","isPartOf":{"@id":"https:\/\/www.ifg.gr\/#website"},"primaryImageOfPage":{"@id":"https:\/\/www.ifg.gr\/events\/ekthesi-fotografias-clement-chapillon\/#primaryimage"},"image":{"@id":"https:\/\/www.ifg.gr\/events\/ekthesi-fotografias-clement-chapillon\/#primaryimage"},"thumbnailUrl":"https:\/\/www.ifg.gr\/wp-content\/uploads\/2023\/09\/CHAPILLON_CLEMENT_EXPOSITION_1200x800-1.jpg","datePublished":"2023-09-25T09:50:17+00:00","dateModified":"2023-09-28T13:54:40+00:00","description":"D\u00e9couvrez cette exposition exceptionnelle qui promet de vous transporter au c\u0153ur d'Amorgos, une \u00eele \u00e0 la fois brute et po\u00e9tique.","breadcrumb":{"@id":"https:\/\/www.ifg.gr\/events\/ekthesi-fotografias-clement-chapillon\/#breadcrumb"},"inLanguage":"fr-FR","potentialAction":[{"@type":"ReadAction","target":["https:\/\/www.ifg.gr\/events\/ekthesi-fotografias-clement-chapillon\/"]}]},{"@type":"ImageObject","inLanguage":"fr-FR","@id":"https:\/\/www.ifg.gr\/events\/ekthesi-fotografias-clement-chapillon\/#primaryimage","url":"https:\/\/www.ifg.gr\/wp-content\/uploads\/2023\/09\/CHAPILLON_CLEMENT_EXPOSITION_1200x800-1.jpg","contentUrl":"https:\/\/www.ifg.gr\/wp-content\/uploads\/2023\/09\/CHAPILLON_CLEMENT_EXPOSITION_1200x800-1.jpg","width":1200,"height":800},{"@type":"BreadcrumbList","@id":"https:\/\/www.ifg.gr\/events\/ekthesi-fotografias-clement-chapillon\/#breadcrumb","itemListElement":[{"@type":"ListItem","position":1,"name":"Home","item":"https:\/\/www.ifg.gr\/fr\/"},{"@type":"ListItem","position":2,"name":"Events","item":"https:\/\/www.ifg.gr\/events\/"},{"@type":"ListItem","position":3,"name":"Exposition photographique : Cl\u00e9ment Chapillon \u00ab Les rochers fauves \u00bb"}]},{"@type":"WebSite","@id":"https:\/\/www.ifg.gr\/#website","url":"https:\/\/www.ifg.gr\/","name":"IFG","description":"","potentialAction":[{"@type":"SearchAction","target":{"@type":"EntryPoint","urlTemplate":"https:\/\/www.ifg.gr\/?s={search_term_string}"},"query-input":{"@type":"PropertyValueSpecification","valueRequired":true,"valueName":"search_term_string"}}],"inLanguage":"fr-FR"}]}},"_links":{"self":[{"href":"https:\/\/www.ifg.gr\/fr\/wp-json\/wp\/v2\/event\/53243","targetHints":{"allow":["GET"]}}],"collection":[{"href":"https:\/\/www.ifg.gr\/fr\/wp-json\/wp\/v2\/event"}],"about":[{"href":"https:\/\/www.ifg.gr\/fr\/wp-json\/wp\/v2\/types\/event"}],"author":[{"embeddable":true,"href":"https:\/\/www.ifg.gr\/fr\/wp-json\/wp\/v2\/users\/18"}],"version-history":[{"count":0,"href":"https:\/\/www.ifg.gr\/fr\/wp-json\/wp\/v2\/event\/53243\/revisions"}],"wp:featuredmedia":[{"embeddable":true,"href":"https:\/\/www.ifg.gr\/fr\/wp-json\/wp\/v2\/media\/53221"}],"wp:attachment":[{"href":"https:\/\/www.ifg.gr\/fr\/wp-json\/wp\/v2\/media?parent=53243"}],"wp:term":[{"taxonomy":"post_tag","embeddable":true,"href":"https:\/\/www.ifg.gr\/fr\/wp-json\/wp\/v2\/tags?post=53243"},{"taxonomy":"event_category","embeddable":true,"href":"https:\/\/www.ifg.gr\/fr\/wp-json\/wp\/v2\/event_category?post=53243"},{"taxonomy":"event_group","embeddable":true,"href":"https:\/\/www.ifg.gr\/fr\/wp-json\/wp\/v2\/event_group?post=53243"}],"curies":[{"name":"wp","href":"https:\/\/api.w.org\/{rel}","templated":true}]}}