{"id":53522,"date":"2023-10-06T09:59:44","date_gmt":"2023-10-06T09:59:44","guid":{"rendered":"https:\/\/www.ifg.gr\/events\/petit-plan-europa-sto-galliko-institouto-ellados\/"},"modified":"2023-10-06T10:31:18","modified_gmt":"2023-10-06T10:31:18","slug":"petit-plan-europa-a-l-institut-francais-de-grece","status":"publish","type":"event","link":"https:\/\/www.ifg.gr\/fr\/events\/petit-plan-europa-a-l-institut-francais-de-grece\/","title":{"rendered":"Petit Plan : Europa \u00e0 l&rsquo;Institut fran\u00e7ais de Gr\u00e8ce !"},"content":{"rendered":"<h3>lundi 16 octobre 2023 | 18h00<br \/>\nPARLEZ-VOUS FRANCAIS? Une s\u00e9lection de courts m\u00e9trages d&rsquo;\u00e9tudiants de pays francophones, \u00e0 l&rsquo;Institut fran\u00e7ais de Gr\u00e8ce<br \/>\nDur\u00e9e : 85 minutes<\/h3>\n<hr \/>\n<p><a href=\"https:\/\/petitplan.org\/4536\/petit-plan-europa-iv-16-20-oktovriou\/\" target=\"_blank\" rel=\"noopener\"><strong>PROGRAMME D\u00c9TAILL\u00c9 DES PROJECTIONS<\/strong><\/a><br \/>\n(tous les films sont projet\u00e9s avec des sous-titres en grec et en anglais &#8211; entr\u00e9e libre)<\/p>\n<hr \/>\n<p>Le Festival du court m\u00e9trage europ\u00e9en <a href=\"https:\/\/petitplan.org\/4536\/petit-plan-europa-iv-16-20-oktovriou\/\" target=\"_blank\" rel=\"noopener\"><strong>Petit Plan : Europa<\/strong><\/a> est de retour pour sa 4e ann\u00e9e \u00e0 l&rsquo;<a href=\"https:\/\/www.ifg.gr\/fr\/\" target=\"_blank\" rel=\"noopener\">Institut Fran\u00e7ais de Gr\u00e8ce<\/a>, \u00e0 l&rsquo;<a href=\"https:\/\/www.goethe.de\/de\/index.html\" target=\"_blank\" rel=\"noopener\">Institut Goethe d&rsquo;Ath\u00e8nes<\/a> et \u00e0 <a href=\"https:\/\/www.hau.gr\/\" target=\"_blank\" rel=\"noopener\">l\u2019Union gr\u00e9co-am\u00e9ricaine<\/a>,<strong> du 16 au 20 octobre 2023<\/strong>. L\u2019int\u00e9gralit\u00e9 de la programmation, qui comprend <strong>plus de 80 courts m\u00e9trages europ\u00e9ens, <\/strong>est <strong>gratuite<\/strong>.<\/p>\n<p>Le festival Petit Plan : Europa ouvre cette ann\u00e9e une <strong>nouvelle section d\u00e9di\u00e9e aux courts m\u00e9trages r\u00e9alis\u00e9s par des \u00e9tudiants<\/strong>. Elle comprendra 27 films de 13 pays diff\u00e9rents. Le prix du meilleur film \u00e9tudiant sera d\u00e9cern\u00e9 par un jury compos\u00e9 par les membres de la section cin\u00e9ma du Club foyer culturel des \u00e9tudiants de l&rsquo;Universit\u00e9 d&rsquo;Ath\u00e8nes.<\/p>\n<p><strong>\ud83c\udfc6 26 productions europ\u00e9ennes<\/strong> sont en comp\u00e9tition pour le <strong>prix #ThisIsEU &#8211; Valeurs Europ\u00e9ennes<\/strong>, en collaboration avec la <a href=\"https:\/\/greece.representation.ec.europa.eu\/index_el\" target=\"_blank\" rel=\"noopener\">D\u00e9l\u00e9gation de la Commission Europ\u00e9enne en Gr\u00e8ce<\/a>. Ce Prix sera d\u00e9cern\u00e9 \u00e0 un film qui met en lumi\u00e8re des questions relevant des valeurs europ\u00e9ennes, telles que la durabilit\u00e9, l&rsquo;\u00e9galit\u00e9 entre les Femmes et les Hommes, etc.<\/p>\n<p><strong>\ud83c\udfc6 19 films<\/strong> sont en comp\u00e9tition pour le <strong>prix du meilleur film grec<\/strong>, en collaboration partenariat avec le <a href=\"https:\/\/gfc.gr\/\" target=\"_blank\" rel=\"noopener\">Centre du Cin\u00e9ma Grec<\/a>. Ces films disposeront de sous-titres en grec pour les personnes malentendantes.<\/p>\n<p>Les prix <strong>#ThisIsEU<\/strong> et <strong>Meilleur Film Grec<\/strong> seront d\u00e9cern\u00e9s par un jury.<\/p>\n<p><strong>\ud83c\udfc6 <\/strong>Comme chaque ann\u00e9e, <strong>les \u00e9l\u00e8ves pourront voter pour leur film pr\u00e9f\u00e9r\u00e9<\/strong> dans le cadre de la Comp\u00e9tition du<strong> prix du public scolaire<\/strong>, \u00e0 laquelle participent<strong> 7 courts m\u00e9trages grecs<\/strong> pr\u00e9sent\u00e9s lors d&rsquo;une projection scolaire sp\u00e9ciale. Par ailleurs, le film norv\u00e9gien <em>Los Bando<\/em>, qui int\u00e9ressera particuli\u00e8rement un jeune public, sera pr\u00e9sent\u00e9 dans cette section.<\/p>\n<p>Enfin, en collaboration avec la <a href=\"https:\/\/www.ipac-design.ch\/?gclid=CjwKCAjw4P6oBhBsEiwAKYVkq4rbgiY2NtM4qNyi1gRYH0u6e5OkZAPrTDh1TuAnDKjz26wZEXz8FRoCNPMQAvD_BwE\" target=\"_blank\" rel=\"noopener\">Haute \u00e9cole d&rsquo;art et de design &#8211; Gen\u00e8ve (HEAD)<\/a>, sera pr\u00e9sent\u00e9 un programme compos\u00e9 par des<strong> films d\u2019\u00e9tudiants distingu\u00e9s \u00e0 l&rsquo;\u00e9chelle internationale<\/strong> au cours des derni\u00e8res ann\u00e9es.<\/p>\n<p>Le festival Petit Plan : Europa est r\u00e9alis\u00e9 en collaboration partenariat avec: le <a href=\"https:\/\/gfc.gr\/\" target=\"_blank\" rel=\"noopener\">Centre du Cin\u00e9ma Grec<\/a>, la <a href=\"https:\/\/greece.representation.ec.europa.eu\/index_el\" target=\"_blank\" rel=\"noopener\">D\u00e9l\u00e9gation de la Commission Europ\u00e9enne en Gr\u00e8ce<\/a>, la <a href=\"https:\/\/rosalux.gr\/\" target=\"_blank\" rel=\"noopener\">Fondation Rosa Luxemburg<\/a>, l\u2019<a href=\"https:\/\/www.goethe.de\/de\/index.html\" target=\"_blank\" rel=\"noopener\">Institut Goethe<\/a>, l\u2019<a href=\"https:\/\/www.ifg.gr\/fr\/\" target=\"_blank\" rel=\"noopener\">Institut Fran\u00e7ais de Gr\u00e8ce<\/a>, l\u2019<a href=\"https:\/\/www.hau.gr\/\" target=\"_blank\" rel=\"noopener\">Union gr\u00e9co-am\u00e9ricaine<\/a>, l\u2019<a href=\"https:\/\/atenas.cervantes.es\/gr\/default.shtm\" target=\"_blank\" rel=\"noopener\">Institut Cervantes<\/a>, l\u2019<a href=\"https:\/\/www.eda.admin.ch\/countries\/greece\/en\/home\/representations\/embassy-athens.html\" target=\"_blank\" rel=\"noopener\">Ambassade de Suisse<\/a>, la <a href=\"https:\/\/www.ipac-design.ch\/?gclid=CjwKCAjw4P6oBhBsEiwAKYVkq4rbgiY2NtM4qNyi1gRYH0u6e5OkZAPrTDh1TuAnDKjz26wZEXz8FRoCNPMQAvD_BwE\" target=\"_blank\" rel=\"noopener\">Haute \u00e9cole d&rsquo;art et de design &#8211; Gen\u00e8ve (HEAD)<\/a>, l\u2019<a href=\"https:\/\/www.mfa.gr\/missionsabroad\/norway\" target=\"_blank\" rel=\"noopener\">Ambassade de Norv\u00e8ge<\/a>, l\u2019<a href=\"https:\/\/www.swedenabroad.se\/en\/embassies\/greece-athen\/\" target=\"_blank\" rel=\"noopener\">Ambassade de Su\u00e8de<\/a>, l\u2019<a href=\"https:\/\/www.gov.pl\/web\/ellada\/embassy\" target=\"_blank\" rel=\"noopener\">Ambassade de Pologne<\/a>, <a href=\"https:\/\/www.ert.gr\/\" target=\"_blank\" rel=\"noopener\">ERT<\/a>, <a href=\"https:\/\/www.ertecho.gr\/radio\/deftero\/\" target=\"_blank\" rel=\"noopener\">Deftero programma<\/a>, <a href=\"https:\/\/avmag.gr\/\" target=\"_blank\" rel=\"noopener\">Antivirus<\/a>.<\/p>\n<p><img loading=\"lazy\" decoding=\"async\" class=\"alignnone size-full wp-image-53510\" src=\"https:\/\/www.ifg.gr\/wp-content\/uploads\/2023\/10\/Petit-Europa-2023-Poster-scaled.jpg\" alt=\"\" width=\"1810\" height=\"2560\" srcset=\"https:\/\/www.ifg.gr\/wp-content\/uploads\/2023\/10\/Petit-Europa-2023-Poster-scaled.jpg 1810w, https:\/\/www.ifg.gr\/wp-content\/uploads\/2023\/10\/Petit-Europa-2023-Poster-768x1086.jpg 768w, https:\/\/www.ifg.gr\/wp-content\/uploads\/2023\/10\/Petit-Europa-2023-Poster-1086x1536.jpg 1086w, https:\/\/www.ifg.gr\/wp-content\/uploads\/2023\/10\/Petit-Europa-2023-Poster-1448x2048.jpg 1448w, https:\/\/www.ifg.gr\/wp-content\/uploads\/2023\/10\/Petit-Europa-2023-Poster-1920x2715.jpg 1920w, https:\/\/www.ifg.gr\/wp-content\/uploads\/2023\/10\/Petit-Europa-2023-Poster-707x1000.jpg 707w, https:\/\/www.ifg.gr\/wp-content\/uploads\/2023\/10\/Petit-Europa-2023-Poster-92x130.jpg 92w\" sizes=\"auto, (max-width: 1810px) 100vw, 1810px\" \/><\/p>\n","protected":false},"excerpt":{"rendered":"<p>D\u00e9couvrez une s\u00e9lection de courts m\u00e9trages d&rsquo;\u00e9tudiants de pays francophones, \u00e0 l&rsquo;Institut fran\u00e7ais de Gr\u00e8ce. Dur\u00e9e : 85 minutes<\/p>\n","protected":false},"author":18,"featured_media":53513,"template":"","tags":[1163],"event_category":[874],"event_group":[],"class_list":["post-53522","event","type-event","status-publish","has-post-thumbnail","hentry","tag-petit-plan-fr","event_category-cinema"],"acf":{"sponsors_default":false,"info_title":"","info_text":"","date_range":{"start":"16\/10\/2023","end":"","cancelled":false,"note":"","start_time":"18:00","end_time":""},"details":{"location":"<p>Auditorium Theo Angelopoulos (Sina 31) - Accessible en fauteuil roulant<\/p>\n","hyperlink1a":{"text":"","link":""},"price":"Tous les films sont projet\u00e9s avec des sous-titres en grec et en anglais. Entr\u00e9e libre.","hyperlink2a":{"text":"","link":""},"online_event":false,"live_streaming":false,"live_streaming_code":"","facebook_url":"","hyperlink":{"text":"","link":""},"hyperlink2":{"text":"","link":""},"hyperlink3":{"text":"","link":""},"press_release":false},"featured_image_credits":"","home_slider_image":{"ID":53513,"id":53513,"title":"home-of-heart-A_coeur_perdu_3-1200x800","filename":"home-of-heart-A_coeur_perdu_3-1200x800-1.jpg","filesize":348653,"url":"https:\/\/www.ifg.gr\/wp-content\/uploads\/2023\/10\/home-of-heart-A_coeur_perdu_3-1200x800-1.jpg","link":"https:\/\/www.ifg.gr\/fr\/events\/petit-plan-europa-a-l-institut-francais-de-grece\/home-of-heart-a_coeur_perdu_3-1200x800-2\/","alt":"","author":"18","description":"","caption":"","name":"home-of-heart-a_coeur_perdu_3-1200x800-2","status":"inherit","uploaded_to":53522,"date":"2023-10-06 09:57:46","modified":"2023-10-06 09:57:46","menu_order":0,"mime_type":"image\/jpeg","type":"image","subtype":"jpeg","icon":"https:\/\/www.ifg.gr\/wp-includes\/images\/media\/default.png","width":1280,"height":800,"sizes":{"thumbnail":"https:\/\/www.ifg.gr\/wp-content\/uploads\/2023\/10\/home-of-heart-A_coeur_perdu_3-1200x800-1.jpg","thumbnail-width":150,"thumbnail-height":94,"medium":"https:\/\/www.ifg.gr\/wp-content\/uploads\/2023\/10\/home-of-heart-A_coeur_perdu_3-1200x800-1.jpg","medium-width":300,"medium-height":188,"medium_large":"https:\/\/www.ifg.gr\/wp-content\/uploads\/2023\/10\/home-of-heart-A_coeur_perdu_3-1200x800-1-768x480.jpg","medium_large-width":640,"medium_large-height":400,"large":"https:\/\/www.ifg.gr\/wp-content\/uploads\/2023\/10\/home-of-heart-A_coeur_perdu_3-1200x800-1.jpg","large-width":640,"large-height":400,"1536x1536":"https:\/\/www.ifg.gr\/wp-content\/uploads\/2023\/10\/home-of-heart-A_coeur_perdu_3-1200x800-1.jpg","1536x1536-width":1280,"1536x1536-height":800,"2048x2048":"https:\/\/www.ifg.gr\/wp-content\/uploads\/2023\/10\/home-of-heart-A_coeur_perdu_3-1200x800-1.jpg","2048x2048-width":1280,"2048x2048-height":800,"full-width":"https:\/\/www.ifg.gr\/wp-content\/uploads\/2023\/10\/home-of-heart-A_coeur_perdu_3-1200x800-1.jpg","full-width-width":1280,"full-width-height":800,"sidebar":"https:\/\/www.ifg.gr\/wp-content\/uploads\/2023\/10\/home-of-heart-A_coeur_perdu_3-1200x800-1.jpg","sidebar-width":1280,"sidebar-height":800,"thumb-sm":"https:\/\/www.ifg.gr\/wp-content\/uploads\/2023\/10\/home-of-heart-A_coeur_perdu_3-1200x800-1-208x130.jpg","thumb-sm-width":208,"thumb-sm-height":130,"thumb-square":"https:\/\/www.ifg.gr\/wp-content\/uploads\/2023\/10\/home-of-heart-A_coeur_perdu_3-1200x800-1-300x300.jpg","thumb-square-width":300,"thumb-square-height":300,"thumb-big":"https:\/\/www.ifg.gr\/wp-content\/uploads\/2023\/10\/home-of-heart-A_coeur_perdu_3-1200x800-1-600x400.jpg","thumb-big-width":600,"thumb-big-height":400,"slider-big":"https:\/\/www.ifg.gr\/wp-content\/uploads\/2023\/10\/home-of-heart-A_coeur_perdu_3-1200x800-1-1280x768.jpg","slider-big-width":1280,"slider-big-height":768}},"sponsors_group":false,"layout":false},"yoast_head":"<!-- This site is optimized with the Yoast SEO plugin v26.8 - https:\/\/yoast.com\/product\/yoast-seo-wordpress\/ -->\n<title>Petit Plan : Europa \u00e0 l&#039;Institut fran\u00e7ais de Gr\u00e8ce !<\/title>\n<meta name=\"description\" content=\"D\u00e9couvrez une s\u00e9lection de courts m\u00e9trages d&#039;\u00e9tudiants de pays francophones, \u00e0 l&#039;Institut fran\u00e7ais de Gr\u00e8ce. Dur\u00e9e : 85 minutes\" \/>\n<meta name=\"robots\" content=\"index, follow, max-snippet:-1, max-image-preview:large, max-video-preview:-1\" \/>\n<link rel=\"canonical\" href=\"https:\/\/www.ifg.gr\/events\/petit-plan-europa-sto-galliko-institouto-ellados\/\" \/>\n<meta property=\"og:locale\" content=\"fr_FR\" \/>\n<meta property=\"og:type\" content=\"article\" \/>\n<meta property=\"og:title\" content=\"Petit Plan : Europa \u00e0 l&#039;Institut fran\u00e7ais de Gr\u00e8ce !\" \/>\n<meta property=\"og:description\" content=\"D\u00e9couvrez une s\u00e9lection de courts m\u00e9trages d&#039;\u00e9tudiants de pays francophones, \u00e0 l&#039;Institut fran\u00e7ais de Gr\u00e8ce. Dur\u00e9e : 85 minutes\" \/>\n<meta property=\"og:url\" content=\"https:\/\/www.ifg.gr\/events\/petit-plan-europa-sto-galliko-institouto-ellados\/\" \/>\n<meta property=\"og:site_name\" content=\"IFG\" \/>\n<meta property=\"article:modified_time\" content=\"2023-10-06T10:31:18+00:00\" \/>\n<meta property=\"og:image\" content=\"https:\/\/www.ifg.gr\/wp-content\/uploads\/2023\/10\/home-of-heart-A_coeur_perdu_3-1200x800-1.jpg\" \/>\n\t<meta property=\"og:image:width\" content=\"1280\" \/>\n\t<meta property=\"og:image:height\" content=\"800\" \/>\n\t<meta property=\"og:image:type\" content=\"image\/jpeg\" \/>\n<meta name=\"twitter:card\" content=\"summary_large_image\" \/>\n<meta name=\"twitter:label1\" content=\"Dur\u00e9e de lecture estim\u00e9e\" \/>\n\t<meta name=\"twitter:data1\" content=\"2 minutes\" \/>\n<script type=\"application\/ld+json\" class=\"yoast-schema-graph\">{\"@context\":\"https:\/\/schema.org\",\"@graph\":[{\"@type\":\"WebPage\",\"@id\":\"https:\/\/www.ifg.gr\/events\/petit-plan-europa-sto-galliko-institouto-ellados\/\",\"url\":\"https:\/\/www.ifg.gr\/events\/petit-plan-europa-sto-galliko-institouto-ellados\/\",\"name\":\"Petit Plan : Europa \u00e0 l'Institut fran\u00e7ais de Gr\u00e8ce !\",\"isPartOf\":{\"@id\":\"https:\/\/www.ifg.gr\/#website\"},\"primaryImageOfPage\":{\"@id\":\"https:\/\/www.ifg.gr\/events\/petit-plan-europa-sto-galliko-institouto-ellados\/#primaryimage\"},\"image\":{\"@id\":\"https:\/\/www.ifg.gr\/events\/petit-plan-europa-sto-galliko-institouto-ellados\/#primaryimage\"},\"thumbnailUrl\":\"https:\/\/www.ifg.gr\/wp-content\/uploads\/2023\/10\/home-of-heart-A_coeur_perdu_3-1200x800-1.jpg\",\"datePublished\":\"2023-10-06T09:59:44+00:00\",\"dateModified\":\"2023-10-06T10:31:18+00:00\",\"description\":\"D\u00e9couvrez une s\u00e9lection de courts m\u00e9trages d'\u00e9tudiants de pays francophones, \u00e0 l'Institut fran\u00e7ais de Gr\u00e8ce. Dur\u00e9e : 85 minutes\",\"breadcrumb\":{\"@id\":\"https:\/\/www.ifg.gr\/events\/petit-plan-europa-sto-galliko-institouto-ellados\/#breadcrumb\"},\"inLanguage\":\"fr-FR\",\"potentialAction\":[{\"@type\":\"ReadAction\",\"target\":[\"https:\/\/www.ifg.gr\/events\/petit-plan-europa-sto-galliko-institouto-ellados\/\"]}]},{\"@type\":\"ImageObject\",\"inLanguage\":\"fr-FR\",\"@id\":\"https:\/\/www.ifg.gr\/events\/petit-plan-europa-sto-galliko-institouto-ellados\/#primaryimage\",\"url\":\"https:\/\/www.ifg.gr\/wp-content\/uploads\/2023\/10\/home-of-heart-A_coeur_perdu_3-1200x800-1.jpg\",\"contentUrl\":\"https:\/\/www.ifg.gr\/wp-content\/uploads\/2023\/10\/home-of-heart-A_coeur_perdu_3-1200x800-1.jpg\",\"width\":1280,\"height\":800},{\"@type\":\"BreadcrumbList\",\"@id\":\"https:\/\/www.ifg.gr\/events\/petit-plan-europa-sto-galliko-institouto-ellados\/#breadcrumb\",\"itemListElement\":[{\"@type\":\"ListItem\",\"position\":1,\"name\":\"Home\",\"item\":\"https:\/\/www.ifg.gr\/fr\/\"},{\"@type\":\"ListItem\",\"position\":2,\"name\":\"Events\",\"item\":\"https:\/\/www.ifg.gr\/events\/\"},{\"@type\":\"ListItem\",\"position\":3,\"name\":\"Petit Plan : Europa \u00e0 l&rsquo;Institut fran\u00e7ais de Gr\u00e8ce !\"}]},{\"@type\":\"WebSite\",\"@id\":\"https:\/\/www.ifg.gr\/#website\",\"url\":\"https:\/\/www.ifg.gr\/\",\"name\":\"IFG\",\"description\":\"\",\"potentialAction\":[{\"@type\":\"SearchAction\",\"target\":{\"@type\":\"EntryPoint\",\"urlTemplate\":\"https:\/\/www.ifg.gr\/?s={search_term_string}\"},\"query-input\":{\"@type\":\"PropertyValueSpecification\",\"valueRequired\":true,\"valueName\":\"search_term_string\"}}],\"inLanguage\":\"fr-FR\"}]}<\/script>\n<!-- \/ Yoast SEO plugin. -->","yoast_head_json":{"title":"Petit Plan : Europa \u00e0 l'Institut fran\u00e7ais de Gr\u00e8ce !","description":"D\u00e9couvrez une s\u00e9lection de courts m\u00e9trages d'\u00e9tudiants de pays francophones, \u00e0 l'Institut fran\u00e7ais de Gr\u00e8ce. Dur\u00e9e : 85 minutes","robots":{"index":"index","follow":"follow","max-snippet":"max-snippet:-1","max-image-preview":"max-image-preview:large","max-video-preview":"max-video-preview:-1"},"canonical":"https:\/\/www.ifg.gr\/events\/petit-plan-europa-sto-galliko-institouto-ellados\/","og_locale":"fr_FR","og_type":"article","og_title":"Petit Plan : Europa \u00e0 l'Institut fran\u00e7ais de Gr\u00e8ce !","og_description":"D\u00e9couvrez une s\u00e9lection de courts m\u00e9trages d'\u00e9tudiants de pays francophones, \u00e0 l'Institut fran\u00e7ais de Gr\u00e8ce. Dur\u00e9e : 85 minutes","og_url":"https:\/\/www.ifg.gr\/events\/petit-plan-europa-sto-galliko-institouto-ellados\/","og_site_name":"IFG","article_modified_time":"2023-10-06T10:31:18+00:00","og_image":[{"width":1280,"height":800,"url":"https:\/\/www.ifg.gr\/wp-content\/uploads\/2023\/10\/home-of-heart-A_coeur_perdu_3-1200x800-1.jpg","type":"image\/jpeg"}],"twitter_card":"summary_large_image","twitter_misc":{"Dur\u00e9e de lecture estim\u00e9e":"2 minutes"},"schema":{"@context":"https:\/\/schema.org","@graph":[{"@type":"WebPage","@id":"https:\/\/www.ifg.gr\/events\/petit-plan-europa-sto-galliko-institouto-ellados\/","url":"https:\/\/www.ifg.gr\/events\/petit-plan-europa-sto-galliko-institouto-ellados\/","name":"Petit Plan : Europa \u00e0 l'Institut fran\u00e7ais de Gr\u00e8ce !","isPartOf":{"@id":"https:\/\/www.ifg.gr\/#website"},"primaryImageOfPage":{"@id":"https:\/\/www.ifg.gr\/events\/petit-plan-europa-sto-galliko-institouto-ellados\/#primaryimage"},"image":{"@id":"https:\/\/www.ifg.gr\/events\/petit-plan-europa-sto-galliko-institouto-ellados\/#primaryimage"},"thumbnailUrl":"https:\/\/www.ifg.gr\/wp-content\/uploads\/2023\/10\/home-of-heart-A_coeur_perdu_3-1200x800-1.jpg","datePublished":"2023-10-06T09:59:44+00:00","dateModified":"2023-10-06T10:31:18+00:00","description":"D\u00e9couvrez une s\u00e9lection de courts m\u00e9trages d'\u00e9tudiants de pays francophones, \u00e0 l'Institut fran\u00e7ais de Gr\u00e8ce. Dur\u00e9e : 85 minutes","breadcrumb":{"@id":"https:\/\/www.ifg.gr\/events\/petit-plan-europa-sto-galliko-institouto-ellados\/#breadcrumb"},"inLanguage":"fr-FR","potentialAction":[{"@type":"ReadAction","target":["https:\/\/www.ifg.gr\/events\/petit-plan-europa-sto-galliko-institouto-ellados\/"]}]},{"@type":"ImageObject","inLanguage":"fr-FR","@id":"https:\/\/www.ifg.gr\/events\/petit-plan-europa-sto-galliko-institouto-ellados\/#primaryimage","url":"https:\/\/www.ifg.gr\/wp-content\/uploads\/2023\/10\/home-of-heart-A_coeur_perdu_3-1200x800-1.jpg","contentUrl":"https:\/\/www.ifg.gr\/wp-content\/uploads\/2023\/10\/home-of-heart-A_coeur_perdu_3-1200x800-1.jpg","width":1280,"height":800},{"@type":"BreadcrumbList","@id":"https:\/\/www.ifg.gr\/events\/petit-plan-europa-sto-galliko-institouto-ellados\/#breadcrumb","itemListElement":[{"@type":"ListItem","position":1,"name":"Home","item":"https:\/\/www.ifg.gr\/fr\/"},{"@type":"ListItem","position":2,"name":"Events","item":"https:\/\/www.ifg.gr\/events\/"},{"@type":"ListItem","position":3,"name":"Petit Plan : Europa \u00e0 l&rsquo;Institut fran\u00e7ais de Gr\u00e8ce !"}]},{"@type":"WebSite","@id":"https:\/\/www.ifg.gr\/#website","url":"https:\/\/www.ifg.gr\/","name":"IFG","description":"","potentialAction":[{"@type":"SearchAction","target":{"@type":"EntryPoint","urlTemplate":"https:\/\/www.ifg.gr\/?s={search_term_string}"},"query-input":{"@type":"PropertyValueSpecification","valueRequired":true,"valueName":"search_term_string"}}],"inLanguage":"fr-FR"}]}},"_links":{"self":[{"href":"https:\/\/www.ifg.gr\/fr\/wp-json\/wp\/v2\/event\/53522","targetHints":{"allow":["GET"]}}],"collection":[{"href":"https:\/\/www.ifg.gr\/fr\/wp-json\/wp\/v2\/event"}],"about":[{"href":"https:\/\/www.ifg.gr\/fr\/wp-json\/wp\/v2\/types\/event"}],"author":[{"embeddable":true,"href":"https:\/\/www.ifg.gr\/fr\/wp-json\/wp\/v2\/users\/18"}],"version-history":[{"count":0,"href":"https:\/\/www.ifg.gr\/fr\/wp-json\/wp\/v2\/event\/53522\/revisions"}],"wp:featuredmedia":[{"embeddable":true,"href":"https:\/\/www.ifg.gr\/fr\/wp-json\/wp\/v2\/media\/53513"}],"wp:attachment":[{"href":"https:\/\/www.ifg.gr\/fr\/wp-json\/wp\/v2\/media?parent=53522"}],"wp:term":[{"taxonomy":"post_tag","embeddable":true,"href":"https:\/\/www.ifg.gr\/fr\/wp-json\/wp\/v2\/tags?post=53522"},{"taxonomy":"event_category","embeddable":true,"href":"https:\/\/www.ifg.gr\/fr\/wp-json\/wp\/v2\/event_category?post=53522"},{"taxonomy":"event_group","embeddable":true,"href":"https:\/\/www.ifg.gr\/fr\/wp-json\/wp\/v2\/event_group?post=53522"}],"curies":[{"name":"wp","href":"https:\/\/api.w.org\/{rel}","templated":true}]}}