{"id":53727,"date":"2023-10-13T14:08:10","date_gmt":"2023-10-13T14:08:10","guid":{"rendered":"https:\/\/www.ifg.gr\/events\/cine-club-lefki-karta-the-boy-i-agnosti-kyria\/"},"modified":"2023-10-19T11:55:32","modified_gmt":"2023-10-19T11:55:32","slug":"cine-club-carte-blanche-the-boy-madame-de","status":"publish","type":"event","link":"https:\/\/www.ifg.gr\/fr\/events\/cine-club-carte-blanche-the-boy-madame-de\/","title":{"rendered":"Cycle Cin\u00e9-Club: Carte blanche \u00e0 The Boy | \u00ab Madame de&#8230; \u00bb, de Max Ophuls"},"content":{"rendered":"<p>Le cycle de projections <strong>\u00ab Cin\u00e9-Club <\/strong>\u00bb de l&rsquo;IFG est de retour et fait peau neuve en donnant, chaque trimestre, Carte blanche \u00e0 une personnalit\u00e9 grecque du monde de la culture, pour pr\u00e9senter trois films de son choix.<\/p>\n<p>Pour les mois d&rsquo;<strong>octobre, novembre et d\u00e9cembre 2023<\/strong>, la Carte Blanche est attribu\u00e9e au talentueux r\u00e9alisateur et musicien grec <strong>The Boy<\/strong>, alias <strong>Alexandros Voulgaris<\/strong>.<\/p>\n<p>Lors de ces soir\u00e9es cin\u00e9ma \u00e0 entr\u00e9e libre, les cin\u00e9philes auront l&rsquo;occasion de d\u00e9couvrir ou red\u00e9couvrir quelques perles de la cin\u00e9matographie fran\u00e7aise et francophone, sous-titr\u00e9es en grec.<\/p>\n<p><strong>Les 3 projections de la Carte blanche \u00e0 The Boy :<br \/>\n<\/strong><strong>\ud83d\udcfd\ufe0f mercredi 25 octobre 2023<\/strong>, 20h00: <strong><em>Madame de&#8230;<\/em><\/strong>, de Max Ophuls (1953)<strong><br \/>\n<\/strong><a href=\"https:\/\/www.ifg.gr\/fr\/events\/cine-club-carte-blanche-the-boy-la-pointe-courte\/\" target=\"_blank\" rel=\"noopener\"><strong>\ud83d\udcfd\ufe0f mercredi 15 novembre 2023<\/strong>, 20h00: <strong><em>La Pointe Courte<\/em><\/strong>, d&rsquo;Agn\u00e8s Varda (1955)<\/a><br \/>\n<a href=\"https:\/\/www.ifg.gr\/fr\/events\/cine-club-lefki-karta-the-boy-i-mavri-tou\/\" target=\"_blank\" rel=\"noopener\"><strong>\ud83d\udcfd\ufe0f mercredi 13 d\u00e9cembre 2023<\/strong>, 20h00: <strong><em>La Noire de<\/em><\/strong>, d&rsquo;Ousmane Sembene (1966)<\/a><\/p>\n<blockquote><p><em>\u00ab Trois films. Chacun \u00e0 sa mani\u00e8re a ouvert un nouveau dialogue sur la n\u00e9cessit\u00e9 et le r\u00f4le du cin\u00e9ma. Max Ophuls, les personnages f\u00e9minins \u00e0 travers le regard masculin. Agn\u00e8s Varda, l&rsquo;ensemble de l\u2019\u0153uvre d\u2019un artiste, telle une autobiographie \u00e0 d\u00e9crypter. Ousmane Sembene, ce n&rsquo;est pas tant l&rsquo;histoire d&rsquo;un film qui importe, mais quel personnage la raconte. \u00bb<\/em><br \/>\n<strong>The Boy<\/strong><\/p><\/blockquote>\n<hr \/>\n<p><strong>1\u00e8re projection | mercredi 25 octobre 2023, 20h00.<\/strong><br \/>\nLa projection sera pr\u00e9c\u00e9d\u00e9e d\u2019une pr\u00e9sentation par The Boy.<\/p>\n<h3><em>Madame de&#8230; <\/em>de Max Ophuls<br \/>\n(100&prime; \u2014 1953 \u2014 France, Italie)<br \/>\navec : Charles Boyer, Danielle Darrieux, Vittorio De Sica<\/h3>\n<p>Pour r\u00e9gler ses dettes, Madame de&#8230; vend \u00e0 un bijoutier des boucles d&rsquo;oreilles que son mari, le G\u00e9n\u00e9ral de&#8230;, lui a offertes. Le G\u00e9n\u00e9ral, pr\u00e9venu par le bijoutier, les rach\u00e8te et les offre \u00e0 une ma\u00eetresse qui les revend aussit\u00f4t. Le baron Donati les acquiert puis il s&rsquo;\u00e9prend de Madame de&#8230; et en gage de son amour lui offre les fameuses boucles d&rsquo;oreilles. Le parcours de ce bijou aura des cons\u00e9quences dramatiques.<\/p>\n<p><iframe loading=\"lazy\" title=\"Madame de... - Tr\u00e1iler\" width=\"640\" height=\"360\" src=\"https:\/\/www.youtube.com\/embed\/al18feIPhPI?feature=oembed\" frameborder=\"0\" allow=\"accelerometer; autoplay; clipboard-write; encrypted-media; gyroscope; picture-in-picture; web-share\" referrerpolicy=\"strict-origin-when-cross-origin\" allowfullscreen><\/iframe><\/p>\n<hr \/>\n<p><strong>The Boy (Alexandros Voulgaris)<\/strong><\/p>\n<p>R\u00e9alisateur et musicien n\u00e9 \u00e0 Ath\u00e8nes en 1981, <strong>The Boy<\/strong> a r\u00e9alis\u00e9 <strong>6 longs m\u00e9trages<\/strong> (<em>Klais ?<\/em>, <em>Roz<\/em>, <em>Higita<\/em>, <em>Nima<\/em>, <em>Winona<\/em>, <em>Gymnastiri<\/em>) pr\u00e9sent\u00e9s et prim\u00e9s en Gr\u00e8ce et \u00e0 l&rsquo;\u00e9tranger ainsi que plus de <strong>25 albums musicaux<\/strong> (<em>S&rsquo;il vous pla\u00eet<\/em>, <em>Faites-moi Danser<\/em>, <em>Kustoumaki<\/em>, <em>Iliotherapy<\/em>, <em>Etoimoi<\/em>, <em>Paradouleutra<\/em>, <em>Antilopi<\/em>, <em>Ondreu<\/em>, entre autres). \u00c9galement acteur au cin\u00e9ma comme au th\u00e9\u00e2tre, il a r\u00e9alis\u00e9 des vid\u00e9o-clips de musique. Depuis quelques ann\u00e9es, il enseigne le cin\u00e9ma dans des \u00e9coles d&rsquo;art dramatique.<\/p>\n<p><img loading=\"lazy\" decoding=\"async\" class=\"alignnone size-full wp-image-53721\" src=\"https:\/\/www.ifg.gr\/wp-content\/uploads\/2023\/10\/The-Boy.jpg\" alt=\"\" width=\"1163\" height=\"1200\" srcset=\"https:\/\/www.ifg.gr\/wp-content\/uploads\/2023\/10\/The-Boy.jpg 1163w, https:\/\/www.ifg.gr\/wp-content\/uploads\/2023\/10\/The-Boy-768x792.jpg 768w, https:\/\/www.ifg.gr\/wp-content\/uploads\/2023\/10\/The-Boy-969x1000.jpg 969w, https:\/\/www.ifg.gr\/wp-content\/uploads\/2023\/10\/The-Boy-126x130.jpg 126w\" sizes=\"auto, (max-width: 1163px) 100vw, 1163px\" \/><\/p>\n","protected":false},"excerpt":{"rendered":"<p>Dans le cadre du cycle Cin\u00e9-Club, l&rsquo;IFG donne Carte blanche \u00e0 The Boy. Premi\u00e8re projection : 25\/10\/2023, 20h00, entr\u00e9e libre.<\/p>\n","protected":false},"author":18,"featured_media":53708,"template":"","tags":[1115],"event_category":[874],"event_group":[],"class_list":["post-53727","event","type-event","status-publish","has-post-thumbnail","hentry","tag-cine-club-fr","event_category-cinema"],"acf":{"sponsors_default":false,"info_title":"","info_text":"","date_range":{"start":"25\/10\/2023","end":"","cancelled":false,"note":"","start_time":"20:00","end_time":""},"details":{"location":"<p>\u0391uditorium Theo Angelopoulos (Sina 31)<\/p>\n<p>La projection sera pr\u00e9c\u00e9d\u00e9e d\u2019une pr\u00e9sentation par The Boy.<\/p>\n","hyperlink1a":{"text":"","link":""},"price":"Entr\u00e9e libre \/ Film sous-titr\u00e9 en grec  ","hyperlink2a":{"text":"","link":""},"online_event":false,"live_streaming":false,"live_streaming_code":"","facebook_url":"https:\/\/www.facebook.com\/events\/334164885857409\/","hyperlink":{"text":"","link":""},"hyperlink2":{"text":"","link":""},"hyperlink3":{"text":"","link":""},"press_release":false},"featured_image_credits":"","home_slider_image":{"ID":53710,"id":53710,"title":"Madame_de_1300x768","filename":"Madame_de_1300x768.jpg","filesize":492105,"url":"https:\/\/www.ifg.gr\/wp-content\/uploads\/2023\/10\/Madame_de_1300x768.jpg","link":"https:\/\/www.ifg.gr\/fr\/events\/cine-club-carte-blanche-the-boy-madame-de\/madame_de_1300x768\/","alt":"","author":"18","description":"","caption":"","name":"madame_de_1300x768","status":"inherit","uploaded_to":53727,"date":"2023-10-13 14:08:00","modified":"2023-10-13 14:08:00","menu_order":0,"mime_type":"image\/jpeg","type":"image","subtype":"jpeg","icon":"https:\/\/www.ifg.gr\/wp-includes\/images\/media\/default.png","width":1300,"height":768,"sizes":{"thumbnail":"https:\/\/www.ifg.gr\/wp-content\/uploads\/2023\/10\/Madame_de_1300x768.jpg","thumbnail-width":150,"thumbnail-height":89,"medium":"https:\/\/www.ifg.gr\/wp-content\/uploads\/2023\/10\/Madame_de_1300x768.jpg","medium-width":300,"medium-height":177,"medium_large":"https:\/\/www.ifg.gr\/wp-content\/uploads\/2023\/10\/Madame_de_1300x768-768x454.jpg","medium_large-width":640,"medium_large-height":378,"large":"https:\/\/www.ifg.gr\/wp-content\/uploads\/2023\/10\/Madame_de_1300x768.jpg","large-width":640,"large-height":378,"1536x1536":"https:\/\/www.ifg.gr\/wp-content\/uploads\/2023\/10\/Madame_de_1300x768.jpg","1536x1536-width":1300,"1536x1536-height":768,"2048x2048":"https:\/\/www.ifg.gr\/wp-content\/uploads\/2023\/10\/Madame_de_1300x768.jpg","2048x2048-width":1300,"2048x2048-height":768,"full-width":"https:\/\/www.ifg.gr\/wp-content\/uploads\/2023\/10\/Madame_de_1300x768.jpg","full-width-width":1300,"full-width-height":768,"sidebar":"https:\/\/www.ifg.gr\/wp-content\/uploads\/2023\/10\/Madame_de_1300x768.jpg","sidebar-width":1300,"sidebar-height":768,"thumb-sm":"https:\/\/www.ifg.gr\/wp-content\/uploads\/2023\/10\/Madame_de_1300x768-220x130.jpg","thumb-sm-width":220,"thumb-sm-height":130,"thumb-square":"https:\/\/www.ifg.gr\/wp-content\/uploads\/2023\/10\/Madame_de_1300x768-300x300.jpg","thumb-square-width":300,"thumb-square-height":300,"thumb-big":"https:\/\/www.ifg.gr\/wp-content\/uploads\/2023\/10\/Madame_de_1300x768-600x400.jpg","thumb-big-width":600,"thumb-big-height":400,"slider-big":"https:\/\/www.ifg.gr\/wp-content\/uploads\/2023\/10\/Madame_de_1300x768.jpg","slider-big-width":1300,"slider-big-height":768}},"sponsors_group":false,"layout":false},"yoast_head":"<!-- This site is optimized with the Yoast SEO plugin v26.8 - https:\/\/yoast.com\/product\/yoast-seo-wordpress\/ -->\n<title>Cycle Cin\u00e9-Club: Carte blanche \u00e0 The Boy | \u00ab Madame de... \u00bb<\/title>\n<meta name=\"description\" content=\"Dans le cadre du cycle Cin\u00e9-Club, l&#039;IFG donne Carte blanche \u00e0 The Boy. Premi\u00e8re projection : 25\/10\/2023, 20h00, entr\u00e9e libre.\" \/>\n<meta name=\"robots\" content=\"index, follow, max-snippet:-1, max-image-preview:large, max-video-preview:-1\" \/>\n<link rel=\"canonical\" href=\"https:\/\/www.ifg.gr\/fr\/events\/cine-club-carte-blanche-the-boy-madame-de\/\" \/>\n<meta property=\"og:locale\" content=\"fr_FR\" \/>\n<meta property=\"og:type\" content=\"article\" \/>\n<meta property=\"og:title\" content=\"Cycle Cin\u00e9-Club: Carte blanche \u00e0 The Boy | \u00ab Madame de... \u00bb\" \/>\n<meta property=\"og:description\" content=\"Dans le cadre du cycle Cin\u00e9-Club, l&#039;IFG donne Carte blanche \u00e0 The Boy. Premi\u00e8re projection : 25\/10\/2023, 20h00, entr\u00e9e libre.\" \/>\n<meta property=\"og:url\" content=\"https:\/\/www.ifg.gr\/fr\/events\/cine-club-carte-blanche-the-boy-madame-de\/\" \/>\n<meta property=\"og:site_name\" content=\"IFG\" \/>\n<meta property=\"article:modified_time\" content=\"2023-10-19T11:55:32+00:00\" \/>\n<meta property=\"og:image\" content=\"https:\/\/www.ifg.gr\/wp-content\/uploads\/2023\/10\/Madame_de_1200X800.jpg\" \/>\n\t<meta property=\"og:image:width\" content=\"1200\" \/>\n\t<meta property=\"og:image:height\" content=\"800\" \/>\n\t<meta property=\"og:image:type\" content=\"image\/jpeg\" \/>\n<meta name=\"twitter:card\" content=\"summary_large_image\" \/>\n<meta name=\"twitter:label1\" content=\"Dur\u00e9e de lecture estim\u00e9e\" \/>\n\t<meta name=\"twitter:data1\" content=\"2 minutes\" \/>\n<script type=\"application\/ld+json\" class=\"yoast-schema-graph\">{\"@context\":\"https:\/\/schema.org\",\"@graph\":[{\"@type\":\"WebPage\",\"@id\":\"https:\/\/www.ifg.gr\/fr\/events\/cine-club-carte-blanche-the-boy-madame-de\/\",\"url\":\"https:\/\/www.ifg.gr\/fr\/events\/cine-club-carte-blanche-the-boy-madame-de\/\",\"name\":\"Cycle Cin\u00e9-Club: Carte blanche \u00e0 The Boy | \u00ab Madame de... \u00bb\",\"isPartOf\":{\"@id\":\"https:\/\/www.ifg.gr\/#website\"},\"primaryImageOfPage\":{\"@id\":\"https:\/\/www.ifg.gr\/fr\/events\/cine-club-carte-blanche-the-boy-madame-de\/#primaryimage\"},\"image\":{\"@id\":\"https:\/\/www.ifg.gr\/fr\/events\/cine-club-carte-blanche-the-boy-madame-de\/#primaryimage\"},\"thumbnailUrl\":\"https:\/\/www.ifg.gr\/wp-content\/uploads\/2023\/10\/Madame_de_1200X800.jpg\",\"datePublished\":\"2023-10-13T14:08:10+00:00\",\"dateModified\":\"2023-10-19T11:55:32+00:00\",\"description\":\"Dans le cadre du cycle Cin\u00e9-Club, l'IFG donne Carte blanche \u00e0 The Boy. Premi\u00e8re projection : 25\/10\/2023, 20h00, entr\u00e9e libre.\",\"breadcrumb\":{\"@id\":\"https:\/\/www.ifg.gr\/fr\/events\/cine-club-carte-blanche-the-boy-madame-de\/#breadcrumb\"},\"inLanguage\":\"fr-FR\",\"potentialAction\":[{\"@type\":\"ReadAction\",\"target\":[\"https:\/\/www.ifg.gr\/fr\/events\/cine-club-carte-blanche-the-boy-madame-de\/\"]}]},{\"@type\":\"ImageObject\",\"inLanguage\":\"fr-FR\",\"@id\":\"https:\/\/www.ifg.gr\/fr\/events\/cine-club-carte-blanche-the-boy-madame-de\/#primaryimage\",\"url\":\"https:\/\/www.ifg.gr\/wp-content\/uploads\/2023\/10\/Madame_de_1200X800.jpg\",\"contentUrl\":\"https:\/\/www.ifg.gr\/wp-content\/uploads\/2023\/10\/Madame_de_1200X800.jpg\",\"width\":1200,\"height\":800},{\"@type\":\"BreadcrumbList\",\"@id\":\"https:\/\/www.ifg.gr\/fr\/events\/cine-club-carte-blanche-the-boy-madame-de\/#breadcrumb\",\"itemListElement\":[{\"@type\":\"ListItem\",\"position\":1,\"name\":\"Home\",\"item\":\"https:\/\/www.ifg.gr\/fr\/\"},{\"@type\":\"ListItem\",\"position\":2,\"name\":\"Events\",\"item\":\"https:\/\/www.ifg.gr\/events\/\"},{\"@type\":\"ListItem\",\"position\":3,\"name\":\"Cycle Cin\u00e9-Club: Carte blanche \u00e0 The Boy | \u00ab Madame de&#8230; \u00bb, de Max Ophuls\"}]},{\"@type\":\"WebSite\",\"@id\":\"https:\/\/www.ifg.gr\/#website\",\"url\":\"https:\/\/www.ifg.gr\/\",\"name\":\"IFG\",\"description\":\"\",\"potentialAction\":[{\"@type\":\"SearchAction\",\"target\":{\"@type\":\"EntryPoint\",\"urlTemplate\":\"https:\/\/www.ifg.gr\/?s={search_term_string}\"},\"query-input\":{\"@type\":\"PropertyValueSpecification\",\"valueRequired\":true,\"valueName\":\"search_term_string\"}}],\"inLanguage\":\"fr-FR\"}]}<\/script>\n<!-- \/ Yoast SEO plugin. -->","yoast_head_json":{"title":"Cycle Cin\u00e9-Club: Carte blanche \u00e0 The Boy | \u00ab Madame de... \u00bb","description":"Dans le cadre du cycle Cin\u00e9-Club, l'IFG donne Carte blanche \u00e0 The Boy. Premi\u00e8re projection : 25\/10\/2023, 20h00, entr\u00e9e libre.","robots":{"index":"index","follow":"follow","max-snippet":"max-snippet:-1","max-image-preview":"max-image-preview:large","max-video-preview":"max-video-preview:-1"},"canonical":"https:\/\/www.ifg.gr\/fr\/events\/cine-club-carte-blanche-the-boy-madame-de\/","og_locale":"fr_FR","og_type":"article","og_title":"Cycle Cin\u00e9-Club: Carte blanche \u00e0 The Boy | \u00ab Madame de... \u00bb","og_description":"Dans le cadre du cycle Cin\u00e9-Club, l'IFG donne Carte blanche \u00e0 The Boy. Premi\u00e8re projection : 25\/10\/2023, 20h00, entr\u00e9e libre.","og_url":"https:\/\/www.ifg.gr\/fr\/events\/cine-club-carte-blanche-the-boy-madame-de\/","og_site_name":"IFG","article_modified_time":"2023-10-19T11:55:32+00:00","og_image":[{"width":1200,"height":800,"url":"https:\/\/www.ifg.gr\/wp-content\/uploads\/2023\/10\/Madame_de_1200X800.jpg","type":"image\/jpeg"}],"twitter_card":"summary_large_image","twitter_misc":{"Dur\u00e9e de lecture estim\u00e9e":"2 minutes"},"schema":{"@context":"https:\/\/schema.org","@graph":[{"@type":"WebPage","@id":"https:\/\/www.ifg.gr\/fr\/events\/cine-club-carte-blanche-the-boy-madame-de\/","url":"https:\/\/www.ifg.gr\/fr\/events\/cine-club-carte-blanche-the-boy-madame-de\/","name":"Cycle Cin\u00e9-Club: Carte blanche \u00e0 The Boy | \u00ab Madame de... \u00bb","isPartOf":{"@id":"https:\/\/www.ifg.gr\/#website"},"primaryImageOfPage":{"@id":"https:\/\/www.ifg.gr\/fr\/events\/cine-club-carte-blanche-the-boy-madame-de\/#primaryimage"},"image":{"@id":"https:\/\/www.ifg.gr\/fr\/events\/cine-club-carte-blanche-the-boy-madame-de\/#primaryimage"},"thumbnailUrl":"https:\/\/www.ifg.gr\/wp-content\/uploads\/2023\/10\/Madame_de_1200X800.jpg","datePublished":"2023-10-13T14:08:10+00:00","dateModified":"2023-10-19T11:55:32+00:00","description":"Dans le cadre du cycle Cin\u00e9-Club, l'IFG donne Carte blanche \u00e0 The Boy. Premi\u00e8re projection : 25\/10\/2023, 20h00, entr\u00e9e libre.","breadcrumb":{"@id":"https:\/\/www.ifg.gr\/fr\/events\/cine-club-carte-blanche-the-boy-madame-de\/#breadcrumb"},"inLanguage":"fr-FR","potentialAction":[{"@type":"ReadAction","target":["https:\/\/www.ifg.gr\/fr\/events\/cine-club-carte-blanche-the-boy-madame-de\/"]}]},{"@type":"ImageObject","inLanguage":"fr-FR","@id":"https:\/\/www.ifg.gr\/fr\/events\/cine-club-carte-blanche-the-boy-madame-de\/#primaryimage","url":"https:\/\/www.ifg.gr\/wp-content\/uploads\/2023\/10\/Madame_de_1200X800.jpg","contentUrl":"https:\/\/www.ifg.gr\/wp-content\/uploads\/2023\/10\/Madame_de_1200X800.jpg","width":1200,"height":800},{"@type":"BreadcrumbList","@id":"https:\/\/www.ifg.gr\/fr\/events\/cine-club-carte-blanche-the-boy-madame-de\/#breadcrumb","itemListElement":[{"@type":"ListItem","position":1,"name":"Home","item":"https:\/\/www.ifg.gr\/fr\/"},{"@type":"ListItem","position":2,"name":"Events","item":"https:\/\/www.ifg.gr\/events\/"},{"@type":"ListItem","position":3,"name":"Cycle Cin\u00e9-Club: Carte blanche \u00e0 The Boy | \u00ab Madame de&#8230; \u00bb, de Max Ophuls"}]},{"@type":"WebSite","@id":"https:\/\/www.ifg.gr\/#website","url":"https:\/\/www.ifg.gr\/","name":"IFG","description":"","potentialAction":[{"@type":"SearchAction","target":{"@type":"EntryPoint","urlTemplate":"https:\/\/www.ifg.gr\/?s={search_term_string}"},"query-input":{"@type":"PropertyValueSpecification","valueRequired":true,"valueName":"search_term_string"}}],"inLanguage":"fr-FR"}]}},"_links":{"self":[{"href":"https:\/\/www.ifg.gr\/fr\/wp-json\/wp\/v2\/event\/53727","targetHints":{"allow":["GET"]}}],"collection":[{"href":"https:\/\/www.ifg.gr\/fr\/wp-json\/wp\/v2\/event"}],"about":[{"href":"https:\/\/www.ifg.gr\/fr\/wp-json\/wp\/v2\/types\/event"}],"author":[{"embeddable":true,"href":"https:\/\/www.ifg.gr\/fr\/wp-json\/wp\/v2\/users\/18"}],"version-history":[{"count":0,"href":"https:\/\/www.ifg.gr\/fr\/wp-json\/wp\/v2\/event\/53727\/revisions"}],"wp:featuredmedia":[{"embeddable":true,"href":"https:\/\/www.ifg.gr\/fr\/wp-json\/wp\/v2\/media\/53708"}],"wp:attachment":[{"href":"https:\/\/www.ifg.gr\/fr\/wp-json\/wp\/v2\/media?parent=53727"}],"wp:term":[{"taxonomy":"post_tag","embeddable":true,"href":"https:\/\/www.ifg.gr\/fr\/wp-json\/wp\/v2\/tags?post=53727"},{"taxonomy":"event_category","embeddable":true,"href":"https:\/\/www.ifg.gr\/fr\/wp-json\/wp\/v2\/event_category?post=53727"},{"taxonomy":"event_group","embeddable":true,"href":"https:\/\/www.ifg.gr\/fr\/wp-json\/wp\/v2\/event_group?post=53727"}],"curies":[{"name":"wp","href":"https:\/\/api.w.org\/{rel}","templated":true}]}}