{"id":54013,"date":"2023-10-26T15:18:23","date_gmt":"2023-10-26T15:18:23","guid":{"rendered":"https:\/\/www.ifg.gr\/events\/diethnis-imera-kinoumenon-schedion-2023\/"},"modified":"2023-10-30T10:31:42","modified_gmt":"2023-10-30T10:31:42","slug":"journee-internationale-animation-2023","status":"publish","type":"event","link":"https:\/\/www.ifg.gr\/fr\/events\/journee-internationale-animation-2023\/","title":{"rendered":"Journ\u00e9e internationale de l\u2019animation 2023 \u00e0 l\u2019Institut fran\u00e7ais de Gr\u00e9ce"},"content":{"rendered":"<p>Des <strong>projections<\/strong> de courts m\u00e9trages d&rsquo;animation issus des plus grands festivals internationaux et une <strong>discussion<\/strong> sur l&rsquo;animation grecque d\u2019aujourd&rsquo;hui. Cet \u00e9v\u00e9nement s&rsquo;inscrit dans le cadre des c\u00e9l\u00e9brations de la <a href=\"https:\/\/asifa.net\/what-we-do\/international-animation-day\/\" target=\"_blank\" rel=\"noopener\">Journ\u00e9e mondiale de l&rsquo;animation (JMA)<\/a>, organis\u00e9e dans le monde entier par <strong>l&rsquo;ASIFA<\/strong>, l&rsquo;Association internationale du film d&rsquo;animation.<\/p>\n<hr \/>\n<h3>DISCUSSION &#8211; L&rsquo;ANIMATION GRECQUE AUJOURD&rsquo;HUI<\/h3>\n<p><em>Quel est l\u2019\u00e9tat des productions en Gr\u00e8ce ? Le niveau de d\u00e9veloppement technique et esth\u00e9tique des cr\u00e9ateurs nationaux est-il conforme au niveau international correspondant ? Quelles sont les relations entre les cr\u00e9ateurs et les producteurs grecs et ceux de l&rsquo;\u00e9tranger ? Quels sont leurs besoins professionnels, leurs difficult\u00e9s et leurs d\u00e9fis, et comment les cin\u00e9astes grecs peuvent-ils b\u00e9n\u00e9ficier des outils offerts par le Centre du Cin\u00e9ma grec ?<\/em><\/p>\n<p>Parmi les participants figurent des cr\u00e9ateurs de films d\u2019animation, des r\u00e9alisateurs et des producteurs, <strong>Iris Zioga<\/strong>, <strong>Daphne Xourafi<\/strong>,<strong> Angelos Rouvas<\/strong> et <strong>Stavros Savvaidis<\/strong>, producteur et directeur du studio Funny Tales. La discussion sera anim\u00e9e par<strong> Alekos Papadatos<\/strong>, r\u00e9alisateur et cr\u00e9ateur de films d\u2019animation.<\/p>\n<hr \/>\n<h3>PROJECTION &#8211; COURTS M\u00c9TRAGES D&rsquo;ANIMATION<\/h3>\n<p>La discussion sera suivie d&rsquo;une s\u00e9lection de courts m\u00e9trages d&rsquo;animation d&rsquo;Australie, des \u00c9tats-Unis, d&rsquo;Inde, d&rsquo;Iran, du Canada, de Chine, de Chine, de Chypre, de Ta\u00efwan et de Gr\u00e8ce, des films d&rsquo;animation qui se sont distingu\u00e9s dans les festivals internationaux de ces derni\u00e8res ann\u00e9es.<\/p>\n<p>\u25cf <em><strong>Deer in Traditional arts<\/strong><\/em> (1\u201931\u201d &#8211; 2021, Iran) R\u00e9alisation &amp; Production: Toroska Salari<br \/>\n\u25cf<em><strong> Morning Coffee<\/strong><\/em> (1\u201900\u201d &#8211; 2015, \u00c9tats-Unis) R\u00e9alisation &amp; Production: Tracy Miller-Robbins<br \/>\n\u25cf <em><strong>The Pioneers<\/strong><\/em> (9\u201940\u201d &#8211; 2021, Canada) R\u00e9alisation &amp; Production: Simon Cottee<br \/>\n\u25cf <em><strong>Fortune Cookie<\/strong><\/em> (3\u201950\u201d &#8211; 2023, Ta\u00efwan \/\u00c9tats-Unis) R\u00e9alisation &amp; Production: Fu Yang<br \/>\n\u25cf <em><strong>Swim<\/strong> <\/em>(1\u201950\u201d &#8211; 2017, Inde) R\u00e9alisation &amp; Production: Shweta Marathe<br \/>\n\u25cf <em><strong>Donks<\/strong> <\/em>(6\u201936\u201d &#8211; 2023, Australie) R\u00e9alisation: Felix Colgrave, Production: Zo\u00eb Medcraft<br \/>\n\u25cf <em><strong>Gorilla Tactics<\/strong><\/em> (3\u201923\u201d &#8211; 2023, \u00c9tats-Unis) R\u00e9alisation &amp; Production: Michael Long<br \/>\n\u25cf<em><strong> Elegy of Elephant<\/strong><\/em> (8\u201929\u201d &#8211; 2023, Chine) R\u00e9alisation: Lu Sijie, Production: Ai Shengyin, Yu Haiyan<br \/>\n\u25cf <em><strong>Red Fire<\/strong><\/em> (11\u201900\u201d &#8211; 2021, Iran) R\u00e9alisation: Mona A.Shahi, Production: Ehsan Tavassolizadeh<br \/>\n\u25cf <em><strong>Through the Looking Glasses<\/strong><\/em> (4\u201925\u201d &#8211; 2022, \u00c9tats-Unis) R\u00e9alisation: Morgan L. Eng, Production: Jocelyn Strait<br \/>\n\u25cf<em><strong> Hummings of a Hummingbird<\/strong><\/em> (2\u201907 &#8211; 2023, Chypre) R\u00e9alisation &amp; Production: Savvas Constantinou<br \/>\n\u25cf <em><strong>Pink Mountain<\/strong><\/em> (8\u201940\u201d &#8211; 2022, Gr\u00e8ce) R\u00e9alisation: Thomas Kunstler, Production: Constantinos Vasilaros<br \/>\n\u25cf <em><strong>Mine<\/strong> <\/em>(8\u201900\u201d &#8211; 2022, Gr\u00e8ce) R\u00e9alisation &amp; Production: Daphne Xourafi<\/p>\n<hr \/>\n<p><strong>L&rsquo;affiche<\/strong> de la Journ\u00e9e internationale de l&rsquo;animation 2023 a \u00e9t\u00e9 con\u00e7ue et illustr\u00e9e par le l\u00e9gendaire <strong>Georges Schwizgebel<\/strong>.<\/p>\n<p>Avec le soutien de l&rsquo;Institut fran\u00e7ais de Gr\u00e8ce, du Canal <a href=\"https:\/\/www.hellenicparliament.gr\/Enimerosi\/Vouli-Tileorasi\" target=\"_blank\" rel=\"noopener\">VOULI<\/a> et de <a href=\"https:\/\/asifa.net\/what-we-do\/international-animation-day\/\" target=\"_blank\" rel=\"noopener\">ASIFA<\/a>.<\/p>\n<p><img loading=\"lazy\" decoding=\"async\" class=\"alignnone size-full wp-image-54009\" src=\"https:\/\/www.ifg.gr\/wp-content\/uploads\/2023\/10\/Poster-scaled.jpg\" alt=\"\" width=\"1689\" height=\"2560\" srcset=\"https:\/\/www.ifg.gr\/wp-content\/uploads\/2023\/10\/Poster-scaled.jpg 1689w, https:\/\/www.ifg.gr\/wp-content\/uploads\/2023\/10\/Poster-768x1164.jpg 768w, https:\/\/www.ifg.gr\/wp-content\/uploads\/2023\/10\/Poster-1013x1536.jpg 1013w, https:\/\/www.ifg.gr\/wp-content\/uploads\/2023\/10\/Poster-1351x2048.jpg 1351w, https:\/\/www.ifg.gr\/wp-content\/uploads\/2023\/10\/Poster-660x1000.jpg 660w, https:\/\/www.ifg.gr\/wp-content\/uploads\/2023\/10\/Poster-86x130.jpg 86w\" sizes=\"auto, (max-width: 1689px) 100vw, 1689px\" \/><\/p>\n","protected":false},"excerpt":{"rendered":"<p>Des projections de courts m\u00e9trages d&rsquo;animation issus des plus grands festivals internationaux et une discussion sur l&rsquo;animation grecque d\u2019aujourd&rsquo;hui. <\/p>\n","protected":false},"author":18,"featured_media":54006,"template":"","tags":[1562,1251],"event_category":[874],"event_group":[],"class_list":["post-54013","event","type-event","status-publish","has-post-thumbnail","hentry","tag-diethnis-imera-animation-fr","tag-animation-fr","event_category-cinema"],"acf":{"sponsors_default":false,"info_title":"","info_text":"","date_range":{"start":"30\/10\/2023","end":"","cancelled":false,"note":"","start_time":"19:00","end_time":""},"details":{"location":"<p>Auditorium Theo Angelopoulos (Sina 31) <\/p>\n","hyperlink1a":{"text":"","link":""},"price":"Entr\u00e9e libre, \u00e9v\u00e9nement en grec.\r\n\r\nTous les films sont projet\u00e9s en version originale et sous-titr\u00e9s en grec.","hyperlink2a":{"text":"","link":""},"online_event":false,"live_streaming":true,"live_streaming_code":"<iframe allowfullscreen width=\"640\" height=\"390\" class=\"flowplayer fp-slim fp-edgy\" frameborder=\"0\" scrolling=\"no\" src=\"https:\/\/diavlos.grnet.gr\/en\/room\/3184?eventid=15142&embed=true&width=640\"><\/iframe>","facebook_url":"","hyperlink":{"text":"","link":""},"hyperlink2":{"text":"","link":""},"hyperlink3":{"text":"","link":""},"press_release":false},"featured_image_credits":"","home_slider_image":{"ID":54006,"id":54006,"title":"IAD-1sans","filename":"IAD-1sans.png","filesize":766226,"url":"https:\/\/www.ifg.gr\/wp-content\/uploads\/2023\/10\/IAD-1sans.png","link":"https:\/\/www.ifg.gr\/fr\/events\/journee-internationale-animation-2023\/iad-1sans-2\/","alt":"","author":"18","description":"","caption":"","name":"iad-1sans-2","status":"inherit","uploaded_to":54013,"date":"2023-10-26 15:17:22","modified":"2023-10-26 15:17:22","menu_order":0,"mime_type":"image\/png","type":"image","subtype":"png","icon":"https:\/\/www.ifg.gr\/wp-includes\/images\/media\/default.png","width":1280,"height":800,"sizes":{"thumbnail":"https:\/\/www.ifg.gr\/wp-content\/uploads\/2023\/10\/IAD-1sans.png","thumbnail-width":150,"thumbnail-height":94,"medium":"https:\/\/www.ifg.gr\/wp-content\/uploads\/2023\/10\/IAD-1sans.png","medium-width":300,"medium-height":188,"medium_large":"https:\/\/www.ifg.gr\/wp-content\/uploads\/2023\/10\/IAD-1sans-768x480.png","medium_large-width":640,"medium_large-height":400,"large":"https:\/\/www.ifg.gr\/wp-content\/uploads\/2023\/10\/IAD-1sans.png","large-width":640,"large-height":400,"1536x1536":"https:\/\/www.ifg.gr\/wp-content\/uploads\/2023\/10\/IAD-1sans.png","1536x1536-width":1280,"1536x1536-height":800,"2048x2048":"https:\/\/www.ifg.gr\/wp-content\/uploads\/2023\/10\/IAD-1sans.png","2048x2048-width":1280,"2048x2048-height":800,"full-width":"https:\/\/www.ifg.gr\/wp-content\/uploads\/2023\/10\/IAD-1sans.png","full-width-width":1280,"full-width-height":800,"sidebar":"https:\/\/www.ifg.gr\/wp-content\/uploads\/2023\/10\/IAD-1sans.png","sidebar-width":1280,"sidebar-height":800,"thumb-sm":"https:\/\/www.ifg.gr\/wp-content\/uploads\/2023\/10\/IAD-1sans-208x130.png","thumb-sm-width":208,"thumb-sm-height":130,"thumb-square":"https:\/\/www.ifg.gr\/wp-content\/uploads\/2023\/10\/IAD-1sans-300x300.png","thumb-square-width":300,"thumb-square-height":300,"thumb-big":"https:\/\/www.ifg.gr\/wp-content\/uploads\/2023\/10\/IAD-1sans-600x400.png","thumb-big-width":600,"thumb-big-height":400,"slider-big":"https:\/\/www.ifg.gr\/wp-content\/uploads\/2023\/10\/IAD-1sans-1280x768.png","slider-big-width":1280,"slider-big-height":768}},"sponsors_group":false,"layout":false},"yoast_head":"<!-- This site is optimized with the Yoast SEO plugin v26.8 - https:\/\/yoast.com\/product\/yoast-seo-wordpress\/ -->\n<title>Journ\u00e9e internationale de l\u2019animation 2023 \u00e0 l\u2019Institut fran\u00e7ais de Gr\u00e9ce<\/title>\n<meta name=\"description\" content=\"Des projections de courts m\u00e9trages d&#039;animation issus des plus grands festivals internationaux et une discussion sur l&#039;animation grecque d\u2019aujourd&#039;hui.\" \/>\n<meta name=\"robots\" content=\"index, follow, max-snippet:-1, max-image-preview:large, max-video-preview:-1\" \/>\n<link rel=\"canonical\" href=\"https:\/\/www.ifg.gr\/events\/diethnis-imera-kinoumenon-schedion-2023\/\" \/>\n<meta property=\"og:locale\" content=\"fr_FR\" \/>\n<meta property=\"og:type\" content=\"article\" \/>\n<meta property=\"og:title\" content=\"Journ\u00e9e internationale de l\u2019animation 2023 \u00e0 l\u2019Institut fran\u00e7ais de Gr\u00e9ce\" \/>\n<meta property=\"og:description\" content=\"Des projections de courts m\u00e9trages d&#039;animation issus des plus grands festivals internationaux et une discussion sur l&#039;animation grecque d\u2019aujourd&#039;hui.\" \/>\n<meta property=\"og:url\" content=\"https:\/\/www.ifg.gr\/events\/diethnis-imera-kinoumenon-schedion-2023\/\" \/>\n<meta property=\"og:site_name\" content=\"IFG\" \/>\n<meta property=\"article:modified_time\" content=\"2023-10-30T10:31:42+00:00\" \/>\n<meta property=\"og:image\" content=\"https:\/\/www.ifg.gr\/wp-content\/uploads\/2023\/10\/IAD-1sans.png\" \/>\n\t<meta property=\"og:image:width\" content=\"1280\" \/>\n\t<meta property=\"og:image:height\" content=\"800\" \/>\n\t<meta property=\"og:image:type\" content=\"image\/png\" \/>\n<meta name=\"twitter:card\" content=\"summary_large_image\" \/>\n<meta name=\"twitter:label1\" content=\"Dur\u00e9e de lecture estim\u00e9e\" \/>\n\t<meta name=\"twitter:data1\" content=\"2 minutes\" \/>\n<script type=\"application\/ld+json\" class=\"yoast-schema-graph\">{\"@context\":\"https:\/\/schema.org\",\"@graph\":[{\"@type\":\"WebPage\",\"@id\":\"https:\/\/www.ifg.gr\/events\/diethnis-imera-kinoumenon-schedion-2023\/\",\"url\":\"https:\/\/www.ifg.gr\/events\/diethnis-imera-kinoumenon-schedion-2023\/\",\"name\":\"Journ\u00e9e internationale de l\u2019animation 2023 \u00e0 l\u2019Institut fran\u00e7ais de Gr\u00e9ce\",\"isPartOf\":{\"@id\":\"https:\/\/www.ifg.gr\/#website\"},\"primaryImageOfPage\":{\"@id\":\"https:\/\/www.ifg.gr\/events\/diethnis-imera-kinoumenon-schedion-2023\/#primaryimage\"},\"image\":{\"@id\":\"https:\/\/www.ifg.gr\/events\/diethnis-imera-kinoumenon-schedion-2023\/#primaryimage\"},\"thumbnailUrl\":\"https:\/\/www.ifg.gr\/wp-content\/uploads\/2023\/10\/IAD-1sans.png\",\"datePublished\":\"2023-10-26T15:18:23+00:00\",\"dateModified\":\"2023-10-30T10:31:42+00:00\",\"description\":\"Des projections de courts m\u00e9trages d'animation issus des plus grands festivals internationaux et une discussion sur l'animation grecque d\u2019aujourd'hui.\",\"breadcrumb\":{\"@id\":\"https:\/\/www.ifg.gr\/events\/diethnis-imera-kinoumenon-schedion-2023\/#breadcrumb\"},\"inLanguage\":\"fr-FR\",\"potentialAction\":[{\"@type\":\"ReadAction\",\"target\":[\"https:\/\/www.ifg.gr\/events\/diethnis-imera-kinoumenon-schedion-2023\/\"]}]},{\"@type\":\"ImageObject\",\"inLanguage\":\"fr-FR\",\"@id\":\"https:\/\/www.ifg.gr\/events\/diethnis-imera-kinoumenon-schedion-2023\/#primaryimage\",\"url\":\"https:\/\/www.ifg.gr\/wp-content\/uploads\/2023\/10\/IAD-1sans.png\",\"contentUrl\":\"https:\/\/www.ifg.gr\/wp-content\/uploads\/2023\/10\/IAD-1sans.png\",\"width\":1280,\"height\":800},{\"@type\":\"BreadcrumbList\",\"@id\":\"https:\/\/www.ifg.gr\/events\/diethnis-imera-kinoumenon-schedion-2023\/#breadcrumb\",\"itemListElement\":[{\"@type\":\"ListItem\",\"position\":1,\"name\":\"Home\",\"item\":\"https:\/\/www.ifg.gr\/fr\/\"},{\"@type\":\"ListItem\",\"position\":2,\"name\":\"Events\",\"item\":\"https:\/\/www.ifg.gr\/events\/\"},{\"@type\":\"ListItem\",\"position\":3,\"name\":\"Journ\u00e9e internationale de l\u2019animation 2023 \u00e0 l\u2019Institut fran\u00e7ais de Gr\u00e9ce\"}]},{\"@type\":\"WebSite\",\"@id\":\"https:\/\/www.ifg.gr\/#website\",\"url\":\"https:\/\/www.ifg.gr\/\",\"name\":\"IFG\",\"description\":\"\",\"potentialAction\":[{\"@type\":\"SearchAction\",\"target\":{\"@type\":\"EntryPoint\",\"urlTemplate\":\"https:\/\/www.ifg.gr\/?s={search_term_string}\"},\"query-input\":{\"@type\":\"PropertyValueSpecification\",\"valueRequired\":true,\"valueName\":\"search_term_string\"}}],\"inLanguage\":\"fr-FR\"}]}<\/script>\n<!-- \/ Yoast SEO plugin. -->","yoast_head_json":{"title":"Journ\u00e9e internationale de l\u2019animation 2023 \u00e0 l\u2019Institut fran\u00e7ais de Gr\u00e9ce","description":"Des projections de courts m\u00e9trages d'animation issus des plus grands festivals internationaux et une discussion sur l'animation grecque d\u2019aujourd'hui.","robots":{"index":"index","follow":"follow","max-snippet":"max-snippet:-1","max-image-preview":"max-image-preview:large","max-video-preview":"max-video-preview:-1"},"canonical":"https:\/\/www.ifg.gr\/events\/diethnis-imera-kinoumenon-schedion-2023\/","og_locale":"fr_FR","og_type":"article","og_title":"Journ\u00e9e internationale de l\u2019animation 2023 \u00e0 l\u2019Institut fran\u00e7ais de Gr\u00e9ce","og_description":"Des projections de courts m\u00e9trages d'animation issus des plus grands festivals internationaux et une discussion sur l'animation grecque d\u2019aujourd'hui.","og_url":"https:\/\/www.ifg.gr\/events\/diethnis-imera-kinoumenon-schedion-2023\/","og_site_name":"IFG","article_modified_time":"2023-10-30T10:31:42+00:00","og_image":[{"width":1280,"height":800,"url":"https:\/\/www.ifg.gr\/wp-content\/uploads\/2023\/10\/IAD-1sans.png","type":"image\/png"}],"twitter_card":"summary_large_image","twitter_misc":{"Dur\u00e9e de lecture estim\u00e9e":"2 minutes"},"schema":{"@context":"https:\/\/schema.org","@graph":[{"@type":"WebPage","@id":"https:\/\/www.ifg.gr\/events\/diethnis-imera-kinoumenon-schedion-2023\/","url":"https:\/\/www.ifg.gr\/events\/diethnis-imera-kinoumenon-schedion-2023\/","name":"Journ\u00e9e internationale de l\u2019animation 2023 \u00e0 l\u2019Institut fran\u00e7ais de Gr\u00e9ce","isPartOf":{"@id":"https:\/\/www.ifg.gr\/#website"},"primaryImageOfPage":{"@id":"https:\/\/www.ifg.gr\/events\/diethnis-imera-kinoumenon-schedion-2023\/#primaryimage"},"image":{"@id":"https:\/\/www.ifg.gr\/events\/diethnis-imera-kinoumenon-schedion-2023\/#primaryimage"},"thumbnailUrl":"https:\/\/www.ifg.gr\/wp-content\/uploads\/2023\/10\/IAD-1sans.png","datePublished":"2023-10-26T15:18:23+00:00","dateModified":"2023-10-30T10:31:42+00:00","description":"Des projections de courts m\u00e9trages d'animation issus des plus grands festivals internationaux et une discussion sur l'animation grecque d\u2019aujourd'hui.","breadcrumb":{"@id":"https:\/\/www.ifg.gr\/events\/diethnis-imera-kinoumenon-schedion-2023\/#breadcrumb"},"inLanguage":"fr-FR","potentialAction":[{"@type":"ReadAction","target":["https:\/\/www.ifg.gr\/events\/diethnis-imera-kinoumenon-schedion-2023\/"]}]},{"@type":"ImageObject","inLanguage":"fr-FR","@id":"https:\/\/www.ifg.gr\/events\/diethnis-imera-kinoumenon-schedion-2023\/#primaryimage","url":"https:\/\/www.ifg.gr\/wp-content\/uploads\/2023\/10\/IAD-1sans.png","contentUrl":"https:\/\/www.ifg.gr\/wp-content\/uploads\/2023\/10\/IAD-1sans.png","width":1280,"height":800},{"@type":"BreadcrumbList","@id":"https:\/\/www.ifg.gr\/events\/diethnis-imera-kinoumenon-schedion-2023\/#breadcrumb","itemListElement":[{"@type":"ListItem","position":1,"name":"Home","item":"https:\/\/www.ifg.gr\/fr\/"},{"@type":"ListItem","position":2,"name":"Events","item":"https:\/\/www.ifg.gr\/events\/"},{"@type":"ListItem","position":3,"name":"Journ\u00e9e internationale de l\u2019animation 2023 \u00e0 l\u2019Institut fran\u00e7ais de Gr\u00e9ce"}]},{"@type":"WebSite","@id":"https:\/\/www.ifg.gr\/#website","url":"https:\/\/www.ifg.gr\/","name":"IFG","description":"","potentialAction":[{"@type":"SearchAction","target":{"@type":"EntryPoint","urlTemplate":"https:\/\/www.ifg.gr\/?s={search_term_string}"},"query-input":{"@type":"PropertyValueSpecification","valueRequired":true,"valueName":"search_term_string"}}],"inLanguage":"fr-FR"}]}},"_links":{"self":[{"href":"https:\/\/www.ifg.gr\/fr\/wp-json\/wp\/v2\/event\/54013","targetHints":{"allow":["GET"]}}],"collection":[{"href":"https:\/\/www.ifg.gr\/fr\/wp-json\/wp\/v2\/event"}],"about":[{"href":"https:\/\/www.ifg.gr\/fr\/wp-json\/wp\/v2\/types\/event"}],"author":[{"embeddable":true,"href":"https:\/\/www.ifg.gr\/fr\/wp-json\/wp\/v2\/users\/18"}],"version-history":[{"count":0,"href":"https:\/\/www.ifg.gr\/fr\/wp-json\/wp\/v2\/event\/54013\/revisions"}],"wp:featuredmedia":[{"embeddable":true,"href":"https:\/\/www.ifg.gr\/fr\/wp-json\/wp\/v2\/media\/54006"}],"wp:attachment":[{"href":"https:\/\/www.ifg.gr\/fr\/wp-json\/wp\/v2\/media?parent=54013"}],"wp:term":[{"taxonomy":"post_tag","embeddable":true,"href":"https:\/\/www.ifg.gr\/fr\/wp-json\/wp\/v2\/tags?post=54013"},{"taxonomy":"event_category","embeddable":true,"href":"https:\/\/www.ifg.gr\/fr\/wp-json\/wp\/v2\/event_category?post=54013"},{"taxonomy":"event_group","embeddable":true,"href":"https:\/\/www.ifg.gr\/fr\/wp-json\/wp\/v2\/event_group?post=54013"}],"curies":[{"name":"wp","href":"https:\/\/api.w.org\/{rel}","templated":true}]}}