{"id":54263,"date":"2023-11-21T13:42:24","date_gmt":"2023-11-21T13:42:24","guid":{"rendered":"https:\/\/www.ifg.gr\/events\/programma-mesa-stin-eikona\/"},"modified":"2023-12-01T10:28:02","modified_gmt":"2023-12-01T10:28:02","slug":"programme-dans-l-image","status":"publish","type":"event","link":"https:\/\/www.ifg.gr\/fr\/events\/programme-dans-l-image\/","title":{"rendered":"Programme d&rsquo;exp\u00e9rimentations artistiques collectives: Dans l&rsquo;image \/ Reenacting cinema through extended media"},"content":{"rendered":"<p>Le <a href=\"https:\/\/fournos-culture.gr\/el\/\" target=\"_blank\" rel=\"noopener\"><strong>Centre de communication polyvalent Fournos<\/strong><\/a>, en partenariat avec <a href=\"https:\/\/www.ensad.fr\/en\" target=\"_blank\" rel=\"noopener\"><strong>l&rsquo;\u00c9cole Nationale Sup\u00e9rieure des Arts D\u00e9coratifs<\/strong><\/a> (Paris), pr\u00e9sente un \u00e9v\u00e9nement artistique pour repenser le cin\u00e9ma \u00e0 l\u2019\u00e8re des m\u00e9dias interactifs et de la r\u00e9alit\u00e9 virtuelle. Un programme d\u2019\u0153uvres, de rencontres et d\u2019ateliers est d\u00e9ploy\u00e9 dans l&rsquo;<strong><a href=\"https:\/\/artplay.gr\/kinimatografos\/sto-palio-alfavil\" target=\"_blank\" rel=\"noopener\">ancien cin\u00e9ma Alphaville<\/a><\/strong>, r\u00e9ouvert pour l\u2019occasion, et au <a href=\"https:\/\/fournos-culture.gr\/el\/\" target=\"_blank\" rel=\"noopener\"><strong>th\u00e9\u00e2tre Fournos<\/strong><\/a>.<\/p>\n<p>Cet \u00e9v\u00e9nement intitul\u00e9 <strong>DANS L&rsquo;IMAGE \u2013 Reenacting cinema through extended media<\/strong>, permet de pr\u00e9senter des \u0153uvres d&rsquo;artistes et chercheurs des groupes de recherche\u00a0<a href=\"https:\/\/reflectiveinteraction.ensadlab.fr\/\" target=\"_blank\" rel=\"noopener\">Reflective Interaction<\/a> et <a href=\"https:\/\/spatialmedia.ntlab.gr\/\" target=\"_blank\" rel=\"noopener\">Spatial Media Research<\/a> d\u2019EnsadLab, le laboratoire de l&rsquo;\u00c9cole nationale sup\u00e9rieure des Arts D\u00e9coratifs, en collaboration avec l&rsquo;\u00e9quipe artistique et de recherche du <a href=\"https:\/\/fournos-culture.gr\/el\/%CF%86%CE%BF%CF%8D%CF%81%CE%BD%CE%BF%CF%82-%CE%BA%CE%AD%CE%BD%CF%84%CF%81%CE%BF-%CE%B3%CE%B9%CE%B1-%CF%84%CE%BF%CE%BD-%CF%80%CE%BF%CE%BB%CE%B9%CF%84%CE%B9%CF%83%CE%BC%CF%8C\/\" target=\"_blank\" rel=\"noopener\">Centre Fournos<\/a>.<\/p>\n<p>Le laboratoire multim\u00e9dia de l&rsquo;<a href=\"http:\/\/www.asfa.gr\/en\/\" target=\"_blank\" rel=\"noopener\">\u00c9cole des Beaux-Arts d&rsquo;Ath\u00e8nes<\/a> et le Laboratoire des syst\u00e8mes intelligents du <a href=\"https:\/\/www.aegean.gr\/departments\/%CF%84%CE%BC%CE%AE%CE%BC%CE%B1-%CF%80%CE%BF%CE%BB%CE%B9%CF%84%CE%B9%CF%83%CE%BC%CE%B9%CE%BA%CE%AE%CF%82-%CF%84%CE%B5%CF%87%CE%BD%CE%BF%CE%BB%CE%BF%CE%B3%CE%AF%CE%B1%CF%82-%CE%BA%CE%B1%CE%B9-%CE%B5%CF%80%CE%B9%CE%BA%CE%BF%CE%B9%CE%BD%CF%89%CE%BD%CE%AF%CE%B1%CF%82\" target=\"_blank\" rel=\"noopener\">D\u00e9partement des technologies culturelles et de la communication de l&rsquo;Universit\u00e9 de la mer \u00c9g\u00e9e<\/a> participent \u00e9galement \u00e0 l\u2019\u00e9v\u00e9nement.<\/p>\n<hr \/>\n<h3>L&rsquo;ID\u00c9E<\/h3>\n<p>Comment repenser le dispositif cin\u00e9matographique alors que les m\u00e9dias \u00e9tendent de plus en plus leur pr\u00e9sence via de multiples supports et usages : interactivit\u00e9, r\u00e9alit\u00e9 virtuelle ou augment\u00e9e, r\u00e9seaux sociaux, smartphones, \u00ab wearable computing \u00bb, mapping vid\u00e9o? Nous vivons de plus en plus dans l\u2019image. Comment y entrons-nous et comment en sortir ? Comment exp\u00e9rimenter ces nouvelles formes d\u2019images pour mieux les appr\u00e9hender et pour nous orienter dans ce nouveau r\u00e9gime m\u00e9diatique ? Quoi de mieux que de s\u2019y confronter collectivement, \u00e0 partir d\u2019un dispositif o\u00f9 nous avons tous nos rep\u00e8res : le cin\u00e9ma.<\/p>\n<p>C\u2019est ainsi, dans un ancien cin\u00e9ma r\u00e9ouvert pour l\u2019occasion, que <strong>les publics sont convi\u00e9s \u00e0 exp\u00e9rimenter de nouvelles formes d\u2019images<\/strong> : \u00e0 naviguer dans un environnement num\u00e9rique, \u00e0 interagir avec le grand \u00e9cran \u00e0 partir de leurs smartphones, \u00e0 donner de la voix pour prendre le contr\u00f4le des acteurs \u00e0 l\u2019image, \u00e0 manipuler des objets virtuels ou \u00e0 contempler des performeurs jouant avec la repr\u00e9sentation. Si les exp\u00e9riences offertes sont multiples, elles adoptent pourtant toute un m\u00eame dispositif : le cin\u00e9ma, cette salle qui peut encore nous permettre de partager nos \u00e9motions autant que nos r\u00e9flexions.<\/p>\n<p>\u00c0 la fa\u00e7on d\u2019un festival qui permet de multiplier les projections, ici, on multiplie les exp\u00e9riences pour mieux les partager et les questionner : comment repenser nos images devenues des espaces \u00ab habitables \u00bb ? \u00c0 quoi ressembleront nos espaces \u00ab r\u00e9els \u00bb s\u2019ils servent surtout de supports \u00e0 des espaces virtuels ? Que deviendront nos espaces de projection si les images sont partout ? Comment les \u0153uvres \u00e9volueront-elles si, interactives, elles se r\u00e9alisent avec le public ? Enfin, et c&rsquo;est essentiel : comment ces nouvelles images peuvent-elles nous donner \u00e0 r\u00e9fl\u00e9chir ? Et comment peut-on les concevoir, les inventer ? Quelles politique et \u00e9conomie peut-on alors envisager avec et pour ces nouvelles images ?<\/p>\n<p>Les commissaires de l&rsquo;\u00e9v\u00e9nement sont les artistes et chercheurs : <strong>Manthos Santorineos<\/strong>, <strong>Samuel Bianchini<\/strong>, <strong>Fran\u00e7ois Garnier<\/strong>.<\/p>\n<p>Les artistes et scientifiques participants sont : <strong>Konstantina Vetsiou<\/strong>, <strong>Samuel Bianchini<\/strong>, <strong>Continuum Collective Katerina Gradou<\/strong>, <strong>Dominique Cunin<\/strong>, <strong>Fran\u00e7ois Garnier<\/strong>, <strong>N\u00e9feli Georgakopoulou<\/strong>, <strong>Nefeli Dimitriadi<\/strong>, <strong>Dionysios Zamplaras<\/strong>, <strong>Stavroula Zoi<\/strong>, <strong>Lefteris Kontopodis<\/strong>, <strong>Katerina Korres<\/strong>, <strong>Sophia Kourkoulakou<\/strong>, <strong>Anna Meli<\/strong>, <strong>Penny Milia<\/strong>, <strong>Vicky Michalopoulou<\/strong>, <strong>Oussama Moubarak<\/strong>, <strong>Nikitas Baharas<\/strong>, <strong>Anastasios Roussos<\/strong>, <strong>R\u00e9mi Sagot-Duvauroux<\/strong>, <strong>Manthos Santorineos<\/strong>, <strong>Dimitris Trakas<\/strong>, <strong>Vanessa Ferlet<\/strong>.<\/p>\n<hr \/>\n<h3>LE PROGRAMME<\/h3>\n<p><a href=\"https:\/\/www.ifg.gr\/wp-content\/uploads\/2023\/11\/\u0391\u03bd\u03b1\u03bb\u03c5\u03c4\u03b9\u03ba\u03cc-\u03a0\u03c1\u03cc\u03b3\u03c1\u03b1\u03bc\u03bc\u03b1-\u03a3\u03b1\u03b9\u03c4.pdf\" target=\"_blank\" rel=\"noopener\"><strong>T\u00c9L\u00c9CHARGEZ ICI LE PROGRAMME (GR) EN PDF<\/strong><\/a><br \/>\n<a href=\"https:\/\/fournos-culture.gr\/el\/%ce%bc%ce%b5%cf%83%ce%b1-%cf%83%cf%84%ce%b7%ce%bd-%ce%b5%ce%b9%ce%ba%ce%bf%ce%bd%ce%b1-dans-limage-inside-the-image-reenacting-cinema-through-extended-media\/\" target=\"_blank\" rel=\"noopener\"><strong>LE PROGRAMME COMPLET SUR LE SITE DE FOURNOS<\/strong><\/a><\/p>\n<p><strong>\ud83d\udfe5<br \/>\n7 &#8211; 9 d\u00e9cembre 2023<\/strong>, <strong>de 19h00 \u00e0 23h30<\/strong>\u00a0| <strong>Cin\u00e9ma historique Alphaville<\/strong><br \/>\nProjections<\/p>\n<p><strong>\ud83d\udfe5<br \/>\n10 d\u00e9cembre <\/strong>| <strong>Cin\u00e9ma historique Alphaville<\/strong><strong><br \/>\n<\/strong>Un atelier : \u00ab Quand nous comprenons que la terre n&rsquo;est plus ronde \u00bb par Alexandra Giannopoulos et Angeliki Poulou<\/p>\n<p>Il ne s&rsquo;agit pas d&rsquo;un atelier classique, mais d&rsquo;un atelier de conception et de r\u00e9flexion, qui donnera \u00e9galement lieu \u00e0 la pr\u00e9sentation, pendant trois jours, d\u2019une s\u00e9rie d&rsquo;\u0153uvres reposant sur des technologies avanc\u00e9es. Les possibilit\u00e9s de d\u00e9veloppement de ce type d\u2019\u0153uvres seront explor\u00e9es et discut\u00e9es, avec l&rsquo;id\u00e9e centrale que l&rsquo;art n\u2019est pas au-dessus ou en marge de la soci\u00e9t\u00e9, mais qu&rsquo;il est en elle. D\u00e9jouant ainsi le concept de l&rsquo;avant-garde tel qu&rsquo;il a \u00e9t\u00e9 formul\u00e9 au 20e si\u00e8cle, il s\u2019agit d\u00e9sormais d\u2019agir de l\u2019int\u00e9rieur, dans la culture elle-m\u00eame, prise dans son \u00e9volution rapide et permanente sous l\u2019effet des technologies.<\/p>\n<p>Les participants sont<br \/>\n<strong>Manthos Santorineos<\/strong>, directeur du laboratoire Fournos et professeur \u00e0 l&rsquo;ASFA (2000-2021),<br \/>\n<strong>Alexandra Giannopoulou<\/strong>, Digital Freedom Fund\/Universit\u00e9 d&rsquo;Amsterdam,<br \/>\n<strong>Angeliki Poulou<\/strong>, professeur adjoint d&rsquo;arts num\u00e9riques et membre du d\u00e9partement cin\u00e9ma de Medea Electronique,<br \/>\n<strong>Stavroula Zoi<\/strong>, membre du conseil d&rsquo;administration de l&rsquo;ASFA (2000-2021),<br \/>\n<strong>George Trihopoulos<\/strong> doctorant \u00e0 l&rsquo;universit\u00e9 de la mer \u00c9g\u00e9e et membre du groupe \u00ab Interaction intelligente \u00bb.<\/p>\n<p><strong>\ud83d\udfe5<br \/>\n10 &amp; 11 d\u00e9cembre, 18h00 &#8211; 21h00<\/strong> | <strong>Fournos<\/strong><br \/>\nPr\u00e9sentation des programmes d&rsquo;\u00e9tudes sup\u00e9rieures en Gr\u00e8ce portant sur l&rsquo;art num\u00e9rique<\/p>\n<p>Pour les besoins de l&rsquo;exposition, l&rsquo;application sp\u00e9ciale<strong> ChatGPT@Alphaville : un catalogue multilingue en temps r\u00e9el<\/strong> a \u00e9t\u00e9 cr\u00e9\u00e9e. Utilisant des technologies d\u2019intelligence artificielle, il s&rsquo;agit d&rsquo;un ChatBot sophistiqu\u00e9 qui joue le r\u00f4le de catalogue de l&rsquo;\u00e9v\u00e9nement. Il est capable d&rsquo;accepter les questions des visiteurs dans n&rsquo;importe quelle langue et d&rsquo;y r\u00e9pondre en temps r\u00e9el, tant en ce qui concerne l&rsquo;espace d&rsquo;exposition que les \u00e9l\u00e9ments relatifs \u00e0 la partie th\u00e9orique, \u00e0 son histoire, etc. <strong>ChatGPT@Alphaville<\/strong> est r\u00e9alis\u00e9 par <strong>George Trihopoulos<\/strong> dans le cadre de sa th\u00e8se de doctorat, en collaboration avec <strong>Manthos Santorineos<\/strong> et <strong>Stavroula Zoi<\/strong>.<\/p>\n<hr \/>\n<p><strong>L&rsquo;\u00e9v\u00e9nement\u00a0 est parrain\u00e9 par le \u039cinist\u00e8re de la Culture et soutenu par l&rsquo;Institut fran\u00e7ais de Gr\u00e8ce.<\/strong><\/p>\n<p><strong>Fournos &#8211; Nea Alfaville Mavromichali 168 Ath\u00e8nes<br \/>\nTel. 210 6460 748 email <a href=\"mailto:info@fournos-culture.gr\" target=\"_blank\" rel=\"noopener\">info@fournos-culture.gr<\/a><\/strong><\/p>\n<p><img loading=\"lazy\" decoding=\"async\" class=\"alignnone size-full wp-image-54248\" src=\"https:\/\/www.ifg.gr\/wp-content\/uploads\/2023\/11\/FightOrFlight_Screenshot_6-Vanessa-Ferle-Anna-Gradou-Vicky-Michalopoulou.jpg\" alt=\"\" width=\"800\" height=\"550\" srcset=\"https:\/\/www.ifg.gr\/wp-content\/uploads\/2023\/11\/FightOrFlight_Screenshot_6-Vanessa-Ferle-Anna-Gradou-Vicky-Michalopoulou.jpg 800w, https:\/\/www.ifg.gr\/wp-content\/uploads\/2023\/11\/FightOrFlight_Screenshot_6-Vanessa-Ferle-Anna-Gradou-Vicky-Michalopoulou-768x528.jpg 768w, https:\/\/www.ifg.gr\/wp-content\/uploads\/2023\/11\/FightOrFlight_Screenshot_6-Vanessa-Ferle-Anna-Gradou-Vicky-Michalopoulou-189x130.jpg 189w\" sizes=\"auto, (max-width: 800px) 100vw, 800px\" \/><\/p>\n<p>Vanessa Ferlet<\/p>\n<p><img loading=\"lazy\" decoding=\"async\" class=\"alignnone wp-image-54250\" src=\"https:\/\/www.ifg.gr\/wp-content\/uploads\/2023\/11\/Francois-Garnier-ESM-roswell-photogrametrie.jpg\" alt=\"\" width=\"796\" height=\"401\" srcset=\"https:\/\/www.ifg.gr\/wp-content\/uploads\/2023\/11\/Francois-Garnier-ESM-roswell-photogrametrie.jpg 1985w, https:\/\/www.ifg.gr\/wp-content\/uploads\/2023\/11\/Francois-Garnier-ESM-roswell-photogrametrie-768x387.jpg 768w, https:\/\/www.ifg.gr\/wp-content\/uploads\/2023\/11\/Francois-Garnier-ESM-roswell-photogrametrie-1536x774.jpg 1536w, https:\/\/www.ifg.gr\/wp-content\/uploads\/2023\/11\/Francois-Garnier-ESM-roswell-photogrametrie-1920x967.jpg 1920w, https:\/\/www.ifg.gr\/wp-content\/uploads\/2023\/11\/Francois-Garnier-ESM-roswell-photogrametrie-258x130.jpg 258w\" sizes=\"auto, (max-width: 796px) 100vw, 796px\" \/><\/p>\n<p>Fran\u00e7ois Garnier<\/p>\n<p><img loading=\"lazy\" decoding=\"async\" class=\"alignnone size-full wp-image-54235\" src=\"https:\/\/www.ifg.gr\/wp-content\/uploads\/2023\/11\/300dpi_BACHARAS_Minoans_image6.jpg\" alt=\"\" width=\"800\" height=\"394\" srcset=\"https:\/\/www.ifg.gr\/wp-content\/uploads\/2023\/11\/300dpi_BACHARAS_Minoans_image6.jpg 800w, https:\/\/www.ifg.gr\/wp-content\/uploads\/2023\/11\/300dpi_BACHARAS_Minoans_image6-768x378.jpg 768w, https:\/\/www.ifg.gr\/wp-content\/uploads\/2023\/11\/300dpi_BACHARAS_Minoans_image6-264x130.jpg 264w\" sizes=\"auto, (max-width: 800px) 100vw, 800px\" \/><\/p>\n<p>Nikitas Baharas<\/p>\n<p><img loading=\"lazy\" decoding=\"async\" class=\"alignnone size-full wp-image-54237\" src=\"https:\/\/www.ifg.gr\/wp-content\/uploads\/2023\/11\/300dpi_DIMITRIADI_VR_Plane8.jpg\" alt=\"\" width=\"800\" height=\"417\" srcset=\"https:\/\/www.ifg.gr\/wp-content\/uploads\/2023\/11\/300dpi_DIMITRIADI_VR_Plane8.jpg 800w, https:\/\/www.ifg.gr\/wp-content\/uploads\/2023\/11\/300dpi_DIMITRIADI_VR_Plane8-768x400.jpg 768w, https:\/\/www.ifg.gr\/wp-content\/uploads\/2023\/11\/300dpi_DIMITRIADI_VR_Plane8-249x130.jpg 249w\" sizes=\"auto, (max-width: 800px) 100vw, 800px\" \/><\/p>\n<p>Nefeli Dimitriadi<\/p>\n<p><img loading=\"lazy\" decoding=\"async\" class=\"alignnone wp-image-54239\" src=\"https:\/\/www.ifg.gr\/wp-content\/uploads\/2023\/11\/Anna-Meli-Penny-Milia-MetaTiFotia-02-Anna-Meli-Penny-Milia-scaled.jpeg\" alt=\"\" width=\"799\" height=\"549\" srcset=\"https:\/\/www.ifg.gr\/wp-content\/uploads\/2023\/11\/Anna-Meli-Penny-Milia-MetaTiFotia-02-Anna-Meli-Penny-Milia-scaled.jpeg 2560w, https:\/\/www.ifg.gr\/wp-content\/uploads\/2023\/11\/Anna-Meli-Penny-Milia-MetaTiFotia-02-Anna-Meli-Penny-Milia-768x528.jpeg 768w, https:\/\/www.ifg.gr\/wp-content\/uploads\/2023\/11\/Anna-Meli-Penny-Milia-MetaTiFotia-02-Anna-Meli-Penny-Milia-1536x1056.jpeg 1536w, https:\/\/www.ifg.gr\/wp-content\/uploads\/2023\/11\/Anna-Meli-Penny-Milia-MetaTiFotia-02-Anna-Meli-Penny-Milia-2048x1408.jpeg 2048w, https:\/\/www.ifg.gr\/wp-content\/uploads\/2023\/11\/Anna-Meli-Penny-Milia-MetaTiFotia-02-Anna-Meli-Penny-Milia-1920x1320.jpeg 1920w, https:\/\/www.ifg.gr\/wp-content\/uploads\/2023\/11\/Anna-Meli-Penny-Milia-MetaTiFotia-02-Anna-Meli-Penny-Milia-1454x1000.jpeg 1454w, https:\/\/www.ifg.gr\/wp-content\/uploads\/2023\/11\/Anna-Meli-Penny-Milia-MetaTiFotia-02-Anna-Meli-Penny-Milia-189x130.jpeg 189w\" sizes=\"auto, (max-width: 799px) 100vw, 799px\" \/><\/p>\n<p>Anna Meli, Penny Milia<\/p>\n<p><img loading=\"lazy\" decoding=\"async\" class=\"alignnone wp-image-54242\" src=\"https:\/\/www.ifg.gr\/wp-content\/uploads\/2023\/11\/Back-to-Crisis-The-Origin-UPDINO1-scaled.jpeg\" alt=\"\" width=\"798\" height=\"449\" srcset=\"https:\/\/www.ifg.gr\/wp-content\/uploads\/2023\/11\/Back-to-Crisis-The-Origin-UPDINO1-scaled.jpeg 2560w, https:\/\/www.ifg.gr\/wp-content\/uploads\/2023\/11\/Back-to-Crisis-The-Origin-UPDINO1-768x432.jpeg 768w, https:\/\/www.ifg.gr\/wp-content\/uploads\/2023\/11\/Back-to-Crisis-The-Origin-UPDINO1-1536x864.jpeg 1536w, https:\/\/www.ifg.gr\/wp-content\/uploads\/2023\/11\/Back-to-Crisis-The-Origin-UPDINO1-2048x1152.jpeg 2048w, https:\/\/www.ifg.gr\/wp-content\/uploads\/2023\/11\/Back-to-Crisis-The-Origin-UPDINO1-1920x1080.jpeg 1920w, https:\/\/www.ifg.gr\/wp-content\/uploads\/2023\/11\/Back-to-Crisis-The-Origin-UPDINO1-1778x1000.jpeg 1778w, https:\/\/www.ifg.gr\/wp-content\/uploads\/2023\/11\/Back-to-Crisis-The-Origin-UPDINO1-231x130.jpeg 231w\" sizes=\"auto, (max-width: 798px) 100vw, 798px\" \/><\/p>\n<p>Katerina Korre<\/p>\n<p><img loading=\"lazy\" decoding=\"async\" class=\"alignnone wp-image-54244\" src=\"https:\/\/www.ifg.gr\/wp-content\/uploads\/2023\/11\/D.-Zamplaras-N.-Georgakopoulou-S.-Kourkoulakou-VitRails.jpg\" alt=\"\" width=\"798\" height=\"666\" srcset=\"https:\/\/www.ifg.gr\/wp-content\/uploads\/2023\/11\/D.-Zamplaras-N.-Georgakopoulou-S.-Kourkoulakou-VitRails.jpg 2080w, https:\/\/www.ifg.gr\/wp-content\/uploads\/2023\/11\/D.-Zamplaras-N.-Georgakopoulou-S.-Kourkoulakou-VitRails-768x641.jpg 768w, https:\/\/www.ifg.gr\/wp-content\/uploads\/2023\/11\/D.-Zamplaras-N.-Georgakopoulou-S.-Kourkoulakou-VitRails-1536x1282.jpg 1536w, https:\/\/www.ifg.gr\/wp-content\/uploads\/2023\/11\/D.-Zamplaras-N.-Georgakopoulou-S.-Kourkoulakou-VitRails-2048x1709.jpg 2048w, https:\/\/www.ifg.gr\/wp-content\/uploads\/2023\/11\/D.-Zamplaras-N.-Georgakopoulou-S.-Kourkoulakou-VitRails-1920x1602.jpg 1920w, https:\/\/www.ifg.gr\/wp-content\/uploads\/2023\/11\/D.-Zamplaras-N.-Georgakopoulou-S.-Kourkoulakou-VitRails-1198x1000.jpg 1198w, https:\/\/www.ifg.gr\/wp-content\/uploads\/2023\/11\/D.-Zamplaras-N.-Georgakopoulou-S.-Kourkoulakou-VitRails-156x130.jpg 156w\" sizes=\"auto, (max-width: 798px) 100vw, 798px\" \/><\/p>\n<p>N\u00e9feli Georgakopoulou, Dionysios Zamplaras, Sophia Kourkoulakou<\/p>\n<p><strong><img loading=\"lazy\" decoding=\"async\" class=\"alignnone wp-image-54246\" src=\"https:\/\/www.ifg.gr\/wp-content\/uploads\/2023\/11\/Dimitris-Trakas-i-am-here-2-Dimitris-Trakas-scaled.jpg\" alt=\"\" width=\"798\" height=\"499\" srcset=\"https:\/\/www.ifg.gr\/wp-content\/uploads\/2023\/11\/Dimitris-Trakas-i-am-here-2-Dimitris-Trakas-scaled.jpg 2560w, https:\/\/www.ifg.gr\/wp-content\/uploads\/2023\/11\/Dimitris-Trakas-i-am-here-2-Dimitris-Trakas-768x480.jpg 768w, https:\/\/www.ifg.gr\/wp-content\/uploads\/2023\/11\/Dimitris-Trakas-i-am-here-2-Dimitris-Trakas-1536x960.jpg 1536w, https:\/\/www.ifg.gr\/wp-content\/uploads\/2023\/11\/Dimitris-Trakas-i-am-here-2-Dimitris-Trakas-2048x1280.jpg 2048w, https:\/\/www.ifg.gr\/wp-content\/uploads\/2023\/11\/Dimitris-Trakas-i-am-here-2-Dimitris-Trakas-1920x1200.jpg 1920w, https:\/\/www.ifg.gr\/wp-content\/uploads\/2023\/11\/Dimitris-Trakas-i-am-here-2-Dimitris-Trakas-1600x1000.jpg 1600w, https:\/\/www.ifg.gr\/wp-content\/uploads\/2023\/11\/Dimitris-Trakas-i-am-here-2-Dimitris-Trakas-208x130.jpg 208w\" sizes=\"auto, (max-width: 798px) 100vw, 798px\" \/><\/strong><\/p>\n<p>Dimitris Trakas<\/p>\n<p><img loading=\"lazy\" decoding=\"async\" class=\"alignnone wp-image-54252\" src=\"https:\/\/www.ifg.gr\/wp-content\/uploads\/2023\/11\/Immersive-Hybrid-Place-Sophia-K..jpg\" alt=\"\" width=\"797\" height=\"531\" srcset=\"https:\/\/www.ifg.gr\/wp-content\/uploads\/2023\/11\/Immersive-Hybrid-Place-Sophia-K..jpg 2048w, https:\/\/www.ifg.gr\/wp-content\/uploads\/2023\/11\/Immersive-Hybrid-Place-Sophia-K.-768x512.jpg 768w, https:\/\/www.ifg.gr\/wp-content\/uploads\/2023\/11\/Immersive-Hybrid-Place-Sophia-K.-1536x1025.jpg 1536w, https:\/\/www.ifg.gr\/wp-content\/uploads\/2023\/11\/Immersive-Hybrid-Place-Sophia-K.-1920x1281.jpg 1920w, https:\/\/www.ifg.gr\/wp-content\/uploads\/2023\/11\/Immersive-Hybrid-Place-Sophia-K.-1499x1000.jpg 1499w, https:\/\/www.ifg.gr\/wp-content\/uploads\/2023\/11\/Immersive-Hybrid-Place-Sophia-K.-195x130.jpg 195w, https:\/\/www.ifg.gr\/wp-content\/uploads\/2023\/11\/Immersive-Hybrid-Place-Sophia-K.-600x400.jpg 600w\" sizes=\"auto, (max-width: 797px) 100vw, 797px\" \/><\/p>\n<p>Sophia Kourkoulakou<\/p>\n<p><img loading=\"lazy\" decoding=\"async\" class=\"alignnone wp-image-54254\" src=\"https:\/\/www.ifg.gr\/wp-content\/uploads\/2023\/11\/Random-walk-7-Lefteris-Kontopodis-in-collaboration-with-tha-scientist-Anastasios-tassos-Roussos.png\" alt=\"\" width=\"796\" height=\"539\" srcset=\"https:\/\/www.ifg.gr\/wp-content\/uploads\/2023\/11\/Random-walk-7-Lefteris-Kontopodis-in-collaboration-with-tha-scientist-Anastasios-tassos-Roussos.png 1284w, https:\/\/www.ifg.gr\/wp-content\/uploads\/2023\/11\/Random-walk-7-Lefteris-Kontopodis-in-collaboration-with-tha-scientist-Anastasios-tassos-Roussos-768x520.png 768w, https:\/\/www.ifg.gr\/wp-content\/uploads\/2023\/11\/Random-walk-7-Lefteris-Kontopodis-in-collaboration-with-tha-scientist-Anastasios-tassos-Roussos-192x130.png 192w\" sizes=\"auto, (max-width: 796px) 100vw, 796px\" \/><\/p>\n<p>Lefteris Kontopodis<\/p>\n<p><img loading=\"lazy\" decoding=\"async\" class=\"alignnone wp-image-54319\" src=\"https:\/\/www.ifg.gr\/wp-content\/uploads\/2023\/11\/S-Bianchini_TempsL-ibre_03_sf_9928-3.jpg\" alt=\"\" width=\"795\" height=\"530\" srcset=\"https:\/\/www.ifg.gr\/wp-content\/uploads\/2023\/11\/S-Bianchini_TempsL-ibre_03_sf_9928-3.jpg 1400w, https:\/\/www.ifg.gr\/wp-content\/uploads\/2023\/11\/S-Bianchini_TempsL-ibre_03_sf_9928-3-768x512.jpg 768w, https:\/\/www.ifg.gr\/wp-content\/uploads\/2023\/11\/S-Bianchini_TempsL-ibre_03_sf_9928-3-195x130.jpg 195w, https:\/\/www.ifg.gr\/wp-content\/uploads\/2023\/11\/S-Bianchini_TempsL-ibre_03_sf_9928-3-600x400.jpg 600w\" sizes=\"auto, (max-width: 795px) 100vw, 795px\" \/><\/p>\n<p>Samuel Bianchini<\/p>\n<p><img loading=\"lazy\" decoding=\"async\" class=\"alignnone wp-image-54258\" src=\"https:\/\/www.ifg.gr\/wp-content\/uploads\/2023\/11\/The-Hitchcock-Expenrence-R.Sagot-Duvauroux.jpg\" alt=\"\" width=\"796\" height=\"448\" srcset=\"https:\/\/www.ifg.gr\/wp-content\/uploads\/2023\/11\/The-Hitchcock-Expenrence-R.Sagot-Duvauroux.jpg 1041w, https:\/\/www.ifg.gr\/wp-content\/uploads\/2023\/11\/The-Hitchcock-Expenrence-R.Sagot-Duvauroux-768x432.jpg 768w, https:\/\/www.ifg.gr\/wp-content\/uploads\/2023\/11\/The-Hitchcock-Expenrence-R.Sagot-Duvauroux-231x130.jpg 231w\" sizes=\"auto, (max-width: 796px) 100vw, 796px\" \/><\/p>\n<p>R\u00e9mi Sagot-Duvauroux<\/p>\n","protected":false},"excerpt":{"rendered":"<p>Un \u00e9v\u00e9nement pour repenser le cin\u00e9ma \u00e0 l\u2019\u00e8re des m\u00e9dias interactifs et de la r\u00e9alit\u00e9 virtuelle, dans l&rsquo;ancien cin\u00e9ma Alphaville et au th\u00e9\u00e2tre Fournos.<\/p>\n","protected":false},"author":18,"featured_media":54230,"template":"","tags":[],"event_category":[873],"event_group":[],"class_list":["post-54263","event","type-event","status-publish","has-post-thumbnail","hentry","event_category-arts-visuels"],"acf":{"sponsors_default":false,"info_title":"","info_text":"","date_range":{"start":"07\/12\/2023","end":"11\/12\/2023","cancelled":false,"note":"","start_time":"","end_time":""},"details":{"location":"<p>Fournos - Nouvelle Alphaville<br \/>\nMavromichali 168, Ath\u00e8nes<\/p>\n","hyperlink1a":{"text":"","link":""},"price":"Entr\u00e9e gratuite dans la limite des places disponibles","hyperlink2a":{"text":"","link":""},"online_event":false,"live_streaming":false,"live_streaming_code":"","facebook_url":"","hyperlink":{"text":"","link":""},"hyperlink2":{"text":"","link":""},"hyperlink3":{"text":"","link":""},"press_release":false},"featured_image_credits":"","home_slider_image":{"ID":54232,"id":54232,"title":"FOURNOS_1300x768","filename":"FOURNOS_1300x768.jpg","filesize":432599,"url":"https:\/\/www.ifg.gr\/wp-content\/uploads\/2023\/11\/FOURNOS_1300x768.jpg","link":"https:\/\/www.ifg.gr\/fr\/events\/programme-dans-l-image\/fournos_1300x768-2\/","alt":"","author":"18","description":"","caption":"","name":"fournos_1300x768-2","status":"inherit","uploaded_to":54263,"date":"2023-11-21 13:39:40","modified":"2023-11-21 13:39:40","menu_order":0,"mime_type":"image\/jpeg","type":"image","subtype":"jpeg","icon":"https:\/\/www.ifg.gr\/wp-includes\/images\/media\/default.png","width":1300,"height":768,"sizes":{"thumbnail":"https:\/\/www.ifg.gr\/wp-content\/uploads\/2023\/11\/FOURNOS_1300x768.jpg","thumbnail-width":150,"thumbnail-height":89,"medium":"https:\/\/www.ifg.gr\/wp-content\/uploads\/2023\/11\/FOURNOS_1300x768.jpg","medium-width":300,"medium-height":177,"medium_large":"https:\/\/www.ifg.gr\/wp-content\/uploads\/2023\/11\/FOURNOS_1300x768-768x454.jpg","medium_large-width":640,"medium_large-height":378,"large":"https:\/\/www.ifg.gr\/wp-content\/uploads\/2023\/11\/FOURNOS_1300x768.jpg","large-width":640,"large-height":378,"1536x1536":"https:\/\/www.ifg.gr\/wp-content\/uploads\/2023\/11\/FOURNOS_1300x768.jpg","1536x1536-width":1300,"1536x1536-height":768,"2048x2048":"https:\/\/www.ifg.gr\/wp-content\/uploads\/2023\/11\/FOURNOS_1300x768.jpg","2048x2048-width":1300,"2048x2048-height":768,"full-width":"https:\/\/www.ifg.gr\/wp-content\/uploads\/2023\/11\/FOURNOS_1300x768.jpg","full-width-width":1300,"full-width-height":768,"sidebar":"https:\/\/www.ifg.gr\/wp-content\/uploads\/2023\/11\/FOURNOS_1300x768.jpg","sidebar-width":1300,"sidebar-height":768,"thumb-sm":"https:\/\/www.ifg.gr\/wp-content\/uploads\/2023\/11\/FOURNOS_1300x768-220x130.jpg","thumb-sm-width":220,"thumb-sm-height":130,"thumb-square":"https:\/\/www.ifg.gr\/wp-content\/uploads\/2023\/11\/FOURNOS_1300x768-300x300.jpg","thumb-square-width":300,"thumb-square-height":300,"thumb-big":"https:\/\/www.ifg.gr\/wp-content\/uploads\/2023\/11\/FOURNOS_1300x768-600x400.jpg","thumb-big-width":600,"thumb-big-height":400,"slider-big":"https:\/\/www.ifg.gr\/wp-content\/uploads\/2023\/11\/FOURNOS_1300x768.jpg","slider-big-width":1300,"slider-big-height":768}},"sponsors_group":false,"layout":false},"yoast_head":"<!-- This site is optimized with the Yoast SEO plugin v26.8 - https:\/\/yoast.com\/product\/yoast-seo-wordpress\/ -->\n<title>Programme d&#039;exp\u00e9rimentations artistiques collectives: Dans l&#039;image<\/title>\n<meta name=\"description\" content=\"Un \u00e9v\u00e9nement pour repenser le cin\u00e9ma \u00e0 l\u2019\u00e8re des m\u00e9dias interactifs et de la r\u00e9alit\u00e9 virtuelle, dans l&#039;ancien cin\u00e9ma Alphaville et au th\u00e9\u00e2tre Fournos.\" \/>\n<meta name=\"robots\" content=\"index, follow, max-snippet:-1, max-image-preview:large, max-video-preview:-1\" \/>\n<link rel=\"canonical\" href=\"https:\/\/www.ifg.gr\/fr\/events\/programme-dans-l-image\/\" \/>\n<meta property=\"og:locale\" content=\"fr_FR\" \/>\n<meta property=\"og:type\" content=\"article\" \/>\n<meta property=\"og:title\" content=\"Programme d&#039;exp\u00e9rimentations artistiques collectives: Dans l&#039;image\" \/>\n<meta property=\"og:description\" content=\"Un \u00e9v\u00e9nement pour repenser le cin\u00e9ma \u00e0 l\u2019\u00e8re des m\u00e9dias interactifs et de la r\u00e9alit\u00e9 virtuelle, dans l&#039;ancien cin\u00e9ma Alphaville et au th\u00e9\u00e2tre Fournos.\" \/>\n<meta property=\"og:url\" content=\"https:\/\/www.ifg.gr\/fr\/events\/programme-dans-l-image\/\" \/>\n<meta property=\"og:site_name\" content=\"IFG\" \/>\n<meta property=\"article:modified_time\" content=\"2023-12-01T10:28:02+00:00\" \/>\n<meta property=\"og:image\" content=\"https:\/\/www.ifg.gr\/wp-content\/uploads\/2023\/11\/FOURNOS_1200x800.jpg\" \/>\n\t<meta property=\"og:image:width\" content=\"1200\" \/>\n\t<meta property=\"og:image:height\" content=\"800\" \/>\n\t<meta property=\"og:image:type\" content=\"image\/jpeg\" \/>\n<meta name=\"twitter:card\" content=\"summary_large_image\" \/>\n<meta name=\"twitter:label1\" content=\"Dur\u00e9e de lecture estim\u00e9e\" \/>\n\t<meta name=\"twitter:data1\" content=\"7 minutes\" \/>\n<script type=\"application\/ld+json\" class=\"yoast-schema-graph\">{\"@context\":\"https:\/\/schema.org\",\"@graph\":[{\"@type\":\"WebPage\",\"@id\":\"https:\/\/www.ifg.gr\/fr\/events\/programme-dans-l-image\/\",\"url\":\"https:\/\/www.ifg.gr\/fr\/events\/programme-dans-l-image\/\",\"name\":\"Programme d'exp\u00e9rimentations artistiques collectives: Dans l'image\",\"isPartOf\":{\"@id\":\"https:\/\/www.ifg.gr\/#website\"},\"primaryImageOfPage\":{\"@id\":\"https:\/\/www.ifg.gr\/fr\/events\/programme-dans-l-image\/#primaryimage\"},\"image\":{\"@id\":\"https:\/\/www.ifg.gr\/fr\/events\/programme-dans-l-image\/#primaryimage\"},\"thumbnailUrl\":\"https:\/\/www.ifg.gr\/wp-content\/uploads\/2023\/11\/FOURNOS_1200x800.jpg\",\"datePublished\":\"2023-11-21T13:42:24+00:00\",\"dateModified\":\"2023-12-01T10:28:02+00:00\",\"description\":\"Un \u00e9v\u00e9nement pour repenser le cin\u00e9ma \u00e0 l\u2019\u00e8re des m\u00e9dias interactifs et de la r\u00e9alit\u00e9 virtuelle, dans l'ancien cin\u00e9ma Alphaville et au th\u00e9\u00e2tre Fournos.\",\"breadcrumb\":{\"@id\":\"https:\/\/www.ifg.gr\/fr\/events\/programme-dans-l-image\/#breadcrumb\"},\"inLanguage\":\"fr-FR\",\"potentialAction\":[{\"@type\":\"ReadAction\",\"target\":[\"https:\/\/www.ifg.gr\/fr\/events\/programme-dans-l-image\/\"]}]},{\"@type\":\"ImageObject\",\"inLanguage\":\"fr-FR\",\"@id\":\"https:\/\/www.ifg.gr\/fr\/events\/programme-dans-l-image\/#primaryimage\",\"url\":\"https:\/\/www.ifg.gr\/wp-content\/uploads\/2023\/11\/FOURNOS_1200x800.jpg\",\"contentUrl\":\"https:\/\/www.ifg.gr\/wp-content\/uploads\/2023\/11\/FOURNOS_1200x800.jpg\",\"width\":1200,\"height\":800},{\"@type\":\"BreadcrumbList\",\"@id\":\"https:\/\/www.ifg.gr\/fr\/events\/programme-dans-l-image\/#breadcrumb\",\"itemListElement\":[{\"@type\":\"ListItem\",\"position\":1,\"name\":\"Home\",\"item\":\"https:\/\/www.ifg.gr\/fr\/\"},{\"@type\":\"ListItem\",\"position\":2,\"name\":\"Events\",\"item\":\"https:\/\/www.ifg.gr\/events\/\"},{\"@type\":\"ListItem\",\"position\":3,\"name\":\"Programme d&rsquo;exp\u00e9rimentations artistiques collectives: Dans l&rsquo;image \/ Reenacting cinema through extended media\"}]},{\"@type\":\"WebSite\",\"@id\":\"https:\/\/www.ifg.gr\/#website\",\"url\":\"https:\/\/www.ifg.gr\/\",\"name\":\"IFG\",\"description\":\"\",\"potentialAction\":[{\"@type\":\"SearchAction\",\"target\":{\"@type\":\"EntryPoint\",\"urlTemplate\":\"https:\/\/www.ifg.gr\/?s={search_term_string}\"},\"query-input\":{\"@type\":\"PropertyValueSpecification\",\"valueRequired\":true,\"valueName\":\"search_term_string\"}}],\"inLanguage\":\"fr-FR\"}]}<\/script>\n<!-- \/ Yoast SEO plugin. -->","yoast_head_json":{"title":"Programme d'exp\u00e9rimentations artistiques collectives: Dans l'image","description":"Un \u00e9v\u00e9nement pour repenser le cin\u00e9ma \u00e0 l\u2019\u00e8re des m\u00e9dias interactifs et de la r\u00e9alit\u00e9 virtuelle, dans l'ancien cin\u00e9ma Alphaville et au th\u00e9\u00e2tre Fournos.","robots":{"index":"index","follow":"follow","max-snippet":"max-snippet:-1","max-image-preview":"max-image-preview:large","max-video-preview":"max-video-preview:-1"},"canonical":"https:\/\/www.ifg.gr\/fr\/events\/programme-dans-l-image\/","og_locale":"fr_FR","og_type":"article","og_title":"Programme d'exp\u00e9rimentations artistiques collectives: Dans l'image","og_description":"Un \u00e9v\u00e9nement pour repenser le cin\u00e9ma \u00e0 l\u2019\u00e8re des m\u00e9dias interactifs et de la r\u00e9alit\u00e9 virtuelle, dans l'ancien cin\u00e9ma Alphaville et au th\u00e9\u00e2tre Fournos.","og_url":"https:\/\/www.ifg.gr\/fr\/events\/programme-dans-l-image\/","og_site_name":"IFG","article_modified_time":"2023-12-01T10:28:02+00:00","og_image":[{"width":1200,"height":800,"url":"https:\/\/www.ifg.gr\/wp-content\/uploads\/2023\/11\/FOURNOS_1200x800.jpg","type":"image\/jpeg"}],"twitter_card":"summary_large_image","twitter_misc":{"Dur\u00e9e de lecture estim\u00e9e":"7 minutes"},"schema":{"@context":"https:\/\/schema.org","@graph":[{"@type":"WebPage","@id":"https:\/\/www.ifg.gr\/fr\/events\/programme-dans-l-image\/","url":"https:\/\/www.ifg.gr\/fr\/events\/programme-dans-l-image\/","name":"Programme d'exp\u00e9rimentations artistiques collectives: Dans l'image","isPartOf":{"@id":"https:\/\/www.ifg.gr\/#website"},"primaryImageOfPage":{"@id":"https:\/\/www.ifg.gr\/fr\/events\/programme-dans-l-image\/#primaryimage"},"image":{"@id":"https:\/\/www.ifg.gr\/fr\/events\/programme-dans-l-image\/#primaryimage"},"thumbnailUrl":"https:\/\/www.ifg.gr\/wp-content\/uploads\/2023\/11\/FOURNOS_1200x800.jpg","datePublished":"2023-11-21T13:42:24+00:00","dateModified":"2023-12-01T10:28:02+00:00","description":"Un \u00e9v\u00e9nement pour repenser le cin\u00e9ma \u00e0 l\u2019\u00e8re des m\u00e9dias interactifs et de la r\u00e9alit\u00e9 virtuelle, dans l'ancien cin\u00e9ma Alphaville et au th\u00e9\u00e2tre Fournos.","breadcrumb":{"@id":"https:\/\/www.ifg.gr\/fr\/events\/programme-dans-l-image\/#breadcrumb"},"inLanguage":"fr-FR","potentialAction":[{"@type":"ReadAction","target":["https:\/\/www.ifg.gr\/fr\/events\/programme-dans-l-image\/"]}]},{"@type":"ImageObject","inLanguage":"fr-FR","@id":"https:\/\/www.ifg.gr\/fr\/events\/programme-dans-l-image\/#primaryimage","url":"https:\/\/www.ifg.gr\/wp-content\/uploads\/2023\/11\/FOURNOS_1200x800.jpg","contentUrl":"https:\/\/www.ifg.gr\/wp-content\/uploads\/2023\/11\/FOURNOS_1200x800.jpg","width":1200,"height":800},{"@type":"BreadcrumbList","@id":"https:\/\/www.ifg.gr\/fr\/events\/programme-dans-l-image\/#breadcrumb","itemListElement":[{"@type":"ListItem","position":1,"name":"Home","item":"https:\/\/www.ifg.gr\/fr\/"},{"@type":"ListItem","position":2,"name":"Events","item":"https:\/\/www.ifg.gr\/events\/"},{"@type":"ListItem","position":3,"name":"Programme d&rsquo;exp\u00e9rimentations artistiques collectives: Dans l&rsquo;image \/ Reenacting cinema through extended media"}]},{"@type":"WebSite","@id":"https:\/\/www.ifg.gr\/#website","url":"https:\/\/www.ifg.gr\/","name":"IFG","description":"","potentialAction":[{"@type":"SearchAction","target":{"@type":"EntryPoint","urlTemplate":"https:\/\/www.ifg.gr\/?s={search_term_string}"},"query-input":{"@type":"PropertyValueSpecification","valueRequired":true,"valueName":"search_term_string"}}],"inLanguage":"fr-FR"}]}},"_links":{"self":[{"href":"https:\/\/www.ifg.gr\/fr\/wp-json\/wp\/v2\/event\/54263","targetHints":{"allow":["GET"]}}],"collection":[{"href":"https:\/\/www.ifg.gr\/fr\/wp-json\/wp\/v2\/event"}],"about":[{"href":"https:\/\/www.ifg.gr\/fr\/wp-json\/wp\/v2\/types\/event"}],"author":[{"embeddable":true,"href":"https:\/\/www.ifg.gr\/fr\/wp-json\/wp\/v2\/users\/18"}],"version-history":[{"count":0,"href":"https:\/\/www.ifg.gr\/fr\/wp-json\/wp\/v2\/event\/54263\/revisions"}],"wp:featuredmedia":[{"embeddable":true,"href":"https:\/\/www.ifg.gr\/fr\/wp-json\/wp\/v2\/media\/54230"}],"wp:attachment":[{"href":"https:\/\/www.ifg.gr\/fr\/wp-json\/wp\/v2\/media?parent=54263"}],"wp:term":[{"taxonomy":"post_tag","embeddable":true,"href":"https:\/\/www.ifg.gr\/fr\/wp-json\/wp\/v2\/tags?post=54263"},{"taxonomy":"event_category","embeddable":true,"href":"https:\/\/www.ifg.gr\/fr\/wp-json\/wp\/v2\/event_category?post=54263"},{"taxonomy":"event_group","embeddable":true,"href":"https:\/\/www.ifg.gr\/fr\/wp-json\/wp\/v2\/event_group?post=54263"}],"curies":[{"name":"wp","href":"https:\/\/api.w.org\/{rel}","templated":true}]}}