{"id":54724,"date":"2024-01-12T12:50:09","date_gmt":"2024-01-12T10:50:09","guid":{"rendered":"https:\/\/www.ifg.gr\/events\/cine-club-lefki-karta-angelo-frantzi-ta-koritsia-tou-rosfor\/"},"modified":"2024-01-22T12:31:16","modified_gmt":"2024-01-22T10:31:16","slug":"cine-club-carte-blanche-angelos-frantzis-les-demoiselles-de-rochefort","status":"publish","type":"event","link":"https:\/\/www.ifg.gr\/fr\/events\/cine-club-carte-blanche-angelos-frantzis-les-demoiselles-de-rochefort\/","title":{"rendered":"Cycle Cin\u00e9-Club : Carte blanche \u00e0 Angelos Frantzis | \u00ab Les Demoiselles de Rochefort \u00bb, de Jacques Demy"},"content":{"rendered":"<p>Le cycle de projections <strong>Cin\u00e9-Club<\/strong>\u00a0de l&rsquo;IFG est de retour et fait peau neuve en donnant, chaque trimestre, Carte blanche \u00e0 une personnalit\u00e9 grecque du monde de la culture, pour pr\u00e9senter trois films de son choix.<\/p>\n<p>Pour les mois de <strong>janvier<\/strong>, <strong>f\u00e9vrier<\/strong> et <strong>mars 2024<\/strong>, la Carte Blanche est attribu\u00e9e au talentueux r\u00e9alisateur grec <strong>Angelos Frantzis<\/strong>.<\/p>\n<p>Lors de ces soir\u00e9es cin\u00e9ma \u00e0 entr\u00e9e libre, les cin\u00e9philes auront l&rsquo;occasion de d\u00e9couvrir ou red\u00e9couvrir quelques perles de la cin\u00e9matographie fran\u00e7aise et francophone, sous-titr\u00e9es en grec.<\/p>\n<p>Les 3 projections de la Carte blanche \u00e0 Angelos Frantzis :<br \/>\n\ud83d\udcfd\ufe0f <strong>mercredi 24 janvier 2024<\/strong>, 20h00: <em><strong>Les Demoiselles de Rochefort<\/strong><\/em>, de Jacques Demy (1967)<br \/>\n<a href=\"https:\/\/www.ifg.gr\/fr\/events\/cine-club-carte-blanche-angelos-frantzis-anna\/\" target=\"_blank\" rel=\"noopener\">\ud83d\udcfd\ufe0f <strong>mercredi 21 f\u00e9vrier 2024<\/strong>, 20h00: <em><strong>Anna<\/strong><\/em>, de Pierre Koralnik (1967)<\/a><br \/>\n<a href=\"https:\/\/www.ifg.gr\/fr\/events\/cine-club-carte-blanche-angelos-frantzis-pas-sur-la-bouche\/\" target=\"_blank\" rel=\"noopener\">\ud83d\udcfd\ufe0f <strong>mercredi 13 mars 2024<\/strong>, 20h00: <em><strong>Pas sur la bouche<\/strong><\/em>, d&rsquo;Alain Resnais (2003)<\/a><\/p>\n<hr \/>\n<p><strong>1\u00e8re projection<\/strong> <strong>| mercredi 24 janvier 2024, 20h00.<\/strong><br \/>\nLa projection sera pr\u00e9c\u00e9d\u00e9e d\u2019une pr\u00e9sentation par Angelos Frantzis.<\/p>\n<h3><em>Les Demoiselles de Rochefort, <\/em>de Jacques Demy<br \/>\n(125&prime; \u2014 1967 \u2014 France)<br \/>\navec : Catherine Deneuve, Fran\u00e7oise Dorl\u00e9ac, Anne Germain<\/h3>\n<p>Delphine et Solange sont deux jumelles de 25 ans, ravissantes et spirituelles. Delphine, la blonde, donne des le\u00e7ons de danse et Solange, la rousse, des cours de solf\u00e8ge. Elles vivent dans la musique comme d&rsquo;autres vivent dans la lune et r\u00eavent de rencontrer le grand amour au coin de la rue. Justement des forains arrivent en ville et fr\u00e9quentent le bar que tient la m\u00e8re des jumelles. Une grande foire se pr\u00e9pare et un marin r\u00eaveur cherche son id\u00e9al f\u00e9minin&#8230;<\/p>\n<p><a href=\"https:\/\/www.youtube.com\/watch?v=poBN4_0UieA\" target=\"_blank\" rel=\"noopener\"><img loading=\"lazy\" decoding=\"async\" class=\"alignnone size-full wp-image-54705\" src=\"https:\/\/www.ifg.gr\/wp-content\/uploads\/2024\/01\/les-demoiselles-de-rochefort_1200X800.jpg\" alt=\"\" width=\"2500\" height=\"1667\" srcset=\"https:\/\/www.ifg.gr\/wp-content\/uploads\/2024\/01\/les-demoiselles-de-rochefort_1200X800.jpg 2500w, https:\/\/www.ifg.gr\/wp-content\/uploads\/2024\/01\/les-demoiselles-de-rochefort_1200X800-768x512.jpg 768w, https:\/\/www.ifg.gr\/wp-content\/uploads\/2024\/01\/les-demoiselles-de-rochefort_1200X800-1536x1024.jpg 1536w, https:\/\/www.ifg.gr\/wp-content\/uploads\/2024\/01\/les-demoiselles-de-rochefort_1200X800-2048x1366.jpg 2048w, https:\/\/www.ifg.gr\/wp-content\/uploads\/2024\/01\/les-demoiselles-de-rochefort_1200X800-1920x1280.jpg 1920w, https:\/\/www.ifg.gr\/wp-content\/uploads\/2024\/01\/les-demoiselles-de-rochefort_1200X800-1500x1000.jpg 1500w, https:\/\/www.ifg.gr\/wp-content\/uploads\/2024\/01\/les-demoiselles-de-rochefort_1200X800-195x130.jpg 195w, https:\/\/www.ifg.gr\/wp-content\/uploads\/2024\/01\/les-demoiselles-de-rochefort_1200X800-600x400.jpg 600w\" sizes=\"auto, (max-width: 2500px) 100vw, 2500px\" \/><\/a><\/p>\n<p>&nbsp;<\/p>\n<hr \/>\n<p><em>\u00ab D&rsquo;o\u00f9 vient ce d\u00e9sir arch\u00e9typique de suivre une histoire racont\u00e9e \u00e0 travers des chansons plut\u00f4t qu&rsquo;avec des mots ? Comment s&rsquo;op\u00e8re le passage du monde r\u00e9el au monde fictif de la com\u00e9die musicale ? Quelle est la contribution du cin\u00e9ma fran\u00e7ais \u00e0 ce genre si typiquement anglo-saxon ? C\u2019est \u00e0 ces questions que tentera de r\u00e9pondre cet hommage \u00e0 la com\u00e9die musicale fran\u00e7aise, \u00e0 travers trois exemples tr\u00e8s diff\u00e9rents mais tout aussi repr\u00e9sentatifs de ce genre cin\u00e9matographique.<\/em><\/p>\n<p><em>L&rsquo;hommage d\u00e9bute avec le film embl\u00e9matique de Jacques Demy, <strong>Les Demoiselles de Rochefort<\/strong> (1967). Une des plus c\u00e9l\u00e8bres com\u00e9dies musicales fran\u00e7aises du r\u00e9alisateur qui a profond\u00e9ment renouvel\u00e9 le genre de la com\u00e9die musicale dans le cin\u00e9ma mondial et s&rsquo;est impos\u00e9 comme une r\u00e9f\u00e9rence aux yeux de plusieurs g\u00e9n\u00e9rations de cin\u00e9astes. Les s\u0153urs jumelles Garnier (Catherine Deneuve et Fran\u00e7oise Dorl\u00e9ac) sont \u00e0 la recherche de l&rsquo;amour et l&rsquo;une d&rsquo;entre elles le trouvera aupr\u00e8s d&rsquo;un Am\u00e9ricain qui n&rsquo;est autre que Gene Kelly, non pas \u00e0 Paris mais \u00e0 Rochefort. Cette rencontre entre la l\u00e9gende am\u00e9ricaine et tout ce que celle-ci repr\u00e9sente, et l&rsquo;univers d&rsquo;une ville fran\u00e7aise est pr\u00e9cis\u00e9ment ce qui int\u00e9resse Demy et qui est \u00e0 l\u2019origine d\u2019un film plein de gr\u00e2ce, m\u00ealant parfaitement foi et l&rsquo;ironie, na\u00efvet\u00e9 hollywoodienne et scepticisme fran\u00e7ais exprim\u00e9 dans les dialogues et les paroles tranchants.<\/em> <em>\u00bb <\/em><strong>Angelos Frantzis<\/strong><\/p>\n<p>N\u00e9 \u00e0 Ath\u00e8nes en 1970, <strong>Angelos Frantzis<\/strong> a effectu\u00e9 ses \u00e9tudes de r\u00e9alisation audiovisuelle \u00e0 l&rsquo;INSAS de Bruxelles. Il a r\u00e9alis\u00e9 plusieurs courts m\u00e9trages et six longs m\u00e9trages (<em>Polaroid<\/em>, <em>A Dog&rsquo;s Dream<\/em>, <em>In the Woods<\/em>, <em>Symptom<\/em>, <em>Still River<\/em>, <em>My name is Eftihia<\/em>). Ses films ont \u00e9t\u00e9 prim\u00e9s et projet\u00e9s dans de nombreux festivals internationaux. Il a re\u00e7u le prix du meilleur r\u00e9alisateur et du meilleur film de l&rsquo;Acad\u00e9mie du cin\u00e9ma hell\u00e9nique pour ses films<em> Still River<\/em> et <em>My name is Eftihia<\/em>. Il s\u2019est consacr\u00e9 pendant plusieurs ann\u00e9es \u00e0 la critique cin\u00e9matographique, publiant des articles th\u00e9oriques dans plusieurs publications et ouvrages. Ces derni\u00e8res ann\u00e9es, il s\u2019int\u00e9resse \u00e9galement \u00e0 des projets artistiques mixtes qui ont \u00e9t\u00e9 pr\u00e9sent\u00e9s \u00e0 la Biennale d&rsquo;architecture de Venise, au Festival d&rsquo;Ath\u00e8nes et au Centre culturel Onassis (Stegi).<\/p>\n<p><img loading=\"lazy\" decoding=\"async\" class=\"alignnone wp-image-54703\" src=\"https:\/\/www.ifg.gr\/wp-content\/uploads\/2024\/01\/Angelos-Frantzis-rotated.jpg\" alt=\"\" width=\"570\" height=\"760\" srcset=\"https:\/\/www.ifg.gr\/wp-content\/uploads\/2024\/01\/Angelos-Frantzis-rotated.jpg 960w, https:\/\/www.ifg.gr\/wp-content\/uploads\/2024\/01\/Angelos-Frantzis-768x1024.jpg 768w, https:\/\/www.ifg.gr\/wp-content\/uploads\/2024\/01\/Angelos-Frantzis-750x1000.jpg 750w, https:\/\/www.ifg.gr\/wp-content\/uploads\/2024\/01\/Angelos-Frantzis-98x130.jpg 98w\" sizes=\"auto, (max-width: 570px) 100vw, 570px\" \/><\/p>\n","protected":false},"excerpt":{"rendered":"<p>Dans le cadre du cycle Cin\u00e9-Club, l&rsquo;IFG donne Carte blanche \u00e0 Angelos Frantzis. Premi\u00e8re projection : 24\/01\/2024, 20h00, entr\u00e9e libre.<\/p>\n","protected":false},"author":18,"featured_media":54706,"template":"","tags":[1115],"event_category":[874],"event_group":[],"class_list":["post-54724","event","type-event","status-publish","has-post-thumbnail","hentry","tag-cine-club-fr","event_category-cinema"],"acf":{"sponsors_default":false,"info_title":"","info_text":"","date_range":{"start":"24\/01\/2024","end":"","cancelled":false,"note":"","start_time":"20:00","end_time":""},"details":{"location":"<p>\u0391uditorium Theo Angelopoulos (Sina 31)<\/p>\n<p>La projection sera pr\u00e9c\u00e9d\u00e9e d\u2019une pr\u00e9sentation par Angelos Frantzis.<\/p>\n","hyperlink1a":{"text":"","link":""},"price":"Entr\u00e9e libre \/ Film sous-titr\u00e9 en grec & anglais","hyperlink2a":{"text":"","link":""},"online_event":false,"live_streaming":false,"live_streaming_code":"","facebook_url":"https:\/\/www.facebook.com\/events\/908317204104874","hyperlink":{"text":"","link":""},"hyperlink2":{"text":"","link":""},"hyperlink3":{"text":"","link":""},"press_release":false},"featured_image_credits":"","home_slider_image":{"ID":54708,"id":54708,"title":"les-demoiselles-de-rochefort_1300x768","filename":"les-demoiselles-de-rochefort_1300x768-scaled.jpg","filesize":411809,"url":"https:\/\/www.ifg.gr\/wp-content\/uploads\/2024\/01\/les-demoiselles-de-rochefort_1300x768-scaled.jpg","link":"https:\/\/www.ifg.gr\/fr\/events\/cine-club-carte-blanche-angelos-frantzis-les-demoiselles-de-rochefort\/les-demoiselles-de-rochefort_1300x768-2\/","alt":"","author":"18","description":"","caption":"","name":"les-demoiselles-de-rochefort_1300x768-2","status":"inherit","uploaded_to":54724,"date":"2024-01-12 10:46:19","modified":"2024-01-12 10:46:19","menu_order":0,"mime_type":"image\/jpeg","type":"image","subtype":"jpeg","icon":"https:\/\/www.ifg.gr\/wp-includes\/images\/media\/default.png","width":2560,"height":1513,"sizes":{"thumbnail":"https:\/\/www.ifg.gr\/wp-content\/uploads\/2024\/01\/les-demoiselles-de-rochefort_1300x768-scaled.jpg","thumbnail-width":150,"thumbnail-height":89,"medium":"https:\/\/www.ifg.gr\/wp-content\/uploads\/2024\/01\/les-demoiselles-de-rochefort_1300x768-scaled.jpg","medium-width":300,"medium-height":177,"medium_large":"https:\/\/www.ifg.gr\/wp-content\/uploads\/2024\/01\/les-demoiselles-de-rochefort_1300x768-768x454.jpg","medium_large-width":640,"medium_large-height":378,"large":"https:\/\/www.ifg.gr\/wp-content\/uploads\/2024\/01\/les-demoiselles-de-rochefort_1300x768-scaled.jpg","large-width":640,"large-height":378,"1536x1536":"https:\/\/www.ifg.gr\/wp-content\/uploads\/2024\/01\/les-demoiselles-de-rochefort_1300x768-1536x908.jpg","1536x1536-width":1536,"1536x1536-height":908,"2048x2048":"https:\/\/www.ifg.gr\/wp-content\/uploads\/2024\/01\/les-demoiselles-de-rochefort_1300x768-2048x1210.jpg","2048x2048-width":2048,"2048x2048-height":1210,"full-width":"https:\/\/www.ifg.gr\/wp-content\/uploads\/2024\/01\/les-demoiselles-de-rochefort_1300x768-1920x1134.jpg","full-width-width":1920,"full-width-height":1134,"sidebar":"https:\/\/www.ifg.gr\/wp-content\/uploads\/2024\/01\/les-demoiselles-de-rochefort_1300x768-1693x1000.jpg","sidebar-width":1693,"sidebar-height":1000,"thumb-sm":"https:\/\/www.ifg.gr\/wp-content\/uploads\/2024\/01\/les-demoiselles-de-rochefort_1300x768-220x130.jpg","thumb-sm-width":220,"thumb-sm-height":130,"thumb-square":"https:\/\/www.ifg.gr\/wp-content\/uploads\/2024\/01\/les-demoiselles-de-rochefort_1300x768-300x300.jpg","thumb-square-width":300,"thumb-square-height":300,"thumb-big":"https:\/\/www.ifg.gr\/wp-content\/uploads\/2024\/01\/les-demoiselles-de-rochefort_1300x768-600x400.jpg","thumb-big-width":600,"thumb-big-height":400,"slider-big":"https:\/\/www.ifg.gr\/wp-content\/uploads\/2024\/01\/les-demoiselles-de-rochefort_1300x768-1315x768.jpg","slider-big-width":1315,"slider-big-height":768}},"sponsors_group":false,"layout":false},"yoast_head":"<!-- This site is optimized with the Yoast SEO plugin v26.8 - https:\/\/yoast.com\/product\/yoast-seo-wordpress\/ -->\n<title>Cin\u00e9-Club : Carte blanche A. Frantzis | Les Demoiselles de Rochefort<\/title>\n<meta name=\"description\" content=\"Dans le cadre du cycle Cin\u00e9-Club, l&#039;IFG donne Carte blanche \u00e0 Angelos Frantzis. Premi\u00e8re projection : 24\/01\/2024, 20h00, entr\u00e9e libre.\" \/>\n<meta name=\"robots\" content=\"index, follow, max-snippet:-1, max-image-preview:large, max-video-preview:-1\" \/>\n<link rel=\"canonical\" href=\"https:\/\/www.ifg.gr\/fr\/events\/cine-club-carte-blanche-angelos-frantzis-les-demoiselles-de-rochefort\/\" \/>\n<meta property=\"og:locale\" content=\"fr_FR\" \/>\n<meta property=\"og:type\" content=\"article\" \/>\n<meta property=\"og:title\" content=\"Cin\u00e9-Club : Carte blanche A. Frantzis | Les Demoiselles de Rochefort\" \/>\n<meta property=\"og:description\" content=\"Dans le cadre du cycle Cin\u00e9-Club, l&#039;IFG donne Carte blanche \u00e0 Angelos Frantzis. Premi\u00e8re projection : 24\/01\/2024, 20h00, entr\u00e9e libre.\" \/>\n<meta property=\"og:url\" content=\"https:\/\/www.ifg.gr\/fr\/events\/cine-club-carte-blanche-angelos-frantzis-les-demoiselles-de-rochefort\/\" \/>\n<meta property=\"og:site_name\" content=\"IFG\" \/>\n<meta property=\"article:modified_time\" content=\"2024-01-22T10:31:16+00:00\" \/>\n<meta property=\"og:image\" content=\"https:\/\/www.ifg.gr\/wp-content\/uploads\/2024\/01\/les-demoiselles-de-rochefort_1200X800.jpg\" \/>\n\t<meta property=\"og:image:width\" content=\"2500\" \/>\n\t<meta property=\"og:image:height\" content=\"1667\" \/>\n\t<meta property=\"og:image:type\" content=\"image\/jpeg\" \/>\n<meta name=\"twitter:card\" content=\"summary_large_image\" \/>\n<meta name=\"twitter:label1\" content=\"Dur\u00e9e de lecture estim\u00e9e\" \/>\n\t<meta name=\"twitter:data1\" content=\"3 minutes\" \/>\n<script type=\"application\/ld+json\" class=\"yoast-schema-graph\">{\"@context\":\"https:\/\/schema.org\",\"@graph\":[{\"@type\":\"WebPage\",\"@id\":\"https:\/\/www.ifg.gr\/fr\/events\/cine-club-carte-blanche-angelos-frantzis-les-demoiselles-de-rochefort\/\",\"url\":\"https:\/\/www.ifg.gr\/fr\/events\/cine-club-carte-blanche-angelos-frantzis-les-demoiselles-de-rochefort\/\",\"name\":\"Cin\u00e9-Club : Carte blanche A. Frantzis | Les Demoiselles de Rochefort\",\"isPartOf\":{\"@id\":\"https:\/\/www.ifg.gr\/#website\"},\"primaryImageOfPage\":{\"@id\":\"https:\/\/www.ifg.gr\/fr\/events\/cine-club-carte-blanche-angelos-frantzis-les-demoiselles-de-rochefort\/#primaryimage\"},\"image\":{\"@id\":\"https:\/\/www.ifg.gr\/fr\/events\/cine-club-carte-blanche-angelos-frantzis-les-demoiselles-de-rochefort\/#primaryimage\"},\"thumbnailUrl\":\"https:\/\/www.ifg.gr\/wp-content\/uploads\/2024\/01\/les-demoiselles-de-rochefort_1200X800.jpg\",\"datePublished\":\"2024-01-12T10:50:09+00:00\",\"dateModified\":\"2024-01-22T10:31:16+00:00\",\"description\":\"Dans le cadre du cycle Cin\u00e9-Club, l'IFG donne Carte blanche \u00e0 Angelos Frantzis. Premi\u00e8re projection : 24\/01\/2024, 20h00, entr\u00e9e libre.\",\"breadcrumb\":{\"@id\":\"https:\/\/www.ifg.gr\/fr\/events\/cine-club-carte-blanche-angelos-frantzis-les-demoiselles-de-rochefort\/#breadcrumb\"},\"inLanguage\":\"fr-FR\",\"potentialAction\":[{\"@type\":\"ReadAction\",\"target\":[\"https:\/\/www.ifg.gr\/fr\/events\/cine-club-carte-blanche-angelos-frantzis-les-demoiselles-de-rochefort\/\"]}]},{\"@type\":\"ImageObject\",\"inLanguage\":\"fr-FR\",\"@id\":\"https:\/\/www.ifg.gr\/fr\/events\/cine-club-carte-blanche-angelos-frantzis-les-demoiselles-de-rochefort\/#primaryimage\",\"url\":\"https:\/\/www.ifg.gr\/wp-content\/uploads\/2024\/01\/les-demoiselles-de-rochefort_1200X800.jpg\",\"contentUrl\":\"https:\/\/www.ifg.gr\/wp-content\/uploads\/2024\/01\/les-demoiselles-de-rochefort_1200X800.jpg\",\"width\":2500,\"height\":1667},{\"@type\":\"BreadcrumbList\",\"@id\":\"https:\/\/www.ifg.gr\/fr\/events\/cine-club-carte-blanche-angelos-frantzis-les-demoiselles-de-rochefort\/#breadcrumb\",\"itemListElement\":[{\"@type\":\"ListItem\",\"position\":1,\"name\":\"Home\",\"item\":\"https:\/\/www.ifg.gr\/fr\/\"},{\"@type\":\"ListItem\",\"position\":2,\"name\":\"Events\",\"item\":\"https:\/\/www.ifg.gr\/events\/\"},{\"@type\":\"ListItem\",\"position\":3,\"name\":\"Cycle Cin\u00e9-Club : Carte blanche \u00e0 Angelos Frantzis | \u00ab Les Demoiselles de Rochefort \u00bb, de Jacques Demy\"}]},{\"@type\":\"WebSite\",\"@id\":\"https:\/\/www.ifg.gr\/#website\",\"url\":\"https:\/\/www.ifg.gr\/\",\"name\":\"IFG\",\"description\":\"\",\"potentialAction\":[{\"@type\":\"SearchAction\",\"target\":{\"@type\":\"EntryPoint\",\"urlTemplate\":\"https:\/\/www.ifg.gr\/?s={search_term_string}\"},\"query-input\":{\"@type\":\"PropertyValueSpecification\",\"valueRequired\":true,\"valueName\":\"search_term_string\"}}],\"inLanguage\":\"fr-FR\"}]}<\/script>\n<!-- \/ Yoast SEO plugin. -->","yoast_head_json":{"title":"Cin\u00e9-Club : Carte blanche A. Frantzis | Les Demoiselles de Rochefort","description":"Dans le cadre du cycle Cin\u00e9-Club, l'IFG donne Carte blanche \u00e0 Angelos Frantzis. Premi\u00e8re projection : 24\/01\/2024, 20h00, entr\u00e9e libre.","robots":{"index":"index","follow":"follow","max-snippet":"max-snippet:-1","max-image-preview":"max-image-preview:large","max-video-preview":"max-video-preview:-1"},"canonical":"https:\/\/www.ifg.gr\/fr\/events\/cine-club-carte-blanche-angelos-frantzis-les-demoiselles-de-rochefort\/","og_locale":"fr_FR","og_type":"article","og_title":"Cin\u00e9-Club : Carte blanche A. Frantzis | Les Demoiselles de Rochefort","og_description":"Dans le cadre du cycle Cin\u00e9-Club, l'IFG donne Carte blanche \u00e0 Angelos Frantzis. Premi\u00e8re projection : 24\/01\/2024, 20h00, entr\u00e9e libre.","og_url":"https:\/\/www.ifg.gr\/fr\/events\/cine-club-carte-blanche-angelos-frantzis-les-demoiselles-de-rochefort\/","og_site_name":"IFG","article_modified_time":"2024-01-22T10:31:16+00:00","og_image":[{"width":2500,"height":1667,"url":"https:\/\/www.ifg.gr\/wp-content\/uploads\/2024\/01\/les-demoiselles-de-rochefort_1200X800.jpg","type":"image\/jpeg"}],"twitter_card":"summary_large_image","twitter_misc":{"Dur\u00e9e de lecture estim\u00e9e":"3 minutes"},"schema":{"@context":"https:\/\/schema.org","@graph":[{"@type":"WebPage","@id":"https:\/\/www.ifg.gr\/fr\/events\/cine-club-carte-blanche-angelos-frantzis-les-demoiselles-de-rochefort\/","url":"https:\/\/www.ifg.gr\/fr\/events\/cine-club-carte-blanche-angelos-frantzis-les-demoiselles-de-rochefort\/","name":"Cin\u00e9-Club : Carte blanche A. Frantzis | Les Demoiselles de Rochefort","isPartOf":{"@id":"https:\/\/www.ifg.gr\/#website"},"primaryImageOfPage":{"@id":"https:\/\/www.ifg.gr\/fr\/events\/cine-club-carte-blanche-angelos-frantzis-les-demoiselles-de-rochefort\/#primaryimage"},"image":{"@id":"https:\/\/www.ifg.gr\/fr\/events\/cine-club-carte-blanche-angelos-frantzis-les-demoiselles-de-rochefort\/#primaryimage"},"thumbnailUrl":"https:\/\/www.ifg.gr\/wp-content\/uploads\/2024\/01\/les-demoiselles-de-rochefort_1200X800.jpg","datePublished":"2024-01-12T10:50:09+00:00","dateModified":"2024-01-22T10:31:16+00:00","description":"Dans le cadre du cycle Cin\u00e9-Club, l'IFG donne Carte blanche \u00e0 Angelos Frantzis. Premi\u00e8re projection : 24\/01\/2024, 20h00, entr\u00e9e libre.","breadcrumb":{"@id":"https:\/\/www.ifg.gr\/fr\/events\/cine-club-carte-blanche-angelos-frantzis-les-demoiselles-de-rochefort\/#breadcrumb"},"inLanguage":"fr-FR","potentialAction":[{"@type":"ReadAction","target":["https:\/\/www.ifg.gr\/fr\/events\/cine-club-carte-blanche-angelos-frantzis-les-demoiselles-de-rochefort\/"]}]},{"@type":"ImageObject","inLanguage":"fr-FR","@id":"https:\/\/www.ifg.gr\/fr\/events\/cine-club-carte-blanche-angelos-frantzis-les-demoiselles-de-rochefort\/#primaryimage","url":"https:\/\/www.ifg.gr\/wp-content\/uploads\/2024\/01\/les-demoiselles-de-rochefort_1200X800.jpg","contentUrl":"https:\/\/www.ifg.gr\/wp-content\/uploads\/2024\/01\/les-demoiselles-de-rochefort_1200X800.jpg","width":2500,"height":1667},{"@type":"BreadcrumbList","@id":"https:\/\/www.ifg.gr\/fr\/events\/cine-club-carte-blanche-angelos-frantzis-les-demoiselles-de-rochefort\/#breadcrumb","itemListElement":[{"@type":"ListItem","position":1,"name":"Home","item":"https:\/\/www.ifg.gr\/fr\/"},{"@type":"ListItem","position":2,"name":"Events","item":"https:\/\/www.ifg.gr\/events\/"},{"@type":"ListItem","position":3,"name":"Cycle Cin\u00e9-Club : Carte blanche \u00e0 Angelos Frantzis | \u00ab Les Demoiselles de Rochefort \u00bb, de Jacques Demy"}]},{"@type":"WebSite","@id":"https:\/\/www.ifg.gr\/#website","url":"https:\/\/www.ifg.gr\/","name":"IFG","description":"","potentialAction":[{"@type":"SearchAction","target":{"@type":"EntryPoint","urlTemplate":"https:\/\/www.ifg.gr\/?s={search_term_string}"},"query-input":{"@type":"PropertyValueSpecification","valueRequired":true,"valueName":"search_term_string"}}],"inLanguage":"fr-FR"}]}},"_links":{"self":[{"href":"https:\/\/www.ifg.gr\/fr\/wp-json\/wp\/v2\/event\/54724","targetHints":{"allow":["GET"]}}],"collection":[{"href":"https:\/\/www.ifg.gr\/fr\/wp-json\/wp\/v2\/event"}],"about":[{"href":"https:\/\/www.ifg.gr\/fr\/wp-json\/wp\/v2\/types\/event"}],"author":[{"embeddable":true,"href":"https:\/\/www.ifg.gr\/fr\/wp-json\/wp\/v2\/users\/18"}],"version-history":[{"count":0,"href":"https:\/\/www.ifg.gr\/fr\/wp-json\/wp\/v2\/event\/54724\/revisions"}],"wp:featuredmedia":[{"embeddable":true,"href":"https:\/\/www.ifg.gr\/fr\/wp-json\/wp\/v2\/media\/54706"}],"wp:attachment":[{"href":"https:\/\/www.ifg.gr\/fr\/wp-json\/wp\/v2\/media?parent=54724"}],"wp:term":[{"taxonomy":"post_tag","embeddable":true,"href":"https:\/\/www.ifg.gr\/fr\/wp-json\/wp\/v2\/tags?post=54724"},{"taxonomy":"event_category","embeddable":true,"href":"https:\/\/www.ifg.gr\/fr\/wp-json\/wp\/v2\/event_category?post=54724"},{"taxonomy":"event_group","embeddable":true,"href":"https:\/\/www.ifg.gr\/fr\/wp-json\/wp\/v2\/event_group?post=54724"}],"curies":[{"name":"wp","href":"https:\/\/api.w.org\/{rel}","templated":true}]}}