{"id":54789,"date":"2024-01-15T17:07:07","date_gmt":"2024-01-15T15:07:07","guid":{"rendered":"https:\/\/www.ifg.gr\/events\/cine-club-lefki-karta-angelo-frantzi-oxi-sto-stoma\/"},"modified":"2024-03-04T13:30:18","modified_gmt":"2024-03-04T11:30:18","slug":"cine-club-carte-blanche-angelos-frantzis-pas-sur-la-bouche","status":"publish","type":"event","link":"https:\/\/www.ifg.gr\/fr\/events\/cine-club-carte-blanche-angelos-frantzis-pas-sur-la-bouche\/","title":{"rendered":"Cycle Cin\u00e9-Club : Carte blanche \u00e0 Angelos Frantzis | \u00abPas sur la bouche\u00bb, d&rsquo;Alain Resnais"},"content":{"rendered":"<p>Le cycle de projections <strong>Cin\u00e9-Club<\/strong>\u00a0de l&rsquo;IFG est de retour et fait peau neuve en donnant, chaque trimestre, Carte blanche \u00e0 une personnalit\u00e9 grecque du monde de la culture, pour pr\u00e9senter trois films de son choix.<\/p>\n<p>Pour les mois de <strong>janvier<\/strong>, <strong>f\u00e9vrier<\/strong> et <strong>mars 2024<\/strong>, la Carte Blanche est attribu\u00e9e au talentueux r\u00e9alisateur grec <strong>Angelos Frantzis<\/strong>.<\/p>\n<p>Lors de ces soir\u00e9es cin\u00e9ma \u00e0 entr\u00e9e libre, les cin\u00e9philes auront l&rsquo;occasion de d\u00e9couvrir ou red\u00e9couvrir quelques perles de la cin\u00e9matographie fran\u00e7aise et francophone, sous-titr\u00e9es en grec.<\/p>\n<p>Les 3 projections de la Carte blanche \u00e0 Angelos Frantzis :<br \/>\n<a href=\"https:\/\/www.ifg.gr\/fr\/events\/cine-club-carte-blanche-angelos-frantzis-les-demoiselles-de-rochefort\/\" target=\"_blank\" rel=\"noopener\">\ud83d\udcfd\ufe0f <strong>mercredi 24 janvier 2024<\/strong>, 20h00: <em><strong>Les Demoiselles de Rochefort<\/strong><\/em>, de Jacques Demy (1967)<\/a><br \/>\n<a href=\"https:\/\/www.ifg.gr\/fr\/events\/cine-club-carte-blanche-angelos-frantzis-anna\/\" target=\"_blank\" rel=\"noopener\">\ud83d\udcfd\ufe0f <strong>mercredi 21 f\u00e9vrier 2024<\/strong>, 20h00: <em><strong>Anna<\/strong><\/em>, de Pierre Koralnik (1967)<\/a><br \/>\n\ud83d\udcfd\ufe0f <strong>mercredi 13 mars 2024<\/strong>, 20h00: <em><strong>Pas sur la bouche<\/strong><\/em>, d&rsquo;Alain Resnais (2003)<\/p>\n<hr \/>\n<p><strong>3e projection | mercredi 13 mars 2024, 20:00.<\/strong><br \/>\nLa projection sera pr\u00e9c\u00e9d\u00e9e d\u2019une pr\u00e9sentation par Angelos Frantzis.<\/p>\n<h3><em><strong>Pas sur la bouche, d&rsquo;Alain Resnais <\/strong><\/em><br \/>\n(115&prime; \u2014 2003 \u2014 France)<br \/>\navec : Sabine Az\u00e9ma, Isabelle Nanty, Audrey Tautou<\/h3>\n<p>Lors d&rsquo;un s\u00e9jour aux \u00c9tats-Unis, Gilberte Valandray a \u00e9t\u00e9 mari\u00e9e en premi\u00e8res noces \u00e0 un Am\u00e9ricain, Eric Thomson. Son mariage a \u00e9t\u00e9 un \u00e9chec. Mais cette union n&rsquo;ayant pas \u00e9t\u00e9 l\u00e9galis\u00e9 par le consul de France, il n&rsquo;est, de fait, pas reconnu en France.<br \/>\nRevenue \u00e0 Paris, Gilberte a \u00e9pous\u00e9 Georges Valandray, riche m\u00e9tallurgiste. Celui-ci, qui croit \u00e0 la f\u00e9licit\u00e9 conjugale d\u00e8s lors que l&rsquo;on est le premier mari de sa femme, est soigneusement tenu dans l&rsquo;ignorance de l&rsquo;union avec Eric Thomson. Seule la soeur de Gilberte, Arlette Poumaillac, toujours c\u00e9libataire, conna\u00eet le secret.<br \/>\nMais qu&rsquo;arriverait-il, si par pure co\u00efncidence, Georges Valandray entrait en relations d&rsquo;affaires avec cet Eric Thomson et se prenait d&rsquo;amiti\u00e9 pour lui ?<\/p>\n<p><iframe loading=\"lazy\" title=\"Pas sur la bouche (2003) bande annonce\" width=\"640\" height=\"480\" src=\"https:\/\/www.youtube.com\/embed\/k79QmbU8Ye4?feature=oembed\" frameborder=\"0\" allow=\"accelerometer; autoplay; clipboard-write; encrypted-media; gyroscope; picture-in-picture; web-share\" referrerpolicy=\"strict-origin-when-cross-origin\" allowfullscreen><\/iframe><\/p>\n<hr \/>\n<p><em>\u00ab D&rsquo;o\u00f9 vient ce d\u00e9sir arch\u00e9typique de suivre une histoire racont\u00e9e \u00e0 travers des chansons plut\u00f4t qu&rsquo;avec des mots ? Comment s&rsquo;op\u00e8re le passage du monde r\u00e9el au monde fictif de la com\u00e9die musicale ? Quelle est la contribution du cin\u00e9ma fran\u00e7ais \u00e0 ce genre si typiquement anglo-saxon ? C\u2019est \u00e0 ces questions que tentera de r\u00e9pondre cet hommage \u00e0 la com\u00e9die musicale fran\u00e7aise, \u00e0 travers trois exemples tr\u00e8s diff\u00e9rents mais tout aussi repr\u00e9sentatifs de ce genre cin\u00e9matographique.<\/em><\/p>\n<p><em>Le troisi\u00e8me film est une com\u00e9die musicale &#8211; une op\u00e9rette. Poursuivant l\u2019exploration des liens entre chanson et cin\u00e9ma entam\u00e9e avec les films La vie est un roman et On conna\u00eet la chanson, Alain Resnais d\u00e9cide en 2003 de tourner un film inspir\u00e9 d\u2019une op\u00e9rette \u00e9crite en 1925. Avec sa merveilleuse \u00e9quipe d&rsquo;acteurs (Sabine Az\u00e9ma, Pierre Arditi, Lambert Wilson, Audrey Tautou) qui joue et chante avec gr\u00e2ce et l\u00e9g\u00e8ret\u00e9, Pas sur la bouche est une p\u00e9tillante com\u00e9die musicale. Encore un film sur la relation amoureuse entre une Fran\u00e7aise et un Am\u00e9ricain qui cette fois se termine mal. Jouant avec les limites du th\u00e9\u00e2tre, comme Resnais sait si bien le faire, voici un film qui, \u00e0 l\u2019inverse des deux pr\u00e9c\u00e9dents, ne s\u2019attache pas \u00e0 l\u2019espace urbain mais se construit dans l\u2019espace confin\u00e9 du studio, en mettant l&rsquo;accent sur l&rsquo;id\u00e9e-m\u00eame de construction, aussi bien narrative que formelle. Un film exceptionnel m\u00ealant \u00e0 travers la chanson et dans un univers scintillant, profondeur et l\u00e9g\u00e8ret\u00e9. <\/em><em>\u00bb <\/em><strong>Angelos Frantzis<\/strong><\/p>\n<p>N\u00e9 \u00e0 Ath\u00e8nes en 1970, <strong>Angelos Frantzis<\/strong> a effectu\u00e9 ses \u00e9tudes de r\u00e9alisation audiovisuelle \u00e0 l&rsquo;INSAS de Bruxelles. Il a r\u00e9alis\u00e9 plusieurs courts m\u00e9trages et six longs m\u00e9trages (<em>Polaroid<\/em>, <em>A Dog&rsquo;s Dream<\/em>, <em>In the Woods<\/em>, <em>Symptom<\/em>, <em>Still River<\/em>, <em>My name is Eftihia<\/em>). Ses films ont \u00e9t\u00e9 prim\u00e9s et projet\u00e9s dans de nombreux festivals internationaux. Il a re\u00e7u le prix du meilleur r\u00e9alisateur et du meilleur film de l&rsquo;Acad\u00e9mie du cin\u00e9ma hell\u00e9nique pour ses films<em> Still River<\/em> et <em>My name is Eftihia<\/em>. Il s\u2019est consacr\u00e9 pendant plusieurs ann\u00e9es \u00e0 la critique cin\u00e9matographique, publiant des articles th\u00e9oriques dans plusieurs publications et ouvrages. Ces derni\u00e8res ann\u00e9es, il s\u2019int\u00e9resse \u00e9galement \u00e0 des projets artistiques mixtes qui ont \u00e9t\u00e9 pr\u00e9sent\u00e9s \u00e0 la Biennale d&rsquo;architecture de Venise, au Festival d&rsquo;Ath\u00e8nes et au Centre culturel Onassis (Stegi).<\/p>\n<p><img loading=\"lazy\" decoding=\"async\" class=\"alignnone wp-image-54703\" src=\"https:\/\/www.ifg.gr\/wp-content\/uploads\/2024\/01\/Angelos-Frantzis-rotated.jpg\" alt=\"\" width=\"570\" height=\"760\" srcset=\"https:\/\/www.ifg.gr\/wp-content\/uploads\/2024\/01\/Angelos-Frantzis-rotated.jpg 960w, https:\/\/www.ifg.gr\/wp-content\/uploads\/2024\/01\/Angelos-Frantzis-768x1024.jpg 768w, https:\/\/www.ifg.gr\/wp-content\/uploads\/2024\/01\/Angelos-Frantzis-750x1000.jpg 750w, https:\/\/www.ifg.gr\/wp-content\/uploads\/2024\/01\/Angelos-Frantzis-98x130.jpg 98w\" sizes=\"auto, (max-width: 570px) 100vw, 570px\" \/><\/p>\n","protected":false},"excerpt":{"rendered":"<p>\u03a3\u03c4\u03bf \u03c0\u03bb\u03b1\u03af\u03c3\u03b9\u03bf \u03c4\u03bf\u03c5 \u03ba\u03cd\u03ba\u03bb\u03bf\u03c5 Cin\u00e9-Club, \u03b7 \u03bb\u03b5\u03c5\u03ba\u03ae \u03ba\u03ac\u03c1\u03c4\u03b1 \u03b4\u03af\u03bd\u03b5\u03c4\u03b1\u03b9 \u03c3\u03c4\u03bf\u03bd \u0386\u03b3\u03b3\u03b5\u03bb\u03bf \u03a6\u03c1\u03b1\u03bd\u03c4\u03b6\u03ae. \u03a4\u03c1\u03af\u03c4\u03b7 \u03c0\u03c1\u03bf\u03b2\u03bf\u03bb\u03ae: 13\/03\/2024, 20:00, \u03b5\u03bb\u03b5\u03cd\u03b8\u03b5\u03c1\u03b7 \u03b5\u03af\u03c3\u03bf\u03b4\u03bf\u03c2.<\/p>\n","protected":false},"author":18,"featured_media":54782,"template":"","tags":[1115],"event_category":[874],"event_group":[],"class_list":["post-54789","event","type-event","status-publish","has-post-thumbnail","hentry","tag-cine-club-fr","event_category-cinema"],"acf":{"sponsors_default":false,"info_title":"","info_text":"","date_range":{"start":"13\/03\/2024","end":"","cancelled":false,"note":"","start_time":"20:00","end_time":""},"details":{"location":"<p>\u0391uditorium Theo Angelopoulos (Sina 31)<\/p>\n<p>La projection sera pr\u00e9c\u00e9d\u00e9e d\u2019une pr\u00e9sentation par Angelos Frantzis.<\/p>\n","hyperlink1a":{"text":"","link":""},"price":"Entr\u00e9e libre \/ Film sous-titr\u00e9 en grec  ","hyperlink2a":{"text":"","link":""},"online_event":false,"live_streaming":false,"live_streaming_code":"","facebook_url":"https:\/\/www.facebook.com\/events\/703356628626965\/","hyperlink":{"text":"","link":""},"hyperlink2":{"text":"","link":""},"hyperlink3":{"text":"","link":""},"press_release":false},"featured_image_credits":"","home_slider_image":{"ID":54784,"id":54784,"title":"Pas sur la bouche_1300x768","filename":"Pas-sur-la-bouche_1300x768-scaled.jpg","filesize":564531,"url":"https:\/\/www.ifg.gr\/wp-content\/uploads\/2024\/01\/Pas-sur-la-bouche_1300x768-scaled.jpg","link":"https:\/\/www.ifg.gr\/fr\/events\/cine-club-carte-blanche-angelos-frantzis-pas-sur-la-bouche\/pas-sur-la-bouche_1300x768\/","alt":"","author":"18","description":"","caption":"","name":"pas-sur-la-bouche_1300x768","status":"inherit","uploaded_to":54789,"date":"2024-01-15 15:04:46","modified":"2024-01-15 15:04:46","menu_order":0,"mime_type":"image\/jpeg","type":"image","subtype":"jpeg","icon":"https:\/\/www.ifg.gr\/wp-includes\/images\/media\/default.png","width":2560,"height":1513,"sizes":{"thumbnail":"https:\/\/www.ifg.gr\/wp-content\/uploads\/2024\/01\/Pas-sur-la-bouche_1300x768-scaled.jpg","thumbnail-width":150,"thumbnail-height":89,"medium":"https:\/\/www.ifg.gr\/wp-content\/uploads\/2024\/01\/Pas-sur-la-bouche_1300x768-scaled.jpg","medium-width":300,"medium-height":177,"medium_large":"https:\/\/www.ifg.gr\/wp-content\/uploads\/2024\/01\/Pas-sur-la-bouche_1300x768-768x454.jpg","medium_large-width":640,"medium_large-height":378,"large":"https:\/\/www.ifg.gr\/wp-content\/uploads\/2024\/01\/Pas-sur-la-bouche_1300x768-scaled.jpg","large-width":640,"large-height":378,"1536x1536":"https:\/\/www.ifg.gr\/wp-content\/uploads\/2024\/01\/Pas-sur-la-bouche_1300x768-1536x908.jpg","1536x1536-width":1536,"1536x1536-height":908,"2048x2048":"https:\/\/www.ifg.gr\/wp-content\/uploads\/2024\/01\/Pas-sur-la-bouche_1300x768-2048x1210.jpg","2048x2048-width":2048,"2048x2048-height":1210,"full-width":"https:\/\/www.ifg.gr\/wp-content\/uploads\/2024\/01\/Pas-sur-la-bouche_1300x768-1920x1134.jpg","full-width-width":1920,"full-width-height":1134,"sidebar":"https:\/\/www.ifg.gr\/wp-content\/uploads\/2024\/01\/Pas-sur-la-bouche_1300x768-1693x1000.jpg","sidebar-width":1693,"sidebar-height":1000,"thumb-sm":"https:\/\/www.ifg.gr\/wp-content\/uploads\/2024\/01\/Pas-sur-la-bouche_1300x768-220x130.jpg","thumb-sm-width":220,"thumb-sm-height":130,"thumb-square":"https:\/\/www.ifg.gr\/wp-content\/uploads\/2024\/01\/Pas-sur-la-bouche_1300x768-300x300.jpg","thumb-square-width":300,"thumb-square-height":300,"thumb-big":"https:\/\/www.ifg.gr\/wp-content\/uploads\/2024\/01\/Pas-sur-la-bouche_1300x768-600x400.jpg","thumb-big-width":600,"thumb-big-height":400,"slider-big":"https:\/\/www.ifg.gr\/wp-content\/uploads\/2024\/01\/Pas-sur-la-bouche_1300x768-1315x768.jpg","slider-big-width":1315,"slider-big-height":768}},"sponsors_group":false,"layout":false},"yoast_head":"<!-- This site is optimized with the Yoast SEO plugin v26.8 - https:\/\/yoast.com\/product\/yoast-seo-wordpress\/ -->\n<title>\u039a\u03cd\u03ba\u03bb\u03bf\u03c2 Cin\u00e9-Club: \u039b\u03b5\u03c5\u03ba\u03ae \u03ba\u03ac\u03c1\u03c4\u03b1 \u03c3\u03c4\u03bf\u03bd \u0386\u03b3\u03b3\u03b5\u03bb\u03bf \u03a6\u03c1\u03b1\u03bd\u03c4\u03b6\u03ae | \u00ab\u038c\u03c7\u03b9 \u03c3\u03c4\u03bf \u03c3\u03c4\u03cc\u03bc\u03b1\u00bb<\/title>\n<meta name=\"description\" content=\"\u03a3\u03c4\u03bf \u03c0\u03bb\u03b1\u03af\u03c3\u03b9\u03bf \u03c4\u03bf\u03c5 \u03ba\u03cd\u03ba\u03bb\u03bf\u03c5 Cin\u00e9-Club, \u03b7 \u03bb\u03b5\u03c5\u03ba\u03ae \u03ba\u03ac\u03c1\u03c4\u03b1 \u03b4\u03af\u03bd\u03b5\u03c4\u03b1\u03b9 \u03c3\u03c4\u03bf\u03bd \u0386\u03b3\u03b3\u03b5\u03bb\u03bf \u03a6\u03c1\u03b1\u03bd\u03c4\u03b6\u03ae. \u03a4\u03c1\u03af\u03c4\u03b7 \u03c0\u03c1\u03bf\u03b2\u03bf\u03bb\u03ae: 13\/03\/2024, 20:00, \u03b5\u03bb\u03b5\u03cd\u03b8\u03b5\u03c1\u03b7 \u03b5\u03af\u03c3\u03bf\u03b4\u03bf\u03c2.\" \/>\n<meta name=\"robots\" content=\"index, follow, max-snippet:-1, max-image-preview:large, max-video-preview:-1\" \/>\n<link rel=\"canonical\" href=\"https:\/\/www.ifg.gr\/fr\/events\/cine-club-carte-blanche-angelos-frantzis-pas-sur-la-bouche\/\" \/>\n<meta property=\"og:locale\" content=\"fr_FR\" \/>\n<meta property=\"og:type\" content=\"article\" \/>\n<meta property=\"og:title\" content=\"\u039a\u03cd\u03ba\u03bb\u03bf\u03c2 Cin\u00e9-Club: \u039b\u03b5\u03c5\u03ba\u03ae \u03ba\u03ac\u03c1\u03c4\u03b1 \u03c3\u03c4\u03bf\u03bd \u0386\u03b3\u03b3\u03b5\u03bb\u03bf \u03a6\u03c1\u03b1\u03bd\u03c4\u03b6\u03ae | \u00ab\u038c\u03c7\u03b9 \u03c3\u03c4\u03bf \u03c3\u03c4\u03cc\u03bc\u03b1\u00bb\" \/>\n<meta property=\"og:description\" content=\"\u03a3\u03c4\u03bf \u03c0\u03bb\u03b1\u03af\u03c3\u03b9\u03bf \u03c4\u03bf\u03c5 \u03ba\u03cd\u03ba\u03bb\u03bf\u03c5 Cin\u00e9-Club, \u03b7 \u03bb\u03b5\u03c5\u03ba\u03ae \u03ba\u03ac\u03c1\u03c4\u03b1 \u03b4\u03af\u03bd\u03b5\u03c4\u03b1\u03b9 \u03c3\u03c4\u03bf\u03bd \u0386\u03b3\u03b3\u03b5\u03bb\u03bf \u03a6\u03c1\u03b1\u03bd\u03c4\u03b6\u03ae. \u03a4\u03c1\u03af\u03c4\u03b7 \u03c0\u03c1\u03bf\u03b2\u03bf\u03bb\u03ae: 13\/03\/2024, 20:00, \u03b5\u03bb\u03b5\u03cd\u03b8\u03b5\u03c1\u03b7 \u03b5\u03af\u03c3\u03bf\u03b4\u03bf\u03c2.\" \/>\n<meta property=\"og:url\" content=\"https:\/\/www.ifg.gr\/fr\/events\/cine-club-carte-blanche-angelos-frantzis-pas-sur-la-bouche\/\" \/>\n<meta property=\"og:site_name\" content=\"IFG\" \/>\n<meta property=\"article:modified_time\" content=\"2024-03-04T11:30:18+00:00\" \/>\n<meta property=\"og:image\" content=\"https:\/\/www.ifg.gr\/wp-content\/uploads\/2024\/01\/Pas-sur-la-bouche_1200X800.jpg\" \/>\n\t<meta property=\"og:image:width\" content=\"2500\" \/>\n\t<meta property=\"og:image:height\" content=\"1667\" \/>\n\t<meta property=\"og:image:type\" content=\"image\/jpeg\" \/>\n<meta name=\"twitter:card\" content=\"summary_large_image\" \/>\n<meta name=\"twitter:label1\" content=\"Dur\u00e9e de lecture estim\u00e9e\" \/>\n\t<meta name=\"twitter:data1\" content=\"4 minutes\" \/>\n<script type=\"application\/ld+json\" class=\"yoast-schema-graph\">{\"@context\":\"https:\/\/schema.org\",\"@graph\":[{\"@type\":\"WebPage\",\"@id\":\"https:\/\/www.ifg.gr\/fr\/events\/cine-club-carte-blanche-angelos-frantzis-pas-sur-la-bouche\/\",\"url\":\"https:\/\/www.ifg.gr\/fr\/events\/cine-club-carte-blanche-angelos-frantzis-pas-sur-la-bouche\/\",\"name\":\"\u039a\u03cd\u03ba\u03bb\u03bf\u03c2 Cin\u00e9-Club: \u039b\u03b5\u03c5\u03ba\u03ae \u03ba\u03ac\u03c1\u03c4\u03b1 \u03c3\u03c4\u03bf\u03bd \u0386\u03b3\u03b3\u03b5\u03bb\u03bf \u03a6\u03c1\u03b1\u03bd\u03c4\u03b6\u03ae | \u00ab\u038c\u03c7\u03b9 \u03c3\u03c4\u03bf \u03c3\u03c4\u03cc\u03bc\u03b1\u00bb\",\"isPartOf\":{\"@id\":\"https:\/\/www.ifg.gr\/#website\"},\"primaryImageOfPage\":{\"@id\":\"https:\/\/www.ifg.gr\/fr\/events\/cine-club-carte-blanche-angelos-frantzis-pas-sur-la-bouche\/#primaryimage\"},\"image\":{\"@id\":\"https:\/\/www.ifg.gr\/fr\/events\/cine-club-carte-blanche-angelos-frantzis-pas-sur-la-bouche\/#primaryimage\"},\"thumbnailUrl\":\"https:\/\/www.ifg.gr\/wp-content\/uploads\/2024\/01\/Pas-sur-la-bouche_1200X800.jpg\",\"datePublished\":\"2024-01-15T15:07:07+00:00\",\"dateModified\":\"2024-03-04T11:30:18+00:00\",\"description\":\"\u03a3\u03c4\u03bf \u03c0\u03bb\u03b1\u03af\u03c3\u03b9\u03bf \u03c4\u03bf\u03c5 \u03ba\u03cd\u03ba\u03bb\u03bf\u03c5 Cin\u00e9-Club, \u03b7 \u03bb\u03b5\u03c5\u03ba\u03ae \u03ba\u03ac\u03c1\u03c4\u03b1 \u03b4\u03af\u03bd\u03b5\u03c4\u03b1\u03b9 \u03c3\u03c4\u03bf\u03bd \u0386\u03b3\u03b3\u03b5\u03bb\u03bf \u03a6\u03c1\u03b1\u03bd\u03c4\u03b6\u03ae. \u03a4\u03c1\u03af\u03c4\u03b7 \u03c0\u03c1\u03bf\u03b2\u03bf\u03bb\u03ae: 13\/03\/2024, 20:00, \u03b5\u03bb\u03b5\u03cd\u03b8\u03b5\u03c1\u03b7 \u03b5\u03af\u03c3\u03bf\u03b4\u03bf\u03c2.\",\"breadcrumb\":{\"@id\":\"https:\/\/www.ifg.gr\/fr\/events\/cine-club-carte-blanche-angelos-frantzis-pas-sur-la-bouche\/#breadcrumb\"},\"inLanguage\":\"fr-FR\",\"potentialAction\":[{\"@type\":\"ReadAction\",\"target\":[\"https:\/\/www.ifg.gr\/fr\/events\/cine-club-carte-blanche-angelos-frantzis-pas-sur-la-bouche\/\"]}]},{\"@type\":\"ImageObject\",\"inLanguage\":\"fr-FR\",\"@id\":\"https:\/\/www.ifg.gr\/fr\/events\/cine-club-carte-blanche-angelos-frantzis-pas-sur-la-bouche\/#primaryimage\",\"url\":\"https:\/\/www.ifg.gr\/wp-content\/uploads\/2024\/01\/Pas-sur-la-bouche_1200X800.jpg\",\"contentUrl\":\"https:\/\/www.ifg.gr\/wp-content\/uploads\/2024\/01\/Pas-sur-la-bouche_1200X800.jpg\",\"width\":2500,\"height\":1667},{\"@type\":\"BreadcrumbList\",\"@id\":\"https:\/\/www.ifg.gr\/fr\/events\/cine-club-carte-blanche-angelos-frantzis-pas-sur-la-bouche\/#breadcrumb\",\"itemListElement\":[{\"@type\":\"ListItem\",\"position\":1,\"name\":\"Home\",\"item\":\"https:\/\/www.ifg.gr\/fr\/\"},{\"@type\":\"ListItem\",\"position\":2,\"name\":\"Events\",\"item\":\"https:\/\/www.ifg.gr\/events\/\"},{\"@type\":\"ListItem\",\"position\":3,\"name\":\"Cycle Cin\u00e9-Club : Carte blanche \u00e0 Angelos Frantzis | \u00abPas sur la bouche\u00bb, d&#8217;Alain Resnais\"}]},{\"@type\":\"WebSite\",\"@id\":\"https:\/\/www.ifg.gr\/#website\",\"url\":\"https:\/\/www.ifg.gr\/\",\"name\":\"IFG\",\"description\":\"\",\"potentialAction\":[{\"@type\":\"SearchAction\",\"target\":{\"@type\":\"EntryPoint\",\"urlTemplate\":\"https:\/\/www.ifg.gr\/?s={search_term_string}\"},\"query-input\":{\"@type\":\"PropertyValueSpecification\",\"valueRequired\":true,\"valueName\":\"search_term_string\"}}],\"inLanguage\":\"fr-FR\"}]}<\/script>\n<!-- \/ Yoast SEO plugin. -->","yoast_head_json":{"title":"\u039a\u03cd\u03ba\u03bb\u03bf\u03c2 Cin\u00e9-Club: \u039b\u03b5\u03c5\u03ba\u03ae \u03ba\u03ac\u03c1\u03c4\u03b1 \u03c3\u03c4\u03bf\u03bd \u0386\u03b3\u03b3\u03b5\u03bb\u03bf \u03a6\u03c1\u03b1\u03bd\u03c4\u03b6\u03ae | \u00ab\u038c\u03c7\u03b9 \u03c3\u03c4\u03bf \u03c3\u03c4\u03cc\u03bc\u03b1\u00bb","description":"\u03a3\u03c4\u03bf \u03c0\u03bb\u03b1\u03af\u03c3\u03b9\u03bf \u03c4\u03bf\u03c5 \u03ba\u03cd\u03ba\u03bb\u03bf\u03c5 Cin\u00e9-Club, \u03b7 \u03bb\u03b5\u03c5\u03ba\u03ae \u03ba\u03ac\u03c1\u03c4\u03b1 \u03b4\u03af\u03bd\u03b5\u03c4\u03b1\u03b9 \u03c3\u03c4\u03bf\u03bd \u0386\u03b3\u03b3\u03b5\u03bb\u03bf \u03a6\u03c1\u03b1\u03bd\u03c4\u03b6\u03ae. \u03a4\u03c1\u03af\u03c4\u03b7 \u03c0\u03c1\u03bf\u03b2\u03bf\u03bb\u03ae: 13\/03\/2024, 20:00, \u03b5\u03bb\u03b5\u03cd\u03b8\u03b5\u03c1\u03b7 \u03b5\u03af\u03c3\u03bf\u03b4\u03bf\u03c2.","robots":{"index":"index","follow":"follow","max-snippet":"max-snippet:-1","max-image-preview":"max-image-preview:large","max-video-preview":"max-video-preview:-1"},"canonical":"https:\/\/www.ifg.gr\/fr\/events\/cine-club-carte-blanche-angelos-frantzis-pas-sur-la-bouche\/","og_locale":"fr_FR","og_type":"article","og_title":"\u039a\u03cd\u03ba\u03bb\u03bf\u03c2 Cin\u00e9-Club: \u039b\u03b5\u03c5\u03ba\u03ae \u03ba\u03ac\u03c1\u03c4\u03b1 \u03c3\u03c4\u03bf\u03bd \u0386\u03b3\u03b3\u03b5\u03bb\u03bf \u03a6\u03c1\u03b1\u03bd\u03c4\u03b6\u03ae | \u00ab\u038c\u03c7\u03b9 \u03c3\u03c4\u03bf \u03c3\u03c4\u03cc\u03bc\u03b1\u00bb","og_description":"\u03a3\u03c4\u03bf \u03c0\u03bb\u03b1\u03af\u03c3\u03b9\u03bf \u03c4\u03bf\u03c5 \u03ba\u03cd\u03ba\u03bb\u03bf\u03c5 Cin\u00e9-Club, \u03b7 \u03bb\u03b5\u03c5\u03ba\u03ae \u03ba\u03ac\u03c1\u03c4\u03b1 \u03b4\u03af\u03bd\u03b5\u03c4\u03b1\u03b9 \u03c3\u03c4\u03bf\u03bd \u0386\u03b3\u03b3\u03b5\u03bb\u03bf \u03a6\u03c1\u03b1\u03bd\u03c4\u03b6\u03ae. \u03a4\u03c1\u03af\u03c4\u03b7 \u03c0\u03c1\u03bf\u03b2\u03bf\u03bb\u03ae: 13\/03\/2024, 20:00, \u03b5\u03bb\u03b5\u03cd\u03b8\u03b5\u03c1\u03b7 \u03b5\u03af\u03c3\u03bf\u03b4\u03bf\u03c2.","og_url":"https:\/\/www.ifg.gr\/fr\/events\/cine-club-carte-blanche-angelos-frantzis-pas-sur-la-bouche\/","og_site_name":"IFG","article_modified_time":"2024-03-04T11:30:18+00:00","og_image":[{"width":2500,"height":1667,"url":"https:\/\/www.ifg.gr\/wp-content\/uploads\/2024\/01\/Pas-sur-la-bouche_1200X800.jpg","type":"image\/jpeg"}],"twitter_card":"summary_large_image","twitter_misc":{"Dur\u00e9e de lecture estim\u00e9e":"4 minutes"},"schema":{"@context":"https:\/\/schema.org","@graph":[{"@type":"WebPage","@id":"https:\/\/www.ifg.gr\/fr\/events\/cine-club-carte-blanche-angelos-frantzis-pas-sur-la-bouche\/","url":"https:\/\/www.ifg.gr\/fr\/events\/cine-club-carte-blanche-angelos-frantzis-pas-sur-la-bouche\/","name":"\u039a\u03cd\u03ba\u03bb\u03bf\u03c2 Cin\u00e9-Club: \u039b\u03b5\u03c5\u03ba\u03ae \u03ba\u03ac\u03c1\u03c4\u03b1 \u03c3\u03c4\u03bf\u03bd \u0386\u03b3\u03b3\u03b5\u03bb\u03bf \u03a6\u03c1\u03b1\u03bd\u03c4\u03b6\u03ae | \u00ab\u038c\u03c7\u03b9 \u03c3\u03c4\u03bf \u03c3\u03c4\u03cc\u03bc\u03b1\u00bb","isPartOf":{"@id":"https:\/\/www.ifg.gr\/#website"},"primaryImageOfPage":{"@id":"https:\/\/www.ifg.gr\/fr\/events\/cine-club-carte-blanche-angelos-frantzis-pas-sur-la-bouche\/#primaryimage"},"image":{"@id":"https:\/\/www.ifg.gr\/fr\/events\/cine-club-carte-blanche-angelos-frantzis-pas-sur-la-bouche\/#primaryimage"},"thumbnailUrl":"https:\/\/www.ifg.gr\/wp-content\/uploads\/2024\/01\/Pas-sur-la-bouche_1200X800.jpg","datePublished":"2024-01-15T15:07:07+00:00","dateModified":"2024-03-04T11:30:18+00:00","description":"\u03a3\u03c4\u03bf \u03c0\u03bb\u03b1\u03af\u03c3\u03b9\u03bf \u03c4\u03bf\u03c5 \u03ba\u03cd\u03ba\u03bb\u03bf\u03c5 Cin\u00e9-Club, \u03b7 \u03bb\u03b5\u03c5\u03ba\u03ae \u03ba\u03ac\u03c1\u03c4\u03b1 \u03b4\u03af\u03bd\u03b5\u03c4\u03b1\u03b9 \u03c3\u03c4\u03bf\u03bd \u0386\u03b3\u03b3\u03b5\u03bb\u03bf \u03a6\u03c1\u03b1\u03bd\u03c4\u03b6\u03ae. \u03a4\u03c1\u03af\u03c4\u03b7 \u03c0\u03c1\u03bf\u03b2\u03bf\u03bb\u03ae: 13\/03\/2024, 20:00, \u03b5\u03bb\u03b5\u03cd\u03b8\u03b5\u03c1\u03b7 \u03b5\u03af\u03c3\u03bf\u03b4\u03bf\u03c2.","breadcrumb":{"@id":"https:\/\/www.ifg.gr\/fr\/events\/cine-club-carte-blanche-angelos-frantzis-pas-sur-la-bouche\/#breadcrumb"},"inLanguage":"fr-FR","potentialAction":[{"@type":"ReadAction","target":["https:\/\/www.ifg.gr\/fr\/events\/cine-club-carte-blanche-angelos-frantzis-pas-sur-la-bouche\/"]}]},{"@type":"ImageObject","inLanguage":"fr-FR","@id":"https:\/\/www.ifg.gr\/fr\/events\/cine-club-carte-blanche-angelos-frantzis-pas-sur-la-bouche\/#primaryimage","url":"https:\/\/www.ifg.gr\/wp-content\/uploads\/2024\/01\/Pas-sur-la-bouche_1200X800.jpg","contentUrl":"https:\/\/www.ifg.gr\/wp-content\/uploads\/2024\/01\/Pas-sur-la-bouche_1200X800.jpg","width":2500,"height":1667},{"@type":"BreadcrumbList","@id":"https:\/\/www.ifg.gr\/fr\/events\/cine-club-carte-blanche-angelos-frantzis-pas-sur-la-bouche\/#breadcrumb","itemListElement":[{"@type":"ListItem","position":1,"name":"Home","item":"https:\/\/www.ifg.gr\/fr\/"},{"@type":"ListItem","position":2,"name":"Events","item":"https:\/\/www.ifg.gr\/events\/"},{"@type":"ListItem","position":3,"name":"Cycle Cin\u00e9-Club : Carte blanche \u00e0 Angelos Frantzis | \u00abPas sur la bouche\u00bb, d&#8217;Alain Resnais"}]},{"@type":"WebSite","@id":"https:\/\/www.ifg.gr\/#website","url":"https:\/\/www.ifg.gr\/","name":"IFG","description":"","potentialAction":[{"@type":"SearchAction","target":{"@type":"EntryPoint","urlTemplate":"https:\/\/www.ifg.gr\/?s={search_term_string}"},"query-input":{"@type":"PropertyValueSpecification","valueRequired":true,"valueName":"search_term_string"}}],"inLanguage":"fr-FR"}]}},"_links":{"self":[{"href":"https:\/\/www.ifg.gr\/fr\/wp-json\/wp\/v2\/event\/54789","targetHints":{"allow":["GET"]}}],"collection":[{"href":"https:\/\/www.ifg.gr\/fr\/wp-json\/wp\/v2\/event"}],"about":[{"href":"https:\/\/www.ifg.gr\/fr\/wp-json\/wp\/v2\/types\/event"}],"author":[{"embeddable":true,"href":"https:\/\/www.ifg.gr\/fr\/wp-json\/wp\/v2\/users\/18"}],"version-history":[{"count":0,"href":"https:\/\/www.ifg.gr\/fr\/wp-json\/wp\/v2\/event\/54789\/revisions"}],"wp:featuredmedia":[{"embeddable":true,"href":"https:\/\/www.ifg.gr\/fr\/wp-json\/wp\/v2\/media\/54782"}],"wp:attachment":[{"href":"https:\/\/www.ifg.gr\/fr\/wp-json\/wp\/v2\/media?parent=54789"}],"wp:term":[{"taxonomy":"post_tag","embeddable":true,"href":"https:\/\/www.ifg.gr\/fr\/wp-json\/wp\/v2\/tags?post=54789"},{"taxonomy":"event_category","embeddable":true,"href":"https:\/\/www.ifg.gr\/fr\/wp-json\/wp\/v2\/event_category?post=54789"},{"taxonomy":"event_group","embeddable":true,"href":"https:\/\/www.ifg.gr\/fr\/wp-json\/wp\/v2\/event_group?post=54789"}],"curies":[{"name":"wp","href":"https:\/\/api.w.org\/{rel}","templated":true}]}}