{"id":55145,"date":"2024-02-15T11:55:05","date_gmt":"2024-02-15T09:55:05","guid":{"rendered":"https:\/\/www.ifg.gr\/events\/fresh-voices-sessions-george-gaudy-hume-assine\/"},"modified":"2024-02-15T12:21:06","modified_gmt":"2024-02-15T10:21:06","slug":"fresh-voices-sessions-george-gaudy-hume-assine","status":"publish","type":"event","link":"https:\/\/www.ifg.gr\/fr\/events\/fresh-voices-sessions-george-gaudy-hume-assine\/","title":{"rendered":"Fresh Voices Sessions : Concerts de George Gaudy et Hume Assine \u00e0 l&rsquo;Institut fran\u00e7ais de Gr\u00e8ce"},"content":{"rendered":"<p>Concerts de <a href=\"https:\/\/www.youtube.com\/c\/GeorgeGaudy\/\" target=\"_blank\" rel=\"noopener\"><strong>George Gaudy<\/strong><\/a> et <a href=\"https:\/\/www.youtube.com\/@HumeAssine\" target=\"_blank\" rel=\"noopener\"><strong>Hume Assine<\/strong><\/a> \u00e0 l&rsquo;Institut fran\u00e7ais de Gr\u00e8ce, dans le cadre du nouveau projet \u00ab <strong>Fresh Voices Sessions<\/strong> \u00bb de la radio <strong>VOICE 102,5<\/strong>, en partenariat avec l&rsquo;Institut fran\u00e7ais de Gr\u00e8ce. Les deux sessions live s\u00e9par\u00e9es seront suivies d&rsquo;une discussion originale avec les artistes et la participation du public !<\/p>\n<p>Le nouveau projet de <a href=\"https:\/\/www.athensvoice.gr\/radio\/\" target=\"_blank\" rel=\"noopener\">VOICE 102,5<\/a>, en partenariat avec l&rsquo;IFG, pr\u00e9sente les <strong>nouvelles voix de la ville<\/strong> et donne \u00e0 ses auditeurs, ainsi qu&rsquo;au grand public, l&rsquo;occasion de mieux conna\u00eetre la nouvelle sc\u00e8ne ath\u00e9nienne.<\/p>\n<hr \/>\n<h3>Entr\u00e9e uniquement sur invitation de VOICE 102,5.<\/h3>\n<p>Gagnez une invitation en vous connectant sur la radio VOICE 102,5 ou en participant au concours sur\u00a0<a href=\"https:\/\/www.instagram.com\/p\/C3Ft55MoAFP\/?igsh=MTNic2hnaWdtcGRtdg==\" target=\"_blank\" rel=\"noopener\">https:\/\/www.instagram.com\/p\/C3Ft55MoAFP\/?igsh=MTNic2hnaWdtcGRtdg==<\/a><\/p>\n<hr \/>\n<h3>GEORGE GAUDY<\/h3>\n<p>Accompagn\u00e9 de <strong>Thanasis Giouleas<\/strong> \u00e0 la basse et de <strong>Petros Fatis<\/strong> \u00e0 la batterie, <strong>George Gaudy<\/strong> pr\u00e9sentera des titres issus de l&rsquo;ensemble de sa carri\u00e8re, de <em><strong>Millonaire<\/strong> <\/em>(2012) \u00e0 la bande originale de la s\u00e9rie <em><strong>Eteros Ego<\/strong><\/em>.<br \/>\nGeorge Gaudy est auteur-compositeur. Il a sorti deux albums et deux EP, et a \u00e9crit la musique de la s\u00e9rie t\u00e9l\u00e9vis\u00e9e <em>Eteros Ego<\/em>. Il travaille comme arrangeur, producteur et professeur de musique.<\/p>\n<h3>HUME ASSINE<\/h3>\n<p>Apr\u00e8s la sortie de leur troisi\u00e8me album, <em><strong>Athens Blues<\/strong><\/em>, le trio musical <strong>Hume Assine<\/strong>, alias <strong>Vangelis Orfanidis<\/strong>, <strong>Anna Paspati<\/strong> (chant) et <strong>Alexis Antonopoulos<\/strong> (batterie et pads), d\u00e9barque sur la sc\u00e8ne de l&rsquo;IFG pour un concert aux rythmes effr\u00e9n\u00e9s, m\u00ealant ses propres chansons \u00e0 des reprises subversives et des mashups inattendus.<\/p>\n<p><img loading=\"lazy\" decoding=\"async\" class=\"alignnone size-full wp-image-55136\" src=\"https:\/\/www.ifg.gr\/wp-content\/uploads\/2024\/02\/George-Gaudy_hume-assine-jpeg.jpg\" alt=\"\" width=\"1625\" height=\"2067\" srcset=\"https:\/\/www.ifg.gr\/wp-content\/uploads\/2024\/02\/George-Gaudy_hume-assine-jpeg.jpg 1625w, https:\/\/www.ifg.gr\/wp-content\/uploads\/2024\/02\/George-Gaudy_hume-assine-jpeg-768x977.jpg 768w, https:\/\/www.ifg.gr\/wp-content\/uploads\/2024\/02\/George-Gaudy_hume-assine-jpeg-1208x1536.jpg 1208w, https:\/\/www.ifg.gr\/wp-content\/uploads\/2024\/02\/George-Gaudy_hume-assine-jpeg-1610x2048.jpg 1610w, https:\/\/www.ifg.gr\/wp-content\/uploads\/2024\/02\/George-Gaudy_hume-assine-jpeg-786x1000.jpg 786w, https:\/\/www.ifg.gr\/wp-content\/uploads\/2024\/02\/George-Gaudy_hume-assine-jpeg-102x130.jpg 102w\" sizes=\"auto, (max-width: 1625px) 100vw, 1625px\" \/><\/p>\n","protected":false},"excerpt":{"rendered":"<p>Deux sessions live s\u00e9par\u00e9es suivies d&rsquo;une discussion originale avec les artistes ! Entr\u00e9e uniquement sur invitation de VOICE 102,5.<\/p>\n","protected":false},"author":18,"featured_media":55141,"template":"","tags":[1607,1564],"event_category":[984],"event_group":[],"class_list":["post-55145","event","type-event","status-publish","has-post-thumbnail","hentry","tag-fresh-voices-sessions-fr-2","tag-fresh-voices-sessions-fr","event_category-musique"],"acf":{"sponsors_default":false,"info_title":"","info_text":"","date_range":{"start":"19\/02\/2024","end":"","cancelled":false,"note":"","start_time":"20:30","end_time":""},"details":{"location":"<p>Auditorium Theo Angelopoulos<\/p>\n","hyperlink1a":{"text":"","link":""},"price":"Entr\u00e9e uniquement sur invitation de VOICE 102,5.","hyperlink2a":{"text":"","link":""},"online_event":false,"live_streaming":false,"live_streaming_code":"","facebook_url":"https:\/\/www.facebook.com\/events\/917726446419442\/","hyperlink":{"text":"","link":""},"hyperlink2":{"text":"","link":""},"hyperlink3":{"text":"","link":""},"press_release":false},"featured_image_credits":"","home_slider_image":{"ID":55143,"id":55143,"title":"freshvoices_1300x768_","filename":"freshvoices_1300x768_.jpg","filesize":581901,"url":"https:\/\/www.ifg.gr\/wp-content\/uploads\/2024\/02\/freshvoices_1300x768_.jpg","link":"https:\/\/www.ifg.gr\/fr\/events\/fresh-voices-sessions-george-gaudy-hume-assine\/freshvoices_1300x768_\/","alt":"","author":"18","description":"","caption":"","name":"freshvoices_1300x768_","status":"inherit","uploaded_to":55145,"date":"2024-02-15 09:54:49","modified":"2024-02-15 09:54:49","menu_order":0,"mime_type":"image\/jpeg","type":"image","subtype":"jpeg","icon":"https:\/\/www.ifg.gr\/wp-includes\/images\/media\/default.png","width":1300,"height":768,"sizes":{"thumbnail":"https:\/\/www.ifg.gr\/wp-content\/uploads\/2024\/02\/freshvoices_1300x768_.jpg","thumbnail-width":150,"thumbnail-height":89,"medium":"https:\/\/www.ifg.gr\/wp-content\/uploads\/2024\/02\/freshvoices_1300x768_.jpg","medium-width":300,"medium-height":177,"medium_large":"https:\/\/www.ifg.gr\/wp-content\/uploads\/2024\/02\/freshvoices_1300x768_-768x454.jpg","medium_large-width":640,"medium_large-height":378,"large":"https:\/\/www.ifg.gr\/wp-content\/uploads\/2024\/02\/freshvoices_1300x768_.jpg","large-width":640,"large-height":378,"1536x1536":"https:\/\/www.ifg.gr\/wp-content\/uploads\/2024\/02\/freshvoices_1300x768_.jpg","1536x1536-width":1300,"1536x1536-height":768,"2048x2048":"https:\/\/www.ifg.gr\/wp-content\/uploads\/2024\/02\/freshvoices_1300x768_.jpg","2048x2048-width":1300,"2048x2048-height":768,"full-width":"https:\/\/www.ifg.gr\/wp-content\/uploads\/2024\/02\/freshvoices_1300x768_.jpg","full-width-width":1300,"full-width-height":768,"sidebar":"https:\/\/www.ifg.gr\/wp-content\/uploads\/2024\/02\/freshvoices_1300x768_.jpg","sidebar-width":1300,"sidebar-height":768,"thumb-sm":"https:\/\/www.ifg.gr\/wp-content\/uploads\/2024\/02\/freshvoices_1300x768_-220x130.jpg","thumb-sm-width":220,"thumb-sm-height":130,"thumb-square":"https:\/\/www.ifg.gr\/wp-content\/uploads\/2024\/02\/freshvoices_1300x768_-300x300.jpg","thumb-square-width":300,"thumb-square-height":300,"thumb-big":"https:\/\/www.ifg.gr\/wp-content\/uploads\/2024\/02\/freshvoices_1300x768_-600x400.jpg","thumb-big-width":600,"thumb-big-height":400,"slider-big":"https:\/\/www.ifg.gr\/wp-content\/uploads\/2024\/02\/freshvoices_1300x768_.jpg","slider-big-width":1300,"slider-big-height":768}},"sponsors_group":false,"layout":false},"yoast_head":"<!-- This site is optimized with the Yoast SEO plugin v26.8 - https:\/\/yoast.com\/product\/yoast-seo-wordpress\/ -->\n<title>Fresh Voices Sessions : Concerts de George Gaudy et Hume Assine \u00e0 l&#039;Institut fran\u00e7ais de Gr\u00e8ce<\/title>\n<meta name=\"description\" content=\"Deux sessions live s\u00e9par\u00e9es suivies d&#039;une discussion originale avec les artistes ! Entr\u00e9e uniquement sur invitation de VOICE 102,5.\" \/>\n<meta name=\"robots\" content=\"index, follow, max-snippet:-1, max-image-preview:large, max-video-preview:-1\" \/>\n<link rel=\"canonical\" href=\"https:\/\/www.ifg.gr\/fr\/events\/fresh-voices-sessions-george-gaudy-hume-assine\/\" \/>\n<meta property=\"og:locale\" content=\"fr_FR\" \/>\n<meta property=\"og:type\" content=\"article\" \/>\n<meta property=\"og:title\" content=\"Fresh Voices Sessions : Concerts de George Gaudy et Hume Assine \u00e0 l&#039;Institut fran\u00e7ais de Gr\u00e8ce\" \/>\n<meta property=\"og:description\" content=\"Deux sessions live s\u00e9par\u00e9es suivies d&#039;une discussion originale avec les artistes ! Entr\u00e9e uniquement sur invitation de VOICE 102,5.\" \/>\n<meta property=\"og:url\" content=\"https:\/\/www.ifg.gr\/fr\/events\/fresh-voices-sessions-george-gaudy-hume-assine\/\" \/>\n<meta property=\"og:site_name\" content=\"IFG\" \/>\n<meta property=\"article:modified_time\" content=\"2024-02-15T10:21:06+00:00\" \/>\n<meta property=\"og:image\" content=\"https:\/\/www.ifg.gr\/wp-content\/uploads\/2024\/02\/freshvoices_1200X800_.jpg\" \/>\n\t<meta property=\"og:image:width\" content=\"1200\" \/>\n\t<meta property=\"og:image:height\" content=\"800\" \/>\n\t<meta property=\"og:image:type\" content=\"image\/jpeg\" \/>\n<meta name=\"twitter:card\" content=\"summary_large_image\" \/>\n<meta name=\"twitter:label1\" content=\"Dur\u00e9e de lecture estim\u00e9e\" \/>\n\t<meta name=\"twitter:data1\" content=\"2 minutes\" \/>\n<script type=\"application\/ld+json\" class=\"yoast-schema-graph\">{\"@context\":\"https:\/\/schema.org\",\"@graph\":[{\"@type\":\"WebPage\",\"@id\":\"https:\/\/www.ifg.gr\/fr\/events\/fresh-voices-sessions-george-gaudy-hume-assine\/\",\"url\":\"https:\/\/www.ifg.gr\/fr\/events\/fresh-voices-sessions-george-gaudy-hume-assine\/\",\"name\":\"Fresh Voices Sessions : Concerts de George Gaudy et Hume Assine \u00e0 l'Institut fran\u00e7ais de Gr\u00e8ce\",\"isPartOf\":{\"@id\":\"https:\/\/www.ifg.gr\/#website\"},\"primaryImageOfPage\":{\"@id\":\"https:\/\/www.ifg.gr\/fr\/events\/fresh-voices-sessions-george-gaudy-hume-assine\/#primaryimage\"},\"image\":{\"@id\":\"https:\/\/www.ifg.gr\/fr\/events\/fresh-voices-sessions-george-gaudy-hume-assine\/#primaryimage\"},\"thumbnailUrl\":\"https:\/\/www.ifg.gr\/wp-content\/uploads\/2024\/02\/freshvoices_1200X800_.jpg\",\"datePublished\":\"2024-02-15T09:55:05+00:00\",\"dateModified\":\"2024-02-15T10:21:06+00:00\",\"description\":\"Deux sessions live s\u00e9par\u00e9es suivies d'une discussion originale avec les artistes ! Entr\u00e9e uniquement sur invitation de VOICE 102,5.\",\"breadcrumb\":{\"@id\":\"https:\/\/www.ifg.gr\/fr\/events\/fresh-voices-sessions-george-gaudy-hume-assine\/#breadcrumb\"},\"inLanguage\":\"fr-FR\",\"potentialAction\":[{\"@type\":\"ReadAction\",\"target\":[\"https:\/\/www.ifg.gr\/fr\/events\/fresh-voices-sessions-george-gaudy-hume-assine\/\"]}]},{\"@type\":\"ImageObject\",\"inLanguage\":\"fr-FR\",\"@id\":\"https:\/\/www.ifg.gr\/fr\/events\/fresh-voices-sessions-george-gaudy-hume-assine\/#primaryimage\",\"url\":\"https:\/\/www.ifg.gr\/wp-content\/uploads\/2024\/02\/freshvoices_1200X800_.jpg\",\"contentUrl\":\"https:\/\/www.ifg.gr\/wp-content\/uploads\/2024\/02\/freshvoices_1200X800_.jpg\",\"width\":1200,\"height\":800},{\"@type\":\"BreadcrumbList\",\"@id\":\"https:\/\/www.ifg.gr\/fr\/events\/fresh-voices-sessions-george-gaudy-hume-assine\/#breadcrumb\",\"itemListElement\":[{\"@type\":\"ListItem\",\"position\":1,\"name\":\"Home\",\"item\":\"https:\/\/www.ifg.gr\/fr\/\"},{\"@type\":\"ListItem\",\"position\":2,\"name\":\"Events\",\"item\":\"https:\/\/www.ifg.gr\/events\/\"},{\"@type\":\"ListItem\",\"position\":3,\"name\":\"Fresh Voices Sessions : Concerts de George Gaudy et Hume Assine \u00e0 l&#8217;Institut fran\u00e7ais de Gr\u00e8ce\"}]},{\"@type\":\"WebSite\",\"@id\":\"https:\/\/www.ifg.gr\/#website\",\"url\":\"https:\/\/www.ifg.gr\/\",\"name\":\"IFG\",\"description\":\"\",\"potentialAction\":[{\"@type\":\"SearchAction\",\"target\":{\"@type\":\"EntryPoint\",\"urlTemplate\":\"https:\/\/www.ifg.gr\/?s={search_term_string}\"},\"query-input\":{\"@type\":\"PropertyValueSpecification\",\"valueRequired\":true,\"valueName\":\"search_term_string\"}}],\"inLanguage\":\"fr-FR\"}]}<\/script>\n<!-- \/ Yoast SEO plugin. -->","yoast_head_json":{"title":"Fresh Voices Sessions : Concerts de George Gaudy et Hume Assine \u00e0 l'Institut fran\u00e7ais de Gr\u00e8ce","description":"Deux sessions live s\u00e9par\u00e9es suivies d'une discussion originale avec les artistes ! Entr\u00e9e uniquement sur invitation de VOICE 102,5.","robots":{"index":"index","follow":"follow","max-snippet":"max-snippet:-1","max-image-preview":"max-image-preview:large","max-video-preview":"max-video-preview:-1"},"canonical":"https:\/\/www.ifg.gr\/fr\/events\/fresh-voices-sessions-george-gaudy-hume-assine\/","og_locale":"fr_FR","og_type":"article","og_title":"Fresh Voices Sessions : Concerts de George Gaudy et Hume Assine \u00e0 l'Institut fran\u00e7ais de Gr\u00e8ce","og_description":"Deux sessions live s\u00e9par\u00e9es suivies d'une discussion originale avec les artistes ! Entr\u00e9e uniquement sur invitation de VOICE 102,5.","og_url":"https:\/\/www.ifg.gr\/fr\/events\/fresh-voices-sessions-george-gaudy-hume-assine\/","og_site_name":"IFG","article_modified_time":"2024-02-15T10:21:06+00:00","og_image":[{"width":1200,"height":800,"url":"https:\/\/www.ifg.gr\/wp-content\/uploads\/2024\/02\/freshvoices_1200X800_.jpg","type":"image\/jpeg"}],"twitter_card":"summary_large_image","twitter_misc":{"Dur\u00e9e de lecture estim\u00e9e":"2 minutes"},"schema":{"@context":"https:\/\/schema.org","@graph":[{"@type":"WebPage","@id":"https:\/\/www.ifg.gr\/fr\/events\/fresh-voices-sessions-george-gaudy-hume-assine\/","url":"https:\/\/www.ifg.gr\/fr\/events\/fresh-voices-sessions-george-gaudy-hume-assine\/","name":"Fresh Voices Sessions : Concerts de George Gaudy et Hume Assine \u00e0 l'Institut fran\u00e7ais de Gr\u00e8ce","isPartOf":{"@id":"https:\/\/www.ifg.gr\/#website"},"primaryImageOfPage":{"@id":"https:\/\/www.ifg.gr\/fr\/events\/fresh-voices-sessions-george-gaudy-hume-assine\/#primaryimage"},"image":{"@id":"https:\/\/www.ifg.gr\/fr\/events\/fresh-voices-sessions-george-gaudy-hume-assine\/#primaryimage"},"thumbnailUrl":"https:\/\/www.ifg.gr\/wp-content\/uploads\/2024\/02\/freshvoices_1200X800_.jpg","datePublished":"2024-02-15T09:55:05+00:00","dateModified":"2024-02-15T10:21:06+00:00","description":"Deux sessions live s\u00e9par\u00e9es suivies d'une discussion originale avec les artistes ! Entr\u00e9e uniquement sur invitation de VOICE 102,5.","breadcrumb":{"@id":"https:\/\/www.ifg.gr\/fr\/events\/fresh-voices-sessions-george-gaudy-hume-assine\/#breadcrumb"},"inLanguage":"fr-FR","potentialAction":[{"@type":"ReadAction","target":["https:\/\/www.ifg.gr\/fr\/events\/fresh-voices-sessions-george-gaudy-hume-assine\/"]}]},{"@type":"ImageObject","inLanguage":"fr-FR","@id":"https:\/\/www.ifg.gr\/fr\/events\/fresh-voices-sessions-george-gaudy-hume-assine\/#primaryimage","url":"https:\/\/www.ifg.gr\/wp-content\/uploads\/2024\/02\/freshvoices_1200X800_.jpg","contentUrl":"https:\/\/www.ifg.gr\/wp-content\/uploads\/2024\/02\/freshvoices_1200X800_.jpg","width":1200,"height":800},{"@type":"BreadcrumbList","@id":"https:\/\/www.ifg.gr\/fr\/events\/fresh-voices-sessions-george-gaudy-hume-assine\/#breadcrumb","itemListElement":[{"@type":"ListItem","position":1,"name":"Home","item":"https:\/\/www.ifg.gr\/fr\/"},{"@type":"ListItem","position":2,"name":"Events","item":"https:\/\/www.ifg.gr\/events\/"},{"@type":"ListItem","position":3,"name":"Fresh Voices Sessions : Concerts de George Gaudy et Hume Assine \u00e0 l&#8217;Institut fran\u00e7ais de Gr\u00e8ce"}]},{"@type":"WebSite","@id":"https:\/\/www.ifg.gr\/#website","url":"https:\/\/www.ifg.gr\/","name":"IFG","description":"","potentialAction":[{"@type":"SearchAction","target":{"@type":"EntryPoint","urlTemplate":"https:\/\/www.ifg.gr\/?s={search_term_string}"},"query-input":{"@type":"PropertyValueSpecification","valueRequired":true,"valueName":"search_term_string"}}],"inLanguage":"fr-FR"}]}},"_links":{"self":[{"href":"https:\/\/www.ifg.gr\/fr\/wp-json\/wp\/v2\/event\/55145","targetHints":{"allow":["GET"]}}],"collection":[{"href":"https:\/\/www.ifg.gr\/fr\/wp-json\/wp\/v2\/event"}],"about":[{"href":"https:\/\/www.ifg.gr\/fr\/wp-json\/wp\/v2\/types\/event"}],"author":[{"embeddable":true,"href":"https:\/\/www.ifg.gr\/fr\/wp-json\/wp\/v2\/users\/18"}],"version-history":[{"count":0,"href":"https:\/\/www.ifg.gr\/fr\/wp-json\/wp\/v2\/event\/55145\/revisions"}],"wp:featuredmedia":[{"embeddable":true,"href":"https:\/\/www.ifg.gr\/fr\/wp-json\/wp\/v2\/media\/55141"}],"wp:attachment":[{"href":"https:\/\/www.ifg.gr\/fr\/wp-json\/wp\/v2\/media?parent=55145"}],"wp:term":[{"taxonomy":"post_tag","embeddable":true,"href":"https:\/\/www.ifg.gr\/fr\/wp-json\/wp\/v2\/tags?post=55145"},{"taxonomy":"event_category","embeddable":true,"href":"https:\/\/www.ifg.gr\/fr\/wp-json\/wp\/v2\/event_category?post=55145"},{"taxonomy":"event_group","embeddable":true,"href":"https:\/\/www.ifg.gr\/fr\/wp-json\/wp\/v2\/event_group?post=55145"}],"curies":[{"name":"wp","href":"https:\/\/api.w.org\/{rel}","templated":true}]}}