{"id":55364,"date":"2024-02-29T16:34:48","date_gmt":"2024-02-29T14:34:48","guid":{"rendered":"https:\/\/www.ifg.gr\/events\/biblio-remix-as-anaschediasoume-ti-vivliothiki-mazi\/"},"modified":"2024-03-07T16:51:03","modified_gmt":"2024-03-07T14:51:03","slug":"biblio-remix-reinventons-la-mediatheque-ensemble","status":"publish","type":"event","link":"https:\/\/www.ifg.gr\/fr\/events\/biblio-remix-reinventons-la-mediatheque-ensemble\/","title":{"rendered":"Biblio Remix : (R\u00e9)Inventons la m\u00e9diath\u00e8que ensemble !"},"content":{"rendered":"<p>Nous vous invitons \u00e0 participer activement au r\u00e9am\u00e9nagement de la <a href=\"https:\/\/www.ifg.gr\/fr\/la-mediatheque-octave-merlier\/\" target=\"_blank\" rel=\"noopener\"><strong>m\u00e9diath\u00e8que Octave Merlier<\/strong><\/a> en partageant vos suggestions, en proposant des id\u00e9es novatrices et en contribuant \u00e0 une vision commune pour cr\u00e9er un espace \u00e0 votre image*.<\/p>\n<h3>17h00 : Accueil autour d\u2019un verre<br \/>\n17h15 : Pr\u00e9sentation de la m\u00e9diath\u00e8que et \u00e9change d\u2019id\u00e9es<br \/>\n18h00 : Explorations et r\u00e9flexions<br \/>\n18h30 : R\u00e9colte des id\u00e9es et d\u00e9bat final<\/h3>\n<p>Venez avec votre curiosit\u00e9, votre enthousiasme et votre imagination !<br \/>\nNous vous attendons nombreux !<\/p>\n<p><strong>*<\/strong><em>Nous allons \u00e9changer nos id\u00e9es gr\u00e2ce \u00e0 Biblio Remix. Il s\u2019agit d\u2019un dispositif d&rsquo;exp\u00e9rimentation, d&rsquo;invention et de cr\u00e9ation participatives, autour des services en biblioth\u00e8que.<br \/>\n<\/em><\/p>\n<hr \/>\n<p>Pourriez-vous <a href=\"https:\/\/docs.google.com\/forms\/d\/e\/1FAIpQLSeDuge4Yg0DCDgecIwkwt7s8SGrIZJzMle78eyC57oMNw3LiQ\/viewform?usp=sf_link\" target=\"_blank\" rel=\"noopener\"><strong>remplir le questionnaire en ligne avant notre rencontre<\/strong><\/a> ? Votre avis nous int\u00e9resse !<\/p>\n","protected":false},"excerpt":{"rendered":"<p>Nous vous invitons \u00e0 partager vos id\u00e9es et \u00e0 contribuer \u00e0 une vision commune pour cr\u00e9er un espace \u00e0 votre image !<\/p>\n","protected":false},"author":18,"featured_media":55357,"template":"","tags":[1060,1061],"event_category":[879,870],"event_group":[],"class_list":["post-55364","event","type-event","status-publish","has-post-thumbnail","hentry","tag-vivliothiki-octave-merlier-fr","tag-mediatheque-octave-merlier","event_category-innovation","event_category-livre"],"acf":{"sponsors_default":false,"info_title":"","info_text":"","date_range":{"start":"13\/03\/2024","end":"","cancelled":false,"note":"","start_time":"17:00","end_time":""},"details":{"location":"<p>Institut fran\u00e7ais de Gr\u00e8ce, M\u00e9diath\u00e8que Octave Merlier (Sina 31, 3e \u00e9tage)<\/p>\n","hyperlink1a":{"text":"","link":""},"price":"Entr\u00e9e libre","hyperlink2a":{"text":"","link":""},"online_event":false,"live_streaming":false,"live_streaming_code":"","facebook_url":"https:\/\/www.facebook.com\/events\/850870036719039","hyperlink":{"text":"","link":""},"hyperlink2":{"text":"","link":""},"hyperlink3":{"text":"","link":""},"press_release":false},"featured_image_credits":"","home_slider_image":{"ID":55359,"id":55359,"title":"MEDIATH\u00c8QUE_(R\u00e9)Inventons_1300x768","filename":"MEDIATHEQUE_ReInventons_1300x768.jpg","filesize":604675,"url":"https:\/\/www.ifg.gr\/wp-content\/uploads\/2024\/02\/MEDIATHEQUE_ReInventons_1300x768.jpg","link":"https:\/\/www.ifg.gr\/fr\/events\/biblio-remix-reinventons-la-mediatheque-ensemble\/mediatheque_reinventons_1300x768\/","alt":"","author":"18","description":"","caption":"","name":"mediatheque_reinventons_1300x768","status":"inherit","uploaded_to":55364,"date":"2024-02-29 14:03:46","modified":"2024-02-29 14:03:46","menu_order":0,"mime_type":"image\/jpeg","type":"image","subtype":"jpeg","icon":"https:\/\/www.ifg.gr\/wp-includes\/images\/media\/default.png","width":1806,"height":1067,"sizes":{"thumbnail":"https:\/\/www.ifg.gr\/wp-content\/uploads\/2024\/02\/MEDIATHEQUE_ReInventons_1300x768.jpg","thumbnail-width":150,"thumbnail-height":89,"medium":"https:\/\/www.ifg.gr\/wp-content\/uploads\/2024\/02\/MEDIATHEQUE_ReInventons_1300x768.jpg","medium-width":300,"medium-height":177,"medium_large":"https:\/\/www.ifg.gr\/wp-content\/uploads\/2024\/02\/MEDIATHEQUE_ReInventons_1300x768-768x454.jpg","medium_large-width":640,"medium_large-height":378,"large":"https:\/\/www.ifg.gr\/wp-content\/uploads\/2024\/02\/MEDIATHEQUE_ReInventons_1300x768.jpg","large-width":640,"large-height":378,"1536x1536":"https:\/\/www.ifg.gr\/wp-content\/uploads\/2024\/02\/MEDIATHEQUE_ReInventons_1300x768-1536x907.jpg","1536x1536-width":1536,"1536x1536-height":907,"2048x2048":"https:\/\/www.ifg.gr\/wp-content\/uploads\/2024\/02\/MEDIATHEQUE_ReInventons_1300x768.jpg","2048x2048-width":1806,"2048x2048-height":1067,"full-width":"https:\/\/www.ifg.gr\/wp-content\/uploads\/2024\/02\/MEDIATHEQUE_ReInventons_1300x768.jpg","full-width-width":1806,"full-width-height":1067,"sidebar":"https:\/\/www.ifg.gr\/wp-content\/uploads\/2024\/02\/MEDIATHEQUE_ReInventons_1300x768-1693x1000.jpg","sidebar-width":1693,"sidebar-height":1000,"thumb-sm":"https:\/\/www.ifg.gr\/wp-content\/uploads\/2024\/02\/MEDIATHEQUE_ReInventons_1300x768-220x130.jpg","thumb-sm-width":220,"thumb-sm-height":130,"thumb-square":"https:\/\/www.ifg.gr\/wp-content\/uploads\/2024\/02\/MEDIATHEQUE_ReInventons_1300x768-300x300.jpg","thumb-square-width":300,"thumb-square-height":300,"thumb-big":"https:\/\/www.ifg.gr\/wp-content\/uploads\/2024\/02\/MEDIATHEQUE_ReInventons_1300x768-600x400.jpg","thumb-big-width":600,"thumb-big-height":400,"slider-big":"https:\/\/www.ifg.gr\/wp-content\/uploads\/2024\/02\/MEDIATHEQUE_ReInventons_1300x768-1315x768.jpg","slider-big-width":1315,"slider-big-height":768}},"sponsors_group":false,"layout":false},"yoast_head":"<!-- This site is optimized with the Yoast SEO plugin v26.8 - https:\/\/yoast.com\/product\/yoast-seo-wordpress\/ -->\n<title>Biblio Remix : (R\u00e9)Inventons la m\u00e9diath\u00e8que ensemble !<\/title>\n<meta name=\"description\" content=\"Nous vous invitons \u00e0 partager vos id\u00e9es et \u00e0 contribuer \u00e0 une vision commune pour cr\u00e9er un espace \u00e0 votre image !\" \/>\n<meta name=\"robots\" content=\"index, follow, max-snippet:-1, max-image-preview:large, max-video-preview:-1\" \/>\n<link rel=\"canonical\" href=\"https:\/\/www.ifg.gr\/fr\/events\/biblio-remix-reinventons-la-mediatheque-ensemble\/\" \/>\n<meta property=\"og:locale\" content=\"fr_FR\" \/>\n<meta property=\"og:type\" content=\"article\" \/>\n<meta property=\"og:title\" content=\"Biblio Remix : (R\u00e9)Inventons la m\u00e9diath\u00e8que ensemble !\" \/>\n<meta property=\"og:description\" content=\"Nous vous invitons \u00e0 partager vos id\u00e9es et \u00e0 contribuer \u00e0 une vision commune pour cr\u00e9er un espace \u00e0 votre image !\" \/>\n<meta property=\"og:url\" content=\"https:\/\/www.ifg.gr\/fr\/events\/biblio-remix-reinventons-la-mediatheque-ensemble\/\" \/>\n<meta property=\"og:site_name\" content=\"IFG\" \/>\n<meta property=\"article:modified_time\" content=\"2024-03-07T14:51:03+00:00\" \/>\n<meta property=\"og:image\" content=\"https:\/\/www.ifg.gr\/wp-content\/uploads\/2024\/02\/MEDIATHEQUE_ReInventons_1200x800.jpg\" \/>\n\t<meta property=\"og:image:width\" content=\"1667\" \/>\n\t<meta property=\"og:image:height\" content=\"1111\" \/>\n\t<meta property=\"og:image:type\" content=\"image\/jpeg\" \/>\n<meta name=\"twitter:card\" content=\"summary_large_image\" \/>\n<meta name=\"twitter:label1\" content=\"Dur\u00e9e de lecture estim\u00e9e\" \/>\n\t<meta name=\"twitter:data1\" content=\"1 minute\" \/>\n<script type=\"application\/ld+json\" class=\"yoast-schema-graph\">{\"@context\":\"https:\/\/schema.org\",\"@graph\":[{\"@type\":\"WebPage\",\"@id\":\"https:\/\/www.ifg.gr\/fr\/events\/biblio-remix-reinventons-la-mediatheque-ensemble\/\",\"url\":\"https:\/\/www.ifg.gr\/fr\/events\/biblio-remix-reinventons-la-mediatheque-ensemble\/\",\"name\":\"Biblio Remix : (R\u00e9)Inventons la m\u00e9diath\u00e8que ensemble !\",\"isPartOf\":{\"@id\":\"https:\/\/www.ifg.gr\/#website\"},\"primaryImageOfPage\":{\"@id\":\"https:\/\/www.ifg.gr\/fr\/events\/biblio-remix-reinventons-la-mediatheque-ensemble\/#primaryimage\"},\"image\":{\"@id\":\"https:\/\/www.ifg.gr\/fr\/events\/biblio-remix-reinventons-la-mediatheque-ensemble\/#primaryimage\"},\"thumbnailUrl\":\"https:\/\/www.ifg.gr\/wp-content\/uploads\/2024\/02\/MEDIATHEQUE_ReInventons_1200x800.jpg\",\"datePublished\":\"2024-02-29T14:34:48+00:00\",\"dateModified\":\"2024-03-07T14:51:03+00:00\",\"description\":\"Nous vous invitons \u00e0 partager vos id\u00e9es et \u00e0 contribuer \u00e0 une vision commune pour cr\u00e9er un espace \u00e0 votre image !\",\"breadcrumb\":{\"@id\":\"https:\/\/www.ifg.gr\/fr\/events\/biblio-remix-reinventons-la-mediatheque-ensemble\/#breadcrumb\"},\"inLanguage\":\"fr-FR\",\"potentialAction\":[{\"@type\":\"ReadAction\",\"target\":[\"https:\/\/www.ifg.gr\/fr\/events\/biblio-remix-reinventons-la-mediatheque-ensemble\/\"]}]},{\"@type\":\"ImageObject\",\"inLanguage\":\"fr-FR\",\"@id\":\"https:\/\/www.ifg.gr\/fr\/events\/biblio-remix-reinventons-la-mediatheque-ensemble\/#primaryimage\",\"url\":\"https:\/\/www.ifg.gr\/wp-content\/uploads\/2024\/02\/MEDIATHEQUE_ReInventons_1200x800.jpg\",\"contentUrl\":\"https:\/\/www.ifg.gr\/wp-content\/uploads\/2024\/02\/MEDIATHEQUE_ReInventons_1200x800.jpg\",\"width\":1667,\"height\":1111},{\"@type\":\"BreadcrumbList\",\"@id\":\"https:\/\/www.ifg.gr\/fr\/events\/biblio-remix-reinventons-la-mediatheque-ensemble\/#breadcrumb\",\"itemListElement\":[{\"@type\":\"ListItem\",\"position\":1,\"name\":\"Home\",\"item\":\"https:\/\/www.ifg.gr\/fr\/\"},{\"@type\":\"ListItem\",\"position\":2,\"name\":\"Events\",\"item\":\"https:\/\/www.ifg.gr\/events\/\"},{\"@type\":\"ListItem\",\"position\":3,\"name\":\"Biblio Remix : (R\u00e9)Inventons la m\u00e9diath\u00e8que ensemble !\"}]},{\"@type\":\"WebSite\",\"@id\":\"https:\/\/www.ifg.gr\/#website\",\"url\":\"https:\/\/www.ifg.gr\/\",\"name\":\"IFG\",\"description\":\"\",\"potentialAction\":[{\"@type\":\"SearchAction\",\"target\":{\"@type\":\"EntryPoint\",\"urlTemplate\":\"https:\/\/www.ifg.gr\/?s={search_term_string}\"},\"query-input\":{\"@type\":\"PropertyValueSpecification\",\"valueRequired\":true,\"valueName\":\"search_term_string\"}}],\"inLanguage\":\"fr-FR\"}]}<\/script>\n<!-- \/ Yoast SEO plugin. -->","yoast_head_json":{"title":"Biblio Remix : (R\u00e9)Inventons la m\u00e9diath\u00e8que ensemble !","description":"Nous vous invitons \u00e0 partager vos id\u00e9es et \u00e0 contribuer \u00e0 une vision commune pour cr\u00e9er un espace \u00e0 votre image !","robots":{"index":"index","follow":"follow","max-snippet":"max-snippet:-1","max-image-preview":"max-image-preview:large","max-video-preview":"max-video-preview:-1"},"canonical":"https:\/\/www.ifg.gr\/fr\/events\/biblio-remix-reinventons-la-mediatheque-ensemble\/","og_locale":"fr_FR","og_type":"article","og_title":"Biblio Remix : (R\u00e9)Inventons la m\u00e9diath\u00e8que ensemble !","og_description":"Nous vous invitons \u00e0 partager vos id\u00e9es et \u00e0 contribuer \u00e0 une vision commune pour cr\u00e9er un espace \u00e0 votre image !","og_url":"https:\/\/www.ifg.gr\/fr\/events\/biblio-remix-reinventons-la-mediatheque-ensemble\/","og_site_name":"IFG","article_modified_time":"2024-03-07T14:51:03+00:00","og_image":[{"width":1667,"height":1111,"url":"https:\/\/www.ifg.gr\/wp-content\/uploads\/2024\/02\/MEDIATHEQUE_ReInventons_1200x800.jpg","type":"image\/jpeg"}],"twitter_card":"summary_large_image","twitter_misc":{"Dur\u00e9e de lecture estim\u00e9e":"1 minute"},"schema":{"@context":"https:\/\/schema.org","@graph":[{"@type":"WebPage","@id":"https:\/\/www.ifg.gr\/fr\/events\/biblio-remix-reinventons-la-mediatheque-ensemble\/","url":"https:\/\/www.ifg.gr\/fr\/events\/biblio-remix-reinventons-la-mediatheque-ensemble\/","name":"Biblio Remix : (R\u00e9)Inventons la m\u00e9diath\u00e8que ensemble !","isPartOf":{"@id":"https:\/\/www.ifg.gr\/#website"},"primaryImageOfPage":{"@id":"https:\/\/www.ifg.gr\/fr\/events\/biblio-remix-reinventons-la-mediatheque-ensemble\/#primaryimage"},"image":{"@id":"https:\/\/www.ifg.gr\/fr\/events\/biblio-remix-reinventons-la-mediatheque-ensemble\/#primaryimage"},"thumbnailUrl":"https:\/\/www.ifg.gr\/wp-content\/uploads\/2024\/02\/MEDIATHEQUE_ReInventons_1200x800.jpg","datePublished":"2024-02-29T14:34:48+00:00","dateModified":"2024-03-07T14:51:03+00:00","description":"Nous vous invitons \u00e0 partager vos id\u00e9es et \u00e0 contribuer \u00e0 une vision commune pour cr\u00e9er un espace \u00e0 votre image !","breadcrumb":{"@id":"https:\/\/www.ifg.gr\/fr\/events\/biblio-remix-reinventons-la-mediatheque-ensemble\/#breadcrumb"},"inLanguage":"fr-FR","potentialAction":[{"@type":"ReadAction","target":["https:\/\/www.ifg.gr\/fr\/events\/biblio-remix-reinventons-la-mediatheque-ensemble\/"]}]},{"@type":"ImageObject","inLanguage":"fr-FR","@id":"https:\/\/www.ifg.gr\/fr\/events\/biblio-remix-reinventons-la-mediatheque-ensemble\/#primaryimage","url":"https:\/\/www.ifg.gr\/wp-content\/uploads\/2024\/02\/MEDIATHEQUE_ReInventons_1200x800.jpg","contentUrl":"https:\/\/www.ifg.gr\/wp-content\/uploads\/2024\/02\/MEDIATHEQUE_ReInventons_1200x800.jpg","width":1667,"height":1111},{"@type":"BreadcrumbList","@id":"https:\/\/www.ifg.gr\/fr\/events\/biblio-remix-reinventons-la-mediatheque-ensemble\/#breadcrumb","itemListElement":[{"@type":"ListItem","position":1,"name":"Home","item":"https:\/\/www.ifg.gr\/fr\/"},{"@type":"ListItem","position":2,"name":"Events","item":"https:\/\/www.ifg.gr\/events\/"},{"@type":"ListItem","position":3,"name":"Biblio Remix : (R\u00e9)Inventons la m\u00e9diath\u00e8que ensemble !"}]},{"@type":"WebSite","@id":"https:\/\/www.ifg.gr\/#website","url":"https:\/\/www.ifg.gr\/","name":"IFG","description":"","potentialAction":[{"@type":"SearchAction","target":{"@type":"EntryPoint","urlTemplate":"https:\/\/www.ifg.gr\/?s={search_term_string}"},"query-input":{"@type":"PropertyValueSpecification","valueRequired":true,"valueName":"search_term_string"}}],"inLanguage":"fr-FR"}]}},"_links":{"self":[{"href":"https:\/\/www.ifg.gr\/fr\/wp-json\/wp\/v2\/event\/55364","targetHints":{"allow":["GET"]}}],"collection":[{"href":"https:\/\/www.ifg.gr\/fr\/wp-json\/wp\/v2\/event"}],"about":[{"href":"https:\/\/www.ifg.gr\/fr\/wp-json\/wp\/v2\/types\/event"}],"author":[{"embeddable":true,"href":"https:\/\/www.ifg.gr\/fr\/wp-json\/wp\/v2\/users\/18"}],"version-history":[{"count":0,"href":"https:\/\/www.ifg.gr\/fr\/wp-json\/wp\/v2\/event\/55364\/revisions"}],"wp:featuredmedia":[{"embeddable":true,"href":"https:\/\/www.ifg.gr\/fr\/wp-json\/wp\/v2\/media\/55357"}],"wp:attachment":[{"href":"https:\/\/www.ifg.gr\/fr\/wp-json\/wp\/v2\/media?parent=55364"}],"wp:term":[{"taxonomy":"post_tag","embeddable":true,"href":"https:\/\/www.ifg.gr\/fr\/wp-json\/wp\/v2\/tags?post=55364"},{"taxonomy":"event_category","embeddable":true,"href":"https:\/\/www.ifg.gr\/fr\/wp-json\/wp\/v2\/event_category?post=55364"},{"taxonomy":"event_group","embeddable":true,"href":"https:\/\/www.ifg.gr\/fr\/wp-json\/wp\/v2\/event_group?post=55364"}],"curies":[{"name":"wp","href":"https:\/\/api.w.org\/{rel}","templated":true}]}}