{"id":55680,"date":"2024-03-26T16:39:52","date_gmt":"2024-03-26T14:39:52","guid":{"rendered":"https:\/\/www.ifg.gr\/events\/provoli-tainias-persefoni-to-kokkino-chali-sto-plaisio-tis-elefsinas-2023-mystiria-176-meres-kinimatografou\/"},"modified":"2024-04-04T13:52:13","modified_gmt":"2024-04-04T10:52:13","slug":"persephone-le-tapis-rouge-eleusis-2023-mystere-176-jours-de-cinema","status":"publish","type":"event","link":"https:\/\/www.ifg.gr\/fr\/events\/persephone-le-tapis-rouge-eleusis-2023-mystere-176-jours-de-cinema\/","title":{"rendered":"Projection du film \u00ab Pers\u00e9phone, le tapis rouge \u00bb, dans le cadre d&rsquo;Eleusis 2023 \u00ab Myst\u00e8re 176 Jours de Cin\u00e9ma \u00bb"},"content":{"rendered":"<p>Le film <em><strong>Pers\u00e9phone, le tapis rouge<\/strong><\/em> suit le parcours d\u2019une sculpture socio-mythologique imagin\u00e9e avec les habitant.e.s d\u2019Eleusis, en juin 2023 dans le cadre d\u2019<strong><a href=\"https:\/\/2023eleusis.eu\/\" target=\"_blank\" rel=\"noopener\">Eleusis 2023, Capitale europ\u00e9enne de la culture<\/a><\/strong>. Ce projet artistique a \u00e9t\u00e9 cr\u00e9\u00e9 par le <strong><a href=\"https:\/\/www.instagram.com\/co.masi\/\" target=\"_blank\" rel=\"noopener\">Collectif MASI<\/a><\/strong> (Madlen Anipsitaki et Simon Riedler) et par Joshua Olsthoorn, avec le soutien financier des Instituts fran\u00e7ais de Gr\u00e8ce et de Paris.<\/p>\n<p>C\u00e9l\u00e9br\u00e9e dans l\u2019Antiquit\u00e9 lors des Myst\u00e8res d\u2019\u00c9leusis, Pers\u00e9phone, d\u00e9esse des enfers et du cycle des saisons, revit le temps du film sous la forme d\u2019un tapis rouge. Pers\u00e9phone, le tapis rouge appara\u00eet, dispara\u00eet et se d\u00e9ploie \u00e0 travers la ville contemporaine d\u2019\u00c9leusis. Lors de performances collectives, cette sculpture vivante d\u00e9ambule au son de la trompette d\u2019Andreas Polyzogopoulos et son usage se m\u00e9tamorphose au fil des quartiers travers\u00e9s. Les habitant.e.s et les artistes r\u00e9\u00e9crivent ensemble le mythe de Pers\u00e9phone : le tapis rouge, symbole aristocratique r\u00e9serv\u00e9 \u00e0 l\u2019origine aux dieux, devient ici sur la sc\u00e8ne publique un symbole d\u00e9mocratique.<\/p>\n<hr \/>\n<p>La premi\u00e8re du film se tiendra le 14 avril \u00e0 20h au <strong><a href=\"https:\/\/2023eleusis.eu\/politistikoi-xoroi\/sine-eleysis\/\" target=\"_blank\" rel=\"noopener\">Cin\u00e9 ELEUSIS<\/a><\/strong> dans le cadre du programme officiel d\u2019<strong>Eleusis 2023 \u00ab Myst\u00e8re 176 Jours de Cin\u00e9ma \u00bb<\/strong>.<\/p>\n<p>Le film, en grec, aura des sous-titres en anglais. Il dure 70 minutes.<\/p>\n<p><strong>Pour les tickets et plus d\u2019informations<\/strong> : <strong><a href=\"https:\/\/2023eleusis.eu\/en\/events\/mystirio-176-meres-kinimatografoy-sto-sine-eleysis-2024-04-14\/\" target=\"_blank\" rel=\"noopener\">https:\/\/2023eleusis.eu\/en\/events\/mystirio-176-meres-kinimatografoy-sto-sine-eleysis-2024-04-14\/<\/a><\/strong><\/p>\n<p><iframe loading=\"lazy\" title=\"Trailer for the film &quot;Persephone, the red carpet&quot;\" width=\"640\" height=\"360\" src=\"https:\/\/www.youtube.com\/embed\/qYEelnJWrO4?feature=oembed\" frameborder=\"0\" allow=\"accelerometer; autoplay; clipboard-write; encrypted-media; gyroscope; picture-in-picture; web-share\" referrerpolicy=\"strict-origin-when-cross-origin\" allowfullscreen><\/iframe><\/p>\n<p>Cr\u00e9dit photo : Joshua Olsthoorn<\/p>\n<p><img loading=\"lazy\" decoding=\"async\" class=\"alignnone wp-image-55647\" src=\"https:\/\/www.ifg.gr\/wp-content\/uploads\/2024\/03\/2023ELEUSIS_LOGO_RGB-1.png\" alt=\"\" width=\"497\" height=\"248\" srcset=\"https:\/\/www.ifg.gr\/wp-content\/uploads\/2024\/03\/2023ELEUSIS_LOGO_RGB-1.png 3201w, https:\/\/www.ifg.gr\/wp-content\/uploads\/2024\/03\/2023ELEUSIS_LOGO_RGB-1-768x384.png 768w, https:\/\/www.ifg.gr\/wp-content\/uploads\/2024\/03\/2023ELEUSIS_LOGO_RGB-1-1536x767.png 1536w, https:\/\/www.ifg.gr\/wp-content\/uploads\/2024\/03\/2023ELEUSIS_LOGO_RGB-1-2048x1023.png 2048w, https:\/\/www.ifg.gr\/wp-content\/uploads\/2024\/03\/2023ELEUSIS_LOGO_RGB-1-1920x959.png 1920w, https:\/\/www.ifg.gr\/wp-content\/uploads\/2024\/03\/2023ELEUSIS_LOGO_RGB-1-2002x1000.png 2002w, https:\/\/www.ifg.gr\/wp-content\/uploads\/2024\/03\/2023ELEUSIS_LOGO_RGB-1-260x130.png 260w\" sizes=\"auto, (max-width: 497px) 100vw, 497px\" \/><\/p>\n","protected":false},"excerpt":{"rendered":"<p>Un projet artistique du Collectif MASI, dans le cadre du programme officiel d\u2019Eleusis 2023 \u00ab Myst\u00e8re 176 Jours de Cin\u00e9ma \u00bb.<\/p>\n","protected":false},"author":18,"featured_media":55662,"template":"","tags":[1642,1072],"event_category":[874,872],"event_group":[],"class_list":["post-55680","event","type-event","status-publish","has-post-thumbnail","hentry","tag-eleusis-2023-fr","tag-elefsina-2023-fr","event_category-cinema","event_category-spectacle-vivant"],"acf":{"sponsors_default":false,"info_title":"","info_text":"","date_range":{"start":"14\/04\/2024","end":"","cancelled":false,"note":"","start_time":"20:00","end_time":""},"details":{"location":"<p>CINE ELEUSIS - Eleftheriou Venizelou 45, Eleusis<\/p>\n<p>Film en grec, sous-titr\u00e9 en anglais<\/p>\n<p>Dur\u00e9e 70 minutes<\/p>\n","hyperlink1a":{"text":"Tickets & informations","link":"https:\/\/2023eleusis.eu\/en\/events\/mystirio-176-meres-kinimatografoy-sto-sine-eleysis-2024-04-14\/"},"price":"","hyperlink2a":{"text":"","link":""},"online_event":false,"live_streaming":false,"live_streaming_code":"","facebook_url":"","hyperlink":{"text":"","link":""},"hyperlink2":{"text":"","link":""},"hyperlink3":{"text":"","link":""},"press_release":false},"featured_image_credits":"Joshua Olsthoorn","home_slider_image":{"ID":55676,"id":55676,"title":"Persephone_le_tapis_rouge 1300x768","filename":"Persephone_le_tapis_rouge-1300x768-1.jpg","filesize":573890,"url":"https:\/\/www.ifg.gr\/wp-content\/uploads\/2024\/03\/Persephone_le_tapis_rouge-1300x768-1.jpg","link":"https:\/\/www.ifg.gr\/fr\/events\/persephone-le-tapis-rouge-eleusis-2023-mystere-176-jours-de-cinema\/persephone_le_tapis_rouge-1300x768-2\/","alt":"","author":"18","description":"","caption":"","name":"persephone_le_tapis_rouge-1300x768-2","status":"inherit","uploaded_to":55680,"date":"2024-03-26 14:32:01","modified":"2024-03-26 14:32:01","menu_order":0,"mime_type":"image\/jpeg","type":"image","subtype":"jpeg","icon":"https:\/\/www.ifg.gr\/wp-includes\/images\/media\/default.png","width":1300,"height":768,"sizes":{"thumbnail":"https:\/\/www.ifg.gr\/wp-content\/uploads\/2024\/03\/Persephone_le_tapis_rouge-1300x768-1.jpg","thumbnail-width":150,"thumbnail-height":89,"medium":"https:\/\/www.ifg.gr\/wp-content\/uploads\/2024\/03\/Persephone_le_tapis_rouge-1300x768-1.jpg","medium-width":300,"medium-height":177,"medium_large":"https:\/\/www.ifg.gr\/wp-content\/uploads\/2024\/03\/Persephone_le_tapis_rouge-1300x768-1-768x454.jpg","medium_large-width":640,"medium_large-height":378,"large":"https:\/\/www.ifg.gr\/wp-content\/uploads\/2024\/03\/Persephone_le_tapis_rouge-1300x768-1.jpg","large-width":640,"large-height":378,"1536x1536":"https:\/\/www.ifg.gr\/wp-content\/uploads\/2024\/03\/Persephone_le_tapis_rouge-1300x768-1.jpg","1536x1536-width":1300,"1536x1536-height":768,"2048x2048":"https:\/\/www.ifg.gr\/wp-content\/uploads\/2024\/03\/Persephone_le_tapis_rouge-1300x768-1.jpg","2048x2048-width":1300,"2048x2048-height":768,"full-width":"https:\/\/www.ifg.gr\/wp-content\/uploads\/2024\/03\/Persephone_le_tapis_rouge-1300x768-1.jpg","full-width-width":1300,"full-width-height":768,"sidebar":"https:\/\/www.ifg.gr\/wp-content\/uploads\/2024\/03\/Persephone_le_tapis_rouge-1300x768-1.jpg","sidebar-width":1300,"sidebar-height":768,"thumb-sm":"https:\/\/www.ifg.gr\/wp-content\/uploads\/2024\/03\/Persephone_le_tapis_rouge-1300x768-1-220x130.jpg","thumb-sm-width":220,"thumb-sm-height":130,"thumb-square":"https:\/\/www.ifg.gr\/wp-content\/uploads\/2024\/03\/Persephone_le_tapis_rouge-1300x768-1-300x300.jpg","thumb-square-width":300,"thumb-square-height":300,"thumb-big":"https:\/\/www.ifg.gr\/wp-content\/uploads\/2024\/03\/Persephone_le_tapis_rouge-1300x768-1-600x400.jpg","thumb-big-width":600,"thumb-big-height":400,"slider-big":"https:\/\/www.ifg.gr\/wp-content\/uploads\/2024\/03\/Persephone_le_tapis_rouge-1300x768-1.jpg","slider-big-width":1300,"slider-big-height":768}},"sponsors_group":false,"layout":false},"yoast_head":"<!-- This site is optimized with the Yoast SEO plugin v26.8 - https:\/\/yoast.com\/product\/yoast-seo-wordpress\/ -->\n<title>Projection du film \u00ab Pers\u00e9phone, le tapis rouge \u00bb, dans le cadre d&#039;Eleusis 2023 \u00ab Myst\u00e8re 176 Jours de Cin\u00e9ma \u00bb<\/title>\n<meta name=\"description\" content=\"Un projet artistique du Collectif MASI, dans le cadre du programme officiel d\u2019Eleusis 2023 \u00ab Myst\u00e8re 176 Jours de Cin\u00e9ma \u00bb.\" \/>\n<meta name=\"robots\" content=\"index, follow, max-snippet:-1, max-image-preview:large, max-video-preview:-1\" \/>\n<link rel=\"canonical\" href=\"https:\/\/www.ifg.gr\/fr\/events\/persephone-le-tapis-rouge-eleusis-2023-mystere-176-jours-de-cinema\/\" \/>\n<meta property=\"og:locale\" content=\"fr_FR\" \/>\n<meta property=\"og:type\" content=\"article\" \/>\n<meta property=\"og:title\" content=\"Projection du film \u00ab Pers\u00e9phone, le tapis rouge \u00bb, dans le cadre d&#039;Eleusis 2023 \u00ab Myst\u00e8re 176 Jours de Cin\u00e9ma \u00bb\" \/>\n<meta property=\"og:description\" content=\"Un projet artistique du Collectif MASI, dans le cadre du programme officiel d\u2019Eleusis 2023 \u00ab Myst\u00e8re 176 Jours de Cin\u00e9ma \u00bb.\" \/>\n<meta property=\"og:url\" content=\"https:\/\/www.ifg.gr\/fr\/events\/persephone-le-tapis-rouge-eleusis-2023-mystere-176-jours-de-cinema\/\" \/>\n<meta property=\"og:site_name\" content=\"IFG\" \/>\n<meta property=\"article:modified_time\" content=\"2024-04-04T10:52:13+00:00\" \/>\n<meta property=\"og:image\" content=\"https:\/\/www.ifg.gr\/wp-content\/uploads\/2024\/03\/Persephone_le_tapis_rouge-1200x800-1.jpg\" \/>\n\t<meta property=\"og:image:width\" content=\"1200\" \/>\n\t<meta property=\"og:image:height\" content=\"800\" \/>\n\t<meta property=\"og:image:type\" content=\"image\/jpeg\" \/>\n<meta name=\"twitter:card\" content=\"summary_large_image\" \/>\n<meta name=\"twitter:label1\" content=\"Dur\u00e9e de lecture estim\u00e9e\" \/>\n\t<meta name=\"twitter:data1\" content=\"2 minutes\" \/>\n<script type=\"application\/ld+json\" class=\"yoast-schema-graph\">{\"@context\":\"https:\/\/schema.org\",\"@graph\":[{\"@type\":\"WebPage\",\"@id\":\"https:\/\/www.ifg.gr\/fr\/events\/persephone-le-tapis-rouge-eleusis-2023-mystere-176-jours-de-cinema\/\",\"url\":\"https:\/\/www.ifg.gr\/fr\/events\/persephone-le-tapis-rouge-eleusis-2023-mystere-176-jours-de-cinema\/\",\"name\":\"Projection du film \u00ab Pers\u00e9phone, le tapis rouge \u00bb, dans le cadre d'Eleusis 2023 \u00ab Myst\u00e8re 176 Jours de Cin\u00e9ma \u00bb\",\"isPartOf\":{\"@id\":\"https:\/\/www.ifg.gr\/#website\"},\"primaryImageOfPage\":{\"@id\":\"https:\/\/www.ifg.gr\/fr\/events\/persephone-le-tapis-rouge-eleusis-2023-mystere-176-jours-de-cinema\/#primaryimage\"},\"image\":{\"@id\":\"https:\/\/www.ifg.gr\/fr\/events\/persephone-le-tapis-rouge-eleusis-2023-mystere-176-jours-de-cinema\/#primaryimage\"},\"thumbnailUrl\":\"https:\/\/www.ifg.gr\/wp-content\/uploads\/2024\/03\/Persephone_le_tapis_rouge-1200x800-1.jpg\",\"datePublished\":\"2024-03-26T14:39:52+00:00\",\"dateModified\":\"2024-04-04T10:52:13+00:00\",\"description\":\"Un projet artistique du Collectif MASI, dans le cadre du programme officiel d\u2019Eleusis 2023 \u00ab Myst\u00e8re 176 Jours de Cin\u00e9ma \u00bb.\",\"breadcrumb\":{\"@id\":\"https:\/\/www.ifg.gr\/fr\/events\/persephone-le-tapis-rouge-eleusis-2023-mystere-176-jours-de-cinema\/#breadcrumb\"},\"inLanguage\":\"fr-FR\",\"potentialAction\":[{\"@type\":\"ReadAction\",\"target\":[\"https:\/\/www.ifg.gr\/fr\/events\/persephone-le-tapis-rouge-eleusis-2023-mystere-176-jours-de-cinema\/\"]}]},{\"@type\":\"ImageObject\",\"inLanguage\":\"fr-FR\",\"@id\":\"https:\/\/www.ifg.gr\/fr\/events\/persephone-le-tapis-rouge-eleusis-2023-mystere-176-jours-de-cinema\/#primaryimage\",\"url\":\"https:\/\/www.ifg.gr\/wp-content\/uploads\/2024\/03\/Persephone_le_tapis_rouge-1200x800-1.jpg\",\"contentUrl\":\"https:\/\/www.ifg.gr\/wp-content\/uploads\/2024\/03\/Persephone_le_tapis_rouge-1200x800-1.jpg\",\"width\":1200,\"height\":800},{\"@type\":\"BreadcrumbList\",\"@id\":\"https:\/\/www.ifg.gr\/fr\/events\/persephone-le-tapis-rouge-eleusis-2023-mystere-176-jours-de-cinema\/#breadcrumb\",\"itemListElement\":[{\"@type\":\"ListItem\",\"position\":1,\"name\":\"Home\",\"item\":\"https:\/\/www.ifg.gr\/fr\/\"},{\"@type\":\"ListItem\",\"position\":2,\"name\":\"Events\",\"item\":\"https:\/\/www.ifg.gr\/events\/\"},{\"@type\":\"ListItem\",\"position\":3,\"name\":\"Projection du film \u00ab Pers\u00e9phone, le tapis rouge \u00bb, dans le cadre d&#8217;Eleusis 2023 \u00ab Myst\u00e8re 176 Jours de Cin\u00e9ma \u00bb\"}]},{\"@type\":\"WebSite\",\"@id\":\"https:\/\/www.ifg.gr\/#website\",\"url\":\"https:\/\/www.ifg.gr\/\",\"name\":\"IFG\",\"description\":\"\",\"potentialAction\":[{\"@type\":\"SearchAction\",\"target\":{\"@type\":\"EntryPoint\",\"urlTemplate\":\"https:\/\/www.ifg.gr\/?s={search_term_string}\"},\"query-input\":{\"@type\":\"PropertyValueSpecification\",\"valueRequired\":true,\"valueName\":\"search_term_string\"}}],\"inLanguage\":\"fr-FR\"}]}<\/script>\n<!-- \/ Yoast SEO plugin. -->","yoast_head_json":{"title":"Projection du film \u00ab Pers\u00e9phone, le tapis rouge \u00bb, dans le cadre d'Eleusis 2023 \u00ab Myst\u00e8re 176 Jours de Cin\u00e9ma \u00bb","description":"Un projet artistique du Collectif MASI, dans le cadre du programme officiel d\u2019Eleusis 2023 \u00ab Myst\u00e8re 176 Jours de Cin\u00e9ma \u00bb.","robots":{"index":"index","follow":"follow","max-snippet":"max-snippet:-1","max-image-preview":"max-image-preview:large","max-video-preview":"max-video-preview:-1"},"canonical":"https:\/\/www.ifg.gr\/fr\/events\/persephone-le-tapis-rouge-eleusis-2023-mystere-176-jours-de-cinema\/","og_locale":"fr_FR","og_type":"article","og_title":"Projection du film \u00ab Pers\u00e9phone, le tapis rouge \u00bb, dans le cadre d'Eleusis 2023 \u00ab Myst\u00e8re 176 Jours de Cin\u00e9ma \u00bb","og_description":"Un projet artistique du Collectif MASI, dans le cadre du programme officiel d\u2019Eleusis 2023 \u00ab Myst\u00e8re 176 Jours de Cin\u00e9ma \u00bb.","og_url":"https:\/\/www.ifg.gr\/fr\/events\/persephone-le-tapis-rouge-eleusis-2023-mystere-176-jours-de-cinema\/","og_site_name":"IFG","article_modified_time":"2024-04-04T10:52:13+00:00","og_image":[{"width":1200,"height":800,"url":"https:\/\/www.ifg.gr\/wp-content\/uploads\/2024\/03\/Persephone_le_tapis_rouge-1200x800-1.jpg","type":"image\/jpeg"}],"twitter_card":"summary_large_image","twitter_misc":{"Dur\u00e9e de lecture estim\u00e9e":"2 minutes"},"schema":{"@context":"https:\/\/schema.org","@graph":[{"@type":"WebPage","@id":"https:\/\/www.ifg.gr\/fr\/events\/persephone-le-tapis-rouge-eleusis-2023-mystere-176-jours-de-cinema\/","url":"https:\/\/www.ifg.gr\/fr\/events\/persephone-le-tapis-rouge-eleusis-2023-mystere-176-jours-de-cinema\/","name":"Projection du film \u00ab Pers\u00e9phone, le tapis rouge \u00bb, dans le cadre d'Eleusis 2023 \u00ab Myst\u00e8re 176 Jours de Cin\u00e9ma \u00bb","isPartOf":{"@id":"https:\/\/www.ifg.gr\/#website"},"primaryImageOfPage":{"@id":"https:\/\/www.ifg.gr\/fr\/events\/persephone-le-tapis-rouge-eleusis-2023-mystere-176-jours-de-cinema\/#primaryimage"},"image":{"@id":"https:\/\/www.ifg.gr\/fr\/events\/persephone-le-tapis-rouge-eleusis-2023-mystere-176-jours-de-cinema\/#primaryimage"},"thumbnailUrl":"https:\/\/www.ifg.gr\/wp-content\/uploads\/2024\/03\/Persephone_le_tapis_rouge-1200x800-1.jpg","datePublished":"2024-03-26T14:39:52+00:00","dateModified":"2024-04-04T10:52:13+00:00","description":"Un projet artistique du Collectif MASI, dans le cadre du programme officiel d\u2019Eleusis 2023 \u00ab Myst\u00e8re 176 Jours de Cin\u00e9ma \u00bb.","breadcrumb":{"@id":"https:\/\/www.ifg.gr\/fr\/events\/persephone-le-tapis-rouge-eleusis-2023-mystere-176-jours-de-cinema\/#breadcrumb"},"inLanguage":"fr-FR","potentialAction":[{"@type":"ReadAction","target":["https:\/\/www.ifg.gr\/fr\/events\/persephone-le-tapis-rouge-eleusis-2023-mystere-176-jours-de-cinema\/"]}]},{"@type":"ImageObject","inLanguage":"fr-FR","@id":"https:\/\/www.ifg.gr\/fr\/events\/persephone-le-tapis-rouge-eleusis-2023-mystere-176-jours-de-cinema\/#primaryimage","url":"https:\/\/www.ifg.gr\/wp-content\/uploads\/2024\/03\/Persephone_le_tapis_rouge-1200x800-1.jpg","contentUrl":"https:\/\/www.ifg.gr\/wp-content\/uploads\/2024\/03\/Persephone_le_tapis_rouge-1200x800-1.jpg","width":1200,"height":800},{"@type":"BreadcrumbList","@id":"https:\/\/www.ifg.gr\/fr\/events\/persephone-le-tapis-rouge-eleusis-2023-mystere-176-jours-de-cinema\/#breadcrumb","itemListElement":[{"@type":"ListItem","position":1,"name":"Home","item":"https:\/\/www.ifg.gr\/fr\/"},{"@type":"ListItem","position":2,"name":"Events","item":"https:\/\/www.ifg.gr\/events\/"},{"@type":"ListItem","position":3,"name":"Projection du film \u00ab Pers\u00e9phone, le tapis rouge \u00bb, dans le cadre d&#8217;Eleusis 2023 \u00ab Myst\u00e8re 176 Jours de Cin\u00e9ma \u00bb"}]},{"@type":"WebSite","@id":"https:\/\/www.ifg.gr\/#website","url":"https:\/\/www.ifg.gr\/","name":"IFG","description":"","potentialAction":[{"@type":"SearchAction","target":{"@type":"EntryPoint","urlTemplate":"https:\/\/www.ifg.gr\/?s={search_term_string}"},"query-input":{"@type":"PropertyValueSpecification","valueRequired":true,"valueName":"search_term_string"}}],"inLanguage":"fr-FR"}]}},"_links":{"self":[{"href":"https:\/\/www.ifg.gr\/fr\/wp-json\/wp\/v2\/event\/55680","targetHints":{"allow":["GET"]}}],"collection":[{"href":"https:\/\/www.ifg.gr\/fr\/wp-json\/wp\/v2\/event"}],"about":[{"href":"https:\/\/www.ifg.gr\/fr\/wp-json\/wp\/v2\/types\/event"}],"author":[{"embeddable":true,"href":"https:\/\/www.ifg.gr\/fr\/wp-json\/wp\/v2\/users\/18"}],"version-history":[{"count":1,"href":"https:\/\/www.ifg.gr\/fr\/wp-json\/wp\/v2\/event\/55680\/revisions"}],"predecessor-version":[{"id":56662,"href":"https:\/\/www.ifg.gr\/fr\/wp-json\/wp\/v2\/event\/55680\/revisions\/56662"}],"wp:featuredmedia":[{"embeddable":true,"href":"https:\/\/www.ifg.gr\/fr\/wp-json\/wp\/v2\/media\/55662"}],"wp:attachment":[{"href":"https:\/\/www.ifg.gr\/fr\/wp-json\/wp\/v2\/media?parent=55680"}],"wp:term":[{"taxonomy":"post_tag","embeddable":true,"href":"https:\/\/www.ifg.gr\/fr\/wp-json\/wp\/v2\/tags?post=55680"},{"taxonomy":"event_category","embeddable":true,"href":"https:\/\/www.ifg.gr\/fr\/wp-json\/wp\/v2\/event_category?post=55680"},{"taxonomy":"event_group","embeddable":true,"href":"https:\/\/www.ifg.gr\/fr\/wp-json\/wp\/v2\/event_group?post=55680"}],"curies":[{"name":"wp","href":"https:\/\/api.w.org\/{rel}","templated":true}]}}