{"id":56750,"date":"2024-04-15T17:31:50","date_gmt":"2024-04-15T14:31:50","guid":{"rendered":"https:\/\/www.ifg.gr\/events\/belem-127-chronia-istorias-enos-mythikou-istioforou-dialeksi\/"},"modified":"2024-04-18T16:41:25","modified_gmt":"2024-04-18T13:41:25","slug":"belem-127-ans-d-histoire-d-un-voilier-legendaire-conference","status":"publish","type":"event","link":"https:\/\/www.ifg.gr\/fr\/events\/belem-127-ans-d-histoire-d-un-voilier-legendaire-conference\/","title":{"rendered":"\u00abBelem, 127 ans d&rsquo;histoire d&rsquo;un voilier l\u00e9gendaire \u00bb, conf\u00e9rence du capitaine Aymeric Gibet"},"content":{"rendered":"<p>La p\u00e9riode olympique d\u00e9bute officiellement en Gr\u00e8ce ce mardi <strong>16 avril 2024<\/strong> avec la c\u00e9r\u00e9monie d\u2019allumage de la flamme olympique sur le site antique d\u2019Olympie. Le relais de la flamme olympique ach\u00e8vera son parcours \u00e0 travers la Gr\u00e8ce, avant de prendre la direction de la France. Pour la premi\u00e8re fois, la flamme olympique voyagera en bateau, \u00e0 bord du trois-m\u00e2ts plus que centenaire \u00ab Belem \u00bb. <strong>Le Belem fera escale au port du Pir\u00e9e, du 22 au 27 avril<\/strong>.<\/p>\n<p>L\u2019Institut fran\u00e7ais de Gr\u00e8ce accueillera le 25 avril \u00e0 19h une conf\u00e9rence du capitaine du Belem, Aymeric GIBET. L\u2019\u00e9v\u00e9nement sera mod\u00e9r\u00e9 par Alexia KEFALAS, journaliste.<\/p>\n<h3>D\u00e9couvrez l\u2019incroyable histoire de ce navire historique qui va \u00e9crire une nouvelle page en transportant la Flamme Olympique de Paris 2024 d\u2019Ath\u00e8nes \u00e0 Marseille du 27 avril au 8 mai 2024.<\/h3>\n<p>Le Belem, trois-m\u00e2ts \u00e0 phare carr\u00e9 et coque en acier est le dernier des grands voiliers de commerce fran\u00e7ais du 19\u00e8me si\u00e8cle encore naviguant.<\/p>\n<p>Originaire de Nantes, form\u00e9 \u00e0 l\u2019\u00e9cole des officiers de marine marchande de Marseille, avec un p\u00e8re marin, <strong>Aymeric Gibet<\/strong>, 42 ans, a commenc\u00e9 sa carri\u00e8re par des cabotages en M\u00e9diterran\u00e9e jusqu\u2019au Mexique. Il passe ensuite chez Brittany Ferries, une premi\u00e8re exp\u00e9rience sur le \u00ab Belem \u00bb, puis par la compagnie du Ponant. Nomm\u00e9 commandant, c\u2019est \u00e9videmment sur le vieux gr\u00e9ement qu\u2019Aymeric Gibet poursuit sa carri\u00e8re : \u00ab J\u2019aime beaucoup ce bateau. C\u2019est une for\u00eat de m\u00e2ts et de bouts. C\u2019est le seul cargo \u00e0 voile de 127 ans de la marine marchande. Un des rares qui fait du loisir pur. Ici, nos stagiaires viennent pour naviguer. On monte \u00e0 bord pour d\u00e9couvrir le plaisir de la navigation d\u2019autrefois. Pour cela, le Belem est une p\u00e9pite. Il donne le sens marin. On ressent le navire. Il est solide, c\u2019est une tortue avec laquelle on est s\u00fbr d\u2019arriver \u00bb.<\/p>\n<p><strong>Le livre <a href=\"https:\/\/www.fondationbelem.com\/boutique\/produit\/info-produit\/518-embarquez-a-bord-du-belem\" target=\"_blank\" rel=\"noopener\">Embarquez \u00e0 bord du Belem<\/a> de Cyril Hofstein &#8211; Editions Flammarion sera disponible \u00e0 la vente \u00e0 l\u2019issue de la conf\u00e9rence.<br \/>\n<\/strong><\/p>\n<p><strong>\u00c0 l\u2019issue de cette conf\u00e9rence, une d\u00e9gustation de prestigieux vins de Bordeaux sera offerte par le <a href=\"https:\/\/www.bordeaux.com\/fr\/Contact\" target=\"_blank\" rel=\"noopener\">Conseil Interprofessionnel des Vins de Bordeaux<\/a>.<\/strong><\/p>\n<p><iframe loading=\"lazy\" title=\"Embarquez \u00e0 bord du Belem en 2024 !\" width=\"640\" height=\"360\" src=\"https:\/\/www.youtube.com\/embed\/Er5TuZePu30?feature=oembed\" frameborder=\"0\" allow=\"accelerometer; autoplay; clipboard-write; encrypted-media; gyroscope; picture-in-picture; web-share\" referrerpolicy=\"strict-origin-when-cross-origin\" allowfullscreen><\/iframe><\/p>\n<hr \/>\n<h3><strong>\u00c9V\u00c9NEMENTS DURANT L\u2019ESCALE DU BELEM AU PORT DU PIR\u00c9E<br \/>\n<\/strong><\/h3>\n<ul>\n<li><strong>Les 24, 25, et 26 avril 2024 : visites du Belem, ouvertes au public<br \/>\n<\/strong>Ces visites sont gratuites et auront lieu de 14h \u00e0 18h, sur inscription pr\u00e9alable via la billetterie du Belem :<br \/>\n<a href=\"https:\/\/www.fondationbelem.com\/visiter\/visiter-le-belem-billetterie?escale=1469-piraeus-port-of-athens\" target=\"_blank\" rel=\"noopener\">https:\/\/www.fondationbelem.com\/visiter\/visiter-le-belem-billetterie?escale=1469-piraeus-port-of-athens<\/a><\/li>\n<li><strong>27 avril 2024 : la flamme olympique embarque \u00e0 bord du Belem<\/strong><br \/>\nLa flamme olympique naviguera en M\u00e9diterran\u00e9e, avant de d\u00e9barquer \u00e0 Marseille, comme pr\u00e9vu, le 8 mai 2024. Le public pourra suivre l\u2019embaquement de la flamme depuis la place de la Statue du Lion du Pir\u00e9e (intersection des rues Akti Miaouli et Marias Chatzikiriakou) au Pir\u00e9e. Le public aura \u00e9galement la possibilit\u00e9 de suivre la c\u00e9r\u00e9monie \u00e0 partir du quai d\u2019amarrage du Belem <a href=\"https:\/\/www.fondationbelem.com\/visiter\/visiter-le-belem-billetterie\" target=\"_blank\" rel=\"noopener\">(nombre de places limit\u00e9. Gratuit, sur inscription obligatoire)<\/a><\/li>\n<li><strong>Du 27 avril au 8 mai 2024 : le Belem prend la mer, pour rejoindre Marseille<\/strong><br \/>\nLe programme \u00ab jeunes \u00e9claireurs \u00bb a \u00e9t\u00e9 mis en place, pour accompagner la flamme dans son odyss\u00e9e maritime \u00e0 bord du Belem. Une jeune Grecque, Anastasia Skiada, a \u00e9t\u00e9 s\u00e9lectionn\u00e9e pour participer au voyage. <a href=\"https:\/\/www.instagram.com\/p\/C52yefOIIfl\/\" target=\"_blank\" rel=\"noopener\">Faites connaissance avec elle !<\/a><\/li>\n<\/ul>\n","protected":false},"excerpt":{"rendered":"<p>D\u00e9couvrez l\u2019incroyable histoire de ce navire qui va transporter la Flamme Olympique de Paris 2024, d\u2019Ath\u00e8nes \u00e0 Marseille du 27\/04 au 08\/05.<\/p>\n","protected":false},"author":18,"featured_media":56741,"template":"","tags":[],"event_category":[875,876],"event_group":[],"class_list":["post-56750","event","type-event","status-publish","has-post-thumbnail","hentry","event_category-debat-didees-et-sciences","event_category-sport"],"acf":{"sponsors_default":false,"info_title":"","info_text":"","date_range":{"start":"25\/04\/2024","end":"","cancelled":false,"note":"","start_time":"19:00","end_time":""},"details":{"location":"<p>Auditorium Theo Angelopoulos (Sina 31)<\/p>\n<p>Mod\u00e9ration : Alexia KEFALAS, journaliste<\/p>\n","hyperlink1a":{"text":"","link":""},"price":"Entr\u00e9e libre \u2013 traduction simultan\u00e9e\r\n","hyperlink2a":{"text":"","link":""},"online_event":false,"live_streaming":false,"live_streaming_code":"","facebook_url":"","hyperlink":{"text":"","link":""},"hyperlink2":{"text":"","link":""},"hyperlink3":{"text":"","link":""},"press_release":false},"featured_image_credits":"","home_slider_image":{"ID":56743,"id":56743,"title":"BELEM_1300x768","filename":"BELEM_1300x768-1.jpg","filesize":895800,"url":"https:\/\/www.ifg.gr\/wp-content\/uploads\/2024\/04\/BELEM_1300x768-1.jpg","link":"https:\/\/www.ifg.gr\/fr\/events\/belem-127-ans-d-histoire-d-un-voilier-legendaire-conference\/belem_1300x768-2-2\/","alt":"","author":"18","description":"","caption":"","name":"belem_1300x768-2-2","status":"inherit","uploaded_to":56750,"date":"2024-04-15 14:00:28","modified":"2024-04-15 14:00:28","menu_order":0,"mime_type":"image\/jpeg","type":"image","subtype":"jpeg","icon":"https:\/\/www.ifg.gr\/wp-includes\/images\/media\/default.png","width":1300,"height":768,"sizes":{"thumbnail":"https:\/\/www.ifg.gr\/wp-content\/uploads\/2024\/04\/BELEM_1300x768-1.jpg","thumbnail-width":150,"thumbnail-height":89,"medium":"https:\/\/www.ifg.gr\/wp-content\/uploads\/2024\/04\/BELEM_1300x768-1.jpg","medium-width":300,"medium-height":177,"medium_large":"https:\/\/www.ifg.gr\/wp-content\/uploads\/2024\/04\/BELEM_1300x768-1-768x454.jpg","medium_large-width":640,"medium_large-height":378,"large":"https:\/\/www.ifg.gr\/wp-content\/uploads\/2024\/04\/BELEM_1300x768-1.jpg","large-width":640,"large-height":378,"1536x1536":"https:\/\/www.ifg.gr\/wp-content\/uploads\/2024\/04\/BELEM_1300x768-1.jpg","1536x1536-width":1300,"1536x1536-height":768,"2048x2048":"https:\/\/www.ifg.gr\/wp-content\/uploads\/2024\/04\/BELEM_1300x768-1.jpg","2048x2048-width":1300,"2048x2048-height":768,"full-width":"https:\/\/www.ifg.gr\/wp-content\/uploads\/2024\/04\/BELEM_1300x768-1.jpg","full-width-width":1300,"full-width-height":768,"sidebar":"https:\/\/www.ifg.gr\/wp-content\/uploads\/2024\/04\/BELEM_1300x768-1.jpg","sidebar-width":1300,"sidebar-height":768,"thumb-sm":"https:\/\/www.ifg.gr\/wp-content\/uploads\/2024\/04\/BELEM_1300x768-1-220x130.jpg","thumb-sm-width":220,"thumb-sm-height":130,"thumb-square":"https:\/\/www.ifg.gr\/wp-content\/uploads\/2024\/04\/BELEM_1300x768-1-300x300.jpg","thumb-square-width":300,"thumb-square-height":300,"thumb-big":"https:\/\/www.ifg.gr\/wp-content\/uploads\/2024\/04\/BELEM_1300x768-1-600x400.jpg","thumb-big-width":600,"thumb-big-height":400,"slider-big":"https:\/\/www.ifg.gr\/wp-content\/uploads\/2024\/04\/BELEM_1300x768-1.jpg","slider-big-width":1300,"slider-big-height":768}},"sponsors_group":false,"layout":false},"yoast_head":"<!-- This site is optimized with the Yoast SEO plugin v26.8 - https:\/\/yoast.com\/product\/yoast-seo-wordpress\/ -->\n<title>\u00abBelem, 127 ans d&#039;histoire d&#039;un voilier l\u00e9gendaire \u00bb, conf\u00e9rence du capitaine Aymeric Gilbert<\/title>\n<meta name=\"description\" content=\"D\u00e9couvrez l\u2019incroyable histoire de ce navire qui va transporter la Flamme Olympique de Paris 2024, d\u2019Ath\u00e8nes \u00e0 Marseille du 27\/04 au 08\/05.\" \/>\n<meta name=\"robots\" content=\"index, follow, max-snippet:-1, max-image-preview:large, max-video-preview:-1\" \/>\n<link rel=\"canonical\" href=\"https:\/\/www.ifg.gr\/fr\/events\/belem-127-ans-d-histoire-d-un-voilier-legendaire-conference\/\" \/>\n<meta property=\"og:locale\" content=\"fr_FR\" \/>\n<meta property=\"og:type\" content=\"article\" \/>\n<meta property=\"og:title\" content=\"\u00abBelem, 127 ans d&#039;histoire d&#039;un voilier l\u00e9gendaire \u00bb, conf\u00e9rence du capitaine Aymeric Gilbert\" \/>\n<meta property=\"og:description\" content=\"D\u00e9couvrez l\u2019incroyable histoire de ce navire qui va transporter la Flamme Olympique de Paris 2024, d\u2019Ath\u00e8nes \u00e0 Marseille du 27\/04 au 08\/05.\" \/>\n<meta property=\"og:url\" content=\"https:\/\/www.ifg.gr\/fr\/events\/belem-127-ans-d-histoire-d-un-voilier-legendaire-conference\/\" \/>\n<meta property=\"og:site_name\" content=\"IFG\" \/>\n<meta property=\"article:modified_time\" content=\"2024-04-18T13:41:25+00:00\" \/>\n<meta property=\"og:image\" content=\"https:\/\/www.ifg.gr\/wp-content\/uploads\/2024\/04\/BELEM_1300x768.jpg\" \/>\n\t<meta property=\"og:image:width\" content=\"1300\" \/>\n\t<meta property=\"og:image:height\" content=\"768\" \/>\n\t<meta property=\"og:image:type\" content=\"image\/jpeg\" \/>\n<meta name=\"twitter:card\" content=\"summary_large_image\" \/>\n<meta name=\"twitter:label1\" content=\"Dur\u00e9e de lecture estim\u00e9e\" \/>\n\t<meta name=\"twitter:data1\" content=\"4 minutes\" \/>\n<script type=\"application\/ld+json\" class=\"yoast-schema-graph\">{\"@context\":\"https:\/\/schema.org\",\"@graph\":[{\"@type\":\"WebPage\",\"@id\":\"https:\/\/www.ifg.gr\/fr\/events\/belem-127-ans-d-histoire-d-un-voilier-legendaire-conference\/\",\"url\":\"https:\/\/www.ifg.gr\/fr\/events\/belem-127-ans-d-histoire-d-un-voilier-legendaire-conference\/\",\"name\":\"\u00abBelem, 127 ans d'histoire d'un voilier l\u00e9gendaire \u00bb, conf\u00e9rence du capitaine Aymeric Gilbert\",\"isPartOf\":{\"@id\":\"https:\/\/www.ifg.gr\/#website\"},\"primaryImageOfPage\":{\"@id\":\"https:\/\/www.ifg.gr\/fr\/events\/belem-127-ans-d-histoire-d-un-voilier-legendaire-conference\/#primaryimage\"},\"image\":{\"@id\":\"https:\/\/www.ifg.gr\/fr\/events\/belem-127-ans-d-histoire-d-un-voilier-legendaire-conference\/#primaryimage\"},\"thumbnailUrl\":\"https:\/\/www.ifg.gr\/wp-content\/uploads\/2024\/04\/BELEM_1300x768.jpg\",\"datePublished\":\"2024-04-15T14:31:50+00:00\",\"dateModified\":\"2024-04-18T13:41:25+00:00\",\"description\":\"D\u00e9couvrez l\u2019incroyable histoire de ce navire qui va transporter la Flamme Olympique de Paris 2024, d\u2019Ath\u00e8nes \u00e0 Marseille du 27\/04 au 08\/05.\",\"breadcrumb\":{\"@id\":\"https:\/\/www.ifg.gr\/fr\/events\/belem-127-ans-d-histoire-d-un-voilier-legendaire-conference\/#breadcrumb\"},\"inLanguage\":\"fr-FR\",\"potentialAction\":[{\"@type\":\"ReadAction\",\"target\":[\"https:\/\/www.ifg.gr\/fr\/events\/belem-127-ans-d-histoire-d-un-voilier-legendaire-conference\/\"]}]},{\"@type\":\"ImageObject\",\"inLanguage\":\"fr-FR\",\"@id\":\"https:\/\/www.ifg.gr\/fr\/events\/belem-127-ans-d-histoire-d-un-voilier-legendaire-conference\/#primaryimage\",\"url\":\"https:\/\/www.ifg.gr\/wp-content\/uploads\/2024\/04\/BELEM_1300x768.jpg\",\"contentUrl\":\"https:\/\/www.ifg.gr\/wp-content\/uploads\/2024\/04\/BELEM_1300x768.jpg\",\"width\":1300,\"height\":768},{\"@type\":\"BreadcrumbList\",\"@id\":\"https:\/\/www.ifg.gr\/fr\/events\/belem-127-ans-d-histoire-d-un-voilier-legendaire-conference\/#breadcrumb\",\"itemListElement\":[{\"@type\":\"ListItem\",\"position\":1,\"name\":\"Home\",\"item\":\"https:\/\/www.ifg.gr\/fr\/\"},{\"@type\":\"ListItem\",\"position\":2,\"name\":\"Events\",\"item\":\"https:\/\/www.ifg.gr\/events\/\"},{\"@type\":\"ListItem\",\"position\":3,\"name\":\"\u00abBelem, 127 ans d&#8217;histoire d&#8217;un voilier l\u00e9gendaire \u00bb, conf\u00e9rence du capitaine Aymeric Gibet\"}]},{\"@type\":\"WebSite\",\"@id\":\"https:\/\/www.ifg.gr\/#website\",\"url\":\"https:\/\/www.ifg.gr\/\",\"name\":\"IFG\",\"description\":\"\",\"potentialAction\":[{\"@type\":\"SearchAction\",\"target\":{\"@type\":\"EntryPoint\",\"urlTemplate\":\"https:\/\/www.ifg.gr\/?s={search_term_string}\"},\"query-input\":{\"@type\":\"PropertyValueSpecification\",\"valueRequired\":true,\"valueName\":\"search_term_string\"}}],\"inLanguage\":\"fr-FR\"}]}<\/script>\n<!-- \/ Yoast SEO plugin. -->","yoast_head_json":{"title":"\u00abBelem, 127 ans d'histoire d'un voilier l\u00e9gendaire \u00bb, conf\u00e9rence du capitaine Aymeric Gilbert","description":"D\u00e9couvrez l\u2019incroyable histoire de ce navire qui va transporter la Flamme Olympique de Paris 2024, d\u2019Ath\u00e8nes \u00e0 Marseille du 27\/04 au 08\/05.","robots":{"index":"index","follow":"follow","max-snippet":"max-snippet:-1","max-image-preview":"max-image-preview:large","max-video-preview":"max-video-preview:-1"},"canonical":"https:\/\/www.ifg.gr\/fr\/events\/belem-127-ans-d-histoire-d-un-voilier-legendaire-conference\/","og_locale":"fr_FR","og_type":"article","og_title":"\u00abBelem, 127 ans d'histoire d'un voilier l\u00e9gendaire \u00bb, conf\u00e9rence du capitaine Aymeric Gilbert","og_description":"D\u00e9couvrez l\u2019incroyable histoire de ce navire qui va transporter la Flamme Olympique de Paris 2024, d\u2019Ath\u00e8nes \u00e0 Marseille du 27\/04 au 08\/05.","og_url":"https:\/\/www.ifg.gr\/fr\/events\/belem-127-ans-d-histoire-d-un-voilier-legendaire-conference\/","og_site_name":"IFG","article_modified_time":"2024-04-18T13:41:25+00:00","og_image":[{"width":1300,"height":768,"url":"https:\/\/www.ifg.gr\/wp-content\/uploads\/2024\/04\/BELEM_1300x768.jpg","type":"image\/jpeg"}],"twitter_card":"summary_large_image","twitter_misc":{"Dur\u00e9e de lecture estim\u00e9e":"4 minutes"},"schema":{"@context":"https:\/\/schema.org","@graph":[{"@type":"WebPage","@id":"https:\/\/www.ifg.gr\/fr\/events\/belem-127-ans-d-histoire-d-un-voilier-legendaire-conference\/","url":"https:\/\/www.ifg.gr\/fr\/events\/belem-127-ans-d-histoire-d-un-voilier-legendaire-conference\/","name":"\u00abBelem, 127 ans d'histoire d'un voilier l\u00e9gendaire \u00bb, conf\u00e9rence du capitaine Aymeric Gilbert","isPartOf":{"@id":"https:\/\/www.ifg.gr\/#website"},"primaryImageOfPage":{"@id":"https:\/\/www.ifg.gr\/fr\/events\/belem-127-ans-d-histoire-d-un-voilier-legendaire-conference\/#primaryimage"},"image":{"@id":"https:\/\/www.ifg.gr\/fr\/events\/belem-127-ans-d-histoire-d-un-voilier-legendaire-conference\/#primaryimage"},"thumbnailUrl":"https:\/\/www.ifg.gr\/wp-content\/uploads\/2024\/04\/BELEM_1300x768.jpg","datePublished":"2024-04-15T14:31:50+00:00","dateModified":"2024-04-18T13:41:25+00:00","description":"D\u00e9couvrez l\u2019incroyable histoire de ce navire qui va transporter la Flamme Olympique de Paris 2024, d\u2019Ath\u00e8nes \u00e0 Marseille du 27\/04 au 08\/05.","breadcrumb":{"@id":"https:\/\/www.ifg.gr\/fr\/events\/belem-127-ans-d-histoire-d-un-voilier-legendaire-conference\/#breadcrumb"},"inLanguage":"fr-FR","potentialAction":[{"@type":"ReadAction","target":["https:\/\/www.ifg.gr\/fr\/events\/belem-127-ans-d-histoire-d-un-voilier-legendaire-conference\/"]}]},{"@type":"ImageObject","inLanguage":"fr-FR","@id":"https:\/\/www.ifg.gr\/fr\/events\/belem-127-ans-d-histoire-d-un-voilier-legendaire-conference\/#primaryimage","url":"https:\/\/www.ifg.gr\/wp-content\/uploads\/2024\/04\/BELEM_1300x768.jpg","contentUrl":"https:\/\/www.ifg.gr\/wp-content\/uploads\/2024\/04\/BELEM_1300x768.jpg","width":1300,"height":768},{"@type":"BreadcrumbList","@id":"https:\/\/www.ifg.gr\/fr\/events\/belem-127-ans-d-histoire-d-un-voilier-legendaire-conference\/#breadcrumb","itemListElement":[{"@type":"ListItem","position":1,"name":"Home","item":"https:\/\/www.ifg.gr\/fr\/"},{"@type":"ListItem","position":2,"name":"Events","item":"https:\/\/www.ifg.gr\/events\/"},{"@type":"ListItem","position":3,"name":"\u00abBelem, 127 ans d&#8217;histoire d&#8217;un voilier l\u00e9gendaire \u00bb, conf\u00e9rence du capitaine Aymeric Gibet"}]},{"@type":"WebSite","@id":"https:\/\/www.ifg.gr\/#website","url":"https:\/\/www.ifg.gr\/","name":"IFG","description":"","potentialAction":[{"@type":"SearchAction","target":{"@type":"EntryPoint","urlTemplate":"https:\/\/www.ifg.gr\/?s={search_term_string}"},"query-input":{"@type":"PropertyValueSpecification","valueRequired":true,"valueName":"search_term_string"}}],"inLanguage":"fr-FR"}]}},"_links":{"self":[{"href":"https:\/\/www.ifg.gr\/fr\/wp-json\/wp\/v2\/event\/56750","targetHints":{"allow":["GET"]}}],"collection":[{"href":"https:\/\/www.ifg.gr\/fr\/wp-json\/wp\/v2\/event"}],"about":[{"href":"https:\/\/www.ifg.gr\/fr\/wp-json\/wp\/v2\/types\/event"}],"author":[{"embeddable":true,"href":"https:\/\/www.ifg.gr\/fr\/wp-json\/wp\/v2\/users\/18"}],"version-history":[{"count":15,"href":"https:\/\/www.ifg.gr\/fr\/wp-json\/wp\/v2\/event\/56750\/revisions"}],"predecessor-version":[{"id":56849,"href":"https:\/\/www.ifg.gr\/fr\/wp-json\/wp\/v2\/event\/56750\/revisions\/56849"}],"wp:featuredmedia":[{"embeddable":true,"href":"https:\/\/www.ifg.gr\/fr\/wp-json\/wp\/v2\/media\/56741"}],"wp:attachment":[{"href":"https:\/\/www.ifg.gr\/fr\/wp-json\/wp\/v2\/media?parent=56750"}],"wp:term":[{"taxonomy":"post_tag","embeddable":true,"href":"https:\/\/www.ifg.gr\/fr\/wp-json\/wp\/v2\/tags?post=56750"},{"taxonomy":"event_category","embeddable":true,"href":"https:\/\/www.ifg.gr\/fr\/wp-json\/wp\/v2\/event_category?post=56750"},{"taxonomy":"event_group","embeddable":true,"href":"https:\/\/www.ifg.gr\/fr\/wp-json\/wp\/v2\/event_group?post=56750"}],"curies":[{"name":"wp","href":"https:\/\/api.w.org\/{rel}","templated":true}]}}