{"id":56957,"date":"2024-04-26T16:42:33","date_gmt":"2024-04-26T13:42:33","guid":{"rendered":"https:\/\/www.ifg.gr\/events\/ta-mystika-ton-ellinikon-vounon-pros-mia-viomatiki-geografia\/"},"modified":"2024-04-26T17:00:25","modified_gmt":"2024-04-26T14:00:25","slug":"secrets-des-montagnes-grecques-pour-une-geographie-sensible","status":"publish","type":"event","link":"https:\/\/www.ifg.gr\/fr\/events\/secrets-des-montagnes-grecques-pour-une-geographie-sensible\/","title":{"rendered":"Secrets des montagnes grecques : pour une g\u00e9ographie sensible"},"content":{"rendered":"<p>L&rsquo;\u00e9v\u00e9nement est organis\u00e9 en partenariat avec les \u00e9ditions Anavasi et sera retransmis en direct sur le site internet de l\u2019Institut fran\u00e7ais de Gr\u00e8ce, <a href=\"https:\/\/www.ifg.gr\/fr\/\" target=\"_blank\" rel=\"noopener\">www.ifg.gr<\/a><\/p>\n<p>La g\u00e9ographie, en tant que science, explore les relations qui se tissent entre l&rsquo;environnement et l&rsquo;homme. Les concepts tels quels l\u2019espace, le lieu, le temps, l&rsquo;exp\u00e9rience et le sens sont dominants. Tels sont par ailleurs les mots-cl\u00e9s de l\u2019ouvrage <em><strong>Atlas po\u00e9tique des montagnes grecques <\/strong><\/em>du g\u00e9ographe <strong>Sylvain Guyot<\/strong>, qui pr\u00e9sente de mani\u00e8re sensible et po\u00e9tique treize massifs montagneux grecs qu&rsquo;il a explor\u00e9s avec sa famille entre 1991 et 2022.<\/p>\n<p>G\u00e9ographie, cartographie, histoire, mythologie, randonn\u00e9es \u00e0 exp\u00e9rimenter, et portraits d\u2019habitant-e-s des montagnes grecques sont au programme de ces itin\u00e9rances estivales, mais aussi hivernales, dans les hautes terres de Gr\u00e8ce.! Un pays balkanique compos\u00e9 \u00e0 80% de montagnes, avec de tr\u00e8s nombreuses cimes s\u2019\u00e9levant entre 2400 et 2900m d\u2019altitude !<\/p>\n<p>Du Mont Olympe, des imposantes montagnes du Pinde jusqu\u2019aux montagnes de Cr\u00e8te centrale et occidentale, en passant par les sommets m\u00e9connus du nord du P\u00e9loponn\u00e8se, du P\u00e9lion ou de Naxos, cet Atlas Po\u00e9tique est le premier ouvrage du genre en langue fran\u00e7aise sur les montagnes grecques.<\/p>\n<h3>Intervenants<\/h3>\n<p>L\u2019auteur, <strong>Sylvain Guyot<\/strong> : g\u00e9ographe \u00e0 l\u2019Universit\u00e9 Bordeaux Montaigne\/CNRS, membre junior de l\u2019Institut Universitaire de France (2017-2022), et artiste-cartographe. Philhell\u00e8ne, il parcourt sans rel\u00e2che la Gr\u00e8ce depuis son adolescence, de d\u00e9couvertes amicales puis familiales \u00e0 des missions de terrain (montagnes du Pinde) et r\u00e9sidences artistiques (\u00eele de Tinos).<\/p>\n<p><strong>Camilo Nollas <\/strong>: Il a \u00e9tudi\u00e9 la photographie \u00e0 Ath\u00e8nes, Li\u00e8ge, Lyon et New York. Depuis 1996, il travaille \u00e0 Ath\u00e8nes et enseigne la photographie. Ses photographies font partie de collections publiques et priv\u00e9es en Gr\u00e8ce et \u00e0 l&rsquo;\u00e9tranger. Il a organis\u00e9 des concours photographiques, des expositions et publi\u00e9 des articles dans la presse \u00e9crite et \u00e9lectronique. Depuis 2015, il organise le festival Vovousa, le seul festival artistique de montagne en Gr\u00e8ce.<\/p>\n<p><strong>Christos Chalkias<\/strong> : Professeur de g\u00e9ographie appliqu\u00e9e et de syst\u00e8mes d&rsquo;information g\u00e9ographique au d\u00e9partement de g\u00e9ographie de l&rsquo;universit\u00e9 Harokopio. Il est vice-recteur pour la recherche, le d\u00e9veloppement et l&rsquo;apprentissage tout au long de la vie dans cette m\u00eame universit\u00e9 et a \u00e9t\u00e9 pr\u00e9sident du d\u00e9partement de g\u00e9ographie (2013-2015). Ses principaux domaines de recherche sont la g\u00e9oinformatique appliqu\u00e9e, les syst\u00e8mes d&rsquo;information g\u00e9ographique, la cartographie historique\/num\u00e9rique et la mod\u00e9lisation des processus naturels \u00e0 l&rsquo;aide de la g\u00e9oinformatique.<\/p>\n<p><strong>Pinelopi Matsouka<\/strong> : Fin 1997, elle a fond\u00e9 la maison d&rsquo;\u00e9dition Anavasi, dont l&rsquo;objectif principal est de publier des cartes et des guides de randonn\u00e9e. Elle a parcouru &#8211; et escalad\u00e9 &#8211; la plupart des montagnes grecques, les Alpes et l&rsquo;Asie centrale (Pamir, Tibet, N\u00e9pal) et elle parcourt elle-m\u00eame la plupart des sentiers d\u00e9crits dans les cartes d&rsquo;Anavasi. Sa grande passion est la photographie de la nature et des paysages. Ces derni\u00e8res ann\u00e9es, elle s&rsquo;est engag\u00e9e syst\u00e9matiquement dans la photographie a\u00e9rienne et a publi\u00e9 10 albums de photos a\u00e9riennes dans la s\u00e9rie \u00ab as the seagull flies \u00bb. Elle est \u00e9mue par la beaut\u00e9 et le caract\u00e8re artisanal des paysages grecs.<\/p>\n<p><strong>Mod\u00e9ration par Ivi Adamakopoulou<\/strong>, responsable des \u00e9ditions Anavasi, cartographe ayant effectu\u00e9 des \u00e9tudes de g\u00e9ographie et de litt\u00e9rature \u00e0 Sorbonne. Elle est impliqu\u00e9e \u00e0 la fois dans les publications d&rsquo;Anavasi et dans divers projets de recherche et s\u00e9minaires.<\/p>\n<p>&nbsp;<\/p>\n<p>&nbsp;<\/p>\n<p>&nbsp;<\/p>\n","protected":false},"excerpt":{"rendered":"<p>Une table ronde entre scientifiques, \u00e9crivains et artistes, autour du livre du g\u00e9ographe fran\u00e7ais Sylvain Guyot.<\/p>\n","protected":false},"author":18,"featured_media":56952,"template":"","tags":[],"event_category":[875],"event_group":[],"class_list":["post-56957","event","type-event","status-publish","has-post-thumbnail","hentry","event_category-debat-didees-et-sciences"],"acf":{"sponsors_default":false,"info_title":"","info_text":"","date_range":{"start":"21\/05\/2024","end":"","cancelled":false,"note":"","start_time":"19:00","end_time":""},"details":{"location":"<p>Auditorium Theo Angelopoulos \u2013 Institut fran\u00e7ais de Gr\u00e8ce\u2013 Sina 31<\/p>\n<p>Attestations de pr\u00e9sence d\u00e9livr\u00e9es \u00e0 l\u2019issue de la conf\u00e9rence exclusivement aux personnes pr\u00e9sentes dans l\u2019auditorium. <\/p>\n","hyperlink1a":{"text":"","link":""},"price":"Entr\u00e9e libre, Traduction simultan\u00e9e","hyperlink2a":{"text":"","link":""},"online_event":false,"live_streaming":false,"live_streaming_code":"","facebook_url":"","hyperlink":{"text":"","link":""},"hyperlink2":{"text":"","link":""},"hyperlink3":{"text":"","link":""},"press_release":false},"featured_image_credits":"","home_slider_image":{"ID":56954,"id":56954,"title":"Le secret des montagnes grecques_1300x768","filename":"Le-secret-des-montagnes-grecques_1300x768.jpg","filesize":937687,"url":"https:\/\/www.ifg.gr\/wp-content\/uploads\/2024\/04\/Le-secret-des-montagnes-grecques_1300x768.jpg","link":"https:\/\/www.ifg.gr\/fr\/events\/secrets-des-montagnes-grecques-pour-une-geographie-sensible\/le-secret-des-montagnes-grecques_1300x768-2\/","alt":"","author":"18","description":"","caption":"","name":"le-secret-des-montagnes-grecques_1300x768-2","status":"inherit","uploaded_to":56957,"date":"2024-04-26 13:17:43","modified":"2024-04-26 13:17:43","menu_order":0,"mime_type":"image\/jpeg","type":"image","subtype":"jpeg","icon":"https:\/\/www.ifg.gr\/wp-includes\/images\/media\/default.png","width":1733,"height":1024,"sizes":{"thumbnail":"https:\/\/www.ifg.gr\/wp-content\/uploads\/2024\/04\/Le-secret-des-montagnes-grecques_1300x768.jpg","thumbnail-width":150,"thumbnail-height":89,"medium":"https:\/\/www.ifg.gr\/wp-content\/uploads\/2024\/04\/Le-secret-des-montagnes-grecques_1300x768.jpg","medium-width":300,"medium-height":177,"medium_large":"https:\/\/www.ifg.gr\/wp-content\/uploads\/2024\/04\/Le-secret-des-montagnes-grecques_1300x768-768x454.jpg","medium_large-width":640,"medium_large-height":378,"large":"https:\/\/www.ifg.gr\/wp-content\/uploads\/2024\/04\/Le-secret-des-montagnes-grecques_1300x768.jpg","large-width":640,"large-height":378,"1536x1536":"https:\/\/www.ifg.gr\/wp-content\/uploads\/2024\/04\/Le-secret-des-montagnes-grecques_1300x768-1536x908.jpg","1536x1536-width":1536,"1536x1536-height":908,"2048x2048":"https:\/\/www.ifg.gr\/wp-content\/uploads\/2024\/04\/Le-secret-des-montagnes-grecques_1300x768.jpg","2048x2048-width":1733,"2048x2048-height":1024,"full-width":"https:\/\/www.ifg.gr\/wp-content\/uploads\/2024\/04\/Le-secret-des-montagnes-grecques_1300x768.jpg","full-width-width":1733,"full-width-height":1024,"sidebar":"https:\/\/www.ifg.gr\/wp-content\/uploads\/2024\/04\/Le-secret-des-montagnes-grecques_1300x768-1692x1000.jpg","sidebar-width":1692,"sidebar-height":1000,"thumb-sm":"https:\/\/www.ifg.gr\/wp-content\/uploads\/2024\/04\/Le-secret-des-montagnes-grecques_1300x768-220x130.jpg","thumb-sm-width":220,"thumb-sm-height":130,"thumb-square":"https:\/\/www.ifg.gr\/wp-content\/uploads\/2024\/04\/Le-secret-des-montagnes-grecques_1300x768-300x300.jpg","thumb-square-width":300,"thumb-square-height":300,"thumb-big":"https:\/\/www.ifg.gr\/wp-content\/uploads\/2024\/04\/Le-secret-des-montagnes-grecques_1300x768-600x400.jpg","thumb-big-width":600,"thumb-big-height":400,"slider-big":"https:\/\/www.ifg.gr\/wp-content\/uploads\/2024\/04\/Le-secret-des-montagnes-grecques_1300x768-1315x768.jpg","slider-big-width":1315,"slider-big-height":768}},"sponsors_group":false,"layout":false},"yoast_head":"<!-- This site is optimized with the Yoast SEO plugin v26.8 - https:\/\/yoast.com\/product\/yoast-seo-wordpress\/ -->\n<title>Secrets des montagnes grecques : pour une g\u00e9ographie sensible<\/title>\n<meta name=\"description\" content=\"Une table ronde entre scientifiques, \u00e9crivains et artistes, autour du livre du g\u00e9ographe fran\u00e7ais Sylvain Guyot.\" \/>\n<meta name=\"robots\" content=\"index, follow, max-snippet:-1, max-image-preview:large, max-video-preview:-1\" \/>\n<link rel=\"canonical\" href=\"https:\/\/www.ifg.gr\/fr\/events\/secrets-des-montagnes-grecques-pour-une-geographie-sensible\/\" \/>\n<meta property=\"og:locale\" content=\"fr_FR\" \/>\n<meta property=\"og:type\" content=\"article\" \/>\n<meta property=\"og:title\" content=\"Secrets des montagnes grecques : pour une g\u00e9ographie sensible\" \/>\n<meta property=\"og:description\" content=\"Une table ronde entre scientifiques, \u00e9crivains et artistes, autour du livre du g\u00e9ographe fran\u00e7ais Sylvain Guyot.\" \/>\n<meta property=\"og:url\" content=\"https:\/\/www.ifg.gr\/fr\/events\/secrets-des-montagnes-grecques-pour-une-geographie-sensible\/\" \/>\n<meta property=\"og:site_name\" content=\"IFG\" \/>\n<meta property=\"article:modified_time\" content=\"2024-04-26T14:00:25+00:00\" \/>\n<meta property=\"og:image\" content=\"https:\/\/www.ifg.gr\/wp-content\/uploads\/2024\/04\/Le-secret-des-montagnes-grecques_1200x800.jpg\" \/>\n\t<meta property=\"og:image:width\" content=\"1600\" \/>\n\t<meta property=\"og:image:height\" content=\"1067\" \/>\n\t<meta property=\"og:image:type\" content=\"image\/jpeg\" \/>\n<meta name=\"twitter:card\" content=\"summary_large_image\" \/>\n<meta name=\"twitter:label1\" content=\"Dur\u00e9e de lecture estim\u00e9e\" \/>\n\t<meta name=\"twitter:data1\" content=\"4 minutes\" \/>\n<script type=\"application\/ld+json\" class=\"yoast-schema-graph\">{\"@context\":\"https:\/\/schema.org\",\"@graph\":[{\"@type\":\"WebPage\",\"@id\":\"https:\/\/www.ifg.gr\/fr\/events\/secrets-des-montagnes-grecques-pour-une-geographie-sensible\/\",\"url\":\"https:\/\/www.ifg.gr\/fr\/events\/secrets-des-montagnes-grecques-pour-une-geographie-sensible\/\",\"name\":\"Secrets des montagnes grecques : pour une g\u00e9ographie sensible\",\"isPartOf\":{\"@id\":\"https:\/\/www.ifg.gr\/#website\"},\"primaryImageOfPage\":{\"@id\":\"https:\/\/www.ifg.gr\/fr\/events\/secrets-des-montagnes-grecques-pour-une-geographie-sensible\/#primaryimage\"},\"image\":{\"@id\":\"https:\/\/www.ifg.gr\/fr\/events\/secrets-des-montagnes-grecques-pour-une-geographie-sensible\/#primaryimage\"},\"thumbnailUrl\":\"https:\/\/www.ifg.gr\/wp-content\/uploads\/2024\/04\/Le-secret-des-montagnes-grecques_1200x800.jpg\",\"datePublished\":\"2024-04-26T13:42:33+00:00\",\"dateModified\":\"2024-04-26T14:00:25+00:00\",\"description\":\"Une table ronde entre scientifiques, \u00e9crivains et artistes, autour du livre du g\u00e9ographe fran\u00e7ais Sylvain Guyot.\",\"breadcrumb\":{\"@id\":\"https:\/\/www.ifg.gr\/fr\/events\/secrets-des-montagnes-grecques-pour-une-geographie-sensible\/#breadcrumb\"},\"inLanguage\":\"fr-FR\",\"potentialAction\":[{\"@type\":\"ReadAction\",\"target\":[\"https:\/\/www.ifg.gr\/fr\/events\/secrets-des-montagnes-grecques-pour-une-geographie-sensible\/\"]}]},{\"@type\":\"ImageObject\",\"inLanguage\":\"fr-FR\",\"@id\":\"https:\/\/www.ifg.gr\/fr\/events\/secrets-des-montagnes-grecques-pour-une-geographie-sensible\/#primaryimage\",\"url\":\"https:\/\/www.ifg.gr\/wp-content\/uploads\/2024\/04\/Le-secret-des-montagnes-grecques_1200x800.jpg\",\"contentUrl\":\"https:\/\/www.ifg.gr\/wp-content\/uploads\/2024\/04\/Le-secret-des-montagnes-grecques_1200x800.jpg\",\"width\":1600,\"height\":1067},{\"@type\":\"BreadcrumbList\",\"@id\":\"https:\/\/www.ifg.gr\/fr\/events\/secrets-des-montagnes-grecques-pour-une-geographie-sensible\/#breadcrumb\",\"itemListElement\":[{\"@type\":\"ListItem\",\"position\":1,\"name\":\"Home\",\"item\":\"https:\/\/www.ifg.gr\/fr\/\"},{\"@type\":\"ListItem\",\"position\":2,\"name\":\"Events\",\"item\":\"https:\/\/www.ifg.gr\/events\/\"},{\"@type\":\"ListItem\",\"position\":3,\"name\":\"Secrets des montagnes grecques : pour une g\u00e9ographie sensible\"}]},{\"@type\":\"WebSite\",\"@id\":\"https:\/\/www.ifg.gr\/#website\",\"url\":\"https:\/\/www.ifg.gr\/\",\"name\":\"IFG\",\"description\":\"\",\"potentialAction\":[{\"@type\":\"SearchAction\",\"target\":{\"@type\":\"EntryPoint\",\"urlTemplate\":\"https:\/\/www.ifg.gr\/?s={search_term_string}\"},\"query-input\":{\"@type\":\"PropertyValueSpecification\",\"valueRequired\":true,\"valueName\":\"search_term_string\"}}],\"inLanguage\":\"fr-FR\"}]}<\/script>\n<!-- \/ Yoast SEO plugin. -->","yoast_head_json":{"title":"Secrets des montagnes grecques : pour une g\u00e9ographie sensible","description":"Une table ronde entre scientifiques, \u00e9crivains et artistes, autour du livre du g\u00e9ographe fran\u00e7ais Sylvain Guyot.","robots":{"index":"index","follow":"follow","max-snippet":"max-snippet:-1","max-image-preview":"max-image-preview:large","max-video-preview":"max-video-preview:-1"},"canonical":"https:\/\/www.ifg.gr\/fr\/events\/secrets-des-montagnes-grecques-pour-une-geographie-sensible\/","og_locale":"fr_FR","og_type":"article","og_title":"Secrets des montagnes grecques : pour une g\u00e9ographie sensible","og_description":"Une table ronde entre scientifiques, \u00e9crivains et artistes, autour du livre du g\u00e9ographe fran\u00e7ais Sylvain Guyot.","og_url":"https:\/\/www.ifg.gr\/fr\/events\/secrets-des-montagnes-grecques-pour-une-geographie-sensible\/","og_site_name":"IFG","article_modified_time":"2024-04-26T14:00:25+00:00","og_image":[{"width":1600,"height":1067,"url":"https:\/\/www.ifg.gr\/wp-content\/uploads\/2024\/04\/Le-secret-des-montagnes-grecques_1200x800.jpg","type":"image\/jpeg"}],"twitter_card":"summary_large_image","twitter_misc":{"Dur\u00e9e de lecture estim\u00e9e":"4 minutes"},"schema":{"@context":"https:\/\/schema.org","@graph":[{"@type":"WebPage","@id":"https:\/\/www.ifg.gr\/fr\/events\/secrets-des-montagnes-grecques-pour-une-geographie-sensible\/","url":"https:\/\/www.ifg.gr\/fr\/events\/secrets-des-montagnes-grecques-pour-une-geographie-sensible\/","name":"Secrets des montagnes grecques : pour une g\u00e9ographie sensible","isPartOf":{"@id":"https:\/\/www.ifg.gr\/#website"},"primaryImageOfPage":{"@id":"https:\/\/www.ifg.gr\/fr\/events\/secrets-des-montagnes-grecques-pour-une-geographie-sensible\/#primaryimage"},"image":{"@id":"https:\/\/www.ifg.gr\/fr\/events\/secrets-des-montagnes-grecques-pour-une-geographie-sensible\/#primaryimage"},"thumbnailUrl":"https:\/\/www.ifg.gr\/wp-content\/uploads\/2024\/04\/Le-secret-des-montagnes-grecques_1200x800.jpg","datePublished":"2024-04-26T13:42:33+00:00","dateModified":"2024-04-26T14:00:25+00:00","description":"Une table ronde entre scientifiques, \u00e9crivains et artistes, autour du livre du g\u00e9ographe fran\u00e7ais Sylvain Guyot.","breadcrumb":{"@id":"https:\/\/www.ifg.gr\/fr\/events\/secrets-des-montagnes-grecques-pour-une-geographie-sensible\/#breadcrumb"},"inLanguage":"fr-FR","potentialAction":[{"@type":"ReadAction","target":["https:\/\/www.ifg.gr\/fr\/events\/secrets-des-montagnes-grecques-pour-une-geographie-sensible\/"]}]},{"@type":"ImageObject","inLanguage":"fr-FR","@id":"https:\/\/www.ifg.gr\/fr\/events\/secrets-des-montagnes-grecques-pour-une-geographie-sensible\/#primaryimage","url":"https:\/\/www.ifg.gr\/wp-content\/uploads\/2024\/04\/Le-secret-des-montagnes-grecques_1200x800.jpg","contentUrl":"https:\/\/www.ifg.gr\/wp-content\/uploads\/2024\/04\/Le-secret-des-montagnes-grecques_1200x800.jpg","width":1600,"height":1067},{"@type":"BreadcrumbList","@id":"https:\/\/www.ifg.gr\/fr\/events\/secrets-des-montagnes-grecques-pour-une-geographie-sensible\/#breadcrumb","itemListElement":[{"@type":"ListItem","position":1,"name":"Home","item":"https:\/\/www.ifg.gr\/fr\/"},{"@type":"ListItem","position":2,"name":"Events","item":"https:\/\/www.ifg.gr\/events\/"},{"@type":"ListItem","position":3,"name":"Secrets des montagnes grecques : pour une g\u00e9ographie sensible"}]},{"@type":"WebSite","@id":"https:\/\/www.ifg.gr\/#website","url":"https:\/\/www.ifg.gr\/","name":"IFG","description":"","potentialAction":[{"@type":"SearchAction","target":{"@type":"EntryPoint","urlTemplate":"https:\/\/www.ifg.gr\/?s={search_term_string}"},"query-input":{"@type":"PropertyValueSpecification","valueRequired":true,"valueName":"search_term_string"}}],"inLanguage":"fr-FR"}]}},"_links":{"self":[{"href":"https:\/\/www.ifg.gr\/fr\/wp-json\/wp\/v2\/event\/56957","targetHints":{"allow":["GET"]}}],"collection":[{"href":"https:\/\/www.ifg.gr\/fr\/wp-json\/wp\/v2\/event"}],"about":[{"href":"https:\/\/www.ifg.gr\/fr\/wp-json\/wp\/v2\/types\/event"}],"author":[{"embeddable":true,"href":"https:\/\/www.ifg.gr\/fr\/wp-json\/wp\/v2\/users\/18"}],"version-history":[{"count":3,"href":"https:\/\/www.ifg.gr\/fr\/wp-json\/wp\/v2\/event\/56957\/revisions"}],"predecessor-version":[{"id":56964,"href":"https:\/\/www.ifg.gr\/fr\/wp-json\/wp\/v2\/event\/56957\/revisions\/56964"}],"wp:featuredmedia":[{"embeddable":true,"href":"https:\/\/www.ifg.gr\/fr\/wp-json\/wp\/v2\/media\/56952"}],"wp:attachment":[{"href":"https:\/\/www.ifg.gr\/fr\/wp-json\/wp\/v2\/media?parent=56957"}],"wp:term":[{"taxonomy":"post_tag","embeddable":true,"href":"https:\/\/www.ifg.gr\/fr\/wp-json\/wp\/v2\/tags?post=56957"},{"taxonomy":"event_category","embeddable":true,"href":"https:\/\/www.ifg.gr\/fr\/wp-json\/wp\/v2\/event_category?post=56957"},{"taxonomy":"event_group","embeddable":true,"href":"https:\/\/www.ifg.gr\/fr\/wp-json\/wp\/v2\/event_group?post=56957"}],"curies":[{"name":"wp","href":"https:\/\/api.w.org\/{rel}","templated":true}]}}