{"id":59841,"date":"2024-10-02T15:59:15","date_gmt":"2024-10-02T12:59:15","guid":{"rendered":"https:\/\/www.ifg.gr\/events\/kyklos-cine-club-lefki-karta-eva-stefani-octovrios-noemvrios-dekemvrios-2024\/"},"modified":"2024-11-28T11:31:41","modified_gmt":"2024-11-28T09:31:41","slug":"cycle-cineclub-carte-blanche-eva-stefani-oct-nov-dec-2024","status":"publish","type":"event","link":"https:\/\/www.ifg.gr\/fr\/events\/cycle-cineclub-carte-blanche-eva-stefani-oct-nov-dec-2024\/","title":{"rendered":"Cycle Cin\u00e9Club: Carte blanche \u00e0 Eva Stefani | octobre, novembre &#038; d\u00e9cembre 2024"},"content":{"rendered":"<p>Le cycle de projections \u00ab <strong>Cin\u00e9Club <\/strong>\u00bb de l\u2019IFG est de retour et fait peau neuve en donnant, pendant un trimestre, carte blanche \u00e0 une personnalit\u00e9 grecque du monde du cin\u00e9ma, pour pr\u00e9senter trois films de son choix.<\/p>\n<p>Pour les mois d\u2019<strong>octobre, novembre et d\u00e9cembre 2024<\/strong>, la Carte Blanche est attribu\u00e9e \u00e0 la r\u00e9alisatrice <strong>Eva Stefani<\/strong>.<\/p>\n<p>Lors de ces soir\u00e9es cin\u00e9ma, avec entr\u00e9e libre, les cin\u00e9philes auront l\u2019occasion de d\u00e9couvrir ou red\u00e9couvrir quelques perles de la cin\u00e9matographie fran\u00e7aise, sous-titr\u00e9es en grec.<\/p>\n<hr \/>\n<p><strong>Les 3 projections de la Carte blanche \u00e0 Eva Stefani<\/strong><\/p>\n<p>\ud83d\udcfd\ufe0f vendredi 18 octobre 2024, 20h00: \u00ab L\u2019Atalante \u00bb, de Jean Vigo (1934)<br \/>\n\ud83d\udcfd\ufe0f mercredi 27 novembre 2024, 20h00: \u00ab Playtime \u00bb, de Jacques Tati (1967)<br \/>\n\ud83d\udfe1\ud83d\udcfd\ufe0f mercredi 11 d\u00e9cembre 2024, 20h00: \u00ab Sans toit ni loi \u00bb, d\u2019Agn\u00e8s Varda (1985)<\/p>\n<p><img loading=\"lazy\" decoding=\"async\" class=\"alignnone size-full wp-image-59918\" src=\"https:\/\/www.ifg.gr\/wp-content\/uploads\/2024\/10\/CINEBLUB_deltio.jpg\" alt=\"\" width=\"900\" height=\"220\" srcset=\"https:\/\/www.ifg.gr\/wp-content\/uploads\/2024\/10\/CINEBLUB_deltio.jpg 900w, https:\/\/www.ifg.gr\/wp-content\/uploads\/2024\/10\/CINEBLUB_deltio-768x188.jpg 768w, https:\/\/www.ifg.gr\/wp-content\/uploads\/2024\/10\/CINEBLUB_deltio-532x130.jpg 532w\" sizes=\"auto, (max-width: 900px) 100vw, 900px\" \/><\/p>\n<hr \/>\n<h3>1\u00e8re projection | vendredi 18 octobre 2024, 20h00<\/h3>\n<h3>\u00ab L\u2019Atalante \u00bb, de Jean Vigo<br \/>\n(88&prime; &#8211; 1934 &#8211; France)<br \/>\navec : Michel Simon, Dita Parlo, Jean Dast\u00e9<\/h3>\n<p>* Film sous-titr\u00e9 en grec<\/p>\n<p><em>La jeune femme d&rsquo;un marinier, fatigu\u00e9e de sa vie monotone sur la p\u00e9niche \u00ab l&rsquo;Atalante \u00bb, se laisse un jour attirer par les artifices de la ville, laissant son mari dans un profond d\u00e9sespoir. Mais cruellement d\u00e9\u00e7ue, elle revient \u00e0 lui et le bonheur tranquille reprend son cours le long des fleuves, en compagnie du vieux marinier, le p\u00e8re Jules. <\/em>Un monument du cin\u00e9ma !<em><br \/>\n<\/em><\/p>\n<p><iframe loading=\"lazy\" title=\"L&#039;Atalante (1934) - trailer\" width=\"640\" height=\"360\" src=\"https:\/\/www.youtube.com\/embed\/vzTN0YnKmOs?feature=oembed\" frameborder=\"0\" allow=\"accelerometer; autoplay; clipboard-write; encrypted-media; gyroscope; picture-in-picture; web-share\" referrerpolicy=\"strict-origin-when-cross-origin\" allowfullscreen><\/iframe><\/p>\n<hr \/>\n<h3>2\u00e8me projection | mercredi 27 novembre 2024, 20h00<\/h3>\n<h3>\u00ab Playtime \u00bb, de Jacques Tati<br \/>\n(124&prime; -1967 &#8211; France)<br \/>\navec : Jacques Tati, Barbara Dennek, Jacqueline Lecome<\/h3>\n<p>* Film sous-titr\u00e9 en grec<\/p>\n<p><em>Des touristes am\u00e9ricaines ont opt\u00e9 pour une formule de voyage gr\u00e2ce \u00e0 laquelle elles visitent une capitale par jour. Mais arriv\u00e9es \u00e0 Orly, elles se rendent compte que l&rsquo;a\u00e9roport est identique \u00e0 tous ceux qu&rsquo;elles ont d\u00e9j\u00e0 fr\u00e9quent\u00e9s. En se rendant \u00e0 Paris, elles constatent \u00e9galement que le d\u00e9cor est le m\u00eame que celui des autres capitales&#8230;<\/em><\/p>\n<p><iframe loading=\"lazy\" title=\"PlayTime de Jacques Tati : bande-annonce 2014\" width=\"640\" height=\"360\" src=\"https:\/\/www.youtube.com\/embed\/xLUz37fDJtE?feature=oembed\" frameborder=\"0\" allow=\"accelerometer; autoplay; clipboard-write; encrypted-media; gyroscope; picture-in-picture; web-share\" referrerpolicy=\"strict-origin-when-cross-origin\" allowfullscreen><\/iframe><\/p>\n<hr \/>\n<h3>\ud83d\udfe1 3\u00e8me projection | mercredi 11 d\u00e9cembre 2024, 20h00<\/h3>\n<h3>\u00ab Sans toit ni loi \u00bb, d&rsquo;Agn\u00e8s Varda<br \/>\n(105&prime; \u2013 1985 &#8211; France)<br \/>\navec : Sandrine Bonnaire, Macha M\u00e9ril, St\u00e9phane Freiss<\/h3>\n<p>* Film sous-titr\u00e9 en grec et en anglais<\/p>\n<p><em>Une jeune fille errante est trouv\u00e9e morte de froid : c&rsquo;est un fait d&rsquo;hiver. Etait-ce une mort naturelle ? C&rsquo;est une question de gendarme ou de sociologue. Que pouvait-on savoir d&rsquo;elle et comment ont r\u00e9agi ceux qui ont crois\u00e9 sa route ? C&rsquo;est le sujet du film. La cam\u00e9ra s&rsquo;attache \u00e0 Mona, racontant les deux derniers mois de son errance. Elle tra\u00eene. Installe sa tente pr\u00e8s d&rsquo;un garage ou d&rsquo;un cimeti\u00e8re. Elle marche, surtout jusqu&rsquo;au bout de ses forces.<\/em><\/p>\n<p><iframe loading=\"lazy\" title=\"SANS TOIT NI LOI (VAGABOND) ORIGINAL TRAILER 1985 AGNES VARDA\" width=\"640\" height=\"360\" src=\"https:\/\/www.youtube.com\/embed\/niPLWtg2G0g?feature=oembed\" frameborder=\"0\" allow=\"accelerometer; autoplay; clipboard-write; encrypted-media; gyroscope; picture-in-picture; web-share\" referrerpolicy=\"strict-origin-when-cross-origin\" allowfullscreen><\/iframe><\/p>\n<hr \/>\n<h3>Eva Stefani, r\u00e9alisatrice<\/h3>\n<p>Eva Stefani est n\u00e9e aux Etats-Unis et vit \u00e0 Ath\u00e8nes.<\/p>\n<p>Elle a r\u00e9alis\u00e9 plus de 30 films louvoyant entre cin\u00e9ma exp\u00e9rimental et film ethnographique.<br \/>\nParmi ses r\u00e9alisations figurent : Letters from Albatross (1996), Roommates (1999), Acropolis (2001), The Box (2004), Athinai (2007), What time is it ? (2007), Bathers (2008), Manuscript (2017), Days and Nights of Demetra K. (2021). Certains de ses films ont \u00e9t\u00e9 r\u00e9compens\u00e9s \u00e0 l\u2019international (Oberhausen, Cin\u00e9ma du R\u00e9el, Fipresci, L\u2019Europe autour de l\u2019Europe etc). Au cours des sept derni\u00e8res ann\u00e9es, plusieurs r\u00e9trospectives de ses films ont \u00e9t\u00e9 organis\u00e9es en Europe et aux Etats-Unis.<\/p>\n<p>Depuis 2000, elle a particip\u00e9 \u00e0 des festivals artistiques internationaux, dont la documenta 14. En 2019, elle a repr\u00e9sent\u00e9 la Gr\u00e8ce \u00e0 la 58e Biennale de Venise avec Zafos Xagoraris et Panos Charalambous.<\/p>\n<p>Elle a \u00e9tudi\u00e9 les Sciences politiques \u00e0 Ath\u00e8nes, avant d\u2019obtenir un Master en Th\u00e9orie du cin\u00e9ma &amp; Anthropologie \u00e0 l\u2019Universit\u00e9 de New York (NYU). Elle a \u00e9galement suivi une formation au cin\u00e9ma documentaire aux Ateliers Varan (Paris) et \u00e0 la National Film and Television School (Londres). Sa th\u00e8se de doctorat portait sur les repr\u00e9sentations de la Gr\u00e8ce dans le cin\u00e9ma ethnographique (Universit\u00e9 Panteion, 1997).<\/p>\n<p>Elle est professeure au d\u00e9partement communication et m\u00e9dias de l&rsquo;Universit\u00e9 nationale et capodistrienne d\u2019Ath\u00e8nes. Son dernier film documentaire, intitul\u00e9 Bull\u2019s heart, est consacr\u00e9 \u00e0 Dimitris Papaioannou.<\/p>\n<p><img loading=\"lazy\" decoding=\"async\" class=\"alignnone size-full wp-image-59842\" src=\"https:\/\/www.ifg.gr\/wp-content\/uploads\/2024\/10\/Eva-Stefani.png\" alt=\"\" width=\"708\" height=\"975\" srcset=\"https:\/\/www.ifg.gr\/wp-content\/uploads\/2024\/10\/Eva-Stefani.png 708w, https:\/\/www.ifg.gr\/wp-content\/uploads\/2024\/10\/Eva-Stefani-94x130.png 94w\" sizes=\"auto, (max-width: 708px) 100vw, 708px\" \/><\/p>\n","protected":false},"excerpt":{"rendered":"<p>Pour les mois d\u2019octobre, novembre et d\u00e9cembre 2024, la Carte Blanche est attribu\u00e9e \u00e0 la talentueuse r\u00e9alisatrice Eva Stefani.<\/p>\n","protected":false},"author":18,"featured_media":59837,"template":"","tags":[1725,1723,1428,1427,1115],"event_category":[874],"event_group":[],"class_list":["post-59841","event","type-event","status-publish","has-post-thumbnail","hentry","tag-cycle-de-projections-fr","tag-kyklos-provolon-fr","tag-cinema","tag-kinimatografos-fr","tag-cine-club-fr","event_category-cinema"],"acf":{"sponsors_default":false,"info_title":"","info_text":"","date_range":{"start":"11\/12\/2024","end":"","cancelled":false,"note":"","start_time":"20:00","end_time":""},"details":{"location":"<p>\u0391uditorium Theo Angelopoulos (Sina 31)<\/p>\n<p>La projection sera pr\u00e9c\u00e9d\u00e9e d\u2019une pr\u00e9sentation par Eva Stefani.<\/p>\n","hyperlink1a":{"text":"","link":""},"price":"Entr\u00e9e libre \/ Film sous-titr\u00e9 en grec ","hyperlink2a":{"text":"","link":""},"online_event":false,"live_streaming":false,"live_streaming_code":"","facebook_url":"","hyperlink":{"text":"","link":""},"hyperlink2":{"text":"","link":""},"hyperlink3":{"text":"","link":""},"press_release":false},"featured_image_credits":"","home_slider_image":{"ID":59839,"id":59839,"title":"CINECLUB_1300x768","filename":"CINECLUB_1300x768.jpg","filesize":924921,"url":"https:\/\/www.ifg.gr\/wp-content\/uploads\/2024\/10\/CINECLUB_1300x768.jpg","link":"https:\/\/www.ifg.gr\/fr\/events\/cycle-cineclub-carte-blanche-eva-stefani-oct-nov-dec-2024\/cineclub_1300x768-2\/","alt":"","author":"18","description":"","caption":"","name":"cineclub_1300x768-2","status":"inherit","uploaded_to":59841,"date":"2024-10-02 12:58:44","modified":"2024-10-02 12:58:44","menu_order":0,"mime_type":"image\/jpeg","type":"image","subtype":"jpeg","icon":"https:\/\/www.ifg.gr\/wp-includes\/images\/media\/default.png","width":2167,"height":1280,"sizes":{"thumbnail":"https:\/\/www.ifg.gr\/wp-content\/uploads\/2024\/10\/CINECLUB_1300x768.jpg","thumbnail-width":150,"thumbnail-height":89,"medium":"https:\/\/www.ifg.gr\/wp-content\/uploads\/2024\/10\/CINECLUB_1300x768.jpg","medium-width":300,"medium-height":177,"medium_large":"https:\/\/www.ifg.gr\/wp-content\/uploads\/2024\/10\/CINECLUB_1300x768-768x454.jpg","medium_large-width":640,"medium_large-height":378,"large":"https:\/\/www.ifg.gr\/wp-content\/uploads\/2024\/10\/CINECLUB_1300x768.jpg","large-width":640,"large-height":378,"1536x1536":"https:\/\/www.ifg.gr\/wp-content\/uploads\/2024\/10\/CINECLUB_1300x768-1536x907.jpg","1536x1536-width":1536,"1536x1536-height":907,"2048x2048":"https:\/\/www.ifg.gr\/wp-content\/uploads\/2024\/10\/CINECLUB_1300x768-2048x1210.jpg","2048x2048-width":2048,"2048x2048-height":1210,"full-width":"https:\/\/www.ifg.gr\/wp-content\/uploads\/2024\/10\/CINECLUB_1300x768-1920x1134.jpg","full-width-width":1920,"full-width-height":1134,"sidebar":"https:\/\/www.ifg.gr\/wp-content\/uploads\/2024\/10\/CINECLUB_1300x768-1693x1000.jpg","sidebar-width":1693,"sidebar-height":1000,"thumb-sm":"https:\/\/www.ifg.gr\/wp-content\/uploads\/2024\/10\/CINECLUB_1300x768-220x130.jpg","thumb-sm-width":220,"thumb-sm-height":130,"thumb-square":"https:\/\/www.ifg.gr\/wp-content\/uploads\/2024\/10\/CINECLUB_1300x768-300x300.jpg","thumb-square-width":300,"thumb-square-height":300,"thumb-big":"https:\/\/www.ifg.gr\/wp-content\/uploads\/2024\/10\/CINECLUB_1300x768-600x400.jpg","thumb-big-width":600,"thumb-big-height":400,"slider-big":"https:\/\/www.ifg.gr\/wp-content\/uploads\/2024\/10\/CINECLUB_1300x768-1315x768.jpg","slider-big-width":1315,"slider-big-height":768}},"sponsors_group":false,"layout":false},"yoast_head":"<!-- This site is optimized with the Yoast SEO plugin v26.8 - https:\/\/yoast.com\/product\/yoast-seo-wordpress\/ -->\n<title>Cycle Cin\u00e9Club: Carte blanche \u00e0 Eva Stefani | octobre, novembre &amp; d\u00e9cembre 2024<\/title>\n<meta name=\"description\" content=\"Pour les mois d\u2019octobre, novembre et d\u00e9cembre 2024, la Carte Blanche est attribu\u00e9e \u00e0 la talentueuse r\u00e9alisatrice Eva Stefani.\" \/>\n<meta name=\"robots\" content=\"index, follow, max-snippet:-1, max-image-preview:large, max-video-preview:-1\" \/>\n<link rel=\"canonical\" href=\"https:\/\/www.ifg.gr\/fr\/events\/cycle-cineclub-carte-blanche-eva-stefani-oct-nov-dec-2024\/\" \/>\n<meta property=\"og:locale\" content=\"fr_FR\" \/>\n<meta property=\"og:type\" content=\"article\" \/>\n<meta property=\"og:title\" content=\"Cycle Cin\u00e9Club: Carte blanche \u00e0 Eva Stefani | octobre, novembre &amp; d\u00e9cembre 2024\" \/>\n<meta property=\"og:description\" content=\"Pour les mois d\u2019octobre, novembre et d\u00e9cembre 2024, la Carte Blanche est attribu\u00e9e \u00e0 la talentueuse r\u00e9alisatrice Eva Stefani.\" \/>\n<meta property=\"og:url\" content=\"https:\/\/www.ifg.gr\/fr\/events\/cycle-cineclub-carte-blanche-eva-stefani-oct-nov-dec-2024\/\" \/>\n<meta property=\"og:site_name\" content=\"IFG\" \/>\n<meta property=\"article:modified_time\" content=\"2024-11-28T09:31:41+00:00\" \/>\n<meta property=\"og:image\" content=\"https:\/\/www.ifg.gr\/wp-content\/uploads\/2024\/10\/CINECLUB_1200X800.jpg\" \/>\n\t<meta property=\"og:image:width\" content=\"2000\" \/>\n\t<meta property=\"og:image:height\" content=\"1333\" \/>\n\t<meta property=\"og:image:type\" content=\"image\/jpeg\" \/>\n<meta name=\"twitter:card\" content=\"summary_large_image\" \/>\n<meta name=\"twitter:label1\" content=\"Dur\u00e9e de lecture estim\u00e9e\" \/>\n\t<meta name=\"twitter:data1\" content=\"5 minutes\" \/>\n<script type=\"application\/ld+json\" class=\"yoast-schema-graph\">{\"@context\":\"https:\/\/schema.org\",\"@graph\":[{\"@type\":\"WebPage\",\"@id\":\"https:\/\/www.ifg.gr\/fr\/events\/cycle-cineclub-carte-blanche-eva-stefani-oct-nov-dec-2024\/\",\"url\":\"https:\/\/www.ifg.gr\/fr\/events\/cycle-cineclub-carte-blanche-eva-stefani-oct-nov-dec-2024\/\",\"name\":\"Cycle Cin\u00e9Club: Carte blanche \u00e0 Eva Stefani | octobre, novembre & d\u00e9cembre 2024\",\"isPartOf\":{\"@id\":\"https:\/\/www.ifg.gr\/#website\"},\"primaryImageOfPage\":{\"@id\":\"https:\/\/www.ifg.gr\/fr\/events\/cycle-cineclub-carte-blanche-eva-stefani-oct-nov-dec-2024\/#primaryimage\"},\"image\":{\"@id\":\"https:\/\/www.ifg.gr\/fr\/events\/cycle-cineclub-carte-blanche-eva-stefani-oct-nov-dec-2024\/#primaryimage\"},\"thumbnailUrl\":\"https:\/\/www.ifg.gr\/wp-content\/uploads\/2024\/10\/CINECLUB_1200X800.jpg\",\"datePublished\":\"2024-10-02T12:59:15+00:00\",\"dateModified\":\"2024-11-28T09:31:41+00:00\",\"description\":\"Pour les mois d\u2019octobre, novembre et d\u00e9cembre 2024, la Carte Blanche est attribu\u00e9e \u00e0 la talentueuse r\u00e9alisatrice Eva Stefani.\",\"breadcrumb\":{\"@id\":\"https:\/\/www.ifg.gr\/fr\/events\/cycle-cineclub-carte-blanche-eva-stefani-oct-nov-dec-2024\/#breadcrumb\"},\"inLanguage\":\"fr-FR\",\"potentialAction\":[{\"@type\":\"ReadAction\",\"target\":[\"https:\/\/www.ifg.gr\/fr\/events\/cycle-cineclub-carte-blanche-eva-stefani-oct-nov-dec-2024\/\"]}]},{\"@type\":\"ImageObject\",\"inLanguage\":\"fr-FR\",\"@id\":\"https:\/\/www.ifg.gr\/fr\/events\/cycle-cineclub-carte-blanche-eva-stefani-oct-nov-dec-2024\/#primaryimage\",\"url\":\"https:\/\/www.ifg.gr\/wp-content\/uploads\/2024\/10\/CINECLUB_1200X800.jpg\",\"contentUrl\":\"https:\/\/www.ifg.gr\/wp-content\/uploads\/2024\/10\/CINECLUB_1200X800.jpg\",\"width\":2000,\"height\":1333},{\"@type\":\"BreadcrumbList\",\"@id\":\"https:\/\/www.ifg.gr\/fr\/events\/cycle-cineclub-carte-blanche-eva-stefani-oct-nov-dec-2024\/#breadcrumb\",\"itemListElement\":[{\"@type\":\"ListItem\",\"position\":1,\"name\":\"Home\",\"item\":\"https:\/\/www.ifg.gr\/fr\/\"},{\"@type\":\"ListItem\",\"position\":2,\"name\":\"Events\",\"item\":\"https:\/\/www.ifg.gr\/events\/\"},{\"@type\":\"ListItem\",\"position\":3,\"name\":\"Cycle Cin\u00e9Club: Carte blanche \u00e0 Eva Stefani | octobre, novembre &#038; d\u00e9cembre 2024\"}]},{\"@type\":\"WebSite\",\"@id\":\"https:\/\/www.ifg.gr\/#website\",\"url\":\"https:\/\/www.ifg.gr\/\",\"name\":\"IFG\",\"description\":\"\",\"potentialAction\":[{\"@type\":\"SearchAction\",\"target\":{\"@type\":\"EntryPoint\",\"urlTemplate\":\"https:\/\/www.ifg.gr\/?s={search_term_string}\"},\"query-input\":{\"@type\":\"PropertyValueSpecification\",\"valueRequired\":true,\"valueName\":\"search_term_string\"}}],\"inLanguage\":\"fr-FR\"}]}<\/script>\n<!-- \/ Yoast SEO plugin. -->","yoast_head_json":{"title":"Cycle Cin\u00e9Club: Carte blanche \u00e0 Eva Stefani | octobre, novembre & d\u00e9cembre 2024","description":"Pour les mois d\u2019octobre, novembre et d\u00e9cembre 2024, la Carte Blanche est attribu\u00e9e \u00e0 la talentueuse r\u00e9alisatrice Eva Stefani.","robots":{"index":"index","follow":"follow","max-snippet":"max-snippet:-1","max-image-preview":"max-image-preview:large","max-video-preview":"max-video-preview:-1"},"canonical":"https:\/\/www.ifg.gr\/fr\/events\/cycle-cineclub-carte-blanche-eva-stefani-oct-nov-dec-2024\/","og_locale":"fr_FR","og_type":"article","og_title":"Cycle Cin\u00e9Club: Carte blanche \u00e0 Eva Stefani | octobre, novembre & d\u00e9cembre 2024","og_description":"Pour les mois d\u2019octobre, novembre et d\u00e9cembre 2024, la Carte Blanche est attribu\u00e9e \u00e0 la talentueuse r\u00e9alisatrice Eva Stefani.","og_url":"https:\/\/www.ifg.gr\/fr\/events\/cycle-cineclub-carte-blanche-eva-stefani-oct-nov-dec-2024\/","og_site_name":"IFG","article_modified_time":"2024-11-28T09:31:41+00:00","og_image":[{"width":2000,"height":1333,"url":"https:\/\/www.ifg.gr\/wp-content\/uploads\/2024\/10\/CINECLUB_1200X800.jpg","type":"image\/jpeg"}],"twitter_card":"summary_large_image","twitter_misc":{"Dur\u00e9e de lecture estim\u00e9e":"5 minutes"},"schema":{"@context":"https:\/\/schema.org","@graph":[{"@type":"WebPage","@id":"https:\/\/www.ifg.gr\/fr\/events\/cycle-cineclub-carte-blanche-eva-stefani-oct-nov-dec-2024\/","url":"https:\/\/www.ifg.gr\/fr\/events\/cycle-cineclub-carte-blanche-eva-stefani-oct-nov-dec-2024\/","name":"Cycle Cin\u00e9Club: Carte blanche \u00e0 Eva Stefani | octobre, novembre & d\u00e9cembre 2024","isPartOf":{"@id":"https:\/\/www.ifg.gr\/#website"},"primaryImageOfPage":{"@id":"https:\/\/www.ifg.gr\/fr\/events\/cycle-cineclub-carte-blanche-eva-stefani-oct-nov-dec-2024\/#primaryimage"},"image":{"@id":"https:\/\/www.ifg.gr\/fr\/events\/cycle-cineclub-carte-blanche-eva-stefani-oct-nov-dec-2024\/#primaryimage"},"thumbnailUrl":"https:\/\/www.ifg.gr\/wp-content\/uploads\/2024\/10\/CINECLUB_1200X800.jpg","datePublished":"2024-10-02T12:59:15+00:00","dateModified":"2024-11-28T09:31:41+00:00","description":"Pour les mois d\u2019octobre, novembre et d\u00e9cembre 2024, la Carte Blanche est attribu\u00e9e \u00e0 la talentueuse r\u00e9alisatrice Eva Stefani.","breadcrumb":{"@id":"https:\/\/www.ifg.gr\/fr\/events\/cycle-cineclub-carte-blanche-eva-stefani-oct-nov-dec-2024\/#breadcrumb"},"inLanguage":"fr-FR","potentialAction":[{"@type":"ReadAction","target":["https:\/\/www.ifg.gr\/fr\/events\/cycle-cineclub-carte-blanche-eva-stefani-oct-nov-dec-2024\/"]}]},{"@type":"ImageObject","inLanguage":"fr-FR","@id":"https:\/\/www.ifg.gr\/fr\/events\/cycle-cineclub-carte-blanche-eva-stefani-oct-nov-dec-2024\/#primaryimage","url":"https:\/\/www.ifg.gr\/wp-content\/uploads\/2024\/10\/CINECLUB_1200X800.jpg","contentUrl":"https:\/\/www.ifg.gr\/wp-content\/uploads\/2024\/10\/CINECLUB_1200X800.jpg","width":2000,"height":1333},{"@type":"BreadcrumbList","@id":"https:\/\/www.ifg.gr\/fr\/events\/cycle-cineclub-carte-blanche-eva-stefani-oct-nov-dec-2024\/#breadcrumb","itemListElement":[{"@type":"ListItem","position":1,"name":"Home","item":"https:\/\/www.ifg.gr\/fr\/"},{"@type":"ListItem","position":2,"name":"Events","item":"https:\/\/www.ifg.gr\/events\/"},{"@type":"ListItem","position":3,"name":"Cycle Cin\u00e9Club: Carte blanche \u00e0 Eva Stefani | octobre, novembre &#038; d\u00e9cembre 2024"}]},{"@type":"WebSite","@id":"https:\/\/www.ifg.gr\/#website","url":"https:\/\/www.ifg.gr\/","name":"IFG","description":"","potentialAction":[{"@type":"SearchAction","target":{"@type":"EntryPoint","urlTemplate":"https:\/\/www.ifg.gr\/?s={search_term_string}"},"query-input":{"@type":"PropertyValueSpecification","valueRequired":true,"valueName":"search_term_string"}}],"inLanguage":"fr-FR"}]}},"_links":{"self":[{"href":"https:\/\/www.ifg.gr\/fr\/wp-json\/wp\/v2\/event\/59841","targetHints":{"allow":["GET"]}}],"collection":[{"href":"https:\/\/www.ifg.gr\/fr\/wp-json\/wp\/v2\/event"}],"about":[{"href":"https:\/\/www.ifg.gr\/fr\/wp-json\/wp\/v2\/types\/event"}],"author":[{"embeddable":true,"href":"https:\/\/www.ifg.gr\/fr\/wp-json\/wp\/v2\/users\/18"}],"version-history":[{"count":11,"href":"https:\/\/www.ifg.gr\/fr\/wp-json\/wp\/v2\/event\/59841\/revisions"}],"predecessor-version":[{"id":60668,"href":"https:\/\/www.ifg.gr\/fr\/wp-json\/wp\/v2\/event\/59841\/revisions\/60668"}],"wp:featuredmedia":[{"embeddable":true,"href":"https:\/\/www.ifg.gr\/fr\/wp-json\/wp\/v2\/media\/59837"}],"wp:attachment":[{"href":"https:\/\/www.ifg.gr\/fr\/wp-json\/wp\/v2\/media?parent=59841"}],"wp:term":[{"taxonomy":"post_tag","embeddable":true,"href":"https:\/\/www.ifg.gr\/fr\/wp-json\/wp\/v2\/tags?post=59841"},{"taxonomy":"event_category","embeddable":true,"href":"https:\/\/www.ifg.gr\/fr\/wp-json\/wp\/v2\/event_category?post=59841"},{"taxonomy":"event_group","embeddable":true,"href":"https:\/\/www.ifg.gr\/fr\/wp-json\/wp\/v2\/event_group?post=59841"}],"curies":[{"name":"wp","href":"https:\/\/api.w.org\/{rel}","templated":true}]}}