{"id":60047,"date":"2024-10-18T12:20:42","date_gmt":"2024-10-18T09:20:42","guid":{"rendered":"https:\/\/www.ifg.gr\/events\/festival-ichitikis-dimiourgias-enas-kosmos-ichon\/"},"modified":"2024-11-07T18:02:04","modified_gmt":"2024-11-07T16:02:04","slug":"festival-de-creation-sonore-un-monde-de-sons-2024","status":"publish","type":"event","link":"https:\/\/www.ifg.gr\/fr\/events\/festival-de-creation-sonore-un-monde-de-sons-2024\/","title":{"rendered":"Festival de cr\u00e9ation sonore : Un monde de sons"},"content":{"rendered":"<p>L\u2019Institut fran\u00e7ais de Gr\u00e8ce invite le public \u00e0 la <strong>premi\u00e8re \u00e9dition du Festival de Cr\u00e9ation Sonore \u00ab Un monde de sons \u00bb<\/strong>, <strong>du 4 au 10 novembre<\/strong>. Ce festival s\u2019inscrit dans le cadre de \u00ab\u00a0<strong>Novembre Num\u00e9rique, la f\u00eate internationale des cultures num\u00e9riques <\/strong><strong>\u00bb<\/strong>,\u00a0pilot\u00e9e par l\u2019Institut fran\u00e7ais (Paris).<\/p>\n<p>\u00c0 quoi ressemblerait un monde sans sons, un \u00e9t\u00e9 grec sans cigales ou une ville sans bruit ? Essentiel \u00e0 notre rapport au monde, le sonore est pourtant per\u00e7u comme accessoire, et plus que jamais tributaire de l\u2019image qu\u2019il accompagne ou illustre. Par ce festival, nous vous proposons de le mettre au centre de notre attention et d\u2019explorer, avec les artistes, cr\u00e9ateurs ou chercheurs qui le manipulent, ses diff\u00e9rentes couleurs.<\/p>\n<h3>Musique, radio, podcast, th\u00e9\u00e2tre, cin\u00e9ma, masterclass, rencontres, d\u00e9ambulations sonores, soir\u00e9es\u2026 7 jours d\u2019activit\u00e9s gratuites autour du son et de la cr\u00e9ation sonore.<\/h3>\n<p>Un festival de cr\u00e9ation sonore hors du commun \u00e0 Ath\u00e8nes&#8230; tout un monde de sons, \u00e9coutez voir !<\/p>\n<p><img loading=\"lazy\" decoding=\"async\" class=\"alignnone size-full wp-image-60161\" src=\"https:\/\/www.ifg.gr\/wp-content\/uploads\/2024\/10\/Festival_Creation_-Sonore_logo2.jpg\" alt=\"\" width=\"1111\" height=\"250\" srcset=\"https:\/\/www.ifg.gr\/wp-content\/uploads\/2024\/10\/Festival_Creation_-Sonore_logo2.jpg 1111w, https:\/\/www.ifg.gr\/wp-content\/uploads\/2024\/10\/Festival_Creation_-Sonore_logo2-768x173.jpg 768w, https:\/\/www.ifg.gr\/wp-content\/uploads\/2024\/10\/Festival_Creation_-Sonore_logo2-578x130.jpg 578w\" sizes=\"auto, (max-width: 1111px) 100vw, 1111px\" \/><\/p>\n<hr \/>\n<p><strong>\u3030\ufe0f <a href=\"https:\/\/www.ifg.gr\/wp-content\/uploads\/2024\/11\/bios-invite.e.s-FR.pdf\" target=\"_blank\" rel=\"noopener\">D\u00e9couvrez les invit\u00e9s\/\u00e9es du festival (PDF)<\/a><\/strong>\u00a0<strong>\u3030\ufe0f<\/strong><\/p>\n<hr \/>\n<p><strong><a href=\"https:\/\/www.ifg.gr\/wp-content\/uploads\/2024\/10\/FCS_A5_FR_web.pdf\" target=\"_blank\" rel=\"noopener\">T\u00e9l\u00e9chargez le programme en bref (PDF)<\/a> \u3030\ufe0f Vous trouverez le programme d\u00e9taill\u00e9 ci-dessous<\/strong><\/p>\n<hr \/>\n<h3><strong>PROGRAMME D\u00c9TAILL\u00c9<\/strong><\/h3>\n<h3>\ud83d\udfe1 LUNDI 4 NOVEMBRE 2024<\/h3>\n<p><strong> \u25fe20h00 | Auditorium Theo Angelopoulos &#8211; IFG<br \/>\n\u00ab FRESH VOICES SESSIONS \u00bb<\/strong><br \/>\nAvec : <a href=\"https:\/\/www.instagram.com\/matina_sous_peau\/\" target=\"_blank\" rel=\"noopener\">MATINA SOUS PEAU<\/a>, musicienne, productrice, dj &amp; chanteuse et <a href=\"https:\/\/www.instagram.com\/leroybroughtflowers\/\" target=\"_blank\" rel=\"noopener\">LEROYBROUGHTFLOWERS<\/a>, musicien &amp; compositeur<\/p>\n<p>Le projet Fresh Voices Sessions de la radio <a href=\"https:\/\/www.voice1025.gr\/\" target=\"_blank\" rel=\"noopener\">VOICE 102,5<\/a>, en partenariat avec l\u2019Institut fran\u00e7ais de Gr\u00e8ce, pr\u00e9sente les nouvelles voix de la ville et donne \u00e0 ses auditeurs, ainsi qu\u2019au grand public, l\u2019occasion de mieux conna\u00eetre la nouvelle sc\u00e8ne ath\u00e9nienne. \u00c0 l\u2019occasion de l\u2019ouverture du Festival de cr\u00e9ation sonore \u00ab Un monde de sons \u00bb les artistes Matina Sous Peau et Leroybroughtflowers sont invit\u00e9s pour deux sessions live, suivies d\u2019une discussion originale avec la participation du public !<\/p>\n<p>\u27bf Entr\u00e9e libre uniquement sur invitation de <a href=\"https:\/\/www.voice1025.gr\/\" target=\"_blank\" rel=\"noopener\">VOICE 102,5<\/a>.<br \/>\n\u27bf Pour plus d\u2019informations cliquez <a href=\"https:\/\/www.voice1025.gr\/timetable\/event\/me-sophie-lies-kai-amalia-the-architects-to-neo-fresh-voices-tou-voice-102-5\/\" target=\"_blank\" rel=\"noopener\">ici<\/a>.<br \/>\n\u27bf En partenariat avec <a href=\"https:\/\/www.voice1025.gr\/\" target=\"_blank\" rel=\"noopener\">VOICE 102,5<\/a><\/p>\n<hr \/>\n<h3>\ud83d\udfe1 MARDI 5 NOVEMBRE 2024<\/h3>\n<p><strong>\u25fe19h00 | Auditorium Theo Angelopoulos &#8211; IFG<\/strong><br \/>\n<strong>ENREGISTREMENT EN DIRECT DE L\u2019EMISSION RADIO \u00ab MENOUME PROTO \u00bb<\/strong><br \/>\nPr\u00e9sentation : Elena KARAGIANNI, journaliste (ERT). Invit\u00e9 : Yorgos ARCHIMANDRITIS, auteur de documentaires radiophoniques d\u2019art et de culture<\/p>\n<p>Lors de cette \u00e9mission sp\u00e9ciale, diffus\u00e9e en direct sur Proto Programma (ERT) depuis l\u2019Auditorium de l\u2019IFG, la journaliste Elena Karagianni fera d\u00e9couvrir au public et \u00e0 ses auditeurs l\u2019\u0153uvre radiophonique \u00e0 <a href=\"https:\/\/www.radiofrance.fr\/franceculture\" target=\"_blank\" rel=\"noopener\">France Culture<\/a> de Yorgos Archimandritis lors d\u2019une discussion agr\u00e9ment\u00e9e d\u2019extraits sonores choisis par l\u2019invit\u00e9.<\/p>\n<p>\u27bf En grec<br \/>\n\u27bf En partenariat avec <a href=\"https:\/\/www.ertecho.gr\/radio\/proto\/\" target=\"_blank\" rel=\"noopener\">Proto Programma<\/a> (ERT)<\/p>\n<hr \/>\n<h3>\ud83d\udfe1 MERCREDI 6 NOVEMBRE 2024<\/h3>\n<p><strong>\u25fe18h30 | Salle Gis\u00e8le Vivier &#8211; IFG<br \/>\nMASTERCLASS : \u00ab LE R\u00d4LE DU SON DANS LE JEU VID\u00c9O \u00bb <\/strong><br \/>\nAvec : Victoria HENRI-MARTIN, cr\u00e9atrice sonore (<a href=\"https:\/\/dont-nod.com\/en\/\" target=\"_blank\" rel=\"noopener\">Don\u2019t Nod Entertainment<\/a>)<\/p>\n<p>Lors de cette Masterclass, Victoria Henri-Martin, cr\u00e9atrice sonore de jeux vid\u00e9o (\u00ab Life is Strange 2\u00bb, \u00ab \u00abBanishers: Ghosts of New Eden\u00bb, \u00ab Lost Records: Bloom &amp; Rage\u00bb, \u00ab The Awesome Adventure of Captain Spirit \u00bb, \u00ab Tell Me Why \u00bb, \u00ab Harmony : The Fall of Reverie \u00bb etc.), nous parlera du r\u00f4le primordial que joue le son dans le jeu vid\u00e9o. En effet, plus qu\u2019un simple compl\u00e9ment du visuel, il structure l\u2019exp\u00e9rience, guide les joueurs, et participe pleinement \u00e0 l\u2019immersion et \u00e0 l&rsquo;\u00e9motion du jeu.<\/p>\n<p>\u27bf En fran\u00e7ais avec traduction simultan\u00e9e en grec<\/p>\n<p><strong>\u25fe20h30 \u2502 STUDIO, 3 rue Oikonomou<br \/>\nTH\u00c9\u00c2TRE : \u00ab LA NUIT JUSTE AVANT LES FOR\u00caTS \u00bb DE BERNARD-MARIE KOLT\u00c8S <\/strong><br \/>\nAvec : <a href=\"https:\/\/www.instagram.com\/giorgos_skarlatos_\/\" target=\"_blank\" rel=\"noopener\">Georges SKARLATOS<\/a>, interpr\u00e9tation &amp; mise en sc\u00e8ne et Dimitris ROIDIS, interpr\u00e9tation &amp; conception sonore<\/p>\n<p><em>Un discours impulsif \u00e9crit en 1977 qui semble avoir \u00e9t\u00e9 \u00e9crit pour aujourd&rsquo;hui et pour demain, pour une ville dans laquelle l&rsquo;on se sent de plus en plus \u00e9tranger, pour les feuillages et les coups de feu, pour un homme qui court, qui court, qui court&#8230;Qu&rsquo;est-ce que \u00ab La Nuit juste avant les for\u00eats \u00bb ? Une confession, un r\u00eave, un d\u00e9lire, une \u0153uvre musicale ?<\/em><\/p>\n<p>\u27bf En grec<\/p>\n<hr \/>\n<h3>\ud83d\udfe1 JEUDI 7 NOVEMBRE 2024<\/h3>\n<h3><strong>\u27b0 RENCONTRES SONORES : \u00ab LES SONS DE LA RECHERCHE \u00bb<br \/>\n<\/strong><\/h3>\n<p><strong>Partie 1<\/strong><br \/>\n<strong>\u25fe17h30\u2502 Salle Gis\u00e8le Vivier &#8211; IFG<\/strong><br \/>\n<strong>DISCUSSION : \u00ab COMMENT SONNE LA RECHERCHE ? \u00bb<\/strong><br \/>\nAvec : Gilles DE RAPPER, directeur des \u00e9tudes modernes et contemporaines (EFA), Panagiota ANAGNOSTOU (Universit\u00e9 de Ioannina), Aliki ANGELIDOU (Universit\u00e9 Panteion), Olivier GIVRE (Universit\u00e9 Lumi\u00e8re-Lyon2), Flora KRITIKOU (EKPA).<\/p>\n<p>Comment les chercheurs en sciences humaines et sociales travaillent-ils sur le son et avec le son ? \u00c0 l\u2019\u00c9cole fran\u00e7aise d\u2019Ath\u00e8nes, plusieurs programmes de recherche prennent le son comme mat\u00e9riau ou comme objet d\u2019\u00e9tude, depuis le chant liturgique dans la Chypre franque et v\u00e9nitienne jusqu\u2019\u00e0 la m\u00e9moire sonore du communisme en Bulgarie. Leurs enjeux et leurs r\u00e9sultats seront pr\u00e9sent\u00e9s par les chercheurs \u00e0 partir de l\u2019\u00e9coute de mat\u00e9riaux sonores.<\/p>\n<p><strong>Partie 2 <\/strong><br \/>\n<strong>\u25fe19h10\u2502 Salle Gis\u00e8le Vivier &#8211; IFG<\/strong><br \/>\n<strong>CAS D\u2019\u00c9TUDE : \u00ab \u00c0 L\u2019\u00c9COUTE D\u2019EXARCHEIA \u00bb<\/strong><br \/>\nAvec : Olivier GIVRE, chercheur (Universit\u00e9 <a href=\"https:\/\/www.univ-lyon2.fr\/\">Lumi\u00e8re-Lyon2<\/a>), Dana PAPACHRISTOU et Georges SAMANTAS, chercheurs et cr\u00e9ateurs sonores (<a href=\"https:\/\/akooocollective.wordpress.com\/\" target=\"_blank\" rel=\"noopener\">collectif Akoo.o<\/a>\u00a0\/ <a href=\"https:\/\/toaesthate.org\/\" target=\"_blank\" rel=\"noopener\">To Aesthate<\/a>, Ath\u00e8nes)<\/p>\n<p>Dans le cadre du Festival, une \u00e9quipe de chercheurs et d\u2019\u00e9tudiants ont explor\u00e9 le paysage sonore du quartier d\u2019Exarcheia. Lors de cette discussion, ouverte au public, les participants \u00e0 l\u2019atelier d\u00e9voilent leurs d\u00e9couvertes sonores, et tentent de r\u00e9pondre aux questions suivantes : Que nous r\u00e9v\u00e8lent les sons, les bruits, les voix, les musiques, les ambiances de ce quartier embl\u00e9matique d\u2019Ath\u00e8nes ? Comment \u00ab sonne \u00bb l\u2019espace public ? Qu\u2019entend-on individuellement et collectivement ?<\/p>\n<p>\u27bf En grec<br \/>\n\u27bf En partenariat avec l\u2019<a href=\"https:\/\/gr.ambafrance.org\/%CE%97-%CE%93%CE%B1%CE%BB%CE%BB%CE%B9%CE%BA%CE%AE-%CE%A3%CF%87%CE%BF%CE%BB%CE%AE-%CE%91%CE%B8%CE%B7%CE%BD%CF%8E%CE%BD\" target=\"_blank\" rel=\"noopener\">EFA \u2013 \u00c9cole fran\u00e7aise d\u2019Ath\u00e8nes<\/a><\/p>\n<h3><strong>\u27b0 \u00ab PULSATIONS MAGN\u00c9TIQUES DES ANN\u00c9ES 80 \u00bb : PROJECTION DE FILM + SOIR\u00c9E<br \/>\n<\/strong><\/h3>\n<p><strong>\u25fe19h30 \u2502 Auditorium Theo Angelopoulos &#8211; IFG<br \/>\nCIN\u00c9MA : \u00ab LES MAGN\u00c9TIQUES \u00bb, DE VINCENT MA\u00cbL CARDONA<\/strong><br \/>\nAvec : Thimot\u00e9e Robart, Marie Colomb, Joseph Olivennes<br \/>\n99&prime; &#8211; 2021 &#8211; France<\/p>\n<p><em>Une petite ville de province au d\u00e9but des ann\u00e9es 80. Philippe vit dans l\u2019ombre de son fr\u00e8re, J\u00e9r\u00f4me, le soleil noir de la bande. Entre la radio pirate, le garage du p\u00e8re et la menace du service militaire, les deux fr\u00e8res ignorent qu\u2019ils vivent l\u00e0 les derniers feux d\u2019un monde sur le point de dispara\u00eetre.<\/em><\/p>\n<p>\u27bf Film en fran\u00e7ais sous-titr\u00e9 en grec<br \/>\n\u27bf La projection sera suivie d\u2019un Q&amp;A avec Anne-Claire LAIN\u00c9, directrice du festival <a href=\"https:\/\/www.longueur-ondes.fr\/\">Longueur d\u2019Ondes<\/a><br \/>\n\u27bf Q&amp;A en fran\u00e7ais, avec traduction cons\u00e9cutive en grec<\/p>\n<p><strong>\u25fe21:30 \u2502 Maya le Bistro &#8211; IFG<br \/>\nSOIR\u00c9E 80\u2019s NEW WAVE <\/strong><br \/>\nL\u2019Institut fran\u00e7ais de Gr\u00e8ce invite le public \u00e0 prendre un verre et poursuivre son voyage musical \u00e0 travers les sons new wave des ann\u00e9es 80 !<\/p>\n<p>\u27bf Ev\u00e9nement organis\u00e9 dans le cadre de la Carte Blanche au festival <a href=\"https:\/\/www.longueur-ondes.fr\/\">Longueur d\u2019Ondes<\/a><\/p>\n<hr \/>\n<h3>\ud83d\udfe1 VENDREDI 8 NOVEMBRE 2024<\/h3>\n<p><strong>\u25fe16h00 \u2502 Amphith\u00e9\u00e2tre Ioannis Drakopoulos &#8211; EKPA, 30 rue Panepistimiou<br \/>\nCONF\u00c9RENCE : \u00ab PHONOGRAPHIES ET PAYSAGES SONORES \u00bb<\/strong><br \/>\nAvec : Fran\u00e7ois-Bernard M\u00c2CHE, compositeur<\/p>\n<p>L\u2019invention de l\u2019enregistrement sonore a suscit\u00e9 depuis un si\u00e8cle l\u2019apparition de deux nouveaux concepts artistiques : la phonographie et le paysage sonore. Lors de cette conf\u00e9rence, organis\u00e9e dans le cadre de la 7e Conf\u00e9rence d&rsquo;\u00e9cologie acoustique de l\u2019EKPA, le compositeur Fran\u00e7ois-Bernard M\u00e2che \u00e9value leurs caract\u00e8res essentiels et leur l\u00e9gitimit\u00e9.<\/p>\n<p>\u27bf En anglais avec traduction simultan\u00e9e en grec<br \/>\n\u27bf Ev\u00e9nement organis\u00e9 dans le cadre de la 7e Conf\u00e9rence d&rsquo;\u00e9cologie acoustique de l\u2019EKPA.<\/p>\n<p><strong>\u25fe19h00 \u2502 Auditorium Theo Angelopoulos &#8211; IFG<br \/>\nPODCAST &amp; DISCUSSION : \u00ab 35\u00b0 \u00c0 ATH\u00c8NES. MON PERE, MON FILS ET LA GUERRE CIVILE GRECQUE \u00bb DE JULIE GAVRAS <\/strong><br \/>\n58\u2019 &#8211; 2024 &#8211; France<br \/>\n\u27bf Documentaire sonore en fran\u00e7ais sous-titr\u00e9 en grec<\/p>\n<p><em>Julie Gavras m\u00e8ne l&rsquo;enqu\u00eate dans les rues d&rsquo;Ath\u00e8nes sur les traces de la m\u00e9moire familiale. Son grand-p\u00e8re communiste aurait \u00e9t\u00e9 sauv\u00e9 par son fr\u00e8re royaliste durant la guerre civile grecque qui s&rsquo;est d\u00e9roul\u00e9e de 1946 \u00e0 1949. Une singuli\u00e8re g\u00e9n\u00e9alogie familiale \u00e9troitement imbriqu\u00e9e dans l&rsquo;Histoire.<\/em><\/p>\n<p>La s\u00e9ance d\u2019\u00e9coute sera suivie d\u2019une discussion avec Julie GAVRAS, r\u00e9alisatrice, mod\u00e9r\u00e9 par Avra GEORGIOU, r\u00e9alisatrice.<br \/>\n\u27bf En fran\u00e7ais avec traduction cons\u00e9cutive en grec<\/p>\n<p>\u27bfEn partenariat avec <a href=\"https:\/\/www.radiofrance.fr\/franceculture\" target=\"_blank\" rel=\"noopener\">France Culture<\/a>. L\u2019Exp\u00e9rience \/ Production : France Culture. <em>35\u00b0 \u00e0 Ath\u00e8nes. Mon p\u00e8re, mon fils et la guerre civile grecque<\/em> \/ Une production sign\u00e9e par Julie Gravas dans une r\u00e9alisation de Gilles Blanchard, diffus\u00e9e sur France Culture le 17 f\u00e9vrier 2024<br \/>\nEt disponible sur <a href=\"https:\/\/www.radiofrance.fr\/franceculture\" target=\"_blank\" rel=\"noopener\">franceculture.fr<\/a> et l\u2019application Radio France.<\/p>\n<p><strong>\u25fe21h30 \u2502 ROMANTSO, 3 rue Anaxagora<br \/>\nSOIR\u00c9E \u00c9LECTRO \u00ab \u00c9LECTROCHOCS \u00bb<\/strong><br \/>\nUne programmation musicale et \u00e9lectroacoustique \u00e9clectique concoct\u00e9e en partenariat avec la <a href=\"https:\/\/hub.uoa.gr\/7th-conference-on-acoustic-ecology\/\" target=\"_blank\" rel=\"noopener\">7e Conf\u00e9rence d\u2019\u00e9cologie acoustique de l\u2019EKPA<\/a> et l\u2019\u00e9quipe du <a href=\"https:\/\/www.romantso.gr\/\" target=\"_blank\" rel=\"noopener\">ROMANTSO<\/a>.<\/p>\n<p><strong>21h30-22h30<\/strong> \u2502 Ricardo CLIMENT (Sonic Tales of a Windsurfer), Panayotis KOKORAS (APE ), Ioanna MAVRIKI (Strident crowd release), Erik KLINGA (Steglits), Jozi ANDERSON (Antarctic Iceberg to Sea Hear ), et Thanos POLYMENEAS LIONTIRIS (Tettix-A\u2019)<\/p>\n<p><strong>22h30-23h30<\/strong> \u2502 \u00ab INFINITE BODY \u00bb<br \/>\nAvec : Andrew BUNSELL, compositeur et Marie D\u2019ELB\u00c9E, artiste plasticienne<br \/>\n\u00c0 l\u2019intersection de la performance live, du film et de l\u2019installation d\u2019art, \u00ab Infinite Body \u00bb est n\u00e9 de la collaboration entre le compositeur franco-britannique Andrew Bunsell et l\u2019artiste plasticienne fran\u00e7aise Marie d\u2019Elb\u00e9e. \u00ab Infinite Body \u00bb explore les id\u00e9es de conscience expansive et d\u2019\u00e9tats alt\u00e9r\u00e9s \u00e0 travers la m\u00e9tamorphose, l\u2019extase et les exp\u00e9riences hors du corps, en d\u00e9pla\u00e7ant les notions fixes du soi et de la mati\u00e8re.<\/p>\n<p><strong>23h30-01h00 <\/strong>\u2502 Aliki LEFTHERIOTI, DJ r\u00e9sident de ROMANTSO<\/p>\n<p><strong>01h00-02h30<\/strong> \u2502 Jeph VANGER, DJ r\u00e9sident de ROMANTSO<\/p>\n<p>\u27bf Entr\u00e9e libre<br \/>\n\u27bf En partenariat avec la <a href=\"https:\/\/hub.uoa.gr\/7th-conference-on-acoustic-ecology\/\" target=\"_blank\" rel=\"noopener\">7e Conf\u00e9rence d\u2019\u00e9cologie acoustique de l\u2019EKPA<\/a> et le <a href=\"https:\/\/www.romantso.gr\/\" target=\"_blank\" rel=\"noopener\">ROMANTSO<\/a>.<\/p>\n<hr \/>\n<h3>\ud83d\udfe1 SAMEDI 9 NOVEMBRE 2024<\/h3>\n<p><strong>\u25fe11h30\u2502 Auditorium Theo Angelopoulos &#8211; IFG<br \/>\nPODCAST &amp; DISCUSSION : \u00ab G\u00c9N\u00c9RATION PODCAST ? PORTRAITS POLYPHONIQUES D\u2019UNE JEUNESSE SONORE \u00bb<\/strong><br \/>\nAvec : Nefeli SANI, artiste sonore &amp; musicologue, Dimitris ROIDIS, com\u00e9dien &amp; musicien, et Konstantina STAVROPOULOU, artiste sonore &amp; \u00e9ducatrice musicale.<br \/>\nMod\u00e9ration : Dimitris KOUTSIAMBASAKOS, r\u00e9alisateur et professeur (D\u00e9partement cin\u00e9ma, Universit\u00e9 Aristote de Thessalonique)<\/p>\n<p>Laur\u00e9ats du prix du jeune espoir de la cr\u00e9ation audio-documentaire remis chaque ann\u00e9e par l\u2019IFG au <a href=\"https:\/\/www.filmfestival.gr\/el\/podcasts-tdf\/competition-section-podcast\" target=\"_blank\" rel=\"noopener\">Festival de documentaire de Thessalonique (section podcast)<\/a>, Nefeli Sani (2022), Dimitris Roidis (2023), et Konstantina Stavropoulou (2024) ont tous suivi le <a href=\"https:\/\/www.ens-louis-lumiere.fr\/en\/the-sound-documentary-international-summer-programme\/\" target=\"_blank\" rel=\"noopener\">Programme international d&rsquo;\u00e9t\u00e9 du documentaire sonore de l&rsquo;ENS Louis-Lumi\u00e8re<\/a>. Lors de cette discussion, ils nous invitent \u00e0 d\u00e9couvrir, pour la premi\u00e8re fois en Gr\u00e8ce, les productions sonores qu\u2019ils ont r\u00e9alis\u00e9es dans ce cadre et, plus largement, \u00e0 \u00e9changer sur l\u2019importance du son dans leurs pratiques artistiques respectives ainsi que sur leurs perceptions de la cr\u00e9ation sonore en Gr\u00e8ce.<\/p>\n<p>\u27bf En grec<br \/>\n\u27bf En partenariat avec le\u00a0<a href=\"https:\/\/www.filmfestival.gr\/el\/podcasts-tdf\/competition-section-podcast\" target=\"_blank\" rel=\"noopener\">Festival de documentaire de Thessalonique (section podcast)<\/a> et l&rsquo;<a href=\"https:\/\/www.ens-louis-lumiere.fr\/en\/the-sound-documentary-international-summer-programme\/\" target=\"_blank\" rel=\"noopener\">ENS Louis-Lumi\u00e8re<\/a><\/p>\n<p><strong>PODCAST:<\/strong><\/p>\n<p><strong>\u00ab Nuisibles \u00bb de Dimitris Roidis &amp; Ka-Young Park <\/strong><br \/>\nAudio en fran\u00e7ais et en anglais sous-titr\u00e9 en grec<br \/>\n13\u2019 &#8211; 2023 &#8211; France<br \/>\n<em>\u00ab Nuisibles \u00bb traite des aspects sous-jacents de la d\u00e9shumanisation. Dans cette pi\u00e8ce sonore, deux univers sont reli\u00e9s de mani\u00e8re \u00e9trange : un exterminateur de vermines bas\u00e9 \u00e0 Paris et des histoires de jeunes opprim\u00e9s. Apr\u00e8s la d\u00e9claration publique d\u2019un syndicat de police le 30 juillet, ces deux univers se croisent soudainement. Depuis lors, toutes les voix muettes commencent \u00e0 \u00e9clater.<\/em><\/p>\n<p><strong>\u00ab Concrete Fissures \u00bb de Nefeli Sani &amp; Sohyeon Park <\/strong><br \/>\nAudio en fran\u00e7ais et en anglais sous-titr\u00e9 en grec<br \/>\n13\u2019 &#8211; 2022 &#8211; France<br \/>\n<em>Pr\u00e8s de l&rsquo;ENS Louis-Lumi\u00e8re \u00e0 Saint-Denis, il y a d\u2019importantes constructions en cours. De constants bruits de chantier d\u00e9vorent tout le quartier. Il a \u00e9t\u00e9 pr\u00e9vu que Saint-Denis accueille le village olympique lors des Jeux olympiques de Paris en 2024. De ce fait, les ancien.ne.s habitant.e.s qui y vivaient ont \u00e9t\u00e9 violemment expuls\u00e9.es et r\u00e9install\u00e9.e.s ailleurs jusqu\u2019\u00e0 ce que les nouvelles constructions sortent de terre. \u00ab Concrete Fissures \u00bb se concentre sur la fa\u00e7on dont les paysages sonores peuvent changer en raison de la gentrification-capitaliste. En utilisant des interviews de travailleur\/se.s des chantiers, de voisin.ne.s, de militant.e.s anti-olympiques et d&rsquo;un ancien r\u00e9sident expuls\u00e9, le documentaire sonore d\u00e9voile une histoire cach\u00e9e derri\u00e8re les Jeux olympiques. Et ce voyage fait ressurgir nos propres souvenirs des Jeux olympiques organis\u00e9s en Gr\u00e8ce et en Cor\u00e9e.<\/em><\/p>\n<p><strong>\u00ab L\u2019avenir est d\u00e9j\u00e0 ici \u00bb de Konstantina Stavropoulou &amp; Joewackle J. Kusi <\/strong><br \/>\nAudio en fran\u00e7ais et en anglais sous-titr\u00e9 en grec<br \/>\n15\u2019 &#8211; 2024 &#8211; France<br \/>\n<em>L\u2019avenir est d\u00e9j\u00e0 ici interroge la mont\u00e9e de l&rsquo;extr\u00eame droite \u00e0 Brest, une ville du nord de la France traditionnellement ancr\u00e9e \u00e0 gauche. \u00c0 travers les exp\u00e9riences de trois militants, nous rencontrons une partie de la communaut\u00e9 antifasciste de la ville. Nous explorons l&rsquo;\u00e9mergence de l&rsquo;activit\u00e9 fasciste, les tensions croissantes et l&rsquo;impact que cela implique sur cette communaut\u00e9.<\/em><\/p>\n<p><strong>\u25fe17h00 \u2502 Auditorium Theo Angelopoulos &#8211; IFG<br \/>\nPODCAST &amp; TABLE-RONDE : \u00ab VOYAGE EN PAYS DOCUMENTAIRE \u00bb, DE IR\u00c8NE OM\u00c9LIANENKO<\/strong><br \/>\nDocumentaire sonore en fran\u00e7ais sous-titr\u00e9 en grec\u250262\u2019-2024- France<\/p>\n<p>Confectionn\u00e9 par Ir\u00e8ne Om\u00e9lianenko, documentariste, ce \u00ab Voyage \u00bb propose une travers\u00e9e sonore du documentaire tel qu\u2019il s\u2019est constitu\u00e9 en France d\u00e8s les d\u00e9buts de la radiophonie et jusqu\u2019\u00e0 la fin du 20e si\u00e8cle. Trente extraits se rencontrent et esquissent un paysage sonore de 1941 \u00e0 1996 \u00e0 travers une multitude de fen\u00eatres ouvertes sur le monde et le temps.<\/p>\n<p>La s\u00e9ance d\u2019\u00e9coute sera suivie d\u2019une table ronde avec Ir\u00e8ne OMELIANENKO, documentariste, Julie GAVRAS, r\u00e9alisatrice, et Eva STEFANI, r\u00e9alisatrice, autour de la po\u00e9tique du documentaire.<br \/>\nMod\u00e9ration : Anne-Claire LAIN\u00c9, directrice du festival Longueur d&rsquo;Ondes.<\/p>\n<p>\u27bf Discussion en grec et en fran\u00e7ais avec traduction simultan\u00e9e.<br \/>\n\u27bf Dans le cadre de la Carte Blanche \u00e0 <a href=\"https:\/\/www.longueur-ondes.fr\/\">Longueur d\u2019Ondes<\/a><\/p>\n<hr \/>\n<h3>\ud83d\udfe1 DIMANCHE 10 NOVEMBRE 2024<\/h3>\n<p><strong>\u25fe16h00 \u2502 Quartier d\u2019Exarcheia<br \/>\nD\u00c9AMBULATION SONORE : \u00ab \u00c0 L\u2019\u00c9COUTE D\u2019EXARCHEIA \u00bb <\/strong><br \/>\nAvec : Olivier GIVRE, chercheur (Universit\u00e9 <a href=\"https:\/\/www.univ-lyon2.fr\/\" target=\"_blank\" rel=\"noopener\">Lumi\u00e8re-Lyon 2<\/a>), Dana PAPACHRISTOU, chercheuse et cr\u00e9atrice sonore, et Georges SAMANTAS, chercheur et cr\u00e9ateur sonore<\/p>\n<p>La promenade sonore \u00ab en mouvement \u00bb invite les promeneurs \u00e0 d\u00e9couvrir de nouvelles fa\u00e7ons d\u2019\u00e9couter les diff\u00e9rents lieux d&rsquo;int\u00e9r\u00eat du centre-ville d\u2019Ath\u00e8nes. En partant de l&rsquo;Institut fran\u00e7ais nous d\u00e9ambulerons dans le quartier d\u2019Exarcheia, en explorant les diff\u00e9rents paysages sonores urbains et en partageant quelques r\u00e9flexions autour des notions du son et de l&rsquo;espace public.<\/p>\n<p>\u27bf Point de d\u00e9part : Institut fran\u00e7ais de Gr\u00e8ce (31, rue Sina, Ath\u00e8nes)<br \/>\n\u27bf En fran\u00e7ais et en grec<br \/>\n\u27bf Pas d\u2019\u00e9quipement requis<br \/>\n\u27bf Participation libre sans inscription pr\u00e9alable<\/p>\n<hr \/>\n<p>.\/\/.<br \/>\nPour cette premi\u00e8re \u00e9dition du \u00ab Festival de cr\u00e9ation sonore Un Monde de Sons \u00bb, des <strong>activit\u00e9s parall\u00e8les<\/strong>, sur inscription pr\u00e9alable, sont organis\u00e9es telles qu\u2019un stage d\u2019initiation \u00e0 la cr\u00e9ation radiophonique de 5 jours avec les r\u00e9alisatrices radio <strong>Sarah LEFEVRE<\/strong> et <strong>Norah BENARROSH-ORSONI <\/strong>(<a href=\"https:\/\/www.lacassette.fr\/\" target=\"_blank\" rel=\"noopener\">La Cassette<\/a>, \u00e9cole de radio du collectif Transmission), un workshop destin\u00e9 \u00e0 des \u00e9tudiants et doctorants grecs ainsi qu\u2019un s\u00e9minaire scientifique en lien avec l\u2019EFA, coordonn\u00e9s par le chercheur <strong>Olivier GIVRE<\/strong>, et les chercheurs et cr\u00e9ateurs sonores <strong>Dana PAPACHRISTOU<\/strong> et <strong>Giorgos SAMANTAS<\/strong> (<a href=\"https:\/\/akooocollective.wordpress.com\/\" target=\"_blank\" rel=\"noopener\">collectif Akoo.o<\/a> \/ <a href=\"https:\/\/toaesthate.org\/\" target=\"_blank\" rel=\"noopener\">To Aesthate<\/a>). Pour le jeune public, deux activit\u00e9s scolaires sont pr\u00e9vues portant sur le c\u00e9cifoot, avec <strong>Elias MASTORAS<\/strong>, et sur le r\u00f4le du son dans le jeu vid\u00e9o, avec la cr\u00e9atrice sonore <strong>Victoria HENRI-MARTIN<\/strong>.<\/p>\n<p><img loading=\"lazy\" decoding=\"async\" class=\"alignnone size-full wp-image-60083\" src=\"https:\/\/www.ifg.gr\/wp-content\/uploads\/2024\/10\/Festival_Creation_-Sonore_70x100cm_FINAL-scaled.jpg\" alt=\"\" width=\"1792\" height=\"2560\" srcset=\"https:\/\/www.ifg.gr\/wp-content\/uploads\/2024\/10\/Festival_Creation_-Sonore_70x100cm_FINAL-scaled.jpg 1792w, https:\/\/www.ifg.gr\/wp-content\/uploads\/2024\/10\/Festival_Creation_-Sonore_70x100cm_FINAL-768x1097.jpg 768w, https:\/\/www.ifg.gr\/wp-content\/uploads\/2024\/10\/Festival_Creation_-Sonore_70x100cm_FINAL-1075x1536.jpg 1075w, https:\/\/www.ifg.gr\/wp-content\/uploads\/2024\/10\/Festival_Creation_-Sonore_70x100cm_FINAL-1434x2048.jpg 1434w, https:\/\/www.ifg.gr\/wp-content\/uploads\/2024\/10\/Festival_Creation_-Sonore_70x100cm_FINAL-1920x2743.jpg 1920w, https:\/\/www.ifg.gr\/wp-content\/uploads\/2024\/10\/Festival_Creation_-Sonore_70x100cm_FINAL-700x1000.jpg 700w, https:\/\/www.ifg.gr\/wp-content\/uploads\/2024\/10\/Festival_Creation_-Sonore_70x100cm_FINAL-91x130.jpg 91w\" sizes=\"auto, (max-width: 1792px) 100vw, 1792px\" \/><\/p>\n","protected":false},"excerpt":{"rendered":"<p>7 jours d\u2019activit\u00e9s gratuites autour de la cr\u00e9ation sonore : tout un monde de sons, \u00e9coutez voir !<\/p>\n","protected":false},"author":18,"featured_media":60040,"template":"","tags":[1745,1733,1734,1151],"event_category":[1744,878,874,902,984,873,872],"event_group":[],"class_list":["post-60047","event","type-event","status-publish","has-post-thumbnail","hentry","tag-radio","tag-festival-de-creation-sonore","tag-son","tag-podcast-fr","event_category-radio-podcast","event_category-divers","event_category-cinema","event_category-psifiaka-mesa-fr","event_category-musique","event_category-arts-visuels","event_category-spectacle-vivant"],"acf":{"sponsors_default":false,"info_title":"","info_text":"","date_range":{"start":"04\/11\/2024","end":"10\/11\/2024","cancelled":false,"note":"","start_time":"","end_time":""},"details":{"location":"<p>Divers lieux d'Ath\u00e8nes<\/p>\n","hyperlink1a":{"text":"","link":""},"price":"Entr\u00e9e libre","hyperlink2a":{"text":"D\u00e9couvrez les invit\u00e9s\/\u00e9es du festival (PDF)","link":"https:\/\/www.ifg.gr\/wp-content\/uploads\/2024\/11\/bios-invite.e.s-FR.pdf"},"online_event":false,"live_streaming":false,"live_streaming_code":"","facebook_url":"https:\/\/www.facebook.com\/events\/1090986802553263\/","hyperlink":{"text":"","link":""},"hyperlink2":{"text":"","link":""},"hyperlink3":{"text":"","link":""},"press_release":false},"featured_image_credits":"","home_slider_image":{"ID":60042,"id":60042,"title":"Festival_Cr\u00e9ation_ Sonore 1300x768","filename":"Festival_Creation_-Sonore-1300x768-1.jpg","filesize":759494,"url":"https:\/\/www.ifg.gr\/wp-content\/uploads\/2024\/10\/Festival_Creation_-Sonore-1300x768-1.jpg","link":"https:\/\/www.ifg.gr\/fr\/events\/festival-de-creation-sonore-un-monde-de-sons-2024\/festival_creation_-sonore-1300x768-2\/","alt":"","author":"18","description":"","caption":"","name":"festival_creation_-sonore-1300x768-2","status":"inherit","uploaded_to":60047,"date":"2024-10-18 09:20:06","modified":"2024-10-18 09:20:06","menu_order":0,"mime_type":"image\/jpeg","type":"image","subtype":"jpeg","icon":"https:\/\/www.ifg.gr\/wp-includes\/images\/media\/default.png","width":2167,"height":1280,"sizes":{"thumbnail":"https:\/\/www.ifg.gr\/wp-content\/uploads\/2024\/10\/Festival_Creation_-Sonore-1300x768-1.jpg","thumbnail-width":150,"thumbnail-height":89,"medium":"https:\/\/www.ifg.gr\/wp-content\/uploads\/2024\/10\/Festival_Creation_-Sonore-1300x768-1.jpg","medium-width":300,"medium-height":177,"medium_large":"https:\/\/www.ifg.gr\/wp-content\/uploads\/2024\/10\/Festival_Creation_-Sonore-1300x768-1-768x454.jpg","medium_large-width":640,"medium_large-height":378,"large":"https:\/\/www.ifg.gr\/wp-content\/uploads\/2024\/10\/Festival_Creation_-Sonore-1300x768-1.jpg","large-width":640,"large-height":378,"1536x1536":"https:\/\/www.ifg.gr\/wp-content\/uploads\/2024\/10\/Festival_Creation_-Sonore-1300x768-1-1536x907.jpg","1536x1536-width":1536,"1536x1536-height":907,"2048x2048":"https:\/\/www.ifg.gr\/wp-content\/uploads\/2024\/10\/Festival_Creation_-Sonore-1300x768-1-2048x1210.jpg","2048x2048-width":2048,"2048x2048-height":1210,"full-width":"https:\/\/www.ifg.gr\/wp-content\/uploads\/2024\/10\/Festival_Creation_-Sonore-1300x768-1-1920x1134.jpg","full-width-width":1920,"full-width-height":1134,"sidebar":"https:\/\/www.ifg.gr\/wp-content\/uploads\/2024\/10\/Festival_Creation_-Sonore-1300x768-1-1693x1000.jpg","sidebar-width":1693,"sidebar-height":1000,"thumb-sm":"https:\/\/www.ifg.gr\/wp-content\/uploads\/2024\/10\/Festival_Creation_-Sonore-1300x768-1-220x130.jpg","thumb-sm-width":220,"thumb-sm-height":130,"thumb-square":"https:\/\/www.ifg.gr\/wp-content\/uploads\/2024\/10\/Festival_Creation_-Sonore-1300x768-1-300x300.jpg","thumb-square-width":300,"thumb-square-height":300,"thumb-big":"https:\/\/www.ifg.gr\/wp-content\/uploads\/2024\/10\/Festival_Creation_-Sonore-1300x768-1-600x400.jpg","thumb-big-width":600,"thumb-big-height":400,"slider-big":"https:\/\/www.ifg.gr\/wp-content\/uploads\/2024\/10\/Festival_Creation_-Sonore-1300x768-1-1315x768.jpg","slider-big-width":1315,"slider-big-height":768}},"sponsors_group":false,"layout":false},"yoast_head":"<!-- This site is optimized with the Yoast SEO plugin v26.8 - https:\/\/yoast.com\/product\/yoast-seo-wordpress\/ -->\n<title>Festival de cr\u00e9ation sonore : Un monde de sons<\/title>\n<meta name=\"description\" content=\"Musique, radio, podcast, th\u00e9\u00e2tre, cin\u00e9ma, masterclass, rencontres, d\u00e9ambulations sonores, soir\u00e9es\u2026 7 jours d\u2019activit\u00e9s gratuites autour de la cr\u00e9ation sonore : tout un monde de sons, \u00e9coutez voir !\" \/>\n<meta name=\"robots\" content=\"index, follow, max-snippet:-1, max-image-preview:large, max-video-preview:-1\" \/>\n<link rel=\"canonical\" href=\"https:\/\/www.ifg.gr\/fr\/events\/festival-de-creation-sonore-un-monde-de-sons-2024\/\" \/>\n<meta property=\"og:locale\" content=\"fr_FR\" \/>\n<meta property=\"og:type\" content=\"article\" \/>\n<meta property=\"og:title\" content=\"Festival de cr\u00e9ation sonore : Un monde de sons\" \/>\n<meta property=\"og:description\" content=\"Musique, radio, podcast, th\u00e9\u00e2tre, cin\u00e9ma, masterclass, rencontres, d\u00e9ambulations sonores, soir\u00e9es\u2026 7 jours d\u2019activit\u00e9s gratuites autour de la cr\u00e9ation sonore : tout un monde de sons, \u00e9coutez voir !\" \/>\n<meta property=\"og:url\" content=\"https:\/\/www.ifg.gr\/fr\/events\/festival-de-creation-sonore-un-monde-de-sons-2024\/\" \/>\n<meta property=\"og:site_name\" content=\"IFG\" \/>\n<meta property=\"article:modified_time\" content=\"2024-11-07T16:02:04+00:00\" \/>\n<meta property=\"og:image\" content=\"https:\/\/www.ifg.gr\/wp-content\/uploads\/2024\/10\/Festival_Creation_-Sonore__1200X800.jpg\" \/>\n\t<meta property=\"og:image:width\" content=\"2000\" \/>\n\t<meta property=\"og:image:height\" content=\"1333\" \/>\n\t<meta property=\"og:image:type\" content=\"image\/jpeg\" \/>\n<meta name=\"twitter:card\" content=\"summary_large_image\" \/>\n<meta name=\"twitter:label1\" content=\"Dur\u00e9e de lecture estim\u00e9e\" \/>\n\t<meta name=\"twitter:data1\" content=\"13 minutes\" \/>\n<script type=\"application\/ld+json\" class=\"yoast-schema-graph\">{\"@context\":\"https:\/\/schema.org\",\"@graph\":[{\"@type\":\"WebPage\",\"@id\":\"https:\/\/www.ifg.gr\/fr\/events\/festival-de-creation-sonore-un-monde-de-sons-2024\/\",\"url\":\"https:\/\/www.ifg.gr\/fr\/events\/festival-de-creation-sonore-un-monde-de-sons-2024\/\",\"name\":\"Festival de cr\u00e9ation sonore : Un monde de sons\",\"isPartOf\":{\"@id\":\"https:\/\/www.ifg.gr\/#website\"},\"primaryImageOfPage\":{\"@id\":\"https:\/\/www.ifg.gr\/fr\/events\/festival-de-creation-sonore-un-monde-de-sons-2024\/#primaryimage\"},\"image\":{\"@id\":\"https:\/\/www.ifg.gr\/fr\/events\/festival-de-creation-sonore-un-monde-de-sons-2024\/#primaryimage\"},\"thumbnailUrl\":\"https:\/\/www.ifg.gr\/wp-content\/uploads\/2024\/10\/Festival_Creation_-Sonore__1200X800.jpg\",\"datePublished\":\"2024-10-18T09:20:42+00:00\",\"dateModified\":\"2024-11-07T16:02:04+00:00\",\"description\":\"Musique, radio, podcast, th\u00e9\u00e2tre, cin\u00e9ma, masterclass, rencontres, d\u00e9ambulations sonores, soir\u00e9es\u2026 7 jours d\u2019activit\u00e9s gratuites autour de la cr\u00e9ation sonore : tout un monde de sons, \u00e9coutez voir !\",\"breadcrumb\":{\"@id\":\"https:\/\/www.ifg.gr\/fr\/events\/festival-de-creation-sonore-un-monde-de-sons-2024\/#breadcrumb\"},\"inLanguage\":\"fr-FR\",\"potentialAction\":[{\"@type\":\"ReadAction\",\"target\":[\"https:\/\/www.ifg.gr\/fr\/events\/festival-de-creation-sonore-un-monde-de-sons-2024\/\"]}]},{\"@type\":\"ImageObject\",\"inLanguage\":\"fr-FR\",\"@id\":\"https:\/\/www.ifg.gr\/fr\/events\/festival-de-creation-sonore-un-monde-de-sons-2024\/#primaryimage\",\"url\":\"https:\/\/www.ifg.gr\/wp-content\/uploads\/2024\/10\/Festival_Creation_-Sonore__1200X800.jpg\",\"contentUrl\":\"https:\/\/www.ifg.gr\/wp-content\/uploads\/2024\/10\/Festival_Creation_-Sonore__1200X800.jpg\",\"width\":2000,\"height\":1333},{\"@type\":\"BreadcrumbList\",\"@id\":\"https:\/\/www.ifg.gr\/fr\/events\/festival-de-creation-sonore-un-monde-de-sons-2024\/#breadcrumb\",\"itemListElement\":[{\"@type\":\"ListItem\",\"position\":1,\"name\":\"Home\",\"item\":\"https:\/\/www.ifg.gr\/fr\/\"},{\"@type\":\"ListItem\",\"position\":2,\"name\":\"Events\",\"item\":\"https:\/\/www.ifg.gr\/events\/\"},{\"@type\":\"ListItem\",\"position\":3,\"name\":\"Festival de cr\u00e9ation sonore : Un monde de sons\"}]},{\"@type\":\"WebSite\",\"@id\":\"https:\/\/www.ifg.gr\/#website\",\"url\":\"https:\/\/www.ifg.gr\/\",\"name\":\"IFG\",\"description\":\"\",\"potentialAction\":[{\"@type\":\"SearchAction\",\"target\":{\"@type\":\"EntryPoint\",\"urlTemplate\":\"https:\/\/www.ifg.gr\/?s={search_term_string}\"},\"query-input\":{\"@type\":\"PropertyValueSpecification\",\"valueRequired\":true,\"valueName\":\"search_term_string\"}}],\"inLanguage\":\"fr-FR\"}]}<\/script>\n<!-- \/ Yoast SEO plugin. -->","yoast_head_json":{"title":"Festival de cr\u00e9ation sonore : Un monde de sons","description":"Musique, radio, podcast, th\u00e9\u00e2tre, cin\u00e9ma, masterclass, rencontres, d\u00e9ambulations sonores, soir\u00e9es\u2026 7 jours d\u2019activit\u00e9s gratuites autour de la cr\u00e9ation sonore : tout un monde de sons, \u00e9coutez voir !","robots":{"index":"index","follow":"follow","max-snippet":"max-snippet:-1","max-image-preview":"max-image-preview:large","max-video-preview":"max-video-preview:-1"},"canonical":"https:\/\/www.ifg.gr\/fr\/events\/festival-de-creation-sonore-un-monde-de-sons-2024\/","og_locale":"fr_FR","og_type":"article","og_title":"Festival de cr\u00e9ation sonore : Un monde de sons","og_description":"Musique, radio, podcast, th\u00e9\u00e2tre, cin\u00e9ma, masterclass, rencontres, d\u00e9ambulations sonores, soir\u00e9es\u2026 7 jours d\u2019activit\u00e9s gratuites autour de la cr\u00e9ation sonore : tout un monde de sons, \u00e9coutez voir !","og_url":"https:\/\/www.ifg.gr\/fr\/events\/festival-de-creation-sonore-un-monde-de-sons-2024\/","og_site_name":"IFG","article_modified_time":"2024-11-07T16:02:04+00:00","og_image":[{"width":2000,"height":1333,"url":"https:\/\/www.ifg.gr\/wp-content\/uploads\/2024\/10\/Festival_Creation_-Sonore__1200X800.jpg","type":"image\/jpeg"}],"twitter_card":"summary_large_image","twitter_misc":{"Dur\u00e9e de lecture estim\u00e9e":"13 minutes"},"schema":{"@context":"https:\/\/schema.org","@graph":[{"@type":"WebPage","@id":"https:\/\/www.ifg.gr\/fr\/events\/festival-de-creation-sonore-un-monde-de-sons-2024\/","url":"https:\/\/www.ifg.gr\/fr\/events\/festival-de-creation-sonore-un-monde-de-sons-2024\/","name":"Festival de cr\u00e9ation sonore : Un monde de sons","isPartOf":{"@id":"https:\/\/www.ifg.gr\/#website"},"primaryImageOfPage":{"@id":"https:\/\/www.ifg.gr\/fr\/events\/festival-de-creation-sonore-un-monde-de-sons-2024\/#primaryimage"},"image":{"@id":"https:\/\/www.ifg.gr\/fr\/events\/festival-de-creation-sonore-un-monde-de-sons-2024\/#primaryimage"},"thumbnailUrl":"https:\/\/www.ifg.gr\/wp-content\/uploads\/2024\/10\/Festival_Creation_-Sonore__1200X800.jpg","datePublished":"2024-10-18T09:20:42+00:00","dateModified":"2024-11-07T16:02:04+00:00","description":"Musique, radio, podcast, th\u00e9\u00e2tre, cin\u00e9ma, masterclass, rencontres, d\u00e9ambulations sonores, soir\u00e9es\u2026 7 jours d\u2019activit\u00e9s gratuites autour de la cr\u00e9ation sonore : tout un monde de sons, \u00e9coutez voir !","breadcrumb":{"@id":"https:\/\/www.ifg.gr\/fr\/events\/festival-de-creation-sonore-un-monde-de-sons-2024\/#breadcrumb"},"inLanguage":"fr-FR","potentialAction":[{"@type":"ReadAction","target":["https:\/\/www.ifg.gr\/fr\/events\/festival-de-creation-sonore-un-monde-de-sons-2024\/"]}]},{"@type":"ImageObject","inLanguage":"fr-FR","@id":"https:\/\/www.ifg.gr\/fr\/events\/festival-de-creation-sonore-un-monde-de-sons-2024\/#primaryimage","url":"https:\/\/www.ifg.gr\/wp-content\/uploads\/2024\/10\/Festival_Creation_-Sonore__1200X800.jpg","contentUrl":"https:\/\/www.ifg.gr\/wp-content\/uploads\/2024\/10\/Festival_Creation_-Sonore__1200X800.jpg","width":2000,"height":1333},{"@type":"BreadcrumbList","@id":"https:\/\/www.ifg.gr\/fr\/events\/festival-de-creation-sonore-un-monde-de-sons-2024\/#breadcrumb","itemListElement":[{"@type":"ListItem","position":1,"name":"Home","item":"https:\/\/www.ifg.gr\/fr\/"},{"@type":"ListItem","position":2,"name":"Events","item":"https:\/\/www.ifg.gr\/events\/"},{"@type":"ListItem","position":3,"name":"Festival de cr\u00e9ation sonore : Un monde de sons"}]},{"@type":"WebSite","@id":"https:\/\/www.ifg.gr\/#website","url":"https:\/\/www.ifg.gr\/","name":"IFG","description":"","potentialAction":[{"@type":"SearchAction","target":{"@type":"EntryPoint","urlTemplate":"https:\/\/www.ifg.gr\/?s={search_term_string}"},"query-input":{"@type":"PropertyValueSpecification","valueRequired":true,"valueName":"search_term_string"}}],"inLanguage":"fr-FR"}]}},"_links":{"self":[{"href":"https:\/\/www.ifg.gr\/fr\/wp-json\/wp\/v2\/event\/60047","targetHints":{"allow":["GET"]}}],"collection":[{"href":"https:\/\/www.ifg.gr\/fr\/wp-json\/wp\/v2\/event"}],"about":[{"href":"https:\/\/www.ifg.gr\/fr\/wp-json\/wp\/v2\/types\/event"}],"author":[{"embeddable":true,"href":"https:\/\/www.ifg.gr\/fr\/wp-json\/wp\/v2\/users\/18"}],"version-history":[{"count":48,"href":"https:\/\/www.ifg.gr\/fr\/wp-json\/wp\/v2\/event\/60047\/revisions"}],"predecessor-version":[{"id":60366,"href":"https:\/\/www.ifg.gr\/fr\/wp-json\/wp\/v2\/event\/60047\/revisions\/60366"}],"wp:featuredmedia":[{"embeddable":true,"href":"https:\/\/www.ifg.gr\/fr\/wp-json\/wp\/v2\/media\/60040"}],"wp:attachment":[{"href":"https:\/\/www.ifg.gr\/fr\/wp-json\/wp\/v2\/media?parent=60047"}],"wp:term":[{"taxonomy":"post_tag","embeddable":true,"href":"https:\/\/www.ifg.gr\/fr\/wp-json\/wp\/v2\/tags?post=60047"},{"taxonomy":"event_category","embeddable":true,"href":"https:\/\/www.ifg.gr\/fr\/wp-json\/wp\/v2\/event_category?post=60047"},{"taxonomy":"event_group","embeddable":true,"href":"https:\/\/www.ifg.gr\/fr\/wp-json\/wp\/v2\/event_group?post=60047"}],"curies":[{"name":"wp","href":"https:\/\/api.w.org\/{rel}","templated":true}]}}