{"id":60272,"date":"2024-10-30T14:07:26","date_gmt":"2024-10-30T12:07:26","guid":{"rendered":"https:\/\/www.ifg.gr\/events\/syzitisi-ekthesi-graphic-novel-enas-kosmos-choris-telos\/"},"modified":"2024-11-06T15:05:02","modified_gmt":"2024-11-06T13:05:02","slug":"discussion-exposition-bande-dessinnee-le-monde-sans-fin","status":"publish","type":"event","link":"https:\/\/www.ifg.gr\/fr\/events\/discussion-exposition-bande-dessinnee-le-monde-sans-fin\/","title":{"rendered":"Discussion &#038; exposition autour de la bande dessin\u00e9e \u00ab Le monde sans fin \u00bb"},"content":{"rendered":"<h3>\u2192 DISCUSSION<\/h3>\n<p><strong>19 novembre 2024, 18h30<\/strong> \u2502 <strong>Auditorium Theo Angelopoulos, IFG &#8211; 31, rue Sina<br \/>\n<\/strong>\u2139\ufe0f \u0395ntr\u00e9e libre, en grec<\/p>\n<p>\u00c0 l\u2019occasion de la sortie de l\u2019album \u00ab Le monde sans fin \u00bb en grec, l\u2019Institut fran\u00e7ais de Gr\u00e8ce organise en partenariat avec les \u00e9ditions <a href=\"https:\/\/kritiki.gr\/\" target=\"_blank\" rel=\"noopener\">KRITIKI<\/a>, une conf\u00e9rence-d\u00e9bat sur cet album instructif, passionnant et tr\u00e8s bien document\u00e9 sur la question du changement climatique avec une pointe d\u2019humour.<\/p>\n<p>Intervenants :<br \/>\n<strong>Yannis Zirinis<\/strong>, a particip\u00e9 \u00e0 la relecture de l\u2019ouvrage<br \/>\n<strong>Stelios Diakoulakis<\/strong>, directeur adjoint pour l&rsquo;Europe du r\u00e9seau mondial sur le changement climatique C40 Cities<br \/>\n<strong>Sophia Papadopoulou<\/strong>, biologiste mol\u00e9culaire, docteur en sciences &#8211; coordinatrice scientifique, responsable du programme de m\u00e9thodologie d&rsquo;\u00e9tude des \u00e9coles Douka<br \/>\n<strong>Lida Tsene<\/strong>, PhD, directrice artistique de Comicdom CON Athens<\/p>\n<p>Mod\u00e9ration :<br \/>\n<strong>Marilia Papathanasiou<\/strong>, Journaliste (To Vima)<\/p>\n<h3>\u2192 EXPOSITION<\/h3>\n<p><strong>04-27 novembre 2024<\/strong> \u2502 <strong><a href=\"https:\/\/www.ifg.gr\/fr\/news\/maya-le-bistro-institut-francais-de-grece-ifg\/\" target=\"_blank\" rel=\"noopener\">Maya Le Bistro<\/a>, IFG &#8211; 31, rue Sina<br \/>\n<\/strong>\u2139\ufe0f Heures d\u2019ouverture : Lundi \u2013 vendredi : 09h00 &#8211; 19h00. Samedi : 09h00 &#8211; 17h00<br \/>\n\u2139\ufe0f \u0395ntr\u00e9e libre<\/p>\n<p>Comment l&rsquo;\u00e9nergie a-t-elle fa\u00e7onn\u00e9 le monde d&rsquo;aujourd&rsquo;hui ? Que va-t-il se passer avec la crise climatique ? Quelles pratiques durables devrions-nous adopter en mati\u00e8re de production et d&rsquo;utilisation de l&rsquo;\u00e9nergie, de transport, de logement, d&rsquo;alimentation et de consommation ? Si nous construisons en m\u00eame temps des r\u00e9seaux sociaux solides, serons-nous capables de r\u00e9sister aux d\u00e9fis \u00e9conomiques, \u00e9cologiques et sociaux de l&rsquo;avenir ? L\u2019exposition revient sur les principales th\u00e9matiques de la bande dessin\u00e9e \u2013 l\u2019\u00e9nergie et le climat \u2013 pour mieux comprendre la crise \u00e9cologique que nous traversons, puis propose des pistes pour (r\u00e9)agir. Guid\u00e9s par les auteurs, partons \u00e0 la d\u00e9couverte des causes et cons\u00e9quences du d\u00e9r\u00e8glement climatique, les solutions qui pourraient fa\u00e7onner le futur \u00e9nerg\u00e9tique des soci\u00e9t\u00e9s et l&rsquo;avenir climatique de la plan\u00e8te.<\/p>\n<p>L&rsquo;Institut fran\u00e7ais de Gr\u00e8ce, en collaboration avec <a href=\"https:\/\/www.ellet.gr\/\" target=\"_blank\" rel=\"noopener\">ELLET<\/a> (Soci\u00e9t\u00e9 hell\u00e9nique pour l\u2019environnement et la culture), accueille une exposition cr\u00e9\u00e9e par l&rsquo;<a href=\"https:\/\/www.institutfrancais.com\/fr\" target=\"_blank\" rel=\"noopener\">Institut fran\u00e7ais &#8211; Paris<\/a>, \u00e0 l&rsquo;occasion de la sortie du roman graphique \u00ab <strong>Un monde sans fin<\/strong> \u00bb.<\/p>\n<p>L&rsquo;<a href=\"https:\/\/www.institutfrancais.com\/fr\" target=\"_blank\" rel=\"noopener\">Institut fran\u00e7ais &#8211; Paris<\/a> a souhait\u00e9 adapter cette BD sous forme d\u2019exposition \u00e9co-con\u00e7ue pour contribuer \u00e0 sensibiliser le public \u00e0 l\u2019enjeu de la transition \u00e9cologique, partout dans le monde, au sein du r\u00e9seau des Instituts fran\u00e7ais, des Alliances Fran\u00e7aises et de leurs partenaires.<\/p>\n<p>L\u2019ouvrage \u00ab Le Monde sans fin \u00bb est n\u00e9 de la rencontre entre <a href=\"https:\/\/www.instagram.com\/blain.christophe\/?hl=el\" target=\"_blank\" rel=\"noopener\"><strong>Christophe Blain<\/strong><\/a>, c\u00e9l\u00e8bre auteur de bandes dessin\u00e9es, et <strong><a href=\"https:\/\/jancovici.com\/en\/\" target=\"_blank\" rel=\"noopener\">Jean-Marc Jancovici<\/a><\/strong>, ing\u00e9nieur sp\u00e9cialiste des questions d\u2019\u00e9nergie et de climat. Cette bande dessin\u00e9e propose une r\u00e9flexion approfondie et pleine d\u2019humour sur les causes et les cons\u00e9quences du d\u00e9r\u00e8glement climatique. D\u00e8s sa publication en 2021, c\u2019est un immense succ\u00e8s. Traduite dans plusieurs langues, cette BD est le livre le plus vendu en France en 2022 avec presque 1. 000 000 exemplaires.<\/p>\n<hr \/>\n<p>LES AUTEURS DE LA BANDE D\u00c9SSIN\u00c9E \u00ab UN MONDE SANS FIN \u00bb<\/p>\n<p><strong><a href=\"https:\/\/www.instagram.com\/blain.christophe\/?hl=el\" target=\"_blank\" rel=\"noopener\">Christophe Blain<\/a> \u2013 Auteur \u2013 Sc\u00e9nario \u2013 Dessin\u2013 Couleurs<\/strong><br \/>\nChristophe Blain a \u00e9t\u00e9 honor\u00e9 \u00e0 deux reprises du prestigieux prix du meilleur album au Festival d\u2019Angoul\u00eame. La premi\u00e8re r\u00e9compense lui a \u00e9t\u00e9 d\u00e9cern\u00e9e en 2002 pour le premier tome d\u2019\u00ab Isaac le pirate \u00bb, tandis que la seconde a suivi en 2013 pour le tome 2 de \u00ab Quai d\u2019Orsay \u00bb.<\/p>\n<p><strong><a href=\"https:\/\/jancovici.com\/en\/\" target=\"_blank\" rel=\"noopener\">Jean-Marc Jancovici<\/a> \u2013 Sc\u00e9nario<\/strong><br \/>\nJean-Marc Jancovici, associ\u00e9 co-fondateur de <a href=\"https:\/\/www.carbone4.com\/en\" target=\"_blank\" rel=\"noopener\">Carbone 4<\/a>, une soci\u00e9t\u00e9 de conseil sp\u00e9cialis\u00e9e dans ces questions, il occupe \u00e9galement la pr\u00e9sidence du think tank <a href=\"https:\/\/theshiftproject.org\/en\/home\/\" target=\"_blank\" rel=\"noopener\">The Shift Project<\/a>. Il est \u00e9galement enseignant \u00e0 <a href=\"https:\/\/www.minesparis.psl.eu\/en\/home\/\" target=\"_blank\" rel=\"noopener\">Mines ParisTech<\/a>, membre du <a href=\"https:\/\/www.hautconseilclimat.fr\/\" target=\"_blank\" rel=\"noopener\">Haut Conseil pour le climat<\/a> et conf\u00e9rencier. Il a \u00e9crit et co-\u00e9crit plusieurs ouvrages, dont \u00ab L\u2019Avenir climatique, quel temps ferons-nous ? \u00bb (Points), \u00ab Dormez tranquille jusqu\u2019en 2100 \u00bb (Odile Jacob), et \u00ab C\u2019est maintenant ! 3 ans pour sauver le monde \u00bb (Seuil). Il est dipl\u00f4m\u00e9 de l&rsquo;\u00c9cole polytechnique et de l&rsquo;\u00c9cole nationale sup\u00e9rieure des t\u00e9l\u00e9communications.<\/p>\n<p><img loading=\"lazy\" decoding=\"async\" class=\"alignnone size-full wp-image-60266\" src=\"https:\/\/www.ifg.gr\/wp-content\/uploads\/2024\/10\/LE-MONDE-SANS-FIN-banner-1920x1080px.jpg\" alt=\"\" width=\"1920\" height=\"1080\" srcset=\"https:\/\/www.ifg.gr\/wp-content\/uploads\/2024\/10\/LE-MONDE-SANS-FIN-banner-1920x1080px.jpg 1920w, https:\/\/www.ifg.gr\/wp-content\/uploads\/2024\/10\/LE-MONDE-SANS-FIN-banner-1920x1080px-768x432.jpg 768w, https:\/\/www.ifg.gr\/wp-content\/uploads\/2024\/10\/LE-MONDE-SANS-FIN-banner-1920x1080px-1536x864.jpg 1536w, https:\/\/www.ifg.gr\/wp-content\/uploads\/2024\/10\/LE-MONDE-SANS-FIN-banner-1920x1080px-1778x1000.jpg 1778w, https:\/\/www.ifg.gr\/wp-content\/uploads\/2024\/10\/LE-MONDE-SANS-FIN-banner-1920x1080px-231x130.jpg 231w\" sizes=\"auto, (max-width: 1920px) 100vw, 1920px\" \/><\/p>\n","protected":false},"excerpt":{"rendered":"<p>Une exposition \u00e9co-con\u00e7ue et une discussion, inspir\u00e9es par les principales th\u00e9matiques de la bande dessin\u00e9e, l\u2019\u00e9nergie et le climat.<\/p>\n","protected":false},"author":18,"featured_media":60263,"template":"","tags":[1751,1752,1748,1749,1721,1441,1431,1432,1148],"event_category":[875,873,870],"event_group":[],"class_list":["post-60272","event","type-event","status-publish","has-post-thumbnail","hentry","tag-energie","tag-bd","tag-energeia-fr","tag-klimatiki-allagi-fr","tag-changement-climatique-fr","tag-vivlio-2-fr","tag-vivlio","tag-livre","tag-bande-dessinee","event_category-debat-didees-et-sciences","event_category-arts-visuels","event_category-livre"],"acf":{"sponsors_default":false,"info_title":"","info_text":"","date_range":{"start":"19\/11\/2024","end":"","cancelled":false,"note":"","start_time":"18:30","end_time":""},"details":{"location":"<p>Auditorium Theo Angelopoulos, \u0393\u03b1\u03bb\u03bb\u03b9\u03ba\u03cc \u0399\u03bd\u03c3\u03c4\u03b9\u03c4\u03bf\u03cd\u03c4\u03bf, \u03a3\u03af\u03bd\u03b1 31<\/p>\n","hyperlink1a":{"text":"","link":""},"price":"Entr\u00e9e libre","hyperlink2a":{"text":"","link":""},"online_event":false,"live_streaming":false,"live_streaming_code":"","facebook_url":"","hyperlink":{"text":"","link":""},"hyperlink2":{"text":"","link":""},"hyperlink3":{"text":"","link":""},"press_release":false},"featured_image_credits":"","home_slider_image":{"ID":60265,"id":60265,"title":"LE-MONDE-SANS-FIN-banner-1300x768px","filename":"LE-MONDE-SANS-FIN-banner-1300x768px.jpg","filesize":1279329,"url":"https:\/\/www.ifg.gr\/wp-content\/uploads\/2024\/10\/LE-MONDE-SANS-FIN-banner-1300x768px.jpg","link":"https:\/\/www.ifg.gr\/fr\/events\/discussion-exposition-bande-dessinnee-le-monde-sans-fin\/le-monde-sans-fin-banner-1300x768px-2\/","alt":"","author":"18","description":"","caption":"","name":"le-monde-sans-fin-banner-1300x768px-2","status":"inherit","uploaded_to":60272,"date":"2024-10-30 11:55:55","modified":"2024-10-30 11:55:55","menu_order":0,"mime_type":"image\/jpeg","type":"image","subtype":"jpeg","icon":"https:\/\/www.ifg.gr\/wp-includes\/images\/media\/default.png","width":1300,"height":768,"sizes":{"thumbnail":"https:\/\/www.ifg.gr\/wp-content\/uploads\/2024\/10\/LE-MONDE-SANS-FIN-banner-1300x768px.jpg","thumbnail-width":150,"thumbnail-height":89,"medium":"https:\/\/www.ifg.gr\/wp-content\/uploads\/2024\/10\/LE-MONDE-SANS-FIN-banner-1300x768px.jpg","medium-width":300,"medium-height":177,"medium_large":"https:\/\/www.ifg.gr\/wp-content\/uploads\/2024\/10\/LE-MONDE-SANS-FIN-banner-1300x768px-768x454.jpg","medium_large-width":640,"medium_large-height":378,"large":"https:\/\/www.ifg.gr\/wp-content\/uploads\/2024\/10\/LE-MONDE-SANS-FIN-banner-1300x768px.jpg","large-width":640,"large-height":378,"1536x1536":"https:\/\/www.ifg.gr\/wp-content\/uploads\/2024\/10\/LE-MONDE-SANS-FIN-banner-1300x768px.jpg","1536x1536-width":1300,"1536x1536-height":768,"2048x2048":"https:\/\/www.ifg.gr\/wp-content\/uploads\/2024\/10\/LE-MONDE-SANS-FIN-banner-1300x768px.jpg","2048x2048-width":1300,"2048x2048-height":768,"full-width":"https:\/\/www.ifg.gr\/wp-content\/uploads\/2024\/10\/LE-MONDE-SANS-FIN-banner-1300x768px.jpg","full-width-width":1300,"full-width-height":768,"sidebar":"https:\/\/www.ifg.gr\/wp-content\/uploads\/2024\/10\/LE-MONDE-SANS-FIN-banner-1300x768px.jpg","sidebar-width":1300,"sidebar-height":768,"thumb-sm":"https:\/\/www.ifg.gr\/wp-content\/uploads\/2024\/10\/LE-MONDE-SANS-FIN-banner-1300x768px-220x130.jpg","thumb-sm-width":220,"thumb-sm-height":130,"thumb-square":"https:\/\/www.ifg.gr\/wp-content\/uploads\/2024\/10\/LE-MONDE-SANS-FIN-banner-1300x768px-300x300.jpg","thumb-square-width":300,"thumb-square-height":300,"thumb-big":"https:\/\/www.ifg.gr\/wp-content\/uploads\/2024\/10\/LE-MONDE-SANS-FIN-banner-1300x768px-600x400.jpg","thumb-big-width":600,"thumb-big-height":400,"slider-big":"https:\/\/www.ifg.gr\/wp-content\/uploads\/2024\/10\/LE-MONDE-SANS-FIN-banner-1300x768px.jpg","slider-big-width":1300,"slider-big-height":768}},"sponsors_group":false,"layout":false},"yoast_head":"<!-- This site is optimized with the Yoast SEO plugin v26.8 - https:\/\/yoast.com\/product\/yoast-seo-wordpress\/ -->\n<title>Discussion &amp; exposition autour de la bande dessin\u00e9e \u00ab Le monde sans fin \u00bb<\/title>\n<meta name=\"description\" content=\"Une exposition \u00e9co-con\u00e7ue et une discussion, inspir\u00e9es par les principales th\u00e9matiques de la bande dessin\u00e9e, l\u2019\u00e9nergie et le climat.\" \/>\n<meta name=\"robots\" content=\"index, follow, max-snippet:-1, max-image-preview:large, max-video-preview:-1\" \/>\n<link rel=\"canonical\" href=\"https:\/\/www.ifg.gr\/fr\/events\/discussion-exposition-bande-dessinnee-le-monde-sans-fin\/\" \/>\n<meta property=\"og:locale\" content=\"fr_FR\" \/>\n<meta property=\"og:type\" content=\"article\" \/>\n<meta property=\"og:title\" content=\"Discussion &amp; exposition autour de la bande dessin\u00e9e \u00ab Le monde sans fin \u00bb\" \/>\n<meta property=\"og:description\" content=\"Une exposition \u00e9co-con\u00e7ue et une discussion, inspir\u00e9es par les principales th\u00e9matiques de la bande dessin\u00e9e, l\u2019\u00e9nergie et le climat.\" \/>\n<meta property=\"og:url\" content=\"https:\/\/www.ifg.gr\/fr\/events\/discussion-exposition-bande-dessinnee-le-monde-sans-fin\/\" \/>\n<meta property=\"og:site_name\" content=\"IFG\" \/>\n<meta property=\"article:modified_time\" content=\"2024-11-06T13:05:02+00:00\" \/>\n<meta property=\"og:image\" content=\"https:\/\/www.ifg.gr\/wp-content\/uploads\/2024\/10\/LE-MONDE-SANS-FIN-banner-1200x800px.jpg\" \/>\n\t<meta property=\"og:image:width\" content=\"1200\" \/>\n\t<meta property=\"og:image:height\" content=\"800\" \/>\n\t<meta property=\"og:image:type\" content=\"image\/jpeg\" \/>\n<meta name=\"twitter:card\" content=\"summary_large_image\" \/>\n<meta name=\"twitter:label1\" content=\"Dur\u00e9e de lecture estim\u00e9e\" \/>\n\t<meta name=\"twitter:data1\" content=\"4 minutes\" \/>\n<script type=\"application\/ld+json\" class=\"yoast-schema-graph\">{\"@context\":\"https:\/\/schema.org\",\"@graph\":[{\"@type\":\"WebPage\",\"@id\":\"https:\/\/www.ifg.gr\/fr\/events\/discussion-exposition-bande-dessinnee-le-monde-sans-fin\/\",\"url\":\"https:\/\/www.ifg.gr\/fr\/events\/discussion-exposition-bande-dessinnee-le-monde-sans-fin\/\",\"name\":\"Discussion & exposition autour de la bande dessin\u00e9e \u00ab Le monde sans fin \u00bb\",\"isPartOf\":{\"@id\":\"https:\/\/www.ifg.gr\/#website\"},\"primaryImageOfPage\":{\"@id\":\"https:\/\/www.ifg.gr\/fr\/events\/discussion-exposition-bande-dessinnee-le-monde-sans-fin\/#primaryimage\"},\"image\":{\"@id\":\"https:\/\/www.ifg.gr\/fr\/events\/discussion-exposition-bande-dessinnee-le-monde-sans-fin\/#primaryimage\"},\"thumbnailUrl\":\"https:\/\/www.ifg.gr\/wp-content\/uploads\/2024\/10\/LE-MONDE-SANS-FIN-banner-1200x800px.jpg\",\"datePublished\":\"2024-10-30T12:07:26+00:00\",\"dateModified\":\"2024-11-06T13:05:02+00:00\",\"description\":\"Une exposition \u00e9co-con\u00e7ue et une discussion, inspir\u00e9es par les principales th\u00e9matiques de la bande dessin\u00e9e, l\u2019\u00e9nergie et le climat.\",\"breadcrumb\":{\"@id\":\"https:\/\/www.ifg.gr\/fr\/events\/discussion-exposition-bande-dessinnee-le-monde-sans-fin\/#breadcrumb\"},\"inLanguage\":\"fr-FR\",\"potentialAction\":[{\"@type\":\"ReadAction\",\"target\":[\"https:\/\/www.ifg.gr\/fr\/events\/discussion-exposition-bande-dessinnee-le-monde-sans-fin\/\"]}]},{\"@type\":\"ImageObject\",\"inLanguage\":\"fr-FR\",\"@id\":\"https:\/\/www.ifg.gr\/fr\/events\/discussion-exposition-bande-dessinnee-le-monde-sans-fin\/#primaryimage\",\"url\":\"https:\/\/www.ifg.gr\/wp-content\/uploads\/2024\/10\/LE-MONDE-SANS-FIN-banner-1200x800px.jpg\",\"contentUrl\":\"https:\/\/www.ifg.gr\/wp-content\/uploads\/2024\/10\/LE-MONDE-SANS-FIN-banner-1200x800px.jpg\",\"width\":1200,\"height\":800},{\"@type\":\"BreadcrumbList\",\"@id\":\"https:\/\/www.ifg.gr\/fr\/events\/discussion-exposition-bande-dessinnee-le-monde-sans-fin\/#breadcrumb\",\"itemListElement\":[{\"@type\":\"ListItem\",\"position\":1,\"name\":\"Home\",\"item\":\"https:\/\/www.ifg.gr\/fr\/\"},{\"@type\":\"ListItem\",\"position\":2,\"name\":\"Events\",\"item\":\"https:\/\/www.ifg.gr\/events\/\"},{\"@type\":\"ListItem\",\"position\":3,\"name\":\"Discussion &#038; exposition autour de la bande dessin\u00e9e \u00ab Le monde sans fin \u00bb\"}]},{\"@type\":\"WebSite\",\"@id\":\"https:\/\/www.ifg.gr\/#website\",\"url\":\"https:\/\/www.ifg.gr\/\",\"name\":\"IFG\",\"description\":\"\",\"potentialAction\":[{\"@type\":\"SearchAction\",\"target\":{\"@type\":\"EntryPoint\",\"urlTemplate\":\"https:\/\/www.ifg.gr\/?s={search_term_string}\"},\"query-input\":{\"@type\":\"PropertyValueSpecification\",\"valueRequired\":true,\"valueName\":\"search_term_string\"}}],\"inLanguage\":\"fr-FR\"}]}<\/script>\n<!-- \/ Yoast SEO plugin. -->","yoast_head_json":{"title":"Discussion & exposition autour de la bande dessin\u00e9e \u00ab Le monde sans fin \u00bb","description":"Une exposition \u00e9co-con\u00e7ue et une discussion, inspir\u00e9es par les principales th\u00e9matiques de la bande dessin\u00e9e, l\u2019\u00e9nergie et le climat.","robots":{"index":"index","follow":"follow","max-snippet":"max-snippet:-1","max-image-preview":"max-image-preview:large","max-video-preview":"max-video-preview:-1"},"canonical":"https:\/\/www.ifg.gr\/fr\/events\/discussion-exposition-bande-dessinnee-le-monde-sans-fin\/","og_locale":"fr_FR","og_type":"article","og_title":"Discussion & exposition autour de la bande dessin\u00e9e \u00ab Le monde sans fin \u00bb","og_description":"Une exposition \u00e9co-con\u00e7ue et une discussion, inspir\u00e9es par les principales th\u00e9matiques de la bande dessin\u00e9e, l\u2019\u00e9nergie et le climat.","og_url":"https:\/\/www.ifg.gr\/fr\/events\/discussion-exposition-bande-dessinnee-le-monde-sans-fin\/","og_site_name":"IFG","article_modified_time":"2024-11-06T13:05:02+00:00","og_image":[{"width":1200,"height":800,"url":"https:\/\/www.ifg.gr\/wp-content\/uploads\/2024\/10\/LE-MONDE-SANS-FIN-banner-1200x800px.jpg","type":"image\/jpeg"}],"twitter_card":"summary_large_image","twitter_misc":{"Dur\u00e9e de lecture estim\u00e9e":"4 minutes"},"schema":{"@context":"https:\/\/schema.org","@graph":[{"@type":"WebPage","@id":"https:\/\/www.ifg.gr\/fr\/events\/discussion-exposition-bande-dessinnee-le-monde-sans-fin\/","url":"https:\/\/www.ifg.gr\/fr\/events\/discussion-exposition-bande-dessinnee-le-monde-sans-fin\/","name":"Discussion & exposition autour de la bande dessin\u00e9e \u00ab Le monde sans fin \u00bb","isPartOf":{"@id":"https:\/\/www.ifg.gr\/#website"},"primaryImageOfPage":{"@id":"https:\/\/www.ifg.gr\/fr\/events\/discussion-exposition-bande-dessinnee-le-monde-sans-fin\/#primaryimage"},"image":{"@id":"https:\/\/www.ifg.gr\/fr\/events\/discussion-exposition-bande-dessinnee-le-monde-sans-fin\/#primaryimage"},"thumbnailUrl":"https:\/\/www.ifg.gr\/wp-content\/uploads\/2024\/10\/LE-MONDE-SANS-FIN-banner-1200x800px.jpg","datePublished":"2024-10-30T12:07:26+00:00","dateModified":"2024-11-06T13:05:02+00:00","description":"Une exposition \u00e9co-con\u00e7ue et une discussion, inspir\u00e9es par les principales th\u00e9matiques de la bande dessin\u00e9e, l\u2019\u00e9nergie et le climat.","breadcrumb":{"@id":"https:\/\/www.ifg.gr\/fr\/events\/discussion-exposition-bande-dessinnee-le-monde-sans-fin\/#breadcrumb"},"inLanguage":"fr-FR","potentialAction":[{"@type":"ReadAction","target":["https:\/\/www.ifg.gr\/fr\/events\/discussion-exposition-bande-dessinnee-le-monde-sans-fin\/"]}]},{"@type":"ImageObject","inLanguage":"fr-FR","@id":"https:\/\/www.ifg.gr\/fr\/events\/discussion-exposition-bande-dessinnee-le-monde-sans-fin\/#primaryimage","url":"https:\/\/www.ifg.gr\/wp-content\/uploads\/2024\/10\/LE-MONDE-SANS-FIN-banner-1200x800px.jpg","contentUrl":"https:\/\/www.ifg.gr\/wp-content\/uploads\/2024\/10\/LE-MONDE-SANS-FIN-banner-1200x800px.jpg","width":1200,"height":800},{"@type":"BreadcrumbList","@id":"https:\/\/www.ifg.gr\/fr\/events\/discussion-exposition-bande-dessinnee-le-monde-sans-fin\/#breadcrumb","itemListElement":[{"@type":"ListItem","position":1,"name":"Home","item":"https:\/\/www.ifg.gr\/fr\/"},{"@type":"ListItem","position":2,"name":"Events","item":"https:\/\/www.ifg.gr\/events\/"},{"@type":"ListItem","position":3,"name":"Discussion &#038; exposition autour de la bande dessin\u00e9e \u00ab Le monde sans fin \u00bb"}]},{"@type":"WebSite","@id":"https:\/\/www.ifg.gr\/#website","url":"https:\/\/www.ifg.gr\/","name":"IFG","description":"","potentialAction":[{"@type":"SearchAction","target":{"@type":"EntryPoint","urlTemplate":"https:\/\/www.ifg.gr\/?s={search_term_string}"},"query-input":{"@type":"PropertyValueSpecification","valueRequired":true,"valueName":"search_term_string"}}],"inLanguage":"fr-FR"}]}},"_links":{"self":[{"href":"https:\/\/www.ifg.gr\/fr\/wp-json\/wp\/v2\/event\/60272","targetHints":{"allow":["GET"]}}],"collection":[{"href":"https:\/\/www.ifg.gr\/fr\/wp-json\/wp\/v2\/event"}],"about":[{"href":"https:\/\/www.ifg.gr\/fr\/wp-json\/wp\/v2\/types\/event"}],"author":[{"embeddable":true,"href":"https:\/\/www.ifg.gr\/fr\/wp-json\/wp\/v2\/users\/18"}],"version-history":[{"count":8,"href":"https:\/\/www.ifg.gr\/fr\/wp-json\/wp\/v2\/event\/60272\/revisions"}],"predecessor-version":[{"id":60352,"href":"https:\/\/www.ifg.gr\/fr\/wp-json\/wp\/v2\/event\/60272\/revisions\/60352"}],"wp:featuredmedia":[{"embeddable":true,"href":"https:\/\/www.ifg.gr\/fr\/wp-json\/wp\/v2\/media\/60263"}],"wp:attachment":[{"href":"https:\/\/www.ifg.gr\/fr\/wp-json\/wp\/v2\/media?parent=60272"}],"wp:term":[{"taxonomy":"post_tag","embeddable":true,"href":"https:\/\/www.ifg.gr\/fr\/wp-json\/wp\/v2\/tags?post=60272"},{"taxonomy":"event_category","embeddable":true,"href":"https:\/\/www.ifg.gr\/fr\/wp-json\/wp\/v2\/event_category?post=60272"},{"taxonomy":"event_group","embeddable":true,"href":"https:\/\/www.ifg.gr\/fr\/wp-json\/wp\/v2\/event_group?post=60272"}],"curies":[{"name":"wp","href":"https:\/\/api.w.org\/{rel}","templated":true}]}}