{"id":60500,"date":"2024-11-15T11:57:46","date_gmt":"2024-11-15T09:57:46","guid":{"rendered":"https:\/\/www.ifg.gr\/events\/kyklos-seminarion-methodologia-syngrafis-akadimaikis-ergasias-erevnas-gallia\/"},"modified":"2025-03-10T10:39:48","modified_gmt":"2025-03-10T08:39:48","slug":"cycle-seminaires-methodologie-travail-universitaire-recherche-en-france","status":"publish","type":"event","link":"https:\/\/www.ifg.gr\/fr\/events\/cycle-seminaires-methodologie-travail-universitaire-recherche-en-france\/","title":{"rendered":"Cycle de s\u00e9minaires : \u00ab M\u00e9thodologie du travail universitaire et de la recherche en France \u00bb"},"content":{"rendered":"<p>Vous \u00e9tudiez dans une universit\u00e9 grecque et souhaitez postuler \u00e0 des programmes de Master ou de Doctorat dans une universit\u00e9 fran\u00e7aise\u2753<\/p>\n<p>Vous avez des interrogations sur le fonctionnement des universit\u00e9s fran\u00e7aises, les exigences des commissions d\u2019examen des candidatures, la mani\u00e8re de pr\u00e9senter un projet d\u2019\u00e9tudes ou de recherche\u2753<\/p>\n<p>L\u2019IFG vous propose un <strong>cycle de s\u00e9minaires<\/strong>, <strong>trois journ\u00e9es d\u2019\u00e9tudes<\/strong> qui vous permettront de vous familiariser avec les outils du travail universitaire, la m\u00e9thodologie de la recherche, et les proc\u00e9dures administratives propres \u00e0 l\u2019enseignement sup\u00e9rieur fran\u00e7ais.<\/p>\n<p>\u2757Ce cycle de s\u00e9minaires sera en <strong>libre acc\u00e8s<\/strong> et se d\u00e9roulera en <strong>langue grecque<\/strong>.<\/p>\n<hr \/>\n<h3>Les s\u00e9minaires sont con\u00e7us et anim\u00e9s par :<\/h3>\n<p>\u2022 <strong>Constantin ANGELOPOULOS<\/strong>, Professeur \u00e9m\u00e9rite de l\u2019Universit\u00e9 Paul Val\u00e9ry-Montpellier 3 et directeur de recherche<br \/>\n\u2022 <strong>Aikaterini VERGETAKI-PEIRASMAKI<\/strong>, Professeure de lettres dans l\u2019enseignement secondaire fran\u00e7ais, docteure avec label europ\u00e9en obtenu en cotutelle entre l\u2019Universit\u00e9 Paul Val\u00e9ry-Montpellier 3 et l\u2019Universit\u00e9 de Thessalie<strong><br \/>\n<\/strong><\/p>\n<h3>Programme des s\u00e9minaires pour l\u2019ann\u00e9e acad\u00e9mique 2024-2025 :<\/h3>\n<p>\u2714\ufe0f Samedi <strong>23 novembre 2024 <\/strong>[\u039f\u039b\u039f\u039a\u039b\u0397\u03a1\u03a9\u0398\u0397\u039a\u0395 | R\u00c9ALIS\u00c9]<br \/>\n\u2714\ufe0f Samedi <strong>08 mars 2025 <\/strong>[\u039f\u039b\u039f\u039a\u039b\u0397\u03a1\u03a9\u0398\u0397\u039a\u0395 | R\u00c9ALIS\u00c9]<br \/>\n\ud83d\udd35 Samedi <strong>28 juin 2025<\/strong>, de 10h00 \u00e0 17h00 | IFG &#8211; salle Gis\u00e8le Vivier (1er \u00e9tage)<\/p>\n<p>Pour en savoir plus, merci de contactez le service de coop\u00e9ration scientifique et universitaire de l\u2019Institut fran\u00e7ais de Gr\u00e8ce : <a href=\"mailto:scus@ifg.gr\" target=\"_blank\" rel=\"noopener\">scus@ifg.gr<\/a><\/p>\n","protected":false},"excerpt":{"rendered":"<p>Pour vous familiariser avec les outils du travail universitaire, la m\u00e9thodologie de la recherche, et les proc\u00e9dures administratives propres \u00e0 l\u2019enseignement sup\u00e9rieur fran\u00e7ais. Libre d&rsquo;acc\u00e8s, en langue grecque.<\/p>\n","protected":false},"author":18,"featured_media":47719,"template":"","tags":[1783,1784,1785,1778,1779,1576,1379,1353,940,974],"event_category":[1129],"event_group":[],"class_list":["post-60500","event","type-event","status-publish","has-post-thumbnail","hentry","tag-seminaires-fr","tag-cycle-de-seminaires-fr","tag-recherche-fr","tag-akadimaiki-ergasia-fr","tag-kyklos-seminarion-fr","tag-seminaria-fr","tag-universite","tag-france","tag-spoudes-sti-gallia-fr","tag-etudes-en-france-fr","event_category-etudes-en-france"],"acf":{"sponsors_default":false,"info_title":"","info_text":"","date_range":{"start":"28\/06\/2025","end":"","cancelled":false,"note":"","start_time":"10:00","end_time":"17:00"},"details":{"location":"<p>Institut fran\u00e7ais de Gr\u00e8ce - salle Gis\u00e8le Vivier (1er \u00e9tage), 31, rue Sina - Ath\u00e8nes<\/p>\n","hyperlink1a":{"text":"","link":""},"price":"S\u00e9minaire libre d'acc\u00e8s, en langue grecque.","hyperlink2a":{"text":"","link":""},"online_event":false,"live_streaming":false,"live_streaming_code":"","facebook_url":"","hyperlink":{"text":"","link":""},"hyperlink2":{"text":"","link":""},"hyperlink3":{"text":"","link":""},"press_release":false},"featured_image_credits":"","home_slider_image":{"ID":58532,"id":58532,"title":"SITE_1300x768","filename":"SITE_1300x768.jpg","filesize":2020519,"url":"https:\/\/www.ifg.gr\/wp-content\/uploads\/2024\/06\/SITE_1300x768.jpg","link":"https:\/\/www.ifg.gr\/fr\/events\/rendez-vous-campus-france-2024\/site_1300x768-2\/","alt":"","author":"18","description":"","caption":"","name":"site_1300x768-2","status":"inherit","uploaded_to":58536,"date":"2024-06-11 08:52:20","modified":"2024-06-11 08:52:20","menu_order":0,"mime_type":"image\/jpeg","type":"image","subtype":"jpeg","icon":"https:\/\/www.ifg.gr\/wp-includes\/images\/media\/default.png","width":1300,"height":768,"sizes":{"thumbnail":"https:\/\/www.ifg.gr\/wp-content\/uploads\/2024\/06\/SITE_1300x768.jpg","thumbnail-width":150,"thumbnail-height":89,"medium":"https:\/\/www.ifg.gr\/wp-content\/uploads\/2024\/06\/SITE_1300x768.jpg","medium-width":300,"medium-height":177,"medium_large":"https:\/\/www.ifg.gr\/wp-content\/uploads\/2024\/06\/SITE_1300x768-768x454.jpg","medium_large-width":640,"medium_large-height":378,"large":"https:\/\/www.ifg.gr\/wp-content\/uploads\/2024\/06\/SITE_1300x768.jpg","large-width":640,"large-height":378,"1536x1536":"https:\/\/www.ifg.gr\/wp-content\/uploads\/2024\/06\/SITE_1300x768.jpg","1536x1536-width":1300,"1536x1536-height":768,"2048x2048":"https:\/\/www.ifg.gr\/wp-content\/uploads\/2024\/06\/SITE_1300x768.jpg","2048x2048-width":1300,"2048x2048-height":768,"full-width":"https:\/\/www.ifg.gr\/wp-content\/uploads\/2024\/06\/SITE_1300x768.jpg","full-width-width":1300,"full-width-height":768,"sidebar":"https:\/\/www.ifg.gr\/wp-content\/uploads\/2024\/06\/SITE_1300x768.jpg","sidebar-width":1300,"sidebar-height":768,"thumb-sm":"https:\/\/www.ifg.gr\/wp-content\/uploads\/2024\/06\/SITE_1300x768-220x130.jpg","thumb-sm-width":220,"thumb-sm-height":130,"thumb-square":"https:\/\/www.ifg.gr\/wp-content\/uploads\/2024\/06\/SITE_1300x768-300x300.jpg","thumb-square-width":300,"thumb-square-height":300,"thumb-big":"https:\/\/www.ifg.gr\/wp-content\/uploads\/2024\/06\/SITE_1300x768-600x400.jpg","thumb-big-width":600,"thumb-big-height":400,"slider-big":"https:\/\/www.ifg.gr\/wp-content\/uploads\/2024\/06\/SITE_1300x768.jpg","slider-big-width":1300,"slider-big-height":768}},"sponsors_group":false,"layout":false},"yoast_head":"<!-- This site is optimized with the Yoast SEO plugin v26.8 - https:\/\/yoast.com\/product\/yoast-seo-wordpress\/ -->\n<title>Cycle de s\u00e9minaires : \u00ab M\u00e9thodologie du travail universitaire et de la recherche en France \u00bb<\/title>\n<meta name=\"description\" content=\"Pour vous familiariser avec les outils du travail universitaire, la m\u00e9thodologie de la recherche et les proc\u00e9dures administratives propres \u00e0 l\u2019enseignement sup\u00e9rieur fran\u00e7ais. Libre acc\u00e8s, en langue grecque.\" \/>\n<meta name=\"robots\" content=\"index, follow, max-snippet:-1, max-image-preview:large, max-video-preview:-1\" \/>\n<link rel=\"canonical\" href=\"https:\/\/www.ifg.gr\/fr\/events\/cycle-seminaires-methodologie-travail-universitaire-recherche-en-france\/\" \/>\n<meta property=\"og:locale\" content=\"fr_FR\" \/>\n<meta property=\"og:type\" content=\"article\" \/>\n<meta property=\"og:title\" content=\"Cycle de s\u00e9minaires : \u00ab M\u00e9thodologie du travail universitaire et de la recherche en France \u00bb\" \/>\n<meta property=\"og:description\" content=\"Pour vous familiariser avec les outils du travail universitaire, la m\u00e9thodologie de la recherche et les proc\u00e9dures administratives propres \u00e0 l\u2019enseignement sup\u00e9rieur fran\u00e7ais. Libre acc\u00e8s, en langue grecque.\" \/>\n<meta property=\"og:url\" content=\"https:\/\/www.ifg.gr\/fr\/events\/cycle-seminaires-methodologie-travail-universitaire-recherche-en-france\/\" \/>\n<meta property=\"og:site_name\" content=\"IFG\" \/>\n<meta property=\"article:modified_time\" content=\"2025-03-10T08:39:48+00:00\" \/>\n<meta property=\"og:image\" content=\"https:\/\/www.ifg.gr\/wp-content\/uploads\/2022\/12\/SALON_ETUDES_FEB23_1200x800.jpg\" \/>\n\t<meta property=\"og:image:width\" content=\"1200\" \/>\n\t<meta property=\"og:image:height\" content=\"800\" \/>\n\t<meta property=\"og:image:type\" content=\"image\/jpeg\" \/>\n<meta name=\"twitter:card\" content=\"summary_large_image\" \/>\n<meta name=\"twitter:label1\" content=\"Dur\u00e9e de lecture estim\u00e9e\" \/>\n\t<meta name=\"twitter:data1\" content=\"2 minutes\" \/>\n<script type=\"application\/ld+json\" class=\"yoast-schema-graph\">{\"@context\":\"https:\/\/schema.org\",\"@graph\":[{\"@type\":\"WebPage\",\"@id\":\"https:\/\/www.ifg.gr\/fr\/events\/cycle-seminaires-methodologie-travail-universitaire-recherche-en-france\/\",\"url\":\"https:\/\/www.ifg.gr\/fr\/events\/cycle-seminaires-methodologie-travail-universitaire-recherche-en-france\/\",\"name\":\"Cycle de s\u00e9minaires : \u00ab M\u00e9thodologie du travail universitaire et de la recherche en France \u00bb\",\"isPartOf\":{\"@id\":\"https:\/\/www.ifg.gr\/#website\"},\"primaryImageOfPage\":{\"@id\":\"https:\/\/www.ifg.gr\/fr\/events\/cycle-seminaires-methodologie-travail-universitaire-recherche-en-france\/#primaryimage\"},\"image\":{\"@id\":\"https:\/\/www.ifg.gr\/fr\/events\/cycle-seminaires-methodologie-travail-universitaire-recherche-en-france\/#primaryimage\"},\"thumbnailUrl\":\"https:\/\/www.ifg.gr\/wp-content\/uploads\/2022\/12\/SALON_ETUDES_FEB23_1200x800.jpg\",\"datePublished\":\"2024-11-15T09:57:46+00:00\",\"dateModified\":\"2025-03-10T08:39:48+00:00\",\"description\":\"Pour vous familiariser avec les outils du travail universitaire, la m\u00e9thodologie de la recherche et les proc\u00e9dures administratives propres \u00e0 l\u2019enseignement sup\u00e9rieur fran\u00e7ais. Libre acc\u00e8s, en langue grecque.\",\"breadcrumb\":{\"@id\":\"https:\/\/www.ifg.gr\/fr\/events\/cycle-seminaires-methodologie-travail-universitaire-recherche-en-france\/#breadcrumb\"},\"inLanguage\":\"fr-FR\",\"potentialAction\":[{\"@type\":\"ReadAction\",\"target\":[\"https:\/\/www.ifg.gr\/fr\/events\/cycle-seminaires-methodologie-travail-universitaire-recherche-en-france\/\"]}]},{\"@type\":\"ImageObject\",\"inLanguage\":\"fr-FR\",\"@id\":\"https:\/\/www.ifg.gr\/fr\/events\/cycle-seminaires-methodologie-travail-universitaire-recherche-en-france\/#primaryimage\",\"url\":\"https:\/\/www.ifg.gr\/wp-content\/uploads\/2022\/12\/SALON_ETUDES_FEB23_1200x800.jpg\",\"contentUrl\":\"https:\/\/www.ifg.gr\/wp-content\/uploads\/2022\/12\/SALON_ETUDES_FEB23_1200x800.jpg\",\"width\":1200,\"height\":800,\"caption\":\"\u0388\u03ba\u03b8\u03b5\u03c3\u03b7 \u03b3\u03b9\u03b1 \u03c4\u03b9\u03c2 \u03a3\u03c0\u03bf\u03c5\u03b4\u03ad\u03c2 \u03c3\u03c4\u03b7 \u0393\u03b1\u03bb\u03bb\u03af\u03b1 2023\"},{\"@type\":\"BreadcrumbList\",\"@id\":\"https:\/\/www.ifg.gr\/fr\/events\/cycle-seminaires-methodologie-travail-universitaire-recherche-en-france\/#breadcrumb\",\"itemListElement\":[{\"@type\":\"ListItem\",\"position\":1,\"name\":\"Home\",\"item\":\"https:\/\/www.ifg.gr\/fr\/\"},{\"@type\":\"ListItem\",\"position\":2,\"name\":\"Events\",\"item\":\"https:\/\/www.ifg.gr\/events\/\"},{\"@type\":\"ListItem\",\"position\":3,\"name\":\"Cycle de s\u00e9minaires : \u00ab M\u00e9thodologie du travail universitaire et de la recherche en France \u00bb\"}]},{\"@type\":\"WebSite\",\"@id\":\"https:\/\/www.ifg.gr\/#website\",\"url\":\"https:\/\/www.ifg.gr\/\",\"name\":\"IFG\",\"description\":\"\",\"potentialAction\":[{\"@type\":\"SearchAction\",\"target\":{\"@type\":\"EntryPoint\",\"urlTemplate\":\"https:\/\/www.ifg.gr\/?s={search_term_string}\"},\"query-input\":{\"@type\":\"PropertyValueSpecification\",\"valueRequired\":true,\"valueName\":\"search_term_string\"}}],\"inLanguage\":\"fr-FR\"}]}<\/script>\n<!-- \/ Yoast SEO plugin. -->","yoast_head_json":{"title":"Cycle de s\u00e9minaires : \u00ab M\u00e9thodologie du travail universitaire et de la recherche en France \u00bb","description":"Pour vous familiariser avec les outils du travail universitaire, la m\u00e9thodologie de la recherche et les proc\u00e9dures administratives propres \u00e0 l\u2019enseignement sup\u00e9rieur fran\u00e7ais. Libre acc\u00e8s, en langue grecque.","robots":{"index":"index","follow":"follow","max-snippet":"max-snippet:-1","max-image-preview":"max-image-preview:large","max-video-preview":"max-video-preview:-1"},"canonical":"https:\/\/www.ifg.gr\/fr\/events\/cycle-seminaires-methodologie-travail-universitaire-recherche-en-france\/","og_locale":"fr_FR","og_type":"article","og_title":"Cycle de s\u00e9minaires : \u00ab M\u00e9thodologie du travail universitaire et de la recherche en France \u00bb","og_description":"Pour vous familiariser avec les outils du travail universitaire, la m\u00e9thodologie de la recherche et les proc\u00e9dures administratives propres \u00e0 l\u2019enseignement sup\u00e9rieur fran\u00e7ais. Libre acc\u00e8s, en langue grecque.","og_url":"https:\/\/www.ifg.gr\/fr\/events\/cycle-seminaires-methodologie-travail-universitaire-recherche-en-france\/","og_site_name":"IFG","article_modified_time":"2025-03-10T08:39:48+00:00","og_image":[{"width":1200,"height":800,"url":"https:\/\/www.ifg.gr\/wp-content\/uploads\/2022\/12\/SALON_ETUDES_FEB23_1200x800.jpg","type":"image\/jpeg"}],"twitter_card":"summary_large_image","twitter_misc":{"Dur\u00e9e de lecture estim\u00e9e":"2 minutes"},"schema":{"@context":"https:\/\/schema.org","@graph":[{"@type":"WebPage","@id":"https:\/\/www.ifg.gr\/fr\/events\/cycle-seminaires-methodologie-travail-universitaire-recherche-en-france\/","url":"https:\/\/www.ifg.gr\/fr\/events\/cycle-seminaires-methodologie-travail-universitaire-recherche-en-france\/","name":"Cycle de s\u00e9minaires : \u00ab M\u00e9thodologie du travail universitaire et de la recherche en France \u00bb","isPartOf":{"@id":"https:\/\/www.ifg.gr\/#website"},"primaryImageOfPage":{"@id":"https:\/\/www.ifg.gr\/fr\/events\/cycle-seminaires-methodologie-travail-universitaire-recherche-en-france\/#primaryimage"},"image":{"@id":"https:\/\/www.ifg.gr\/fr\/events\/cycle-seminaires-methodologie-travail-universitaire-recherche-en-france\/#primaryimage"},"thumbnailUrl":"https:\/\/www.ifg.gr\/wp-content\/uploads\/2022\/12\/SALON_ETUDES_FEB23_1200x800.jpg","datePublished":"2024-11-15T09:57:46+00:00","dateModified":"2025-03-10T08:39:48+00:00","description":"Pour vous familiariser avec les outils du travail universitaire, la m\u00e9thodologie de la recherche et les proc\u00e9dures administratives propres \u00e0 l\u2019enseignement sup\u00e9rieur fran\u00e7ais. Libre acc\u00e8s, en langue grecque.","breadcrumb":{"@id":"https:\/\/www.ifg.gr\/fr\/events\/cycle-seminaires-methodologie-travail-universitaire-recherche-en-france\/#breadcrumb"},"inLanguage":"fr-FR","potentialAction":[{"@type":"ReadAction","target":["https:\/\/www.ifg.gr\/fr\/events\/cycle-seminaires-methodologie-travail-universitaire-recherche-en-france\/"]}]},{"@type":"ImageObject","inLanguage":"fr-FR","@id":"https:\/\/www.ifg.gr\/fr\/events\/cycle-seminaires-methodologie-travail-universitaire-recherche-en-france\/#primaryimage","url":"https:\/\/www.ifg.gr\/wp-content\/uploads\/2022\/12\/SALON_ETUDES_FEB23_1200x800.jpg","contentUrl":"https:\/\/www.ifg.gr\/wp-content\/uploads\/2022\/12\/SALON_ETUDES_FEB23_1200x800.jpg","width":1200,"height":800,"caption":"\u0388\u03ba\u03b8\u03b5\u03c3\u03b7 \u03b3\u03b9\u03b1 \u03c4\u03b9\u03c2 \u03a3\u03c0\u03bf\u03c5\u03b4\u03ad\u03c2 \u03c3\u03c4\u03b7 \u0393\u03b1\u03bb\u03bb\u03af\u03b1 2023"},{"@type":"BreadcrumbList","@id":"https:\/\/www.ifg.gr\/fr\/events\/cycle-seminaires-methodologie-travail-universitaire-recherche-en-france\/#breadcrumb","itemListElement":[{"@type":"ListItem","position":1,"name":"Home","item":"https:\/\/www.ifg.gr\/fr\/"},{"@type":"ListItem","position":2,"name":"Events","item":"https:\/\/www.ifg.gr\/events\/"},{"@type":"ListItem","position":3,"name":"Cycle de s\u00e9minaires : \u00ab M\u00e9thodologie du travail universitaire et de la recherche en France \u00bb"}]},{"@type":"WebSite","@id":"https:\/\/www.ifg.gr\/#website","url":"https:\/\/www.ifg.gr\/","name":"IFG","description":"","potentialAction":[{"@type":"SearchAction","target":{"@type":"EntryPoint","urlTemplate":"https:\/\/www.ifg.gr\/?s={search_term_string}"},"query-input":{"@type":"PropertyValueSpecification","valueRequired":true,"valueName":"search_term_string"}}],"inLanguage":"fr-FR"}]}},"_links":{"self":[{"href":"https:\/\/www.ifg.gr\/fr\/wp-json\/wp\/v2\/event\/60500","targetHints":{"allow":["GET"]}}],"collection":[{"href":"https:\/\/www.ifg.gr\/fr\/wp-json\/wp\/v2\/event"}],"about":[{"href":"https:\/\/www.ifg.gr\/fr\/wp-json\/wp\/v2\/types\/event"}],"author":[{"embeddable":true,"href":"https:\/\/www.ifg.gr\/fr\/wp-json\/wp\/v2\/users\/18"}],"version-history":[{"count":12,"href":"https:\/\/www.ifg.gr\/fr\/wp-json\/wp\/v2\/event\/60500\/revisions"}],"predecessor-version":[{"id":61586,"href":"https:\/\/www.ifg.gr\/fr\/wp-json\/wp\/v2\/event\/60500\/revisions\/61586"}],"wp:featuredmedia":[{"embeddable":true,"href":"https:\/\/www.ifg.gr\/fr\/wp-json\/wp\/v2\/media\/47719"}],"wp:attachment":[{"href":"https:\/\/www.ifg.gr\/fr\/wp-json\/wp\/v2\/media?parent=60500"}],"wp:term":[{"taxonomy":"post_tag","embeddable":true,"href":"https:\/\/www.ifg.gr\/fr\/wp-json\/wp\/v2\/tags?post=60500"},{"taxonomy":"event_category","embeddable":true,"href":"https:\/\/www.ifg.gr\/fr\/wp-json\/wp\/v2\/event_category?post=60500"},{"taxonomy":"event_group","embeddable":true,"href":"https:\/\/www.ifg.gr\/fr\/wp-json\/wp\/v2\/event_group?post=60500"}],"curies":[{"name":"wp","href":"https:\/\/api.w.org\/{rel}","templated":true}]}}