{"id":60651,"date":"2024-11-26T15:04:29","date_gmt":"2024-11-26T13:04:29","guid":{"rendered":"https:\/\/www.ifg.gr\/events\/ekthesi-fotografias-tis-omadas-photo-culture-parts-of-me\/"},"modified":"2024-11-26T15:47:31","modified_gmt":"2024-11-26T13:47:31","slug":"exposition-photographie-photo-culture-parts-of-me","status":"publish","type":"event","link":"https:\/\/www.ifg.gr\/fr\/events\/exposition-photographie-photo-culture-parts-of-me\/","title":{"rendered":"Exposition photographique du collectif Photo Culture: \u00abParties de moi \u00bb"},"content":{"rendered":"<p>Le collectif de photographes \u00ab\u00a0<strong><a href=\"https:\/\/www.photoculture.gr\/\" target=\"_blank\" rel=\"noopener\">Photo Culture<\/a>\u00a0<\/strong>\u00bb, pr\u00e9sente l&rsquo;exposition photographique \u00ab Parties de moi \u00bb ( \u00abParts of Me\u00bb ) et invite le public \u00e0 d\u00e9couvrir un monde de r\u00e9cits personnels \u00e0 travers l&rsquo;objectif des photographes participants. Les images pr\u00e9sent\u00e9es sont le fruit d&rsquo;une s\u00e9rie de s\u00e9minaires et d&rsquo;ateliers de voyage, au cours desquels les participants ont eu l&rsquo;occasion de s&rsquo;interroger sur eux-m\u00eames, leur identit\u00e9 et le monde qui les entoure.<\/p>\n<p>Toutes les photos tracent une partie de leur parcours personnel. Elles ont eu comme but de capturer leurs sentiments et leurs exp\u00e9riences. Cette exposition r\u00e9v\u00e8le la diversit\u00e9 des conceptions de l\u2019existence humaine, de la nature et de la ville. Les exp\u00e9riences de voyage apportent une profondeur suppl\u00e9mentaire aux photos en mettant l\u2019accent sur la relation entre l\u2019individu et son environnement.<\/p>\n<h3>L\u2019exposition \u00ab Parties de moi \u00bb n&rsquo;est pas simplement une collection d&rsquo;images, mais un voyage \u00e0 travers les pens\u00e9es et les sentiments des photographes, r\u00e9v\u00e9lant diff\u00e9rents aspects de l&rsquo;exp\u00e9rience humaine.<\/h3>\n<hr \/>\n<p><strong>PHOTOGRAPHES\/ARTISTES<\/strong><\/p>\n<p>Constantinos Anastasiadis<br \/>\nEleni Apokoroniotaki<br \/>\nPanayiotis Armenis<br \/>\nPanayiotis Geravelis<br \/>\nTaxiarchis Geronikos<br \/>\nSophia Exarchou<br \/>\nGiorgos Kavvadias<br \/>\nVangelis Kalfas<br \/>\nAnastasia Kapsali<br \/>\nAndreas Kounenis<br \/>\nManos Mastrantonakis<br \/>\nKalliopi Bratsali<br \/>\nKiriaki Tsantiri<br \/>\nAngeliki Chioni<\/p>\n<hr \/>\n<p><a href=\"https:\/\/www.ifg.gr\/fr\/news\/maya-le-bistro-institut-francais-de-grece-ifg\/\" target=\"_blank\" rel=\"noopener\">MAYA LE BISTRO, IFG<\/a><\/p>\n<p>VERNISSAGE DE L&rsquo;EXPOSITON : 05\/12\/2024, 18H00<br \/>\nDUR\u00c9E L&rsquo;EXPOSITON : 05 &#8211; 20\/12\/2024<br \/>\nHEURES D\u2019 OUVERTURE : LUNDI AU VENDREDI 08H00 &#8211; 20H00 \u2502 SAMEDI 09H00 &#8211; 17H00<\/p>\n<p>ENTR\u00c9E LIBRE<\/p>\n","protected":false},"excerpt":{"rendered":"<p>\u0388\u03bd\u03b1 \u03c4\u03b1\u03be\u03af\u03b4\u03b9 \u03bc\u03ad\u03c3\u03b1 \u03c3\u03c4\u03b9\u03c2 \u03c3\u03ba\u03ad\u03c8\u03b5\u03b9\u03c2 \u03ba\u03b1\u03b9 \u03c4\u03b1 \u03c3\u03c5\u03bd\u03b1\u03b9\u03c3\u03b8\u03ae\u03bc\u03b1\u03c4\u03b1 \u03c4\u03c9\u03bd \u03b4\u03b7\u03bc\u03b9\u03bf\u03c5\u03c1\u03b3\u03ce\u03bd, \u03c0\u03bf\u03c5 \u03b1\u03c0\u03bf\u03ba\u03b1\u03bb\u03cd\u03c0\u03c4\u03b5\u03b9 \u03b4\u03b9\u03b1\u03c6\u03bf\u03c1\u03b5\u03c4\u03b9\u03ba\u03ad\u03c2 \u03c0\u03c4\u03c5\u03c7\u03ad\u03c2 \u03c4\u03b7\u03c2 \u03b1\u03bd\u03b8\u03c1\u03ce\u03c0\u03b9\u03bd\u03b7\u03c2 \u03b5\u03bc\u03c0\u03b5\u03b9\u03c1\u03af\u03b1\u03c2.<\/p>\n","protected":false},"author":18,"featured_media":60645,"template":"","tags":[1797,1372,1369,1016],"event_category":[873],"event_group":[],"class_list":["post-60651","event","type-event","status-publish","has-post-thumbnail","hentry","tag-expostion","tag-photographie","tag-fotografia-fr","tag-ekthesi-fr","event_category-arts-visuels"],"acf":{"sponsors_default":false,"info_title":"","info_text":"","date_range":{"start":"05\/12\/2024","end":"","cancelled":false,"note":"","start_time":"18:00","end_time":""},"details":{"location":"<p>MAYA LE BISTRO, IFG <\/p>\n<p>DUR\u00c9E L'EXPOSITON : 05 - 20\/12\/2024<\/p>\n<p>HEURES D\u2019 OUVERTURE : LUNDI AU VENDREDI 08H00 - 20H00 \u2502 SAMEDI 09H00 - 17H00<\/p>\n","hyperlink1a":{"text":"","link":""},"price":"ENTR\u00c9E LIBRE \r\n","hyperlink2a":{"text":"","link":""},"online_event":false,"live_streaming":false,"live_streaming_code":"","facebook_url":"","hyperlink":{"text":"","link":""},"hyperlink2":{"text":"","link":""},"hyperlink3":{"text":"","link":""},"press_release":false},"featured_image_credits":"","home_slider_image":{"ID":60647,"id":60647,"title":"EXPO PHOTO TAXIARCHIS_1300x768","filename":"EXPO-PHOTO-TAXIARCHIS_1300x768.jpg","filesize":382492,"url":"https:\/\/www.ifg.gr\/wp-content\/uploads\/2024\/11\/EXPO-PHOTO-TAXIARCHIS_1300x768.jpg","link":"https:\/\/www.ifg.gr\/fr\/events\/exposition-photographie-photo-culture-parts-of-me\/expo-photo-taxiarchis_1300x768-2\/","alt":"","author":"18","description":"","caption":"","name":"expo-photo-taxiarchis_1300x768-2","status":"inherit","uploaded_to":60651,"date":"2024-11-26 12:57:36","modified":"2024-11-26 12:57:36","menu_order":0,"mime_type":"image\/jpeg","type":"image","subtype":"jpeg","icon":"https:\/\/www.ifg.gr\/wp-includes\/images\/media\/default.png","width":1733,"height":1024,"sizes":{"thumbnail":"https:\/\/www.ifg.gr\/wp-content\/uploads\/2024\/11\/EXPO-PHOTO-TAXIARCHIS_1300x768.jpg","thumbnail-width":150,"thumbnail-height":89,"medium":"https:\/\/www.ifg.gr\/wp-content\/uploads\/2024\/11\/EXPO-PHOTO-TAXIARCHIS_1300x768.jpg","medium-width":300,"medium-height":177,"medium_large":"https:\/\/www.ifg.gr\/wp-content\/uploads\/2024\/11\/EXPO-PHOTO-TAXIARCHIS_1300x768-768x454.jpg","medium_large-width":640,"medium_large-height":378,"large":"https:\/\/www.ifg.gr\/wp-content\/uploads\/2024\/11\/EXPO-PHOTO-TAXIARCHIS_1300x768.jpg","large-width":640,"large-height":378,"1536x1536":"https:\/\/www.ifg.gr\/wp-content\/uploads\/2024\/11\/EXPO-PHOTO-TAXIARCHIS_1300x768-1536x908.jpg","1536x1536-width":1536,"1536x1536-height":908,"2048x2048":"https:\/\/www.ifg.gr\/wp-content\/uploads\/2024\/11\/EXPO-PHOTO-TAXIARCHIS_1300x768.jpg","2048x2048-width":1733,"2048x2048-height":1024,"full-width":"https:\/\/www.ifg.gr\/wp-content\/uploads\/2024\/11\/EXPO-PHOTO-TAXIARCHIS_1300x768.jpg","full-width-width":1733,"full-width-height":1024,"sidebar":"https:\/\/www.ifg.gr\/wp-content\/uploads\/2024\/11\/EXPO-PHOTO-TAXIARCHIS_1300x768-1692x1000.jpg","sidebar-width":1692,"sidebar-height":1000,"thumb-sm":"https:\/\/www.ifg.gr\/wp-content\/uploads\/2024\/11\/EXPO-PHOTO-TAXIARCHIS_1300x768-220x130.jpg","thumb-sm-width":220,"thumb-sm-height":130,"thumb-square":"https:\/\/www.ifg.gr\/wp-content\/uploads\/2024\/11\/EXPO-PHOTO-TAXIARCHIS_1300x768-300x300.jpg","thumb-square-width":300,"thumb-square-height":300,"thumb-big":"https:\/\/www.ifg.gr\/wp-content\/uploads\/2024\/11\/EXPO-PHOTO-TAXIARCHIS_1300x768-600x400.jpg","thumb-big-width":600,"thumb-big-height":400,"slider-big":"https:\/\/www.ifg.gr\/wp-content\/uploads\/2024\/11\/EXPO-PHOTO-TAXIARCHIS_1300x768-1315x768.jpg","slider-big-width":1315,"slider-big-height":768}},"sponsors_group":false,"layout":false},"yoast_head":"<!-- This site is optimized with the Yoast SEO plugin v26.8 - https:\/\/yoast.com\/product\/yoast-seo-wordpress\/ -->\n<title>Exposition photographique du collectif Photo Culture: \u00abParties de moi \u00bb<\/title>\n<meta name=\"description\" content=\"Un voyage \u00e0 travers les pens\u00e9es et les sentiments des photographes, r\u00e9v\u00e9lant diff\u00e9rents aspects de l&#039;exp\u00e9rience humaine.\" \/>\n<meta name=\"robots\" content=\"index, follow, max-snippet:-1, max-image-preview:large, max-video-preview:-1\" \/>\n<link rel=\"canonical\" href=\"https:\/\/www.ifg.gr\/fr\/events\/exposition-photographie-photo-culture-parts-of-me\/\" \/>\n<meta property=\"og:locale\" content=\"fr_FR\" \/>\n<meta property=\"og:type\" content=\"article\" \/>\n<meta property=\"og:title\" content=\"Exposition photographique du collectif Photo Culture: \u00abParties de moi \u00bb\" \/>\n<meta property=\"og:description\" content=\"Un voyage \u00e0 travers les pens\u00e9es et les sentiments des photographes, r\u00e9v\u00e9lant diff\u00e9rents aspects de l&#039;exp\u00e9rience humaine.\" \/>\n<meta property=\"og:url\" content=\"https:\/\/www.ifg.gr\/fr\/events\/exposition-photographie-photo-culture-parts-of-me\/\" \/>\n<meta property=\"og:site_name\" content=\"IFG\" \/>\n<meta property=\"article:modified_time\" content=\"2024-11-26T13:47:31+00:00\" \/>\n<meta property=\"og:image\" content=\"https:\/\/www.ifg.gr\/wp-content\/uploads\/2024\/11\/EXPO-PHOTO-TAXIARCHIS_1200x800.jpg\" \/>\n\t<meta property=\"og:image:width\" content=\"1600\" \/>\n\t<meta property=\"og:image:height\" content=\"1067\" \/>\n\t<meta property=\"og:image:type\" content=\"image\/jpeg\" \/>\n<meta name=\"twitter:card\" content=\"summary_large_image\" \/>\n<meta name=\"twitter:label1\" content=\"Dur\u00e9e de lecture estim\u00e9e\" \/>\n\t<meta name=\"twitter:data1\" content=\"2 minutes\" \/>\n<script type=\"application\/ld+json\" class=\"yoast-schema-graph\">{\"@context\":\"https:\/\/schema.org\",\"@graph\":[{\"@type\":\"WebPage\",\"@id\":\"https:\/\/www.ifg.gr\/fr\/events\/exposition-photographie-photo-culture-parts-of-me\/\",\"url\":\"https:\/\/www.ifg.gr\/fr\/events\/exposition-photographie-photo-culture-parts-of-me\/\",\"name\":\"Exposition photographique du collectif Photo Culture: \u00abParties de moi \u00bb\",\"isPartOf\":{\"@id\":\"https:\/\/www.ifg.gr\/#website\"},\"primaryImageOfPage\":{\"@id\":\"https:\/\/www.ifg.gr\/fr\/events\/exposition-photographie-photo-culture-parts-of-me\/#primaryimage\"},\"image\":{\"@id\":\"https:\/\/www.ifg.gr\/fr\/events\/exposition-photographie-photo-culture-parts-of-me\/#primaryimage\"},\"thumbnailUrl\":\"https:\/\/www.ifg.gr\/wp-content\/uploads\/2024\/11\/EXPO-PHOTO-TAXIARCHIS_1200x800.jpg\",\"datePublished\":\"2024-11-26T13:04:29+00:00\",\"dateModified\":\"2024-11-26T13:47:31+00:00\",\"description\":\"Un voyage \u00e0 travers les pens\u00e9es et les sentiments des photographes, r\u00e9v\u00e9lant diff\u00e9rents aspects de l'exp\u00e9rience humaine.\",\"breadcrumb\":{\"@id\":\"https:\/\/www.ifg.gr\/fr\/events\/exposition-photographie-photo-culture-parts-of-me\/#breadcrumb\"},\"inLanguage\":\"fr-FR\",\"potentialAction\":[{\"@type\":\"ReadAction\",\"target\":[\"https:\/\/www.ifg.gr\/fr\/events\/exposition-photographie-photo-culture-parts-of-me\/\"]}]},{\"@type\":\"ImageObject\",\"inLanguage\":\"fr-FR\",\"@id\":\"https:\/\/www.ifg.gr\/fr\/events\/exposition-photographie-photo-culture-parts-of-me\/#primaryimage\",\"url\":\"https:\/\/www.ifg.gr\/wp-content\/uploads\/2024\/11\/EXPO-PHOTO-TAXIARCHIS_1200x800.jpg\",\"contentUrl\":\"https:\/\/www.ifg.gr\/wp-content\/uploads\/2024\/11\/EXPO-PHOTO-TAXIARCHIS_1200x800.jpg\",\"width\":1600,\"height\":1067},{\"@type\":\"BreadcrumbList\",\"@id\":\"https:\/\/www.ifg.gr\/fr\/events\/exposition-photographie-photo-culture-parts-of-me\/#breadcrumb\",\"itemListElement\":[{\"@type\":\"ListItem\",\"position\":1,\"name\":\"Home\",\"item\":\"https:\/\/www.ifg.gr\/fr\/\"},{\"@type\":\"ListItem\",\"position\":2,\"name\":\"Events\",\"item\":\"https:\/\/www.ifg.gr\/events\/\"},{\"@type\":\"ListItem\",\"position\":3,\"name\":\"Exposition photographique du collectif Photo Culture: \u00abParties de moi \u00bb\"}]},{\"@type\":\"WebSite\",\"@id\":\"https:\/\/www.ifg.gr\/#website\",\"url\":\"https:\/\/www.ifg.gr\/\",\"name\":\"IFG\",\"description\":\"\",\"potentialAction\":[{\"@type\":\"SearchAction\",\"target\":{\"@type\":\"EntryPoint\",\"urlTemplate\":\"https:\/\/www.ifg.gr\/?s={search_term_string}\"},\"query-input\":{\"@type\":\"PropertyValueSpecification\",\"valueRequired\":true,\"valueName\":\"search_term_string\"}}],\"inLanguage\":\"fr-FR\"}]}<\/script>\n<!-- \/ Yoast SEO plugin. -->","yoast_head_json":{"title":"Exposition photographique du collectif Photo Culture: \u00abParties de moi \u00bb","description":"Un voyage \u00e0 travers les pens\u00e9es et les sentiments des photographes, r\u00e9v\u00e9lant diff\u00e9rents aspects de l'exp\u00e9rience humaine.","robots":{"index":"index","follow":"follow","max-snippet":"max-snippet:-1","max-image-preview":"max-image-preview:large","max-video-preview":"max-video-preview:-1"},"canonical":"https:\/\/www.ifg.gr\/fr\/events\/exposition-photographie-photo-culture-parts-of-me\/","og_locale":"fr_FR","og_type":"article","og_title":"Exposition photographique du collectif Photo Culture: \u00abParties de moi \u00bb","og_description":"Un voyage \u00e0 travers les pens\u00e9es et les sentiments des photographes, r\u00e9v\u00e9lant diff\u00e9rents aspects de l'exp\u00e9rience humaine.","og_url":"https:\/\/www.ifg.gr\/fr\/events\/exposition-photographie-photo-culture-parts-of-me\/","og_site_name":"IFG","article_modified_time":"2024-11-26T13:47:31+00:00","og_image":[{"width":1600,"height":1067,"url":"https:\/\/www.ifg.gr\/wp-content\/uploads\/2024\/11\/EXPO-PHOTO-TAXIARCHIS_1200x800.jpg","type":"image\/jpeg"}],"twitter_card":"summary_large_image","twitter_misc":{"Dur\u00e9e de lecture estim\u00e9e":"2 minutes"},"schema":{"@context":"https:\/\/schema.org","@graph":[{"@type":"WebPage","@id":"https:\/\/www.ifg.gr\/fr\/events\/exposition-photographie-photo-culture-parts-of-me\/","url":"https:\/\/www.ifg.gr\/fr\/events\/exposition-photographie-photo-culture-parts-of-me\/","name":"Exposition photographique du collectif Photo Culture: \u00abParties de moi \u00bb","isPartOf":{"@id":"https:\/\/www.ifg.gr\/#website"},"primaryImageOfPage":{"@id":"https:\/\/www.ifg.gr\/fr\/events\/exposition-photographie-photo-culture-parts-of-me\/#primaryimage"},"image":{"@id":"https:\/\/www.ifg.gr\/fr\/events\/exposition-photographie-photo-culture-parts-of-me\/#primaryimage"},"thumbnailUrl":"https:\/\/www.ifg.gr\/wp-content\/uploads\/2024\/11\/EXPO-PHOTO-TAXIARCHIS_1200x800.jpg","datePublished":"2024-11-26T13:04:29+00:00","dateModified":"2024-11-26T13:47:31+00:00","description":"Un voyage \u00e0 travers les pens\u00e9es et les sentiments des photographes, r\u00e9v\u00e9lant diff\u00e9rents aspects de l'exp\u00e9rience humaine.","breadcrumb":{"@id":"https:\/\/www.ifg.gr\/fr\/events\/exposition-photographie-photo-culture-parts-of-me\/#breadcrumb"},"inLanguage":"fr-FR","potentialAction":[{"@type":"ReadAction","target":["https:\/\/www.ifg.gr\/fr\/events\/exposition-photographie-photo-culture-parts-of-me\/"]}]},{"@type":"ImageObject","inLanguage":"fr-FR","@id":"https:\/\/www.ifg.gr\/fr\/events\/exposition-photographie-photo-culture-parts-of-me\/#primaryimage","url":"https:\/\/www.ifg.gr\/wp-content\/uploads\/2024\/11\/EXPO-PHOTO-TAXIARCHIS_1200x800.jpg","contentUrl":"https:\/\/www.ifg.gr\/wp-content\/uploads\/2024\/11\/EXPO-PHOTO-TAXIARCHIS_1200x800.jpg","width":1600,"height":1067},{"@type":"BreadcrumbList","@id":"https:\/\/www.ifg.gr\/fr\/events\/exposition-photographie-photo-culture-parts-of-me\/#breadcrumb","itemListElement":[{"@type":"ListItem","position":1,"name":"Home","item":"https:\/\/www.ifg.gr\/fr\/"},{"@type":"ListItem","position":2,"name":"Events","item":"https:\/\/www.ifg.gr\/events\/"},{"@type":"ListItem","position":3,"name":"Exposition photographique du collectif Photo Culture: \u00abParties de moi \u00bb"}]},{"@type":"WebSite","@id":"https:\/\/www.ifg.gr\/#website","url":"https:\/\/www.ifg.gr\/","name":"IFG","description":"","potentialAction":[{"@type":"SearchAction","target":{"@type":"EntryPoint","urlTemplate":"https:\/\/www.ifg.gr\/?s={search_term_string}"},"query-input":{"@type":"PropertyValueSpecification","valueRequired":true,"valueName":"search_term_string"}}],"inLanguage":"fr-FR"}]}},"_links":{"self":[{"href":"https:\/\/www.ifg.gr\/fr\/wp-json\/wp\/v2\/event\/60651","targetHints":{"allow":["GET"]}}],"collection":[{"href":"https:\/\/www.ifg.gr\/fr\/wp-json\/wp\/v2\/event"}],"about":[{"href":"https:\/\/www.ifg.gr\/fr\/wp-json\/wp\/v2\/types\/event"}],"author":[{"embeddable":true,"href":"https:\/\/www.ifg.gr\/fr\/wp-json\/wp\/v2\/users\/18"}],"version-history":[{"count":5,"href":"https:\/\/www.ifg.gr\/fr\/wp-json\/wp\/v2\/event\/60651\/revisions"}],"predecessor-version":[{"id":60660,"href":"https:\/\/www.ifg.gr\/fr\/wp-json\/wp\/v2\/event\/60651\/revisions\/60660"}],"wp:featuredmedia":[{"embeddable":true,"href":"https:\/\/www.ifg.gr\/fr\/wp-json\/wp\/v2\/media\/60645"}],"wp:attachment":[{"href":"https:\/\/www.ifg.gr\/fr\/wp-json\/wp\/v2\/media?parent=60651"}],"wp:term":[{"taxonomy":"post_tag","embeddable":true,"href":"https:\/\/www.ifg.gr\/fr\/wp-json\/wp\/v2\/tags?post=60651"},{"taxonomy":"event_category","embeddable":true,"href":"https:\/\/www.ifg.gr\/fr\/wp-json\/wp\/v2\/event_category?post=60651"},{"taxonomy":"event_group","embeddable":true,"href":"https:\/\/www.ifg.gr\/fr\/wp-json\/wp\/v2\/event_group?post=60651"}],"curies":[{"name":"wp","href":"https:\/\/api.w.org\/{rel}","templated":true}]}}