{"id":60906,"date":"2024-12-18T16:35:32","date_gmt":"2024-12-18T14:35:32","guid":{"rendered":"https:\/\/www.ifg.gr\/events\/kyklos-cineclub-lefki-karta-sofia-eksarchou-2025\/"},"modified":"2025-03-04T10:34:50","modified_gmt":"2025-03-04T08:34:50","slug":"cycle-cineclub-carte-blanche-sofia-eksarchou-2025","status":"publish","type":"event","link":"https:\/\/www.ifg.gr\/fr\/events\/cycle-cineclub-carte-blanche-sofia-eksarchou-2025\/","title":{"rendered":"Cycle Cin\u00e9Club: Carte blanche \u00e0 Sofia Exarchou | janvier, f\u00e9vrier et mars 2025"},"content":{"rendered":"<p>Le cycle de projections \u00ab <strong>Cin\u00e9Club <\/strong>\u00bb de l\u2019IFG donne, pendant un trimestre, carte blanche \u00e0 une personnalit\u00e9 grecque du monde du cin\u00e9ma, pour pr\u00e9senter trois films de son choix.<\/p>\n<p>Pour les mois de <strong>janvier<\/strong>, <strong>f\u00e9vrier<\/strong> et <strong>mars<\/strong> <strong>2025<\/strong>, la Carte Blanche est attribu\u00e9e \u00e0 la r\u00e9alisatrice <a href=\"https:\/\/www.instagram.com\/sofia_exarchouu\/\" target=\"_blank\" rel=\"noopener\"><strong>Sofia Exarchou<\/strong><\/a>.<\/p>\n<p>Lors de ces soir\u00e9es cin\u00e9ma, avec entr\u00e9e libre, les cin\u00e9philes auront l\u2019occasion de d\u00e9couvrir ou red\u00e9couvrir quelques perles de la cin\u00e9matographie fran\u00e7aise, sous-titr\u00e9es en grec.<\/p>\n<p>Les 3 projections de la Carte blanche \u00e0 Sofia Exarchou:<\/p>\n<p>\ud83d\udcfd\ufe0f jeudi 23 janvier 2025, 20h00: \u00ab Innocence \u00bb, de Lucile Had\u017eihalilovi\u0107 (2005)<br \/>\n\ud83d\udcfd\ufe0f jeudi 27 f\u00e9vrier 2025, 20h00: \u00ab Beau travail \u00bb, de Claire Denis (1999)<br \/>\n\ud83d\udfe0 \ud83d\udcfd\ufe0f mercredi 12 mars 2025, 20h00: \u00ab Lourdes \u00bb, de Jessica Hausner (2009)<\/p>\n<hr \/>\n<h3>1\u00e8re projection | jeudi 23 janvier 2025, 20h00.<br \/>\n\u00ab Innocence \u00bb, de Lucile Had\u017eihalilovi\u0107<br \/>\n115&prime; &#8211; 2004 &#8211; France<br \/>\navec : Zo\u00e9 Auclair, Lea Bridarolli, B\u00e9rang\u00e8re Haubruge, Marion Cotillard<\/h3>\n<p><em>Quelque part, dans une for\u00eat, une \u00e9cole. L\u00e0, isol\u00e9es du monde, de tr\u00e8s jeunes filles apprennent la danse et les sciences naturelles&#8230;<br \/>\n<\/em><\/p>\n<p><iframe loading=\"lazy\" title=\"Innocence (2004) \/\/ Bande-annonce (VF)\" width=\"640\" height=\"480\" src=\"https:\/\/www.youtube.com\/embed\/1g-0-Xd21hM?feature=oembed\" frameborder=\"0\" allow=\"accelerometer; autoplay; clipboard-write; encrypted-media; gyroscope; picture-in-picture; web-share\" referrerpolicy=\"strict-origin-when-cross-origin\" allowfullscreen><\/iframe><\/p>\n<hr \/>\n<h3>2\u00e8me projection | jeudi 27 f\u00e9vrier 2025, 20h00.<br \/>\n\u00ab Beau travail \u00bb, de Claire Denis<br \/>\n90&prime; -1999 &#8211; France<br \/>\navec : Denis Lavant, Michel Subor, Gr\u00e9goire Colin<\/h3>\n<p><em>Dans le golfe de Djibouti, un peloton de la L\u00e9gion \u00e9trang\u00e8re r\u00e9pare les routes et s&rsquo;entra\u00eene \u00e0 la guerre. A Marseille, l&rsquo;ex-adjudant Galoup se rappelle les moments qu&rsquo;il a v\u00e9cus avec ses hommes. Il se souvient aussi du commandant qu&rsquo;il n&rsquo;a pas accept\u00e9 de partager avec un jeune l\u00e9gionnaire.<br \/>\n<\/em><\/p>\n<p><iframe loading=\"lazy\" title=\"BEAU TRAVAIL de Claire Denis - le 15 juin 2022 - Bande-annonce\" width=\"640\" height=\"360\" src=\"https:\/\/www.youtube.com\/embed\/ba_dkuafIGo?feature=oembed\" frameborder=\"0\" allow=\"accelerometer; autoplay; clipboard-write; encrypted-media; gyroscope; picture-in-picture; web-share\" referrerpolicy=\"strict-origin-when-cross-origin\" allowfullscreen><\/iframe><\/p>\n<hr \/>\n<h3>\ud83d\udfe0 3\u00e8me projection | mercredi 12 mars 2025, 20h00.<br \/>\n\u00ab Lourdes \u00bb, de Jessica Hausner<br \/>\n99&prime; \u2013 2009 &#8211; France<br \/>\navec : Sylvie Testud, L\u00e9a Seydoux, Bruno Todeschini<\/h3>\n<p><em>Christine a pass\u00e9 la majeure partie de sa vie immobilis\u00e9e dans un fauteuil roulant. Elle se rend \u00e0 Lourdes, site de p\u00e8lerinage l\u00e9gendaire au c\u0153ur des Pyr\u00e9n\u00e9es, afin de sortir de son isolement. Elle se r\u00e9veille un matin apparemment gu\u00e9rie par un miracle. Le leader du groupe de p\u00e8lerinage, un s\u00e9duisant membre de l\u2019ordre de Malte commence \u00e0 s\u2019int\u00e9resser \u00e0 elle. Alors que sa gu\u00e9rison suscite jalousie et admiration, Christine tente de profiter de sa nouvelle chance.<br \/>\n<\/em><\/p>\n<p><iframe loading=\"lazy\" title=\"LOURDES by Jessica Hausner (2009) \u2013 Official International Trailer\" width=\"640\" height=\"360\" src=\"https:\/\/www.youtube.com\/embed\/4Dw0blEi9YA?feature=oembed\" frameborder=\"0\" allow=\"accelerometer; autoplay; clipboard-write; encrypted-media; gyroscope; picture-in-picture; web-share\" referrerpolicy=\"strict-origin-when-cross-origin\" allowfullscreen><\/iframe><\/p>\n<hr \/>\n<h3>Sofia Exarchou, r\u00e9alisatrice<\/h3>\n<p>Sofia Exarchou a \u00e9tudi\u00e9 l\u2019ing\u00e9nierie \u00e9lectrique \u00e0 l\u2019\u00c9cole polytechnique d\u2019Ath\u00e8nes, la r\u00e9alisation de films \u00e0 la <a href=\"https:\/\/www.stavrakos.edu.gr\/\" target=\"_blank\" rel=\"noopener\">Stavrakos Film School<\/a> et le th\u00e9\u00e2tre au <a href=\"https:\/\/stellaadler.com\/\" target=\"_blank\" rel=\"noopener\">Stella Adler Studio of Acting<\/a> de New York. Elle est \u00e9galement titulaire d\u2019un master de l\u2019<a href=\"https:\/\/www.ensav.fr\/\" target=\"_blank\" rel=\"noopener\">ESAV de Toulouse<\/a>. En 2014, elle a \u00e9t\u00e9 s\u00e9lectionn\u00e9e pour participer au <a href=\"https:\/\/www.sundance.org\/programs\/feature-film\/\" target=\"_blank\" rel=\"noopener\">Sundance Screenwriters &amp; Directors\u2019 Lab<\/a>. Son premier long m\u00e9trage, <strong><em>Park<\/em><\/strong>, a \u00e9t\u00e9 pr\u00e9sent\u00e9 au Festival de Toronto et a remport\u00e9 le prix des nouveaux r\u00e9alisateurs au Festival international du film de San Sabastian. Son deuxi\u00e8me long m\u00e9trage, <strong><em>Animal<\/em><\/strong>, a \u00e9t\u00e9 s\u00e9lectionn\u00e9 pour participer \u00e0 L\u2019Atelier du Festival de Cannes. En ao\u00fbt 2023, il a \u00e9t\u00e9 pr\u00e9sent\u00e9 en premi\u00e8re mondiale au Festival international du film de Locarno, o\u00f9 il a re\u00e7u le L\u00e9opard de la meilleure performance. Depuis, il a particip\u00e9 et remport\u00e9 le prix du Meilleur film au Festival international du film de Thessalonique (Alexandre d\u2019or), au Festival de Vancouver et de Cork (Irlande), 7 Prix Iris de l\u2019Acad\u00e9mie hell\u00e9nique du cin\u00e9ma (Meilleur film, r\u00e9alisation, sc\u00e9nario, premier r\u00f4le f\u00e9minin, second r\u00f4le f\u00e9minin, montage, son) ainsi que des prix dans de nombreux festivals internationaux. En septembre 2024, Animal figurait parmi les 5 films nomin\u00e9s pour le Prix LUX du public d\u00e9cern\u00e9 chaque ann\u00e9e par le Parlement europ\u00e9en et l\u2019Acad\u00e9mie europ\u00e9enne du cin\u00e9ma.<\/p>\n<p><img loading=\"lazy\" decoding=\"async\" class=\"alignnone size-full wp-image-60911\" src=\"https:\/\/www.ifg.gr\/wp-content\/uploads\/2024\/12\/Sofia-Exarchou.jpeg\" alt=\"\" width=\"886\" height=\"591\" srcset=\"https:\/\/www.ifg.gr\/wp-content\/uploads\/2024\/12\/Sofia-Exarchou.jpeg 886w, https:\/\/www.ifg.gr\/wp-content\/uploads\/2024\/12\/Sofia-Exarchou-768x512.jpeg 768w, https:\/\/www.ifg.gr\/wp-content\/uploads\/2024\/12\/Sofia-Exarchou-195x130.jpeg 195w, https:\/\/www.ifg.gr\/wp-content\/uploads\/2024\/12\/Sofia-Exarchou-600x400.jpeg 600w\" sizes=\"auto, (max-width: 886px) 100vw, 886px\" \/><\/p>\n","protected":false},"excerpt":{"rendered":"<p>Pour les mois de janvier, f\u00e9vrier et mars 2025, la r\u00e9alisatrice Sophia Exarchou nous propose trois rendez-vous cin\u00e9matographiques distincts.<\/p>\n","protected":false},"author":18,"featured_media":60902,"template":"","tags":[1725,1723,1428,1427,1115],"event_category":[874],"event_group":[],"class_list":["post-60906","event","type-event","status-publish","has-post-thumbnail","hentry","tag-cycle-de-projections-fr","tag-kyklos-provolon-fr","tag-cinema","tag-kinimatografos-fr","tag-cine-club-fr","event_category-cinema"],"acf":{"sponsors_default":false,"info_title":"","info_text":"","date_range":{"start":"12\/03\/2025","end":"","cancelled":false,"note":"","start_time":"20:00","end_time":""},"details":{"location":"<p>\u0391uditorium Theo Angelopoulos (Sina 31)<\/p>\n<p>La projection sera pr\u00e9c\u00e9d\u00e9e d\u2019une pr\u00e9sentation par Sofia Exarchou.<\/p>\n","hyperlink1a":{"text":"","link":""},"price":"Entr\u00e9e libre \/ Film sous-titr\u00e9 en grec ","hyperlink2a":{"text":"","link":""},"online_event":false,"live_streaming":false,"live_streaming_code":"","facebook_url":"","hyperlink":{"text":"","link":""},"hyperlink2":{"text":"","link":""},"hyperlink3":{"text":"","link":""},"press_release":false},"featured_image_credits":"","home_slider_image":{"ID":60904,"id":60904,"title":"CINECLUB_1300x768","filename":"CINECLUB_1300x768.jpg","filesize":1072246,"url":"https:\/\/www.ifg.gr\/wp-content\/uploads\/2024\/12\/CINECLUB_1300x768.jpg","link":"https:\/\/www.ifg.gr\/fr\/events\/cycle-cineclub-carte-blanche-sofia-eksarchou-2025\/cineclub_1300x768-2-2\/","alt":"","author":"18","description":"","caption":"","name":"cineclub_1300x768-2-2","status":"inherit","uploaded_to":60906,"date":"2024-12-18 14:33:19","modified":"2024-12-18 14:33:19","menu_order":0,"mime_type":"image\/jpeg","type":"image","subtype":"jpeg","icon":"https:\/\/www.ifg.gr\/wp-includes\/images\/media\/default.png","width":1806,"height":1067,"sizes":{"thumbnail":"https:\/\/www.ifg.gr\/wp-content\/uploads\/2024\/12\/CINECLUB_1300x768.jpg","thumbnail-width":150,"thumbnail-height":89,"medium":"https:\/\/www.ifg.gr\/wp-content\/uploads\/2024\/12\/CINECLUB_1300x768.jpg","medium-width":300,"medium-height":177,"medium_large":"https:\/\/www.ifg.gr\/wp-content\/uploads\/2024\/12\/CINECLUB_1300x768-768x454.jpg","medium_large-width":640,"medium_large-height":378,"large":"https:\/\/www.ifg.gr\/wp-content\/uploads\/2024\/12\/CINECLUB_1300x768.jpg","large-width":640,"large-height":378,"1536x1536":"https:\/\/www.ifg.gr\/wp-content\/uploads\/2024\/12\/CINECLUB_1300x768-1536x907.jpg","1536x1536-width":1536,"1536x1536-height":907,"2048x2048":"https:\/\/www.ifg.gr\/wp-content\/uploads\/2024\/12\/CINECLUB_1300x768.jpg","2048x2048-width":1806,"2048x2048-height":1067,"full-width":"https:\/\/www.ifg.gr\/wp-content\/uploads\/2024\/12\/CINECLUB_1300x768.jpg","full-width-width":1806,"full-width-height":1067,"sidebar":"https:\/\/www.ifg.gr\/wp-content\/uploads\/2024\/12\/CINECLUB_1300x768-1693x1000.jpg","sidebar-width":1693,"sidebar-height":1000,"thumb-sm":"https:\/\/www.ifg.gr\/wp-content\/uploads\/2024\/12\/CINECLUB_1300x768-220x130.jpg","thumb-sm-width":220,"thumb-sm-height":130,"thumb-square":"https:\/\/www.ifg.gr\/wp-content\/uploads\/2024\/12\/CINECLUB_1300x768-500x500.jpg","thumb-square-width":500,"thumb-square-height":500,"thumb-big":"https:\/\/www.ifg.gr\/wp-content\/uploads\/2024\/12\/CINECLUB_1300x768-600x400.jpg","thumb-big-width":600,"thumb-big-height":400,"slider-big":"https:\/\/www.ifg.gr\/wp-content\/uploads\/2024\/12\/CINECLUB_1300x768-1315x768.jpg","slider-big-width":1315,"slider-big-height":768}},"sponsors_group":false,"layout":false},"yoast_head":"<!-- This site is optimized with the Yoast SEO plugin v26.8 - https:\/\/yoast.com\/product\/yoast-seo-wordpress\/ -->\n<title>Cycle Cin\u00e9Club: Carte blanche \u00e0 Sofia Exarchou | janvier, f\u00e9vrier et mars 2025<\/title>\n<meta name=\"description\" content=\"Pour les mois de janvier, f\u00e9vrier et mars 2025, la r\u00e9alisatrice Sophia Exarchou nous propose trois rendez-vous cin\u00e9matographiques distincts.\" \/>\n<meta name=\"robots\" content=\"index, follow, max-snippet:-1, max-image-preview:large, max-video-preview:-1\" \/>\n<link rel=\"canonical\" href=\"https:\/\/www.ifg.gr\/fr\/events\/cycle-cineclub-carte-blanche-sofia-eksarchou-2025\/\" \/>\n<meta property=\"og:locale\" content=\"fr_FR\" \/>\n<meta property=\"og:type\" content=\"article\" \/>\n<meta property=\"og:title\" content=\"Cycle Cin\u00e9Club: Carte blanche \u00e0 Sofia Exarchou | janvier, f\u00e9vrier et mars 2025\" \/>\n<meta property=\"og:description\" content=\"Pour les mois de janvier, f\u00e9vrier et mars 2025, la r\u00e9alisatrice Sophia Exarchou nous propose trois rendez-vous cin\u00e9matographiques distincts.\" \/>\n<meta property=\"og:url\" content=\"https:\/\/www.ifg.gr\/fr\/events\/cycle-cineclub-carte-blanche-sofia-eksarchou-2025\/\" \/>\n<meta property=\"og:site_name\" content=\"IFG\" \/>\n<meta property=\"article:modified_time\" content=\"2025-03-04T08:34:50+00:00\" \/>\n<meta property=\"og:image\" content=\"https:\/\/www.ifg.gr\/wp-content\/uploads\/2024\/12\/CINECLUB_1200X800.jpg\" \/>\n\t<meta property=\"og:image:width\" content=\"1667\" \/>\n\t<meta property=\"og:image:height\" content=\"1111\" \/>\n\t<meta property=\"og:image:type\" content=\"image\/jpeg\" \/>\n<meta name=\"twitter:card\" content=\"summary_large_image\" \/>\n<meta name=\"twitter:label1\" content=\"Dur\u00e9e de lecture estim\u00e9e\" \/>\n\t<meta name=\"twitter:data1\" content=\"4 minutes\" \/>\n<script type=\"application\/ld+json\" class=\"yoast-schema-graph\">{\"@context\":\"https:\/\/schema.org\",\"@graph\":[{\"@type\":\"WebPage\",\"@id\":\"https:\/\/www.ifg.gr\/fr\/events\/cycle-cineclub-carte-blanche-sofia-eksarchou-2025\/\",\"url\":\"https:\/\/www.ifg.gr\/fr\/events\/cycle-cineclub-carte-blanche-sofia-eksarchou-2025\/\",\"name\":\"Cycle Cin\u00e9Club: Carte blanche \u00e0 Sofia Exarchou | janvier, f\u00e9vrier et mars 2025\",\"isPartOf\":{\"@id\":\"https:\/\/www.ifg.gr\/#website\"},\"primaryImageOfPage\":{\"@id\":\"https:\/\/www.ifg.gr\/fr\/events\/cycle-cineclub-carte-blanche-sofia-eksarchou-2025\/#primaryimage\"},\"image\":{\"@id\":\"https:\/\/www.ifg.gr\/fr\/events\/cycle-cineclub-carte-blanche-sofia-eksarchou-2025\/#primaryimage\"},\"thumbnailUrl\":\"https:\/\/www.ifg.gr\/wp-content\/uploads\/2024\/12\/CINECLUB_1200X800.jpg\",\"datePublished\":\"2024-12-18T14:35:32+00:00\",\"dateModified\":\"2025-03-04T08:34:50+00:00\",\"description\":\"Pour les mois de janvier, f\u00e9vrier et mars 2025, la r\u00e9alisatrice Sophia Exarchou nous propose trois rendez-vous cin\u00e9matographiques distincts.\",\"breadcrumb\":{\"@id\":\"https:\/\/www.ifg.gr\/fr\/events\/cycle-cineclub-carte-blanche-sofia-eksarchou-2025\/#breadcrumb\"},\"inLanguage\":\"fr-FR\",\"potentialAction\":[{\"@type\":\"ReadAction\",\"target\":[\"https:\/\/www.ifg.gr\/fr\/events\/cycle-cineclub-carte-blanche-sofia-eksarchou-2025\/\"]}]},{\"@type\":\"ImageObject\",\"inLanguage\":\"fr-FR\",\"@id\":\"https:\/\/www.ifg.gr\/fr\/events\/cycle-cineclub-carte-blanche-sofia-eksarchou-2025\/#primaryimage\",\"url\":\"https:\/\/www.ifg.gr\/wp-content\/uploads\/2024\/12\/CINECLUB_1200X800.jpg\",\"contentUrl\":\"https:\/\/www.ifg.gr\/wp-content\/uploads\/2024\/12\/CINECLUB_1200X800.jpg\",\"width\":1667,\"height\":1111},{\"@type\":\"BreadcrumbList\",\"@id\":\"https:\/\/www.ifg.gr\/fr\/events\/cycle-cineclub-carte-blanche-sofia-eksarchou-2025\/#breadcrumb\",\"itemListElement\":[{\"@type\":\"ListItem\",\"position\":1,\"name\":\"Home\",\"item\":\"https:\/\/www.ifg.gr\/fr\/\"},{\"@type\":\"ListItem\",\"position\":2,\"name\":\"Events\",\"item\":\"https:\/\/www.ifg.gr\/events\/\"},{\"@type\":\"ListItem\",\"position\":3,\"name\":\"Cycle Cin\u00e9Club: Carte blanche \u00e0 Sofia Exarchou | janvier, f\u00e9vrier et mars 2025\"}]},{\"@type\":\"WebSite\",\"@id\":\"https:\/\/www.ifg.gr\/#website\",\"url\":\"https:\/\/www.ifg.gr\/\",\"name\":\"IFG\",\"description\":\"\",\"potentialAction\":[{\"@type\":\"SearchAction\",\"target\":{\"@type\":\"EntryPoint\",\"urlTemplate\":\"https:\/\/www.ifg.gr\/?s={search_term_string}\"},\"query-input\":{\"@type\":\"PropertyValueSpecification\",\"valueRequired\":true,\"valueName\":\"search_term_string\"}}],\"inLanguage\":\"fr-FR\"}]}<\/script>\n<!-- \/ Yoast SEO plugin. -->","yoast_head_json":{"title":"Cycle Cin\u00e9Club: Carte blanche \u00e0 Sofia Exarchou | janvier, f\u00e9vrier et mars 2025","description":"Pour les mois de janvier, f\u00e9vrier et mars 2025, la r\u00e9alisatrice Sophia Exarchou nous propose trois rendez-vous cin\u00e9matographiques distincts.","robots":{"index":"index","follow":"follow","max-snippet":"max-snippet:-1","max-image-preview":"max-image-preview:large","max-video-preview":"max-video-preview:-1"},"canonical":"https:\/\/www.ifg.gr\/fr\/events\/cycle-cineclub-carte-blanche-sofia-eksarchou-2025\/","og_locale":"fr_FR","og_type":"article","og_title":"Cycle Cin\u00e9Club: Carte blanche \u00e0 Sofia Exarchou | janvier, f\u00e9vrier et mars 2025","og_description":"Pour les mois de janvier, f\u00e9vrier et mars 2025, la r\u00e9alisatrice Sophia Exarchou nous propose trois rendez-vous cin\u00e9matographiques distincts.","og_url":"https:\/\/www.ifg.gr\/fr\/events\/cycle-cineclub-carte-blanche-sofia-eksarchou-2025\/","og_site_name":"IFG","article_modified_time":"2025-03-04T08:34:50+00:00","og_image":[{"width":1667,"height":1111,"url":"https:\/\/www.ifg.gr\/wp-content\/uploads\/2024\/12\/CINECLUB_1200X800.jpg","type":"image\/jpeg"}],"twitter_card":"summary_large_image","twitter_misc":{"Dur\u00e9e de lecture estim\u00e9e":"4 minutes"},"schema":{"@context":"https:\/\/schema.org","@graph":[{"@type":"WebPage","@id":"https:\/\/www.ifg.gr\/fr\/events\/cycle-cineclub-carte-blanche-sofia-eksarchou-2025\/","url":"https:\/\/www.ifg.gr\/fr\/events\/cycle-cineclub-carte-blanche-sofia-eksarchou-2025\/","name":"Cycle Cin\u00e9Club: Carte blanche \u00e0 Sofia Exarchou | janvier, f\u00e9vrier et mars 2025","isPartOf":{"@id":"https:\/\/www.ifg.gr\/#website"},"primaryImageOfPage":{"@id":"https:\/\/www.ifg.gr\/fr\/events\/cycle-cineclub-carte-blanche-sofia-eksarchou-2025\/#primaryimage"},"image":{"@id":"https:\/\/www.ifg.gr\/fr\/events\/cycle-cineclub-carte-blanche-sofia-eksarchou-2025\/#primaryimage"},"thumbnailUrl":"https:\/\/www.ifg.gr\/wp-content\/uploads\/2024\/12\/CINECLUB_1200X800.jpg","datePublished":"2024-12-18T14:35:32+00:00","dateModified":"2025-03-04T08:34:50+00:00","description":"Pour les mois de janvier, f\u00e9vrier et mars 2025, la r\u00e9alisatrice Sophia Exarchou nous propose trois rendez-vous cin\u00e9matographiques distincts.","breadcrumb":{"@id":"https:\/\/www.ifg.gr\/fr\/events\/cycle-cineclub-carte-blanche-sofia-eksarchou-2025\/#breadcrumb"},"inLanguage":"fr-FR","potentialAction":[{"@type":"ReadAction","target":["https:\/\/www.ifg.gr\/fr\/events\/cycle-cineclub-carte-blanche-sofia-eksarchou-2025\/"]}]},{"@type":"ImageObject","inLanguage":"fr-FR","@id":"https:\/\/www.ifg.gr\/fr\/events\/cycle-cineclub-carte-blanche-sofia-eksarchou-2025\/#primaryimage","url":"https:\/\/www.ifg.gr\/wp-content\/uploads\/2024\/12\/CINECLUB_1200X800.jpg","contentUrl":"https:\/\/www.ifg.gr\/wp-content\/uploads\/2024\/12\/CINECLUB_1200X800.jpg","width":1667,"height":1111},{"@type":"BreadcrumbList","@id":"https:\/\/www.ifg.gr\/fr\/events\/cycle-cineclub-carte-blanche-sofia-eksarchou-2025\/#breadcrumb","itemListElement":[{"@type":"ListItem","position":1,"name":"Home","item":"https:\/\/www.ifg.gr\/fr\/"},{"@type":"ListItem","position":2,"name":"Events","item":"https:\/\/www.ifg.gr\/events\/"},{"@type":"ListItem","position":3,"name":"Cycle Cin\u00e9Club: Carte blanche \u00e0 Sofia Exarchou | janvier, f\u00e9vrier et mars 2025"}]},{"@type":"WebSite","@id":"https:\/\/www.ifg.gr\/#website","url":"https:\/\/www.ifg.gr\/","name":"IFG","description":"","potentialAction":[{"@type":"SearchAction","target":{"@type":"EntryPoint","urlTemplate":"https:\/\/www.ifg.gr\/?s={search_term_string}"},"query-input":{"@type":"PropertyValueSpecification","valueRequired":true,"valueName":"search_term_string"}}],"inLanguage":"fr-FR"}]}},"_links":{"self":[{"href":"https:\/\/www.ifg.gr\/fr\/wp-json\/wp\/v2\/event\/60906","targetHints":{"allow":["GET"]}}],"collection":[{"href":"https:\/\/www.ifg.gr\/fr\/wp-json\/wp\/v2\/event"}],"about":[{"href":"https:\/\/www.ifg.gr\/fr\/wp-json\/wp\/v2\/types\/event"}],"author":[{"embeddable":true,"href":"https:\/\/www.ifg.gr\/fr\/wp-json\/wp\/v2\/users\/18"}],"version-history":[{"count":11,"href":"https:\/\/www.ifg.gr\/fr\/wp-json\/wp\/v2\/event\/60906\/revisions"}],"predecessor-version":[{"id":61531,"href":"https:\/\/www.ifg.gr\/fr\/wp-json\/wp\/v2\/event\/60906\/revisions\/61531"}],"wp:featuredmedia":[{"embeddable":true,"href":"https:\/\/www.ifg.gr\/fr\/wp-json\/wp\/v2\/media\/60902"}],"wp:attachment":[{"href":"https:\/\/www.ifg.gr\/fr\/wp-json\/wp\/v2\/media?parent=60906"}],"wp:term":[{"taxonomy":"post_tag","embeddable":true,"href":"https:\/\/www.ifg.gr\/fr\/wp-json\/wp\/v2\/tags?post=60906"},{"taxonomy":"event_category","embeddable":true,"href":"https:\/\/www.ifg.gr\/fr\/wp-json\/wp\/v2\/event_category?post=60906"},{"taxonomy":"event_group","embeddable":true,"href":"https:\/\/www.ifg.gr\/fr\/wp-json\/wp\/v2\/event_group?post=60906"}],"curies":[{"name":"wp","href":"https:\/\/api.w.org\/{rel}","templated":true}]}}