{"id":61054,"date":"2025-01-16T12:57:28","date_gmt":"2025-01-16T10:57:28","guid":{"rendered":"https:\/\/www.ifg.gr\/events\/thomas-jolly-apo-to-parisi-2024-stin-koitida-tou-olympismou\/"},"modified":"2025-01-16T15:38:51","modified_gmt":"2025-01-16T13:38:51","slug":"thomas-jolly-de-paris-2024-au-berceau-de-l-olympisme","status":"publish","type":"event","link":"https:\/\/www.ifg.gr\/fr\/events\/thomas-jolly-de-paris-2024-au-berceau-de-l-olympisme\/","title":{"rendered":"Thomas Jolly, de Paris 2024 au berceau de l&rsquo;Olympisme"},"content":{"rendered":"<h3>Le directeur artistique des c\u00e9r\u00e9monies d&rsquo;ouverture et de cl\u00f4ture des Jeux olympiques et paralympiques de Paris 2024, pour la premi\u00e8re fois \u00e0 Ath\u00e8nes !<\/h3>\n<p><strong>Thomas Jolly<\/strong>, l&rsquo;\u00ab architecte \u00bb de la plus grande f\u00eate sportive nous donne rendez-vous \u00e0 l\u2019Institut fran\u00e7ais de Gr\u00e8ce le 29 janvier 2025 pour une discussion avec l\u2019\u00e9crivain, auteur et pr\u00e9sentateur d\u2019\u00e9missions et de documentaires culturels (TV\/radio) <strong>Yorgos Archimandritis<\/strong> autour des c\u00e9r\u00e9monies, de ses sources d\u2019inspiration, des difficult\u00e9s rencontr\u00e9es et des \u00e9motions intenses qu&rsquo;il a v\u00e9cues avec ses collaborateurs.<\/p>\n<h3>Au travers d&rsquo;images et de t\u00e9moignages in\u00e9dits, le public aura l&rsquo;occasion de vivre, lors de cette soir\u00e9e sp\u00e9ciale, la pr\u00e9paration et l&rsquo;aboutissement de ces grands moments qui ont suscit\u00e9 de nombreux d\u00e9bats au niveau international, et sont d\u00e9sormais entr\u00e9s dans l\u2019histoire de l&rsquo;organisation des Jeux olympiques et paralympiques.<\/h3>\n<p>La rencontre sera suivie d\u2019un cocktail au\u00a0<a href=\"https:\/\/www.ifg.gr\/fr\/news\/maya-le-bistro-institut-francais-de-grece-ifg\/\" target=\"_blank\" rel=\"noopener\">Maya le Bistro<\/a>.<\/p>\n<p><strong><img loading=\"lazy\" decoding=\"async\" class=\"alignnone size-full wp-image-61042\" src=\"https:\/\/www.ifg.gr\/wp-content\/uploads\/2025\/01\/THOMAS-JOLLY_CP.jpg\" alt=\"\" width=\"1333\" height=\"333\" srcset=\"https:\/\/www.ifg.gr\/wp-content\/uploads\/2025\/01\/THOMAS-JOLLY_CP.jpg 1333w, https:\/\/www.ifg.gr\/wp-content\/uploads\/2025\/01\/THOMAS-JOLLY_CP-768x192.jpg 768w, https:\/\/www.ifg.gr\/wp-content\/uploads\/2025\/01\/THOMAS-JOLLY_CP-520x130.jpg 520w\" sizes=\"auto, (max-width: 1333px) 100vw, 1333px\" \/><\/strong><\/p>\n<p><strong>Thomas Jolly<\/strong><br \/>\nCom\u00e9dien et metteur en sc\u00e8ne de th\u00e9\u00e2tre et d\u2019op\u00e9ra, Thomas Jolly se forme \u00e0 l\u2019Ecole nationale sup\u00e9rieure d\u2019art dramatique du Th\u00e9\u00e2tre national de Bretagne et fonde sa premi\u00e8re compagnie en 2006, La Piccola Familia. Il se fait conna\u00eetre par ses mises en sc\u00e8ne de la trilogie <em>Henri VI<\/em> et <em>Richard III<\/em> de Shakespeare, <em>Eliogabalo<\/em> de Cavali, <em>Thyeste<\/em> de S\u00e9n\u00e8que, ou encore <em>Rom\u00e9o et Juliette<\/em> de Charles Gounod. Il a \u00e9t\u00e9 nomin\u00e9 \u00e0 plusieurs reprises aux Moli\u00e8res et a remport\u00e9 le Moli\u00e8re du metteur en sc\u00e8ne (th\u00e9\u00e2tre public) pour <em>Henri VI<\/em> en 2015. De 2020 \u00e0 2022, il dirige le Quai &#8211; Centre dramatique national Angers Pays de la Loire et recr\u00e9e, en parall\u00e8le, la com\u00e9die musicale fran\u00e7aise <em>Starmania<\/em>, \u00e0 Paris.<br \/>\nA partir de septembre 2022, il travaille sur les c\u00e9r\u00e9monies d\u2019ouverture et de cl\u00f4ture des <a href=\"https:\/\/olympics.com\/en\/paris-2024\" target=\"_blank\" rel=\"noopener\">Jeux Olympiques et Paralympiques de Paris 2024<\/a>. La c\u00e9r\u00e9monie d\u2019ouverture, diffus\u00e9e mondialement le 26 juillet 2024, rentre dans l\u2019histoire des JO, puisqu\u2019elle est la premi\u00e8re \u00e0 se d\u00e9rouler hors d\u2019un stade.<\/p>\n<p><strong>\u0393\u03b9\u03ce\u03c1\u03b3\u03bf\u03c2 \u0391\u03c1\u03c7\u03b9\u03bc\u03b1\u03bd\u03b4\u03c1\u03af\u03c4\u03b7\u03c2<\/strong><br \/>\nEcrivain, auteur et pr\u00e9sentateur d\u2019\u00e9missions et de documentaires culturels (TV\/radio), Yorgos Archimandritis est Docteur en Litt\u00e9rature Compar\u00e9e de l\u2019<a href=\"https:\/\/www.sorbonne-universite.fr\/\" target=\"_blank\" rel=\"noopener\">universit\u00e9 Paris-Sorbonne<\/a>. En 2008, il a \u00e9t\u00e9 nomm\u00e9 Ambassadeur Culturel de la Gr\u00e8ce pour la Pr\u00e9sidence Fran\u00e7aise de l\u2019Union Europ\u00e9enne. En 2010, il a \u00e9t\u00e9 nomm\u00e9 Chevalier dans l\u2019Ordre des Arts et des Lettres et, en 2019, il a \u00e9t\u00e9 promu Officier dans le m\u00eame Ordre. Le livre <em>Mot \u00e0 Mot<\/em> qu\u2019il co-signe avec Danielle Mitterrand a paru aux \u00e9ditions Le Cherche-Midi et ses livres <em>Mikis Th\u00e9odorakis par lui-m\u00eame<\/em> et <em>Th\u00e9o Angelopoulos-Le temps suspendu<\/em> ont paru aux \u00e9ditions Actes Sud, ainsi qu\u2019aux \u00e9ditions Patakis en Gr\u00e8ce. Ses livres <em>M\u00e9lina-Une star en Am\u00e9rique<\/em> sur l\u2019actrice et femme politique M\u00e9lina Mercouri, <em>Yannis Behrakis-Avec les yeux de l\u2019\u00e2me<\/em> sur le photojournaliste-laur\u00e9at du Prix Pulitzer Yannis Behrakis et <em>Titos Patrikios-Que le l\u00e8ve un bout de la v\u00e9rit\u00e9<\/em>, sur le grand po\u00e8te grec Titos Patrikios, ont \u00e9galement paru en Gr\u00e8ce aux \u00e9ditions Patakis.<\/p>\n<p><img loading=\"lazy\" decoding=\"async\" class=\"alignnone size-full wp-image-61044\" src=\"https:\/\/www.ifg.gr\/wp-content\/uploads\/2025\/01\/THOMAS-JOLLY_CP2.jpg\" alt=\"\" width=\"1333\" height=\"1000\" srcset=\"https:\/\/www.ifg.gr\/wp-content\/uploads\/2025\/01\/THOMAS-JOLLY_CP2.jpg 1333w, https:\/\/www.ifg.gr\/wp-content\/uploads\/2025\/01\/THOMAS-JOLLY_CP2-768x576.jpg 768w, https:\/\/www.ifg.gr\/wp-content\/uploads\/2025\/01\/THOMAS-JOLLY_CP2-173x130.jpg 173w\" sizes=\"auto, (max-width: 1333px) 100vw, 1333px\" \/><\/p>\n","protected":false},"excerpt":{"rendered":"<p>Le directeur artistique des c\u00e9r\u00e9monies d&rsquo;ouverture et cl\u00f4ture des Jeux olympiques et paralympiques de Paris 2024, pour la premi\u00e8re fois \u00e0 Ath\u00e8nes !<\/p>\n","protected":false},"author":18,"featured_media":61047,"template":"","tags":[1822,963],"event_category":[1823,876,872],"event_group":[],"class_list":["post-61054","event","type-event","status-publish","has-post-thumbnail","hentry","tag-thomas-jolly-fr","tag-paris-2024","event_category-politismos-fr","event_category-sport","event_category-spectacle-vivant"],"acf":{"sponsors_default":false,"info_title":"","info_text":"","date_range":{"start":"29\/01\/2025","end":"","cancelled":false,"note":"","start_time":"20:00","end_time":""},"details":{"location":"<p>\u0391uditorium Theo Angelopoulos \u2013 Institut fran\u00e7ais de Gr\u00e8ce, 31, rue Sina<\/p>\n","hyperlink1a":{"text":"","link":""},"price":"Entr\u00e9e libre\r\nTraduction simultan\u00e9e","hyperlink2a":{"text":"","link":""},"online_event":false,"live_streaming":false,"live_streaming_code":"","facebook_url":"","hyperlink":{"text":"","link":""},"hyperlink2":{"text":"","link":""},"hyperlink3":{"text":"","link":""},"press_release":false},"featured_image_credits":"","home_slider_image":{"ID":61049,"id":61049,"title":"THOMAS JOLLY__1300x768","filename":"THOMAS-JOLLY__1300x768.jpg","filesize":1309008,"url":"https:\/\/www.ifg.gr\/wp-content\/uploads\/2025\/01\/THOMAS-JOLLY__1300x768.jpg","link":"https:\/\/www.ifg.gr\/fr\/events\/thomas-jolly-de-paris-2024-au-berceau-de-l-olympisme\/thomas-jolly__1300x768-2\/","alt":"","author":"18","description":"","caption":"","name":"thomas-jolly__1300x768-2","status":"inherit","uploaded_to":61054,"date":"2025-01-16 10:48:21","modified":"2025-01-16 10:48:21","menu_order":0,"mime_type":"image\/jpeg","type":"image","subtype":"jpeg","icon":"https:\/\/www.ifg.gr\/wp-includes\/images\/media\/default.png","width":1806,"height":1067,"sizes":{"thumbnail":"https:\/\/www.ifg.gr\/wp-content\/uploads\/2025\/01\/THOMAS-JOLLY__1300x768.jpg","thumbnail-width":150,"thumbnail-height":89,"medium":"https:\/\/www.ifg.gr\/wp-content\/uploads\/2025\/01\/THOMAS-JOLLY__1300x768.jpg","medium-width":300,"medium-height":177,"medium_large":"https:\/\/www.ifg.gr\/wp-content\/uploads\/2025\/01\/THOMAS-JOLLY__1300x768-768x454.jpg","medium_large-width":640,"medium_large-height":378,"large":"https:\/\/www.ifg.gr\/wp-content\/uploads\/2025\/01\/THOMAS-JOLLY__1300x768.jpg","large-width":640,"large-height":378,"1536x1536":"https:\/\/www.ifg.gr\/wp-content\/uploads\/2025\/01\/THOMAS-JOLLY__1300x768-1536x907.jpg","1536x1536-width":1536,"1536x1536-height":907,"2048x2048":"https:\/\/www.ifg.gr\/wp-content\/uploads\/2025\/01\/THOMAS-JOLLY__1300x768.jpg","2048x2048-width":1806,"2048x2048-height":1067,"full-width":"https:\/\/www.ifg.gr\/wp-content\/uploads\/2025\/01\/THOMAS-JOLLY__1300x768.jpg","full-width-width":1806,"full-width-height":1067,"sidebar":"https:\/\/www.ifg.gr\/wp-content\/uploads\/2025\/01\/THOMAS-JOLLY__1300x768-1693x1000.jpg","sidebar-width":1693,"sidebar-height":1000,"thumb-sm":"https:\/\/www.ifg.gr\/wp-content\/uploads\/2025\/01\/THOMAS-JOLLY__1300x768-220x130.jpg","thumb-sm-width":220,"thumb-sm-height":130,"thumb-square":"https:\/\/www.ifg.gr\/wp-content\/uploads\/2025\/01\/THOMAS-JOLLY__1300x768-500x500.jpg","thumb-square-width":500,"thumb-square-height":500,"thumb-big":"https:\/\/www.ifg.gr\/wp-content\/uploads\/2025\/01\/THOMAS-JOLLY__1300x768-600x400.jpg","thumb-big-width":600,"thumb-big-height":400,"slider-big":"https:\/\/www.ifg.gr\/wp-content\/uploads\/2025\/01\/THOMAS-JOLLY__1300x768-1315x768.jpg","slider-big-width":1315,"slider-big-height":768}},"sponsors_group":false,"layout":false},"yoast_head":"<!-- This site is optimized with the Yoast SEO plugin v26.8 - https:\/\/yoast.com\/product\/yoast-seo-wordpress\/ -->\n<title>Thomas Jolly, de Paris 2024 au berceau de l&#039;Olympisme<\/title>\n<meta name=\"description\" content=\"Le directeur artistique des c\u00e9r\u00e9monies d&#039;ouverture et cl\u00f4ture des Jeux olympiques et paralympiques de Paris 2024, pour la premi\u00e8re fois \u00e0 Ath\u00e8nes !\" \/>\n<meta name=\"robots\" content=\"index, follow, max-snippet:-1, max-image-preview:large, max-video-preview:-1\" \/>\n<link rel=\"canonical\" href=\"https:\/\/www.ifg.gr\/fr\/events\/thomas-jolly-de-paris-2024-au-berceau-de-l-olympisme\/\" \/>\n<meta property=\"og:locale\" content=\"fr_FR\" \/>\n<meta property=\"og:type\" content=\"article\" \/>\n<meta property=\"og:title\" content=\"Thomas Jolly, de Paris 2024 au berceau de l&#039;Olympisme\" \/>\n<meta property=\"og:description\" content=\"Le directeur artistique des c\u00e9r\u00e9monies d&#039;ouverture et cl\u00f4ture des Jeux olympiques et paralympiques de Paris 2024, pour la premi\u00e8re fois \u00e0 Ath\u00e8nes !\" \/>\n<meta property=\"og:url\" content=\"https:\/\/www.ifg.gr\/fr\/events\/thomas-jolly-de-paris-2024-au-berceau-de-l-olympisme\/\" \/>\n<meta property=\"og:site_name\" content=\"IFG\" \/>\n<meta property=\"article:modified_time\" content=\"2025-01-16T13:38:51+00:00\" \/>\n<meta property=\"og:image\" content=\"https:\/\/www.ifg.gr\/wp-content\/uploads\/2025\/01\/THOMAS-JOLLY__1200x800.jpg\" \/>\n\t<meta property=\"og:image:width\" content=\"1667\" \/>\n\t<meta property=\"og:image:height\" content=\"1111\" \/>\n\t<meta property=\"og:image:type\" content=\"image\/jpeg\" \/>\n<meta name=\"twitter:card\" content=\"summary_large_image\" \/>\n<meta name=\"twitter:label1\" content=\"Dur\u00e9e de lecture estim\u00e9e\" \/>\n\t<meta name=\"twitter:data1\" content=\"4 minutes\" \/>\n<script type=\"application\/ld+json\" class=\"yoast-schema-graph\">{\"@context\":\"https:\/\/schema.org\",\"@graph\":[{\"@type\":\"WebPage\",\"@id\":\"https:\/\/www.ifg.gr\/fr\/events\/thomas-jolly-de-paris-2024-au-berceau-de-l-olympisme\/\",\"url\":\"https:\/\/www.ifg.gr\/fr\/events\/thomas-jolly-de-paris-2024-au-berceau-de-l-olympisme\/\",\"name\":\"Thomas Jolly, de Paris 2024 au berceau de l'Olympisme\",\"isPartOf\":{\"@id\":\"https:\/\/www.ifg.gr\/#website\"},\"primaryImageOfPage\":{\"@id\":\"https:\/\/www.ifg.gr\/fr\/events\/thomas-jolly-de-paris-2024-au-berceau-de-l-olympisme\/#primaryimage\"},\"image\":{\"@id\":\"https:\/\/www.ifg.gr\/fr\/events\/thomas-jolly-de-paris-2024-au-berceau-de-l-olympisme\/#primaryimage\"},\"thumbnailUrl\":\"https:\/\/www.ifg.gr\/wp-content\/uploads\/2025\/01\/THOMAS-JOLLY__1200x800.jpg\",\"datePublished\":\"2025-01-16T10:57:28+00:00\",\"dateModified\":\"2025-01-16T13:38:51+00:00\",\"description\":\"Le directeur artistique des c\u00e9r\u00e9monies d'ouverture et cl\u00f4ture des Jeux olympiques et paralympiques de Paris 2024, pour la premi\u00e8re fois \u00e0 Ath\u00e8nes !\",\"breadcrumb\":{\"@id\":\"https:\/\/www.ifg.gr\/fr\/events\/thomas-jolly-de-paris-2024-au-berceau-de-l-olympisme\/#breadcrumb\"},\"inLanguage\":\"fr-FR\",\"potentialAction\":[{\"@type\":\"ReadAction\",\"target\":[\"https:\/\/www.ifg.gr\/fr\/events\/thomas-jolly-de-paris-2024-au-berceau-de-l-olympisme\/\"]}]},{\"@type\":\"ImageObject\",\"inLanguage\":\"fr-FR\",\"@id\":\"https:\/\/www.ifg.gr\/fr\/events\/thomas-jolly-de-paris-2024-au-berceau-de-l-olympisme\/#primaryimage\",\"url\":\"https:\/\/www.ifg.gr\/wp-content\/uploads\/2025\/01\/THOMAS-JOLLY__1200x800.jpg\",\"contentUrl\":\"https:\/\/www.ifg.gr\/wp-content\/uploads\/2025\/01\/THOMAS-JOLLY__1200x800.jpg\",\"width\":1667,\"height\":1111},{\"@type\":\"BreadcrumbList\",\"@id\":\"https:\/\/www.ifg.gr\/fr\/events\/thomas-jolly-de-paris-2024-au-berceau-de-l-olympisme\/#breadcrumb\",\"itemListElement\":[{\"@type\":\"ListItem\",\"position\":1,\"name\":\"Home\",\"item\":\"https:\/\/www.ifg.gr\/fr\/\"},{\"@type\":\"ListItem\",\"position\":2,\"name\":\"Events\",\"item\":\"https:\/\/www.ifg.gr\/events\/\"},{\"@type\":\"ListItem\",\"position\":3,\"name\":\"Thomas Jolly, de Paris 2024 au berceau de l&#8217;Olympisme\"}]},{\"@type\":\"WebSite\",\"@id\":\"https:\/\/www.ifg.gr\/#website\",\"url\":\"https:\/\/www.ifg.gr\/\",\"name\":\"IFG\",\"description\":\"\",\"potentialAction\":[{\"@type\":\"SearchAction\",\"target\":{\"@type\":\"EntryPoint\",\"urlTemplate\":\"https:\/\/www.ifg.gr\/?s={search_term_string}\"},\"query-input\":{\"@type\":\"PropertyValueSpecification\",\"valueRequired\":true,\"valueName\":\"search_term_string\"}}],\"inLanguage\":\"fr-FR\"}]}<\/script>\n<!-- \/ Yoast SEO plugin. -->","yoast_head_json":{"title":"Thomas Jolly, de Paris 2024 au berceau de l'Olympisme","description":"Le directeur artistique des c\u00e9r\u00e9monies d'ouverture et cl\u00f4ture des Jeux olympiques et paralympiques de Paris 2024, pour la premi\u00e8re fois \u00e0 Ath\u00e8nes !","robots":{"index":"index","follow":"follow","max-snippet":"max-snippet:-1","max-image-preview":"max-image-preview:large","max-video-preview":"max-video-preview:-1"},"canonical":"https:\/\/www.ifg.gr\/fr\/events\/thomas-jolly-de-paris-2024-au-berceau-de-l-olympisme\/","og_locale":"fr_FR","og_type":"article","og_title":"Thomas Jolly, de Paris 2024 au berceau de l'Olympisme","og_description":"Le directeur artistique des c\u00e9r\u00e9monies d'ouverture et cl\u00f4ture des Jeux olympiques et paralympiques de Paris 2024, pour la premi\u00e8re fois \u00e0 Ath\u00e8nes !","og_url":"https:\/\/www.ifg.gr\/fr\/events\/thomas-jolly-de-paris-2024-au-berceau-de-l-olympisme\/","og_site_name":"IFG","article_modified_time":"2025-01-16T13:38:51+00:00","og_image":[{"width":1667,"height":1111,"url":"https:\/\/www.ifg.gr\/wp-content\/uploads\/2025\/01\/THOMAS-JOLLY__1200x800.jpg","type":"image\/jpeg"}],"twitter_card":"summary_large_image","twitter_misc":{"Dur\u00e9e de lecture estim\u00e9e":"4 minutes"},"schema":{"@context":"https:\/\/schema.org","@graph":[{"@type":"WebPage","@id":"https:\/\/www.ifg.gr\/fr\/events\/thomas-jolly-de-paris-2024-au-berceau-de-l-olympisme\/","url":"https:\/\/www.ifg.gr\/fr\/events\/thomas-jolly-de-paris-2024-au-berceau-de-l-olympisme\/","name":"Thomas Jolly, de Paris 2024 au berceau de l'Olympisme","isPartOf":{"@id":"https:\/\/www.ifg.gr\/#website"},"primaryImageOfPage":{"@id":"https:\/\/www.ifg.gr\/fr\/events\/thomas-jolly-de-paris-2024-au-berceau-de-l-olympisme\/#primaryimage"},"image":{"@id":"https:\/\/www.ifg.gr\/fr\/events\/thomas-jolly-de-paris-2024-au-berceau-de-l-olympisme\/#primaryimage"},"thumbnailUrl":"https:\/\/www.ifg.gr\/wp-content\/uploads\/2025\/01\/THOMAS-JOLLY__1200x800.jpg","datePublished":"2025-01-16T10:57:28+00:00","dateModified":"2025-01-16T13:38:51+00:00","description":"Le directeur artistique des c\u00e9r\u00e9monies d'ouverture et cl\u00f4ture des Jeux olympiques et paralympiques de Paris 2024, pour la premi\u00e8re fois \u00e0 Ath\u00e8nes !","breadcrumb":{"@id":"https:\/\/www.ifg.gr\/fr\/events\/thomas-jolly-de-paris-2024-au-berceau-de-l-olympisme\/#breadcrumb"},"inLanguage":"fr-FR","potentialAction":[{"@type":"ReadAction","target":["https:\/\/www.ifg.gr\/fr\/events\/thomas-jolly-de-paris-2024-au-berceau-de-l-olympisme\/"]}]},{"@type":"ImageObject","inLanguage":"fr-FR","@id":"https:\/\/www.ifg.gr\/fr\/events\/thomas-jolly-de-paris-2024-au-berceau-de-l-olympisme\/#primaryimage","url":"https:\/\/www.ifg.gr\/wp-content\/uploads\/2025\/01\/THOMAS-JOLLY__1200x800.jpg","contentUrl":"https:\/\/www.ifg.gr\/wp-content\/uploads\/2025\/01\/THOMAS-JOLLY__1200x800.jpg","width":1667,"height":1111},{"@type":"BreadcrumbList","@id":"https:\/\/www.ifg.gr\/fr\/events\/thomas-jolly-de-paris-2024-au-berceau-de-l-olympisme\/#breadcrumb","itemListElement":[{"@type":"ListItem","position":1,"name":"Home","item":"https:\/\/www.ifg.gr\/fr\/"},{"@type":"ListItem","position":2,"name":"Events","item":"https:\/\/www.ifg.gr\/events\/"},{"@type":"ListItem","position":3,"name":"Thomas Jolly, de Paris 2024 au berceau de l&#8217;Olympisme"}]},{"@type":"WebSite","@id":"https:\/\/www.ifg.gr\/#website","url":"https:\/\/www.ifg.gr\/","name":"IFG","description":"","potentialAction":[{"@type":"SearchAction","target":{"@type":"EntryPoint","urlTemplate":"https:\/\/www.ifg.gr\/?s={search_term_string}"},"query-input":{"@type":"PropertyValueSpecification","valueRequired":true,"valueName":"search_term_string"}}],"inLanguage":"fr-FR"}]}},"_links":{"self":[{"href":"https:\/\/www.ifg.gr\/fr\/wp-json\/wp\/v2\/event\/61054","targetHints":{"allow":["GET"]}}],"collection":[{"href":"https:\/\/www.ifg.gr\/fr\/wp-json\/wp\/v2\/event"}],"about":[{"href":"https:\/\/www.ifg.gr\/fr\/wp-json\/wp\/v2\/types\/event"}],"author":[{"embeddable":true,"href":"https:\/\/www.ifg.gr\/fr\/wp-json\/wp\/v2\/users\/18"}],"version-history":[{"count":5,"href":"https:\/\/www.ifg.gr\/fr\/wp-json\/wp\/v2\/event\/61054\/revisions"}],"predecessor-version":[{"id":61064,"href":"https:\/\/www.ifg.gr\/fr\/wp-json\/wp\/v2\/event\/61054\/revisions\/61064"}],"wp:featuredmedia":[{"embeddable":true,"href":"https:\/\/www.ifg.gr\/fr\/wp-json\/wp\/v2\/media\/61047"}],"wp:attachment":[{"href":"https:\/\/www.ifg.gr\/fr\/wp-json\/wp\/v2\/media?parent=61054"}],"wp:term":[{"taxonomy":"post_tag","embeddable":true,"href":"https:\/\/www.ifg.gr\/fr\/wp-json\/wp\/v2\/tags?post=61054"},{"taxonomy":"event_category","embeddable":true,"href":"https:\/\/www.ifg.gr\/fr\/wp-json\/wp\/v2\/event_category?post=61054"},{"taxonomy":"event_group","embeddable":true,"href":"https:\/\/www.ifg.gr\/fr\/wp-json\/wp\/v2\/event_group?post=61054"}],"curies":[{"name":"wp","href":"https:\/\/api.w.org\/{rel}","templated":true}]}}