{"id":61439,"date":"2025-02-19T12:20:42","date_gmt":"2025-02-19T10:20:42","guid":{"rendered":"https:\/\/www.ifg.gr\/events\/soirees-sina-synavlia-afieroma-ston-maurice-ravel\/"},"modified":"2025-03-14T13:33:42","modified_gmt":"2025-03-14T11:33:42","slug":"soirees-sina-hommage-maurice-ravel","status":"publish","type":"event","link":"https:\/\/www.ifg.gr\/fr\/events\/soirees-sina-hommage-maurice-ravel\/","title":{"rendered":"Soir\u00e9es \u03a3ina : Hommage \u00e0 Maurice Ravel"},"content":{"rendered":"<p><strong><span class=\"html-span xexx8yu x4uap5 x18d9i69 xkhd6sd x1hl2dhg x16tdsg8 x1vvkbs x3nfvp2 x1j61x8r x1fcty0u xdj266r xat24cr xgzva0m xhhsvwb xxymvpz xlup9mm x1kky2od\"><img loading=\"lazy\" decoding=\"async\" class=\"xz74otr x168nmei x13lgxp2 x5pf9jr xo71vjh\" src=\"https:\/\/static.xx.fbcdn.net\/images\/emoji.php\/v9\/t1\/1\/16\/1f3a7.png\" alt=\"\ud83c\udfa7\" width=\"16\" height=\"16\" \/> <\/span>\u00c9coutez <a href=\"https:\/\/www.ertecho.gr\/radio\/trito\/show\/synaylies-dichos-synora\/?fbclid=IwY2xjawI_zHdleHRuA2FlbQIxMQABHaOCYrfBIMsG6al0yxkwka8I3jALgiVA8qo-rBjB_NLln_fnurQb10Rulg_aem_KBy2gBZmqilc1gudHXz7Tw\">ICI<\/a>\u00a0la diffusion de l&rsquo;hommage \u00e0 Maurice Ravel au Trito Programma d&rsquo;ERT dans l&rsquo;\u00e9mission \u00ab\u00a0Concerts sans Fronti\u00e8res\u00a0\u00bb.<\/strong><\/p>\n<hr \/>\n<p>L&rsquo;Institut Fran\u00e7ais de Gr\u00e8ce inaugure un nouveau cycle de rencontres artistiques, de discussions, de repr\u00e9sentations hybrides et de conf\u00e9rences non acad\u00e9miques, cycle intitul\u00e9 \u00ab <strong>Soir\u00e9es \u03a3ina<\/strong> \u00bb. Ce cycle offre au public l&rsquo;opportunit\u00e9 d&rsquo;approcher les diff\u00e9rentes formes d&rsquo;expression artistique, en entrant dans les coulisses de la cr\u00e9ation.<\/p>\n<p>La premi\u00e8re soir\u00e9e de ce nouveau cycle est consacr\u00e9e \u00e0 Maurice Ravel et est organis\u00e9e \u00e0 l&rsquo;occasion du 150e anniversaire de la naissance du grand compositeur fran\u00e7ais. Une Soir\u00e9e \u03a3ina musicale captivante, un concert en deux temps, avec les musiciens <strong>Tonia Makatsianou<\/strong> et <strong>Konstantinos Destounis<\/strong> !<\/p>\n<hr \/>\n<p>Ouverture des portes\u00a0: 18h30<br \/>\nD\u00e9but de la repr\u00e9sentation\u00a0: 19h00<\/p>\n<h3>\ud83d\udfe1 1\u00e8re partie : Entre Deux Mondes &#8211; Ravel et ses Contemporains<br \/>\nConcert musical avec explications bilingues (grec et fran\u00e7ais)<br \/>\nTonia Makatsianou : conception, interpr\u00e9tation<br \/>\n(45 minutes)<\/h3>\n<p>Ce concert plonge dans l&rsquo;esprit malicieux et subversif de Paris du d\u00e9but du 20e si\u00e8cle. Les grands compositeurs fran\u00e7ais, grecs et m\u00eame espagnols se r\u00e9unissent pour rendre hommage \u00e0 Ravel. Les pi\u00e8ces s\u00e9lectionn\u00e9es, telles que les c\u00e9l\u00e8bres <em>Gnossiennes<\/em> de Satie, <em>Les Danseuses de Delphes<\/em> de Debussy, et les \u0153uvres moins connues de Constantinidis, feront revivre l\u2019atmosph\u00e8re artistique de l\u2019\u00e9poque tout en cr\u00e9ant un pont entre la Gr\u00e8ce et la France. Les compositions de Constantinidis, influenc\u00e9es par les chants et les danses traditionnelles, suivent les pas impressionnistes de Ravel, permettant ainsi d&rsquo;exp\u00e9rimenter l&rsquo;interaction entre les traditions musicales des deux pays.<\/p>\n<h3>\ud83d\udfe1 Pause10\u2019<\/h3>\n<h3>\ud83d\udfe1 2\u00e8me partie : Ravel au piano<br \/>\nR\u00e9cital de piano de Konstantinos Destounis<br \/>\n(43 minutes)<\/h3>\n<p>Ce r\u00e9cital est une invitation au voyage sonore dans lequel le piano, \u00e0 travers la finesse et la virtuosit\u00e9, \u00e9voque des paysages enchant\u00e9s. <em>Pavane pour une infante d\u00e9funte<\/em> une \u0153uvre empreinte de nostalgie, pr\u00e9c\u00e8de <em>Jeux d\u2019eau<\/em>, \u00e9clatante et fluide. La <em>Sonatine<\/em>, bouleversante, avant de laisser place \u00e0 l\u2019intensit\u00e9 d\u2019<em>Une barque sur l\u2019oc\u00e9an<\/em>. Enfin, la vitalit\u00e9 des rythmes espagnols d\u2019<em>Alborada del Gracioso<\/em> ach\u00e8vent ce programme.<\/p>\n<hr \/>\n<h3>Les musiciens<\/h3>\n<p><strong>Tonia Makatsianou<\/strong> est une pianiste et musicologue grecque, naviguant entre la musique classique, la musique grecque \u00e9crite, et le tango argentin. Elle est dipl\u00f4m\u00e9e d&rsquo;un Master de l&rsquo;Universit\u00e9 d&rsquo;Aristote de Thessalonique et de l\u2019Universit\u00e9 de Nice, ainsi que d\u2019un DEM du CRD d\u2019Argenteuil. Tonia se produit en soliste et au sein de diverses formations \u00e0 travers l&rsquo;Espagne, la Gr\u00e8ce, la Belgique et la France, participant \u00e0 des festivals de renomm\u00e9e internationale. Sa cr\u00e9ation She Said Sea, inspir\u00e9e par le compositeur Yannis Constantinidis, a \u00e9t\u00e9 couronn\u00e9e par le Centre International des Musiques Nomades en 2021. En 2023, elle a \u00e9t\u00e9 artiste-r\u00e9sidente aux Ateliers M\u00e9dicis.<\/p>\n<p><img loading=\"lazy\" decoding=\"async\" class=\"alignnone wp-image-61400\" src=\"https:\/\/www.ifg.gr\/wp-content\/uploads\/2025\/02\/TONIA-MAKATSIANOU.png\" alt=\"\" width=\"1062\" height=\"1087\" srcset=\"https:\/\/www.ifg.gr\/wp-content\/uploads\/2025\/02\/TONIA-MAKATSIANOU.png 589w, https:\/\/www.ifg.gr\/wp-content\/uploads\/2025\/02\/TONIA-MAKATSIANOU-127x130.png 127w\" sizes=\"auto, (max-width: 1062px) 100vw, 1062px\" \/><\/p>\n<p><strong>Konstantinos Destounis<\/strong> est ma\u00eetre de conf\u00e9rences, pianiste au d\u00e9partement d&rsquo;\u00e9tudes musicales de l&rsquo;Universit\u00e9 Ionienne, docteur du Royal College of Music de Londres et laur\u00e9at de nombreux concours internationaux de piano, notamment le Grand Prix Maria Callas, le Southern Highlands et le Concours europ\u00e9en de piano de Br\u00eame. Sa discographie comprend, entre autres, l\u2019int\u00e9grale de l\u2019\u0153uvre pour piano de Maurice Ravel, de Theodoros Antoniou et de Naresh Sohal. En tant que soliste, il se produit avec de nombreux orchestres en Gr\u00e8ce, en Angleterre, en Allemagne, en Espagne, en Australie et \u00e0 Malte, et donne des r\u00e9citals dans le cadre de festivals internationaux. Il a \u00e9tudi\u00e9 le piano aupr\u00e8s d\u2019Agathi Leimini au Conservatoire Hell\u00e9nique, d\u2019Igor Petrin \u00e0 l\u2019Universit\u00e9 de Mac\u00e9doine et de Rolf Plagge \u00e0 l\u2019universit\u00e9 Mozarteum, Salzbourg.<\/p>\n<p><img loading=\"lazy\" decoding=\"async\" class=\"alignnone size-full wp-image-61410\" src=\"https:\/\/www.ifg.gr\/wp-content\/uploads\/2025\/02\/KONSTANTINOS-DESTOUNIScarre-scaled.jpg\" alt=\"\" width=\"2560\" height=\"2560\" srcset=\"https:\/\/www.ifg.gr\/wp-content\/uploads\/2025\/02\/KONSTANTINOS-DESTOUNIScarre-scaled.jpg 2560w, https:\/\/www.ifg.gr\/wp-content\/uploads\/2025\/02\/KONSTANTINOS-DESTOUNIScarre-768x768.jpg 768w, https:\/\/www.ifg.gr\/wp-content\/uploads\/2025\/02\/KONSTANTINOS-DESTOUNIScarre-1536x1536.jpg 1536w, https:\/\/www.ifg.gr\/wp-content\/uploads\/2025\/02\/KONSTANTINOS-DESTOUNIScarre-2048x2048.jpg 2048w, https:\/\/www.ifg.gr\/wp-content\/uploads\/2025\/02\/KONSTANTINOS-DESTOUNIScarre-1920x1920.jpg 1920w, https:\/\/www.ifg.gr\/wp-content\/uploads\/2025\/02\/KONSTANTINOS-DESTOUNIScarre-1000x1000.jpg 1000w, https:\/\/www.ifg.gr\/wp-content\/uploads\/2025\/02\/KONSTANTINOS-DESTOUNIScarre-130x130.jpg 130w, https:\/\/www.ifg.gr\/wp-content\/uploads\/2025\/02\/KONSTANTINOS-DESTOUNIScarre-500x500.jpg 500w\" sizes=\"auto, (max-width: 2560px) 100vw, 2560px\" \/><\/p>\n<hr \/>\n<p><img loading=\"lazy\" decoding=\"async\" class=\"alignnone size-full wp-image-61398\" src=\"https:\/\/www.ifg.gr\/wp-content\/uploads\/2025\/02\/soiree_SINA_\u03913_RAVEL.jpg\" alt=\"\" width=\"1403\" height=\"1984\" srcset=\"https:\/\/www.ifg.gr\/wp-content\/uploads\/2025\/02\/soiree_SINA_\u03913_RAVEL.jpg 1403w, https:\/\/www.ifg.gr\/wp-content\/uploads\/2025\/02\/soiree_SINA_\u03913_RAVEL-768x1086.jpg 768w, https:\/\/www.ifg.gr\/wp-content\/uploads\/2025\/02\/soiree_SINA_\u03913_RAVEL-1086x1536.jpg 1086w, https:\/\/www.ifg.gr\/wp-content\/uploads\/2025\/02\/soiree_SINA_\u03913_RAVEL-707x1000.jpg 707w, https:\/\/www.ifg.gr\/wp-content\/uploads\/2025\/02\/soiree_SINA_\u03913_RAVEL-92x130.jpg 92w\" sizes=\"auto, (max-width: 1403px) 100vw, 1403px\" \/><\/p>\n","protected":false},"excerpt":{"rendered":"<p>Venez d\u00e9couvrir l\u2019univers du compositeur avec Tonia Makatsianou et Konstantinos Destounis, qui vous emm\u00e8neront dans un concert en deux temps m\u00ealant finesse et \u00e9motion.<\/p>\n","protected":false},"author":18,"featured_media":61395,"template":"","tags":[1854,1853,1218,1215],"event_category":[984,872],"event_group":[],"class_list":["post-61439","event","type-event","status-publish","has-post-thumbnail","hentry","tag-soirees-sina-fr","tag-ravel-fr","tag-musique","tag-mousiki-fr","event_category-musique","event_category-spectacle-vivant"],"acf":{"sponsors_default":false,"info_title":"","info_text":"","date_range":{"start":"06\/03\/2025","end":"","cancelled":false,"note":"","start_time":"19:00","end_time":""},"details":{"location":"<p>AUDITORIUM THEO ANGELOPOULOS (Sina 31)<\/p>\n<p>Ouverture des portes : 18h30<br \/>\nD\u00e9but de la repr\u00e9sentation : 19h00 <\/p>\n","hyperlink1a":{"text":"","link":""},"price":"ENTR\u00c9E LIBRE DANS LA LIMITE DES PLACES DISPONIBLES","hyperlink2a":{"text":"","link":""},"online_event":false,"live_streaming":false,"live_streaming_code":"","facebook_url":"https:\/\/www.facebook.com\/events\/1492675984980003","hyperlink":{"text":"","link":""},"hyperlink2":{"text":"","link":""},"hyperlink3":{"text":"","link":""},"press_release":false},"featured_image_credits":"","home_slider_image":{"ID":61397,"id":61397,"title":"soir\u00e9e_SINA_RAVEL__1300x768","filename":"soiree_SINA_RAVEL__1300x768.jpg","filesize":1696843,"url":"https:\/\/www.ifg.gr\/wp-content\/uploads\/2025\/02\/soiree_SINA_RAVEL__1300x768.jpg","link":"https:\/\/www.ifg.gr\/fr\/events\/soirees-sina-hommage-maurice-ravel\/soiree_sina_ravel__1300x768-2\/","alt":"","author":"18","description":"","caption":"","name":"soiree_sina_ravel__1300x768-2","status":"inherit","uploaded_to":61439,"date":"2025-02-17 12:53:13","modified":"2025-02-17 12:53:13","menu_order":0,"mime_type":"image\/jpeg","type":"image","subtype":"jpeg","icon":"https:\/\/www.ifg.gr\/wp-includes\/images\/media\/default.png","width":1806,"height":1067,"sizes":{"thumbnail":"https:\/\/www.ifg.gr\/wp-content\/uploads\/2025\/02\/soiree_SINA_RAVEL__1300x768.jpg","thumbnail-width":150,"thumbnail-height":89,"medium":"https:\/\/www.ifg.gr\/wp-content\/uploads\/2025\/02\/soiree_SINA_RAVEL__1300x768.jpg","medium-width":300,"medium-height":177,"medium_large":"https:\/\/www.ifg.gr\/wp-content\/uploads\/2025\/02\/soiree_SINA_RAVEL__1300x768-768x454.jpg","medium_large-width":640,"medium_large-height":378,"large":"https:\/\/www.ifg.gr\/wp-content\/uploads\/2025\/02\/soiree_SINA_RAVEL__1300x768.jpg","large-width":640,"large-height":378,"1536x1536":"https:\/\/www.ifg.gr\/wp-content\/uploads\/2025\/02\/soiree_SINA_RAVEL__1300x768-1536x907.jpg","1536x1536-width":1536,"1536x1536-height":907,"2048x2048":"https:\/\/www.ifg.gr\/wp-content\/uploads\/2025\/02\/soiree_SINA_RAVEL__1300x768.jpg","2048x2048-width":1806,"2048x2048-height":1067,"full-width":"https:\/\/www.ifg.gr\/wp-content\/uploads\/2025\/02\/soiree_SINA_RAVEL__1300x768.jpg","full-width-width":1806,"full-width-height":1067,"sidebar":"https:\/\/www.ifg.gr\/wp-content\/uploads\/2025\/02\/soiree_SINA_RAVEL__1300x768-1693x1000.jpg","sidebar-width":1693,"sidebar-height":1000,"thumb-sm":"https:\/\/www.ifg.gr\/wp-content\/uploads\/2025\/02\/soiree_SINA_RAVEL__1300x768-220x130.jpg","thumb-sm-width":220,"thumb-sm-height":130,"thumb-square":"https:\/\/www.ifg.gr\/wp-content\/uploads\/2025\/02\/soiree_SINA_RAVEL__1300x768-500x500.jpg","thumb-square-width":500,"thumb-square-height":500,"thumb-big":"https:\/\/www.ifg.gr\/wp-content\/uploads\/2025\/02\/soiree_SINA_RAVEL__1300x768-600x400.jpg","thumb-big-width":600,"thumb-big-height":400,"slider-big":"https:\/\/www.ifg.gr\/wp-content\/uploads\/2025\/02\/soiree_SINA_RAVEL__1300x768-1315x768.jpg","slider-big-width":1315,"slider-big-height":768}},"sponsors_group":false,"layout":false},"yoast_head":"<!-- This site is optimized with the Yoast SEO plugin v26.8 - https:\/\/yoast.com\/product\/yoast-seo-wordpress\/ -->\n<title>Soir\u00e9es \u03a3ina : Hommage \u00e0 Maurice Ravel<\/title>\n<meta name=\"description\" content=\"Venez d\u00e9couvrir l\u2019univers du compositeur avec Tonia Makatsianou et Konstantinos Destounis, qui vous emm\u00e8neront dans un concert en deux temps m\u00ealant finesse et \u00e9motion.\" \/>\n<meta name=\"robots\" content=\"index, follow, max-snippet:-1, max-image-preview:large, max-video-preview:-1\" \/>\n<link rel=\"canonical\" href=\"https:\/\/www.ifg.gr\/fr\/events\/soirees-sina-hommage-maurice-ravel\/\" \/>\n<meta property=\"og:locale\" content=\"fr_FR\" \/>\n<meta property=\"og:type\" content=\"article\" \/>\n<meta property=\"og:title\" content=\"Soir\u00e9es \u03a3ina : Hommage \u00e0 Maurice Ravel\" \/>\n<meta property=\"og:description\" content=\"Venez d\u00e9couvrir l\u2019univers du compositeur avec Tonia Makatsianou et Konstantinos Destounis, qui vous emm\u00e8neront dans un concert en deux temps m\u00ealant finesse et \u00e9motion.\" \/>\n<meta property=\"og:url\" content=\"https:\/\/www.ifg.gr\/fr\/events\/soirees-sina-hommage-maurice-ravel\/\" \/>\n<meta property=\"og:site_name\" content=\"IFG\" \/>\n<meta property=\"article:modified_time\" content=\"2025-03-14T11:33:42+00:00\" \/>\n<meta property=\"og:image\" content=\"https:\/\/www.ifg.gr\/wp-content\/uploads\/2025\/02\/soiree_SINA_RAVEL___1200X800.jpg\" \/>\n\t<meta property=\"og:image:width\" content=\"1667\" \/>\n\t<meta property=\"og:image:height\" content=\"1111\" \/>\n\t<meta property=\"og:image:type\" content=\"image\/jpeg\" \/>\n<meta name=\"twitter:card\" content=\"summary_large_image\" \/>\n<meta name=\"twitter:label1\" content=\"Dur\u00e9e de lecture estim\u00e9e\" \/>\n\t<meta name=\"twitter:data1\" content=\"4 minutes\" \/>\n<script type=\"application\/ld+json\" class=\"yoast-schema-graph\">{\"@context\":\"https:\/\/schema.org\",\"@graph\":[{\"@type\":\"WebPage\",\"@id\":\"https:\/\/www.ifg.gr\/fr\/events\/soirees-sina-hommage-maurice-ravel\/\",\"url\":\"https:\/\/www.ifg.gr\/fr\/events\/soirees-sina-hommage-maurice-ravel\/\",\"name\":\"Soir\u00e9es \u03a3ina : Hommage \u00e0 Maurice Ravel\",\"isPartOf\":{\"@id\":\"https:\/\/www.ifg.gr\/#website\"},\"primaryImageOfPage\":{\"@id\":\"https:\/\/www.ifg.gr\/fr\/events\/soirees-sina-hommage-maurice-ravel\/#primaryimage\"},\"image\":{\"@id\":\"https:\/\/www.ifg.gr\/fr\/events\/soirees-sina-hommage-maurice-ravel\/#primaryimage\"},\"thumbnailUrl\":\"https:\/\/www.ifg.gr\/wp-content\/uploads\/2025\/02\/soiree_SINA_RAVEL___1200X800.jpg\",\"datePublished\":\"2025-02-19T10:20:42+00:00\",\"dateModified\":\"2025-03-14T11:33:42+00:00\",\"description\":\"Venez d\u00e9couvrir l\u2019univers du compositeur avec Tonia Makatsianou et Konstantinos Destounis, qui vous emm\u00e8neront dans un concert en deux temps m\u00ealant finesse et \u00e9motion.\",\"breadcrumb\":{\"@id\":\"https:\/\/www.ifg.gr\/fr\/events\/soirees-sina-hommage-maurice-ravel\/#breadcrumb\"},\"inLanguage\":\"fr-FR\",\"potentialAction\":[{\"@type\":\"ReadAction\",\"target\":[\"https:\/\/www.ifg.gr\/fr\/events\/soirees-sina-hommage-maurice-ravel\/\"]}]},{\"@type\":\"ImageObject\",\"inLanguage\":\"fr-FR\",\"@id\":\"https:\/\/www.ifg.gr\/fr\/events\/soirees-sina-hommage-maurice-ravel\/#primaryimage\",\"url\":\"https:\/\/www.ifg.gr\/wp-content\/uploads\/2025\/02\/soiree_SINA_RAVEL___1200X800.jpg\",\"contentUrl\":\"https:\/\/www.ifg.gr\/wp-content\/uploads\/2025\/02\/soiree_SINA_RAVEL___1200X800.jpg\",\"width\":1667,\"height\":1111},{\"@type\":\"BreadcrumbList\",\"@id\":\"https:\/\/www.ifg.gr\/fr\/events\/soirees-sina-hommage-maurice-ravel\/#breadcrumb\",\"itemListElement\":[{\"@type\":\"ListItem\",\"position\":1,\"name\":\"Home\",\"item\":\"https:\/\/www.ifg.gr\/fr\/\"},{\"@type\":\"ListItem\",\"position\":2,\"name\":\"Events\",\"item\":\"https:\/\/www.ifg.gr\/events\/\"},{\"@type\":\"ListItem\",\"position\":3,\"name\":\"Soir\u00e9es \u03a3ina : Hommage \u00e0 Maurice Ravel\"}]},{\"@type\":\"WebSite\",\"@id\":\"https:\/\/www.ifg.gr\/#website\",\"url\":\"https:\/\/www.ifg.gr\/\",\"name\":\"IFG\",\"description\":\"\",\"potentialAction\":[{\"@type\":\"SearchAction\",\"target\":{\"@type\":\"EntryPoint\",\"urlTemplate\":\"https:\/\/www.ifg.gr\/?s={search_term_string}\"},\"query-input\":{\"@type\":\"PropertyValueSpecification\",\"valueRequired\":true,\"valueName\":\"search_term_string\"}}],\"inLanguage\":\"fr-FR\"}]}<\/script>\n<!-- \/ Yoast SEO plugin. -->","yoast_head_json":{"title":"Soir\u00e9es \u03a3ina : Hommage \u00e0 Maurice Ravel","description":"Venez d\u00e9couvrir l\u2019univers du compositeur avec Tonia Makatsianou et Konstantinos Destounis, qui vous emm\u00e8neront dans un concert en deux temps m\u00ealant finesse et \u00e9motion.","robots":{"index":"index","follow":"follow","max-snippet":"max-snippet:-1","max-image-preview":"max-image-preview:large","max-video-preview":"max-video-preview:-1"},"canonical":"https:\/\/www.ifg.gr\/fr\/events\/soirees-sina-hommage-maurice-ravel\/","og_locale":"fr_FR","og_type":"article","og_title":"Soir\u00e9es \u03a3ina : Hommage \u00e0 Maurice Ravel","og_description":"Venez d\u00e9couvrir l\u2019univers du compositeur avec Tonia Makatsianou et Konstantinos Destounis, qui vous emm\u00e8neront dans un concert en deux temps m\u00ealant finesse et \u00e9motion.","og_url":"https:\/\/www.ifg.gr\/fr\/events\/soirees-sina-hommage-maurice-ravel\/","og_site_name":"IFG","article_modified_time":"2025-03-14T11:33:42+00:00","og_image":[{"width":1667,"height":1111,"url":"https:\/\/www.ifg.gr\/wp-content\/uploads\/2025\/02\/soiree_SINA_RAVEL___1200X800.jpg","type":"image\/jpeg"}],"twitter_card":"summary_large_image","twitter_misc":{"Dur\u00e9e de lecture estim\u00e9e":"4 minutes"},"schema":{"@context":"https:\/\/schema.org","@graph":[{"@type":"WebPage","@id":"https:\/\/www.ifg.gr\/fr\/events\/soirees-sina-hommage-maurice-ravel\/","url":"https:\/\/www.ifg.gr\/fr\/events\/soirees-sina-hommage-maurice-ravel\/","name":"Soir\u00e9es \u03a3ina : Hommage \u00e0 Maurice Ravel","isPartOf":{"@id":"https:\/\/www.ifg.gr\/#website"},"primaryImageOfPage":{"@id":"https:\/\/www.ifg.gr\/fr\/events\/soirees-sina-hommage-maurice-ravel\/#primaryimage"},"image":{"@id":"https:\/\/www.ifg.gr\/fr\/events\/soirees-sina-hommage-maurice-ravel\/#primaryimage"},"thumbnailUrl":"https:\/\/www.ifg.gr\/wp-content\/uploads\/2025\/02\/soiree_SINA_RAVEL___1200X800.jpg","datePublished":"2025-02-19T10:20:42+00:00","dateModified":"2025-03-14T11:33:42+00:00","description":"Venez d\u00e9couvrir l\u2019univers du compositeur avec Tonia Makatsianou et Konstantinos Destounis, qui vous emm\u00e8neront dans un concert en deux temps m\u00ealant finesse et \u00e9motion.","breadcrumb":{"@id":"https:\/\/www.ifg.gr\/fr\/events\/soirees-sina-hommage-maurice-ravel\/#breadcrumb"},"inLanguage":"fr-FR","potentialAction":[{"@type":"ReadAction","target":["https:\/\/www.ifg.gr\/fr\/events\/soirees-sina-hommage-maurice-ravel\/"]}]},{"@type":"ImageObject","inLanguage":"fr-FR","@id":"https:\/\/www.ifg.gr\/fr\/events\/soirees-sina-hommage-maurice-ravel\/#primaryimage","url":"https:\/\/www.ifg.gr\/wp-content\/uploads\/2025\/02\/soiree_SINA_RAVEL___1200X800.jpg","contentUrl":"https:\/\/www.ifg.gr\/wp-content\/uploads\/2025\/02\/soiree_SINA_RAVEL___1200X800.jpg","width":1667,"height":1111},{"@type":"BreadcrumbList","@id":"https:\/\/www.ifg.gr\/fr\/events\/soirees-sina-hommage-maurice-ravel\/#breadcrumb","itemListElement":[{"@type":"ListItem","position":1,"name":"Home","item":"https:\/\/www.ifg.gr\/fr\/"},{"@type":"ListItem","position":2,"name":"Events","item":"https:\/\/www.ifg.gr\/events\/"},{"@type":"ListItem","position":3,"name":"Soir\u00e9es \u03a3ina : Hommage \u00e0 Maurice Ravel"}]},{"@type":"WebSite","@id":"https:\/\/www.ifg.gr\/#website","url":"https:\/\/www.ifg.gr\/","name":"IFG","description":"","potentialAction":[{"@type":"SearchAction","target":{"@type":"EntryPoint","urlTemplate":"https:\/\/www.ifg.gr\/?s={search_term_string}"},"query-input":{"@type":"PropertyValueSpecification","valueRequired":true,"valueName":"search_term_string"}}],"inLanguage":"fr-FR"}]}},"_links":{"self":[{"href":"https:\/\/www.ifg.gr\/fr\/wp-json\/wp\/v2\/event\/61439","targetHints":{"allow":["GET"]}}],"collection":[{"href":"https:\/\/www.ifg.gr\/fr\/wp-json\/wp\/v2\/event"}],"about":[{"href":"https:\/\/www.ifg.gr\/fr\/wp-json\/wp\/v2\/types\/event"}],"author":[{"embeddable":true,"href":"https:\/\/www.ifg.gr\/fr\/wp-json\/wp\/v2\/users\/18"}],"version-history":[{"count":12,"href":"https:\/\/www.ifg.gr\/fr\/wp-json\/wp\/v2\/event\/61439\/revisions"}],"predecessor-version":[{"id":61705,"href":"https:\/\/www.ifg.gr\/fr\/wp-json\/wp\/v2\/event\/61439\/revisions\/61705"}],"wp:featuredmedia":[{"embeddable":true,"href":"https:\/\/www.ifg.gr\/fr\/wp-json\/wp\/v2\/media\/61395"}],"wp:attachment":[{"href":"https:\/\/www.ifg.gr\/fr\/wp-json\/wp\/v2\/media?parent=61439"}],"wp:term":[{"taxonomy":"post_tag","embeddable":true,"href":"https:\/\/www.ifg.gr\/fr\/wp-json\/wp\/v2\/tags?post=61439"},{"taxonomy":"event_category","embeddable":true,"href":"https:\/\/www.ifg.gr\/fr\/wp-json\/wp\/v2\/event_category?post=61439"},{"taxonomy":"event_group","embeddable":true,"href":"https:\/\/www.ifg.gr\/fr\/wp-json\/wp\/v2\/event_group?post=61439"}],"curies":[{"name":"wp","href":"https:\/\/api.w.org\/{rel}","templated":true}]}}