{"id":61959,"date":"2025-04-28T13:08:28","date_gmt":"2025-04-28T10:08:28","guid":{"rendered":"https:\/\/www.ifg.gr\/events\/6o-festival-astynomikis-logotechnias-agatha-jean-christophe-grange\/"},"modified":"2025-04-28T13:16:08","modified_gmt":"2025-04-28T10:16:08","slug":"6e-festival-roman-policier-agatha-jean-christophe-grange","status":"publish","type":"event","link":"https:\/\/www.ifg.gr\/fr\/events\/6e-festival-roman-policier-agatha-jean-christophe-grange\/","title":{"rendered":"6e Festival du roman policier \u00ab Agatha \u00bb : \u00ab Hommage \u00e0 Jean-Christophe Grang\u00e9 \u00bb"},"content":{"rendered":"<p>Dans le cadre du<strong><a href=\"https:\/\/agathafestival.gr\/\" target=\"_blank\" rel=\"noopener\"> Festival du roman policier \u00ab Agatha \u00bb<\/a><\/strong> qui se tient cette ann\u00e9e du <strong>7 au 30 mai 2025<\/strong>, l\u2019Institut fran\u00e7ais de Gr\u00e8ce, en partenariat avec les <a href=\"https:\/\/kalendis.gr\/\" target=\"_blank\" rel=\"noopener\">\u00e9ditions Kalenti<\/a>, invite le public \u00e0 la rencontre de l\u2019auteur et journaliste <strong>Jean-Christophe GRANG\u00c9<\/strong>, ma\u00eetre du polar fran\u00e7ais, du suspense et de la subversion, pour la premi\u00e8re fois en Gr\u00e8ce !<\/p>\n<p><strong>Intervenants<\/strong> :<br \/>\n<strong>\ud83d\udd0e Grigoris AZARIADIS<\/strong> (auteur, critique de litt\u00e9rature polici\u00e8re) et<br \/>\n\ud83d\udd0e <strong>Makis PROVATAS<\/strong> (journaliste, \u00e9crivain).<br \/>\n<strong>\ud83d\udd0e Nevi GRULLERO<\/strong> assurera l&rsquo;interpr\u00e9tation cons\u00e9cutive de l&rsquo;\u00e9v\u00e9nement.<\/p>\n<p>Infos : <strong><a href=\"https:\/\/agathafestival.gr\/\" target=\"_blank\" rel=\"noopener\">www.agathafestival.gr<\/a><\/strong><\/p>\n<p><img loading=\"lazy\" decoding=\"async\" class=\"alignnone size-full wp-image-61956\" src=\"https:\/\/www.ifg.gr\/wp-content\/uploads\/2025\/04\/agatha-festival_poster_A3_nosponsors_page-0001-scaled.jpg\" alt=\"\" width=\"1810\" height=\"2560\" srcset=\"https:\/\/www.ifg.gr\/wp-content\/uploads\/2025\/04\/agatha-festival_poster_A3_nosponsors_page-0001-scaled.jpg 1810w, https:\/\/www.ifg.gr\/wp-content\/uploads\/2025\/04\/agatha-festival_poster_A3_nosponsors_page-0001-768x1086.jpg 768w, https:\/\/www.ifg.gr\/wp-content\/uploads\/2025\/04\/agatha-festival_poster_A3_nosponsors_page-0001-1086x1536.jpg 1086w, https:\/\/www.ifg.gr\/wp-content\/uploads\/2025\/04\/agatha-festival_poster_A3_nosponsors_page-0001-1448x2048.jpg 1448w, https:\/\/www.ifg.gr\/wp-content\/uploads\/2025\/04\/agatha-festival_poster_A3_nosponsors_page-0001-1920x2715.jpg 1920w, https:\/\/www.ifg.gr\/wp-content\/uploads\/2025\/04\/agatha-festival_poster_A3_nosponsors_page-0001-707x1000.jpg 707w, https:\/\/www.ifg.gr\/wp-content\/uploads\/2025\/04\/agatha-festival_poster_A3_nosponsors_page-0001-92x130.jpg 92w\" sizes=\"auto, (max-width: 1810px) 100vw, 1810px\" \/><\/p>\n","protected":false},"excerpt":{"rendered":"<p>Rencontrez l\u2019auteur et journaliste Jean-Christophe GRANG\u00c9, ma\u00eetre du polar fran\u00e7ais, du suspense et de la subversion !<\/p>\n","protected":false},"author":18,"featured_media":61953,"template":"","tags":[1863,1666,1441,1431,1432],"event_category":[870],"event_group":[],"class_list":["post-61959","event","type-event","status-publish","has-post-thumbnail","hentry","tag-festival-du-roman-policier","tag-festival-astynomikis-logotechnias-fr","tag-vivlio-2-fr","tag-vivlio","tag-livre","event_category-livre"],"acf":{"sponsors_default":false,"info_title":"","info_text":"","date_range":{"start":"17\/05\/2025","end":"","cancelled":false,"note":"","start_time":"19:30","end_time":""},"details":{"location":"<p>Mus\u00e9e de la guerre d'Ath\u00e8nes (Rizari 2-4, 106 75)<\/p>\n","hyperlink1a":{"text":"","link":""},"price":"","hyperlink2a":{"text":"","link":""},"online_event":false,"live_streaming":false,"live_streaming_code":"","facebook_url":"https:\/\/www.facebook.com\/events\/1704724574253833","hyperlink":{"text":"","link":""},"hyperlink2":{"text":"","link":""},"hyperlink3":{"text":"","link":""},"press_release":false},"featured_image_credits":"","home_slider_image":{"ID":61955,"id":61955,"title":"ATHENS CRIME FESTIVAL_1300x768","filename":"ATHENS-CRIME-FESTIVAL_1300x768.png","filesize":2727061,"url":"https:\/\/www.ifg.gr\/wp-content\/uploads\/2025\/04\/ATHENS-CRIME-FESTIVAL_1300x768.png","link":"https:\/\/www.ifg.gr\/fr\/events\/6e-festival-roman-policier-agatha-jean-christophe-grange\/athens-crime-festival_1300x768-2\/","alt":"","author":"18","description":"","caption":"","name":"athens-crime-festival_1300x768-2","status":"inherit","uploaded_to":61959,"date":"2025-04-28 10:07:44","modified":"2025-04-28 10:07:44","menu_order":0,"mime_type":"image\/png","type":"image","subtype":"png","icon":"https:\/\/www.ifg.gr\/wp-includes\/images\/media\/default.png","width":1733,"height":1024,"sizes":{"thumbnail":"https:\/\/www.ifg.gr\/wp-content\/uploads\/2025\/04\/ATHENS-CRIME-FESTIVAL_1300x768.png","thumbnail-width":150,"thumbnail-height":89,"medium":"https:\/\/www.ifg.gr\/wp-content\/uploads\/2025\/04\/ATHENS-CRIME-FESTIVAL_1300x768.png","medium-width":300,"medium-height":177,"medium_large":"https:\/\/www.ifg.gr\/wp-content\/uploads\/2025\/04\/ATHENS-CRIME-FESTIVAL_1300x768-768x454.png","medium_large-width":640,"medium_large-height":378,"large":"https:\/\/www.ifg.gr\/wp-content\/uploads\/2025\/04\/ATHENS-CRIME-FESTIVAL_1300x768.png","large-width":640,"large-height":378,"1536x1536":"https:\/\/www.ifg.gr\/wp-content\/uploads\/2025\/04\/ATHENS-CRIME-FESTIVAL_1300x768-1536x908.png","1536x1536-width":1536,"1536x1536-height":908,"2048x2048":"https:\/\/www.ifg.gr\/wp-content\/uploads\/2025\/04\/ATHENS-CRIME-FESTIVAL_1300x768.png","2048x2048-width":1733,"2048x2048-height":1024,"full-width":"https:\/\/www.ifg.gr\/wp-content\/uploads\/2025\/04\/ATHENS-CRIME-FESTIVAL_1300x768.png","full-width-width":1733,"full-width-height":1024,"sidebar":"https:\/\/www.ifg.gr\/wp-content\/uploads\/2025\/04\/ATHENS-CRIME-FESTIVAL_1300x768-1692x1000.png","sidebar-width":1692,"sidebar-height":1000,"thumb-sm":"https:\/\/www.ifg.gr\/wp-content\/uploads\/2025\/04\/ATHENS-CRIME-FESTIVAL_1300x768-220x130.png","thumb-sm-width":220,"thumb-sm-height":130,"thumb-square":"https:\/\/www.ifg.gr\/wp-content\/uploads\/2025\/04\/ATHENS-CRIME-FESTIVAL_1300x768-500x500.png","thumb-square-width":500,"thumb-square-height":500,"thumb-big":"https:\/\/www.ifg.gr\/wp-content\/uploads\/2025\/04\/ATHENS-CRIME-FESTIVAL_1300x768-600x400.png","thumb-big-width":600,"thumb-big-height":400,"slider-big":"https:\/\/www.ifg.gr\/wp-content\/uploads\/2025\/04\/ATHENS-CRIME-FESTIVAL_1300x768-1315x768.png","slider-big-width":1315,"slider-big-height":768}},"sponsors_group":false,"layout":false},"yoast_head":"<!-- This site is optimized with the Yoast SEO plugin v26.8 - https:\/\/yoast.com\/product\/yoast-seo-wordpress\/ -->\n<title>6e Festival du roman policier \u00ab Agatha \u00bb : \u00ab Hommage \u00e0 Jean-Christophe Grang\u00e9 \u00bb<\/title>\n<meta name=\"description\" content=\"Rencontrez l\u2019auteur et journaliste Jean-Christophe GRANG\u00c9, ma\u00eetre du polar fran\u00e7ais, du suspense et de la subversion !\" \/>\n<meta name=\"robots\" content=\"index, follow, max-snippet:-1, max-image-preview:large, max-video-preview:-1\" \/>\n<link rel=\"canonical\" href=\"https:\/\/www.ifg.gr\/fr\/events\/6e-festival-roman-policier-agatha-jean-christophe-grange\/\" \/>\n<meta property=\"og:locale\" content=\"fr_FR\" \/>\n<meta property=\"og:type\" content=\"article\" \/>\n<meta property=\"og:title\" content=\"6e Festival du roman policier \u00ab Agatha \u00bb : \u00ab Hommage \u00e0 Jean-Christophe Grang\u00e9 \u00bb\" \/>\n<meta property=\"og:description\" content=\"Rencontrez l\u2019auteur et journaliste Jean-Christophe GRANG\u00c9, ma\u00eetre du polar fran\u00e7ais, du suspense et de la subversion !\" \/>\n<meta property=\"og:url\" content=\"https:\/\/www.ifg.gr\/fr\/events\/6e-festival-roman-policier-agatha-jean-christophe-grange\/\" \/>\n<meta property=\"og:site_name\" content=\"IFG\" \/>\n<meta property=\"article:modified_time\" content=\"2025-04-28T10:16:08+00:00\" \/>\n<meta property=\"og:image\" content=\"https:\/\/www.ifg.gr\/wp-content\/uploads\/2025\/04\/ATHENS-CRIME-FESTIVAL_1200X800.png\" \/>\n\t<meta property=\"og:image:width\" content=\"1600\" \/>\n\t<meta property=\"og:image:height\" content=\"1067\" \/>\n\t<meta property=\"og:image:type\" content=\"image\/png\" \/>\n<meta name=\"twitter:card\" content=\"summary_large_image\" \/>\n<meta name=\"twitter:label1\" content=\"Dur\u00e9e de lecture estim\u00e9e\" \/>\n\t<meta name=\"twitter:data1\" content=\"1 minute\" \/>\n<script type=\"application\/ld+json\" class=\"yoast-schema-graph\">{\"@context\":\"https:\/\/schema.org\",\"@graph\":[{\"@type\":\"WebPage\",\"@id\":\"https:\/\/www.ifg.gr\/fr\/events\/6e-festival-roman-policier-agatha-jean-christophe-grange\/\",\"url\":\"https:\/\/www.ifg.gr\/fr\/events\/6e-festival-roman-policier-agatha-jean-christophe-grange\/\",\"name\":\"6e Festival du roman policier \u00ab Agatha \u00bb : \u00ab Hommage \u00e0 Jean-Christophe Grang\u00e9 \u00bb\",\"isPartOf\":{\"@id\":\"https:\/\/www.ifg.gr\/#website\"},\"primaryImageOfPage\":{\"@id\":\"https:\/\/www.ifg.gr\/fr\/events\/6e-festival-roman-policier-agatha-jean-christophe-grange\/#primaryimage\"},\"image\":{\"@id\":\"https:\/\/www.ifg.gr\/fr\/events\/6e-festival-roman-policier-agatha-jean-christophe-grange\/#primaryimage\"},\"thumbnailUrl\":\"https:\/\/www.ifg.gr\/wp-content\/uploads\/2025\/04\/ATHENS-CRIME-FESTIVAL_1200X800.png\",\"datePublished\":\"2025-04-28T10:08:28+00:00\",\"dateModified\":\"2025-04-28T10:16:08+00:00\",\"description\":\"Rencontrez l\u2019auteur et journaliste Jean-Christophe GRANG\u00c9, ma\u00eetre du polar fran\u00e7ais, du suspense et de la subversion !\",\"breadcrumb\":{\"@id\":\"https:\/\/www.ifg.gr\/fr\/events\/6e-festival-roman-policier-agatha-jean-christophe-grange\/#breadcrumb\"},\"inLanguage\":\"fr-FR\",\"potentialAction\":[{\"@type\":\"ReadAction\",\"target\":[\"https:\/\/www.ifg.gr\/fr\/events\/6e-festival-roman-policier-agatha-jean-christophe-grange\/\"]}]},{\"@type\":\"ImageObject\",\"inLanguage\":\"fr-FR\",\"@id\":\"https:\/\/www.ifg.gr\/fr\/events\/6e-festival-roman-policier-agatha-jean-christophe-grange\/#primaryimage\",\"url\":\"https:\/\/www.ifg.gr\/wp-content\/uploads\/2025\/04\/ATHENS-CRIME-FESTIVAL_1200X800.png\",\"contentUrl\":\"https:\/\/www.ifg.gr\/wp-content\/uploads\/2025\/04\/ATHENS-CRIME-FESTIVAL_1200X800.png\",\"width\":1600,\"height\":1067},{\"@type\":\"BreadcrumbList\",\"@id\":\"https:\/\/www.ifg.gr\/fr\/events\/6e-festival-roman-policier-agatha-jean-christophe-grange\/#breadcrumb\",\"itemListElement\":[{\"@type\":\"ListItem\",\"position\":1,\"name\":\"Home\",\"item\":\"https:\/\/www.ifg.gr\/fr\/\"},{\"@type\":\"ListItem\",\"position\":2,\"name\":\"Events\",\"item\":\"https:\/\/www.ifg.gr\/events\/\"},{\"@type\":\"ListItem\",\"position\":3,\"name\":\"6e Festival du roman policier \u00ab Agatha \u00bb : \u00ab Hommage \u00e0 Jean-Christophe Grang\u00e9 \u00bb\"}]},{\"@type\":\"WebSite\",\"@id\":\"https:\/\/www.ifg.gr\/#website\",\"url\":\"https:\/\/www.ifg.gr\/\",\"name\":\"IFG\",\"description\":\"\",\"potentialAction\":[{\"@type\":\"SearchAction\",\"target\":{\"@type\":\"EntryPoint\",\"urlTemplate\":\"https:\/\/www.ifg.gr\/?s={search_term_string}\"},\"query-input\":{\"@type\":\"PropertyValueSpecification\",\"valueRequired\":true,\"valueName\":\"search_term_string\"}}],\"inLanguage\":\"fr-FR\"}]}<\/script>\n<!-- \/ Yoast SEO plugin. -->","yoast_head_json":{"title":"6e Festival du roman policier \u00ab Agatha \u00bb : \u00ab Hommage \u00e0 Jean-Christophe Grang\u00e9 \u00bb","description":"Rencontrez l\u2019auteur et journaliste Jean-Christophe GRANG\u00c9, ma\u00eetre du polar fran\u00e7ais, du suspense et de la subversion !","robots":{"index":"index","follow":"follow","max-snippet":"max-snippet:-1","max-image-preview":"max-image-preview:large","max-video-preview":"max-video-preview:-1"},"canonical":"https:\/\/www.ifg.gr\/fr\/events\/6e-festival-roman-policier-agatha-jean-christophe-grange\/","og_locale":"fr_FR","og_type":"article","og_title":"6e Festival du roman policier \u00ab Agatha \u00bb : \u00ab Hommage \u00e0 Jean-Christophe Grang\u00e9 \u00bb","og_description":"Rencontrez l\u2019auteur et journaliste Jean-Christophe GRANG\u00c9, ma\u00eetre du polar fran\u00e7ais, du suspense et de la subversion !","og_url":"https:\/\/www.ifg.gr\/fr\/events\/6e-festival-roman-policier-agatha-jean-christophe-grange\/","og_site_name":"IFG","article_modified_time":"2025-04-28T10:16:08+00:00","og_image":[{"width":1600,"height":1067,"url":"https:\/\/www.ifg.gr\/wp-content\/uploads\/2025\/04\/ATHENS-CRIME-FESTIVAL_1200X800.png","type":"image\/png"}],"twitter_card":"summary_large_image","twitter_misc":{"Dur\u00e9e de lecture estim\u00e9e":"1 minute"},"schema":{"@context":"https:\/\/schema.org","@graph":[{"@type":"WebPage","@id":"https:\/\/www.ifg.gr\/fr\/events\/6e-festival-roman-policier-agatha-jean-christophe-grange\/","url":"https:\/\/www.ifg.gr\/fr\/events\/6e-festival-roman-policier-agatha-jean-christophe-grange\/","name":"6e Festival du roman policier \u00ab Agatha \u00bb : \u00ab Hommage \u00e0 Jean-Christophe Grang\u00e9 \u00bb","isPartOf":{"@id":"https:\/\/www.ifg.gr\/#website"},"primaryImageOfPage":{"@id":"https:\/\/www.ifg.gr\/fr\/events\/6e-festival-roman-policier-agatha-jean-christophe-grange\/#primaryimage"},"image":{"@id":"https:\/\/www.ifg.gr\/fr\/events\/6e-festival-roman-policier-agatha-jean-christophe-grange\/#primaryimage"},"thumbnailUrl":"https:\/\/www.ifg.gr\/wp-content\/uploads\/2025\/04\/ATHENS-CRIME-FESTIVAL_1200X800.png","datePublished":"2025-04-28T10:08:28+00:00","dateModified":"2025-04-28T10:16:08+00:00","description":"Rencontrez l\u2019auteur et journaliste Jean-Christophe GRANG\u00c9, ma\u00eetre du polar fran\u00e7ais, du suspense et de la subversion !","breadcrumb":{"@id":"https:\/\/www.ifg.gr\/fr\/events\/6e-festival-roman-policier-agatha-jean-christophe-grange\/#breadcrumb"},"inLanguage":"fr-FR","potentialAction":[{"@type":"ReadAction","target":["https:\/\/www.ifg.gr\/fr\/events\/6e-festival-roman-policier-agatha-jean-christophe-grange\/"]}]},{"@type":"ImageObject","inLanguage":"fr-FR","@id":"https:\/\/www.ifg.gr\/fr\/events\/6e-festival-roman-policier-agatha-jean-christophe-grange\/#primaryimage","url":"https:\/\/www.ifg.gr\/wp-content\/uploads\/2025\/04\/ATHENS-CRIME-FESTIVAL_1200X800.png","contentUrl":"https:\/\/www.ifg.gr\/wp-content\/uploads\/2025\/04\/ATHENS-CRIME-FESTIVAL_1200X800.png","width":1600,"height":1067},{"@type":"BreadcrumbList","@id":"https:\/\/www.ifg.gr\/fr\/events\/6e-festival-roman-policier-agatha-jean-christophe-grange\/#breadcrumb","itemListElement":[{"@type":"ListItem","position":1,"name":"Home","item":"https:\/\/www.ifg.gr\/fr\/"},{"@type":"ListItem","position":2,"name":"Events","item":"https:\/\/www.ifg.gr\/events\/"},{"@type":"ListItem","position":3,"name":"6e Festival du roman policier \u00ab Agatha \u00bb : \u00ab Hommage \u00e0 Jean-Christophe Grang\u00e9 \u00bb"}]},{"@type":"WebSite","@id":"https:\/\/www.ifg.gr\/#website","url":"https:\/\/www.ifg.gr\/","name":"IFG","description":"","potentialAction":[{"@type":"SearchAction","target":{"@type":"EntryPoint","urlTemplate":"https:\/\/www.ifg.gr\/?s={search_term_string}"},"query-input":{"@type":"PropertyValueSpecification","valueRequired":true,"valueName":"search_term_string"}}],"inLanguage":"fr-FR"}]}},"_links":{"self":[{"href":"https:\/\/www.ifg.gr\/fr\/wp-json\/wp\/v2\/event\/61959","targetHints":{"allow":["GET"]}}],"collection":[{"href":"https:\/\/www.ifg.gr\/fr\/wp-json\/wp\/v2\/event"}],"about":[{"href":"https:\/\/www.ifg.gr\/fr\/wp-json\/wp\/v2\/types\/event"}],"author":[{"embeddable":true,"href":"https:\/\/www.ifg.gr\/fr\/wp-json\/wp\/v2\/users\/18"}],"version-history":[{"count":3,"href":"https:\/\/www.ifg.gr\/fr\/wp-json\/wp\/v2\/event\/61959\/revisions"}],"predecessor-version":[{"id":61964,"href":"https:\/\/www.ifg.gr\/fr\/wp-json\/wp\/v2\/event\/61959\/revisions\/61964"}],"wp:featuredmedia":[{"embeddable":true,"href":"https:\/\/www.ifg.gr\/fr\/wp-json\/wp\/v2\/media\/61953"}],"wp:attachment":[{"href":"https:\/\/www.ifg.gr\/fr\/wp-json\/wp\/v2\/media?parent=61959"}],"wp:term":[{"taxonomy":"post_tag","embeddable":true,"href":"https:\/\/www.ifg.gr\/fr\/wp-json\/wp\/v2\/tags?post=61959"},{"taxonomy":"event_category","embeddable":true,"href":"https:\/\/www.ifg.gr\/fr\/wp-json\/wp\/v2\/event_category?post=61959"},{"taxonomy":"event_group","embeddable":true,"href":"https:\/\/www.ifg.gr\/fr\/wp-json\/wp\/v2\/event_group?post=61959"}],"curies":[{"name":"wp","href":"https:\/\/api.w.org\/{rel}","templated":true}]}}