{"id":61982,"date":"2025-04-28T17:20:29","date_gmt":"2025-04-28T14:20:29","guid":{"rendered":"https:\/\/www.ifg.gr\/events\/to-galliko-sygkrotima-la-femme-special-guests-live-stin-athina\/"},"modified":"2025-05-23T11:39:06","modified_gmt":"2025-05-23T08:39:06","slug":"la-femme-special-guests-live-a-athenes","status":"publish","type":"event","link":"https:\/\/www.ifg.gr\/fr\/events\/la-femme-special-guests-live-a-athenes\/","title":{"rendered":"Le groupe fran\u00e7ais La Femme + invit\u00e9s sp\u00e9ciaux en concert \u00e0 Ath\u00e8nes !"},"content":{"rendered":"<p>L&rsquo;Institut fran\u00e7ais de Gr\u00e8ce soutient le retour de <strong><a href=\"https:\/\/open.spotify.com\/artist\/5VTWoYYizcOY3uIKnxeCGI?si=TuTJ8nb7Sc-Y-px_z-XuBA\" target=\"_blank\" rel=\"noopener\">La Femme<\/a><\/strong> \u00e0 Ath\u00e8nes\u202f!<\/p>\n<p>Deux soir\u00e9es inoubliables vous attendent avec l\u2019un des groupes phares de la sc\u00e8ne fran\u00e7aise, pr\u00eats \u00e0 \u00e9lectriser la sc\u00e8ne du <strong>Universe Live Stage <\/strong>avec leur \u00e9nergie d\u00e9bordante, leurs rythmes envo\u00fbtants et de nombreuses surprises musicales.<\/p>\n<p>Aux c\u00f4t\u00e9s de <strong>La Femme<\/strong>, une programmation \u00e9clectique d&rsquo;artistes pour deux soir\u00e9es exceptionnelles :<\/p>\n<p><strong>23\/05\/2025, 20h30<\/strong><br \/>\nLa Femme (FR)<br \/>\nInvit\u00e9s sp\u00e9ciaux : French79 (FR), New Candys (IT), Sam Quealy (FR), Kobrah Habibi (GR)<\/p>\n<p><strong>24\/05\/2025, 20h30<\/strong><br \/>\nLa Femme (FR)<br \/>\nInvit\u00e9s sp\u00e9ciaux : Acid Baby Jesus (GR), The Bonnie Nettles (GR), 33 Lovers (GR) + after party show exceptionnel<\/p>\n<p><strong>Informations &amp; billeterie :<\/strong>\u00a0<strong><a href=\"https:\/\/www.more.com\/gr-el\/tickets\/music\/offer\/lafemme-athens\/\" target=\"_blank\" rel=\"noopener\">LA FEMME \u00b7 Athens | \u0395\u03b9\u03c3\u03b9\u03c4\u03ae\u03c1\u03b9\u03b1 online! | More.com<\/a><\/strong><\/p>\n<p><iframe loading=\"lazy\" title=\"La Femme - Rock Machine (Full Album)\" width=\"640\" height=\"360\" src=\"https:\/\/www.youtube.com\/embed\/BKmpO6bg2Fs?feature=oembed\" frameborder=\"0\" allow=\"accelerometer; autoplay; clipboard-write; encrypted-media; gyroscope; picture-in-picture; web-share\" referrerpolicy=\"strict-origin-when-cross-origin\" allowfullscreen><\/iframe><\/p>\n<p>\u00a9 LAURENT CHOUARD<\/p>\n<p><img loading=\"lazy\" decoding=\"async\" class=\"alignnone size-full wp-image-61969\" src=\"https:\/\/www.ifg.gr\/wp-content\/uploads\/2025\/04\/LA-FEMME-Credit-LAURENT-CHOUARD1-scaled.jpg\" alt=\"\" width=\"2560\" height=\"2560\" srcset=\"https:\/\/www.ifg.gr\/wp-content\/uploads\/2025\/04\/LA-FEMME-Credit-LAURENT-CHOUARD1-scaled.jpg 2560w, https:\/\/www.ifg.gr\/wp-content\/uploads\/2025\/04\/LA-FEMME-Credit-LAURENT-CHOUARD1-768x768.jpg 768w, https:\/\/www.ifg.gr\/wp-content\/uploads\/2025\/04\/LA-FEMME-Credit-LAURENT-CHOUARD1-1536x1536.jpg 1536w, https:\/\/www.ifg.gr\/wp-content\/uploads\/2025\/04\/LA-FEMME-Credit-LAURENT-CHOUARD1-2048x2048.jpg 2048w, https:\/\/www.ifg.gr\/wp-content\/uploads\/2025\/04\/LA-FEMME-Credit-LAURENT-CHOUARD1-1920x1920.jpg 1920w, https:\/\/www.ifg.gr\/wp-content\/uploads\/2025\/04\/LA-FEMME-Credit-LAURENT-CHOUARD1-1000x1000.jpg 1000w, https:\/\/www.ifg.gr\/wp-content\/uploads\/2025\/04\/LA-FEMME-Credit-LAURENT-CHOUARD1-130x130.jpg 130w, https:\/\/www.ifg.gr\/wp-content\/uploads\/2025\/04\/LA-FEMME-Credit-LAURENT-CHOUARD1-500x500.jpg 500w\" sizes=\"auto, (max-width: 2560px) 100vw, 2560px\" \/><\/p>\n<p><img loading=\"lazy\" decoding=\"async\" class=\"alignnone size-full wp-image-61971\" src=\"https:\/\/www.ifg.gr\/wp-content\/uploads\/2025\/04\/LA-FEMME-3.jpg\" alt=\"\" width=\"2560\" height=\"1440\" srcset=\"https:\/\/www.ifg.gr\/wp-content\/uploads\/2025\/04\/LA-FEMME-3.jpg 2560w, https:\/\/www.ifg.gr\/wp-content\/uploads\/2025\/04\/LA-FEMME-3-768x432.jpg 768w, https:\/\/www.ifg.gr\/wp-content\/uploads\/2025\/04\/LA-FEMME-3-1536x864.jpg 1536w, https:\/\/www.ifg.gr\/wp-content\/uploads\/2025\/04\/LA-FEMME-3-2048x1152.jpg 2048w, https:\/\/www.ifg.gr\/wp-content\/uploads\/2025\/04\/LA-FEMME-3-1920x1080.jpg 1920w, https:\/\/www.ifg.gr\/wp-content\/uploads\/2025\/04\/LA-FEMME-3-1778x1000.jpg 1778w, https:\/\/www.ifg.gr\/wp-content\/uploads\/2025\/04\/LA-FEMME-3-231x130.jpg 231w\" sizes=\"auto, (max-width: 2560px) 100vw, 2560px\" \/><\/p>\n<p>Special guest <strong>French79<\/strong> (FR):<\/p>\n<p><img loading=\"lazy\" decoding=\"async\" class=\"alignnone size-full wp-image-61977\" src=\"https:\/\/www.ifg.gr\/wp-content\/uploads\/2025\/04\/FRENCH-79-1.jpg\" alt=\"\" width=\"1500\" height=\"1000\" srcset=\"https:\/\/www.ifg.gr\/wp-content\/uploads\/2025\/04\/FRENCH-79-1.jpg 1500w, https:\/\/www.ifg.gr\/wp-content\/uploads\/2025\/04\/FRENCH-79-1-768x512.jpg 768w, https:\/\/www.ifg.gr\/wp-content\/uploads\/2025\/04\/FRENCH-79-1-195x130.jpg 195w, https:\/\/www.ifg.gr\/wp-content\/uploads\/2025\/04\/FRENCH-79-1-600x400.jpg 600w\" sizes=\"auto, (max-width: 1500px) 100vw, 1500px\" \/><\/p>\n<p>Special guest <strong>Sam Quealy<\/strong> (FR):<\/p>\n<p><img loading=\"lazy\" decoding=\"async\" class=\"alignnone size-full wp-image-61979\" src=\"https:\/\/www.ifg.gr\/wp-content\/uploads\/2025\/04\/SAM-QUEALY-3.png\" alt=\"\" width=\"1419\" height=\"799\" srcset=\"https:\/\/www.ifg.gr\/wp-content\/uploads\/2025\/04\/SAM-QUEALY-3.png 1419w, https:\/\/www.ifg.gr\/wp-content\/uploads\/2025\/04\/SAM-QUEALY-3-768x432.png 768w, https:\/\/www.ifg.gr\/wp-content\/uploads\/2025\/04\/SAM-QUEALY-3-231x130.png 231w\" sizes=\"auto, (max-width: 1419px) 100vw, 1419px\" \/>:<\/p>\n","protected":false},"excerpt":{"rendered":"<p>Deux soir\u00e9es inoubliables vous attendent avec l\u2019un des groupes phares de la sc\u00e8ne fran\u00e7aise, pr\u00eats \u00e0 \u00e9lectriser la sc\u00e8ne du Universe Live Stage !<\/p>\n","protected":false},"author":18,"featured_media":61974,"template":"","tags":[1866,1218],"event_category":[984],"event_group":[],"class_list":["post-61982","event","type-event","status-publish","has-post-thumbnail","hentry","tag-la-femme-fr","tag-musique","event_category-musique"],"acf":{"sponsors_default":false,"info_title":"","info_text":"","date_range":{"start":"23\/05\/2025","end":"24\/05\/2025","cancelled":false,"note":"","start_time":"20:30","end_time":""},"details":{"location":"<p>Universe Live Stage, Av. Kifissou 87, Ath\u00e8nes<\/p>\n","hyperlink1a":{"text":"","link":""},"price":"","hyperlink2a":{"text":"LA FEMME \u00b7 Athens | \u0395\u03b9\u03c3\u03b9\u03c4\u03ae\u03c1\u03b9\u03b1 online! | More.com","link":"https:\/\/www.more.com\/gr-el\/tickets\/music\/offer\/lafemme-athens\/"},"online_event":false,"live_streaming":false,"live_streaming_code":"","facebook_url":"","hyperlink":{"text":"","link":""},"hyperlink2":{"text":"","link":""},"hyperlink3":{"text":"","link":""},"press_release":false},"featured_image_credits":"","home_slider_image":{"ID":61976,"id":61976,"title":"LA FEMME_1300x768","filename":"LA-FEMME_1300x768.jpg","filesize":2603520,"url":"https:\/\/www.ifg.gr\/wp-content\/uploads\/2025\/04\/LA-FEMME_1300x768.jpg","link":"https:\/\/www.ifg.gr\/fr\/events\/la-femme-special-guests-live-a-athenes\/la-femme_1300x768-2\/","alt":"","author":"18","description":"","caption":"","name":"la-femme_1300x768-2","status":"inherit","uploaded_to":61982,"date":"2025-04-28 14:12:27","modified":"2025-04-28 14:12:27","menu_order":0,"mime_type":"image\/jpeg","type":"image","subtype":"jpeg","icon":"https:\/\/www.ifg.gr\/wp-includes\/images\/media\/default.png","width":1806,"height":1067,"sizes":{"thumbnail":"https:\/\/www.ifg.gr\/wp-content\/uploads\/2025\/04\/LA-FEMME_1300x768.jpg","thumbnail-width":150,"thumbnail-height":89,"medium":"https:\/\/www.ifg.gr\/wp-content\/uploads\/2025\/04\/LA-FEMME_1300x768.jpg","medium-width":300,"medium-height":177,"medium_large":"https:\/\/www.ifg.gr\/wp-content\/uploads\/2025\/04\/LA-FEMME_1300x768-768x454.jpg","medium_large-width":640,"medium_large-height":378,"large":"https:\/\/www.ifg.gr\/wp-content\/uploads\/2025\/04\/LA-FEMME_1300x768.jpg","large-width":640,"large-height":378,"1536x1536":"https:\/\/www.ifg.gr\/wp-content\/uploads\/2025\/04\/LA-FEMME_1300x768-1536x907.jpg","1536x1536-width":1536,"1536x1536-height":907,"2048x2048":"https:\/\/www.ifg.gr\/wp-content\/uploads\/2025\/04\/LA-FEMME_1300x768.jpg","2048x2048-width":1806,"2048x2048-height":1067,"full-width":"https:\/\/www.ifg.gr\/wp-content\/uploads\/2025\/04\/LA-FEMME_1300x768.jpg","full-width-width":1806,"full-width-height":1067,"sidebar":"https:\/\/www.ifg.gr\/wp-content\/uploads\/2025\/04\/LA-FEMME_1300x768-1693x1000.jpg","sidebar-width":1693,"sidebar-height":1000,"thumb-sm":"https:\/\/www.ifg.gr\/wp-content\/uploads\/2025\/04\/LA-FEMME_1300x768-220x130.jpg","thumb-sm-width":220,"thumb-sm-height":130,"thumb-square":"https:\/\/www.ifg.gr\/wp-content\/uploads\/2025\/04\/LA-FEMME_1300x768-500x500.jpg","thumb-square-width":500,"thumb-square-height":500,"thumb-big":"https:\/\/www.ifg.gr\/wp-content\/uploads\/2025\/04\/LA-FEMME_1300x768-600x400.jpg","thumb-big-width":600,"thumb-big-height":400,"slider-big":"https:\/\/www.ifg.gr\/wp-content\/uploads\/2025\/04\/LA-FEMME_1300x768-1315x768.jpg","slider-big-width":1315,"slider-big-height":768}},"sponsors_group":false,"layout":false},"yoast_head":"<!-- This site is optimized with the Yoast SEO plugin v26.8 - https:\/\/yoast.com\/product\/yoast-seo-wordpress\/ -->\n<title>\u03a4\u03bf \u03b3\u03b1\u03bb\u03bb\u03b9\u03ba\u03cc \u03c3\u03c5\u03b3\u03ba\u03c1\u03cc\u03c4\u03b7\u03bc\u03b1 La Femme + special guests live \u03c3\u03c4\u03b7\u03bd \u0391\u03b8\u03ae\u03bd\u03b1!<\/title>\n<meta name=\"description\" content=\"Deux soir\u00e9es inoubliables vous attendent avec l\u2019un des groupes phares de la sc\u00e8ne fran\u00e7aise, pr\u00eats \u00e0 \u00e9lectriser la sc\u00e8ne du Universe Live Stage !\" \/>\n<meta name=\"robots\" content=\"index, follow, max-snippet:-1, max-image-preview:large, max-video-preview:-1\" \/>\n<link rel=\"canonical\" href=\"https:\/\/www.ifg.gr\/fr\/events\/la-femme-special-guests-live-a-athenes\/\" \/>\n<meta property=\"og:locale\" content=\"fr_FR\" \/>\n<meta property=\"og:type\" content=\"article\" \/>\n<meta property=\"og:title\" content=\"\u03a4\u03bf \u03b3\u03b1\u03bb\u03bb\u03b9\u03ba\u03cc \u03c3\u03c5\u03b3\u03ba\u03c1\u03cc\u03c4\u03b7\u03bc\u03b1 La Femme + special guests live \u03c3\u03c4\u03b7\u03bd \u0391\u03b8\u03ae\u03bd\u03b1!\" \/>\n<meta property=\"og:description\" content=\"Deux soir\u00e9es inoubliables vous attendent avec l\u2019un des groupes phares de la sc\u00e8ne fran\u00e7aise, pr\u00eats \u00e0 \u00e9lectriser la sc\u00e8ne du Universe Live Stage !\" \/>\n<meta property=\"og:url\" content=\"https:\/\/www.ifg.gr\/fr\/events\/la-femme-special-guests-live-a-athenes\/\" \/>\n<meta property=\"og:site_name\" content=\"IFG\" \/>\n<meta property=\"article:modified_time\" content=\"2025-05-23T08:39:06+00:00\" \/>\n<meta property=\"og:image\" content=\"https:\/\/www.ifg.gr\/wp-content\/uploads\/2025\/04\/LA-FEMME_1200x800.jpg\" \/>\n\t<meta property=\"og:image:width\" content=\"1667\" \/>\n\t<meta property=\"og:image:height\" content=\"1111\" \/>\n\t<meta property=\"og:image:type\" content=\"image\/jpeg\" \/>\n<meta name=\"twitter:card\" content=\"summary_large_image\" \/>\n<meta name=\"twitter:label1\" content=\"Dur\u00e9e de lecture estim\u00e9e\" \/>\n\t<meta name=\"twitter:data1\" content=\"2 minutes\" \/>\n<script type=\"application\/ld+json\" class=\"yoast-schema-graph\">{\"@context\":\"https:\/\/schema.org\",\"@graph\":[{\"@type\":\"WebPage\",\"@id\":\"https:\/\/www.ifg.gr\/fr\/events\/la-femme-special-guests-live-a-athenes\/\",\"url\":\"https:\/\/www.ifg.gr\/fr\/events\/la-femme-special-guests-live-a-athenes\/\",\"name\":\"\u03a4\u03bf \u03b3\u03b1\u03bb\u03bb\u03b9\u03ba\u03cc \u03c3\u03c5\u03b3\u03ba\u03c1\u03cc\u03c4\u03b7\u03bc\u03b1 La Femme + special guests live \u03c3\u03c4\u03b7\u03bd \u0391\u03b8\u03ae\u03bd\u03b1!\",\"isPartOf\":{\"@id\":\"https:\/\/www.ifg.gr\/#website\"},\"primaryImageOfPage\":{\"@id\":\"https:\/\/www.ifg.gr\/fr\/events\/la-femme-special-guests-live-a-athenes\/#primaryimage\"},\"image\":{\"@id\":\"https:\/\/www.ifg.gr\/fr\/events\/la-femme-special-guests-live-a-athenes\/#primaryimage\"},\"thumbnailUrl\":\"https:\/\/www.ifg.gr\/wp-content\/uploads\/2025\/04\/LA-FEMME_1200x800.jpg\",\"datePublished\":\"2025-04-28T14:20:29+00:00\",\"dateModified\":\"2025-05-23T08:39:06+00:00\",\"description\":\"Deux soir\u00e9es inoubliables vous attendent avec l\u2019un des groupes phares de la sc\u00e8ne fran\u00e7aise, pr\u00eats \u00e0 \u00e9lectriser la sc\u00e8ne du Universe Live Stage !\",\"breadcrumb\":{\"@id\":\"https:\/\/www.ifg.gr\/fr\/events\/la-femme-special-guests-live-a-athenes\/#breadcrumb\"},\"inLanguage\":\"fr-FR\",\"potentialAction\":[{\"@type\":\"ReadAction\",\"target\":[\"https:\/\/www.ifg.gr\/fr\/events\/la-femme-special-guests-live-a-athenes\/\"]}]},{\"@type\":\"ImageObject\",\"inLanguage\":\"fr-FR\",\"@id\":\"https:\/\/www.ifg.gr\/fr\/events\/la-femme-special-guests-live-a-athenes\/#primaryimage\",\"url\":\"https:\/\/www.ifg.gr\/wp-content\/uploads\/2025\/04\/LA-FEMME_1200x800.jpg\",\"contentUrl\":\"https:\/\/www.ifg.gr\/wp-content\/uploads\/2025\/04\/LA-FEMME_1200x800.jpg\",\"width\":1667,\"height\":1111},{\"@type\":\"BreadcrumbList\",\"@id\":\"https:\/\/www.ifg.gr\/fr\/events\/la-femme-special-guests-live-a-athenes\/#breadcrumb\",\"itemListElement\":[{\"@type\":\"ListItem\",\"position\":1,\"name\":\"Home\",\"item\":\"https:\/\/www.ifg.gr\/fr\/\"},{\"@type\":\"ListItem\",\"position\":2,\"name\":\"Events\",\"item\":\"https:\/\/www.ifg.gr\/events\/\"},{\"@type\":\"ListItem\",\"position\":3,\"name\":\"Le groupe fran\u00e7ais La Femme + invit\u00e9s sp\u00e9ciaux en concert \u00e0 Ath\u00e8nes !\"}]},{\"@type\":\"WebSite\",\"@id\":\"https:\/\/www.ifg.gr\/#website\",\"url\":\"https:\/\/www.ifg.gr\/\",\"name\":\"IFG\",\"description\":\"\",\"potentialAction\":[{\"@type\":\"SearchAction\",\"target\":{\"@type\":\"EntryPoint\",\"urlTemplate\":\"https:\/\/www.ifg.gr\/?s={search_term_string}\"},\"query-input\":{\"@type\":\"PropertyValueSpecification\",\"valueRequired\":true,\"valueName\":\"search_term_string\"}}],\"inLanguage\":\"fr-FR\"}]}<\/script>\n<!-- \/ Yoast SEO plugin. -->","yoast_head_json":{"title":"\u03a4\u03bf \u03b3\u03b1\u03bb\u03bb\u03b9\u03ba\u03cc \u03c3\u03c5\u03b3\u03ba\u03c1\u03cc\u03c4\u03b7\u03bc\u03b1 La Femme + special guests live \u03c3\u03c4\u03b7\u03bd \u0391\u03b8\u03ae\u03bd\u03b1!","description":"Deux soir\u00e9es inoubliables vous attendent avec l\u2019un des groupes phares de la sc\u00e8ne fran\u00e7aise, pr\u00eats \u00e0 \u00e9lectriser la sc\u00e8ne du Universe Live Stage !","robots":{"index":"index","follow":"follow","max-snippet":"max-snippet:-1","max-image-preview":"max-image-preview:large","max-video-preview":"max-video-preview:-1"},"canonical":"https:\/\/www.ifg.gr\/fr\/events\/la-femme-special-guests-live-a-athenes\/","og_locale":"fr_FR","og_type":"article","og_title":"\u03a4\u03bf \u03b3\u03b1\u03bb\u03bb\u03b9\u03ba\u03cc \u03c3\u03c5\u03b3\u03ba\u03c1\u03cc\u03c4\u03b7\u03bc\u03b1 La Femme + special guests live \u03c3\u03c4\u03b7\u03bd \u0391\u03b8\u03ae\u03bd\u03b1!","og_description":"Deux soir\u00e9es inoubliables vous attendent avec l\u2019un des groupes phares de la sc\u00e8ne fran\u00e7aise, pr\u00eats \u00e0 \u00e9lectriser la sc\u00e8ne du Universe Live Stage !","og_url":"https:\/\/www.ifg.gr\/fr\/events\/la-femme-special-guests-live-a-athenes\/","og_site_name":"IFG","article_modified_time":"2025-05-23T08:39:06+00:00","og_image":[{"width":1667,"height":1111,"url":"https:\/\/www.ifg.gr\/wp-content\/uploads\/2025\/04\/LA-FEMME_1200x800.jpg","type":"image\/jpeg"}],"twitter_card":"summary_large_image","twitter_misc":{"Dur\u00e9e de lecture estim\u00e9e":"2 minutes"},"schema":{"@context":"https:\/\/schema.org","@graph":[{"@type":"WebPage","@id":"https:\/\/www.ifg.gr\/fr\/events\/la-femme-special-guests-live-a-athenes\/","url":"https:\/\/www.ifg.gr\/fr\/events\/la-femme-special-guests-live-a-athenes\/","name":"\u03a4\u03bf \u03b3\u03b1\u03bb\u03bb\u03b9\u03ba\u03cc \u03c3\u03c5\u03b3\u03ba\u03c1\u03cc\u03c4\u03b7\u03bc\u03b1 La Femme + special guests live \u03c3\u03c4\u03b7\u03bd \u0391\u03b8\u03ae\u03bd\u03b1!","isPartOf":{"@id":"https:\/\/www.ifg.gr\/#website"},"primaryImageOfPage":{"@id":"https:\/\/www.ifg.gr\/fr\/events\/la-femme-special-guests-live-a-athenes\/#primaryimage"},"image":{"@id":"https:\/\/www.ifg.gr\/fr\/events\/la-femme-special-guests-live-a-athenes\/#primaryimage"},"thumbnailUrl":"https:\/\/www.ifg.gr\/wp-content\/uploads\/2025\/04\/LA-FEMME_1200x800.jpg","datePublished":"2025-04-28T14:20:29+00:00","dateModified":"2025-05-23T08:39:06+00:00","description":"Deux soir\u00e9es inoubliables vous attendent avec l\u2019un des groupes phares de la sc\u00e8ne fran\u00e7aise, pr\u00eats \u00e0 \u00e9lectriser la sc\u00e8ne du Universe Live Stage !","breadcrumb":{"@id":"https:\/\/www.ifg.gr\/fr\/events\/la-femme-special-guests-live-a-athenes\/#breadcrumb"},"inLanguage":"fr-FR","potentialAction":[{"@type":"ReadAction","target":["https:\/\/www.ifg.gr\/fr\/events\/la-femme-special-guests-live-a-athenes\/"]}]},{"@type":"ImageObject","inLanguage":"fr-FR","@id":"https:\/\/www.ifg.gr\/fr\/events\/la-femme-special-guests-live-a-athenes\/#primaryimage","url":"https:\/\/www.ifg.gr\/wp-content\/uploads\/2025\/04\/LA-FEMME_1200x800.jpg","contentUrl":"https:\/\/www.ifg.gr\/wp-content\/uploads\/2025\/04\/LA-FEMME_1200x800.jpg","width":1667,"height":1111},{"@type":"BreadcrumbList","@id":"https:\/\/www.ifg.gr\/fr\/events\/la-femme-special-guests-live-a-athenes\/#breadcrumb","itemListElement":[{"@type":"ListItem","position":1,"name":"Home","item":"https:\/\/www.ifg.gr\/fr\/"},{"@type":"ListItem","position":2,"name":"Events","item":"https:\/\/www.ifg.gr\/events\/"},{"@type":"ListItem","position":3,"name":"Le groupe fran\u00e7ais La Femme + invit\u00e9s sp\u00e9ciaux en concert \u00e0 Ath\u00e8nes !"}]},{"@type":"WebSite","@id":"https:\/\/www.ifg.gr\/#website","url":"https:\/\/www.ifg.gr\/","name":"IFG","description":"","potentialAction":[{"@type":"SearchAction","target":{"@type":"EntryPoint","urlTemplate":"https:\/\/www.ifg.gr\/?s={search_term_string}"},"query-input":{"@type":"PropertyValueSpecification","valueRequired":true,"valueName":"search_term_string"}}],"inLanguage":"fr-FR"}]}},"_links":{"self":[{"href":"https:\/\/www.ifg.gr\/fr\/wp-json\/wp\/v2\/event\/61982","targetHints":{"allow":["GET"]}}],"collection":[{"href":"https:\/\/www.ifg.gr\/fr\/wp-json\/wp\/v2\/event"}],"about":[{"href":"https:\/\/www.ifg.gr\/fr\/wp-json\/wp\/v2\/types\/event"}],"author":[{"embeddable":true,"href":"https:\/\/www.ifg.gr\/fr\/wp-json\/wp\/v2\/users\/18"}],"version-history":[{"count":4,"href":"https:\/\/www.ifg.gr\/fr\/wp-json\/wp\/v2\/event\/61982\/revisions"}],"predecessor-version":[{"id":62794,"href":"https:\/\/www.ifg.gr\/fr\/wp-json\/wp\/v2\/event\/61982\/revisions\/62794"}],"wp:featuredmedia":[{"embeddable":true,"href":"https:\/\/www.ifg.gr\/fr\/wp-json\/wp\/v2\/media\/61974"}],"wp:attachment":[{"href":"https:\/\/www.ifg.gr\/fr\/wp-json\/wp\/v2\/media?parent=61982"}],"wp:term":[{"taxonomy":"post_tag","embeddable":true,"href":"https:\/\/www.ifg.gr\/fr\/wp-json\/wp\/v2\/tags?post=61982"},{"taxonomy":"event_category","embeddable":true,"href":"https:\/\/www.ifg.gr\/fr\/wp-json\/wp\/v2\/event_category?post=61982"},{"taxonomy":"event_group","embeddable":true,"href":"https:\/\/www.ifg.gr\/fr\/wp-json\/wp\/v2\/event_group?post=61982"}],"curies":[{"name":"wp","href":"https:\/\/api.w.org\/{rel}","templated":true}]}}