{"id":62053,"date":"2025-04-30T15:14:23","date_gmt":"2025-04-30T12:14:23","guid":{"rendered":"https:\/\/www.ifg.gr\/events\/strongyli-trapeza-ekthesi-anarrichisi-oreivasia-vouno\/"},"modified":"2025-05-22T15:14:48","modified_gmt":"2025-05-22T12:14:48","slug":"table-ronde-exposition-alpinisme-montagne-france-grece","status":"publish","type":"event","link":"https:\/\/www.ifg.gr\/fr\/events\/table-ronde-exposition-alpinisme-montagne-france-grece\/","title":{"rendered":"Table ronde &#038; exposition \u00ab Alpinisme et montagne entre la France et la Gr\u00e8ce : au-del\u00e0 du sport \u00bb"},"content":{"rendered":"<p>L&rsquo;Institut fran\u00e7ais de Gr\u00e8ce organise une table ronde et une exposition sur le th\u00e8me <strong>\u00ab Alpinisme et montagne entre la France et la Gr\u00e8ce : au-del\u00e0 du sport\u00a0\u00bb<\/strong>, le <strong>20 mai 2025<\/strong>, <strong>19h00<\/strong>, \u00e0 la rue Sina 31.<\/p>\n<hr \/>\n<h3>TABLE RONDE<\/h3>\n<p>\u2139\ufe0f Auditorium Theo Angelopoulos \u2014 Entr\u00e9e libre \u2014 En fran\u00e7ais et en grec avec traduction simultan\u00e9e<\/p>\n<p>L&rsquo;escalade et l&rsquo;alpinisme sont bien plus que des sports. Ce sont des pratiques culturelles et humaines qui nous invitent \u00e0 nous connecter avec la nature, \u00e0 nous d\u00e9passer et \u00e0 partager des valeurs essentielles. L\u2019alpinisme est d\u00e9sormais reconnu comme patrimoine culturel immat\u00e9riel de l\u2019humanit\u00e9 par L\u2019UNESCO, d\u00e9passant largement le cadre du simple sport. Avec l\u2019escalade ils incarnent des pratiques culturelles riches, porteuses de valeurs profondes et ancr\u00e9es dans une relation intime avec la montagne.<\/p>\n<p>La table ronde abordera les th\u00e8mes de l\u2019escalade et l\u2019alpinisme comme pratique culturelle et historique, comme source d\u2019inspiration artistique, des r\u00e9cits d\u2019ascensions, une r\u00e9flexion sur la mani\u00e8re de pr\u00e9server les sites naturels et de promouvoir un tourisme responsable.<\/p>\n<p>Intervenants :<br \/>\n<strong>Alekos ASIMAKOPOULOS<\/strong>, illustrateur et aspirant guide de haute montagne<br \/>\n<strong>Giorgos VOUTIROPOULOS<\/strong>, guide de haute montagne<br \/>\n<strong>Dimitris DASKALAKIS<\/strong>, alpiniste, initiateur alpinisme<br \/>\n<strong>Alexandros KOSTANTINIDIS<\/strong>, coordinateur du camp jeunes alpinistes, initiateur alpinisme<\/p>\n<hr \/>\n<h3>EXPOSITION des \u0153uvres d&rsquo;Alekos ASIMAKOPOULOS<\/h3>\n<p>\u2139\ufe0f 20\/05- 30\/06\/2025 \u2014 Maya le Bistro \u2014 Entr\u00e9e libre<br \/>\n\u2139\ufe0f Heures d\u2019ouverture : Du lundi au vendredi, 09h00 \u2013 20h00 | samedi : 09h00 \u2013 15h00<\/p>\n<p><a href=\"https:\/\/alexart.gr\/gallery\/alpine-sketches-alexandros-asimakopoulos\/\" target=\"_blank\" rel=\"noopener\"><strong>Alekos Asimakopoulos<\/strong><\/a> est un dessinateur sp\u00e9cialis\u00e9 dans les dessins de montagnes et de paysages montagnards. Ses esquisses alpines repr\u00e9sentent diverses montagnes et paysages, tels que l&rsquo;Ama Dablam, le Cerro Torre, le Mont Blanc et les montagnes embl\u00e9matiques de la Gr\u00e8ce.<\/p>\n<p>N\u00e9 en 1969, il vit \u00e0 Ath\u00e8nes. Depuis plus de 20 ans, il escalade les parois des montagnes grecques. Son activit\u00e9 comprend de nombreuses voies importantes dans les Alpes et il a particip\u00e9 \u00e0 une exp\u00e9dition \u00e0 l&rsquo;Himalaya. Il est formateur en alpinisme pour la F\u00e9d\u00e9ration Hellenique. Dessinateur depuis de nombreuses ann\u00e9es, avec pour sujet privil\u00e9gi\u00e9 les images des montagnes, il a supervis\u00e9 les dessins pour de nombreux manuels techniques d&rsquo;alpinisme et publications du secteur.<\/p>\n<p><img loading=\"lazy\" decoding=\"async\" class=\"alignnone size-full wp-image-62043\" src=\"https:\/\/www.ifg.gr\/wp-content\/uploads\/2025\/04\/Alekos-Asimakopoulos.jpg\" alt=\"\" width=\"913\" height=\"663\" srcset=\"https:\/\/www.ifg.gr\/wp-content\/uploads\/2025\/04\/Alekos-Asimakopoulos.jpg 913w, https:\/\/www.ifg.gr\/wp-content\/uploads\/2025\/04\/Alekos-Asimakopoulos-768x558.jpg 768w, https:\/\/www.ifg.gr\/wp-content\/uploads\/2025\/04\/Alekos-Asimakopoulos-179x130.jpg 179w\" sizes=\"auto, (max-width: 913px) 100vw, 913px\" \/><\/p>\n<p><img loading=\"lazy\" decoding=\"async\" class=\"alignnone size-full wp-image-62050\" src=\"https:\/\/www.ifg.gr\/wp-content\/uploads\/2025\/04\/IMG-9376a99d466734f081524d10bd7a5d22-V.jpg\" alt=\"\" width=\"981\" height=\"1280\" srcset=\"https:\/\/www.ifg.gr\/wp-content\/uploads\/2025\/04\/IMG-9376a99d466734f081524d10bd7a5d22-V.jpg 981w, https:\/\/www.ifg.gr\/wp-content\/uploads\/2025\/04\/IMG-9376a99d466734f081524d10bd7a5d22-V-768x1002.jpg 768w, https:\/\/www.ifg.gr\/wp-content\/uploads\/2025\/04\/IMG-9376a99d466734f081524d10bd7a5d22-V-766x1000.jpg 766w, https:\/\/www.ifg.gr\/wp-content\/uploads\/2025\/04\/IMG-9376a99d466734f081524d10bd7a5d22-V-100x130.jpg 100w\" sizes=\"auto, (max-width: 981px) 100vw, 981px\" \/><\/p>\n<p><strong>\u00c9venement organis\u00e9 avec le soutien des <a href=\"https:\/\/www.anavasi.gr\/\" target=\"_blank\" rel=\"noopener\">\u00e9ditions Anavasi<\/a><\/strong><\/p>\n","protected":false},"excerpt":{"rendered":"<p>C&rsquo;est une pratique culturelle et historique, une source d\u2019inspiration artistique et de r\u00e9cits. Elle aide aussi la pr\u00e9servation des sites naturels et la promotion d&rsquo;un tourisme responsable.<\/p>\n","protected":false},"author":18,"featured_media":62039,"template":"","tags":[1871,1870,1869],"event_category":[875,876,853],"event_group":[],"class_list":["post-62053","event","type-event","status-publish","has-post-thumbnail","hentry","tag-montagne","tag-alpinisme","tag-escalade","event_category-debat-didees-et-sciences","event_category-sport","event_category-education"],"acf":{"sponsors_default":false,"info_title":"","info_text":"","date_range":{"start":"20\/05\/2025","end":"","cancelled":false,"note":"","start_time":"19:00","end_time":""},"details":{"location":"<p>Discussion : Auditorium Theo Angelopoulos<\/p>\n<p>Exposition : Maya le Bistro<\/p>\n<p>IFG<\/p>\n","hyperlink1a":{"text":"","link":""},"price":"Entr\u00e9e libre \u2014 En fran\u00e7ais et en grec avec traduction simultan\u00e9e","hyperlink2a":{"text":"","link":""},"online_event":false,"live_streaming":false,"live_streaming_code":"","facebook_url":"","hyperlink":{"text":"","link":""},"hyperlink2":{"text":"","link":""},"hyperlink3":{"text":"","link":""},"press_release":false},"featured_image_credits":"","home_slider_image":{"ID":62041,"id":62041,"title":"ESCALADE_1300x768","filename":"ESCALADE_1300x768.jpg","filesize":913130,"url":"https:\/\/www.ifg.gr\/wp-content\/uploads\/2025\/04\/ESCALADE_1300x768.jpg","link":"https:\/\/www.ifg.gr\/fr\/events\/table-ronde-exposition-alpinisme-montagne-france-grece\/escalade_1300x768-2\/","alt":"","author":"18","description":"","caption":"","name":"escalade_1300x768-2","status":"inherit","uploaded_to":62053,"date":"2025-04-30 10:27:13","modified":"2025-04-30 10:27:13","menu_order":0,"mime_type":"image\/jpeg","type":"image","subtype":"jpeg","icon":"https:\/\/www.ifg.gr\/wp-includes\/images\/media\/default.png","width":1806,"height":1067,"sizes":{"thumbnail":"https:\/\/www.ifg.gr\/wp-content\/uploads\/2025\/04\/ESCALADE_1300x768.jpg","thumbnail-width":150,"thumbnail-height":89,"medium":"https:\/\/www.ifg.gr\/wp-content\/uploads\/2025\/04\/ESCALADE_1300x768.jpg","medium-width":300,"medium-height":177,"medium_large":"https:\/\/www.ifg.gr\/wp-content\/uploads\/2025\/04\/ESCALADE_1300x768-768x454.jpg","medium_large-width":640,"medium_large-height":378,"large":"https:\/\/www.ifg.gr\/wp-content\/uploads\/2025\/04\/ESCALADE_1300x768.jpg","large-width":640,"large-height":378,"1536x1536":"https:\/\/www.ifg.gr\/wp-content\/uploads\/2025\/04\/ESCALADE_1300x768-1536x907.jpg","1536x1536-width":1536,"1536x1536-height":907,"2048x2048":"https:\/\/www.ifg.gr\/wp-content\/uploads\/2025\/04\/ESCALADE_1300x768.jpg","2048x2048-width":1806,"2048x2048-height":1067,"full-width":"https:\/\/www.ifg.gr\/wp-content\/uploads\/2025\/04\/ESCALADE_1300x768.jpg","full-width-width":1806,"full-width-height":1067,"sidebar":"https:\/\/www.ifg.gr\/wp-content\/uploads\/2025\/04\/ESCALADE_1300x768-1693x1000.jpg","sidebar-width":1693,"sidebar-height":1000,"thumb-sm":"https:\/\/www.ifg.gr\/wp-content\/uploads\/2025\/04\/ESCALADE_1300x768-220x130.jpg","thumb-sm-width":220,"thumb-sm-height":130,"thumb-square":"https:\/\/www.ifg.gr\/wp-content\/uploads\/2025\/04\/ESCALADE_1300x768-500x500.jpg","thumb-square-width":500,"thumb-square-height":500,"thumb-big":"https:\/\/www.ifg.gr\/wp-content\/uploads\/2025\/04\/ESCALADE_1300x768-600x400.jpg","thumb-big-width":600,"thumb-big-height":400,"slider-big":"https:\/\/www.ifg.gr\/wp-content\/uploads\/2025\/04\/ESCALADE_1300x768-1315x768.jpg","slider-big-width":1315,"slider-big-height":768}},"sponsors_group":false,"layout":false},"yoast_head":"<!-- This site is optimized with the Yoast SEO plugin v26.8 - https:\/\/yoast.com\/product\/yoast-seo-wordpress\/ -->\n<title>Table ronde &amp; exposition \u00ab Alpinisme et montagne entre la France et la Gr\u00e8ce : au-del\u00e0 du sport \u00bb<\/title>\n<meta name=\"description\" content=\"C&#039;est une pratique culturelle et historique, une source d\u2019inspiration artistique et de r\u00e9cits. Elle aide aussi la pr\u00e9servation des sites naturels et la promotion d&#039;un tourisme responsable.\" \/>\n<meta name=\"robots\" content=\"index, follow, max-snippet:-1, max-image-preview:large, max-video-preview:-1\" \/>\n<link rel=\"canonical\" href=\"https:\/\/www.ifg.gr\/fr\/events\/table-ronde-exposition-alpinisme-montagne-france-grece\/\" \/>\n<meta property=\"og:locale\" content=\"fr_FR\" \/>\n<meta property=\"og:type\" content=\"article\" \/>\n<meta property=\"og:title\" content=\"Table ronde &amp; exposition \u00ab Alpinisme et montagne entre la France et la Gr\u00e8ce : au-del\u00e0 du sport \u00bb\" \/>\n<meta property=\"og:description\" content=\"C&#039;est une pratique culturelle et historique, une source d\u2019inspiration artistique et de r\u00e9cits. Elle aide aussi la pr\u00e9servation des sites naturels et la promotion d&#039;un tourisme responsable.\" \/>\n<meta property=\"og:url\" content=\"https:\/\/www.ifg.gr\/fr\/events\/table-ronde-exposition-alpinisme-montagne-france-grece\/\" \/>\n<meta property=\"og:site_name\" content=\"IFG\" \/>\n<meta property=\"article:modified_time\" content=\"2025-05-22T12:14:48+00:00\" \/>\n<meta property=\"og:image\" content=\"https:\/\/www.ifg.gr\/wp-content\/uploads\/2025\/04\/ESCALADE_1200x800.jpg\" \/>\n\t<meta property=\"og:image:width\" content=\"1667\" \/>\n\t<meta property=\"og:image:height\" content=\"1111\" \/>\n\t<meta property=\"og:image:type\" content=\"image\/jpeg\" \/>\n<meta name=\"twitter:card\" content=\"summary_large_image\" \/>\n<meta name=\"twitter:label1\" content=\"Dur\u00e9e de lecture estim\u00e9e\" \/>\n\t<meta name=\"twitter:data1\" content=\"3 minutes\" \/>\n<script type=\"application\/ld+json\" class=\"yoast-schema-graph\">{\"@context\":\"https:\/\/schema.org\",\"@graph\":[{\"@type\":\"WebPage\",\"@id\":\"https:\/\/www.ifg.gr\/fr\/events\/table-ronde-exposition-alpinisme-montagne-france-grece\/\",\"url\":\"https:\/\/www.ifg.gr\/fr\/events\/table-ronde-exposition-alpinisme-montagne-france-grece\/\",\"name\":\"Table ronde & exposition \u00ab Alpinisme et montagne entre la France et la Gr\u00e8ce : au-del\u00e0 du sport \u00bb\",\"isPartOf\":{\"@id\":\"https:\/\/www.ifg.gr\/#website\"},\"primaryImageOfPage\":{\"@id\":\"https:\/\/www.ifg.gr\/fr\/events\/table-ronde-exposition-alpinisme-montagne-france-grece\/#primaryimage\"},\"image\":{\"@id\":\"https:\/\/www.ifg.gr\/fr\/events\/table-ronde-exposition-alpinisme-montagne-france-grece\/#primaryimage\"},\"thumbnailUrl\":\"https:\/\/www.ifg.gr\/wp-content\/uploads\/2025\/04\/ESCALADE_1200x800.jpg\",\"datePublished\":\"2025-04-30T12:14:23+00:00\",\"dateModified\":\"2025-05-22T12:14:48+00:00\",\"description\":\"C'est une pratique culturelle et historique, une source d\u2019inspiration artistique et de r\u00e9cits. Elle aide aussi la pr\u00e9servation des sites naturels et la promotion d'un tourisme responsable.\",\"breadcrumb\":{\"@id\":\"https:\/\/www.ifg.gr\/fr\/events\/table-ronde-exposition-alpinisme-montagne-france-grece\/#breadcrumb\"},\"inLanguage\":\"fr-FR\",\"potentialAction\":[{\"@type\":\"ReadAction\",\"target\":[\"https:\/\/www.ifg.gr\/fr\/events\/table-ronde-exposition-alpinisme-montagne-france-grece\/\"]}]},{\"@type\":\"ImageObject\",\"inLanguage\":\"fr-FR\",\"@id\":\"https:\/\/www.ifg.gr\/fr\/events\/table-ronde-exposition-alpinisme-montagne-france-grece\/#primaryimage\",\"url\":\"https:\/\/www.ifg.gr\/wp-content\/uploads\/2025\/04\/ESCALADE_1200x800.jpg\",\"contentUrl\":\"https:\/\/www.ifg.gr\/wp-content\/uploads\/2025\/04\/ESCALADE_1200x800.jpg\",\"width\":1667,\"height\":1111},{\"@type\":\"BreadcrumbList\",\"@id\":\"https:\/\/www.ifg.gr\/fr\/events\/table-ronde-exposition-alpinisme-montagne-france-grece\/#breadcrumb\",\"itemListElement\":[{\"@type\":\"ListItem\",\"position\":1,\"name\":\"Home\",\"item\":\"https:\/\/www.ifg.gr\/fr\/\"},{\"@type\":\"ListItem\",\"position\":2,\"name\":\"Events\",\"item\":\"https:\/\/www.ifg.gr\/events\/\"},{\"@type\":\"ListItem\",\"position\":3,\"name\":\"Table ronde &#038; exposition \u00ab Alpinisme et montagne entre la France et la Gr\u00e8ce : au-del\u00e0 du sport \u00bb\"}]},{\"@type\":\"WebSite\",\"@id\":\"https:\/\/www.ifg.gr\/#website\",\"url\":\"https:\/\/www.ifg.gr\/\",\"name\":\"IFG\",\"description\":\"\",\"potentialAction\":[{\"@type\":\"SearchAction\",\"target\":{\"@type\":\"EntryPoint\",\"urlTemplate\":\"https:\/\/www.ifg.gr\/?s={search_term_string}\"},\"query-input\":{\"@type\":\"PropertyValueSpecification\",\"valueRequired\":true,\"valueName\":\"search_term_string\"}}],\"inLanguage\":\"fr-FR\"}]}<\/script>\n<!-- \/ Yoast SEO plugin. -->","yoast_head_json":{"title":"Table ronde & exposition \u00ab Alpinisme et montagne entre la France et la Gr\u00e8ce : au-del\u00e0 du sport \u00bb","description":"C'est une pratique culturelle et historique, une source d\u2019inspiration artistique et de r\u00e9cits. Elle aide aussi la pr\u00e9servation des sites naturels et la promotion d'un tourisme responsable.","robots":{"index":"index","follow":"follow","max-snippet":"max-snippet:-1","max-image-preview":"max-image-preview:large","max-video-preview":"max-video-preview:-1"},"canonical":"https:\/\/www.ifg.gr\/fr\/events\/table-ronde-exposition-alpinisme-montagne-france-grece\/","og_locale":"fr_FR","og_type":"article","og_title":"Table ronde & exposition \u00ab Alpinisme et montagne entre la France et la Gr\u00e8ce : au-del\u00e0 du sport \u00bb","og_description":"C'est une pratique culturelle et historique, une source d\u2019inspiration artistique et de r\u00e9cits. Elle aide aussi la pr\u00e9servation des sites naturels et la promotion d'un tourisme responsable.","og_url":"https:\/\/www.ifg.gr\/fr\/events\/table-ronde-exposition-alpinisme-montagne-france-grece\/","og_site_name":"IFG","article_modified_time":"2025-05-22T12:14:48+00:00","og_image":[{"width":1667,"height":1111,"url":"https:\/\/www.ifg.gr\/wp-content\/uploads\/2025\/04\/ESCALADE_1200x800.jpg","type":"image\/jpeg"}],"twitter_card":"summary_large_image","twitter_misc":{"Dur\u00e9e de lecture estim\u00e9e":"3 minutes"},"schema":{"@context":"https:\/\/schema.org","@graph":[{"@type":"WebPage","@id":"https:\/\/www.ifg.gr\/fr\/events\/table-ronde-exposition-alpinisme-montagne-france-grece\/","url":"https:\/\/www.ifg.gr\/fr\/events\/table-ronde-exposition-alpinisme-montagne-france-grece\/","name":"Table ronde & exposition \u00ab Alpinisme et montagne entre la France et la Gr\u00e8ce : au-del\u00e0 du sport \u00bb","isPartOf":{"@id":"https:\/\/www.ifg.gr\/#website"},"primaryImageOfPage":{"@id":"https:\/\/www.ifg.gr\/fr\/events\/table-ronde-exposition-alpinisme-montagne-france-grece\/#primaryimage"},"image":{"@id":"https:\/\/www.ifg.gr\/fr\/events\/table-ronde-exposition-alpinisme-montagne-france-grece\/#primaryimage"},"thumbnailUrl":"https:\/\/www.ifg.gr\/wp-content\/uploads\/2025\/04\/ESCALADE_1200x800.jpg","datePublished":"2025-04-30T12:14:23+00:00","dateModified":"2025-05-22T12:14:48+00:00","description":"C'est une pratique culturelle et historique, une source d\u2019inspiration artistique et de r\u00e9cits. Elle aide aussi la pr\u00e9servation des sites naturels et la promotion d'un tourisme responsable.","breadcrumb":{"@id":"https:\/\/www.ifg.gr\/fr\/events\/table-ronde-exposition-alpinisme-montagne-france-grece\/#breadcrumb"},"inLanguage":"fr-FR","potentialAction":[{"@type":"ReadAction","target":["https:\/\/www.ifg.gr\/fr\/events\/table-ronde-exposition-alpinisme-montagne-france-grece\/"]}]},{"@type":"ImageObject","inLanguage":"fr-FR","@id":"https:\/\/www.ifg.gr\/fr\/events\/table-ronde-exposition-alpinisme-montagne-france-grece\/#primaryimage","url":"https:\/\/www.ifg.gr\/wp-content\/uploads\/2025\/04\/ESCALADE_1200x800.jpg","contentUrl":"https:\/\/www.ifg.gr\/wp-content\/uploads\/2025\/04\/ESCALADE_1200x800.jpg","width":1667,"height":1111},{"@type":"BreadcrumbList","@id":"https:\/\/www.ifg.gr\/fr\/events\/table-ronde-exposition-alpinisme-montagne-france-grece\/#breadcrumb","itemListElement":[{"@type":"ListItem","position":1,"name":"Home","item":"https:\/\/www.ifg.gr\/fr\/"},{"@type":"ListItem","position":2,"name":"Events","item":"https:\/\/www.ifg.gr\/events\/"},{"@type":"ListItem","position":3,"name":"Table ronde &#038; exposition \u00ab Alpinisme et montagne entre la France et la Gr\u00e8ce : au-del\u00e0 du sport \u00bb"}]},{"@type":"WebSite","@id":"https:\/\/www.ifg.gr\/#website","url":"https:\/\/www.ifg.gr\/","name":"IFG","description":"","potentialAction":[{"@type":"SearchAction","target":{"@type":"EntryPoint","urlTemplate":"https:\/\/www.ifg.gr\/?s={search_term_string}"},"query-input":{"@type":"PropertyValueSpecification","valueRequired":true,"valueName":"search_term_string"}}],"inLanguage":"fr-FR"}]}},"_links":{"self":[{"href":"https:\/\/www.ifg.gr\/fr\/wp-json\/wp\/v2\/event\/62053","targetHints":{"allow":["GET"]}}],"collection":[{"href":"https:\/\/www.ifg.gr\/fr\/wp-json\/wp\/v2\/event"}],"about":[{"href":"https:\/\/www.ifg.gr\/fr\/wp-json\/wp\/v2\/types\/event"}],"author":[{"embeddable":true,"href":"https:\/\/www.ifg.gr\/fr\/wp-json\/wp\/v2\/users\/18"}],"version-history":[{"count":15,"href":"https:\/\/www.ifg.gr\/fr\/wp-json\/wp\/v2\/event\/62053\/revisions"}],"predecessor-version":[{"id":62742,"href":"https:\/\/www.ifg.gr\/fr\/wp-json\/wp\/v2\/event\/62053\/revisions\/62742"}],"wp:featuredmedia":[{"embeddable":true,"href":"https:\/\/www.ifg.gr\/fr\/wp-json\/wp\/v2\/media\/62039"}],"wp:attachment":[{"href":"https:\/\/www.ifg.gr\/fr\/wp-json\/wp\/v2\/media?parent=62053"}],"wp:term":[{"taxonomy":"post_tag","embeddable":true,"href":"https:\/\/www.ifg.gr\/fr\/wp-json\/wp\/v2\/tags?post=62053"},{"taxonomy":"event_category","embeddable":true,"href":"https:\/\/www.ifg.gr\/fr\/wp-json\/wp\/v2\/event_category?post=62053"},{"taxonomy":"event_group","embeddable":true,"href":"https:\/\/www.ifg.gr\/fr\/wp-json\/wp\/v2\/event_group?post=62053"}],"curies":[{"name":"wp","href":"https:\/\/api.w.org\/{rel}","templated":true}]}}