{"id":62105,"date":"2025-05-02T13:32:33","date_gmt":"2025-05-02T10:32:33","guid":{"rendered":"https:\/\/www.ifg.gr\/events\/chorodia-ifg-choraliennes-choraliens-2025\/"},"modified":"2025-05-23T12:52:54","modified_gmt":"2025-05-23T09:52:54","slug":"chorale-ifg-choraliennes-choraliens-2025","status":"publish","type":"event","link":"https:\/\/www.ifg.gr\/fr\/events\/chorale-ifg-choraliennes-choraliens-2025\/","title":{"rendered":"La chorale de l&rsquo;IFG pr\u00e9sente : \u00ab Carte blanche aux choraliennes et aux choraliens \u00bb"},"content":{"rendered":"<p>Sous la direction de <strong>Jacques Marugg<\/strong>, chef de ch\u0153ur passionn\u00e9, la chorale francophone de l\u2019IFG vous donne rendez-vous pour son concert annuel plac\u00e9 sous le signe de la diversit\u00e9 et de la francophonie !<\/p>\n<p><strong>Carte blanche aux choraliennes et aux choraliens<\/strong> : un programme \u00e9clectique, des voix engag\u00e9es, des \u00e9motions partag\u00e9es\u2026 Venez d\u00e9couvrir les choix musicaux de nos choristes, entre grands classiques de la chanson francophone et belles surprises.<\/p>\n<hr \/>\n<p>&nbsp;<\/p>\n","protected":false},"excerpt":{"rendered":"<p>Venez d\u00e9couvrir les choix musicaux de nos choristes, entre grands classiques de la chanson francophone et belles surprises.<\/p>\n","protected":false},"author":18,"featured_media":62097,"template":"","tags":[1879,1878,1460],"event_category":[984,872],"event_group":[],"class_list":["post-62105","event","type-event","status-publish","has-post-thumbnail","hentry","tag-choraliennes-fr","tag-chanson-francophone-fr","tag-chorale-fr","event_category-musique","event_category-spectacle-vivant"],"acf":{"sponsors_default":false,"info_title":"","info_text":"","date_range":{"start":"05\/06\/2025","end":"","cancelled":false,"note":"","start_time":"19:30","end_time":""},"details":{"location":"<p>Auditorium Th\u00e9o Angelopoulos (IFG)<\/p>\n","hyperlink1a":{"text":"","link":""},"price":"Entr\u00e9e libre","hyperlink2a":{"text":"","link":""},"online_event":false,"live_streaming":false,"live_streaming_code":"","facebook_url":"","hyperlink":{"text":"","link":""},"hyperlink2":{"text":"","link":""},"hyperlink3":{"text":"","link":""},"press_release":false},"featured_image_credits":"","home_slider_image":{"ID":62099,"id":62099,"title":"COURS_CHORALE _1300x768","filename":"COURS_CHORALE-_1300x768.jpg","filesize":510182,"url":"https:\/\/www.ifg.gr\/wp-content\/uploads\/2025\/05\/COURS_CHORALE-_1300x768.jpg","link":"https:\/\/www.ifg.gr\/fr\/events\/chorale-ifg-choraliennes-choraliens-2025\/cours_chorale-_1300x768-3-2\/","alt":"","author":"18","description":"","caption":"","name":"cours_chorale-_1300x768-3-2","status":"inherit","uploaded_to":62105,"date":"2025-05-02 10:15:41","modified":"2025-05-02 10:15:41","menu_order":0,"mime_type":"image\/jpeg","type":"image","subtype":"jpeg","icon":"https:\/\/www.ifg.gr\/wp-includes\/images\/media\/default.png","width":1806,"height":1067,"sizes":{"thumbnail":"https:\/\/www.ifg.gr\/wp-content\/uploads\/2025\/05\/COURS_CHORALE-_1300x768.jpg","thumbnail-width":150,"thumbnail-height":89,"medium":"https:\/\/www.ifg.gr\/wp-content\/uploads\/2025\/05\/COURS_CHORALE-_1300x768.jpg","medium-width":300,"medium-height":177,"medium_large":"https:\/\/www.ifg.gr\/wp-content\/uploads\/2025\/05\/COURS_CHORALE-_1300x768-768x454.jpg","medium_large-width":640,"medium_large-height":378,"large":"https:\/\/www.ifg.gr\/wp-content\/uploads\/2025\/05\/COURS_CHORALE-_1300x768.jpg","large-width":640,"large-height":378,"1536x1536":"https:\/\/www.ifg.gr\/wp-content\/uploads\/2025\/05\/COURS_CHORALE-_1300x768-1536x907.jpg","1536x1536-width":1536,"1536x1536-height":907,"2048x2048":"https:\/\/www.ifg.gr\/wp-content\/uploads\/2025\/05\/COURS_CHORALE-_1300x768.jpg","2048x2048-width":1806,"2048x2048-height":1067,"full-width":"https:\/\/www.ifg.gr\/wp-content\/uploads\/2025\/05\/COURS_CHORALE-_1300x768.jpg","full-width-width":1806,"full-width-height":1067,"sidebar":"https:\/\/www.ifg.gr\/wp-content\/uploads\/2025\/05\/COURS_CHORALE-_1300x768-1693x1000.jpg","sidebar-width":1693,"sidebar-height":1000,"thumb-sm":"https:\/\/www.ifg.gr\/wp-content\/uploads\/2025\/05\/COURS_CHORALE-_1300x768-220x130.jpg","thumb-sm-width":220,"thumb-sm-height":130,"thumb-square":"https:\/\/www.ifg.gr\/wp-content\/uploads\/2025\/05\/COURS_CHORALE-_1300x768-500x500.jpg","thumb-square-width":500,"thumb-square-height":500,"thumb-big":"https:\/\/www.ifg.gr\/wp-content\/uploads\/2025\/05\/COURS_CHORALE-_1300x768-600x400.jpg","thumb-big-width":600,"thumb-big-height":400,"slider-big":"https:\/\/www.ifg.gr\/wp-content\/uploads\/2025\/05\/COURS_CHORALE-_1300x768-1315x768.jpg","slider-big-width":1315,"slider-big-height":768}},"sponsors_group":false,"layout":false},"yoast_head":"<!-- This site is optimized with the Yoast SEO plugin v26.8 - https:\/\/yoast.com\/product\/yoast-seo-wordpress\/ -->\n<title>La chorale de l&#039;IFG pr\u00e9sente : \u00ab Carte blanche aux choraliennes et aux choraliens \u00bb<\/title>\n<meta name=\"description\" content=\"Venez d\u00e9couvrir les choix musicaux de nos choristes, entre grands classiques de la chanson francophone et belles surprises.\" \/>\n<meta name=\"robots\" content=\"index, follow, max-snippet:-1, max-image-preview:large, max-video-preview:-1\" \/>\n<link rel=\"canonical\" href=\"https:\/\/www.ifg.gr\/fr\/events\/chorale-ifg-choraliennes-choraliens-2025\/\" \/>\n<meta property=\"og:locale\" content=\"fr_FR\" \/>\n<meta property=\"og:type\" content=\"article\" \/>\n<meta property=\"og:title\" content=\"La chorale de l&#039;IFG pr\u00e9sente : \u00ab Carte blanche aux choraliennes et aux choraliens \u00bb\" \/>\n<meta property=\"og:description\" content=\"Venez d\u00e9couvrir les choix musicaux de nos choristes, entre grands classiques de la chanson francophone et belles surprises.\" \/>\n<meta property=\"og:url\" content=\"https:\/\/www.ifg.gr\/fr\/events\/chorale-ifg-choraliennes-choraliens-2025\/\" \/>\n<meta property=\"og:site_name\" content=\"IFG\" \/>\n<meta property=\"article:modified_time\" content=\"2025-05-23T09:52:54+00:00\" \/>\n<meta property=\"og:image\" content=\"https:\/\/www.ifg.gr\/wp-content\/uploads\/2025\/05\/COURS_CHORALE-_1200x800.jpg\" \/>\n\t<meta property=\"og:image:width\" content=\"1667\" \/>\n\t<meta property=\"og:image:height\" content=\"1111\" \/>\n\t<meta property=\"og:image:type\" content=\"image\/jpeg\" \/>\n<meta name=\"twitter:card\" content=\"summary_large_image\" \/>\n<meta name=\"twitter:label1\" content=\"Dur\u00e9e de lecture estim\u00e9e\" \/>\n\t<meta name=\"twitter:data1\" content=\"1 minute\" \/>\n<script type=\"application\/ld+json\" class=\"yoast-schema-graph\">{\"@context\":\"https:\/\/schema.org\",\"@graph\":[{\"@type\":\"WebPage\",\"@id\":\"https:\/\/www.ifg.gr\/fr\/events\/chorale-ifg-choraliennes-choraliens-2025\/\",\"url\":\"https:\/\/www.ifg.gr\/fr\/events\/chorale-ifg-choraliennes-choraliens-2025\/\",\"name\":\"La chorale de l'IFG pr\u00e9sente : \u00ab Carte blanche aux choraliennes et aux choraliens \u00bb\",\"isPartOf\":{\"@id\":\"https:\/\/www.ifg.gr\/#website\"},\"primaryImageOfPage\":{\"@id\":\"https:\/\/www.ifg.gr\/fr\/events\/chorale-ifg-choraliennes-choraliens-2025\/#primaryimage\"},\"image\":{\"@id\":\"https:\/\/www.ifg.gr\/fr\/events\/chorale-ifg-choraliennes-choraliens-2025\/#primaryimage\"},\"thumbnailUrl\":\"https:\/\/www.ifg.gr\/wp-content\/uploads\/2025\/05\/COURS_CHORALE-_1200x800.jpg\",\"datePublished\":\"2025-05-02T10:32:33+00:00\",\"dateModified\":\"2025-05-23T09:52:54+00:00\",\"description\":\"Venez d\u00e9couvrir les choix musicaux de nos choristes, entre grands classiques de la chanson francophone et belles surprises.\",\"breadcrumb\":{\"@id\":\"https:\/\/www.ifg.gr\/fr\/events\/chorale-ifg-choraliennes-choraliens-2025\/#breadcrumb\"},\"inLanguage\":\"fr-FR\",\"potentialAction\":[{\"@type\":\"ReadAction\",\"target\":[\"https:\/\/www.ifg.gr\/fr\/events\/chorale-ifg-choraliennes-choraliens-2025\/\"]}]},{\"@type\":\"ImageObject\",\"inLanguage\":\"fr-FR\",\"@id\":\"https:\/\/www.ifg.gr\/fr\/events\/chorale-ifg-choraliennes-choraliens-2025\/#primaryimage\",\"url\":\"https:\/\/www.ifg.gr\/wp-content\/uploads\/2025\/05\/COURS_CHORALE-_1200x800.jpg\",\"contentUrl\":\"https:\/\/www.ifg.gr\/wp-content\/uploads\/2025\/05\/COURS_CHORALE-_1200x800.jpg\",\"width\":1667,\"height\":1111},{\"@type\":\"BreadcrumbList\",\"@id\":\"https:\/\/www.ifg.gr\/fr\/events\/chorale-ifg-choraliennes-choraliens-2025\/#breadcrumb\",\"itemListElement\":[{\"@type\":\"ListItem\",\"position\":1,\"name\":\"Home\",\"item\":\"https:\/\/www.ifg.gr\/fr\/\"},{\"@type\":\"ListItem\",\"position\":2,\"name\":\"Events\",\"item\":\"https:\/\/www.ifg.gr\/events\/\"},{\"@type\":\"ListItem\",\"position\":3,\"name\":\"La chorale de l&#8217;IFG pr\u00e9sente : \u00ab Carte blanche aux choraliennes et aux choraliens \u00bb\"}]},{\"@type\":\"WebSite\",\"@id\":\"https:\/\/www.ifg.gr\/#website\",\"url\":\"https:\/\/www.ifg.gr\/\",\"name\":\"IFG\",\"description\":\"\",\"potentialAction\":[{\"@type\":\"SearchAction\",\"target\":{\"@type\":\"EntryPoint\",\"urlTemplate\":\"https:\/\/www.ifg.gr\/?s={search_term_string}\"},\"query-input\":{\"@type\":\"PropertyValueSpecification\",\"valueRequired\":true,\"valueName\":\"search_term_string\"}}],\"inLanguage\":\"fr-FR\"}]}<\/script>\n<!-- \/ Yoast SEO plugin. -->","yoast_head_json":{"title":"La chorale de l'IFG pr\u00e9sente : \u00ab Carte blanche aux choraliennes et aux choraliens \u00bb","description":"Venez d\u00e9couvrir les choix musicaux de nos choristes, entre grands classiques de la chanson francophone et belles surprises.","robots":{"index":"index","follow":"follow","max-snippet":"max-snippet:-1","max-image-preview":"max-image-preview:large","max-video-preview":"max-video-preview:-1"},"canonical":"https:\/\/www.ifg.gr\/fr\/events\/chorale-ifg-choraliennes-choraliens-2025\/","og_locale":"fr_FR","og_type":"article","og_title":"La chorale de l'IFG pr\u00e9sente : \u00ab Carte blanche aux choraliennes et aux choraliens \u00bb","og_description":"Venez d\u00e9couvrir les choix musicaux de nos choristes, entre grands classiques de la chanson francophone et belles surprises.","og_url":"https:\/\/www.ifg.gr\/fr\/events\/chorale-ifg-choraliennes-choraliens-2025\/","og_site_name":"IFG","article_modified_time":"2025-05-23T09:52:54+00:00","og_image":[{"width":1667,"height":1111,"url":"https:\/\/www.ifg.gr\/wp-content\/uploads\/2025\/05\/COURS_CHORALE-_1200x800.jpg","type":"image\/jpeg"}],"twitter_card":"summary_large_image","twitter_misc":{"Dur\u00e9e de lecture estim\u00e9e":"1 minute"},"schema":{"@context":"https:\/\/schema.org","@graph":[{"@type":"WebPage","@id":"https:\/\/www.ifg.gr\/fr\/events\/chorale-ifg-choraliennes-choraliens-2025\/","url":"https:\/\/www.ifg.gr\/fr\/events\/chorale-ifg-choraliennes-choraliens-2025\/","name":"La chorale de l'IFG pr\u00e9sente : \u00ab Carte blanche aux choraliennes et aux choraliens \u00bb","isPartOf":{"@id":"https:\/\/www.ifg.gr\/#website"},"primaryImageOfPage":{"@id":"https:\/\/www.ifg.gr\/fr\/events\/chorale-ifg-choraliennes-choraliens-2025\/#primaryimage"},"image":{"@id":"https:\/\/www.ifg.gr\/fr\/events\/chorale-ifg-choraliennes-choraliens-2025\/#primaryimage"},"thumbnailUrl":"https:\/\/www.ifg.gr\/wp-content\/uploads\/2025\/05\/COURS_CHORALE-_1200x800.jpg","datePublished":"2025-05-02T10:32:33+00:00","dateModified":"2025-05-23T09:52:54+00:00","description":"Venez d\u00e9couvrir les choix musicaux de nos choristes, entre grands classiques de la chanson francophone et belles surprises.","breadcrumb":{"@id":"https:\/\/www.ifg.gr\/fr\/events\/chorale-ifg-choraliennes-choraliens-2025\/#breadcrumb"},"inLanguage":"fr-FR","potentialAction":[{"@type":"ReadAction","target":["https:\/\/www.ifg.gr\/fr\/events\/chorale-ifg-choraliennes-choraliens-2025\/"]}]},{"@type":"ImageObject","inLanguage":"fr-FR","@id":"https:\/\/www.ifg.gr\/fr\/events\/chorale-ifg-choraliennes-choraliens-2025\/#primaryimage","url":"https:\/\/www.ifg.gr\/wp-content\/uploads\/2025\/05\/COURS_CHORALE-_1200x800.jpg","contentUrl":"https:\/\/www.ifg.gr\/wp-content\/uploads\/2025\/05\/COURS_CHORALE-_1200x800.jpg","width":1667,"height":1111},{"@type":"BreadcrumbList","@id":"https:\/\/www.ifg.gr\/fr\/events\/chorale-ifg-choraliennes-choraliens-2025\/#breadcrumb","itemListElement":[{"@type":"ListItem","position":1,"name":"Home","item":"https:\/\/www.ifg.gr\/fr\/"},{"@type":"ListItem","position":2,"name":"Events","item":"https:\/\/www.ifg.gr\/events\/"},{"@type":"ListItem","position":3,"name":"La chorale de l&#8217;IFG pr\u00e9sente : \u00ab Carte blanche aux choraliennes et aux choraliens \u00bb"}]},{"@type":"WebSite","@id":"https:\/\/www.ifg.gr\/#website","url":"https:\/\/www.ifg.gr\/","name":"IFG","description":"","potentialAction":[{"@type":"SearchAction","target":{"@type":"EntryPoint","urlTemplate":"https:\/\/www.ifg.gr\/?s={search_term_string}"},"query-input":{"@type":"PropertyValueSpecification","valueRequired":true,"valueName":"search_term_string"}}],"inLanguage":"fr-FR"}]}},"_links":{"self":[{"href":"https:\/\/www.ifg.gr\/fr\/wp-json\/wp\/v2\/event\/62105","targetHints":{"allow":["GET"]}}],"collection":[{"href":"https:\/\/www.ifg.gr\/fr\/wp-json\/wp\/v2\/event"}],"about":[{"href":"https:\/\/www.ifg.gr\/fr\/wp-json\/wp\/v2\/types\/event"}],"author":[{"embeddable":true,"href":"https:\/\/www.ifg.gr\/fr\/wp-json\/wp\/v2\/users\/18"}],"version-history":[{"count":3,"href":"https:\/\/www.ifg.gr\/fr\/wp-json\/wp\/v2\/event\/62105\/revisions"}],"predecessor-version":[{"id":62113,"href":"https:\/\/www.ifg.gr\/fr\/wp-json\/wp\/v2\/event\/62105\/revisions\/62113"}],"wp:featuredmedia":[{"embeddable":true,"href":"https:\/\/www.ifg.gr\/fr\/wp-json\/wp\/v2\/media\/62097"}],"wp:attachment":[{"href":"https:\/\/www.ifg.gr\/fr\/wp-json\/wp\/v2\/media?parent=62105"}],"wp:term":[{"taxonomy":"post_tag","embeddable":true,"href":"https:\/\/www.ifg.gr\/fr\/wp-json\/wp\/v2\/tags?post=62105"},{"taxonomy":"event_category","embeddable":true,"href":"https:\/\/www.ifg.gr\/fr\/wp-json\/wp\/v2\/event_category?post=62105"},{"taxonomy":"event_group","embeddable":true,"href":"https:\/\/www.ifg.gr\/fr\/wp-json\/wp\/v2\/event_group?post=62105"}],"curies":[{"name":"wp","href":"https:\/\/api.w.org\/{rel}","templated":true}]}}