{"id":62229,"date":"2025-05-06T15:25:46","date_gmt":"2025-05-06T12:25:46","guid":{"rendered":"https:\/\/www.ifg.gr\/events\/i-lara-fabian-zontana-stin-athina\/"},"modified":"2025-05-06T15:31:16","modified_gmt":"2025-05-06T12:31:16","slug":"lara-fabian-a-athenes","status":"publish","type":"event","link":"https:\/\/www.ifg.gr\/fr\/events\/lara-fabian-a-athenes\/","title":{"rendered":"Lara Fabian \u00e0 Ath\u00e8nes !"},"content":{"rendered":"<p><strong>Lara Fabian<\/strong>, la plus grande artiste romantique \u00e0 la voix de soprano \u00e9blouissante, qui a vendu plus de 28 millions d&rsquo;albums dans le monde, revient en Gr\u00e8ce pour un spectacle magique dans le cadre de sa tourn\u00e9e \u00ab Voices \u00bb !<\/p>\n<p>Le 4 juin 2025, l&rsquo;artiste l\u00e9gendaire montera sur la sc\u00e8ne du <strong><a href=\"https:\/\/ct.gr\/\" target=\"_blank\" rel=\"noopener\">Christmas Theater<\/a><\/strong> d&rsquo;Ath\u00e8nes pour nous faire vivre une exp\u00e9rience musicale unique. La cr\u00e9atrice des tubes intemporels \u00ab Je t&rsquo;aime \u00bb, \u00ab La Diff\u00e9rence \u00bb et tant d&rsquo;autres interpr\u00e9tera ses chansons les plus aim\u00e9es avec de nouveaux arrangements, accompagn\u00e9e de sept artistes exceptionnels et d&rsquo;un groupe.<\/p>\n<p><strong>Pr\u00e9vente de billets : <\/strong><a href=\"https:\/\/www.more.com\/gr-el\/tickets\/music\/lara-fabian-voices-tour-2025\/\" target=\"_blank\" rel=\"noopener\"><u>https:\/\/www.more.com\/gr-el\/tickets\/music\/lara-fabian-voices-tour-2025\/<\/u><\/a><\/p>\n<p>Cet \u00e9v\u00e9nement est soutenu par l\u2019Institut fran\u00e7ais de Gr\u00e8ce.<\/p>\n<p><img loading=\"lazy\" decoding=\"async\" class=\"alignnone size-full wp-image-62226\" src=\"https:\/\/www.ifg.gr\/wp-content\/uploads\/2025\/05\/lara_1080x1080.png\" alt=\"\" width=\"1080\" height=\"1080\" srcset=\"https:\/\/www.ifg.gr\/wp-content\/uploads\/2025\/05\/lara_1080x1080.png 1080w, https:\/\/www.ifg.gr\/wp-content\/uploads\/2025\/05\/lara_1080x1080-768x768.png 768w, https:\/\/www.ifg.gr\/wp-content\/uploads\/2025\/05\/lara_1080x1080-1000x1000.png 1000w, https:\/\/www.ifg.gr\/wp-content\/uploads\/2025\/05\/lara_1080x1080-130x130.png 130w, https:\/\/www.ifg.gr\/wp-content\/uploads\/2025\/05\/lara_1080x1080-500x500.png 500w\" sizes=\"auto, (max-width: 1080px) 100vw, 1080px\" \/><\/p>\n<p><iframe loading=\"lazy\" title=\"Lara Fabian - Je t&#039;aime\" width=\"640\" height=\"480\" src=\"https:\/\/www.youtube.com\/embed\/bVvkcaY5khc?feature=oembed\" frameborder=\"0\" allow=\"accelerometer; autoplay; clipboard-write; encrypted-media; gyroscope; picture-in-picture; web-share\" referrerpolicy=\"strict-origin-when-cross-origin\" allowfullscreen><\/iframe><\/p>\n<p><iframe loading=\"lazy\" title=\"Lara Fabian - La Diff\u00e9rence (official music video)\" width=\"640\" height=\"480\" src=\"https:\/\/www.youtube.com\/embed\/l5KL8kmc2Zs?feature=oembed\" frameborder=\"0\" allow=\"accelerometer; autoplay; clipboard-write; encrypted-media; gyroscope; picture-in-picture; web-share\" referrerpolicy=\"strict-origin-when-cross-origin\" allowfullscreen><\/iframe><\/p>\n<p>&nbsp;<\/p>\n<p>&nbsp;<\/p>\n","protected":false},"excerpt":{"rendered":"<p>La grande artiste romantique \u00e0 la voix de soprano \u00e9blouissante, revient en Gr\u00e8ce pour un spectacle magique dans le cadre de sa tourn\u00e9e \u00ab Voices \u00bb !<\/p>\n","protected":false},"author":18,"featured_media":62223,"template":"","tags":[],"event_category":[984,872],"event_group":[],"class_list":["post-62229","event","type-event","status-publish","has-post-thumbnail","hentry","event_category-musique","event_category-spectacle-vivant"],"acf":{"sponsors_default":false,"info_title":"","info_text":"","date_range":{"start":"04\/06\/2025","end":"","cancelled":false,"note":"","start_time":"21:00","end_time":""},"details":{"location":"<p>Christmas Theater<\/p>\n","hyperlink1a":{"text":"Pr\u00e9vente de billets","link":"https:\/\/www.more.com\/gr-el\/tickets\/music\/lara-fabian-voices-tour-2025\/"},"price":"","hyperlink2a":{"text":"","link":""},"online_event":false,"live_streaming":false,"live_streaming_code":"","facebook_url":"","hyperlink":{"text":"","link":""},"hyperlink2":{"text":"","link":""},"hyperlink3":{"text":"","link":""},"press_release":false},"featured_image_credits":"","home_slider_image":{"ID":62225,"id":62225,"title":"LARAFABIAN_1300x768","filename":"LARAFABIAN_1300x768.jpg","filesize":571199,"url":"https:\/\/www.ifg.gr\/wp-content\/uploads\/2025\/05\/LARAFABIAN_1300x768.jpg","link":"https:\/\/www.ifg.gr\/fr\/events\/lara-fabian-a-athenes\/larafabian_1300x768-2\/","alt":"","author":"18","description":"","caption":"","name":"larafabian_1300x768-2","status":"inherit","uploaded_to":62229,"date":"2025-05-06 12:22:25","modified":"2025-05-06 12:22:25","menu_order":0,"mime_type":"image\/jpeg","type":"image","subtype":"jpeg","icon":"https:\/\/www.ifg.gr\/wp-includes\/images\/media\/default.png","width":2167,"height":1280,"sizes":{"thumbnail":"https:\/\/www.ifg.gr\/wp-content\/uploads\/2025\/05\/LARAFABIAN_1300x768.jpg","thumbnail-width":150,"thumbnail-height":89,"medium":"https:\/\/www.ifg.gr\/wp-content\/uploads\/2025\/05\/LARAFABIAN_1300x768.jpg","medium-width":300,"medium-height":177,"medium_large":"https:\/\/www.ifg.gr\/wp-content\/uploads\/2025\/05\/LARAFABIAN_1300x768-768x454.jpg","medium_large-width":640,"medium_large-height":378,"large":"https:\/\/www.ifg.gr\/wp-content\/uploads\/2025\/05\/LARAFABIAN_1300x768.jpg","large-width":640,"large-height":378,"1536x1536":"https:\/\/www.ifg.gr\/wp-content\/uploads\/2025\/05\/LARAFABIAN_1300x768-1536x907.jpg","1536x1536-width":1536,"1536x1536-height":907,"2048x2048":"https:\/\/www.ifg.gr\/wp-content\/uploads\/2025\/05\/LARAFABIAN_1300x768-2048x1210.jpg","2048x2048-width":2048,"2048x2048-height":1210,"full-width":"https:\/\/www.ifg.gr\/wp-content\/uploads\/2025\/05\/LARAFABIAN_1300x768-1920x1134.jpg","full-width-width":1920,"full-width-height":1134,"sidebar":"https:\/\/www.ifg.gr\/wp-content\/uploads\/2025\/05\/LARAFABIAN_1300x768-1693x1000.jpg","sidebar-width":1693,"sidebar-height":1000,"thumb-sm":"https:\/\/www.ifg.gr\/wp-content\/uploads\/2025\/05\/LARAFABIAN_1300x768-220x130.jpg","thumb-sm-width":220,"thumb-sm-height":130,"thumb-square":"https:\/\/www.ifg.gr\/wp-content\/uploads\/2025\/05\/LARAFABIAN_1300x768-500x500.jpg","thumb-square-width":500,"thumb-square-height":500,"thumb-big":"https:\/\/www.ifg.gr\/wp-content\/uploads\/2025\/05\/LARAFABIAN_1300x768-600x400.jpg","thumb-big-width":600,"thumb-big-height":400,"slider-big":"https:\/\/www.ifg.gr\/wp-content\/uploads\/2025\/05\/LARAFABIAN_1300x768-1315x768.jpg","slider-big-width":1315,"slider-big-height":768}},"sponsors_group":false,"layout":false},"yoast_head":"<!-- This site is optimized with the Yoast SEO plugin v26.8 - https:\/\/yoast.com\/product\/yoast-seo-wordpress\/ -->\n<title>Lara Fabian \u00e0 Ath\u00e8nes !<\/title>\n<meta name=\"description\" content=\"La grande artiste romantique \u00e0 la voix de soprano \u00e9blouissante, revient en Gr\u00e8ce pour un spectacle magique dans le cadre de sa tourn\u00e9e \u00ab Voices \u00bb !\" \/>\n<meta name=\"robots\" content=\"index, follow, max-snippet:-1, max-image-preview:large, max-video-preview:-1\" \/>\n<link rel=\"canonical\" href=\"https:\/\/www.ifg.gr\/fr\/events\/lara-fabian-a-athenes\/\" \/>\n<meta property=\"og:locale\" content=\"fr_FR\" \/>\n<meta property=\"og:type\" content=\"article\" \/>\n<meta property=\"og:title\" content=\"Lara Fabian \u00e0 Ath\u00e8nes !\" \/>\n<meta property=\"og:description\" content=\"La grande artiste romantique \u00e0 la voix de soprano \u00e9blouissante, revient en Gr\u00e8ce pour un spectacle magique dans le cadre de sa tourn\u00e9e \u00ab Voices \u00bb !\" \/>\n<meta property=\"og:url\" content=\"https:\/\/www.ifg.gr\/fr\/events\/lara-fabian-a-athenes\/\" \/>\n<meta property=\"og:site_name\" content=\"IFG\" \/>\n<meta property=\"article:modified_time\" content=\"2025-05-06T12:31:16+00:00\" \/>\n<meta property=\"og:image\" content=\"https:\/\/www.ifg.gr\/wp-content\/uploads\/2025\/05\/LARAFABIAN__1200x800.jpg\" \/>\n\t<meta property=\"og:image:width\" content=\"2000\" \/>\n\t<meta property=\"og:image:height\" content=\"1333\" \/>\n\t<meta property=\"og:image:type\" content=\"image\/jpeg\" \/>\n<meta name=\"twitter:card\" content=\"summary_large_image\" \/>\n<meta name=\"twitter:label1\" content=\"Dur\u00e9e de lecture estim\u00e9e\" \/>\n\t<meta name=\"twitter:data1\" content=\"1 minute\" \/>\n<script type=\"application\/ld+json\" class=\"yoast-schema-graph\">{\"@context\":\"https:\/\/schema.org\",\"@graph\":[{\"@type\":\"WebPage\",\"@id\":\"https:\/\/www.ifg.gr\/fr\/events\/lara-fabian-a-athenes\/\",\"url\":\"https:\/\/www.ifg.gr\/fr\/events\/lara-fabian-a-athenes\/\",\"name\":\"Lara Fabian \u00e0 Ath\u00e8nes !\",\"isPartOf\":{\"@id\":\"https:\/\/www.ifg.gr\/#website\"},\"primaryImageOfPage\":{\"@id\":\"https:\/\/www.ifg.gr\/fr\/events\/lara-fabian-a-athenes\/#primaryimage\"},\"image\":{\"@id\":\"https:\/\/www.ifg.gr\/fr\/events\/lara-fabian-a-athenes\/#primaryimage\"},\"thumbnailUrl\":\"https:\/\/www.ifg.gr\/wp-content\/uploads\/2025\/05\/LARAFABIAN__1200x800.jpg\",\"datePublished\":\"2025-05-06T12:25:46+00:00\",\"dateModified\":\"2025-05-06T12:31:16+00:00\",\"description\":\"La grande artiste romantique \u00e0 la voix de soprano \u00e9blouissante, revient en Gr\u00e8ce pour un spectacle magique dans le cadre de sa tourn\u00e9e \u00ab Voices \u00bb !\",\"breadcrumb\":{\"@id\":\"https:\/\/www.ifg.gr\/fr\/events\/lara-fabian-a-athenes\/#breadcrumb\"},\"inLanguage\":\"fr-FR\",\"potentialAction\":[{\"@type\":\"ReadAction\",\"target\":[\"https:\/\/www.ifg.gr\/fr\/events\/lara-fabian-a-athenes\/\"]}]},{\"@type\":\"ImageObject\",\"inLanguage\":\"fr-FR\",\"@id\":\"https:\/\/www.ifg.gr\/fr\/events\/lara-fabian-a-athenes\/#primaryimage\",\"url\":\"https:\/\/www.ifg.gr\/wp-content\/uploads\/2025\/05\/LARAFABIAN__1200x800.jpg\",\"contentUrl\":\"https:\/\/www.ifg.gr\/wp-content\/uploads\/2025\/05\/LARAFABIAN__1200x800.jpg\",\"width\":2000,\"height\":1333},{\"@type\":\"BreadcrumbList\",\"@id\":\"https:\/\/www.ifg.gr\/fr\/events\/lara-fabian-a-athenes\/#breadcrumb\",\"itemListElement\":[{\"@type\":\"ListItem\",\"position\":1,\"name\":\"Home\",\"item\":\"https:\/\/www.ifg.gr\/fr\/\"},{\"@type\":\"ListItem\",\"position\":2,\"name\":\"Events\",\"item\":\"https:\/\/www.ifg.gr\/events\/\"},{\"@type\":\"ListItem\",\"position\":3,\"name\":\"Lara Fabian \u00e0 Ath\u00e8nes !\"}]},{\"@type\":\"WebSite\",\"@id\":\"https:\/\/www.ifg.gr\/#website\",\"url\":\"https:\/\/www.ifg.gr\/\",\"name\":\"IFG\",\"description\":\"\",\"potentialAction\":[{\"@type\":\"SearchAction\",\"target\":{\"@type\":\"EntryPoint\",\"urlTemplate\":\"https:\/\/www.ifg.gr\/?s={search_term_string}\"},\"query-input\":{\"@type\":\"PropertyValueSpecification\",\"valueRequired\":true,\"valueName\":\"search_term_string\"}}],\"inLanguage\":\"fr-FR\"}]}<\/script>\n<!-- \/ Yoast SEO plugin. -->","yoast_head_json":{"title":"Lara Fabian \u00e0 Ath\u00e8nes !","description":"La grande artiste romantique \u00e0 la voix de soprano \u00e9blouissante, revient en Gr\u00e8ce pour un spectacle magique dans le cadre de sa tourn\u00e9e \u00ab Voices \u00bb !","robots":{"index":"index","follow":"follow","max-snippet":"max-snippet:-1","max-image-preview":"max-image-preview:large","max-video-preview":"max-video-preview:-1"},"canonical":"https:\/\/www.ifg.gr\/fr\/events\/lara-fabian-a-athenes\/","og_locale":"fr_FR","og_type":"article","og_title":"Lara Fabian \u00e0 Ath\u00e8nes !","og_description":"La grande artiste romantique \u00e0 la voix de soprano \u00e9blouissante, revient en Gr\u00e8ce pour un spectacle magique dans le cadre de sa tourn\u00e9e \u00ab Voices \u00bb !","og_url":"https:\/\/www.ifg.gr\/fr\/events\/lara-fabian-a-athenes\/","og_site_name":"IFG","article_modified_time":"2025-05-06T12:31:16+00:00","og_image":[{"width":2000,"height":1333,"url":"https:\/\/www.ifg.gr\/wp-content\/uploads\/2025\/05\/LARAFABIAN__1200x800.jpg","type":"image\/jpeg"}],"twitter_card":"summary_large_image","twitter_misc":{"Dur\u00e9e de lecture estim\u00e9e":"1 minute"},"schema":{"@context":"https:\/\/schema.org","@graph":[{"@type":"WebPage","@id":"https:\/\/www.ifg.gr\/fr\/events\/lara-fabian-a-athenes\/","url":"https:\/\/www.ifg.gr\/fr\/events\/lara-fabian-a-athenes\/","name":"Lara Fabian \u00e0 Ath\u00e8nes !","isPartOf":{"@id":"https:\/\/www.ifg.gr\/#website"},"primaryImageOfPage":{"@id":"https:\/\/www.ifg.gr\/fr\/events\/lara-fabian-a-athenes\/#primaryimage"},"image":{"@id":"https:\/\/www.ifg.gr\/fr\/events\/lara-fabian-a-athenes\/#primaryimage"},"thumbnailUrl":"https:\/\/www.ifg.gr\/wp-content\/uploads\/2025\/05\/LARAFABIAN__1200x800.jpg","datePublished":"2025-05-06T12:25:46+00:00","dateModified":"2025-05-06T12:31:16+00:00","description":"La grande artiste romantique \u00e0 la voix de soprano \u00e9blouissante, revient en Gr\u00e8ce pour un spectacle magique dans le cadre de sa tourn\u00e9e \u00ab Voices \u00bb !","breadcrumb":{"@id":"https:\/\/www.ifg.gr\/fr\/events\/lara-fabian-a-athenes\/#breadcrumb"},"inLanguage":"fr-FR","potentialAction":[{"@type":"ReadAction","target":["https:\/\/www.ifg.gr\/fr\/events\/lara-fabian-a-athenes\/"]}]},{"@type":"ImageObject","inLanguage":"fr-FR","@id":"https:\/\/www.ifg.gr\/fr\/events\/lara-fabian-a-athenes\/#primaryimage","url":"https:\/\/www.ifg.gr\/wp-content\/uploads\/2025\/05\/LARAFABIAN__1200x800.jpg","contentUrl":"https:\/\/www.ifg.gr\/wp-content\/uploads\/2025\/05\/LARAFABIAN__1200x800.jpg","width":2000,"height":1333},{"@type":"BreadcrumbList","@id":"https:\/\/www.ifg.gr\/fr\/events\/lara-fabian-a-athenes\/#breadcrumb","itemListElement":[{"@type":"ListItem","position":1,"name":"Home","item":"https:\/\/www.ifg.gr\/fr\/"},{"@type":"ListItem","position":2,"name":"Events","item":"https:\/\/www.ifg.gr\/events\/"},{"@type":"ListItem","position":3,"name":"Lara Fabian \u00e0 Ath\u00e8nes !"}]},{"@type":"WebSite","@id":"https:\/\/www.ifg.gr\/#website","url":"https:\/\/www.ifg.gr\/","name":"IFG","description":"","potentialAction":[{"@type":"SearchAction","target":{"@type":"EntryPoint","urlTemplate":"https:\/\/www.ifg.gr\/?s={search_term_string}"},"query-input":{"@type":"PropertyValueSpecification","valueRequired":true,"valueName":"search_term_string"}}],"inLanguage":"fr-FR"}]}},"_links":{"self":[{"href":"https:\/\/www.ifg.gr\/fr\/wp-json\/wp\/v2\/event\/62229","targetHints":{"allow":["GET"]}}],"collection":[{"href":"https:\/\/www.ifg.gr\/fr\/wp-json\/wp\/v2\/event"}],"about":[{"href":"https:\/\/www.ifg.gr\/fr\/wp-json\/wp\/v2\/types\/event"}],"author":[{"embeddable":true,"href":"https:\/\/www.ifg.gr\/fr\/wp-json\/wp\/v2\/users\/18"}],"version-history":[{"count":3,"href":"https:\/\/www.ifg.gr\/fr\/wp-json\/wp\/v2\/event\/62229\/revisions"}],"predecessor-version":[{"id":62234,"href":"https:\/\/www.ifg.gr\/fr\/wp-json\/wp\/v2\/event\/62229\/revisions\/62234"}],"wp:featuredmedia":[{"embeddable":true,"href":"https:\/\/www.ifg.gr\/fr\/wp-json\/wp\/v2\/media\/62223"}],"wp:attachment":[{"href":"https:\/\/www.ifg.gr\/fr\/wp-json\/wp\/v2\/media?parent=62229"}],"wp:term":[{"taxonomy":"post_tag","embeddable":true,"href":"https:\/\/www.ifg.gr\/fr\/wp-json\/wp\/v2\/tags?post=62229"},{"taxonomy":"event_category","embeddable":true,"href":"https:\/\/www.ifg.gr\/fr\/wp-json\/wp\/v2\/event_category?post=62229"},{"taxonomy":"event_group","embeddable":true,"href":"https:\/\/www.ifg.gr\/fr\/wp-json\/wp\/v2\/event_group?post=62229"}],"curies":[{"name":"wp","href":"https:\/\/api.w.org\/{rel}","templated":true}]}}