{"id":62316,"date":"2025-05-13T15:06:53","date_gmt":"2025-05-13T12:06:53","guid":{"rendered":"https:\/\/www.ifg.gr\/events\/comicdom-con-athens-2025\/"},"modified":"2025-05-16T17:15:11","modified_gmt":"2025-05-16T14:15:11","slug":"comicdom-con-athenes-2025","status":"publish","type":"event","link":"https:\/\/www.ifg.gr\/fr\/events\/comicdom-con-athenes-2025\/","title":{"rendered":"Comicdom CON Athens 2025 plus gros, plus grand, plus fort que jamais !"},"content":{"rendered":"<p>Le plus ancien festival international artistique de bande dessin\u00e9e du pays revient plus grand que jamais !<\/p>\n<p>Que trouverez-vous au <strong><a href=\"https:\/\/www.comicdom-con.gr\/\" target=\"_blank\" rel=\"noopener\">Comicdom CON Athens 2025<\/a><\/strong> ?<\/p>\n<p>\ud83d\udc7d expositions (internationales et grecques, physiques et num\u00e9riques)<br \/>\n\ud83e\udd16 projections d&rsquo;animation, all\u00e9e des artistes (avec pr\u00e8s de 180 cr\u00e9ateurs de BD et illustrateurs)<br \/>\n\ud83d\udc7b bazar (boutiques et \u00e9diteurs)<br \/>\n\ud83d\udc7e agora \u2013 revues portfolios avec des \u00e9diteurs internationaux<br \/>\n\ud83e\uddb8\u2640\ufe0f ateliers et masterclasses<br \/>\n\ud83c\udfc6 C\u00e9r\u00e9monie de remise des prix de la bande dessin\u00e9e grecque (en collaboration avec l&rsquo;<a href=\"https:\/\/greekcomicsacademy.gr\/\" target=\"_blank\" rel=\"noopener\">Acad\u00e9mie grecque de la bande dessin\u00e9e<\/a>)<br \/>\n\ud83e\udddb\u2640\ufe0f concours Comicdom Cosplay (participation grecque \u00e0 l&rsquo;Europa Cosplay Cup \u00e0 Toulouse)<br \/>\nEtc.<\/p>\n<p>Consultez le programme du festival ici : <strong><a href=\"https:\/\/www.comicdom-con.gr\/\" target=\"_blank\" rel=\"noopener\">www.comicdom-con.gr<\/a><\/strong><\/p>\n<hr \/>\n<p>L\u2019Institut fran\u00e7ais de Gr\u00e8ce soutient le 19e festival <strong><a href=\"https:\/\/www.comicdom-con.gr\/\" target=\"_blank\" rel=\"noopener\">Comicdom CON Athens 2025<\/a><\/strong> en assurant la pr\u00e9sence de <a href=\"https:\/\/www.comicdom-con.gr\/guests\/sylvain-vallee\/\" target=\"_blank\" rel=\"noopener\"><strong>Sylvain Vall\u00e9e<\/strong><\/a> pour un Q&amp;A le samedi 17\/05\/2025 de 15h50 \u00e0 16h40.<\/p>\n<p>Sylvain Vall\u00e9e est n\u00e9 en France en 1972. Apr\u00e8s avoir obtenu un dipl\u00f4me en arts plastiques \u00e0 l&rsquo;Institut Saint-Luc de Bruxelles, il commence sa carri\u00e8re en tant qu&rsquo;ind\u00e9pendant, travaillant dans le domaine de la publicit\u00e9 et de la communication, et en tant que dessinateur de presse. Parall\u00e8lement, il travaille comme sc\u00e9nographe, d\u00e9corateur et commissaire de plusieurs expositions temporaires. Son entr\u00e9e dans le monde de la bande dessin\u00e9e se fait en 1997 chez <em>Gil St Andr\u00e9<\/em> [Gl\u00e9nat]. En 2006, Vall\u00e9e conna\u00eet l&rsquo;un de ses plus grands succ\u00e8s avec<em> Il \u00e9tait une fois en France<\/em> [Gl\u00e9nat], r\u00e9alis\u00e9 en collaboration avec le sc\u00e9nariste Fabien Nury. Leur projet remporte, entre autres, le prix de la meilleure s\u00e9rie au Festival international de la bande dessin\u00e9e d&rsquo;Angoul\u00eame. Puis, en 2014, Vall\u00e9e s&rsquo;est risqu\u00e9 \u00e0 s&rsquo;essayer \u00e0 l&rsquo;une des s\u00e9ries de BD les plus mythiques de la sc\u00e8ne franco-belge, le polar <em>XIII<\/em>, en illustrant le septi\u00e8me tome de la s\u00e9rie. Suit en 2017 la s\u00e9rie <em>Katanga<\/em> [Glenat], toujours sc\u00e9naris\u00e9e par Fabien Nury, vendue \u00e0 200 000 exemplaires et traduite en 15 langues. Mention sp\u00e9ciale \u00e9galement pour <em>Tananarive<\/em> [Glenat], qu&rsquo;il a dessin\u00e9 sur un sc\u00e9nario de Marc Eacersall et qui a rencontr\u00e9 autant de succ\u00e8s que ses pr\u00e9c\u00e9dents ouvrages. Sa derni\u00e8re \u0153uvre est <em>Habemus Bastard<\/em> [Dargaud], pour laquelle il a collabor\u00e9 sur les textes avec Jacky Schwartzman, qui a \u00e9t\u00e9 l&rsquo;une des plus grosses sorties de l&rsquo;ann\u00e9e 2024. Ses deux derni\u00e8res \u0153uvres ont \u00e9t\u00e9 publi\u00e9es en grec.<\/p>\n<p><img loading=\"lazy\" decoding=\"async\" class=\"alignnone size-full wp-image-62313\" src=\"https:\/\/www.ifg.gr\/wp-content\/uploads\/2025\/05\/sylvain-vallee-3.jpg\" alt=\"\" width=\"1300\" height=\"1300\" srcset=\"https:\/\/www.ifg.gr\/wp-content\/uploads\/2025\/05\/sylvain-vallee-3.jpg 1300w, https:\/\/www.ifg.gr\/wp-content\/uploads\/2025\/05\/sylvain-vallee-3-768x768.jpg 768w, https:\/\/www.ifg.gr\/wp-content\/uploads\/2025\/05\/sylvain-vallee-3-1000x1000.jpg 1000w, https:\/\/www.ifg.gr\/wp-content\/uploads\/2025\/05\/sylvain-vallee-3-130x130.jpg 130w, https:\/\/www.ifg.gr\/wp-content\/uploads\/2025\/05\/sylvain-vallee-3-500x500.jpg 500w\" sizes=\"auto, (max-width: 1300px) 100vw, 1300px\" \/><\/p>\n","protected":false},"excerpt":{"rendered":"<p>L\u2019IFG soutient le 19e \u00e9dition en assurant la pr\u00e9sence de Sylvain Vall\u00e9e pour un Q&#038;A le 17\/05\/2025 (15h50-16h40).<\/p>\n","protected":false},"author":18,"featured_media":62310,"template":"","tags":[1892,1891,1890,1752,1462,1431,1432],"event_category":[1823,870],"event_group":[],"class_list":["post-62316","event","type-event","status-publish","has-post-thumbnail","hentry","tag-comicdom-con-fr","tag-comicdom-con-athens-fr","tag-comics-fr","tag-bd","tag-comicdom-fr","tag-vivlio","tag-livre","event_category-politismos-fr","event_category-livre"],"acf":{"sponsors_default":false,"info_title":"","info_text":"","date_range":{"start":"16\/05\/2025","end":"18\/05\/2025","cancelled":false,"note":"","start_time":"11:00","end_time":"21:30"},"details":{"location":"<p>Technopolis \u2013 Municipalit\u00e9 d\u2019Ath\u00e8nes (Peiraios 100, 11854 - Gazi, Ath\u00e8nes)<\/p>\n","hyperlink1a":{"text":"","link":""},"price":"Entr\u00e9e libre","hyperlink2a":{"text":"","link":""},"online_event":false,"live_streaming":false,"live_streaming_code":"","facebook_url":"","hyperlink":{"text":"","link":""},"hyperlink2":{"text":"","link":""},"hyperlink3":{"text":"","link":""},"press_release":false},"featured_image_credits":"","home_slider_image":{"ID":62312,"id":62312,"title":"ComicDomCon1300x768","filename":"ComicDomCon1300x768.jpg","filesize":1019759,"url":"https:\/\/www.ifg.gr\/wp-content\/uploads\/2025\/05\/ComicDomCon1300x768.jpg","link":"https:\/\/www.ifg.gr\/fr\/events\/comicdom-con-athenes-2025\/comicdomcon1300x768-2\/","alt":"","author":"18","description":"","caption":"","name":"comicdomcon1300x768-2","status":"inherit","uploaded_to":62316,"date":"2025-05-13 11:54:53","modified":"2025-05-13 11:54:53","menu_order":0,"mime_type":"image\/jpeg","type":"image","subtype":"jpeg","icon":"https:\/\/www.ifg.gr\/wp-includes\/images\/media\/default.png","width":1300,"height":768,"sizes":{"thumbnail":"https:\/\/www.ifg.gr\/wp-content\/uploads\/2025\/05\/ComicDomCon1300x768.jpg","thumbnail-width":150,"thumbnail-height":89,"medium":"https:\/\/www.ifg.gr\/wp-content\/uploads\/2025\/05\/ComicDomCon1300x768.jpg","medium-width":300,"medium-height":177,"medium_large":"https:\/\/www.ifg.gr\/wp-content\/uploads\/2025\/05\/ComicDomCon1300x768-768x454.jpg","medium_large-width":640,"medium_large-height":378,"large":"https:\/\/www.ifg.gr\/wp-content\/uploads\/2025\/05\/ComicDomCon1300x768.jpg","large-width":640,"large-height":378,"1536x1536":"https:\/\/www.ifg.gr\/wp-content\/uploads\/2025\/05\/ComicDomCon1300x768.jpg","1536x1536-width":1300,"1536x1536-height":768,"2048x2048":"https:\/\/www.ifg.gr\/wp-content\/uploads\/2025\/05\/ComicDomCon1300x768.jpg","2048x2048-width":1300,"2048x2048-height":768,"full-width":"https:\/\/www.ifg.gr\/wp-content\/uploads\/2025\/05\/ComicDomCon1300x768.jpg","full-width-width":1300,"full-width-height":768,"sidebar":"https:\/\/www.ifg.gr\/wp-content\/uploads\/2025\/05\/ComicDomCon1300x768.jpg","sidebar-width":1300,"sidebar-height":768,"thumb-sm":"https:\/\/www.ifg.gr\/wp-content\/uploads\/2025\/05\/ComicDomCon1300x768-220x130.jpg","thumb-sm-width":220,"thumb-sm-height":130,"thumb-square":"https:\/\/www.ifg.gr\/wp-content\/uploads\/2025\/05\/ComicDomCon1300x768-500x500.jpg","thumb-square-width":500,"thumb-square-height":500,"thumb-big":"https:\/\/www.ifg.gr\/wp-content\/uploads\/2025\/05\/ComicDomCon1300x768-600x400.jpg","thumb-big-width":600,"thumb-big-height":400,"slider-big":"https:\/\/www.ifg.gr\/wp-content\/uploads\/2025\/05\/ComicDomCon1300x768.jpg","slider-big-width":1300,"slider-big-height":768}},"sponsors_group":false,"layout":false},"yoast_head":"<!-- This site is optimized with the Yoast SEO plugin v26.8 - https:\/\/yoast.com\/product\/yoast-seo-wordpress\/ -->\n<title>Comicdom CON Athens 2025 plus gros, plus grand, plus fort que jamais !<\/title>\n<meta name=\"description\" content=\"L\u2019IFG soutient le 19e \u00e9dition en assurant la pr\u00e9sence de Sylvain Vall\u00e9e pour un Q&amp;A le 17\/05\/2025 (15h50-16h40).\" \/>\n<meta name=\"robots\" content=\"index, follow, max-snippet:-1, max-image-preview:large, max-video-preview:-1\" \/>\n<link rel=\"canonical\" href=\"https:\/\/www.ifg.gr\/fr\/events\/comicdom-con-athenes-2025\/\" \/>\n<meta property=\"og:locale\" content=\"fr_FR\" \/>\n<meta property=\"og:type\" content=\"article\" \/>\n<meta property=\"og:title\" content=\"Comicdom CON Athens 2025 plus gros, plus grand, plus fort que jamais !\" \/>\n<meta property=\"og:description\" content=\"L\u2019IFG soutient le 19e \u00e9dition en assurant la pr\u00e9sence de Sylvain Vall\u00e9e pour un Q&amp;A le 17\/05\/2025 (15h50-16h40).\" \/>\n<meta property=\"og:url\" content=\"https:\/\/www.ifg.gr\/fr\/events\/comicdom-con-athenes-2025\/\" \/>\n<meta property=\"og:site_name\" content=\"IFG\" \/>\n<meta property=\"article:modified_time\" content=\"2025-05-16T14:15:11+00:00\" \/>\n<meta property=\"og:image\" content=\"https:\/\/www.ifg.gr\/wp-content\/uploads\/2025\/05\/ComicDomCon-1200x800-1.jpg\" \/>\n\t<meta property=\"og:image:width\" content=\"1200\" \/>\n\t<meta property=\"og:image:height\" content=\"800\" \/>\n\t<meta property=\"og:image:type\" content=\"image\/jpeg\" \/>\n<meta name=\"twitter:card\" content=\"summary_large_image\" \/>\n<meta name=\"twitter:label1\" content=\"Dur\u00e9e de lecture estim\u00e9e\" \/>\n\t<meta name=\"twitter:data1\" content=\"3 minutes\" \/>\n<script type=\"application\/ld+json\" class=\"yoast-schema-graph\">{\"@context\":\"https:\/\/schema.org\",\"@graph\":[{\"@type\":\"WebPage\",\"@id\":\"https:\/\/www.ifg.gr\/fr\/events\/comicdom-con-athenes-2025\/\",\"url\":\"https:\/\/www.ifg.gr\/fr\/events\/comicdom-con-athenes-2025\/\",\"name\":\"Comicdom CON Athens 2025 plus gros, plus grand, plus fort que jamais !\",\"isPartOf\":{\"@id\":\"https:\/\/www.ifg.gr\/#website\"},\"primaryImageOfPage\":{\"@id\":\"https:\/\/www.ifg.gr\/fr\/events\/comicdom-con-athenes-2025\/#primaryimage\"},\"image\":{\"@id\":\"https:\/\/www.ifg.gr\/fr\/events\/comicdom-con-athenes-2025\/#primaryimage\"},\"thumbnailUrl\":\"https:\/\/www.ifg.gr\/wp-content\/uploads\/2025\/05\/ComicDomCon-1200x800-1.jpg\",\"datePublished\":\"2025-05-13T12:06:53+00:00\",\"dateModified\":\"2025-05-16T14:15:11+00:00\",\"description\":\"L\u2019IFG soutient le 19e \u00e9dition en assurant la pr\u00e9sence de Sylvain Vall\u00e9e pour un Q&A le 17\/05\/2025 (15h50-16h40).\",\"breadcrumb\":{\"@id\":\"https:\/\/www.ifg.gr\/fr\/events\/comicdom-con-athenes-2025\/#breadcrumb\"},\"inLanguage\":\"fr-FR\",\"potentialAction\":[{\"@type\":\"ReadAction\",\"target\":[\"https:\/\/www.ifg.gr\/fr\/events\/comicdom-con-athenes-2025\/\"]}]},{\"@type\":\"ImageObject\",\"inLanguage\":\"fr-FR\",\"@id\":\"https:\/\/www.ifg.gr\/fr\/events\/comicdom-con-athenes-2025\/#primaryimage\",\"url\":\"https:\/\/www.ifg.gr\/wp-content\/uploads\/2025\/05\/ComicDomCon-1200x800-1.jpg\",\"contentUrl\":\"https:\/\/www.ifg.gr\/wp-content\/uploads\/2025\/05\/ComicDomCon-1200x800-1.jpg\",\"width\":1200,\"height\":800},{\"@type\":\"BreadcrumbList\",\"@id\":\"https:\/\/www.ifg.gr\/fr\/events\/comicdom-con-athenes-2025\/#breadcrumb\",\"itemListElement\":[{\"@type\":\"ListItem\",\"position\":1,\"name\":\"Home\",\"item\":\"https:\/\/www.ifg.gr\/fr\/\"},{\"@type\":\"ListItem\",\"position\":2,\"name\":\"Events\",\"item\":\"https:\/\/www.ifg.gr\/events\/\"},{\"@type\":\"ListItem\",\"position\":3,\"name\":\"Comicdom CON Athens 2025 plus gros, plus grand, plus fort que jamais !\"}]},{\"@type\":\"WebSite\",\"@id\":\"https:\/\/www.ifg.gr\/#website\",\"url\":\"https:\/\/www.ifg.gr\/\",\"name\":\"IFG\",\"description\":\"\",\"potentialAction\":[{\"@type\":\"SearchAction\",\"target\":{\"@type\":\"EntryPoint\",\"urlTemplate\":\"https:\/\/www.ifg.gr\/?s={search_term_string}\"},\"query-input\":{\"@type\":\"PropertyValueSpecification\",\"valueRequired\":true,\"valueName\":\"search_term_string\"}}],\"inLanguage\":\"fr-FR\"}]}<\/script>\n<!-- \/ Yoast SEO plugin. -->","yoast_head_json":{"title":"Comicdom CON Athens 2025 plus gros, plus grand, plus fort que jamais !","description":"L\u2019IFG soutient le 19e \u00e9dition en assurant la pr\u00e9sence de Sylvain Vall\u00e9e pour un Q&A le 17\/05\/2025 (15h50-16h40).","robots":{"index":"index","follow":"follow","max-snippet":"max-snippet:-1","max-image-preview":"max-image-preview:large","max-video-preview":"max-video-preview:-1"},"canonical":"https:\/\/www.ifg.gr\/fr\/events\/comicdom-con-athenes-2025\/","og_locale":"fr_FR","og_type":"article","og_title":"Comicdom CON Athens 2025 plus gros, plus grand, plus fort que jamais !","og_description":"L\u2019IFG soutient le 19e \u00e9dition en assurant la pr\u00e9sence de Sylvain Vall\u00e9e pour un Q&A le 17\/05\/2025 (15h50-16h40).","og_url":"https:\/\/www.ifg.gr\/fr\/events\/comicdom-con-athenes-2025\/","og_site_name":"IFG","article_modified_time":"2025-05-16T14:15:11+00:00","og_image":[{"width":1200,"height":800,"url":"https:\/\/www.ifg.gr\/wp-content\/uploads\/2025\/05\/ComicDomCon-1200x800-1.jpg","type":"image\/jpeg"}],"twitter_card":"summary_large_image","twitter_misc":{"Dur\u00e9e de lecture estim\u00e9e":"3 minutes"},"schema":{"@context":"https:\/\/schema.org","@graph":[{"@type":"WebPage","@id":"https:\/\/www.ifg.gr\/fr\/events\/comicdom-con-athenes-2025\/","url":"https:\/\/www.ifg.gr\/fr\/events\/comicdom-con-athenes-2025\/","name":"Comicdom CON Athens 2025 plus gros, plus grand, plus fort que jamais !","isPartOf":{"@id":"https:\/\/www.ifg.gr\/#website"},"primaryImageOfPage":{"@id":"https:\/\/www.ifg.gr\/fr\/events\/comicdom-con-athenes-2025\/#primaryimage"},"image":{"@id":"https:\/\/www.ifg.gr\/fr\/events\/comicdom-con-athenes-2025\/#primaryimage"},"thumbnailUrl":"https:\/\/www.ifg.gr\/wp-content\/uploads\/2025\/05\/ComicDomCon-1200x800-1.jpg","datePublished":"2025-05-13T12:06:53+00:00","dateModified":"2025-05-16T14:15:11+00:00","description":"L\u2019IFG soutient le 19e \u00e9dition en assurant la pr\u00e9sence de Sylvain Vall\u00e9e pour un Q&A le 17\/05\/2025 (15h50-16h40).","breadcrumb":{"@id":"https:\/\/www.ifg.gr\/fr\/events\/comicdom-con-athenes-2025\/#breadcrumb"},"inLanguage":"fr-FR","potentialAction":[{"@type":"ReadAction","target":["https:\/\/www.ifg.gr\/fr\/events\/comicdom-con-athenes-2025\/"]}]},{"@type":"ImageObject","inLanguage":"fr-FR","@id":"https:\/\/www.ifg.gr\/fr\/events\/comicdom-con-athenes-2025\/#primaryimage","url":"https:\/\/www.ifg.gr\/wp-content\/uploads\/2025\/05\/ComicDomCon-1200x800-1.jpg","contentUrl":"https:\/\/www.ifg.gr\/wp-content\/uploads\/2025\/05\/ComicDomCon-1200x800-1.jpg","width":1200,"height":800},{"@type":"BreadcrumbList","@id":"https:\/\/www.ifg.gr\/fr\/events\/comicdom-con-athenes-2025\/#breadcrumb","itemListElement":[{"@type":"ListItem","position":1,"name":"Home","item":"https:\/\/www.ifg.gr\/fr\/"},{"@type":"ListItem","position":2,"name":"Events","item":"https:\/\/www.ifg.gr\/events\/"},{"@type":"ListItem","position":3,"name":"Comicdom CON Athens 2025 plus gros, plus grand, plus fort que jamais !"}]},{"@type":"WebSite","@id":"https:\/\/www.ifg.gr\/#website","url":"https:\/\/www.ifg.gr\/","name":"IFG","description":"","potentialAction":[{"@type":"SearchAction","target":{"@type":"EntryPoint","urlTemplate":"https:\/\/www.ifg.gr\/?s={search_term_string}"},"query-input":{"@type":"PropertyValueSpecification","valueRequired":true,"valueName":"search_term_string"}}],"inLanguage":"fr-FR"}]}},"_links":{"self":[{"href":"https:\/\/www.ifg.gr\/fr\/wp-json\/wp\/v2\/event\/62316","targetHints":{"allow":["GET"]}}],"collection":[{"href":"https:\/\/www.ifg.gr\/fr\/wp-json\/wp\/v2\/event"}],"about":[{"href":"https:\/\/www.ifg.gr\/fr\/wp-json\/wp\/v2\/types\/event"}],"author":[{"embeddable":true,"href":"https:\/\/www.ifg.gr\/fr\/wp-json\/wp\/v2\/users\/18"}],"version-history":[{"count":3,"href":"https:\/\/www.ifg.gr\/fr\/wp-json\/wp\/v2\/event\/62316\/revisions"}],"predecessor-version":[{"id":62568,"href":"https:\/\/www.ifg.gr\/fr\/wp-json\/wp\/v2\/event\/62316\/revisions\/62568"}],"wp:featuredmedia":[{"embeddable":true,"href":"https:\/\/www.ifg.gr\/fr\/wp-json\/wp\/v2\/media\/62310"}],"wp:attachment":[{"href":"https:\/\/www.ifg.gr\/fr\/wp-json\/wp\/v2\/media?parent=62316"}],"wp:term":[{"taxonomy":"post_tag","embeddable":true,"href":"https:\/\/www.ifg.gr\/fr\/wp-json\/wp\/v2\/tags?post=62316"},{"taxonomy":"event_category","embeddable":true,"href":"https:\/\/www.ifg.gr\/fr\/wp-json\/wp\/v2\/event_category?post=62316"},{"taxonomy":"event_group","embeddable":true,"href":"https:\/\/www.ifg.gr\/fr\/wp-json\/wp\/v2\/event_group?post=62316"}],"curies":[{"name":"wp","href":"https:\/\/api.w.org\/{rel}","templated":true}]}}