{"id":62728,"date":"2025-05-21T11:04:32","date_gmt":"2025-05-21T08:04:32","guid":{"rendered":"https:\/\/www.ifg.gr\/events\/galliko-institouto-ellados-arian-mnouskin\/"},"modified":"2025-05-22T11:38:11","modified_gmt":"2025-05-22T08:38:11","slug":"ariane-mnouchkine-discussion-autour-du-theatre","status":"publish","type":"event","link":"https:\/\/www.ifg.gr\/fr\/events\/ariane-mnouchkine-discussion-autour-du-theatre\/","title":{"rendered":"Discussion ouverte avec Ariane Mnouchkine autour du th\u00e9\u00e2tre"},"content":{"rendered":"<p><strong>Ariane Mnouchkine<\/strong>, la grande metteuse en sc\u00e8ne fran\u00e7aise et animatrice de la c\u00e9l\u00e8bre troupe du <strong>Th\u00e9\u00e2tre du Soleil<\/strong>, revient en Gr\u00e8ce, invit\u00e9e par le <a href=\"https:\/\/aefestival.gr\/\" target=\"_blank\" rel=\"noopener\">Festival Ath\u00e8nes \u00c9pidaure<\/a>.<\/p>\n<p>Le spectacle <em><a href=\"https:\/\/www.ifg.gr\/fr\/news\/presence-francaise-festival-athenes-epidaure-2025\/\" target=\"_blank\" rel=\"noopener\">Ici sont les dragons \/ Hic sunt Dracones<\/a><\/em>, cr\u00e9\u00e9 \u00e0 l&rsquo;occasion de la c\u00e9l\u00e9bration des 60 ans du Th\u00e9\u00e2tre du Soleil, inaugure le programme de l\u2019espace de Peiraios 260 et co\u00efncide avec l\u2019\u00e9dition anniversaire du Festival qui f\u00eate cette ann\u00e9e ses 70 ans.<\/p>\n<p>Dans ce cadre, <strong>Ariane Mnouchkine<\/strong> participera, le jeudi 5 juin (de 11h \u00e0 13h), \u00e0 l\u2019Institut fran\u00e7ais de Gr\u00e8ce, \u00e0 une discussion ouverte avec la journaliste et critique de th\u00e9\u00e2tre, <strong>Myrto Loverdou<\/strong>.<\/p>\n<p><img loading=\"lazy\" decoding=\"async\" class=\"alignnone size-full wp-image-62718\" src=\"https:\/\/www.ifg.gr\/wp-content\/uploads\/2025\/05\/ariane-mnoushkine-\u00a9-Daniel-RAMALHO.jpg\" alt=\"\" width=\"1368\" height=\"912\" srcset=\"https:\/\/www.ifg.gr\/wp-content\/uploads\/2025\/05\/ariane-mnoushkine-\u00a9-Daniel-RAMALHO.jpg 1368w, https:\/\/www.ifg.gr\/wp-content\/uploads\/2025\/05\/ariane-mnoushkine-\u00a9-Daniel-RAMALHO-768x512.jpg 768w, https:\/\/www.ifg.gr\/wp-content\/uploads\/2025\/05\/ariane-mnoushkine-\u00a9-Daniel-RAMALHO-195x130.jpg 195w, https:\/\/www.ifg.gr\/wp-content\/uploads\/2025\/05\/ariane-mnoushkine-\u00a9-Daniel-RAMALHO-600x400.jpg 600w\" sizes=\"auto, (max-width: 1368px) 100vw, 1368px\" \/><\/p>\n<p>\u00a9 Daniel RAMALHO<\/p>\n<hr \/>\n<p>Le <strong>Th\u00e9\u00e2tre du Soleil<\/strong>, institution phare rayonnant dans le paysage culturel fran\u00e7ais, cr\u00e9\u00e9 \u00e0 son initiative en 1964 et dont l\u2019aventure continue jusqu\u2019\u00e0 ce jour, a particip\u00e9 \u00e0 plusieurs reprises au Festival avec des cr\u00e9ations collectives \u2013 \u00e9piques qui ont rencontr\u00e9 un grand succ\u00e8s\u00a0: <em>Le Dernier Caravans\u00e9rail-Odyss\u00e9es <\/em>(2006), <em>Les \u00c9ph\u00e9m\u00e8res <\/em>(2007), <em>Les Naufrag\u00e9s du Fol Espoir-Aurores <\/em>(2011) et <em>Kanata<\/em>, la seule cr\u00e9ation dont la mise en sc\u00e8ne a \u00e9t\u00e9 confi\u00e9e par Ariane Mnouchkine \u00e0 Robert Lepage (2019).<\/p>\n<p><strong>Le spectacle est pr\u00e9sent\u00e9 au P\u0395\u0399R\u0391\u0399OS 260 (Espace D) les 30 et 31 mai et les 1<sup>er<\/sup>, 3, 4 et 5 juin 2025 \u00e0 20h00.<\/strong><\/p>\n<p><img loading=\"lazy\" decoding=\"async\" class=\"alignnone size-full wp-image-62725\" src=\"https:\/\/www.ifg.gr\/wp-content\/uploads\/2025\/05\/isld_repetitions_1re_epoque_novembre_2024-photo_lucile_cocito_img_6152_copie.jpg\" alt=\"\" width=\"2500\" height=\"1300\" srcset=\"https:\/\/www.ifg.gr\/wp-content\/uploads\/2025\/05\/isld_repetitions_1re_epoque_novembre_2024-photo_lucile_cocito_img_6152_copie.jpg 2500w, https:\/\/www.ifg.gr\/wp-content\/uploads\/2025\/05\/isld_repetitions_1re_epoque_novembre_2024-photo_lucile_cocito_img_6152_copie-768x399.jpg 768w, https:\/\/www.ifg.gr\/wp-content\/uploads\/2025\/05\/isld_repetitions_1re_epoque_novembre_2024-photo_lucile_cocito_img_6152_copie-1536x799.jpg 1536w, https:\/\/www.ifg.gr\/wp-content\/uploads\/2025\/05\/isld_repetitions_1re_epoque_novembre_2024-photo_lucile_cocito_img_6152_copie-2048x1065.jpg 2048w, https:\/\/www.ifg.gr\/wp-content\/uploads\/2025\/05\/isld_repetitions_1re_epoque_novembre_2024-photo_lucile_cocito_img_6152_copie-1920x998.jpg 1920w, https:\/\/www.ifg.gr\/wp-content\/uploads\/2025\/05\/isld_repetitions_1re_epoque_novembre_2024-photo_lucile_cocito_img_6152_copie-1923x1000.jpg 1923w, https:\/\/www.ifg.gr\/wp-content\/uploads\/2025\/05\/isld_repetitions_1re_epoque_novembre_2024-photo_lucile_cocito_img_6152_copie-250x130.jpg 250w\" sizes=\"auto, (max-width: 2500px) 100vw, 2500px\" \/><\/p>\n","protected":false},"excerpt":{"rendered":"<p>L\u2019immense metteuse en sc\u00e8ne fran\u00e7aise et animatrice de la troupe du Th\u00e9\u00e2tre du Soleil se trouvera \u00e0 l\u2019IFG pour une rencontre avec la journaliste et critique de th\u00e9\u00e2tre, Myrto Loverdou.<\/p>\n","protected":false},"author":18,"featured_media":62715,"template":"","tags":[],"event_category":[875,872],"event_group":[],"class_list":["post-62728","event","type-event","status-publish","has-post-thumbnail","hentry","event_category-debat-didees-et-sciences","event_category-spectacle-vivant"],"acf":{"sponsors_default":false,"info_title":"","info_text":"","date_range":{"start":"05\/06\/2025","end":"","cancelled":false,"note":"","start_time":"11:00","end_time":"13:00"},"details":{"location":"<p>Auditorium Theo Angelopoulos, IFG<\/p>\n","hyperlink1a":{"text":"","link":""},"price":"La rencontre est ouverte au public et aux \u00e9tudiants des \u00e9coles d\u2019art dramatique. Dans la limite des places disponibles, par ordre d'arriv\u00e9e. ","hyperlink2a":{"text":"","link":""},"online_event":false,"live_streaming":false,"live_streaming_code":"","facebook_url":"","hyperlink":{"text":"","link":""},"hyperlink2":{"text":"","link":""},"hyperlink3":{"text":"","link":""},"press_release":false},"featured_image_credits":"\u00a9 Michele Laurent","home_slider_image":{"ID":62717,"id":62717,"title":"ariane-mnouchkine1300x786","filename":"ariane-mnouchkine1300x786.jpg","filesize":458088,"url":"https:\/\/www.ifg.gr\/wp-content\/uploads\/2025\/05\/ariane-mnouchkine1300x786.jpg","link":"https:\/\/www.ifg.gr\/fr\/events\/ariane-mnouchkine-discussion-autour-du-theatre\/ariane-mnouchkine1300x786-2\/","alt":"","author":"18","description":"","caption":"","name":"ariane-mnouchkine1300x786-2","status":"inherit","uploaded_to":62728,"date":"2025-05-21 07:53:05","modified":"2025-05-21 07:53:05","menu_order":0,"mime_type":"image\/jpeg","type":"image","subtype":"jpeg","icon":"https:\/\/www.ifg.gr\/wp-includes\/images\/media\/default.png","width":1300,"height":768,"sizes":{"thumbnail":"https:\/\/www.ifg.gr\/wp-content\/uploads\/2025\/05\/ariane-mnouchkine1300x786.jpg","thumbnail-width":150,"thumbnail-height":89,"medium":"https:\/\/www.ifg.gr\/wp-content\/uploads\/2025\/05\/ariane-mnouchkine1300x786.jpg","medium-width":300,"medium-height":177,"medium_large":"https:\/\/www.ifg.gr\/wp-content\/uploads\/2025\/05\/ariane-mnouchkine1300x786-768x454.jpg","medium_large-width":640,"medium_large-height":378,"large":"https:\/\/www.ifg.gr\/wp-content\/uploads\/2025\/05\/ariane-mnouchkine1300x786.jpg","large-width":640,"large-height":378,"1536x1536":"https:\/\/www.ifg.gr\/wp-content\/uploads\/2025\/05\/ariane-mnouchkine1300x786.jpg","1536x1536-width":1300,"1536x1536-height":768,"2048x2048":"https:\/\/www.ifg.gr\/wp-content\/uploads\/2025\/05\/ariane-mnouchkine1300x786.jpg","2048x2048-width":1300,"2048x2048-height":768,"full-width":"https:\/\/www.ifg.gr\/wp-content\/uploads\/2025\/05\/ariane-mnouchkine1300x786.jpg","full-width-width":1300,"full-width-height":768,"sidebar":"https:\/\/www.ifg.gr\/wp-content\/uploads\/2025\/05\/ariane-mnouchkine1300x786.jpg","sidebar-width":1300,"sidebar-height":768,"thumb-sm":"https:\/\/www.ifg.gr\/wp-content\/uploads\/2025\/05\/ariane-mnouchkine1300x786-220x130.jpg","thumb-sm-width":220,"thumb-sm-height":130,"thumb-square":"https:\/\/www.ifg.gr\/wp-content\/uploads\/2025\/05\/ariane-mnouchkine1300x786-500x500.jpg","thumb-square-width":500,"thumb-square-height":500,"thumb-big":"https:\/\/www.ifg.gr\/wp-content\/uploads\/2025\/05\/ariane-mnouchkine1300x786-600x400.jpg","thumb-big-width":600,"thumb-big-height":400,"slider-big":"https:\/\/www.ifg.gr\/wp-content\/uploads\/2025\/05\/ariane-mnouchkine1300x786.jpg","slider-big-width":1300,"slider-big-height":768}},"sponsors_group":false,"layout":false},"yoast_head":"<!-- This site is optimized with the Yoast SEO plugin v26.8 - https:\/\/yoast.com\/product\/yoast-seo-wordpress\/ -->\n<title>Discussion ouverte avec Ariane Mnouchkine autour du th\u00e9\u00e2tre<\/title>\n<meta name=\"description\" content=\"L\u2019immense metteuse en sc\u00e8ne fran\u00e7aise et animatrice de la troupe du Th\u00e9\u00e2tre du Soleil se trouvera \u00e0 l\u2019IFG pour une rencontre avec la journaliste et critique de th\u00e9\u00e2tre, Myrto Loverdou.\" \/>\n<meta name=\"robots\" content=\"index, follow, max-snippet:-1, max-image-preview:large, max-video-preview:-1\" \/>\n<link rel=\"canonical\" href=\"https:\/\/www.ifg.gr\/fr\/events\/ariane-mnouchkine-discussion-autour-du-theatre\/\" \/>\n<meta property=\"og:locale\" content=\"fr_FR\" \/>\n<meta property=\"og:type\" content=\"article\" \/>\n<meta property=\"og:title\" content=\"Discussion ouverte avec Ariane Mnouchkine autour du th\u00e9\u00e2tre\" \/>\n<meta property=\"og:description\" content=\"L\u2019immense metteuse en sc\u00e8ne fran\u00e7aise et animatrice de la troupe du Th\u00e9\u00e2tre du Soleil se trouvera \u00e0 l\u2019IFG pour une rencontre avec la journaliste et critique de th\u00e9\u00e2tre, Myrto Loverdou.\" \/>\n<meta property=\"og:url\" content=\"https:\/\/www.ifg.gr\/fr\/events\/ariane-mnouchkine-discussion-autour-du-theatre\/\" \/>\n<meta property=\"og:site_name\" content=\"IFG\" \/>\n<meta property=\"article:modified_time\" content=\"2025-05-22T08:38:11+00:00\" \/>\n<meta property=\"og:image\" content=\"https:\/\/www.ifg.gr\/wp-content\/uploads\/2025\/05\/ariane-mnouchkine1200x800.jpg\" \/>\n\t<meta property=\"og:image:width\" content=\"1200\" \/>\n\t<meta property=\"og:image:height\" content=\"800\" \/>\n\t<meta property=\"og:image:type\" content=\"image\/jpeg\" \/>\n<meta name=\"twitter:card\" content=\"summary_large_image\" \/>\n<meta name=\"twitter:label1\" content=\"Dur\u00e9e de lecture estim\u00e9e\" \/>\n\t<meta name=\"twitter:data1\" content=\"2 minutes\" \/>\n<script type=\"application\/ld+json\" class=\"yoast-schema-graph\">{\"@context\":\"https:\/\/schema.org\",\"@graph\":[{\"@type\":\"WebPage\",\"@id\":\"https:\/\/www.ifg.gr\/fr\/events\/ariane-mnouchkine-discussion-autour-du-theatre\/\",\"url\":\"https:\/\/www.ifg.gr\/fr\/events\/ariane-mnouchkine-discussion-autour-du-theatre\/\",\"name\":\"Discussion ouverte avec Ariane Mnouchkine autour du th\u00e9\u00e2tre\",\"isPartOf\":{\"@id\":\"https:\/\/www.ifg.gr\/#website\"},\"primaryImageOfPage\":{\"@id\":\"https:\/\/www.ifg.gr\/fr\/events\/ariane-mnouchkine-discussion-autour-du-theatre\/#primaryimage\"},\"image\":{\"@id\":\"https:\/\/www.ifg.gr\/fr\/events\/ariane-mnouchkine-discussion-autour-du-theatre\/#primaryimage\"},\"thumbnailUrl\":\"https:\/\/www.ifg.gr\/wp-content\/uploads\/2025\/05\/ariane-mnouchkine1200x800.jpg\",\"datePublished\":\"2025-05-21T08:04:32+00:00\",\"dateModified\":\"2025-05-22T08:38:11+00:00\",\"description\":\"L\u2019immense metteuse en sc\u00e8ne fran\u00e7aise et animatrice de la troupe du Th\u00e9\u00e2tre du Soleil se trouvera \u00e0 l\u2019IFG pour une rencontre avec la journaliste et critique de th\u00e9\u00e2tre, Myrto Loverdou.\",\"breadcrumb\":{\"@id\":\"https:\/\/www.ifg.gr\/fr\/events\/ariane-mnouchkine-discussion-autour-du-theatre\/#breadcrumb\"},\"inLanguage\":\"fr-FR\",\"potentialAction\":[{\"@type\":\"ReadAction\",\"target\":[\"https:\/\/www.ifg.gr\/fr\/events\/ariane-mnouchkine-discussion-autour-du-theatre\/\"]}]},{\"@type\":\"ImageObject\",\"inLanguage\":\"fr-FR\",\"@id\":\"https:\/\/www.ifg.gr\/fr\/events\/ariane-mnouchkine-discussion-autour-du-theatre\/#primaryimage\",\"url\":\"https:\/\/www.ifg.gr\/wp-content\/uploads\/2025\/05\/ariane-mnouchkine1200x800.jpg\",\"contentUrl\":\"https:\/\/www.ifg.gr\/wp-content\/uploads\/2025\/05\/ariane-mnouchkine1200x800.jpg\",\"width\":1200,\"height\":800},{\"@type\":\"BreadcrumbList\",\"@id\":\"https:\/\/www.ifg.gr\/fr\/events\/ariane-mnouchkine-discussion-autour-du-theatre\/#breadcrumb\",\"itemListElement\":[{\"@type\":\"ListItem\",\"position\":1,\"name\":\"Home\",\"item\":\"https:\/\/www.ifg.gr\/fr\/\"},{\"@type\":\"ListItem\",\"position\":2,\"name\":\"Events\",\"item\":\"https:\/\/www.ifg.gr\/events\/\"},{\"@type\":\"ListItem\",\"position\":3,\"name\":\"Discussion ouverte avec Ariane Mnouchkine autour du th\u00e9\u00e2tre\"}]},{\"@type\":\"WebSite\",\"@id\":\"https:\/\/www.ifg.gr\/#website\",\"url\":\"https:\/\/www.ifg.gr\/\",\"name\":\"IFG\",\"description\":\"\",\"potentialAction\":[{\"@type\":\"SearchAction\",\"target\":{\"@type\":\"EntryPoint\",\"urlTemplate\":\"https:\/\/www.ifg.gr\/?s={search_term_string}\"},\"query-input\":{\"@type\":\"PropertyValueSpecification\",\"valueRequired\":true,\"valueName\":\"search_term_string\"}}],\"inLanguage\":\"fr-FR\"}]}<\/script>\n<!-- \/ Yoast SEO plugin. -->","yoast_head_json":{"title":"Discussion ouverte avec Ariane Mnouchkine autour du th\u00e9\u00e2tre","description":"L\u2019immense metteuse en sc\u00e8ne fran\u00e7aise et animatrice de la troupe du Th\u00e9\u00e2tre du Soleil se trouvera \u00e0 l\u2019IFG pour une rencontre avec la journaliste et critique de th\u00e9\u00e2tre, Myrto Loverdou.","robots":{"index":"index","follow":"follow","max-snippet":"max-snippet:-1","max-image-preview":"max-image-preview:large","max-video-preview":"max-video-preview:-1"},"canonical":"https:\/\/www.ifg.gr\/fr\/events\/ariane-mnouchkine-discussion-autour-du-theatre\/","og_locale":"fr_FR","og_type":"article","og_title":"Discussion ouverte avec Ariane Mnouchkine autour du th\u00e9\u00e2tre","og_description":"L\u2019immense metteuse en sc\u00e8ne fran\u00e7aise et animatrice de la troupe du Th\u00e9\u00e2tre du Soleil se trouvera \u00e0 l\u2019IFG pour une rencontre avec la journaliste et critique de th\u00e9\u00e2tre, Myrto Loverdou.","og_url":"https:\/\/www.ifg.gr\/fr\/events\/ariane-mnouchkine-discussion-autour-du-theatre\/","og_site_name":"IFG","article_modified_time":"2025-05-22T08:38:11+00:00","og_image":[{"width":1200,"height":800,"url":"https:\/\/www.ifg.gr\/wp-content\/uploads\/2025\/05\/ariane-mnouchkine1200x800.jpg","type":"image\/jpeg"}],"twitter_card":"summary_large_image","twitter_misc":{"Dur\u00e9e de lecture estim\u00e9e":"2 minutes"},"schema":{"@context":"https:\/\/schema.org","@graph":[{"@type":"WebPage","@id":"https:\/\/www.ifg.gr\/fr\/events\/ariane-mnouchkine-discussion-autour-du-theatre\/","url":"https:\/\/www.ifg.gr\/fr\/events\/ariane-mnouchkine-discussion-autour-du-theatre\/","name":"Discussion ouverte avec Ariane Mnouchkine autour du th\u00e9\u00e2tre","isPartOf":{"@id":"https:\/\/www.ifg.gr\/#website"},"primaryImageOfPage":{"@id":"https:\/\/www.ifg.gr\/fr\/events\/ariane-mnouchkine-discussion-autour-du-theatre\/#primaryimage"},"image":{"@id":"https:\/\/www.ifg.gr\/fr\/events\/ariane-mnouchkine-discussion-autour-du-theatre\/#primaryimage"},"thumbnailUrl":"https:\/\/www.ifg.gr\/wp-content\/uploads\/2025\/05\/ariane-mnouchkine1200x800.jpg","datePublished":"2025-05-21T08:04:32+00:00","dateModified":"2025-05-22T08:38:11+00:00","description":"L\u2019immense metteuse en sc\u00e8ne fran\u00e7aise et animatrice de la troupe du Th\u00e9\u00e2tre du Soleil se trouvera \u00e0 l\u2019IFG pour une rencontre avec la journaliste et critique de th\u00e9\u00e2tre, Myrto Loverdou.","breadcrumb":{"@id":"https:\/\/www.ifg.gr\/fr\/events\/ariane-mnouchkine-discussion-autour-du-theatre\/#breadcrumb"},"inLanguage":"fr-FR","potentialAction":[{"@type":"ReadAction","target":["https:\/\/www.ifg.gr\/fr\/events\/ariane-mnouchkine-discussion-autour-du-theatre\/"]}]},{"@type":"ImageObject","inLanguage":"fr-FR","@id":"https:\/\/www.ifg.gr\/fr\/events\/ariane-mnouchkine-discussion-autour-du-theatre\/#primaryimage","url":"https:\/\/www.ifg.gr\/wp-content\/uploads\/2025\/05\/ariane-mnouchkine1200x800.jpg","contentUrl":"https:\/\/www.ifg.gr\/wp-content\/uploads\/2025\/05\/ariane-mnouchkine1200x800.jpg","width":1200,"height":800},{"@type":"BreadcrumbList","@id":"https:\/\/www.ifg.gr\/fr\/events\/ariane-mnouchkine-discussion-autour-du-theatre\/#breadcrumb","itemListElement":[{"@type":"ListItem","position":1,"name":"Home","item":"https:\/\/www.ifg.gr\/fr\/"},{"@type":"ListItem","position":2,"name":"Events","item":"https:\/\/www.ifg.gr\/events\/"},{"@type":"ListItem","position":3,"name":"Discussion ouverte avec Ariane Mnouchkine autour du th\u00e9\u00e2tre"}]},{"@type":"WebSite","@id":"https:\/\/www.ifg.gr\/#website","url":"https:\/\/www.ifg.gr\/","name":"IFG","description":"","potentialAction":[{"@type":"SearchAction","target":{"@type":"EntryPoint","urlTemplate":"https:\/\/www.ifg.gr\/?s={search_term_string}"},"query-input":{"@type":"PropertyValueSpecification","valueRequired":true,"valueName":"search_term_string"}}],"inLanguage":"fr-FR"}]}},"_links":{"self":[{"href":"https:\/\/www.ifg.gr\/fr\/wp-json\/wp\/v2\/event\/62728","targetHints":{"allow":["GET"]}}],"collection":[{"href":"https:\/\/www.ifg.gr\/fr\/wp-json\/wp\/v2\/event"}],"about":[{"href":"https:\/\/www.ifg.gr\/fr\/wp-json\/wp\/v2\/types\/event"}],"author":[{"embeddable":true,"href":"https:\/\/www.ifg.gr\/fr\/wp-json\/wp\/v2\/users\/18"}],"version-history":[{"count":4,"href":"https:\/\/www.ifg.gr\/fr\/wp-json\/wp\/v2\/event\/62728\/revisions"}],"predecessor-version":[{"id":62737,"href":"https:\/\/www.ifg.gr\/fr\/wp-json\/wp\/v2\/event\/62728\/revisions\/62737"}],"wp:featuredmedia":[{"embeddable":true,"href":"https:\/\/www.ifg.gr\/fr\/wp-json\/wp\/v2\/media\/62715"}],"wp:attachment":[{"href":"https:\/\/www.ifg.gr\/fr\/wp-json\/wp\/v2\/media?parent=62728"}],"wp:term":[{"taxonomy":"post_tag","embeddable":true,"href":"https:\/\/www.ifg.gr\/fr\/wp-json\/wp\/v2\/tags?post=62728"},{"taxonomy":"event_category","embeddable":true,"href":"https:\/\/www.ifg.gr\/fr\/wp-json\/wp\/v2\/event_category?post=62728"},{"taxonomy":"event_group","embeddable":true,"href":"https:\/\/www.ifg.gr\/fr\/wp-json\/wp\/v2\/event_group?post=62728"}],"curies":[{"name":"wp","href":"https:\/\/api.w.org\/{rel}","templated":true}]}}