{"id":65510,"date":"2025-10-13T17:31:04","date_gmt":"2025-10-13T14:31:04","guid":{"rendered":"https:\/\/www.ifg.gr\/events\/giorti-tis-epistimis-i-foni-tou-okeanou-2025\/"},"modified":"2025-11-06T17:22:09","modified_gmt":"2025-11-06T15:22:09","slug":"fete-de-la-science-la-voix-de-l-ocean-2025","status":"publish","type":"event","link":"https:\/\/www.ifg.gr\/fr\/events\/fete-de-la-science-la-voix-de-l-ocean-2025\/","title":{"rendered":"F\u00eate de la science : La voix de l\u2019oc\u00e9an"},"content":{"rendered":"<h3><em>L&rsquo;endroit le plus important sur Terre ne se trouve pas sur la terre, mais en mer.<\/em><br \/>\nCitation du documentaire <em>Ocean<\/em> avec David Attenborough<\/h3>\n<p>Dix ans apr\u00e8s l\u2019Accord de Paris (COP21), l\u2019ann\u00e9e 2025 a \u00e9t\u00e9 proclam\u00e9e en France \u00ab <strong>Ann\u00e9e de la Mer et de l\u2019Oc\u00e9an<\/strong> \u00bb, soulignant le r\u00f4le crucial des oc\u00e9ans dans la lutte contre la crise climatique.<\/p>\n<p>Cette ann\u00e9e, au cours du premier semestre de 2025, deux grandes rencontres internationales se sont concentr\u00e9es sur l\u2019environnement marin. La premi\u00e8re, l\u2019initiative am\u00e9ricaine Our Ocean Conference, a c\u00e9l\u00e9br\u00e9 son dixi\u00e8me anniversaire \u00e0 Busan, en Cor\u00e9e du Sud, du 28 au 30 avril. Un an auparavant, cette conf\u00e9rence s\u2019\u00e9tait tenue \u00e0 Ath\u00e8nes. La deuxi\u00e8me grande rencontre consacr\u00e9e aux mers et aux oc\u00e9ans, la Troisi\u00e8me Conf\u00e9rence des Nations Unies sur les Oc\u00e9ans (UNOC 2025), qui s\u2019est d\u00e9roul\u00e9e \u00e0 Nice du 9 au 13 juin 2025, a constitu\u00e9 une \u00e9tape marquante d\u2019une mobilisation mondiale en faveur de la protection des mers.<\/p>\n<p>Dans ce cadre, l\u2019Institut fran\u00e7ais de Gr\u00e8ce organise, du 10 au 27 novembre, une f\u00eate consacr\u00e9e \u00e0 la science et \u00e0 l\u2019oc\u00e9an dont l\u2019exploration et la pr\u00e9servation constituent des enjeux majeurs du XXIe si\u00e8cle. <strong>Paraskevi (Evi) Nomikou<\/strong>, professeure de g\u00e9ographie physique et d\u2019oc\u00e9anographie g\u00e9ologique au D\u00e9partement de G\u00e9ologie et d\u2019Environnement de l\u2019Universit\u00e9 nationale et kapodistrienne d\u2019Ath\u00e8nes, est la <strong>marraine de la F\u00eate de la Science 2025<\/strong>.<\/p>\n<p><strong>Jamais les oc\u00e9ans n\u2019ont eu autant besoin de faire entendre leur voix !<\/strong><br \/>\nLa F\u00eate de la Science 2025 prend une signification, en mettant en lumi\u00e8re le r\u00f4le du savoir scientifique comme fondement d\u2019une relation durable avec le milieu marin et de la pr\u00e9servation de la biodiversit\u00e9 unique de la M\u00e9diterran\u00e9e. En entrem\u00ealant les perspectives artistiques, scientifiques, \u00e9ducatives, \u00e9conomiques et en mettant l\u2019intelligence artificielle et les arts num\u00e9riques au service de la cause de l\u2019oc\u00e9an, elle vise \u00e0 mobiliser et \u00e0 mettre en valeur l\u2019importance de la coop\u00e9ration franco-grecque dans ce domaine.<\/p>\n<p>La F\u00eate de la Science de cette ann\u00e9e s\u2019inscrit dans le cadre du programme<br \/>\n\u00ab <a href=\"https:\/\/www.institutfrancais.com\/fr\/programme\/offre-contenus\/novembre-numerique\/novembre-numerique-2025\" target=\"_blank\" rel=\"noopener\">Novembre Num\u00e9rique : F\u00eate mondiale de la culture num\u00e9rique<\/a> \u00bb, une initiative de l\u2019Institut fran\u00e7ais \u2013 Paris.<\/p>\n<hr \/>\n<h3><strong>PROGRAMME<\/strong><\/h3>\n<h3><strong>\ud83d\udccd <\/strong>INSTITUT FRAN\u00c7AIS DE GR\u00c8CE \u2013 AUDITORIUM THEO ANGELOPOULOS<\/h3>\n<h3>\ud83c\udf0a LUNDI 10 NOVEMBRE 2025, 19H00<\/h3>\n<p><strong>CONFERENCE INAUGURALE<\/strong><br \/>\n<strong>L\u2019OCEAN AU COEUR DES ENJEUX CLIMATIQUES<br \/>\n<\/strong>Avec <a href=\"https:\/\/fr.wikipedia.org\/wiki\/Fran%C3%A7oise_Gaill\" target=\"_blank\" rel=\"noopener\"><strong>Fran\u00e7oise Gaill<\/strong><\/a><\/p>\n<p>\u2139\ufe0f Entr\u00e9e libre dans la limite des places disponibles. Traduction simultan\u00e9e. En direct via <a href=\"https:\/\/www.ifg.gr\/fr\/\" target=\"_blank\" rel=\"noopener\">ifg.gr<\/a>.<\/p>\n<p><a href=\"https:\/\/fr.wikipedia.org\/wiki\/Fran%C3%A7oise_Gaill\" target=\"_blank\" rel=\"noopener\">Fran\u00e7oise Gaill<\/a> est oc\u00e9anographe et directrice de recherche \u00e9m\u00e9rite au CNRS, sp\u00e9cialiste des \u00e9cosyst\u00e8mes oc\u00e9aniques, et vice-pr\u00e9sidente de la <a href=\"https:\/\/ocean-climate.org\/\" target=\"_blank\" rel=\"noopener\">plateforme \u00ab Oc\u00e9an et Climat \u00bb<\/a>.<br \/>\nLe th\u00e8me de son intervention soul\u00e8vera de nombreuses questions : acidification des oc\u00e9ans, changement climatique, biodiversit\u00e9 marine, surp\u00eache. Fran\u00e7oise Gaill mettra \u00e9galement en lumi\u00e8re le r\u00f4le de l\u2019oc\u00e9anographe et la mani\u00e8re dont le scientifique se trouve en premi\u00e8re ligne dans cette lutte pour la compr\u00e9hension et la protection de nos oc\u00e9ans.<br \/>\nLa pr\u00e9sentation sera anim\u00e9e et coordonn\u00e9e par <strong>Aris Karageorgis<\/strong>, pr\u00e9sident du Centre hell\u00e9nique de recherches marines (HCMR).<\/p>\n<h3>\ud83c\udf0a MERCREDI 12 NOVEMBRE 2025, 19H00<\/h3>\n<p><strong>SPECTACLE (1h15)<\/strong><br \/>\n<strong>INOU\u00cf OCEAN (LES SONS FASCINANTS DE L\u2019OCEAN)<\/strong><br \/>\nEcrit et interpr\u00e9t\u00e9 par <strong>Alexandra Hernandez<\/strong><br \/>\nEn fran\u00e7ais avec surtitrage grec<\/p>\n<p>\u2139\ufe0f Entr\u00e9e libre dans la limite des places disponibles. Ouverture des portes \u00e0 18h00.<\/p>\n<p><a href=\"https:\/\/www.xn--inou-ocean-98a.com\/\" target=\"_blank\" rel=\"noopener\">INOU\u00cf Oc\u00e9an<\/a> est un spectacle immersif et sensoriel \u00e0 la crois\u00e9e entre Art, Science et Num\u00e9rique, m\u00ealant musique, images, po\u00e9sie, sons et prises de paroles scientifiques. Ce projet hybride est n\u00e9 d\u2019une collaboration entre musiciens, experts scientifiques et op\u00e9rateurs audiovisuels, dans le but d\u2019initier une prise de conscience aupr\u00e8s du public de l\u2019impact de l\u2019homme sur l\u2019oc\u00e9an. L\u2019interpr\u00e8te d\u2019INOU\u00cf Oc\u00e9an, Alexandra Hernandez, originaire de Saint-Pierre-et-Miquelon, entretient d\u00e9j\u00e0 une relation personnelle \u00e9troite avec l\u2019oc\u00e9an. Sa rencontre avec Laurent Soubeyran, biologiste marin au CNRS, a donn\u00e9 naissance \u00e0 cette \u0153uvre. Le concert INOU\u00cf Oc\u00e9an transforme la connaissance scientifique en art et en \u00e9motion, invitant le public \u00e0 \u00e9couter attentivement et \u00e0 plonger dans cet \u00e9cosyst\u00e8me sous-marin, aussi beau que fragile.<\/p>\n<p>Une discussion avec l\u2019artiste suivra la repr\u00e9sentation.<\/p>\n<h3>\ud83c\udf0a JEUDI 13 NOVEMBRE 2025, 19H00<\/h3>\n<p><strong>PREMIERE PROJECTION INTERNATIONALE<\/strong><br \/>\n<strong><a href=\"https:\/\/www.lifemarenatura.eu\/en\/\" target=\"_blank\" rel=\"noopener\">LIFE MARENATURA<\/a>, PROTEGER LA VIE MARINE DANS UN MONDE EN MUTATION<\/strong><br \/>\nR\u00e9alisation : Roberto lo Monaco (2025)<\/p>\n<p>\u2139\ufe0f Inscription obligatoire dans la limite des places disponibles ici : <a href=\"https:\/\/forms.gle\/KRiean5SCdQXAhK78\" target=\"_blank\" rel=\"noopener\">https:\/\/forms.gle\/KRiean5SCdQXAhK78<\/a>. Ouverture des portes \u00e0 18h00.<\/p>\n<p>Un documentaire saisissant suit la recherche contemporaine sur les \u00e9cosyst\u00e8mes marins vuln\u00e9rables de la M\u00e9diterran\u00e9e. De l\u2019observation des oiseaux marins \u00e0 l\u2019\u00e9chantillonnage g\u00e9n\u00e9tique, en passant par des prises de vue sous-marines uniques de mammif\u00e8res marins, les t\u00e9moignages des scientifiques font revivre les histoires cach\u00e9es de la mer. Captivant, il illustre la lutte pour la protection de notre patrimoine bleu commun.<\/p>\n<p><strong>Production<\/strong> : MEDASSET &#8211; (Mediterranean Association to Save the Sea Turtles)<br \/>\n<strong>Co-financ\u00e9 par<\/strong> : la Commission europ\u00e9enne, le Fonds Vert, la Fondation A.G. Leventis<br \/>\n<strong>En collaboration avec<\/strong> : Le Centre Hell\u00e9nique de Recherche Marine, l\u2019Agence pour l\u2019Environnement Naturel et le Changement Climatique, l\u2019Universit\u00e9 de la mer \u00c9g\u00e9e, l\u2019Universit\u00e9 de Cr\u00e8te, l\u2019Observatoire National d\u2019Ath\u00e8nes, la Soci\u00e9t\u00e9 ornithologique hell\u00e9nique &#8211; BirdLife Gr\u00e8ce, la Soci\u00e9t\u00e9 hell\u00e9nique pour l\u2019\u00e9tude et la protection du phoque moine, ARCHELON, la soci\u00e9t\u00e9 pour la protection des tortues marines en Gr\u00e8ce, Nature Conservation Consultants, l\u2019Institut Sup\u00e9rieur pour la Protection et la Recherche Environnementale, Waterproof Marine Consultancy &amp; Services, The Green Tank.<\/p>\n<h3>\ud83c\udf0a MARDI 18 NOVEMBRE 2025, 19H00<\/h3>\n<p><strong>TABLE RONDE<\/strong><br \/>\n<strong>LA GEOPOLITIQUE DES MERS ET DES OCEANS<\/strong><\/p>\n<p>\u2139\ufe0f Entr\u00e9e libre dans la limite des places disponibles. Traduction simultan\u00e9e. En direct via <a href=\"https:\/\/www.ifg.gr\/fr\/\" target=\"_blank\" rel=\"noopener\">ifg.gr<\/a>.<\/p>\n<p>Les mers occupent \u00e0 nouveau une place centrale dans la strat\u00e9gie internationale, d\u00e9passant la simple navigation et d\u00e9fense pour toucher aux enjeux environnementaux, technologiques et socio-\u00e9conomiques. La s\u00e9curit\u00e9 des routes maritimes, les infrastructures sous-marines et la crise climatique sont aujourd\u2019hui des questions majeures de g\u00e9opolitique et d\u2019\u00e9conomie mondiale.<\/p>\n<p>Le Professeur associ\u00e9 de l\u2019Universit\u00e9 de Thessalie, M. A. Gourgiotis, pr\u00e9sentera l\u2019am\u00e9nagement spatial maritime comme un outil cl\u00e9 pour la gouvernance g\u00e9opolitique et le d\u00e9veloppement durable, illustr\u00e9 par le premier Cadre d\u2019Am\u00e9nagement Spatial Maritime du Nord de la mer \u00c9g\u00e9e. M. I. Sotiropoulos, directeur du D\u00e9partement de G\u00e9opolitique de la Guerre froide \u00e0 l\u2019UPA, se concentrera sur l\u2019Arctique, nouvel enjeu g\u00e9opolitique et \u00e9conomique, o\u00f9 la fonte des glaces ouvre des routes commerciales d\u2019importance mondiale. La marine marchande grecque, avec ses investissements dans des navires \u00ab\u202fice class\u202f\u00bb et ses performances mondiales dans le transport de GNL et autres cargaisons, montre son adaptabilit\u00e9 \u00e0 ce nouvel environnement.<\/p>\n<p>Enfin, M. G-S. Prevelakis, professeur \u00e9m\u00e9rite \u00e0 l\u2019Universit\u00e9 Panth\u00e9on-Sorbonne, soulignera l\u2019importance de \u00ab\u202fl\u2019\u00c9ducation \u00e0 la Mer\u202f\u00bb, qui permet de comprendre et de valoriser la dimension maritime, en combinant g\u00e9opolitique, technologie et formation, et soutient le retour strat\u00e9gique de la Gr\u00e8ce vers la mer.<\/p>\n<p>Intervenants :<br \/>\n<strong>George Pr\u00e9v\u00e9lakis<\/strong>,\u00a0Professeur \u00e9m\u00e9rite de G\u00e9opolitique, Universit\u00e9 Panth\u00e9on-Sorbonne (Paris 1)<br \/>\n<strong>Anestis Gourgiotis<\/strong>,\u00a0Professeur associ\u00e9, Universit\u00e9 de Thessalie<br \/>\n<strong>Ioannis Sotiropoulos<\/strong>, Senior Research Fellow, Universit\u00e9 d\u2019Ath\u00e8nes<br \/>\n<strong>Nikos Gerogiannis<\/strong>, Senior Consultant g\u00e9opolitique<\/p>\n<h3>\ud83c\udf0a SAMEDI 22 NOVEMBRE 2025<\/h3>\n<p><strong>PROJECTIONS \u00c0 10H00 ET \u00c0 13H30<\/strong><br \/>\n<strong>LES GARDIENNES DE LA PLANETE<\/strong><br \/>\nDe Jean-Albert Li\u00e8vre (2022, 1h22), racont\u00e9 par Jean Dujardin<\/p>\n<p>\u2139\ufe0f Entr\u00e9e libre dans la limite des places disponibles. Documentaire tous publics.<\/p>\n<p>Ce documentaire fran\u00e7ais offre une repr\u00e9sentation profonde et \u00e9mouvante de la relation entre les \u00eatres humains et les baleines. Il est inspir\u00e9 du po\u00e8me Whale Nation de Heathcote Williams.<br \/>\nPlongez dans une exp\u00e9rience unique, o\u00f9 l\u2019image et le son vous transportent des profondeurs insondables de l\u2019oc\u00e9an jusqu\u2019aux confins de l\u2019univers infini.<\/p>\n<h3>\ud83c\udf0a LUNDI 24 NOVEMBRE 2025, 19H00<\/h3>\n<p><strong>CONFERENCE<\/strong><br \/>\n<strong>L\u2019IA AU SERVICE DES OCEANS<\/strong><\/p>\n<p>\u2139\ufe0f Entr\u00e9e libre dans la limite des places disponibles. Traduction simultan\u00e9e. En direct via <a href=\"https:\/\/www.ifg.gr\/fr\/\" target=\"_blank\" rel=\"noopener\">ifg.gr<\/a>.<\/p>\n<p>Les derni\u00e8res avanc\u00e9es en intelligence artificielle (IA) permettent aux scientifiques et aux start-ups de s\u2019int\u00e9resser \u00e0 son utilisation dans la gestion des oc\u00e9ans. La plateforme \u00ab\u00a0<a href=\"https:\/\/startupper.gr\/slider\/83490\/psifiako-didymo-tou-okeanou-me-ti-symmetochi-tou-ite\/\" target=\"_blank\" rel=\"noopener\">Le jumeau num\u00e9rique de l\u2019oc\u00e9an<\/a> \u00bb (\u00ab Digital Twin Ocean \u00bb)\u00a0 est une repr\u00e9sentation virtuelle multidimensionnelle et quasi temps r\u00e9el de l\u2019oc\u00e9an, combinant observations, intelligence artificielle et mod\u00e9lisation avanc\u00e9e, accessible \u00e0 tous.<\/p>\n<p>Cette initiative embl\u00e9matique de la mission de l\u2019Union europ\u00e9enne \u00abRestore Our Ocean and Waters\u00bb est d\u00e9velopp\u00e9e par Mercator Oc\u00e9an International, en partenariat avec l\u2019Institut flamand des affaires maritimes et d\u2019autres partenaires europ\u00e9ens, tirant parti des technologies de pointe et des atouts de l\u2019UE.<\/p>\n<p>Intervenants :<br \/>\n<strong>Pierre Bahurel<\/strong>, Directeur g\u00e9n\u00e9ral de Mercator, Centre fran\u00e7ais d\u2019analyse et de pr\u00e9visions oc\u00e9anographiques<br \/>\n<strong>Evangelos Moschos<\/strong>, co-fondateur d\u2019Amphitrite, start-up fran\u00e7aise bas\u00e9e sur le traitement de donn\u00e9es satellitaires afin d\u2019analyser la surface des oc\u00e9ans<br \/>\n<strong>Ioannis Papoutsis<\/strong>, Professeur associ\u00e9 \u00e0 l\u2019universit\u00e9 nationale technique d\u2019Ath\u00e8nes, Chercheur associ\u00e9 \u00e0 l\u2019Observatoire national d\u2019Ath\u00e8nes<\/p>\n<p>Mod\u00e9ration : <strong>Evi Nomikou<\/strong>, Marraine de la F\u00eate de la Science, professeure de g\u00e9ographie physique et d\u2019oc\u00e9anographie g\u00e9ologique au D\u00e9partement de G\u00e9ologie et d\u2019Environnement de l\u2019Universit\u00e9 nationale et kapodistrienne d\u2019Ath\u00e8nes.<\/p>\n<h3><strong>\ud83d\udccd<\/strong>INSTITUT FRAN\u00c7AIS DE GR\u00c8CE<\/h3>\n<h3>\ud83c\udf0a 10 \u2013 30 NOVEMBRE 2025<\/h3>\n<p><strong>EXPOSITION<\/strong><br \/>\n<strong>PLASTIQUE EN MER, LES SOLUTIONS SONT A TERRE<\/strong><br \/>\nEn collaboration avec la <a href=\"https:\/\/fondationtaraocean.org\/en\/home\/\" target=\"_blank\" rel=\"noopener\">Fondation Tara Oc\u00e9an<\/a><\/p>\n<p>\u2139\ufe0f Entr\u00e9e libre. Exposition tous publics. Disponible \u00e9galement : la s\u00e9rie de bande dessin\u00e9e num\u00e9rique Planktos ! Sur t\u00e9l\u00e9phone, tablette ou ordinateur.<\/p>\n<p>Comprendre la pollution plastique, identifier le probl\u00e8me, trouver des solutions !<br \/>\nDepuis 2010, la go\u00e9lette Tara r\u00e9colte des microplastiques (de 0,2 \u00e0 5 mm de diam\u00e8tre) \u00e0 l\u2019aide de ses filets, et les r\u00e9sultats sont sans appel : les fragments de microplastiques sont omnipr\u00e9sents dans l\u2019oc\u00e9an. D\u00e9couvrez les recherches men\u00e9es par la Fondation Tara Oc\u00e9an en 2019 sur la pollution plastique des oc\u00e9ans et sur les leviers dont nous disposons pour la r\u00e9duire. Cette exposition de sensibilisation invite le public \u00e0 explorer la complexit\u00e9 des mati\u00e8res plastiques.<br \/>\nUne exposition compos\u00e9e de 12 infographies p\u00e9dagogiques, compl\u00e8tes et illustr\u00e9es.<\/p>\n<h3><strong>\ud83d\udccd<\/strong>INSTITUT FRAN\u00c7AIS DE GR\u00c8CE<\/h3>\n<h3>\ud83c\udf0a 25 \u2013 27 NOVEMBRE 2025<\/h3>\n<p><strong>Hackathon OCEAN<\/strong><br \/>\n<strong>IA ET OCEAN : INNOVATION EN EQUIPE&#8230; EN 48 HEURES !<br \/>\n<\/strong>En collaboration avec le <a href=\"https:\/\/www.athenarc.gr\/\" target=\"_blank\" rel=\"noopener\">centre de recherche et d\u2019innovation ATHENA<\/a><strong><br \/>\n<\/strong><\/p>\n<p>\u2139\ufe0f \u0399nscriptions pour votre participation : <a href=\"https:\/\/forms.gle\/7nH1FaKUKucDzQJF9\" target=\"_blank\" rel=\"noopener\">https:\/\/forms.gle\/7nH1FaKUKucDzQJF9<\/a>. \u0399nscriptions jusqu\u2019au 22 novembre !<\/p>\n<p>Un hackathon est un \u00e9v\u00e9nement participatif et cr\u00e9atif o\u00f9 des personnes de divers horizons (\u00e9tudiants, chercheurs, artistes, citoyens, etc.) se r\u00e9unissent pour travailler en \u00e9quipes et trouver des solutions innovantes \u00e0 un probl\u00e8me pr\u00e9cis, le tout en seulement 48 heures. Dans le cadre de la F\u00eate de la Science \u00ab La voix de l\u2019oc\u00e9an \u00bb, et en collaboration avec le centre de recherche et d\u2019innovation ATHENA, le hackathon proposera un d\u00e9fi collectif : \u00ab Imaginez des solutions concr\u00e8tes et innovantes pour la protection de la M\u00e9diterran\u00e9e \u00bb.<\/p>\n<p><a href=\"https:\/\/www.ifg.gr\/fr\/events\/hackathon-ia-et-ocean-innovation-en-48-heures\/\" target=\"_blank\" rel=\"noopener\"><strong>Pour en savoir plus sur les prix et le programme d\u00e9taill\u00e9, cliquez ici : Hackathon IA ET OCEAN : INNOVATION EN \u00c9QUIPE\u2026 EN 48 HEURES !<\/strong><\/a><\/p>\n<h3><strong>\ud83d\udccd<\/strong>FONDATION EUGENIDES<\/h3>\n<h3>\ud83c\udf0a 10 &amp; 11 NOVEMBE 2025, 11H40 &#8211; POUR LES \u00c9COLES<br \/>\n\ud83c\udf0a 12 NOVEMBRE 2025, 19H10 &amp; 13 NOVEMBRE 2025, 20H20 &#8211; POUR LE PUBLIC<\/h3>\n<p><strong>PROJECTIONS<\/strong><br \/>\n<strong>OCEANS: OUR BLUE PLANET<\/strong><br \/>\nde Mark Brownlow et Rachel Scott (2018, 40&prime;)<br \/>\nRacont\u00e9 en grec par Katerina Lechou et en fran\u00e7ais par Isabelle Carr\u00e9<\/p>\n<p>Une odyss\u00e9e mondiale pour d\u00e9couvrir l&rsquo;habitat le plus vaste et le moins explor\u00e9 de la plan\u00e8te. La science moderne et les nouvelles technologies oc\u00e9aniques nous permettent d&rsquo;aller toujours plus loin dans l&rsquo;exploration de l&rsquo;inconnu.<\/p>\n<p>\u2139\ufe0f Documentaire tous publics. Page du film : <a href=\"https:\/\/www.eef.edu.gr\/el\/programme\/okeanoi\/\" target=\"_blank\" rel=\"noopener\">https:\/\/www.eef.edu.gr\/el\/programme\/okeanoi\/<\/a><br \/>\nR\u00e9servation par t\u00e9l\u00e9phone \u00e0 la Fondation Eugenid\u00e8s au (+30) 210 9469600<br \/>\nLes billets gratuits seront disponibles en priorit\u00e9 aux guichets de la Fondation Eugenid\u00e8s.<br \/>\nCasques disponibles gratuitement au guichet, contre remise d\u2019une pi\u00e8ce d\u2019identit\u00e9 ou d\u2019un passeport jusqu\u2019\u00e0 restitution.<\/p>\n<hr \/>\n<h3>\u00c9V\u00c9NEMENTS PARALL\u00c8LES<\/h3>\n<h3>VISITES GRAND PUBLIC<\/h3>\n<p><strong>A. VISITE GUIDEE \u2013 <a href=\"https:\/\/archelon.gr\/\" target=\"_blank\" rel=\"noopener\">ARCHELON<\/a>, association \u00e0 but non lucratif pour l&rsquo;\u00e9tude et la protection des tortues marines et de leurs habitats en Gr\u00e8ce.<\/strong><\/p>\n<p><strong>\ud83c\udf0a SAMEDI 15 NOVEMBRE &amp; SAMEDI 22 NOVEMBRE 2025, \u00c0 11H00<\/strong><\/p>\n<p><a href=\"https:\/\/archelon.gr\/\" target=\"_blank\" rel=\"noopener\">ARCHELON<\/a> est une association \u00e0 but non lucratif pour l&rsquo;\u00e9tude et la protection des tortues marines et de leurs habitats en Gr\u00e8ce. ARCHELON, qui accueille des tortues marines bless\u00e9es ou malades \u2014 organise une visite sp\u00e9ciale de ses espaces sp\u00e9cialement am\u00e9nag\u00e9s.<\/p>\n<p>\u2139\ufe0f Inscription obligatoire via le lien : <a href=\"https:\/\/forms.gle\/wxrfaYzENKq78NgL6\" target=\"_blank\" rel=\"noopener\">https:\/\/forms.gle\/wxrfaYzENKq78NgL6<\/a><br \/>\nAdresse : 3e Marina de Glyfada (acc\u00e8s en tram et en bus)<br \/>\nDur\u00e9e de la visite : 45 min<br \/>\nPrix : 5 \u20ac par personne (nombre maximum de participants : 25)<\/p>\n<p><strong>B. VISITE GUIDEE &#8211; LE CENTRE CULTUREL D\u2019ART ET DE LITTERATURE DE NIKI PAPATHEOCHARI<\/strong><\/p>\n<p><strong>\ud83c\udf0a SAMEDI 15 NOVEMBRE &amp; SAMEDI 22 NOVEMBRE 2025, DE<\/strong> <strong>11H00 \u00e0 18\u039700<\/strong><\/p>\n<p>Le Centre culturel d\u2019art et de litt\u00e9rature de Niki Papatheohari a \u00e9t\u00e9 fond\u00e9 en juillet 2025 dans le but de promouvoir l\u2019expression culturelle et artistique de la plasticienne Niki Papatheohari. Avec un accent sur l\u2019art et l\u2019\u00e9cologie, le Centre offre une exp\u00e9rience artistique unique qui combine la mer, la musique et la po\u00e9sie, cr\u00e9ant une participation vivante pour petits et grands.<\/p>\n<p>\u2139\ufe0f R\u00e9servation obligatoire : <a href=\"mailto:info@culturalcenternp.gr\" target=\"_blank\" rel=\"noopener\">info@culturalcenternp.gr<\/a>. T\u00e9l. 2111907006.<br \/>\nAdresse : Avenue Pos\u00e9idon 110, Glyfada 166 74. Entr\u00e9e Ast\u00e9ria<br \/>\nDur\u00e9e de la visite : 45 min<br \/>\nPrix : 8 \u20ac par personne<\/p>\n<h3>ATELIERS SCOLAIRES<\/h3>\n<p>\u2139\ufe0f Les inscriptions sont closes.<\/p>\n<p>Des ateliers scolaires sont propos\u00e9s \u00e0 l\u2019Institut fran\u00e7ais de Gr\u00e8ce: anim\u00e9s par Evi Nomikou et ses \u00e9tudiant(e)s, par un professeur de fran\u00e7ais au mus\u00e9e num\u00e9rique Micro-Folie, par l\u2019Association m\u00e9diterran\u00e9enne pour la sauvegarde des tortues marines, Medasset et ELLET (Soci\u00e9t\u00e9 hell\u00e9nique pour l&rsquo;environnement et la culture), par ELLET et <a href=\"https:\/\/oceaneducation.gr\/team-member\/%ce%ba%cf%89%ce%bd%cf%83%cf%84%ce%b1%ce%bd%cf%84%ce%af%ce%bd%ce%b1-%cf%81%ce%b9%ce%b6%ce%bf%cf%80%ce%bf%cf%8d%ce%bb%ce%bf%cf%85\/\" target=\"_blank\" rel=\"noopener\">Konstantina Rizopoulou<\/a>, formatrice et chercheuse sp\u00e9cialis\u00e9e dans l\u2019environnement marin, la t\u00e9l\u00e9d\u00e9tection et les Syst\u00e8mes d\u2019Information G\u00e9ographique (SIG).<\/p>\n<hr \/>\n<h3><strong>PARTENAIRES<\/strong><\/h3>\n<p><a href=\"https:\/\/www.hcmr.gr\/en\/\" target=\"_blank\" rel=\"noopener\">HCMR<\/a><br \/>\n<a href=\"https:\/\/www.athenarc.gr\/\" target=\"_blank\" rel=\"noopener\">CENTRE DE RECHERCHE ATHENA<\/a><br \/>\n<a href=\"https:\/\/www.eef.edu.gr\/\" target=\"_blank\" rel=\"noopener\">FONDATION EUGENIDES<\/a><br \/>\n<a href=\"https:\/\/www.foundationaim.org\/\" target=\"_blank\" rel=\"noopener\">FONDATION ATHENA I. MARTINOU<\/a><br \/>\n<a href=\"https:\/\/www.mercator-ocean.eu\/\" target=\"_blank\" rel=\"noopener\">MERCATOR OCEAN INTERNATIONAL<\/a><br \/>\n<a href=\"https:\/\/fondationtaraocean.org\/\" target=\"_blank\" rel=\"noopener\">FONDATION TARA OCEAN<\/a><\/p>\n<p>ONG-ASSOCIATIONS<\/p>\n<p><a href=\"https:\/\/archelon.gr\/en\" target=\"_blank\" rel=\"noopener\">ARCHELON<\/a><br \/>\n<a href=\"https:\/\/www.ellet.gr\/\" target=\"_blank\" rel=\"noopener\">ELLET &#8211; Soci\u00e9t\u00e9 Hell\u00e9nique pour l\u2019Environnement et la Culture<\/a><br \/>\n<a href=\"https:\/\/medasset.org\/el\/\" target=\"_blank\" rel=\"noopener\">MEDASSET &#8211; Association m\u00e9diterran\u00e9enne pour la sauvegarde des tortues marines<\/a><br \/>\n<a href=\"https:\/\/culturalcenternp.gr\/el\/\" target=\"_blank\" rel=\"noopener\">CENTRE CULTUREL D\u2019ART ET DE LITTERATURE DE NIKI PAPATHEOCHARI<\/a><\/p>\n<p>COMIT\u00c9 SCIENTIFIQUE &amp; D\u2019ORGANISATION<\/p>\n<p>Matthieu Abgrall &#8211; Attach\u00e9 au service de coop\u00e9ration universitaire et scientifique et directeur d\u00e9l\u00e9gu\u00e9 de l\u2019IFG, Katerina Spiropoulou &#8211; Adjointe au SCUS, Margot Givre &#8211; Stagiaire charg\u00e9e de la programmation, Evi Nomikou &#8211; Professeure oc\u00e9anographe \u00e0 l\u2019EKPA, C\u00e9cile Thomas-Courcoux &#8211; Mercator Ocean, N\u00e9ph\u00e9lie Muletier &#8211; Assistante au service de coop\u00e9ration universitaire et scientifique.<\/p>\n<p>&nbsp;<\/p>\n<p>&nbsp;<\/p>\n<p><img loading=\"lazy\" decoding=\"async\" class=\"alignnone size-full wp-image-65590\" src=\"https:\/\/www.ifg.gr\/wp-content\/uploads\/2025\/10\/FETE_SCIENCE_AFFICHE_CP.jpg\" alt=\"\" width=\"2083\" height=\"208\" srcset=\"https:\/\/www.ifg.gr\/wp-content\/uploads\/2025\/10\/FETE_SCIENCE_AFFICHE_CP.jpg 2083w, https:\/\/www.ifg.gr\/wp-content\/uploads\/2025\/10\/FETE_SCIENCE_AFFICHE_CP-768x77.jpg 768w, https:\/\/www.ifg.gr\/wp-content\/uploads\/2025\/10\/FETE_SCIENCE_AFFICHE_CP-1536x153.jpg 1536w, https:\/\/www.ifg.gr\/wp-content\/uploads\/2025\/10\/FETE_SCIENCE_AFFICHE_CP-2048x205.jpg 2048w, https:\/\/www.ifg.gr\/wp-content\/uploads\/2025\/10\/FETE_SCIENCE_AFFICHE_CP-1920x192.jpg 1920w, https:\/\/www.ifg.gr\/wp-content\/uploads\/2025\/10\/FETE_SCIENCE_AFFICHE_CP-1302x130.jpg 1302w\" sizes=\"auto, (max-width: 2083px) 100vw, 2083px\" \/><\/p>\n<p><img loading=\"lazy\" decoding=\"async\" class=\"alignnone size-full wp-image-65592\" src=\"https:\/\/www.ifg.gr\/wp-content\/uploads\/2025\/10\/FETE_SCIENCE_AFFICHE_CP2.jpg\" alt=\"\" width=\"2083\" height=\"208\" srcset=\"https:\/\/www.ifg.gr\/wp-content\/uploads\/2025\/10\/FETE_SCIENCE_AFFICHE_CP2.jpg 2083w, https:\/\/www.ifg.gr\/wp-content\/uploads\/2025\/10\/FETE_SCIENCE_AFFICHE_CP2-768x77.jpg 768w, https:\/\/www.ifg.gr\/wp-content\/uploads\/2025\/10\/FETE_SCIENCE_AFFICHE_CP2-1536x153.jpg 1536w, https:\/\/www.ifg.gr\/wp-content\/uploads\/2025\/10\/FETE_SCIENCE_AFFICHE_CP2-2048x205.jpg 2048w, https:\/\/www.ifg.gr\/wp-content\/uploads\/2025\/10\/FETE_SCIENCE_AFFICHE_CP2-1920x192.jpg 1920w, https:\/\/www.ifg.gr\/wp-content\/uploads\/2025\/10\/FETE_SCIENCE_AFFICHE_CP2-1302x130.jpg 1302w\" sizes=\"auto, (max-width: 2083px) 100vw, 2083px\" \/><\/p>\n","protected":false},"excerpt":{"rendered":"<p>Une c\u00e9l\u00e9bration de la science et de l\u2019oc\u00e9an comprenant conf\u00e9rences, concerts, projections, d\u00e9bats, visites guid\u00e9es, hackathon et ateliers scolaires \u00e0 Ath\u00e8nes !<\/p>\n","protected":false},"author":18,"featured_media":65502,"template":"","tags":[1990,1989,1552,1553],"event_category":[875],"event_group":[],"class_list":["post-65510","event","type-event","status-publish","has-post-thumbnail","hentry","tag-okeanos-fr","tag-ocean-fr","tag-fete-de-la-science-fr","tag-giorti-tis-epistimis-fr","event_category-debat-didees-et-sciences"],"acf":{"sponsors_default":false,"info_title":"","info_text":"","date_range":{"start":"10\/11\/2025","end":"27\/11\/2025","cancelled":false,"note":"","start_time":"","end_time":""},"details":{"location":"<p>Ath\u00e8nes<\/p>\n","hyperlink1a":{"text":"","link":""},"price":"","hyperlink2a":{"text":"","link":""},"online_event":false,"live_streaming":true,"live_streaming_code":"<style>\r\n  .embed-container {\r\n    position: relative;\r\n    width: 100%;\r\n    aspect-ratio: 16\/9; \r\n  }\r\n\r\n  .embed-container iframe {\r\n    position: absolute;\r\n    top: 0; left: 0;\r\n    width: 100%; height: 100%;\r\n    border: 0;\r\n  }\r\n\r\n  @media (max-width: 768px) {\r\n    .embed-container {\r\n      aspect-ratio: auto;\r\n      height: 100vh; \r\n    }\r\n    .embed-container iframe {\r\n      position: relative;\r\n    }\r\n  }\r\n<\/style>\r\n\r\n<div class=\"embed-container\">\r\n  <iframe \r\n    src=\"https:\/\/new.diavlos.grnet.gr\/en\/embed\/room\/6541\/event\/6942?\" \r\n    scrolling=\"yes\"\r\n    allowfullscreen>\r\n  <\/iframe>\r\n<\/div>","facebook_url":"https:\/\/www.facebook.com\/events\/1654681572604684\/","hyperlink":{"text":"","link":""},"hyperlink2":{"text":"","link":""},"hyperlink3":{"text":"","link":""},"press_release":false},"featured_image_credits":"","home_slider_image":{"ID":65504,"id":65504,"title":"FETE_SCIENCE_2025 _ 1300x768","filename":"FETE_SCIENCE_2025-_-1300x768-1.jpg","filesize":884865,"url":"https:\/\/www.ifg.gr\/wp-content\/uploads\/2025\/10\/FETE_SCIENCE_2025-_-1300x768-1.jpg","link":"https:\/\/www.ifg.gr\/fr\/events\/fete-de-la-science-la-voix-de-l-ocean-2025\/fete_science_2025-_-1300x768-2\/","alt":"","author":"18","description":"","caption":"","name":"fete_science_2025-_-1300x768-2","status":"inherit","uploaded_to":65510,"date":"2025-10-13 14:28:00","modified":"2025-10-13 14:28:00","menu_order":0,"mime_type":"image\/jpeg","type":"image","subtype":"jpeg","icon":"https:\/\/www.ifg.gr\/wp-includes\/images\/media\/default.png","width":1806,"height":1067,"sizes":{"thumbnail":"https:\/\/www.ifg.gr\/wp-content\/uploads\/2025\/10\/FETE_SCIENCE_2025-_-1300x768-1.jpg","thumbnail-width":150,"thumbnail-height":89,"medium":"https:\/\/www.ifg.gr\/wp-content\/uploads\/2025\/10\/FETE_SCIENCE_2025-_-1300x768-1.jpg","medium-width":300,"medium-height":177,"medium_large":"https:\/\/www.ifg.gr\/wp-content\/uploads\/2025\/10\/FETE_SCIENCE_2025-_-1300x768-1-768x454.jpg","medium_large-width":640,"medium_large-height":378,"large":"https:\/\/www.ifg.gr\/wp-content\/uploads\/2025\/10\/FETE_SCIENCE_2025-_-1300x768-1.jpg","large-width":640,"large-height":378,"1536x1536":"https:\/\/www.ifg.gr\/wp-content\/uploads\/2025\/10\/FETE_SCIENCE_2025-_-1300x768-1-1536x907.jpg","1536x1536-width":1536,"1536x1536-height":907,"2048x2048":"https:\/\/www.ifg.gr\/wp-content\/uploads\/2025\/10\/FETE_SCIENCE_2025-_-1300x768-1.jpg","2048x2048-width":1806,"2048x2048-height":1067,"full-width":"https:\/\/www.ifg.gr\/wp-content\/uploads\/2025\/10\/FETE_SCIENCE_2025-_-1300x768-1.jpg","full-width-width":1806,"full-width-height":1067,"sidebar":"https:\/\/www.ifg.gr\/wp-content\/uploads\/2025\/10\/FETE_SCIENCE_2025-_-1300x768-1-1693x1000.jpg","sidebar-width":1693,"sidebar-height":1000,"thumb-sm":"https:\/\/www.ifg.gr\/wp-content\/uploads\/2025\/10\/FETE_SCIENCE_2025-_-1300x768-1-220x130.jpg","thumb-sm-width":220,"thumb-sm-height":130,"thumb-square":"https:\/\/www.ifg.gr\/wp-content\/uploads\/2025\/10\/FETE_SCIENCE_2025-_-1300x768-1-500x500.jpg","thumb-square-width":500,"thumb-square-height":500,"thumb-big":"https:\/\/www.ifg.gr\/wp-content\/uploads\/2025\/10\/FETE_SCIENCE_2025-_-1300x768-1-600x400.jpg","thumb-big-width":600,"thumb-big-height":400,"slider-big":"https:\/\/www.ifg.gr\/wp-content\/uploads\/2025\/10\/FETE_SCIENCE_2025-_-1300x768-1-1315x768.jpg","slider-big-width":1315,"slider-big-height":768}},"sponsors_group":false,"layout":false},"yoast_head":"<!-- This site is optimized with the Yoast SEO plugin v26.8 - https:\/\/yoast.com\/product\/yoast-seo-wordpress\/ -->\n<title>F\u00eate de la science : \u00ab La voix de l\u2019oc\u00e9an \u00bb<\/title>\n<meta name=\"description\" content=\"Une c\u00e9l\u00e9bration de la science et de l\u2019oc\u00e9an comprenant conf\u00e9rences, concerts, projections, d\u00e9bats, visites guid\u00e9es, hackathon et ateliers scolaires \u00e0 Ath\u00e8nes !\" \/>\n<meta name=\"robots\" content=\"index, follow, max-snippet:-1, max-image-preview:large, max-video-preview:-1\" \/>\n<link rel=\"canonical\" href=\"https:\/\/www.ifg.gr\/fr\/events\/fete-de-la-science-la-voix-de-l-ocean-2025\/\" \/>\n<meta property=\"og:locale\" content=\"fr_FR\" \/>\n<meta property=\"og:type\" content=\"article\" \/>\n<meta property=\"og:title\" content=\"F\u00eate de la science : \u00ab La voix de l\u2019oc\u00e9an \u00bb\" \/>\n<meta property=\"og:description\" content=\"Une c\u00e9l\u00e9bration de la science et de l\u2019oc\u00e9an comprenant conf\u00e9rences, concerts, projections, d\u00e9bats, visites guid\u00e9es, hackathon et ateliers scolaires \u00e0 Ath\u00e8nes !\" \/>\n<meta property=\"og:url\" content=\"https:\/\/www.ifg.gr\/fr\/events\/fete-de-la-science-la-voix-de-l-ocean-2025\/\" \/>\n<meta property=\"og:site_name\" content=\"IFG\" \/>\n<meta property=\"article:modified_time\" content=\"2025-11-06T15:22:09+00:00\" \/>\n<meta property=\"og:image\" content=\"https:\/\/www.ifg.gr\/wp-content\/uploads\/2025\/10\/FETE_SCIENCE_2025-_-1200x800-1.jpg\" \/>\n\t<meta property=\"og:image:width\" content=\"1667\" \/>\n\t<meta property=\"og:image:height\" content=\"1111\" \/>\n\t<meta property=\"og:image:type\" content=\"image\/jpeg\" \/>\n<meta name=\"twitter:card\" content=\"summary_large_image\" \/>\n<meta name=\"twitter:label1\" content=\"Dur\u00e9e de lecture estim\u00e9e\" \/>\n\t<meta name=\"twitter:data1\" content=\"13 minutes\" \/>\n<script type=\"application\/ld+json\" class=\"yoast-schema-graph\">{\"@context\":\"https:\/\/schema.org\",\"@graph\":[{\"@type\":\"WebPage\",\"@id\":\"https:\/\/www.ifg.gr\/fr\/events\/fete-de-la-science-la-voix-de-l-ocean-2025\/\",\"url\":\"https:\/\/www.ifg.gr\/fr\/events\/fete-de-la-science-la-voix-de-l-ocean-2025\/\",\"name\":\"F\u00eate de la science : \u00ab La voix de l\u2019oc\u00e9an \u00bb\",\"isPartOf\":{\"@id\":\"https:\/\/www.ifg.gr\/#website\"},\"primaryImageOfPage\":{\"@id\":\"https:\/\/www.ifg.gr\/fr\/events\/fete-de-la-science-la-voix-de-l-ocean-2025\/#primaryimage\"},\"image\":{\"@id\":\"https:\/\/www.ifg.gr\/fr\/events\/fete-de-la-science-la-voix-de-l-ocean-2025\/#primaryimage\"},\"thumbnailUrl\":\"https:\/\/www.ifg.gr\/wp-content\/uploads\/2025\/10\/FETE_SCIENCE_2025-_-1200x800-1.jpg\",\"datePublished\":\"2025-10-13T14:31:04+00:00\",\"dateModified\":\"2025-11-06T15:22:09+00:00\",\"description\":\"Une c\u00e9l\u00e9bration de la science et de l\u2019oc\u00e9an comprenant conf\u00e9rences, concerts, projections, d\u00e9bats, visites guid\u00e9es, hackathon et ateliers scolaires \u00e0 Ath\u00e8nes !\",\"breadcrumb\":{\"@id\":\"https:\/\/www.ifg.gr\/fr\/events\/fete-de-la-science-la-voix-de-l-ocean-2025\/#breadcrumb\"},\"inLanguage\":\"fr-FR\",\"potentialAction\":[{\"@type\":\"ReadAction\",\"target\":[\"https:\/\/www.ifg.gr\/fr\/events\/fete-de-la-science-la-voix-de-l-ocean-2025\/\"]}]},{\"@type\":\"ImageObject\",\"inLanguage\":\"fr-FR\",\"@id\":\"https:\/\/www.ifg.gr\/fr\/events\/fete-de-la-science-la-voix-de-l-ocean-2025\/#primaryimage\",\"url\":\"https:\/\/www.ifg.gr\/wp-content\/uploads\/2025\/10\/FETE_SCIENCE_2025-_-1200x800-1.jpg\",\"contentUrl\":\"https:\/\/www.ifg.gr\/wp-content\/uploads\/2025\/10\/FETE_SCIENCE_2025-_-1200x800-1.jpg\",\"width\":1667,\"height\":1111},{\"@type\":\"BreadcrumbList\",\"@id\":\"https:\/\/www.ifg.gr\/fr\/events\/fete-de-la-science-la-voix-de-l-ocean-2025\/#breadcrumb\",\"itemListElement\":[{\"@type\":\"ListItem\",\"position\":1,\"name\":\"Home\",\"item\":\"https:\/\/www.ifg.gr\/fr\/\"},{\"@type\":\"ListItem\",\"position\":2,\"name\":\"Events\",\"item\":\"https:\/\/www.ifg.gr\/events\/\"},{\"@type\":\"ListItem\",\"position\":3,\"name\":\"F\u00eate de la science : La voix de l\u2019oc\u00e9an\"}]},{\"@type\":\"WebSite\",\"@id\":\"https:\/\/www.ifg.gr\/#website\",\"url\":\"https:\/\/www.ifg.gr\/\",\"name\":\"IFG\",\"description\":\"\",\"potentialAction\":[{\"@type\":\"SearchAction\",\"target\":{\"@type\":\"EntryPoint\",\"urlTemplate\":\"https:\/\/www.ifg.gr\/?s={search_term_string}\"},\"query-input\":{\"@type\":\"PropertyValueSpecification\",\"valueRequired\":true,\"valueName\":\"search_term_string\"}}],\"inLanguage\":\"fr-FR\"}]}<\/script>\n<!-- \/ Yoast SEO plugin. -->","yoast_head_json":{"title":"F\u00eate de la science : \u00ab La voix de l\u2019oc\u00e9an \u00bb","description":"Une c\u00e9l\u00e9bration de la science et de l\u2019oc\u00e9an comprenant conf\u00e9rences, concerts, projections, d\u00e9bats, visites guid\u00e9es, hackathon et ateliers scolaires \u00e0 Ath\u00e8nes !","robots":{"index":"index","follow":"follow","max-snippet":"max-snippet:-1","max-image-preview":"max-image-preview:large","max-video-preview":"max-video-preview:-1"},"canonical":"https:\/\/www.ifg.gr\/fr\/events\/fete-de-la-science-la-voix-de-l-ocean-2025\/","og_locale":"fr_FR","og_type":"article","og_title":"F\u00eate de la science : \u00ab La voix de l\u2019oc\u00e9an \u00bb","og_description":"Une c\u00e9l\u00e9bration de la science et de l\u2019oc\u00e9an comprenant conf\u00e9rences, concerts, projections, d\u00e9bats, visites guid\u00e9es, hackathon et ateliers scolaires \u00e0 Ath\u00e8nes !","og_url":"https:\/\/www.ifg.gr\/fr\/events\/fete-de-la-science-la-voix-de-l-ocean-2025\/","og_site_name":"IFG","article_modified_time":"2025-11-06T15:22:09+00:00","og_image":[{"width":1667,"height":1111,"url":"https:\/\/www.ifg.gr\/wp-content\/uploads\/2025\/10\/FETE_SCIENCE_2025-_-1200x800-1.jpg","type":"image\/jpeg"}],"twitter_card":"summary_large_image","twitter_misc":{"Dur\u00e9e de lecture estim\u00e9e":"13 minutes"},"schema":{"@context":"https:\/\/schema.org","@graph":[{"@type":"WebPage","@id":"https:\/\/www.ifg.gr\/fr\/events\/fete-de-la-science-la-voix-de-l-ocean-2025\/","url":"https:\/\/www.ifg.gr\/fr\/events\/fete-de-la-science-la-voix-de-l-ocean-2025\/","name":"F\u00eate de la science : \u00ab La voix de l\u2019oc\u00e9an \u00bb","isPartOf":{"@id":"https:\/\/www.ifg.gr\/#website"},"primaryImageOfPage":{"@id":"https:\/\/www.ifg.gr\/fr\/events\/fete-de-la-science-la-voix-de-l-ocean-2025\/#primaryimage"},"image":{"@id":"https:\/\/www.ifg.gr\/fr\/events\/fete-de-la-science-la-voix-de-l-ocean-2025\/#primaryimage"},"thumbnailUrl":"https:\/\/www.ifg.gr\/wp-content\/uploads\/2025\/10\/FETE_SCIENCE_2025-_-1200x800-1.jpg","datePublished":"2025-10-13T14:31:04+00:00","dateModified":"2025-11-06T15:22:09+00:00","description":"Une c\u00e9l\u00e9bration de la science et de l\u2019oc\u00e9an comprenant conf\u00e9rences, concerts, projections, d\u00e9bats, visites guid\u00e9es, hackathon et ateliers scolaires \u00e0 Ath\u00e8nes !","breadcrumb":{"@id":"https:\/\/www.ifg.gr\/fr\/events\/fete-de-la-science-la-voix-de-l-ocean-2025\/#breadcrumb"},"inLanguage":"fr-FR","potentialAction":[{"@type":"ReadAction","target":["https:\/\/www.ifg.gr\/fr\/events\/fete-de-la-science-la-voix-de-l-ocean-2025\/"]}]},{"@type":"ImageObject","inLanguage":"fr-FR","@id":"https:\/\/www.ifg.gr\/fr\/events\/fete-de-la-science-la-voix-de-l-ocean-2025\/#primaryimage","url":"https:\/\/www.ifg.gr\/wp-content\/uploads\/2025\/10\/FETE_SCIENCE_2025-_-1200x800-1.jpg","contentUrl":"https:\/\/www.ifg.gr\/wp-content\/uploads\/2025\/10\/FETE_SCIENCE_2025-_-1200x800-1.jpg","width":1667,"height":1111},{"@type":"BreadcrumbList","@id":"https:\/\/www.ifg.gr\/fr\/events\/fete-de-la-science-la-voix-de-l-ocean-2025\/#breadcrumb","itemListElement":[{"@type":"ListItem","position":1,"name":"Home","item":"https:\/\/www.ifg.gr\/fr\/"},{"@type":"ListItem","position":2,"name":"Events","item":"https:\/\/www.ifg.gr\/events\/"},{"@type":"ListItem","position":3,"name":"F\u00eate de la science : La voix de l\u2019oc\u00e9an"}]},{"@type":"WebSite","@id":"https:\/\/www.ifg.gr\/#website","url":"https:\/\/www.ifg.gr\/","name":"IFG","description":"","potentialAction":[{"@type":"SearchAction","target":{"@type":"EntryPoint","urlTemplate":"https:\/\/www.ifg.gr\/?s={search_term_string}"},"query-input":{"@type":"PropertyValueSpecification","valueRequired":true,"valueName":"search_term_string"}}],"inLanguage":"fr-FR"}]}},"_links":{"self":[{"href":"https:\/\/www.ifg.gr\/fr\/wp-json\/wp\/v2\/event\/65510","targetHints":{"allow":["GET"]}}],"collection":[{"href":"https:\/\/www.ifg.gr\/fr\/wp-json\/wp\/v2\/event"}],"about":[{"href":"https:\/\/www.ifg.gr\/fr\/wp-json\/wp\/v2\/types\/event"}],"author":[{"embeddable":true,"href":"https:\/\/www.ifg.gr\/fr\/wp-json\/wp\/v2\/users\/18"}],"version-history":[{"count":40,"href":"https:\/\/www.ifg.gr\/fr\/wp-json\/wp\/v2\/event\/65510\/revisions"}],"predecessor-version":[{"id":65872,"href":"https:\/\/www.ifg.gr\/fr\/wp-json\/wp\/v2\/event\/65510\/revisions\/65872"}],"wp:featuredmedia":[{"embeddable":true,"href":"https:\/\/www.ifg.gr\/fr\/wp-json\/wp\/v2\/media\/65502"}],"wp:attachment":[{"href":"https:\/\/www.ifg.gr\/fr\/wp-json\/wp\/v2\/media?parent=65510"}],"wp:term":[{"taxonomy":"post_tag","embeddable":true,"href":"https:\/\/www.ifg.gr\/fr\/wp-json\/wp\/v2\/tags?post=65510"},{"taxonomy":"event_category","embeddable":true,"href":"https:\/\/www.ifg.gr\/fr\/wp-json\/wp\/v2\/event_category?post=65510"},{"taxonomy":"event_group","embeddable":true,"href":"https:\/\/www.ifg.gr\/fr\/wp-json\/wp\/v2\/event_group?post=65510"}],"curies":[{"name":"wp","href":"https:\/\/api.w.org\/{rel}","templated":true}]}}