{"id":65666,"date":"2025-10-22T11:31:40","date_gmt":"2025-10-22T08:31:40","guid":{"rendered":"https:\/\/www.ifg.gr\/events\/timitiki-ekdilosi-stefanos-trachanas-mathitis-kai-daskalos\/"},"modified":"2025-10-22T11:39:22","modified_gmt":"2025-10-22T08:39:22","slug":"evenement-commemoratif-stefanos-trachanas-eleve-et-maitre","status":"publish","type":"event","link":"https:\/\/www.ifg.gr\/fr\/events\/evenement-commemoratif-stefanos-trachanas-eleve-et-maitre\/","title":{"rendered":"L\u2019IFG soutient l&rsquo;\u00e9v\u00e9nement comm\u00e9moratif \u00ab Stefanos Trachan\u00e1s : L&rsquo;\u00e9l\u00e8ve et le ma\u00eetre \u00bb"},"content":{"rendered":"<h3>\u00e0 l&rsquo;occasion de l&rsquo;Ann\u00e9e internationale de la science de la technologie quantique<\/h3>\n<p>Les <strong><a href=\"https:\/\/cup.gr\/\" target=\"_blank\" rel=\"noopener\">\u00c9ditions Universitaires de Cr\u00e8te<\/a><\/strong> ont l\u2019honneur d\u2019organiser un \u00e9v\u00e9nement exceptionnel consacr\u00e9 \u00e0 <strong>St\u00e9phanos Trachanas<\/strong>, intitul\u00e9 \u00ab <strong>L\u2019\u00e9l\u00e8ve et le ma\u00eetre<\/strong> \u00bb.<\/p>\n<p>Cet <a href=\"https:\/\/cup.gr\/ekdiloseis\/timitiki-ekdilosi\/\" target=\"_blank\" rel=\"noopener\">\u00e9v\u00e9nement<\/a> rend hommage \u00e0 la contribution de M. Trachan\u00e1s \u00e0 la diffusion et \u00e0 l\u2019enseignement de la physique quantique en Gr\u00e8ce, ainsi qu\u2019\u00e0 la relation p\u00e9dagogique profonde et singuli\u00e8re qu\u2019il a su cultiver avec ses \u00e9tudiants \u2014 une relation qui caract\u00e9rise l\u2019ensemble de son parcours en tant qu\u2019enseignant, auteur et cr\u00e9ateur de cours en ligne.<\/p>\n<p>Depuis ses premiers pas \u00e0 l\u2019\u00c9cole polytechnique d\u2019Ath\u00e8nes, lorsqu\u2019il expliquait d\u00e9j\u00e0 des notions complexes \u00e0 ses camarades, jusqu\u2019\u00e0 la r\u00e9daction d\u2019ouvrages universitaires, la mise en ligne de cours sur la plateforme Mathesis, et la publication de livres destin\u00e9s aussi bien aux lyc\u00e9ens qu\u2019au grand public, St\u00e9phanos Trachanas a toujours \u00e9t\u00e9 un passeur de savoir, une v\u00e9ritable passerelle entre la connaissance et ceux qui la recherchent.<\/p>\n<p>\u25ba Intervenants<\/p>\n<p><strong>Giannis Iliopoulos<\/strong> \u2013 \u00ab A-t-on besoin de ma\u00eetres ? \u00bb<br \/>\nDirecteur de recherche \u00e9m\u00e9rite au Centre National de la Recherche Scientifique (CNRS), membre du laboratoire de physique th\u00e9orique de l\u2019\u00c9cole Normale Sup\u00e9rieure (Paris) et de l\u2019Acad\u00e9mie des sciences (France).<\/p>\n<p><strong>St\u00e9fanos Trachan\u00e1s<\/strong> \u2013 \u00ab Sur le chemin le moins emprunt\u00e9 \u00bb<br \/>\nConf\u00e9rence mettant en lumi\u00e8re \u00e0 la fois la dimension scientifique et p\u00e9dagogique de la physique quantique, \u00e0 travers le prisme particulier de la relation entre \u00e9l\u00e8ve et ma\u00eetre.<\/p>\n<p>\u25ba Mod\u00e9ration :<\/p>\n<p><strong>Ilias Maglinis<\/strong>, journaliste.<\/p>\n","protected":false},"excerpt":{"rendered":"<p>Un \u00e9v\u00e9nement que rend hommage \u00e0 la contribution de M. Trachan\u00e1s \u00e0 la diffusion et \u00e0 l\u2019enseignement de la physique quantique en Gr\u00e8ce, ainsi qu\u2019\u00e0 la relation p\u00e9dagogique profonde et singuli\u00e8re qu\u2019il a su cultiver avec ses \u00e9tudiants.<\/p>\n","protected":false},"author":18,"featured_media":65663,"template":"","tags":[1993,1991,1719,1214],"event_category":[875,870],"event_group":[],"class_list":["post-65666","event","type-event","status-publish","has-post-thumbnail","hentry","tag-quantique-fr","tag-kvantikes-epistimes-fr","tag-sciences-fr","tag-epistimi-fr","event_category-debat-didees-et-sciences","event_category-livre"],"acf":{"sponsors_default":false,"info_title":"","info_text":"","date_range":{"start":"08\/11\/2025","end":"","cancelled":false,"note":"","start_time":"18:30","end_time":""},"details":{"location":"<p>Auditorium Th\u00e9o Angelopoulos-\u0393\u03b1\u03bb\u03bb\u03b9\u03ba\u03cc \u0399\u03bd\u03c3\u03c4\u03b9\u03c4\u03bf\u03cd\u03c4\u03bf \u0395\u03bb\u03bb\u03ac\u03b4\u03bf\u03c2<\/p>\n","hyperlink1a":{"text":"","link":""},"price":"Entr\u00e9e libre. \u00c9v\u00e9nement en grec.","hyperlink2a":{"text":"","link":""},"online_event":false,"live_streaming":false,"live_streaming_code":"","facebook_url":"","hyperlink":{"text":"","link":""},"hyperlink2":{"text":"","link":""},"hyperlink3":{"text":"","link":""},"press_release":false},"featured_image_credits":"","home_slider_image":{"ID":65661,"id":65661,"title":"banner_TIMHTIKH_1300x768","filename":"banner_TIMHTIKH_1300x768.jpg","filesize":179692,"url":"https:\/\/www.ifg.gr\/wp-content\/uploads\/2025\/10\/banner_TIMHTIKH_1300x768.jpg","link":"https:\/\/www.ifg.gr\/fr\/events\/evenement-commemoratif-stefanos-trachanas-eleve-et-maitre\/banner_timhtikh_1300x768-2\/","alt":"","author":"18","description":"","caption":"","name":"banner_timhtikh_1300x768-2","status":"inherit","uploaded_to":65666,"date":"2025-10-22 08:17:19","modified":"2025-10-22 08:39:22","menu_order":0,"mime_type":"image\/jpeg","type":"image","subtype":"jpeg","icon":"https:\/\/www.ifg.gr\/wp-includes\/images\/media\/default.png","width":1300,"height":768,"sizes":{"thumbnail":"https:\/\/www.ifg.gr\/wp-content\/uploads\/2025\/10\/banner_TIMHTIKH_1300x768.jpg","thumbnail-width":150,"thumbnail-height":89,"medium":"https:\/\/www.ifg.gr\/wp-content\/uploads\/2025\/10\/banner_TIMHTIKH_1300x768.jpg","medium-width":300,"medium-height":177,"medium_large":"https:\/\/www.ifg.gr\/wp-content\/uploads\/2025\/10\/banner_TIMHTIKH_1300x768-768x454.jpg","medium_large-width":640,"medium_large-height":378,"large":"https:\/\/www.ifg.gr\/wp-content\/uploads\/2025\/10\/banner_TIMHTIKH_1300x768.jpg","large-width":640,"large-height":378,"1536x1536":"https:\/\/www.ifg.gr\/wp-content\/uploads\/2025\/10\/banner_TIMHTIKH_1300x768.jpg","1536x1536-width":1300,"1536x1536-height":768,"2048x2048":"https:\/\/www.ifg.gr\/wp-content\/uploads\/2025\/10\/banner_TIMHTIKH_1300x768.jpg","2048x2048-width":1300,"2048x2048-height":768,"full-width":"https:\/\/www.ifg.gr\/wp-content\/uploads\/2025\/10\/banner_TIMHTIKH_1300x768.jpg","full-width-width":1300,"full-width-height":768,"sidebar":"https:\/\/www.ifg.gr\/wp-content\/uploads\/2025\/10\/banner_TIMHTIKH_1300x768.jpg","sidebar-width":1300,"sidebar-height":768,"thumb-sm":"https:\/\/www.ifg.gr\/wp-content\/uploads\/2025\/10\/banner_TIMHTIKH_1300x768-220x130.jpg","thumb-sm-width":220,"thumb-sm-height":130,"thumb-square":"https:\/\/www.ifg.gr\/wp-content\/uploads\/2025\/10\/banner_TIMHTIKH_1300x768-500x500.jpg","thumb-square-width":500,"thumb-square-height":500,"thumb-big":"https:\/\/www.ifg.gr\/wp-content\/uploads\/2025\/10\/banner_TIMHTIKH_1300x768-600x400.jpg","thumb-big-width":600,"thumb-big-height":400,"slider-big":"https:\/\/www.ifg.gr\/wp-content\/uploads\/2025\/10\/banner_TIMHTIKH_1300x768.jpg","slider-big-width":1300,"slider-big-height":768}},"sponsors_group":false,"layout":false},"yoast_head":"<!-- This site is optimized with the Yoast SEO plugin v26.8 - https:\/\/yoast.com\/product\/yoast-seo-wordpress\/ -->\n<title>L\u2019IFG soutient l&#039;\u00e9v\u00e9nement comm\u00e9moratif \u00ab Stefanos Trachan\u00e1s : L&#039;\u00e9l\u00e8ve et le ma\u00eetre \u00bb<\/title>\n<meta name=\"description\" content=\"Un \u00e9v\u00e9nement que rend hommage \u00e0 la contribution de M. Trachan\u00e1s \u00e0 la diffusion et \u00e0 l\u2019enseignement de la physique quantique en Gr\u00e8ce, ainsi qu\u2019\u00e0 la relation p\u00e9dagogique profonde et singuli\u00e8re qu\u2019il a su cultiver avec ses \u00e9tudiants.\" \/>\n<meta name=\"robots\" content=\"index, follow, max-snippet:-1, max-image-preview:large, max-video-preview:-1\" \/>\n<link rel=\"canonical\" href=\"https:\/\/www.ifg.gr\/fr\/events\/evenement-commemoratif-stefanos-trachanas-eleve-et-maitre\/\" \/>\n<meta property=\"og:locale\" content=\"fr_FR\" \/>\n<meta property=\"og:type\" content=\"article\" \/>\n<meta property=\"og:title\" content=\"L\u2019IFG soutient l&#039;\u00e9v\u00e9nement comm\u00e9moratif \u00ab Stefanos Trachan\u00e1s : L&#039;\u00e9l\u00e8ve et le ma\u00eetre \u00bb\" \/>\n<meta property=\"og:description\" content=\"Un \u00e9v\u00e9nement que rend hommage \u00e0 la contribution de M. Trachan\u00e1s \u00e0 la diffusion et \u00e0 l\u2019enseignement de la physique quantique en Gr\u00e8ce, ainsi qu\u2019\u00e0 la relation p\u00e9dagogique profonde et singuli\u00e8re qu\u2019il a su cultiver avec ses \u00e9tudiants.\" \/>\n<meta property=\"og:url\" content=\"https:\/\/www.ifg.gr\/fr\/events\/evenement-commemoratif-stefanos-trachanas-eleve-et-maitre\/\" \/>\n<meta property=\"og:site_name\" content=\"IFG\" \/>\n<meta property=\"article:modified_time\" content=\"2025-10-22T08:39:22+00:00\" \/>\n<meta property=\"og:image\" content=\"https:\/\/www.ifg.gr\/wp-content\/uploads\/2025\/10\/banner_TIMHTIKH_1200x800.jpg\" \/>\n\t<meta property=\"og:image:width\" content=\"1200\" \/>\n\t<meta property=\"og:image:height\" content=\"800\" \/>\n\t<meta property=\"og:image:type\" content=\"image\/jpeg\" \/>\n<meta name=\"twitter:card\" content=\"summary_large_image\" \/>\n<meta name=\"twitter:label1\" content=\"Dur\u00e9e de lecture estim\u00e9e\" \/>\n\t<meta name=\"twitter:data1\" content=\"2 minutes\" \/>\n<script type=\"application\/ld+json\" class=\"yoast-schema-graph\">{\"@context\":\"https:\/\/schema.org\",\"@graph\":[{\"@type\":\"WebPage\",\"@id\":\"https:\/\/www.ifg.gr\/fr\/events\/evenement-commemoratif-stefanos-trachanas-eleve-et-maitre\/\",\"url\":\"https:\/\/www.ifg.gr\/fr\/events\/evenement-commemoratif-stefanos-trachanas-eleve-et-maitre\/\",\"name\":\"L\u2019IFG soutient l'\u00e9v\u00e9nement comm\u00e9moratif \u00ab Stefanos Trachan\u00e1s : L'\u00e9l\u00e8ve et le ma\u00eetre \u00bb\",\"isPartOf\":{\"@id\":\"https:\/\/www.ifg.gr\/#website\"},\"primaryImageOfPage\":{\"@id\":\"https:\/\/www.ifg.gr\/fr\/events\/evenement-commemoratif-stefanos-trachanas-eleve-et-maitre\/#primaryimage\"},\"image\":{\"@id\":\"https:\/\/www.ifg.gr\/fr\/events\/evenement-commemoratif-stefanos-trachanas-eleve-et-maitre\/#primaryimage\"},\"thumbnailUrl\":\"https:\/\/www.ifg.gr\/wp-content\/uploads\/2025\/10\/banner_TIMHTIKH_1200x800.jpg\",\"datePublished\":\"2025-10-22T08:31:40+00:00\",\"dateModified\":\"2025-10-22T08:39:22+00:00\",\"description\":\"Un \u00e9v\u00e9nement que rend hommage \u00e0 la contribution de M. Trachan\u00e1s \u00e0 la diffusion et \u00e0 l\u2019enseignement de la physique quantique en Gr\u00e8ce, ainsi qu\u2019\u00e0 la relation p\u00e9dagogique profonde et singuli\u00e8re qu\u2019il a su cultiver avec ses \u00e9tudiants.\",\"breadcrumb\":{\"@id\":\"https:\/\/www.ifg.gr\/fr\/events\/evenement-commemoratif-stefanos-trachanas-eleve-et-maitre\/#breadcrumb\"},\"inLanguage\":\"fr-FR\",\"potentialAction\":[{\"@type\":\"ReadAction\",\"target\":[\"https:\/\/www.ifg.gr\/fr\/events\/evenement-commemoratif-stefanos-trachanas-eleve-et-maitre\/\"]}]},{\"@type\":\"ImageObject\",\"inLanguage\":\"fr-FR\",\"@id\":\"https:\/\/www.ifg.gr\/fr\/events\/evenement-commemoratif-stefanos-trachanas-eleve-et-maitre\/#primaryimage\",\"url\":\"https:\/\/www.ifg.gr\/wp-content\/uploads\/2025\/10\/banner_TIMHTIKH_1200x800.jpg\",\"contentUrl\":\"https:\/\/www.ifg.gr\/wp-content\/uploads\/2025\/10\/banner_TIMHTIKH_1200x800.jpg\",\"width\":1200,\"height\":800},{\"@type\":\"BreadcrumbList\",\"@id\":\"https:\/\/www.ifg.gr\/fr\/events\/evenement-commemoratif-stefanos-trachanas-eleve-et-maitre\/#breadcrumb\",\"itemListElement\":[{\"@type\":\"ListItem\",\"position\":1,\"name\":\"Home\",\"item\":\"https:\/\/www.ifg.gr\/fr\/\"},{\"@type\":\"ListItem\",\"position\":2,\"name\":\"Events\",\"item\":\"https:\/\/www.ifg.gr\/events\/\"},{\"@type\":\"ListItem\",\"position\":3,\"name\":\"L\u2019IFG soutient l&#8217;\u00e9v\u00e9nement comm\u00e9moratif \u00ab Stefanos Trachan\u00e1s : L&#8217;\u00e9l\u00e8ve et le ma\u00eetre \u00bb\"}]},{\"@type\":\"WebSite\",\"@id\":\"https:\/\/www.ifg.gr\/#website\",\"url\":\"https:\/\/www.ifg.gr\/\",\"name\":\"IFG\",\"description\":\"\",\"potentialAction\":[{\"@type\":\"SearchAction\",\"target\":{\"@type\":\"EntryPoint\",\"urlTemplate\":\"https:\/\/www.ifg.gr\/?s={search_term_string}\"},\"query-input\":{\"@type\":\"PropertyValueSpecification\",\"valueRequired\":true,\"valueName\":\"search_term_string\"}}],\"inLanguage\":\"fr-FR\"}]}<\/script>\n<!-- \/ Yoast SEO plugin. -->","yoast_head_json":{"title":"L\u2019IFG soutient l'\u00e9v\u00e9nement comm\u00e9moratif \u00ab Stefanos Trachan\u00e1s : L'\u00e9l\u00e8ve et le ma\u00eetre \u00bb","description":"Un \u00e9v\u00e9nement que rend hommage \u00e0 la contribution de M. Trachan\u00e1s \u00e0 la diffusion et \u00e0 l\u2019enseignement de la physique quantique en Gr\u00e8ce, ainsi qu\u2019\u00e0 la relation p\u00e9dagogique profonde et singuli\u00e8re qu\u2019il a su cultiver avec ses \u00e9tudiants.","robots":{"index":"index","follow":"follow","max-snippet":"max-snippet:-1","max-image-preview":"max-image-preview:large","max-video-preview":"max-video-preview:-1"},"canonical":"https:\/\/www.ifg.gr\/fr\/events\/evenement-commemoratif-stefanos-trachanas-eleve-et-maitre\/","og_locale":"fr_FR","og_type":"article","og_title":"L\u2019IFG soutient l'\u00e9v\u00e9nement comm\u00e9moratif \u00ab Stefanos Trachan\u00e1s : L'\u00e9l\u00e8ve et le ma\u00eetre \u00bb","og_description":"Un \u00e9v\u00e9nement que rend hommage \u00e0 la contribution de M. Trachan\u00e1s \u00e0 la diffusion et \u00e0 l\u2019enseignement de la physique quantique en Gr\u00e8ce, ainsi qu\u2019\u00e0 la relation p\u00e9dagogique profonde et singuli\u00e8re qu\u2019il a su cultiver avec ses \u00e9tudiants.","og_url":"https:\/\/www.ifg.gr\/fr\/events\/evenement-commemoratif-stefanos-trachanas-eleve-et-maitre\/","og_site_name":"IFG","article_modified_time":"2025-10-22T08:39:22+00:00","og_image":[{"width":1200,"height":800,"url":"https:\/\/www.ifg.gr\/wp-content\/uploads\/2025\/10\/banner_TIMHTIKH_1200x800.jpg","type":"image\/jpeg"}],"twitter_card":"summary_large_image","twitter_misc":{"Dur\u00e9e de lecture estim\u00e9e":"2 minutes"},"schema":{"@context":"https:\/\/schema.org","@graph":[{"@type":"WebPage","@id":"https:\/\/www.ifg.gr\/fr\/events\/evenement-commemoratif-stefanos-trachanas-eleve-et-maitre\/","url":"https:\/\/www.ifg.gr\/fr\/events\/evenement-commemoratif-stefanos-trachanas-eleve-et-maitre\/","name":"L\u2019IFG soutient l'\u00e9v\u00e9nement comm\u00e9moratif \u00ab Stefanos Trachan\u00e1s : L'\u00e9l\u00e8ve et le ma\u00eetre \u00bb","isPartOf":{"@id":"https:\/\/www.ifg.gr\/#website"},"primaryImageOfPage":{"@id":"https:\/\/www.ifg.gr\/fr\/events\/evenement-commemoratif-stefanos-trachanas-eleve-et-maitre\/#primaryimage"},"image":{"@id":"https:\/\/www.ifg.gr\/fr\/events\/evenement-commemoratif-stefanos-trachanas-eleve-et-maitre\/#primaryimage"},"thumbnailUrl":"https:\/\/www.ifg.gr\/wp-content\/uploads\/2025\/10\/banner_TIMHTIKH_1200x800.jpg","datePublished":"2025-10-22T08:31:40+00:00","dateModified":"2025-10-22T08:39:22+00:00","description":"Un \u00e9v\u00e9nement que rend hommage \u00e0 la contribution de M. Trachan\u00e1s \u00e0 la diffusion et \u00e0 l\u2019enseignement de la physique quantique en Gr\u00e8ce, ainsi qu\u2019\u00e0 la relation p\u00e9dagogique profonde et singuli\u00e8re qu\u2019il a su cultiver avec ses \u00e9tudiants.","breadcrumb":{"@id":"https:\/\/www.ifg.gr\/fr\/events\/evenement-commemoratif-stefanos-trachanas-eleve-et-maitre\/#breadcrumb"},"inLanguage":"fr-FR","potentialAction":[{"@type":"ReadAction","target":["https:\/\/www.ifg.gr\/fr\/events\/evenement-commemoratif-stefanos-trachanas-eleve-et-maitre\/"]}]},{"@type":"ImageObject","inLanguage":"fr-FR","@id":"https:\/\/www.ifg.gr\/fr\/events\/evenement-commemoratif-stefanos-trachanas-eleve-et-maitre\/#primaryimage","url":"https:\/\/www.ifg.gr\/wp-content\/uploads\/2025\/10\/banner_TIMHTIKH_1200x800.jpg","contentUrl":"https:\/\/www.ifg.gr\/wp-content\/uploads\/2025\/10\/banner_TIMHTIKH_1200x800.jpg","width":1200,"height":800},{"@type":"BreadcrumbList","@id":"https:\/\/www.ifg.gr\/fr\/events\/evenement-commemoratif-stefanos-trachanas-eleve-et-maitre\/#breadcrumb","itemListElement":[{"@type":"ListItem","position":1,"name":"Home","item":"https:\/\/www.ifg.gr\/fr\/"},{"@type":"ListItem","position":2,"name":"Events","item":"https:\/\/www.ifg.gr\/events\/"},{"@type":"ListItem","position":3,"name":"L\u2019IFG soutient l&#8217;\u00e9v\u00e9nement comm\u00e9moratif \u00ab Stefanos Trachan\u00e1s : L&#8217;\u00e9l\u00e8ve et le ma\u00eetre \u00bb"}]},{"@type":"WebSite","@id":"https:\/\/www.ifg.gr\/#website","url":"https:\/\/www.ifg.gr\/","name":"IFG","description":"","potentialAction":[{"@type":"SearchAction","target":{"@type":"EntryPoint","urlTemplate":"https:\/\/www.ifg.gr\/?s={search_term_string}"},"query-input":{"@type":"PropertyValueSpecification","valueRequired":true,"valueName":"search_term_string"}}],"inLanguage":"fr-FR"}]}},"_links":{"self":[{"href":"https:\/\/www.ifg.gr\/fr\/wp-json\/wp\/v2\/event\/65666","targetHints":{"allow":["GET"]}}],"collection":[{"href":"https:\/\/www.ifg.gr\/fr\/wp-json\/wp\/v2\/event"}],"about":[{"href":"https:\/\/www.ifg.gr\/fr\/wp-json\/wp\/v2\/types\/event"}],"author":[{"embeddable":true,"href":"https:\/\/www.ifg.gr\/fr\/wp-json\/wp\/v2\/users\/18"}],"version-history":[{"count":2,"href":"https:\/\/www.ifg.gr\/fr\/wp-json\/wp\/v2\/event\/65666\/revisions"}],"predecessor-version":[{"id":65671,"href":"https:\/\/www.ifg.gr\/fr\/wp-json\/wp\/v2\/event\/65666\/revisions\/65671"}],"wp:featuredmedia":[{"embeddable":true,"href":"https:\/\/www.ifg.gr\/fr\/wp-json\/wp\/v2\/media\/65663"}],"wp:attachment":[{"href":"https:\/\/www.ifg.gr\/fr\/wp-json\/wp\/v2\/media?parent=65666"}],"wp:term":[{"taxonomy":"post_tag","embeddable":true,"href":"https:\/\/www.ifg.gr\/fr\/wp-json\/wp\/v2\/tags?post=65666"},{"taxonomy":"event_category","embeddable":true,"href":"https:\/\/www.ifg.gr\/fr\/wp-json\/wp\/v2\/event_category?post=65666"},{"taxonomy":"event_group","embeddable":true,"href":"https:\/\/www.ifg.gr\/fr\/wp-json\/wp\/v2\/event_group?post=65666"}],"curies":[{"name":"wp","href":"https:\/\/api.w.org\/{rel}","templated":true}]}}