{"id":66652,"date":"2026-01-21T15:40:24","date_gmt":"2026-01-21T13:40:24","guid":{"rendered":"https:\/\/www.ifg.gr\/events\/avant-premiere-tainias-to-tragoudi-tou-dasous\/"},"modified":"2026-01-22T16:09:40","modified_gmt":"2026-01-22T14:09:40","slug":"avant-premiere-documentaire-le-chant-des-forets","status":"publish","type":"event","link":"https:\/\/www.ifg.gr\/fr\/events\/avant-premiere-documentaire-le-chant-des-forets\/","title":{"rendered":"Avant-premi\u00e8re du documentaire \u00ab Le Chant des for\u00eats \u00bb, de Vincent Munier"},"content":{"rendered":"<p>L&rsquo;IFG en partenariat avec la soci\u00e9t\u00e9 de distribution de films <strong><a href=\"https:\/\/onefromtheheart.gr\/\" target=\"_blank\" rel=\"noopener\">One from the Heart<\/a><\/strong> et la <strong><a href=\"https:\/\/ornithologiki.gr\/el\/\" target=\"_blank\" rel=\"noopener\">Soci\u00e9t\u00e9 hell\u00e9nique pour l\u2019ornithologie<\/a> <\/strong>donnent l\u2019opportunit\u00e9 aux cin\u00e9philes et aux amoureux de la nature de d\u00e9couvrir le nouveau documentaire du grand r\u00e9alisateur et photographe animalier fran\u00e7ais,<strong> <a href=\"https:\/\/www.vincentmunier.com\/\" target=\"_blank\" rel=\"noopener\">Vincent Munier<\/a><\/strong>, \u00ab Le Chant des for\u00eats \u00bb, jeudi 29 janvier, \u00e0 18h30.<\/p>\n<p>Cette soir\u00e9e s\u2019inscrit dans le nouveau cycle annuel \u00ab\u00a0<a href=\"https:\/\/www.ifg.gr\/fr\/news\/rendez-vous-rue-sina\/\" target=\"_blank\" rel=\"noopener\"><strong>Rendez-vous Sina<\/strong><\/a>\u00a0\u00bb de l\u2019IFG.<\/p>\n<p>Ce film a \u00e9t\u00e9 nomin\u00e9 pour <strong>3 Prix Lumi\u00e8res<\/strong> -l\u2019\u00e9quivalent fran\u00e7ais des Golden Globes- remportant le prix de la meilleure musique et il est rest\u00e9 pendant 4 semaines dans le Top 5 du box-office fran\u00e7ais.<\/p>\n<p><strong>Synopsis<\/strong><\/p>\n<p><em>Vincent Munier et son p\u00e8re, Michel, partagent leur passion de la vie sauvage avec leur fils et petit-fils, Simon. Au c\u0153ur des Vosges, en France, ils observent le lynx, les cerfs, les chouettes et peut-\u00eatre le rare grand t\u00e9tras dans leur environnement naturel. Capturant la magie et le rythme envo\u00fbtant de ce milieu, ainsi que ses sons et les histoires racont\u00e9es \u00e0 la lueur des bougies, Munier offre un hommage brillant et lyrique au monde extraordinaire dans lequel nous vivons. Munier r\u00e9unit trois g\u00e9n\u00e9rations (grand-p\u00e8re, p\u00e8re, fils) dans un voyage initiatique pour nous guider \u00e0 travers un monde invisible : celui de la vie sauvage et de son cycle \u00e9ternel, nous invitant \u00e0 partager avec lui les \u00e9motions fortes qu\u2019il a ressenties pendant tant d\u2019ann\u00e9es pass\u00e9es dans la for\u00eat, ainsi que ses plus belles rencontres avec ses \u00ab cr\u00e9atures invisibles \u00bb.<br \/>\n<\/em><\/p>\n<p><strong>Bande annonce<\/strong><\/p>\n<p><iframe loading=\"lazy\" title=\"\u03a4\u039f \u03a4\u03a1\u0391\u0393\u039f\u03a5\u0394\u0399 \u03a4\u039f\u03a5 \u0394\u0391\u03a3\u039f\u03a5\u03a3 (LE CHANT DE FORETS - WHISPERS IN THE WOODS) Trailer \u0395\u03bb\u03bb\u03b7\u03bd\u03b9\u03ba\u03bf\u03af \u03a5\u03c0\u03cc\u03c4\u03b9\u03c4\u03bb\u03bf\u03b9\" width=\"640\" height=\"360\" src=\"https:\/\/www.youtube.com\/embed\/xEU1xDkA0aM?feature=oembed\" frameborder=\"0\" allow=\"accelerometer; autoplay; clipboard-write; encrypted-media; gyroscope; picture-in-picture; web-share\" referrerpolicy=\"strict-origin-when-cross-origin\" allowfullscreen><\/iframe><\/p>\n<p>Le film sortira en salles le 12 f\u00e9vrier, distribu\u00e9 en Gr\u00e8ce par One from the Heart.<\/p>\n<hr \/>\n<p><strong>Vincent Munier<\/strong>\u00a0est n\u00e9 \u00e0 \u00c9pinal, dans les Vosges, en 1976. Il est photographe animalier et r\u00e9alisateur prim\u00e9. Son film \u00ab Le L\u00e9opard des neiges \u00bb, co-r\u00e9alis\u00e9 avec Marie Amiguet, a \u00e9t\u00e9 pr\u00e9sent\u00e9 en avant-premi\u00e8re au Festival de Cannes et a remport\u00e9 le C\u00e9sar du meilleur documentaire. En Gr\u00e8ce, il a re\u00e7u le prix WWF au Festival du documentaire de Thessalonique. Parmi ses \u0153uvres les plus remarquables figurent ses photographies de loups arctiques et de panth\u00e8res des neiges.<\/p>\n<p>Pour Vincent Munier, \u00ab Le Chant de la for\u00eat \u00bb est une histoire sur la vie en alerte, sur la vie \u00e0 l\u2019aff\u00fbt. Comme autrefois, lors des soir\u00e9es autour du feu, les yeux grands ouverts et l\u2019imagination en \u00e9veil, nous \u00e9coutions des histoires pleines d\u2019aventures. Il nous emm\u00e8ne au c\u0153ur des for\u00eats, au myst\u00e8re de notre existence, gr\u00e2ce \u00e0 l\u2019homme capable d\u2019\u00e9veiller l\u2019\u00e9tincelle de merveilleux qui sommeille en chacun de nous. \u00bb<\/p>\n<p><img loading=\"lazy\" decoding=\"async\" class=\"alignnone size-full wp-image-66649\" src=\"https:\/\/www.ifg.gr\/wp-content\/uploads\/2026\/01\/Photo_-site_-texte-LeChantDesForets_-scaled.jpg\" alt=\"\" width=\"2560\" height=\"1707\" srcset=\"https:\/\/www.ifg.gr\/wp-content\/uploads\/2026\/01\/Photo_-site_-texte-LeChantDesForets_-scaled.jpg 2560w, https:\/\/www.ifg.gr\/wp-content\/uploads\/2026\/01\/Photo_-site_-texte-LeChantDesForets_-768x512.jpg 768w, https:\/\/www.ifg.gr\/wp-content\/uploads\/2026\/01\/Photo_-site_-texte-LeChantDesForets_-1536x1024.jpg 1536w, https:\/\/www.ifg.gr\/wp-content\/uploads\/2026\/01\/Photo_-site_-texte-LeChantDesForets_-2048x1366.jpg 2048w, https:\/\/www.ifg.gr\/wp-content\/uploads\/2026\/01\/Photo_-site_-texte-LeChantDesForets_-1920x1280.jpg 1920w, https:\/\/www.ifg.gr\/wp-content\/uploads\/2026\/01\/Photo_-site_-texte-LeChantDesForets_-1500x1000.jpg 1500w, https:\/\/www.ifg.gr\/wp-content\/uploads\/2026\/01\/Photo_-site_-texte-LeChantDesForets_-195x130.jpg 195w, https:\/\/www.ifg.gr\/wp-content\/uploads\/2026\/01\/Photo_-site_-texte-LeChantDesForets_-600x400.jpg 600w\" sizes=\"auto, (max-width: 2560px) 100vw, 2560px\" \/><\/p>\n<p><img loading=\"lazy\" decoding=\"async\" class=\"alignnone size-full wp-image-66647\" src=\"https:\/\/www.ifg.gr\/wp-content\/uploads\/2026\/01\/To-tragoudi-tou-dasous-Affiche-scaled.jpg\" alt=\"\" width=\"1792\" height=\"2560\" srcset=\"https:\/\/www.ifg.gr\/wp-content\/uploads\/2026\/01\/To-tragoudi-tou-dasous-Affiche-scaled.jpg 1792w, https:\/\/www.ifg.gr\/wp-content\/uploads\/2026\/01\/To-tragoudi-tou-dasous-Affiche-768x1097.jpg 768w, https:\/\/www.ifg.gr\/wp-content\/uploads\/2026\/01\/To-tragoudi-tou-dasous-Affiche-1075x1536.jpg 1075w, https:\/\/www.ifg.gr\/wp-content\/uploads\/2026\/01\/To-tragoudi-tou-dasous-Affiche-1433x2048.jpg 1433w, https:\/\/www.ifg.gr\/wp-content\/uploads\/2026\/01\/To-tragoudi-tou-dasous-Affiche-1920x2744.jpg 1920w, https:\/\/www.ifg.gr\/wp-content\/uploads\/2026\/01\/To-tragoudi-tou-dasous-Affiche-700x1000.jpg 700w, https:\/\/www.ifg.gr\/wp-content\/uploads\/2026\/01\/To-tragoudi-tou-dasous-Affiche-91x130.jpg 91w\" sizes=\"auto, (max-width: 1792px) 100vw, 1792px\" \/><\/p>\n","protected":false},"excerpt":{"rendered":"<p>Pour les cin\u00e9philes et amoureux de la nature: d\u00e9couvrez le nouveau documentaire du grand r\u00e9alisateur et photographe animalier fran\u00e7ais, Vincent Munier !<\/p>\n","protected":false},"author":18,"featured_media":66630,"template":"","tags":[1767,1428,1075,997],"event_category":[874],"event_group":[2010],"class_list":["post-66652","event","type-event","status-publish","has-post-thumbnail","hentry","tag-sinema-fr","tag-cinema","tag-documentaire","tag-ntokimanter-fr","event_category-cinema","event_group-rendez-vous-sina"],"acf":{"sponsors_default":false,"info_title":"","info_text":"","date_range":{"start":"29\/01\/2026","end":"","cancelled":false,"note":"","start_time":"18:30","end_time":""},"details":{"location":"<p>\u0391uditorium Theo Angelopoulos \u2013 Institut fran\u00e7ais de Gr\u00e8ce (Sina 31)<\/p>\n<p>Film pour enfants (\u00e0 partir de 10 ans) et adultes <\/p>\n<p>\ud83e\udd1d En partenariat avec la soci\u00e9t\u00e9 de distribution de films One from the Heart et la Soci\u00e9t\u00e9 hell\u00e9nique pour l\u2019ornithologie<\/p>\n","hyperlink1a":{"text":"","link":""},"price":"Entr\u00e9e libre \/ Film en fran\u00e7ais sous-titr\u00e9 en grec","hyperlink2a":{"text":"","link":""},"online_event":false,"live_streaming":false,"live_streaming_code":"","facebook_url":"","hyperlink":{"text":"","link":""},"hyperlink2":{"text":"","link":""},"hyperlink3":{"text":"","link":""},"press_release":false},"featured_image_credits":"","home_slider_image":{"ID":66632,"id":66632,"title":"FORETS__RENDEZ VOUS SINA_1300x768","filename":"FORETS__RENDEZ-VOUS-SINA_1300x768.jpg","filesize":1407575,"url":"https:\/\/www.ifg.gr\/wp-content\/uploads\/2026\/01\/FORETS__RENDEZ-VOUS-SINA_1300x768.jpg","link":"https:\/\/www.ifg.gr\/fr\/events\/avant-premiere-documentaire-le-chant-des-forets\/forets__rendez-vous-sina_1300x768-2\/","alt":"","author":"18","description":"","caption":"","name":"forets__rendez-vous-sina_1300x768-2","status":"inherit","uploaded_to":66652,"date":"2026-01-21 12:41:09","modified":"2026-01-21 12:41:09","menu_order":0,"mime_type":"image\/jpeg","type":"image","subtype":"jpeg","icon":"https:\/\/www.ifg.gr\/wp-includes\/images\/media\/default.png","width":1806,"height":1067,"sizes":{"thumbnail":"https:\/\/www.ifg.gr\/wp-content\/uploads\/2026\/01\/FORETS__RENDEZ-VOUS-SINA_1300x768.jpg","thumbnail-width":150,"thumbnail-height":89,"medium":"https:\/\/www.ifg.gr\/wp-content\/uploads\/2026\/01\/FORETS__RENDEZ-VOUS-SINA_1300x768.jpg","medium-width":300,"medium-height":177,"medium_large":"https:\/\/www.ifg.gr\/wp-content\/uploads\/2026\/01\/FORETS__RENDEZ-VOUS-SINA_1300x768-768x454.jpg","medium_large-width":640,"medium_large-height":378,"large":"https:\/\/www.ifg.gr\/wp-content\/uploads\/2026\/01\/FORETS__RENDEZ-VOUS-SINA_1300x768.jpg","large-width":640,"large-height":378,"1536x1536":"https:\/\/www.ifg.gr\/wp-content\/uploads\/2026\/01\/FORETS__RENDEZ-VOUS-SINA_1300x768-1536x907.jpg","1536x1536-width":1536,"1536x1536-height":907,"2048x2048":"https:\/\/www.ifg.gr\/wp-content\/uploads\/2026\/01\/FORETS__RENDEZ-VOUS-SINA_1300x768.jpg","2048x2048-width":1806,"2048x2048-height":1067,"full-width":"https:\/\/www.ifg.gr\/wp-content\/uploads\/2026\/01\/FORETS__RENDEZ-VOUS-SINA_1300x768.jpg","full-width-width":1806,"full-width-height":1067,"sidebar":"https:\/\/www.ifg.gr\/wp-content\/uploads\/2026\/01\/FORETS__RENDEZ-VOUS-SINA_1300x768-1693x1000.jpg","sidebar-width":1693,"sidebar-height":1000,"thumb-sm":"https:\/\/www.ifg.gr\/wp-content\/uploads\/2026\/01\/FORETS__RENDEZ-VOUS-SINA_1300x768-220x130.jpg","thumb-sm-width":220,"thumb-sm-height":130,"thumb-square":"https:\/\/www.ifg.gr\/wp-content\/uploads\/2026\/01\/FORETS__RENDEZ-VOUS-SINA_1300x768-500x500.jpg","thumb-square-width":500,"thumb-square-height":500,"thumb-big":"https:\/\/www.ifg.gr\/wp-content\/uploads\/2026\/01\/FORETS__RENDEZ-VOUS-SINA_1300x768-600x400.jpg","thumb-big-width":600,"thumb-big-height":400,"slider-big":"https:\/\/www.ifg.gr\/wp-content\/uploads\/2026\/01\/FORETS__RENDEZ-VOUS-SINA_1300x768-1315x768.jpg","slider-big-width":1315,"slider-big-height":768}},"sponsors_group":[{"group_title":"","banners":[{"image":{"ID":66659,"id":66659,"title":"LOGO BIG one from the heart","filename":"LOGO-BIG-one-from-the-heart-scaled.png","filesize":341377,"url":"https:\/\/www.ifg.gr\/wp-content\/uploads\/2026\/01\/LOGO-BIG-one-from-the-heart-scaled.png","link":"https:\/\/www.ifg.gr\/fr\/events\/avant-premiere-documentaire-le-chant-des-forets\/logo-big-one-from-the-heart\/","alt":"","author":"18","description":"","caption":"","name":"logo-big-one-from-the-heart","status":"inherit","uploaded_to":66652,"date":"2026-01-22 11:21:22","modified":"2026-01-22 11:21:22","menu_order":0,"mime_type":"image\/png","type":"image","subtype":"png","icon":"https:\/\/www.ifg.gr\/wp-includes\/images\/media\/default.png","width":2560,"height":471,"sizes":{"thumbnail":"https:\/\/www.ifg.gr\/wp-content\/uploads\/2026\/01\/LOGO-BIG-one-from-the-heart-scaled.png","thumbnail-width":150,"thumbnail-height":28,"medium":"https:\/\/www.ifg.gr\/wp-content\/uploads\/2026\/01\/LOGO-BIG-one-from-the-heart-scaled.png","medium-width":300,"medium-height":55,"medium_large":"https:\/\/www.ifg.gr\/wp-content\/uploads\/2026\/01\/LOGO-BIG-one-from-the-heart-768x141.png","medium_large-width":640,"medium_large-height":118,"large":"https:\/\/www.ifg.gr\/wp-content\/uploads\/2026\/01\/LOGO-BIG-one-from-the-heart-scaled.png","large-width":640,"large-height":118,"1536x1536":"https:\/\/www.ifg.gr\/wp-content\/uploads\/2026\/01\/LOGO-BIG-one-from-the-heart-1536x283.png","1536x1536-width":1536,"1536x1536-height":283,"2048x2048":"https:\/\/www.ifg.gr\/wp-content\/uploads\/2026\/01\/LOGO-BIG-one-from-the-heart-2048x377.png","2048x2048-width":2048,"2048x2048-height":377,"full-width":"https:\/\/www.ifg.gr\/wp-content\/uploads\/2026\/01\/LOGO-BIG-one-from-the-heart-1920x353.png","full-width-width":1920,"full-width-height":353,"sidebar":"https:\/\/www.ifg.gr\/wp-content\/uploads\/2026\/01\/LOGO-BIG-one-from-the-heart-5433x1000.png","sidebar-width":5433,"sidebar-height":1000,"thumb-sm":"https:\/\/www.ifg.gr\/wp-content\/uploads\/2026\/01\/LOGO-BIG-one-from-the-heart-706x130.png","thumb-sm-width":706,"thumb-sm-height":130,"thumb-square":"https:\/\/www.ifg.gr\/wp-content\/uploads\/2026\/01\/LOGO-BIG-one-from-the-heart-500x500.png","thumb-square-width":500,"thumb-square-height":500,"thumb-big":"https:\/\/www.ifg.gr\/wp-content\/uploads\/2026\/01\/LOGO-BIG-one-from-the-heart-600x400.png","thumb-big-width":600,"thumb-big-height":400,"slider-big":"https:\/\/www.ifg.gr\/wp-content\/uploads\/2026\/01\/LOGO-BIG-one-from-the-heart-1315x768.png","slider-big-width":1315,"slider-big-height":768}},"link":"http:\/\/onefromtheheart.gr\/"},{"image":{"ID":66661,"id":66661,"title":"HOS_logo_Greek","filename":"HOS_logo_Greek.jpg","filesize":1022056,"url":"https:\/\/www.ifg.gr\/wp-content\/uploads\/2026\/01\/HOS_logo_Greek.jpg","link":"https:\/\/www.ifg.gr\/fr\/events\/avant-premiere-documentaire-le-chant-des-forets\/hos_logo_greek\/","alt":"","author":"18","description":"","caption":"","name":"hos_logo_greek","status":"inherit","uploaded_to":66652,"date":"2026-01-22 11:22:05","modified":"2026-01-22 11:22:05","menu_order":0,"mime_type":"image\/jpeg","type":"image","subtype":"jpeg","icon":"https:\/\/www.ifg.gr\/wp-includes\/images\/media\/default.png","width":1957,"height":1051,"sizes":{"thumbnail":"https:\/\/www.ifg.gr\/wp-content\/uploads\/2026\/01\/HOS_logo_Greek.jpg","thumbnail-width":150,"thumbnail-height":81,"medium":"https:\/\/www.ifg.gr\/wp-content\/uploads\/2026\/01\/HOS_logo_Greek.jpg","medium-width":300,"medium-height":161,"medium_large":"https:\/\/www.ifg.gr\/wp-content\/uploads\/2026\/01\/HOS_logo_Greek-768x412.jpg","medium_large-width":640,"medium_large-height":343,"large":"https:\/\/www.ifg.gr\/wp-content\/uploads\/2026\/01\/HOS_logo_Greek.jpg","large-width":640,"large-height":344,"1536x1536":"https:\/\/www.ifg.gr\/wp-content\/uploads\/2026\/01\/HOS_logo_Greek-1536x825.jpg","1536x1536-width":1536,"1536x1536-height":825,"2048x2048":"https:\/\/www.ifg.gr\/wp-content\/uploads\/2026\/01\/HOS_logo_Greek.jpg","2048x2048-width":1957,"2048x2048-height":1051,"full-width":"https:\/\/www.ifg.gr\/wp-content\/uploads\/2026\/01\/HOS_logo_Greek-1920x1031.jpg","full-width-width":1920,"full-width-height":1031,"sidebar":"https:\/\/www.ifg.gr\/wp-content\/uploads\/2026\/01\/HOS_logo_Greek-1862x1000.jpg","sidebar-width":1862,"sidebar-height":1000,"thumb-sm":"https:\/\/www.ifg.gr\/wp-content\/uploads\/2026\/01\/HOS_logo_Greek-242x130.jpg","thumb-sm-width":242,"thumb-sm-height":130,"thumb-square":"https:\/\/www.ifg.gr\/wp-content\/uploads\/2026\/01\/HOS_logo_Greek-500x500.jpg","thumb-square-width":500,"thumb-square-height":500,"thumb-big":"https:\/\/www.ifg.gr\/wp-content\/uploads\/2026\/01\/HOS_logo_Greek-600x400.jpg","thumb-big-width":600,"thumb-big-height":400,"slider-big":"https:\/\/www.ifg.gr\/wp-content\/uploads\/2026\/01\/HOS_logo_Greek-1315x768.jpg","slider-big-width":1315,"slider-big-height":768}},"link":"https:\/\/ornithologiki.gr\/el\/"}]}],"layout":false},"yoast_head":"<!-- This site is optimized with the Yoast SEO plugin v26.8 - https:\/\/yoast.com\/product\/yoast-seo-wordpress\/ -->\n<title>Avant-premi\u00e8re du documentaire \u00ab Le Chant des for\u00eats \u00bb, de Vincent Munier<\/title>\n<meta name=\"description\" content=\"Pour les cin\u00e9philes et amoureux de la nature: d\u00e9couvrez le nouveau documentaire du grand r\u00e9alisateur et photographe animalier fran\u00e7ais, Vincent Munier !\" \/>\n<meta name=\"robots\" content=\"index, follow, max-snippet:-1, max-image-preview:large, max-video-preview:-1\" \/>\n<link rel=\"canonical\" href=\"https:\/\/www.ifg.gr\/fr\/events\/avant-premiere-documentaire-le-chant-des-forets\/\" \/>\n<meta property=\"og:locale\" content=\"fr_FR\" \/>\n<meta property=\"og:type\" content=\"article\" \/>\n<meta property=\"og:title\" content=\"Avant-premi\u00e8re du documentaire \u00ab Le Chant des for\u00eats \u00bb, de Vincent Munier\" \/>\n<meta property=\"og:description\" content=\"Pour les cin\u00e9philes et amoureux de la nature: d\u00e9couvrez le nouveau documentaire du grand r\u00e9alisateur et photographe animalier fran\u00e7ais, Vincent Munier !\" \/>\n<meta property=\"og:url\" content=\"https:\/\/www.ifg.gr\/fr\/events\/avant-premiere-documentaire-le-chant-des-forets\/\" \/>\n<meta property=\"og:site_name\" content=\"IFG\" \/>\n<meta property=\"article:modified_time\" content=\"2026-01-22T14:09:40+00:00\" \/>\n<meta property=\"og:image\" content=\"https:\/\/www.ifg.gr\/wp-content\/uploads\/2026\/01\/FORETS_RENDEZ-VOUS-SINA__1200X800.jpg\" \/>\n\t<meta property=\"og:image:width\" content=\"1667\" \/>\n\t<meta property=\"og:image:height\" content=\"1111\" \/>\n\t<meta property=\"og:image:type\" content=\"image\/jpeg\" \/>\n<meta name=\"twitter:card\" content=\"summary_large_image\" \/>\n<meta name=\"twitter:label1\" content=\"Dur\u00e9e de lecture estim\u00e9e\" \/>\n\t<meta name=\"twitter:data1\" content=\"3 minutes\" \/>\n<script type=\"application\/ld+json\" class=\"yoast-schema-graph\">{\"@context\":\"https:\/\/schema.org\",\"@graph\":[{\"@type\":\"WebPage\",\"@id\":\"https:\/\/www.ifg.gr\/fr\/events\/avant-premiere-documentaire-le-chant-des-forets\/\",\"url\":\"https:\/\/www.ifg.gr\/fr\/events\/avant-premiere-documentaire-le-chant-des-forets\/\",\"name\":\"Avant-premi\u00e8re du documentaire \u00ab Le Chant des for\u00eats \u00bb, de Vincent Munier\",\"isPartOf\":{\"@id\":\"https:\/\/www.ifg.gr\/#website\"},\"primaryImageOfPage\":{\"@id\":\"https:\/\/www.ifg.gr\/fr\/events\/avant-premiere-documentaire-le-chant-des-forets\/#primaryimage\"},\"image\":{\"@id\":\"https:\/\/www.ifg.gr\/fr\/events\/avant-premiere-documentaire-le-chant-des-forets\/#primaryimage\"},\"thumbnailUrl\":\"https:\/\/www.ifg.gr\/wp-content\/uploads\/2026\/01\/FORETS_RENDEZ-VOUS-SINA__1200X800.jpg\",\"datePublished\":\"2026-01-21T13:40:24+00:00\",\"dateModified\":\"2026-01-22T14:09:40+00:00\",\"description\":\"Pour les cin\u00e9philes et amoureux de la nature: d\u00e9couvrez le nouveau documentaire du grand r\u00e9alisateur et photographe animalier fran\u00e7ais, Vincent Munier !\",\"breadcrumb\":{\"@id\":\"https:\/\/www.ifg.gr\/fr\/events\/avant-premiere-documentaire-le-chant-des-forets\/#breadcrumb\"},\"inLanguage\":\"fr-FR\",\"potentialAction\":[{\"@type\":\"ReadAction\",\"target\":[\"https:\/\/www.ifg.gr\/fr\/events\/avant-premiere-documentaire-le-chant-des-forets\/\"]}]},{\"@type\":\"ImageObject\",\"inLanguage\":\"fr-FR\",\"@id\":\"https:\/\/www.ifg.gr\/fr\/events\/avant-premiere-documentaire-le-chant-des-forets\/#primaryimage\",\"url\":\"https:\/\/www.ifg.gr\/wp-content\/uploads\/2026\/01\/FORETS_RENDEZ-VOUS-SINA__1200X800.jpg\",\"contentUrl\":\"https:\/\/www.ifg.gr\/wp-content\/uploads\/2026\/01\/FORETS_RENDEZ-VOUS-SINA__1200X800.jpg\",\"width\":1667,\"height\":1111},{\"@type\":\"BreadcrumbList\",\"@id\":\"https:\/\/www.ifg.gr\/fr\/events\/avant-premiere-documentaire-le-chant-des-forets\/#breadcrumb\",\"itemListElement\":[{\"@type\":\"ListItem\",\"position\":1,\"name\":\"Home\",\"item\":\"https:\/\/www.ifg.gr\/fr\/\"},{\"@type\":\"ListItem\",\"position\":2,\"name\":\"Events\",\"item\":\"https:\/\/www.ifg.gr\/events\/\"},{\"@type\":\"ListItem\",\"position\":3,\"name\":\"Avant-premi\u00e8re du documentaire \u00ab Le Chant des for\u00eats \u00bb, de Vincent Munier\"}]},{\"@type\":\"WebSite\",\"@id\":\"https:\/\/www.ifg.gr\/#website\",\"url\":\"https:\/\/www.ifg.gr\/\",\"name\":\"IFG\",\"description\":\"\",\"potentialAction\":[{\"@type\":\"SearchAction\",\"target\":{\"@type\":\"EntryPoint\",\"urlTemplate\":\"https:\/\/www.ifg.gr\/?s={search_term_string}\"},\"query-input\":{\"@type\":\"PropertyValueSpecification\",\"valueRequired\":true,\"valueName\":\"search_term_string\"}}],\"inLanguage\":\"fr-FR\"}]}<\/script>\n<!-- \/ Yoast SEO plugin. -->","yoast_head_json":{"title":"Avant-premi\u00e8re du documentaire \u00ab Le Chant des for\u00eats \u00bb, de Vincent Munier","description":"Pour les cin\u00e9philes et amoureux de la nature: d\u00e9couvrez le nouveau documentaire du grand r\u00e9alisateur et photographe animalier fran\u00e7ais, Vincent Munier !","robots":{"index":"index","follow":"follow","max-snippet":"max-snippet:-1","max-image-preview":"max-image-preview:large","max-video-preview":"max-video-preview:-1"},"canonical":"https:\/\/www.ifg.gr\/fr\/events\/avant-premiere-documentaire-le-chant-des-forets\/","og_locale":"fr_FR","og_type":"article","og_title":"Avant-premi\u00e8re du documentaire \u00ab Le Chant des for\u00eats \u00bb, de Vincent Munier","og_description":"Pour les cin\u00e9philes et amoureux de la nature: d\u00e9couvrez le nouveau documentaire du grand r\u00e9alisateur et photographe animalier fran\u00e7ais, Vincent Munier !","og_url":"https:\/\/www.ifg.gr\/fr\/events\/avant-premiere-documentaire-le-chant-des-forets\/","og_site_name":"IFG","article_modified_time":"2026-01-22T14:09:40+00:00","og_image":[{"width":1667,"height":1111,"url":"https:\/\/www.ifg.gr\/wp-content\/uploads\/2026\/01\/FORETS_RENDEZ-VOUS-SINA__1200X800.jpg","type":"image\/jpeg"}],"twitter_card":"summary_large_image","twitter_misc":{"Dur\u00e9e de lecture estim\u00e9e":"3 minutes"},"schema":{"@context":"https:\/\/schema.org","@graph":[{"@type":"WebPage","@id":"https:\/\/www.ifg.gr\/fr\/events\/avant-premiere-documentaire-le-chant-des-forets\/","url":"https:\/\/www.ifg.gr\/fr\/events\/avant-premiere-documentaire-le-chant-des-forets\/","name":"Avant-premi\u00e8re du documentaire \u00ab Le Chant des for\u00eats \u00bb, de Vincent Munier","isPartOf":{"@id":"https:\/\/www.ifg.gr\/#website"},"primaryImageOfPage":{"@id":"https:\/\/www.ifg.gr\/fr\/events\/avant-premiere-documentaire-le-chant-des-forets\/#primaryimage"},"image":{"@id":"https:\/\/www.ifg.gr\/fr\/events\/avant-premiere-documentaire-le-chant-des-forets\/#primaryimage"},"thumbnailUrl":"https:\/\/www.ifg.gr\/wp-content\/uploads\/2026\/01\/FORETS_RENDEZ-VOUS-SINA__1200X800.jpg","datePublished":"2026-01-21T13:40:24+00:00","dateModified":"2026-01-22T14:09:40+00:00","description":"Pour les cin\u00e9philes et amoureux de la nature: d\u00e9couvrez le nouveau documentaire du grand r\u00e9alisateur et photographe animalier fran\u00e7ais, Vincent Munier !","breadcrumb":{"@id":"https:\/\/www.ifg.gr\/fr\/events\/avant-premiere-documentaire-le-chant-des-forets\/#breadcrumb"},"inLanguage":"fr-FR","potentialAction":[{"@type":"ReadAction","target":["https:\/\/www.ifg.gr\/fr\/events\/avant-premiere-documentaire-le-chant-des-forets\/"]}]},{"@type":"ImageObject","inLanguage":"fr-FR","@id":"https:\/\/www.ifg.gr\/fr\/events\/avant-premiere-documentaire-le-chant-des-forets\/#primaryimage","url":"https:\/\/www.ifg.gr\/wp-content\/uploads\/2026\/01\/FORETS_RENDEZ-VOUS-SINA__1200X800.jpg","contentUrl":"https:\/\/www.ifg.gr\/wp-content\/uploads\/2026\/01\/FORETS_RENDEZ-VOUS-SINA__1200X800.jpg","width":1667,"height":1111},{"@type":"BreadcrumbList","@id":"https:\/\/www.ifg.gr\/fr\/events\/avant-premiere-documentaire-le-chant-des-forets\/#breadcrumb","itemListElement":[{"@type":"ListItem","position":1,"name":"Home","item":"https:\/\/www.ifg.gr\/fr\/"},{"@type":"ListItem","position":2,"name":"Events","item":"https:\/\/www.ifg.gr\/events\/"},{"@type":"ListItem","position":3,"name":"Avant-premi\u00e8re du documentaire \u00ab Le Chant des for\u00eats \u00bb, de Vincent Munier"}]},{"@type":"WebSite","@id":"https:\/\/www.ifg.gr\/#website","url":"https:\/\/www.ifg.gr\/","name":"IFG","description":"","potentialAction":[{"@type":"SearchAction","target":{"@type":"EntryPoint","urlTemplate":"https:\/\/www.ifg.gr\/?s={search_term_string}"},"query-input":{"@type":"PropertyValueSpecification","valueRequired":true,"valueName":"search_term_string"}}],"inLanguage":"fr-FR"}]}},"_links":{"self":[{"href":"https:\/\/www.ifg.gr\/fr\/wp-json\/wp\/v2\/event\/66652","targetHints":{"allow":["GET"]}}],"collection":[{"href":"https:\/\/www.ifg.gr\/fr\/wp-json\/wp\/v2\/event"}],"about":[{"href":"https:\/\/www.ifg.gr\/fr\/wp-json\/wp\/v2\/types\/event"}],"author":[{"embeddable":true,"href":"https:\/\/www.ifg.gr\/fr\/wp-json\/wp\/v2\/users\/18"}],"version-history":[{"count":9,"href":"https:\/\/www.ifg.gr\/fr\/wp-json\/wp\/v2\/event\/66652\/revisions"}],"predecessor-version":[{"id":66676,"href":"https:\/\/www.ifg.gr\/fr\/wp-json\/wp\/v2\/event\/66652\/revisions\/66676"}],"wp:featuredmedia":[{"embeddable":true,"href":"https:\/\/www.ifg.gr\/fr\/wp-json\/wp\/v2\/media\/66630"}],"wp:attachment":[{"href":"https:\/\/www.ifg.gr\/fr\/wp-json\/wp\/v2\/media?parent=66652"}],"wp:term":[{"taxonomy":"post_tag","embeddable":true,"href":"https:\/\/www.ifg.gr\/fr\/wp-json\/wp\/v2\/tags?post=66652"},{"taxonomy":"event_category","embeddable":true,"href":"https:\/\/www.ifg.gr\/fr\/wp-json\/wp\/v2\/event_category?post=66652"},{"taxonomy":"event_group","embeddable":true,"href":"https:\/\/www.ifg.gr\/fr\/wp-json\/wp\/v2\/event_group?post=66652"}],"curies":[{"name":"wp","href":"https:\/\/api.w.org\/{rel}","templated":true}]}}