{"id":66768,"date":"2026-01-28T16:14:40","date_gmt":"2026-01-28T14:14:40","guid":{"rendered":"https:\/\/www.ifg.gr\/events\/6i-ellinogalliki-olympiaki-paraolympiaki-evdomada\/"},"modified":"2026-01-28T16:27:13","modified_gmt":"2026-01-28T14:27:13","slug":"6e-semaine-franco-hellenique-olympique-paralympique","status":"publish","type":"event","link":"https:\/\/www.ifg.gr\/fr\/events\/6e-semaine-franco-hellenique-olympique-paralympique\/","title":{"rendered":"6e Semaine Olympique et Paralympique franco-hell\u00e9nique"},"content":{"rendered":"<p>L\u2019Institut fran\u00e7ais de Gr\u00e8ce en collaboration avec le Comit\u00e9 Olympique Hell\u00e9nique, l\u2019Acad\u00e9mie Olympique Hell\u00e9nique et le Comit\u00e9 Paralympique Hell\u00e9nique organisent la <strong>Semaine Olympique et Paralympique 6\u00e8me \u00e9dition<\/strong>,<strong> du 2 au 6 f\u00e9vrier 2026<\/strong>, et invitent tous les jeunes de Gr\u00e8ce \u00e0 partager une passion commune : le sport et ses valeurs \u00e0 travers des dialogues avec des athl\u00e8tes olympiques et paralympiques.<\/p>\n<p>Ces rencontres avec des sportives et sportifs de haut niveau, Grecs et Fran\u00e7ais, vont nous inspirer et nous encourager.<\/p>\n<p>L\u2019an dernier, 13.000 \u00e9l\u00e8ves ont \u00e9t\u00e9 mobilis\u00e9s dans toute la Gr\u00e8ce. Cette semaine est une occasion unique de f\u00e9d\u00e9rer les \u00e9nergies, l\u2019engagement, la francophonie des acteurs sportifs ou \u00e9ducatifs et des \u00e9l\u00e8ves.<\/p>\n<p>Cette fois encore, nous vous emmenons \u00e0 la rencontre de personnalit\u00e9s d\u2019exception qui d\u00e9passent, par leur aventure humaine, le domaine du sport et de la performance.<\/p>\n<hr \/>\n<p>Du 2 au 6 f\u00e9vrier 2026, ne manquez pas ces rendez-vous autour d\u2019une passion commune avec des athl\u00e8tes inspirants avec lesquels vous pourrez dialoguer. Une magnifique et unique fa\u00e7on de partager les valeurs de l\u2019olympisme, en fran\u00e7ais et en grec. Les rencontres ont lieu <strong>par zoom<\/strong>, <strong>en grec<\/strong> <strong>et en fran\u00e7ais avec traduction cons\u00e9cutive<\/strong>.<\/p>\n<p><a href=\"https:\/\/www.ifg.gr\/wp-content\/uploads\/2026\/01\/Programme-6e-SOP-FR.pdf\" target=\"_blank\" rel=\"noopener\"><strong>Consultez le PROGRAMME<\/strong><\/a> <strong>et inscrivez &#8211; vous !<\/strong><\/p>\n<p><strong>COMMENT S&rsquo;INSCRIRE<\/strong> : Nous vous demandons de bien vouloir inscrire votre ou vos classes pour une ou plusieurs rencontres <span style=\"text-decoration: underline;\"><strong>gr\u00e2ce au lien indiqu\u00e9<\/strong><\/span> jusqu\u2019au <strong>jeudi 29 janvier 2026<\/strong>.\u00a0Copier-Coller le lien d\u2019inscription pour remplir le Google form. Nous vous adresserons ult\u00e9rieurement votre lien de connexion au webinaire.<\/p>\n<p><strong>Afin de bien pr\u00e9parer votre rencontre avec l\u2019athl\u00e8te, merci de nous envoyer par retour de mail les questions de votre classe <span style=\"text-decoration: underline;\">en fran\u00e7ais et en grec<\/span> avant le jeudi 29 janvier 2026 \u00e0 14h.<\/strong><\/p>\n<p>Toutes les classes du primaire, coll\u00e8ge, lyc\u00e9e peuvent participer. Chaque professeur, quelle que soit sa mati\u00e8re, peut inscrire ses \u00e9l\u00e8ves qui pr\u00e9pareront des questions.<\/p>\n<p>Nous encourageons les professeurs de fran\u00e7ais \u00e0 proposer des projets p\u00e9dagogiques avec leurs coll\u00e8gues d\u2019autres disciplines dans un esprit de transdisciplinarit\u00e9.<\/p>\n<p>Merci de votre participation et \u00e0 tr\u00e8s bient\u00f4t !<\/p>\n<p><img loading=\"lazy\" decoding=\"async\" class=\"alignnone wp-image-48035\" src=\"https:\/\/www.ifg.gr\/wp-content\/uploads\/2022\/12\/EnRouteVers2024_bandeau_SOP.jpg\" alt=\"\" width=\"1179\" height=\"147\" srcset=\"https:\/\/www.ifg.gr\/wp-content\/uploads\/2022\/12\/EnRouteVers2024_bandeau_SOP.jpg 1667w, https:\/\/www.ifg.gr\/wp-content\/uploads\/2022\/12\/EnRouteVers2024_bandeau_SOP-768x96.jpg 768w, https:\/\/www.ifg.gr\/wp-content\/uploads\/2022\/12\/EnRouteVers2024_bandeau_SOP-1536x192.jpg 1536w, https:\/\/www.ifg.gr\/wp-content\/uploads\/2022\/12\/EnRouteVers2024_bandeau_SOP-1042x130.jpg 1042w\" sizes=\"auto, (max-width: 1179px) 100vw, 1179px\" \/><\/p>\n","protected":false},"excerpt":{"rendered":"<p>Des rencontres en ligne, avec des sportifs de haut niveau, grecs et fran\u00e7ais, qui s&rsquo;adressent \u00e0 tous les jeunes de Gr\u00e8ce.<\/p>\n","protected":false},"author":18,"featured_media":61098,"template":"","tags":[1830,1595,1540,1472,1473,1040,1041,1042],"event_category":[876],"event_group":[],"class_list":["post-66768","event","type-event","status-publish","has-post-thumbnail","hentry","tag-jo-fr","tag-terre-de-jeux-fr","tag-jeux-paralympiques","tag-paraolympismos-fr","tag-paraolympiakoi-agones-fr","tag-olympiakoi-agones-fr","tag-olympismos-fr","tag-jeux-olympiques","event_category-sport"],"acf":{"sponsors_default":false,"info_title":"","info_text":"","date_range":{"start":"03\/02\/2026","end":"06\/02\/2026","cancelled":false,"note":"","start_time":"","end_time":""},"details":{"location":"<p>Les rencontres ont lieu par zoom.<\/p>\n","hyperlink1a":{"text":"","link":""},"price":"En grec et en fran\u00e7ais avec traduction simultan\u00e9e","hyperlink2a":{"text":"Consultez le programme","link":"https:\/\/www.ifg.gr\/wp-content\/uploads\/2026\/01\/Programme-6e-SOP-FR.pdf"},"online_event":false,"live_streaming":false,"live_streaming_code":"","facebook_url":"","hyperlink":{"text":"","link":""},"hyperlink2":{"text":"","link":""},"hyperlink3":{"text":"","link":""},"press_release":false},"featured_image_credits":"","home_slider_image":{"ID":61100,"id":61100,"title":"5E SEMAINE OLYMPIQUE ET PARALYMPIQUE 1300x768","filename":"5E-SEMAINE-OLYMPIQUE-ET-PARALYMPIQUE-1300x768-1.jpg","filesize":590706,"url":"https:\/\/www.ifg.gr\/wp-content\/uploads\/2025\/01\/5E-SEMAINE-OLYMPIQUE-ET-PARALYMPIQUE-1300x768-1.jpg","link":"https:\/\/www.ifg.gr\/fr\/events\/5-semaine-franco-hellenique-olympique-paralympique\/5e-semaine-olympique-et-paralympique-1300x768-2\/","alt":"","author":"18","description":"","caption":"","name":"5e-semaine-olympique-et-paralympique-1300x768-2","status":"inherit","uploaded_to":61102,"date":"2025-01-21 15:42:39","modified":"2025-01-21 15:42:39","menu_order":0,"mime_type":"image\/jpeg","type":"image","subtype":"jpeg","icon":"https:\/\/www.ifg.gr\/wp-includes\/images\/media\/default.png","width":1806,"height":1067,"sizes":{"thumbnail":"https:\/\/www.ifg.gr\/wp-content\/uploads\/2025\/01\/5E-SEMAINE-OLYMPIQUE-ET-PARALYMPIQUE-1300x768-1.jpg","thumbnail-width":150,"thumbnail-height":89,"medium":"https:\/\/www.ifg.gr\/wp-content\/uploads\/2025\/01\/5E-SEMAINE-OLYMPIQUE-ET-PARALYMPIQUE-1300x768-1.jpg","medium-width":300,"medium-height":177,"medium_large":"https:\/\/www.ifg.gr\/wp-content\/uploads\/2025\/01\/5E-SEMAINE-OLYMPIQUE-ET-PARALYMPIQUE-1300x768-1-768x454.jpg","medium_large-width":640,"medium_large-height":378,"large":"https:\/\/www.ifg.gr\/wp-content\/uploads\/2025\/01\/5E-SEMAINE-OLYMPIQUE-ET-PARALYMPIQUE-1300x768-1.jpg","large-width":640,"large-height":378,"1536x1536":"https:\/\/www.ifg.gr\/wp-content\/uploads\/2025\/01\/5E-SEMAINE-OLYMPIQUE-ET-PARALYMPIQUE-1300x768-1-1536x907.jpg","1536x1536-width":1536,"1536x1536-height":907,"2048x2048":"https:\/\/www.ifg.gr\/wp-content\/uploads\/2025\/01\/5E-SEMAINE-OLYMPIQUE-ET-PARALYMPIQUE-1300x768-1.jpg","2048x2048-width":1806,"2048x2048-height":1067,"full-width":"https:\/\/www.ifg.gr\/wp-content\/uploads\/2025\/01\/5E-SEMAINE-OLYMPIQUE-ET-PARALYMPIQUE-1300x768-1.jpg","full-width-width":1806,"full-width-height":1067,"sidebar":"https:\/\/www.ifg.gr\/wp-content\/uploads\/2025\/01\/5E-SEMAINE-OLYMPIQUE-ET-PARALYMPIQUE-1300x768-1-1693x1000.jpg","sidebar-width":1693,"sidebar-height":1000,"thumb-sm":"https:\/\/www.ifg.gr\/wp-content\/uploads\/2025\/01\/5E-SEMAINE-OLYMPIQUE-ET-PARALYMPIQUE-1300x768-1-220x130.jpg","thumb-sm-width":220,"thumb-sm-height":130,"thumb-square":"https:\/\/www.ifg.gr\/wp-content\/uploads\/2025\/01\/5E-SEMAINE-OLYMPIQUE-ET-PARALYMPIQUE-1300x768-1-500x500.jpg","thumb-square-width":500,"thumb-square-height":500,"thumb-big":"https:\/\/www.ifg.gr\/wp-content\/uploads\/2025\/01\/5E-SEMAINE-OLYMPIQUE-ET-PARALYMPIQUE-1300x768-1-600x400.jpg","thumb-big-width":600,"thumb-big-height":400,"slider-big":"https:\/\/www.ifg.gr\/wp-content\/uploads\/2025\/01\/5E-SEMAINE-OLYMPIQUE-ET-PARALYMPIQUE-1300x768-1-1315x768.jpg","slider-big-width":1315,"slider-big-height":768}},"sponsors_group":false,"layout":false},"yoast_head":"<!-- This site is optimized with the Yoast SEO plugin v26.8 - https:\/\/yoast.com\/product\/yoast-seo-wordpress\/ -->\n<title>6e Semaine Olympique et Paralympique franco-hell\u00e9nique<\/title>\n<meta name=\"description\" content=\"Des rencontres en ligne, avec des sportifs de haut niveau, grecs et fran\u00e7ais, qui s&#039;adressent \u00e0 tous les jeunes de Gr\u00e8ce.\" \/>\n<meta name=\"robots\" content=\"index, follow, max-snippet:-1, max-image-preview:large, max-video-preview:-1\" \/>\n<link rel=\"canonical\" href=\"https:\/\/www.ifg.gr\/fr\/events\/6e-semaine-franco-hellenique-olympique-paralympique\/\" \/>\n<meta property=\"og:locale\" content=\"fr_FR\" \/>\n<meta property=\"og:type\" content=\"article\" \/>\n<meta property=\"og:title\" content=\"6e Semaine Olympique et Paralympique franco-hell\u00e9nique\" \/>\n<meta property=\"og:description\" content=\"Des rencontres en ligne, avec des sportifs de haut niveau, grecs et fran\u00e7ais, qui s&#039;adressent \u00e0 tous les jeunes de Gr\u00e8ce.\" \/>\n<meta property=\"og:url\" content=\"https:\/\/www.ifg.gr\/fr\/events\/6e-semaine-franco-hellenique-olympique-paralympique\/\" \/>\n<meta property=\"og:site_name\" content=\"IFG\" \/>\n<meta property=\"article:modified_time\" content=\"2026-01-28T14:27:13+00:00\" \/>\n<meta property=\"og:image\" content=\"https:\/\/www.ifg.gr\/wp-content\/uploads\/2025\/01\/5E-SEMAINE-OLYMPIQUE-ET-PARALYMPIQUE-1200x800-1.jpg\" \/>\n\t<meta property=\"og:image:width\" content=\"1667\" \/>\n\t<meta property=\"og:image:height\" content=\"1111\" \/>\n\t<meta property=\"og:image:type\" content=\"image\/jpeg\" \/>\n<meta name=\"twitter:card\" content=\"summary_large_image\" \/>\n<meta name=\"twitter:label1\" content=\"Dur\u00e9e de lecture estim\u00e9e\" \/>\n\t<meta name=\"twitter:data1\" content=\"3 minutes\" \/>\n<script type=\"application\/ld+json\" class=\"yoast-schema-graph\">{\"@context\":\"https:\/\/schema.org\",\"@graph\":[{\"@type\":\"WebPage\",\"@id\":\"https:\/\/www.ifg.gr\/fr\/events\/6e-semaine-franco-hellenique-olympique-paralympique\/\",\"url\":\"https:\/\/www.ifg.gr\/fr\/events\/6e-semaine-franco-hellenique-olympique-paralympique\/\",\"name\":\"6e Semaine Olympique et Paralympique franco-hell\u00e9nique\",\"isPartOf\":{\"@id\":\"https:\/\/www.ifg.gr\/#website\"},\"primaryImageOfPage\":{\"@id\":\"https:\/\/www.ifg.gr\/fr\/events\/6e-semaine-franco-hellenique-olympique-paralympique\/#primaryimage\"},\"image\":{\"@id\":\"https:\/\/www.ifg.gr\/fr\/events\/6e-semaine-franco-hellenique-olympique-paralympique\/#primaryimage\"},\"thumbnailUrl\":\"https:\/\/www.ifg.gr\/wp-content\/uploads\/2025\/01\/5E-SEMAINE-OLYMPIQUE-ET-PARALYMPIQUE-1200x800-1.jpg\",\"datePublished\":\"2026-01-28T14:14:40+00:00\",\"dateModified\":\"2026-01-28T14:27:13+00:00\",\"description\":\"Des rencontres en ligne, avec des sportifs de haut niveau, grecs et fran\u00e7ais, qui s'adressent \u00e0 tous les jeunes de Gr\u00e8ce.\",\"breadcrumb\":{\"@id\":\"https:\/\/www.ifg.gr\/fr\/events\/6e-semaine-franco-hellenique-olympique-paralympique\/#breadcrumb\"},\"inLanguage\":\"fr-FR\",\"potentialAction\":[{\"@type\":\"ReadAction\",\"target\":[\"https:\/\/www.ifg.gr\/fr\/events\/6e-semaine-franco-hellenique-olympique-paralympique\/\"]}]},{\"@type\":\"ImageObject\",\"inLanguage\":\"fr-FR\",\"@id\":\"https:\/\/www.ifg.gr\/fr\/events\/6e-semaine-franco-hellenique-olympique-paralympique\/#primaryimage\",\"url\":\"https:\/\/www.ifg.gr\/wp-content\/uploads\/2025\/01\/5E-SEMAINE-OLYMPIQUE-ET-PARALYMPIQUE-1200x800-1.jpg\",\"contentUrl\":\"https:\/\/www.ifg.gr\/wp-content\/uploads\/2025\/01\/5E-SEMAINE-OLYMPIQUE-ET-PARALYMPIQUE-1200x800-1.jpg\",\"width\":1667,\"height\":1111},{\"@type\":\"BreadcrumbList\",\"@id\":\"https:\/\/www.ifg.gr\/fr\/events\/6e-semaine-franco-hellenique-olympique-paralympique\/#breadcrumb\",\"itemListElement\":[{\"@type\":\"ListItem\",\"position\":1,\"name\":\"Home\",\"item\":\"https:\/\/www.ifg.gr\/fr\/\"},{\"@type\":\"ListItem\",\"position\":2,\"name\":\"Events\",\"item\":\"https:\/\/www.ifg.gr\/events\/\"},{\"@type\":\"ListItem\",\"position\":3,\"name\":\"6e Semaine Olympique et Paralympique franco-hell\u00e9nique\"}]},{\"@type\":\"WebSite\",\"@id\":\"https:\/\/www.ifg.gr\/#website\",\"url\":\"https:\/\/www.ifg.gr\/\",\"name\":\"IFG\",\"description\":\"\",\"potentialAction\":[{\"@type\":\"SearchAction\",\"target\":{\"@type\":\"EntryPoint\",\"urlTemplate\":\"https:\/\/www.ifg.gr\/?s={search_term_string}\"},\"query-input\":{\"@type\":\"PropertyValueSpecification\",\"valueRequired\":true,\"valueName\":\"search_term_string\"}}],\"inLanguage\":\"fr-FR\"}]}<\/script>\n<!-- \/ Yoast SEO plugin. -->","yoast_head_json":{"title":"6e Semaine Olympique et Paralympique franco-hell\u00e9nique","description":"Des rencontres en ligne, avec des sportifs de haut niveau, grecs et fran\u00e7ais, qui s'adressent \u00e0 tous les jeunes de Gr\u00e8ce.","robots":{"index":"index","follow":"follow","max-snippet":"max-snippet:-1","max-image-preview":"max-image-preview:large","max-video-preview":"max-video-preview:-1"},"canonical":"https:\/\/www.ifg.gr\/fr\/events\/6e-semaine-franco-hellenique-olympique-paralympique\/","og_locale":"fr_FR","og_type":"article","og_title":"6e Semaine Olympique et Paralympique franco-hell\u00e9nique","og_description":"Des rencontres en ligne, avec des sportifs de haut niveau, grecs et fran\u00e7ais, qui s'adressent \u00e0 tous les jeunes de Gr\u00e8ce.","og_url":"https:\/\/www.ifg.gr\/fr\/events\/6e-semaine-franco-hellenique-olympique-paralympique\/","og_site_name":"IFG","article_modified_time":"2026-01-28T14:27:13+00:00","og_image":[{"width":1667,"height":1111,"url":"https:\/\/www.ifg.gr\/wp-content\/uploads\/2025\/01\/5E-SEMAINE-OLYMPIQUE-ET-PARALYMPIQUE-1200x800-1.jpg","type":"image\/jpeg"}],"twitter_card":"summary_large_image","twitter_misc":{"Dur\u00e9e de lecture estim\u00e9e":"3 minutes"},"schema":{"@context":"https:\/\/schema.org","@graph":[{"@type":"WebPage","@id":"https:\/\/www.ifg.gr\/fr\/events\/6e-semaine-franco-hellenique-olympique-paralympique\/","url":"https:\/\/www.ifg.gr\/fr\/events\/6e-semaine-franco-hellenique-olympique-paralympique\/","name":"6e Semaine Olympique et Paralympique franco-hell\u00e9nique","isPartOf":{"@id":"https:\/\/www.ifg.gr\/#website"},"primaryImageOfPage":{"@id":"https:\/\/www.ifg.gr\/fr\/events\/6e-semaine-franco-hellenique-olympique-paralympique\/#primaryimage"},"image":{"@id":"https:\/\/www.ifg.gr\/fr\/events\/6e-semaine-franco-hellenique-olympique-paralympique\/#primaryimage"},"thumbnailUrl":"https:\/\/www.ifg.gr\/wp-content\/uploads\/2025\/01\/5E-SEMAINE-OLYMPIQUE-ET-PARALYMPIQUE-1200x800-1.jpg","datePublished":"2026-01-28T14:14:40+00:00","dateModified":"2026-01-28T14:27:13+00:00","description":"Des rencontres en ligne, avec des sportifs de haut niveau, grecs et fran\u00e7ais, qui s'adressent \u00e0 tous les jeunes de Gr\u00e8ce.","breadcrumb":{"@id":"https:\/\/www.ifg.gr\/fr\/events\/6e-semaine-franco-hellenique-olympique-paralympique\/#breadcrumb"},"inLanguage":"fr-FR","potentialAction":[{"@type":"ReadAction","target":["https:\/\/www.ifg.gr\/fr\/events\/6e-semaine-franco-hellenique-olympique-paralympique\/"]}]},{"@type":"ImageObject","inLanguage":"fr-FR","@id":"https:\/\/www.ifg.gr\/fr\/events\/6e-semaine-franco-hellenique-olympique-paralympique\/#primaryimage","url":"https:\/\/www.ifg.gr\/wp-content\/uploads\/2025\/01\/5E-SEMAINE-OLYMPIQUE-ET-PARALYMPIQUE-1200x800-1.jpg","contentUrl":"https:\/\/www.ifg.gr\/wp-content\/uploads\/2025\/01\/5E-SEMAINE-OLYMPIQUE-ET-PARALYMPIQUE-1200x800-1.jpg","width":1667,"height":1111},{"@type":"BreadcrumbList","@id":"https:\/\/www.ifg.gr\/fr\/events\/6e-semaine-franco-hellenique-olympique-paralympique\/#breadcrumb","itemListElement":[{"@type":"ListItem","position":1,"name":"Home","item":"https:\/\/www.ifg.gr\/fr\/"},{"@type":"ListItem","position":2,"name":"Events","item":"https:\/\/www.ifg.gr\/events\/"},{"@type":"ListItem","position":3,"name":"6e Semaine Olympique et Paralympique franco-hell\u00e9nique"}]},{"@type":"WebSite","@id":"https:\/\/www.ifg.gr\/#website","url":"https:\/\/www.ifg.gr\/","name":"IFG","description":"","potentialAction":[{"@type":"SearchAction","target":{"@type":"EntryPoint","urlTemplate":"https:\/\/www.ifg.gr\/?s={search_term_string}"},"query-input":{"@type":"PropertyValueSpecification","valueRequired":true,"valueName":"search_term_string"}}],"inLanguage":"fr-FR"}]}},"_links":{"self":[{"href":"https:\/\/www.ifg.gr\/fr\/wp-json\/wp\/v2\/event\/66768","targetHints":{"allow":["GET"]}}],"collection":[{"href":"https:\/\/www.ifg.gr\/fr\/wp-json\/wp\/v2\/event"}],"about":[{"href":"https:\/\/www.ifg.gr\/fr\/wp-json\/wp\/v2\/types\/event"}],"author":[{"embeddable":true,"href":"https:\/\/www.ifg.gr\/fr\/wp-json\/wp\/v2\/users\/18"}],"version-history":[{"count":3,"href":"https:\/\/www.ifg.gr\/fr\/wp-json\/wp\/v2\/event\/66768\/revisions"}],"predecessor-version":[{"id":66776,"href":"https:\/\/www.ifg.gr\/fr\/wp-json\/wp\/v2\/event\/66768\/revisions\/66776"}],"wp:featuredmedia":[{"embeddable":true,"href":"https:\/\/www.ifg.gr\/fr\/wp-json\/wp\/v2\/media\/61098"}],"wp:attachment":[{"href":"https:\/\/www.ifg.gr\/fr\/wp-json\/wp\/v2\/media?parent=66768"}],"wp:term":[{"taxonomy":"post_tag","embeddable":true,"href":"https:\/\/www.ifg.gr\/fr\/wp-json\/wp\/v2\/tags?post=66768"},{"taxonomy":"event_category","embeddable":true,"href":"https:\/\/www.ifg.gr\/fr\/wp-json\/wp\/v2\/event_category?post=66768"},{"taxonomy":"event_group","embeddable":true,"href":"https:\/\/www.ifg.gr\/fr\/wp-json\/wp\/v2\/event_group?post=66768"}],"curies":[{"name":"wp","href":"https:\/\/api.w.org\/{rel}","templated":true}]}}