{"id":66819,"date":"2026-01-30T13:14:44","date_gmt":"2026-01-30T11:14:44","guid":{"rendered":"https:\/\/www.ifg.gr\/events\/vanessa-springora-syggrafeas-synainesi-sto-ifg\/"},"modified":"2026-02-04T15:39:30","modified_gmt":"2026-02-04T13:39:30","slug":"vanessa-springora-autrice-consentement-ifg","status":"publish","type":"event","link":"https:\/\/www.ifg.gr\/fr\/events\/vanessa-springora-autrice-consentement-ifg\/","title":{"rendered":"Vanessa Springora, autrice du livre \u00ab Le Consentement \u00bb qui a boulevers\u00e9 la France, \u00e0 l\u2019Institut fran\u00e7ais de Gr\u00e8ce"},"content":{"rendered":"<p>L\u2019Institut fran\u00e7ais de Gr\u00e8ce accueille <a href=\"https:\/\/en.wikipedia.org\/wiki\/Vanessa_Springora\" target=\"_blank\" rel=\"noopener\"><strong>Vanessa Springora<\/strong><\/a>, autrice du livre \u00ab <strong><a href=\"https:\/\/www.grasset.fr\/livre\/le-consentement-9782246822691\/\" target=\"_blank\" rel=\"noopener\">Le Consentement<\/a> <\/strong>\u00bb qui a boulevers\u00e9 la France lors de sa premi\u00e8re parution en 2020 (aux \u00e9ditions Grasset).<\/p>\n<p>\u00c0 l\u2019occasion de l\u2019adaptation th\u00e9\u00e2trale du \u00ab Consentement \u00bb en Gr\u00e8ce, par <strong>Venia Stamatiadi<\/strong> (traduction) et <strong>Eirini Lamprinopoulou<\/strong> (mise en sc\u00e8ne), sous le titre <a href=\"https:\/\/www.theatro-technis.gr\/%CF%80%CE%B1%CE%B9%CE%B6%CE%BF%CE%BD%CF%84%CE%B1%CE%B9\/705-%CE%BC%CE%B1%CF%81%CF%84%CF%85%CF%81%CE%AF%CE%B1-%CE%BC%CE%B9%CE%B1%CF%82-%CE%BA%CE%BB%CE%B5%CE%BC%CE%BC%CE%AD%CE%BD%CE%B7%CF%82-%CE%B5%CF%86%CE%B7%CE%B2%CE%B5%CE%AF%CE%B1%CF%82\" target=\"_blank\" rel=\"noopener\"><strong>T\u00e9moignage d\u2019une adolescence vol\u00e9e<\/strong><\/a> au Th\u00e9\u00e2tre d\u2019Art Karolos Koun, l\u2019autrice sera pr\u00e9sente \u00e0 l\u2019Institut fran\u00e7ais de Gr\u00e8ce et pour la premi\u00e8re fois \u00e0 Ath\u00e8nes, mercredi 11 f\u00e9vrier 2026 \u00e0 19h00 pour une discussion autour de son \u0153uvre, anim\u00e9e par <strong>Mia Kollia<\/strong>, autrice et journaliste.<\/p>\n<p>Cette soir\u00e9e s\u2019inscrit dans le nouveau cycle annuel \u00ab <strong><a href=\"https:\/\/www.ifg.gr\/fr\/news\/rendez-vous-rue-sina\/\" target=\"_blank\" rel=\"noopener\">Rendez-vous rue Sina<\/a><\/strong> \u00bb de l\u2019institut fran\u00e7ais de Gr\u00e8ce.<\/p>\n<p>L\u2019autrice assistera \u00e9galement \u00e0 la premi\u00e8re officielle du spectacle au Th\u00e9\u00e2tre d\u2019Art Karolos Koun, <strong>mardi 10 f\u00e9vrier<\/strong>, et participera \u00e0 un \u00e9change ouvert avec le public.<\/p>\n<hr \/>\n<h3>\u00c0 propos du spectacle \u00ab\u00a0<a href=\"https:\/\/www.theatro-technis.gr\/%CF%80%CE%B1%CE%B9%CE%B6%CE%BF%CE%BD%CF%84%CE%B1%CE%B9\/705-%CE%BC%CE%B1%CF%81%CF%84%CF%85%CF%81%CE%AF%CE%B1-%CE%BC%CE%B9%CE%B1%CF%82-%CE%BA%CE%BB%CE%B5%CE%BC%CE%BC%CE%AD%CE%BD%CE%B7%CF%82-%CE%B5%CF%86%CE%B7%CE%B2%CE%B5%CE%AF%CE%B1%CF%82\" target=\"_blank\" rel=\"noopener\">T\u00e9moignage d\u2019une adolescence vol\u00e9e<\/a> \u00bb<\/h3>\n<p>Le texte tr\u00e8s comment\u00e9 de Vanessa Springora, qui a profond\u00e9ment renouvel\u00e9 le d\u00e9bat public autour de l\u2019abus de pouvoir, est port\u00e9 pour la premi\u00e8re fois sur la sc\u00e8ne grecque <strong>\u00e0 partir du 19 janvier<\/strong> au Th\u00e9\u00e2tre d\u2019Art Karolos Koun. Mise en sc\u00e8ne par Irini Lamprinopoulou, la pi\u00e8ce explore une affaire qui a marqu\u00e9 la vie intellectuelle fran\u00e7aise et raviv\u00e9 \u00e0 l\u2019\u00e9chelle internationale la question des limites du consentement.<\/p>\n<p><strong>Venia Stamatiadi<\/strong>, <strong>Marilena Bartalucci <\/strong>et <strong>Kleon Grigoriadis<\/strong>, accompagn\u00e9s par la musique live d\u2019<strong>Andy Val<\/strong>, donnent voix aux personnages centraux de l\u2019histoire ainsi qu\u2019\u00e0 l\u2019atmosph\u00e8re sociale qui l\u2019entoure, restituant au spectateur toute la complexit\u00e9 des faits.<\/p>\n<p><strong>Jours &amp; horaires<\/strong> : Dimanche \u2013 Lundi \u2013 Mardi, 21h00<br \/>\n<strong>Lieu<\/strong> : Sous-sol du Th\u00e9\u00e2tre d\u2019Art Karolos Koun (Pesmazoglou 5, Centre-ville)<br \/>\n<strong>Pr\u00e9vente<\/strong> : <a href=\"https:\/\/www.more.com\/gr-el\/tickets\/theater\/martyria-mias-klemmenis-efibeias\" target=\"_blank\" rel=\"noopener\">https:\/\/www.more.com\/gr-el\/tickets\/theater\/martyria-mias-klemmenis-efibeias<\/a><\/p>\n<hr \/>\n<h3>\u00c0 propos du livre \u00ab <strong><a href=\"https:\/\/www.grasset.fr\/livre\/le-consentement-9782246822691\/\" target=\"_blank\" rel=\"noopener\">Le Consentement<\/a><\/strong> \u00bb<\/h3>\n<p>Paris, 1986. La jeune Vanessa Springora, \u00e2g\u00e9e de quatorze ans, entre en contact avec l\u2019\u00e9crivain Gabriel Matzneff, alors figure reconnue \u2014 et institutionnellement prot\u00e9g\u00e9e \u2014 des lettres fran\u00e7aises. La relation qui s\u2019ensuit, nourrie dans un milieu qui pr\u00e9tend exalter la \u00ab lib\u00e9ration \u00bb tout en rejetant toute notion de limite, se d\u00e9ploie comme une dangereuse interaction entre pouvoir et vuln\u00e9rabilit\u00e9. Peu \u00e0 peu, la jeune Vanessa est r\u00e9duite de personne \u00e0 \u00ab muse \u00bb, pi\u00e9g\u00e9e dans une situation \u00e0 laquelle elle est cens\u00e9e avoir \u00ab consenti \u00bb \u2014 un r\u00e9cit qui interroge en profondeur les m\u00e9canismes de domination et les faux-semblants du consentement.<\/p>\n<p><strong>Traduit dans trente-deux pays diff\u00e9rents Le Consentement est paru en grec en 2025 aux \u00e9ditions Metronomos.<\/strong><\/p>\n<p><img loading=\"lazy\" decoding=\"async\" class=\"alignnone  wp-image-66882\" src=\"https:\/\/www.ifg.gr\/wp-content\/uploads\/2026\/01\/Vanessa-Springora_RENDEZ-VOUS-SINA_DT2.jpg\" alt=\"\" width=\"665\" height=\"133\" srcset=\"https:\/\/www.ifg.gr\/wp-content\/uploads\/2026\/01\/Vanessa-Springora_RENDEZ-VOUS-SINA_DT2.jpg 2083w, https:\/\/www.ifg.gr\/wp-content\/uploads\/2026\/01\/Vanessa-Springora_RENDEZ-VOUS-SINA_DT2-768x154.jpg 768w, https:\/\/www.ifg.gr\/wp-content\/uploads\/2026\/01\/Vanessa-Springora_RENDEZ-VOUS-SINA_DT2-1536x307.jpg 1536w, https:\/\/www.ifg.gr\/wp-content\/uploads\/2026\/01\/Vanessa-Springora_RENDEZ-VOUS-SINA_DT2-2048x410.jpg 2048w, https:\/\/www.ifg.gr\/wp-content\/uploads\/2026\/01\/Vanessa-Springora_RENDEZ-VOUS-SINA_DT2-1920x384.jpg 1920w, https:\/\/www.ifg.gr\/wp-content\/uploads\/2026\/01\/Vanessa-Springora_RENDEZ-VOUS-SINA_DT2-649x130.jpg 649w\" sizes=\"auto, (max-width: 665px) 100vw, 665px\" \/><\/p>\n","protected":false},"excerpt":{"rendered":"<p>\u00c0 l\u2019occasion de l\u2019adaptation th\u00e9\u00e2trale de son livre en Gr\u00e8ce, Vanessa Springora sera pr\u00e9sente \u00e0 Ath\u00e8nes pour une discussion autour de son \u0153uvre.<\/p>\n","protected":false},"author":18,"featured_media":66873,"template":"","tags":[2041,1431,1432,1034,1037],"event_category":[872,870],"event_group":[2010],"class_list":["post-66819","event","type-event","status-publish","has-post-thumbnail","hentry","tag-vanessa-springora","tag-vivlio","tag-livre","tag-theatro-fr","tag-theatre","event_category-spectacle-vivant","event_category-livre","event_group-rendez-vous-sina"],"acf":{"sponsors_default":false,"info_title":"","info_text":"","date_range":{"start":"11\/02\/2026","end":"","cancelled":false,"note":"","start_time":"19:00","end_time":""},"details":{"location":"<p>Auditorium Theo Angelopoulos, IFG (Sina 31)<\/p>\n<p>\ud83d\udd56 19h \u2013 Ouverture des portes \u00e0 18h30<\/p>\n","hyperlink1a":{"text":"","link":""},"price":"Entr\u00e9e libre \/ Discussion en en fran\u00e7ais et grec avec traduction simultan\u00e9e","hyperlink2a":{"text":"","link":""},"online_event":false,"live_streaming":false,"live_streaming_code":"","facebook_url":"","hyperlink":{"text":"","link":""},"hyperlink2":{"text":"","link":""},"hyperlink3":{"text":"","link":""},"press_release":false},"featured_image_credits":"","home_slider_image":{"ID":66875,"id":66875,"title":"Vanessa Springora_RENDEZ VOUS SINA_1300x768","filename":"Vanessa-Springora_RENDEZ-VOUS-SINA_1300x768-1.jpg","filesize":1715216,"url":"https:\/\/www.ifg.gr\/wp-content\/uploads\/2026\/01\/Vanessa-Springora_RENDEZ-VOUS-SINA_1300x768-1.jpg","link":"https:\/\/www.ifg.gr\/fr\/events\/vanessa-springora-autrice-consentement-ifg\/vanessa-springora_rendez-vous-sina_1300x768-3\/","alt":"","author":"18","description":"","caption":"","name":"vanessa-springora_rendez-vous-sina_1300x768-3","status":"inherit","uploaded_to":66819,"date":"2026-02-04 11:40:14","modified":"2026-02-04 11:40:14","menu_order":0,"mime_type":"image\/jpeg","type":"image","subtype":"jpeg","icon":"https:\/\/www.ifg.gr\/wp-includes\/images\/media\/default.png","width":1986,"height":1173,"sizes":{"thumbnail":"https:\/\/www.ifg.gr\/wp-content\/uploads\/2026\/01\/Vanessa-Springora_RENDEZ-VOUS-SINA_1300x768-1.jpg","thumbnail-width":150,"thumbnail-height":89,"medium":"https:\/\/www.ifg.gr\/wp-content\/uploads\/2026\/01\/Vanessa-Springora_RENDEZ-VOUS-SINA_1300x768-1.jpg","medium-width":300,"medium-height":177,"medium_large":"https:\/\/www.ifg.gr\/wp-content\/uploads\/2026\/01\/Vanessa-Springora_RENDEZ-VOUS-SINA_1300x768-1-768x454.jpg","medium_large-width":640,"medium_large-height":378,"large":"https:\/\/www.ifg.gr\/wp-content\/uploads\/2026\/01\/Vanessa-Springora_RENDEZ-VOUS-SINA_1300x768-1.jpg","large-width":640,"large-height":378,"1536x1536":"https:\/\/www.ifg.gr\/wp-content\/uploads\/2026\/01\/Vanessa-Springora_RENDEZ-VOUS-SINA_1300x768-1-1536x907.jpg","1536x1536-width":1536,"1536x1536-height":907,"2048x2048":"https:\/\/www.ifg.gr\/wp-content\/uploads\/2026\/01\/Vanessa-Springora_RENDEZ-VOUS-SINA_1300x768-1.jpg","2048x2048-width":1986,"2048x2048-height":1173,"full-width":"https:\/\/www.ifg.gr\/wp-content\/uploads\/2026\/01\/Vanessa-Springora_RENDEZ-VOUS-SINA_1300x768-1-1920x1134.jpg","full-width-width":1920,"full-width-height":1134,"sidebar":"https:\/\/www.ifg.gr\/wp-content\/uploads\/2026\/01\/Vanessa-Springora_RENDEZ-VOUS-SINA_1300x768-1-1693x1000.jpg","sidebar-width":1693,"sidebar-height":1000,"thumb-sm":"https:\/\/www.ifg.gr\/wp-content\/uploads\/2026\/01\/Vanessa-Springora_RENDEZ-VOUS-SINA_1300x768-1-220x130.jpg","thumb-sm-width":220,"thumb-sm-height":130,"thumb-square":"https:\/\/www.ifg.gr\/wp-content\/uploads\/2026\/01\/Vanessa-Springora_RENDEZ-VOUS-SINA_1300x768-1-500x500.jpg","thumb-square-width":500,"thumb-square-height":500,"thumb-big":"https:\/\/www.ifg.gr\/wp-content\/uploads\/2026\/01\/Vanessa-Springora_RENDEZ-VOUS-SINA_1300x768-1-600x400.jpg","thumb-big-width":600,"thumb-big-height":400,"slider-big":"https:\/\/www.ifg.gr\/wp-content\/uploads\/2026\/01\/Vanessa-Springora_RENDEZ-VOUS-SINA_1300x768-1-1315x768.jpg","slider-big-width":1315,"slider-big-height":768}},"sponsors_group":false,"layout":false},"yoast_head":"<!-- This site is optimized with the Yoast SEO plugin v26.8 - https:\/\/yoast.com\/product\/yoast-seo-wordpress\/ -->\n<title>Vanessa Springora, autrice du livre \u00ab Le Consentement \u00bb qui a boulevers\u00e9 la France, \u00e0 l\u2019Institut fran\u00e7ais de Gr\u00e8ce<\/title>\n<meta name=\"description\" content=\"\u00c0 l\u2019occasion de l\u2019adaptation th\u00e9\u00e2trale de son livre en Gr\u00e8ce, Vanessa Springora sera pr\u00e9sente \u00e0 Ath\u00e8nes pour une discussion autour de son oeuvre.\" \/>\n<meta name=\"robots\" content=\"index, follow, max-snippet:-1, max-image-preview:large, max-video-preview:-1\" \/>\n<link rel=\"canonical\" href=\"https:\/\/www.ifg.gr\/fr\/events\/vanessa-springora-autrice-consentement-ifg\/\" \/>\n<meta property=\"og:locale\" content=\"fr_FR\" \/>\n<meta property=\"og:type\" content=\"article\" \/>\n<meta property=\"og:title\" content=\"Vanessa Springora, autrice du livre \u00ab Le Consentement \u00bb qui a boulevers\u00e9 la France, \u00e0 l\u2019Institut fran\u00e7ais de Gr\u00e8ce\" \/>\n<meta property=\"og:description\" content=\"\u00c0 l\u2019occasion de l\u2019adaptation th\u00e9\u00e2trale de son livre en Gr\u00e8ce, Vanessa Springora sera pr\u00e9sente \u00e0 Ath\u00e8nes pour une discussion autour de son oeuvre.\" \/>\n<meta property=\"og:url\" content=\"https:\/\/www.ifg.gr\/fr\/events\/vanessa-springora-autrice-consentement-ifg\/\" \/>\n<meta property=\"og:site_name\" content=\"IFG\" \/>\n<meta property=\"article:modified_time\" content=\"2026-02-04T13:39:30+00:00\" \/>\n<meta property=\"og:image\" content=\"https:\/\/www.ifg.gr\/wp-content\/uploads\/2026\/01\/Vanessa-Springora_RENDEZ-VOUS-SINA__1200X800-1.jpg\" \/>\n\t<meta property=\"og:image:width\" content=\"1833\" \/>\n\t<meta property=\"og:image:height\" content=\"1222\" \/>\n\t<meta property=\"og:image:type\" content=\"image\/jpeg\" \/>\n<meta name=\"twitter:card\" content=\"summary_large_image\" \/>\n<meta name=\"twitter:label1\" content=\"Dur\u00e9e de lecture estim\u00e9e\" \/>\n\t<meta name=\"twitter:data1\" content=\"3 minutes\" \/>\n<script type=\"application\/ld+json\" class=\"yoast-schema-graph\">{\"@context\":\"https:\/\/schema.org\",\"@graph\":[{\"@type\":\"WebPage\",\"@id\":\"https:\/\/www.ifg.gr\/fr\/events\/vanessa-springora-autrice-consentement-ifg\/\",\"url\":\"https:\/\/www.ifg.gr\/fr\/events\/vanessa-springora-autrice-consentement-ifg\/\",\"name\":\"Vanessa Springora, autrice du livre \u00ab Le Consentement \u00bb qui a boulevers\u00e9 la France, \u00e0 l\u2019Institut fran\u00e7ais de Gr\u00e8ce\",\"isPartOf\":{\"@id\":\"https:\/\/www.ifg.gr\/#website\"},\"primaryImageOfPage\":{\"@id\":\"https:\/\/www.ifg.gr\/fr\/events\/vanessa-springora-autrice-consentement-ifg\/#primaryimage\"},\"image\":{\"@id\":\"https:\/\/www.ifg.gr\/fr\/events\/vanessa-springora-autrice-consentement-ifg\/#primaryimage\"},\"thumbnailUrl\":\"https:\/\/www.ifg.gr\/wp-content\/uploads\/2026\/01\/Vanessa-Springora_RENDEZ-VOUS-SINA__1200X800-1.jpg\",\"datePublished\":\"2026-01-30T11:14:44+00:00\",\"dateModified\":\"2026-02-04T13:39:30+00:00\",\"description\":\"\u00c0 l\u2019occasion de l\u2019adaptation th\u00e9\u00e2trale de son livre en Gr\u00e8ce, Vanessa Springora sera pr\u00e9sente \u00e0 Ath\u00e8nes pour une discussion autour de son oeuvre.\",\"breadcrumb\":{\"@id\":\"https:\/\/www.ifg.gr\/fr\/events\/vanessa-springora-autrice-consentement-ifg\/#breadcrumb\"},\"inLanguage\":\"fr-FR\",\"potentialAction\":[{\"@type\":\"ReadAction\",\"target\":[\"https:\/\/www.ifg.gr\/fr\/events\/vanessa-springora-autrice-consentement-ifg\/\"]}]},{\"@type\":\"ImageObject\",\"inLanguage\":\"fr-FR\",\"@id\":\"https:\/\/www.ifg.gr\/fr\/events\/vanessa-springora-autrice-consentement-ifg\/#primaryimage\",\"url\":\"https:\/\/www.ifg.gr\/wp-content\/uploads\/2026\/01\/Vanessa-Springora_RENDEZ-VOUS-SINA__1200X800-1.jpg\",\"contentUrl\":\"https:\/\/www.ifg.gr\/wp-content\/uploads\/2026\/01\/Vanessa-Springora_RENDEZ-VOUS-SINA__1200X800-1.jpg\",\"width\":1833,\"height\":1222},{\"@type\":\"BreadcrumbList\",\"@id\":\"https:\/\/www.ifg.gr\/fr\/events\/vanessa-springora-autrice-consentement-ifg\/#breadcrumb\",\"itemListElement\":[{\"@type\":\"ListItem\",\"position\":1,\"name\":\"Home\",\"item\":\"https:\/\/www.ifg.gr\/fr\/\"},{\"@type\":\"ListItem\",\"position\":2,\"name\":\"Events\",\"item\":\"https:\/\/www.ifg.gr\/events\/\"},{\"@type\":\"ListItem\",\"position\":3,\"name\":\"Vanessa Springora, autrice du livre \u00ab Le Consentement \u00bb qui a boulevers\u00e9 la France, \u00e0 l\u2019Institut fran\u00e7ais de Gr\u00e8ce\"}]},{\"@type\":\"WebSite\",\"@id\":\"https:\/\/www.ifg.gr\/#website\",\"url\":\"https:\/\/www.ifg.gr\/\",\"name\":\"IFG\",\"description\":\"\",\"potentialAction\":[{\"@type\":\"SearchAction\",\"target\":{\"@type\":\"EntryPoint\",\"urlTemplate\":\"https:\/\/www.ifg.gr\/?s={search_term_string}\"},\"query-input\":{\"@type\":\"PropertyValueSpecification\",\"valueRequired\":true,\"valueName\":\"search_term_string\"}}],\"inLanguage\":\"fr-FR\"}]}<\/script>\n<!-- \/ Yoast SEO plugin. -->","yoast_head_json":{"title":"Vanessa Springora, autrice du livre \u00ab Le Consentement \u00bb qui a boulevers\u00e9 la France, \u00e0 l\u2019Institut fran\u00e7ais de Gr\u00e8ce","description":"\u00c0 l\u2019occasion de l\u2019adaptation th\u00e9\u00e2trale de son livre en Gr\u00e8ce, Vanessa Springora sera pr\u00e9sente \u00e0 Ath\u00e8nes pour une discussion autour de son oeuvre.","robots":{"index":"index","follow":"follow","max-snippet":"max-snippet:-1","max-image-preview":"max-image-preview:large","max-video-preview":"max-video-preview:-1"},"canonical":"https:\/\/www.ifg.gr\/fr\/events\/vanessa-springora-autrice-consentement-ifg\/","og_locale":"fr_FR","og_type":"article","og_title":"Vanessa Springora, autrice du livre \u00ab Le Consentement \u00bb qui a boulevers\u00e9 la France, \u00e0 l\u2019Institut fran\u00e7ais de Gr\u00e8ce","og_description":"\u00c0 l\u2019occasion de l\u2019adaptation th\u00e9\u00e2trale de son livre en Gr\u00e8ce, Vanessa Springora sera pr\u00e9sente \u00e0 Ath\u00e8nes pour une discussion autour de son oeuvre.","og_url":"https:\/\/www.ifg.gr\/fr\/events\/vanessa-springora-autrice-consentement-ifg\/","og_site_name":"IFG","article_modified_time":"2026-02-04T13:39:30+00:00","og_image":[{"width":1833,"height":1222,"url":"https:\/\/www.ifg.gr\/wp-content\/uploads\/2026\/01\/Vanessa-Springora_RENDEZ-VOUS-SINA__1200X800-1.jpg","type":"image\/jpeg"}],"twitter_card":"summary_large_image","twitter_misc":{"Dur\u00e9e de lecture estim\u00e9e":"3 minutes"},"schema":{"@context":"https:\/\/schema.org","@graph":[{"@type":"WebPage","@id":"https:\/\/www.ifg.gr\/fr\/events\/vanessa-springora-autrice-consentement-ifg\/","url":"https:\/\/www.ifg.gr\/fr\/events\/vanessa-springora-autrice-consentement-ifg\/","name":"Vanessa Springora, autrice du livre \u00ab Le Consentement \u00bb qui a boulevers\u00e9 la France, \u00e0 l\u2019Institut fran\u00e7ais de Gr\u00e8ce","isPartOf":{"@id":"https:\/\/www.ifg.gr\/#website"},"primaryImageOfPage":{"@id":"https:\/\/www.ifg.gr\/fr\/events\/vanessa-springora-autrice-consentement-ifg\/#primaryimage"},"image":{"@id":"https:\/\/www.ifg.gr\/fr\/events\/vanessa-springora-autrice-consentement-ifg\/#primaryimage"},"thumbnailUrl":"https:\/\/www.ifg.gr\/wp-content\/uploads\/2026\/01\/Vanessa-Springora_RENDEZ-VOUS-SINA__1200X800-1.jpg","datePublished":"2026-01-30T11:14:44+00:00","dateModified":"2026-02-04T13:39:30+00:00","description":"\u00c0 l\u2019occasion de l\u2019adaptation th\u00e9\u00e2trale de son livre en Gr\u00e8ce, Vanessa Springora sera pr\u00e9sente \u00e0 Ath\u00e8nes pour une discussion autour de son oeuvre.","breadcrumb":{"@id":"https:\/\/www.ifg.gr\/fr\/events\/vanessa-springora-autrice-consentement-ifg\/#breadcrumb"},"inLanguage":"fr-FR","potentialAction":[{"@type":"ReadAction","target":["https:\/\/www.ifg.gr\/fr\/events\/vanessa-springora-autrice-consentement-ifg\/"]}]},{"@type":"ImageObject","inLanguage":"fr-FR","@id":"https:\/\/www.ifg.gr\/fr\/events\/vanessa-springora-autrice-consentement-ifg\/#primaryimage","url":"https:\/\/www.ifg.gr\/wp-content\/uploads\/2026\/01\/Vanessa-Springora_RENDEZ-VOUS-SINA__1200X800-1.jpg","contentUrl":"https:\/\/www.ifg.gr\/wp-content\/uploads\/2026\/01\/Vanessa-Springora_RENDEZ-VOUS-SINA__1200X800-1.jpg","width":1833,"height":1222},{"@type":"BreadcrumbList","@id":"https:\/\/www.ifg.gr\/fr\/events\/vanessa-springora-autrice-consentement-ifg\/#breadcrumb","itemListElement":[{"@type":"ListItem","position":1,"name":"Home","item":"https:\/\/www.ifg.gr\/fr\/"},{"@type":"ListItem","position":2,"name":"Events","item":"https:\/\/www.ifg.gr\/events\/"},{"@type":"ListItem","position":3,"name":"Vanessa Springora, autrice du livre \u00ab Le Consentement \u00bb qui a boulevers\u00e9 la France, \u00e0 l\u2019Institut fran\u00e7ais de Gr\u00e8ce"}]},{"@type":"WebSite","@id":"https:\/\/www.ifg.gr\/#website","url":"https:\/\/www.ifg.gr\/","name":"IFG","description":"","potentialAction":[{"@type":"SearchAction","target":{"@type":"EntryPoint","urlTemplate":"https:\/\/www.ifg.gr\/?s={search_term_string}"},"query-input":{"@type":"PropertyValueSpecification","valueRequired":true,"valueName":"search_term_string"}}],"inLanguage":"fr-FR"}]}},"_links":{"self":[{"href":"https:\/\/www.ifg.gr\/fr\/wp-json\/wp\/v2\/event\/66819","targetHints":{"allow":["GET"]}}],"collection":[{"href":"https:\/\/www.ifg.gr\/fr\/wp-json\/wp\/v2\/event"}],"about":[{"href":"https:\/\/www.ifg.gr\/fr\/wp-json\/wp\/v2\/types\/event"}],"author":[{"embeddable":true,"href":"https:\/\/www.ifg.gr\/fr\/wp-json\/wp\/v2\/users\/18"}],"version-history":[{"count":9,"href":"https:\/\/www.ifg.gr\/fr\/wp-json\/wp\/v2\/event\/66819\/revisions"}],"predecessor-version":[{"id":66887,"href":"https:\/\/www.ifg.gr\/fr\/wp-json\/wp\/v2\/event\/66819\/revisions\/66887"}],"wp:featuredmedia":[{"embeddable":true,"href":"https:\/\/www.ifg.gr\/fr\/wp-json\/wp\/v2\/media\/66873"}],"wp:attachment":[{"href":"https:\/\/www.ifg.gr\/fr\/wp-json\/wp\/v2\/media?parent=66819"}],"wp:term":[{"taxonomy":"post_tag","embeddable":true,"href":"https:\/\/www.ifg.gr\/fr\/wp-json\/wp\/v2\/tags?post=66819"},{"taxonomy":"event_category","embeddable":true,"href":"https:\/\/www.ifg.gr\/fr\/wp-json\/wp\/v2\/event_category?post=66819"},{"taxonomy":"event_group","embeddable":true,"href":"https:\/\/www.ifg.gr\/fr\/wp-json\/wp\/v2\/event_group?post=66819"}],"curies":[{"name":"wp","href":"https:\/\/api.w.org\/{rel}","templated":true}]}}