{"id":67185,"date":"2026-03-05T17:15:25","date_gmt":"2026-03-05T15:15:25","guid":{"rendered":"https:\/\/www.ifg.gr\/events\/to-galliko-institouto-proteinei-ti-syzita-i-logotechnia-simera\/"},"modified":"2026-03-06T11:41:28","modified_gmt":"2026-03-06T09:41:28","slug":"lilian-thuram-festival-international-litterature-athenes","status":"publish","type":"event","link":"https:\/\/www.ifg.gr\/fr\/events\/lilian-thuram-festival-international-litterature-athenes\/","title":{"rendered":"Lilian Thuram, invit\u00e9 au 1er Festival international de litt\u00e9rature d\u2019Ath\u00e8nes"},"content":{"rendered":"<h3>\u00ab De quoi discute la litt\u00e9rature aujourd\u2019hui ? \u00bb : Le 1er Festival international de litt\u00e9rature d\u2019Ath\u00e8nes engage le dialogue.<\/h3>\n<h3>27\u201329 mars 2026<br \/>\nTechnopolis<\/h3>\n<p>Le <strong><a href=\"https:\/\/ailf.gr\/\" target=\"_blank\" rel=\"noopener\">Festival international de litt\u00e9rature d\u2019Ath\u00e8nes<\/a><\/strong>, en partenariat avec l\u2019Institut fran\u00e7ais de Gr\u00e8ce, accueille <strong>Lilian Thuram<\/strong>, ancien footballeur et aujourd\u2019hui figure de proue du combat pour l\u2019\u00e9galit\u00e9 et contre le racisme.<\/p>\n<p>Dans le cadre du Festival et \u00e0 l\u2019occasion de la parution de son dernier ouvrage, <em><strong>La Pens\u00e9e blanche<\/strong><\/em>, il \u00e9changera avec <strong>Demis Nikola\u00efdis<\/strong> et <strong>Loretta Macaulay<\/strong> autour des st\u00e9r\u00e9otypes racistes, sur le terrain et en dehors de celui-ci, lors d\u2019une table ronde anim\u00e9e par <strong>Panagiotis Menegos<\/strong>, <strong>dimanche 29 mars 2026 \u00e0 19h00<\/strong>. La rencontre sera suivie d\u2019une s\u00e9ance de d\u00e9dicace par Lilian Thuram \u00e0 20h45.<\/p>\n<p>Avec un programme riche en d\u00e9bats consacr\u00e9s aux grands enjeux de notre \u00e9poque, le <strong>1er Festival international de litt\u00e9rature d\u2019Ath\u00e8nes<\/strong> (Athens International Literature Festival \u2013 AILF) d\u00e9voile les grandes lignes de sa premi\u00e8re \u00e9dition. Identit\u00e9s, violences de genre, liens entre politique et \u00e9criture, avenir de la lecture : du 27 au 29 mars, l\u2019AILF investit Technopolis et propose un programme de rencontres et de d\u00e9bats ambitieux, r\u00e9unissant \u00e9crivains, journalistes, critiques et cr\u00e9ateurs de renom, venus de Gr\u00e8ce et de l\u2019international.<\/p>\n<h3>Dimanche 29 mars |Amphith\u00e9\u00e2tre \u00ab Miltiadis Evert \u00bb, Technopolis<\/h3>\n<p><strong>19h00 | \u00ab D\u00e9construire la \u00ab pens\u00e9e blanche \u00bb sur son propre terrain \u00bb<\/strong><br \/>\nAvec : Lilian Thuram, D\u00e9mis Nikola\u00efdis, Loretta Macaulay<br \/>\nMod\u00e9ration : Panagiotis Menegos<\/p>\n<p><strong>20h45 &#8211; 21h30 | S\u00e9ance de d\u00e9dicace avec Lilian Thuram<\/strong><\/p>\n<p><img loading=\"lazy\" decoding=\"async\" class=\"alignnone size-full wp-image-67189\" src=\"https:\/\/www.ifg.gr\/wp-content\/uploads\/2026\/03\/1st-AILF_Lilian-Thuram-@Yasuyoshi-Chiba-AFP.jpg\" alt=\"\" width=\"1000\" height=\"1000\" srcset=\"https:\/\/www.ifg.gr\/wp-content\/uploads\/2026\/03\/1st-AILF_Lilian-Thuram-@Yasuyoshi-Chiba-AFP.jpg 1000w, https:\/\/www.ifg.gr\/wp-content\/uploads\/2026\/03\/1st-AILF_Lilian-Thuram-@Yasuyoshi-Chiba-AFP-768x768.jpg 768w, https:\/\/www.ifg.gr\/wp-content\/uploads\/2026\/03\/1st-AILF_Lilian-Thuram-@Yasuyoshi-Chiba-AFP-130x130.jpg 130w, https:\/\/www.ifg.gr\/wp-content\/uploads\/2026\/03\/1st-AILF_Lilian-Thuram-@Yasuyoshi-Chiba-AFP-500x500.jpg 500w\" sizes=\"auto, (max-width: 1000px) 100vw, 1000px\" \/><\/p>\n<p>@Yasuyoshi Chiba AFP<\/p>\n<p><img loading=\"lazy\" decoding=\"async\" class=\"alignnone size-full wp-image-67175\" src=\"https:\/\/www.ifg.gr\/wp-content\/uploads\/2026\/03\/AILF_1920x1080-gr.jpg\" alt=\"\" width=\"1920\" height=\"1080\" srcset=\"https:\/\/www.ifg.gr\/wp-content\/uploads\/2026\/03\/AILF_1920x1080-gr.jpg 1920w, https:\/\/www.ifg.gr\/wp-content\/uploads\/2026\/03\/AILF_1920x1080-gr-768x432.jpg 768w, https:\/\/www.ifg.gr\/wp-content\/uploads\/2026\/03\/AILF_1920x1080-gr-1536x864.jpg 1536w, https:\/\/www.ifg.gr\/wp-content\/uploads\/2026\/03\/AILF_1920x1080-gr-1778x1000.jpg 1778w, https:\/\/www.ifg.gr\/wp-content\/uploads\/2026\/03\/AILF_1920x1080-gr-231x130.jpg 231w\" sizes=\"auto, (max-width: 1920px) 100vw, 1920px\" \/><\/p>\n","protected":false},"excerpt":{"rendered":"<p>Ne ratez pas la rencontre avec une figure de proue du combat pour l\u2019\u00e9galit\u00e9 et contre le racisme, \u00e0 l\u2019occasion de la parution de son dernier ouvrage, \u00ab La Pens\u00e9e blanche \u00bb.<\/p>\n","protected":false},"author":18,"featured_media":67179,"template":"","tags":[2064,2066,2061,2060,2062,1441,1431,1432],"event_category":[870],"event_group":[],"class_list":["post-67185","event","type-event","status-publish","has-post-thumbnail","hentry","tag-athens-international-literature-festival-ailf","tag-festival-international-de-litterature-dathenes","tag-diethnes-festival-logotechnias-tis-athinas","tag-lilian-thuram","tag-technopoli","tag-vivlio-2-fr","tag-vivlio","tag-livre","event_category-livre"],"acf":{"sponsors_default":false,"info_title":"","info_text":"","date_range":{"start":"29\/03\/2026","end":"","cancelled":false,"note":"","start_time":"19:00","end_time":""},"details":{"location":"<p>Technopolis<\/p>\n","hyperlink1a":{"text":"D\u00e9couvrez le programme d\u00e9taill\u00e9 du Festival","link":"https:\/\/ailf.gr\/ailf-full-program\/"},"price":"Entr\u00e9e libre \u2013 avec coupons de priorit\u00e9  \r\n","hyperlink2a":{"text":"","link":""},"online_event":false,"live_streaming":false,"live_streaming_code":"","facebook_url":"","hyperlink":{"text":"","link":""},"hyperlink2":{"text":"","link":""},"hyperlink3":{"text":"","link":""},"press_release":false},"featured_image_credits":"","home_slider_image":{"ID":67181,"id":67181,"title":"AILF__1300x768","filename":"AILF__1300x768.jpg","filesize":849734,"url":"https:\/\/www.ifg.gr\/wp-content\/uploads\/2026\/03\/AILF__1300x768.jpg","link":"https:\/\/www.ifg.gr\/fr\/events\/lilian-thuram-festival-international-litterature-athenes\/ailf__1300x768-2\/","alt":"","author":"18","description":"","caption":"","name":"ailf__1300x768-2","status":"inherit","uploaded_to":67185,"date":"2026-03-05 15:15:42","modified":"2026-03-05 15:15:42","menu_order":0,"mime_type":"image\/jpeg","type":"image","subtype":"jpeg","icon":"https:\/\/www.ifg.gr\/wp-includes\/images\/media\/default.png","width":1806,"height":1067,"sizes":{"thumbnail":"https:\/\/www.ifg.gr\/wp-content\/uploads\/2026\/03\/AILF__1300x768.jpg","thumbnail-width":150,"thumbnail-height":89,"medium":"https:\/\/www.ifg.gr\/wp-content\/uploads\/2026\/03\/AILF__1300x768.jpg","medium-width":300,"medium-height":177,"medium_large":"https:\/\/www.ifg.gr\/wp-content\/uploads\/2026\/03\/AILF__1300x768-768x454.jpg","medium_large-width":640,"medium_large-height":378,"large":"https:\/\/www.ifg.gr\/wp-content\/uploads\/2026\/03\/AILF__1300x768.jpg","large-width":640,"large-height":378,"1536x1536":"https:\/\/www.ifg.gr\/wp-content\/uploads\/2026\/03\/AILF__1300x768-1536x907.jpg","1536x1536-width":1536,"1536x1536-height":907,"2048x2048":"https:\/\/www.ifg.gr\/wp-content\/uploads\/2026\/03\/AILF__1300x768.jpg","2048x2048-width":1806,"2048x2048-height":1067,"full-width":"https:\/\/www.ifg.gr\/wp-content\/uploads\/2026\/03\/AILF__1300x768.jpg","full-width-width":1806,"full-width-height":1067,"sidebar":"https:\/\/www.ifg.gr\/wp-content\/uploads\/2026\/03\/AILF__1300x768-1693x1000.jpg","sidebar-width":1693,"sidebar-height":1000,"thumb-sm":"https:\/\/www.ifg.gr\/wp-content\/uploads\/2026\/03\/AILF__1300x768-220x130.jpg","thumb-sm-width":220,"thumb-sm-height":130,"thumb-square":"https:\/\/www.ifg.gr\/wp-content\/uploads\/2026\/03\/AILF__1300x768-500x500.jpg","thumb-square-width":500,"thumb-square-height":500,"thumb-big":"https:\/\/www.ifg.gr\/wp-content\/uploads\/2026\/03\/AILF__1300x768-600x400.jpg","thumb-big-width":600,"thumb-big-height":400,"slider-big":"https:\/\/www.ifg.gr\/wp-content\/uploads\/2026\/03\/AILF__1300x768-1315x768.jpg","slider-big-width":1315,"slider-big-height":768}},"sponsors_group":false,"layout":false},"yoast_head":"<!-- This site is optimized with the Yoast SEO plugin v26.8 - https:\/\/yoast.com\/product\/yoast-seo-wordpress\/ -->\n<title>Lilian Thuram, invit\u00e9 au 1er Festival international de litt\u00e9rature d\u2019Ath\u00e8nes<\/title>\n<meta name=\"description\" content=\"Ne ratez pas la rencontre avec une figure de proue du combat pour l\u2019\u00e9galit\u00e9 et contre le racisme, \u00e0 l\u2019occasion de la parution de son dernier ouvrage, \u00ab La Pens\u00e9e blanche \u00bb.\" \/>\n<meta name=\"robots\" content=\"index, follow, max-snippet:-1, max-image-preview:large, max-video-preview:-1\" \/>\n<link rel=\"canonical\" href=\"https:\/\/www.ifg.gr\/fr\/events\/lilian-thuram-festival-international-litterature-athenes\/\" \/>\n<meta property=\"og:locale\" content=\"fr_FR\" \/>\n<meta property=\"og:type\" content=\"article\" \/>\n<meta property=\"og:title\" content=\"Lilian Thuram, invit\u00e9 au 1er Festival international de litt\u00e9rature d\u2019Ath\u00e8nes\" \/>\n<meta property=\"og:description\" content=\"Ne ratez pas la rencontre avec une figure de proue du combat pour l\u2019\u00e9galit\u00e9 et contre le racisme, \u00e0 l\u2019occasion de la parution de son dernier ouvrage, \u00ab La Pens\u00e9e blanche \u00bb.\" \/>\n<meta property=\"og:url\" content=\"https:\/\/www.ifg.gr\/fr\/events\/lilian-thuram-festival-international-litterature-athenes\/\" \/>\n<meta property=\"og:site_name\" content=\"IFG\" \/>\n<meta property=\"article:modified_time\" content=\"2026-03-06T09:41:28+00:00\" \/>\n<meta property=\"og:image\" content=\"https:\/\/www.ifg.gr\/wp-content\/uploads\/2026\/03\/AILF__1200x800.jpg\" \/>\n\t<meta property=\"og:image:width\" content=\"1667\" \/>\n\t<meta property=\"og:image:height\" content=\"1111\" \/>\n\t<meta property=\"og:image:type\" content=\"image\/jpeg\" \/>\n<meta name=\"twitter:card\" content=\"summary_large_image\" \/>\n<meta name=\"twitter:label1\" content=\"Dur\u00e9e de lecture estim\u00e9e\" \/>\n\t<meta name=\"twitter:data1\" content=\"2 minutes\" \/>\n<script type=\"application\/ld+json\" class=\"yoast-schema-graph\">{\"@context\":\"https:\/\/schema.org\",\"@graph\":[{\"@type\":\"WebPage\",\"@id\":\"https:\/\/www.ifg.gr\/fr\/events\/lilian-thuram-festival-international-litterature-athenes\/\",\"url\":\"https:\/\/www.ifg.gr\/fr\/events\/lilian-thuram-festival-international-litterature-athenes\/\",\"name\":\"Lilian Thuram, invit\u00e9 au 1er Festival international de litt\u00e9rature d\u2019Ath\u00e8nes\",\"isPartOf\":{\"@id\":\"https:\/\/www.ifg.gr\/#website\"},\"primaryImageOfPage\":{\"@id\":\"https:\/\/www.ifg.gr\/fr\/events\/lilian-thuram-festival-international-litterature-athenes\/#primaryimage\"},\"image\":{\"@id\":\"https:\/\/www.ifg.gr\/fr\/events\/lilian-thuram-festival-international-litterature-athenes\/#primaryimage\"},\"thumbnailUrl\":\"https:\/\/www.ifg.gr\/wp-content\/uploads\/2026\/03\/AILF__1200x800.jpg\",\"datePublished\":\"2026-03-05T15:15:25+00:00\",\"dateModified\":\"2026-03-06T09:41:28+00:00\",\"description\":\"Ne ratez pas la rencontre avec une figure de proue du combat pour l\u2019\u00e9galit\u00e9 et contre le racisme, \u00e0 l\u2019occasion de la parution de son dernier ouvrage, \u00ab La Pens\u00e9e blanche \u00bb.\",\"breadcrumb\":{\"@id\":\"https:\/\/www.ifg.gr\/fr\/events\/lilian-thuram-festival-international-litterature-athenes\/#breadcrumb\"},\"inLanguage\":\"fr-FR\",\"potentialAction\":[{\"@type\":\"ReadAction\",\"target\":[\"https:\/\/www.ifg.gr\/fr\/events\/lilian-thuram-festival-international-litterature-athenes\/\"]}]},{\"@type\":\"ImageObject\",\"inLanguage\":\"fr-FR\",\"@id\":\"https:\/\/www.ifg.gr\/fr\/events\/lilian-thuram-festival-international-litterature-athenes\/#primaryimage\",\"url\":\"https:\/\/www.ifg.gr\/wp-content\/uploads\/2026\/03\/AILF__1200x800.jpg\",\"contentUrl\":\"https:\/\/www.ifg.gr\/wp-content\/uploads\/2026\/03\/AILF__1200x800.jpg\",\"width\":1667,\"height\":1111},{\"@type\":\"BreadcrumbList\",\"@id\":\"https:\/\/www.ifg.gr\/fr\/events\/lilian-thuram-festival-international-litterature-athenes\/#breadcrumb\",\"itemListElement\":[{\"@type\":\"ListItem\",\"position\":1,\"name\":\"Home\",\"item\":\"https:\/\/www.ifg.gr\/fr\/ifa\/\"},{\"@type\":\"ListItem\",\"position\":2,\"name\":\"Events\",\"item\":\"https:\/\/www.ifg.gr\/events\/\"},{\"@type\":\"ListItem\",\"position\":3,\"name\":\"Lilian Thuram, invit\u00e9 au 1er Festival international de litt\u00e9rature d\u2019Ath\u00e8nes\"}]},{\"@type\":\"WebSite\",\"@id\":\"https:\/\/www.ifg.gr\/#website\",\"url\":\"https:\/\/www.ifg.gr\/\",\"name\":\"IFG\",\"description\":\"\",\"potentialAction\":[{\"@type\":\"SearchAction\",\"target\":{\"@type\":\"EntryPoint\",\"urlTemplate\":\"https:\/\/www.ifg.gr\/?s={search_term_string}\"},\"query-input\":{\"@type\":\"PropertyValueSpecification\",\"valueRequired\":true,\"valueName\":\"search_term_string\"}}],\"inLanguage\":\"fr-FR\"}]}<\/script>\n<!-- \/ Yoast SEO plugin. -->","yoast_head_json":{"title":"Lilian Thuram, invit\u00e9 au 1er Festival international de litt\u00e9rature d\u2019Ath\u00e8nes","description":"Ne ratez pas la rencontre avec une figure de proue du combat pour l\u2019\u00e9galit\u00e9 et contre le racisme, \u00e0 l\u2019occasion de la parution de son dernier ouvrage, \u00ab La Pens\u00e9e blanche \u00bb.","robots":{"index":"index","follow":"follow","max-snippet":"max-snippet:-1","max-image-preview":"max-image-preview:large","max-video-preview":"max-video-preview:-1"},"canonical":"https:\/\/www.ifg.gr\/fr\/events\/lilian-thuram-festival-international-litterature-athenes\/","og_locale":"fr_FR","og_type":"article","og_title":"Lilian Thuram, invit\u00e9 au 1er Festival international de litt\u00e9rature d\u2019Ath\u00e8nes","og_description":"Ne ratez pas la rencontre avec une figure de proue du combat pour l\u2019\u00e9galit\u00e9 et contre le racisme, \u00e0 l\u2019occasion de la parution de son dernier ouvrage, \u00ab La Pens\u00e9e blanche \u00bb.","og_url":"https:\/\/www.ifg.gr\/fr\/events\/lilian-thuram-festival-international-litterature-athenes\/","og_site_name":"IFG","article_modified_time":"2026-03-06T09:41:28+00:00","og_image":[{"width":1667,"height":1111,"url":"https:\/\/www.ifg.gr\/wp-content\/uploads\/2026\/03\/AILF__1200x800.jpg","type":"image\/jpeg"}],"twitter_card":"summary_large_image","twitter_misc":{"Dur\u00e9e de lecture estim\u00e9e":"2 minutes"},"schema":{"@context":"https:\/\/schema.org","@graph":[{"@type":"WebPage","@id":"https:\/\/www.ifg.gr\/fr\/events\/lilian-thuram-festival-international-litterature-athenes\/","url":"https:\/\/www.ifg.gr\/fr\/events\/lilian-thuram-festival-international-litterature-athenes\/","name":"Lilian Thuram, invit\u00e9 au 1er Festival international de litt\u00e9rature d\u2019Ath\u00e8nes","isPartOf":{"@id":"https:\/\/www.ifg.gr\/#website"},"primaryImageOfPage":{"@id":"https:\/\/www.ifg.gr\/fr\/events\/lilian-thuram-festival-international-litterature-athenes\/#primaryimage"},"image":{"@id":"https:\/\/www.ifg.gr\/fr\/events\/lilian-thuram-festival-international-litterature-athenes\/#primaryimage"},"thumbnailUrl":"https:\/\/www.ifg.gr\/wp-content\/uploads\/2026\/03\/AILF__1200x800.jpg","datePublished":"2026-03-05T15:15:25+00:00","dateModified":"2026-03-06T09:41:28+00:00","description":"Ne ratez pas la rencontre avec une figure de proue du combat pour l\u2019\u00e9galit\u00e9 et contre le racisme, \u00e0 l\u2019occasion de la parution de son dernier ouvrage, \u00ab La Pens\u00e9e blanche \u00bb.","breadcrumb":{"@id":"https:\/\/www.ifg.gr\/fr\/events\/lilian-thuram-festival-international-litterature-athenes\/#breadcrumb"},"inLanguage":"fr-FR","potentialAction":[{"@type":"ReadAction","target":["https:\/\/www.ifg.gr\/fr\/events\/lilian-thuram-festival-international-litterature-athenes\/"]}]},{"@type":"ImageObject","inLanguage":"fr-FR","@id":"https:\/\/www.ifg.gr\/fr\/events\/lilian-thuram-festival-international-litterature-athenes\/#primaryimage","url":"https:\/\/www.ifg.gr\/wp-content\/uploads\/2026\/03\/AILF__1200x800.jpg","contentUrl":"https:\/\/www.ifg.gr\/wp-content\/uploads\/2026\/03\/AILF__1200x800.jpg","width":1667,"height":1111},{"@type":"BreadcrumbList","@id":"https:\/\/www.ifg.gr\/fr\/events\/lilian-thuram-festival-international-litterature-athenes\/#breadcrumb","itemListElement":[{"@type":"ListItem","position":1,"name":"Home","item":"https:\/\/www.ifg.gr\/fr\/ifa\/"},{"@type":"ListItem","position":2,"name":"Events","item":"https:\/\/www.ifg.gr\/events\/"},{"@type":"ListItem","position":3,"name":"Lilian Thuram, invit\u00e9 au 1er Festival international de litt\u00e9rature d\u2019Ath\u00e8nes"}]},{"@type":"WebSite","@id":"https:\/\/www.ifg.gr\/#website","url":"https:\/\/www.ifg.gr\/","name":"IFG","description":"","potentialAction":[{"@type":"SearchAction","target":{"@type":"EntryPoint","urlTemplate":"https:\/\/www.ifg.gr\/?s={search_term_string}"},"query-input":{"@type":"PropertyValueSpecification","valueRequired":true,"valueName":"search_term_string"}}],"inLanguage":"fr-FR"}]}},"_links":{"self":[{"href":"https:\/\/www.ifg.gr\/fr\/wp-json\/wp\/v2\/event\/67185","targetHints":{"allow":["GET"]}}],"collection":[{"href":"https:\/\/www.ifg.gr\/fr\/wp-json\/wp\/v2\/event"}],"about":[{"href":"https:\/\/www.ifg.gr\/fr\/wp-json\/wp\/v2\/types\/event"}],"author":[{"embeddable":true,"href":"https:\/\/www.ifg.gr\/fr\/wp-json\/wp\/v2\/users\/18"}],"version-history":[{"count":6,"href":"https:\/\/www.ifg.gr\/fr\/wp-json\/wp\/v2\/event\/67185\/revisions"}],"predecessor-version":[{"id":67200,"href":"https:\/\/www.ifg.gr\/fr\/wp-json\/wp\/v2\/event\/67185\/revisions\/67200"}],"wp:featuredmedia":[{"embeddable":true,"href":"https:\/\/www.ifg.gr\/fr\/wp-json\/wp\/v2\/media\/67179"}],"wp:attachment":[{"href":"https:\/\/www.ifg.gr\/fr\/wp-json\/wp\/v2\/media?parent=67185"}],"wp:term":[{"taxonomy":"post_tag","embeddable":true,"href":"https:\/\/www.ifg.gr\/fr\/wp-json\/wp\/v2\/tags?post=67185"},{"taxonomy":"event_category","embeddable":true,"href":"https:\/\/www.ifg.gr\/fr\/wp-json\/wp\/v2\/event_category?post=67185"},{"taxonomy":"event_group","embeddable":true,"href":"https:\/\/www.ifg.gr\/fr\/wp-json\/wp\/v2\/event_group?post=67185"}],"curies":[{"name":"wp","href":"https:\/\/api.w.org\/{rel}","templated":true}]}}