{"id":67256,"date":"2026-03-12T16:35:06","date_gmt":"2026-03-12T14:35:06","guid":{"rendered":"https:\/\/www.ifg.gr\/?post_type=event&#038;p=67256"},"modified":"2026-03-30T14:17:20","modified_gmt":"2026-03-30T11:17:20","slug":"26e-festival-du-film-francophone-de-grece","status":"publish","type":"event","link":"https:\/\/www.ifg.gr\/fr\/events\/26e-festival-du-film-francophone-de-grece\/","title":{"rendered":"26e Festival du film francophone de Gr\u00e8ce"},"content":{"rendered":"<p>Le <strong>Festival du film francophone de Gr\u00e8ce<\/strong> revient du <strong>26 mars<\/strong> au<strong> 2 avril<\/strong> <strong>2026 <\/strong>! Pour sa 26e \u00e9dition, le FFF pr\u00e9sentera au public la diversit\u00e9 du cin\u00e9ma francophone \u00e0 <strong>Ath\u00e8nes<\/strong> ainsi qu\u2019\u00e0 <strong>Thessalonique<\/strong>, <strong>Larissa<\/strong>, <strong>Patras <\/strong>et\u00a0<strong>La Can\u00e9e<\/strong>.<\/p>\n<p>Compos\u00e9e de <strong>40 longs m\u00e9trages<\/strong> et de nombreux <strong>\u00e9v\u00e9nements sp\u00e9ciaux<\/strong> (discussions, rencontres, f\u00eates) la programmation du FFF26 permettra au public de d\u00e9couvrir des films r\u00e9cents en avant-premi\u00e8res ainsi que de (re)d\u00e9couvrir des classiques et de rencontrer les cin\u00e9astes et artistes lors de nombreuses rencontres.<\/p>\n<p><a href=\"https:\/\/fff26.gr\/fr\/\" target=\"_blank\" rel=\"noopener\"><strong>D\u00e9couvrez la programmation de cette ann\u00e9e !<\/strong><\/a><\/p>\n<p><a href=\"https:\/\/www.ifg.gr\/wp-content\/uploads\/2026\/03\/FFF26_Programme_Web_17_03-2.pdf\" target=\"_blank\" rel=\"noopener\"><strong>T\u00e9l\u00e9chargez le PDF du programme journalier ici !<\/strong><\/a><\/p>\n<hr \/>\n<h3>L&rsquo;identit\u00e9 visuelle du Festival<\/h3>\n<p>L&rsquo;affiche et l\u2019identit\u00e9 graphique globale du FFF26 ont \u00e9t\u00e9 confi\u00e9s \u00e0 <strong><a href=\"http:\/\/www.thebirthdaysdesign.com\/\" target=\"_blank\" rel=\"noopener\">The Birthdays Design<\/a> !<\/strong><\/p>\n<p><em>\u00ab Le cin\u00e9ma est un agr\u00e9gat d\u2019empreintes. Empreintes d\u2019\u00eatres humains, de corps, de voix, de mains. De la premi\u00e8re empreinte sur le papier d\u2019un sc\u00e9nario, jusqu\u2019\u00e0 la cr\u00e9ation des costumes et des d\u00e9cors. L\u2019identit\u00e9 visuelle de cette \u00e9dition du festival est compos\u00e9e d\u2019empreintes digitales qui se d\u00e9multiplient et coexistent. Chaque empreinte est diff\u00e9rente, est unique, mais, toutes ensemble, forment une image collective.<\/em><\/p>\n<p><em>La technologie peut reproduire des formes, mais ne peut pas reproduire les frictions humaines \u2013 l\u2019erreur, la pression, la tension du contact. L\u2019empreinte t\u00e9moigne d\u2019une pr\u00e9sence r\u00e9elle. De la m\u00eame mani\u00e8re, le festival, tout comme les films qu\u2019il accueille, porte les marques de tous ceux qui le composent et le con\u00e7oivent. Il s\u2019agit avant tout d\u2019une rencontre d\u2019\u00eatres humains, d\u2019un processus d\u2019engagement physique et \u00e9motionnel \u2013 et ce qui reste, en fin de compte, n\u2019est pas seulement l\u2019image, mais aussi la trace qu\u2019elle laisse en nous. <\/em><em>\u00bb<\/em><\/p>\n<p><strong>The Birthdays Design<\/strong><\/p>\n<hr \/>\n<h3>La bande-annonce du festival<\/h3>\n<p>Chaque ann\u00e9e, le festival confie \u00e0 un.e cin\u00e9aste la r\u00e9alisation de sa bande-annonce. Cette ann\u00e9e, celle-ci est sign\u00e9e par <strong>In\u00e8s Perot<\/strong>.<\/p>\n<p><strong>Note de la r\u00e9alisatrice<\/strong><br \/>\n<em>\u00abAu-del\u00e0 de son soleil, ses plages, ses go\u00fbts et ses odeurs, la M\u00e9diterran\u00e9e rassemble, jeunes et anciens, autour de traditions et de moments simples, qui nous rappellent ce qui nous relie.<\/em><br \/>\n<em>Autour d\u2019un match de p\u00e9tanque, ce jeu typiquement m\u00e9diterran\u00e9en, les g\u00e9n\u00e9rations se retrouvent. Les gestes se transmettent et un simple moment dans un parc devient le reflet d\u2019une culture de partage.\u00bb<\/em><\/p>\n<p><strong>Bio<\/strong><br \/>\nIn\u00e8s Perot est une r\u00e9alisatrice franco-grecque, elle a \u00e9tudi\u00e9 le th\u00e9\u00e2tre et les Arts du spectacle \u00e0 l\u2019Universit\u00e9 Paul Val\u00e9ry Montpellier 3 en France et \u00e0 la Facult\u00e9 des arts de Prague en R\u00e9publique Tch\u00e8que. En 2021, elle retourne \u00e0 Ath\u00e8nes pour \u00e9tudier la r\u00e9alisation \u00e0 l\u2019\u00e9cole Stavrakos, tout en travaillant sur des tournages en tant qu\u2019assistante r\u00e9alisatrice.<br \/>\nSon court m\u00e9trage de fin d\u2019\u00e9tudes, The life cycle of Cicadas (2025), a re\u00e7u la Mention sp\u00e9ciale du jury \u00e0 la 48e \u00e9dition du Drama International Short Film Festival et poursuit actuellement sa tourn\u00e9e dans des festivals internationaux.<br \/>\nSon nouveau sc\u00e9nario, Melpo, a \u00e9t\u00e9 s\u00e9lectionn\u00e9 dans plusieurs script &amp; pitch labs internationaux, o\u00f9 il a re\u00e7u de nombreuses distinctions. Le projet est actuellement en phase de pr\u00e9-production.<\/p>\n<p><strong>Equipe<\/strong><br \/>\nSc\u00e9nario, R\u00e9alisation : In\u00e8s Perot<br \/>\nDirection de la photographie : Dimitris Lambridis<\/p>\n<p>1er assistant r\u00e9alisatrice : Nikolas Kasinos<br \/>\n2\u00e8me assistante r\u00e9alisatrice : Anna Papadopoulou<\/p>\n<p>Production Manager : Dana\u00e9 Deshayes<br \/>\nAssistant de production : Giorgos Gandias<\/p>\n<p>1er assistant cam\u00e9ra : Simon Prasinos<br \/>\n2e assistant cam\u00e9ra : Xanthe Gkesouli<br \/>\nGaffer: Dimitris Mavrogiannis<br \/>\nChef machiniste : Konstantinos Charatzoglou<\/p>\n<p>D\u00e9cors &amp; Costumes: Theano Tragaziki<br \/>\nMake-up artist : Michele Ivanoff<br \/>\nDirectrice de casting : Valentini Dafnouli<br \/>\nMontage : Nikolas Kasinos<br \/>\nSound Design: Filipos Manessis<br \/>\n\u00c9talonnage : Manthos Sardis<br \/>\nPost Production producer: Katerina Lambrou<\/p>\n<p><strong>Cast<\/strong> : Periklis Koutsoukis, Szigeti Janos, Yussuf Ozoemir, Meropi Koutsouki, Andonis Iliakis, Stelios Ligidakis, Athina Katsoni, Gina Argiropoulou, Nikos Georgopanos, Thanassis Tzoumas, George Perot, Anna Jacovidis, Aimilia Giakoumopoulos, George Gkadias, Christos &amp; Maria Mouratidis, Giorgos, Manos.<\/p>\n<p><strong>Chanson \u00a0\u00bb Pourquoi tu cries \u00ab\u00a0<\/strong><br \/>\nCompositeurs : Apostolos Kaldaras, Johan Papaconstantino<br \/>\n(c) EMI MUSIC PUBLISHING FRANCE SA \/ SAVOIR FAIRE \/ **co\u00e9diteur<br \/>\nAvec l&rsquo;aimable autorisation de EMI Music Publishing et Protasis Music Publishing Greece \/ **co\u00e9diteur<\/p>\n<p><strong>Chaleureux remerciements pour leur pr\u00e9cieuse aide \u00e0\u00a0<\/strong><br \/>\nPETA \u2013 Association de petanque de Pedion tou Areos<br \/>\nLa famille Georgoutsos pour la mise \u00e0 disposition de la voiture Opel<br \/>\nHappy People Agency<br \/>\nKostas Kaldaras<\/p>\n<hr \/>\n<p><img loading=\"lazy\" decoding=\"async\" class=\"alignnone size-full wp-image-67250\" src=\"https:\/\/www.ifg.gr\/wp-content\/uploads\/2026\/03\/FFF26_MAIN_1440X1080-scaled.jpg\" alt=\"\" width=\"1920\" height=\"2560\" srcset=\"https:\/\/www.ifg.gr\/wp-content\/uploads\/2026\/03\/FFF26_MAIN_1440X1080-scaled.jpg 1920w, https:\/\/www.ifg.gr\/wp-content\/uploads\/2026\/03\/FFF26_MAIN_1440X1080-768x1024.jpg 768w, https:\/\/www.ifg.gr\/wp-content\/uploads\/2026\/03\/FFF26_MAIN_1440X1080-1152x1536.jpg 1152w, https:\/\/www.ifg.gr\/wp-content\/uploads\/2026\/03\/FFF26_MAIN_1440X1080-1536x2048.jpg 1536w, https:\/\/www.ifg.gr\/wp-content\/uploads\/2026\/03\/FFF26_MAIN_1440X1080-750x1000.jpg 750w, https:\/\/www.ifg.gr\/wp-content\/uploads\/2026\/03\/FFF26_MAIN_1440X1080-98x130.jpg 98w\" sizes=\"auto, (max-width: 1920px) 100vw, 1920px\" \/><\/p>\n","protected":false},"excerpt":{"rendered":"<p>Derniers jours de festival ! D\u00e9couvrez le meilleur du cin\u00e9ma francophone du 26 mars au 2 avril 2026.<\/p>\n","protected":false},"author":18,"featured_media":67241,"template":"","tags":[2048,1629,1613,1614,1428,1427],"event_category":[874],"event_group":[881],"class_list":["post-67256","event","type-event","status-publish","has-post-thumbnail","hentry","tag-fff26","tag-fff-fr","tag-festival-du-film-francophone-fr","tag-festival-gallofonou-kinimatografou-ellados-fr","tag-cinema","tag-kinimatografos-fr","event_category-cinema","event_group-festival-du-film-francophone-de-grece"],"acf":{"sponsors_default":false,"info_title":"","info_text":"","date_range":{"start":"26\/03\/2026","end":"02\/04\/2026","cancelled":false,"note":"","start_time":"","end_time":""},"details":{"location":"<p>Ath\u00e8nes : Danaos, Astor, Auditorium Theo Angelopoulos de l\u2019IFG, Fondation B & E Goulandris, Cin\u00e9math\u00e8que de Gr\u00e8ce (Tainiothiki tis Ellados)<\/p>\n<p>Thessalonique : Stavros Tornes <\/p>\n<p>Patras : Pantheon<\/p>\n<p>Larissa : Victoria Cinemas<\/p>\n<p>La Can\u00e9e : Attikon<\/p>\n","hyperlink1a":{"text":"FFF26 site officiel","link":"https:\/\/fff26.gr\/"},"price":"Sur le site officiel du festival","hyperlink2a":{"text":"","link":""},"online_event":false,"live_streaming":false,"live_streaming_code":"","facebook_url":"https:\/\/www.facebook.com\/events\/1498623328618170\/","hyperlink":{"text":"","link":""},"hyperlink2":{"text":"","link":""},"hyperlink3":{"text":"","link":""},"press_release":false},"featured_image_credits":"","home_slider_image":{"ID":67243,"id":67243,"title":"BANNER_WEB-IFG_1300x768px","filename":"BANNER_WEB-IFG_1300x768px.jpg","filesize":1179176,"url":"https:\/\/www.ifg.gr\/wp-content\/uploads\/2026\/03\/BANNER_WEB-IFG_1300x768px.jpg","link":"https:\/\/www.ifg.gr\/fr\/events\/26e-festival-du-film-francophone-de-grece\/banner_web-ifg_1300x768px-2\/","alt":"","author":"18","description":"","caption":"","name":"banner_web-ifg_1300x768px-2","status":"inherit","uploaded_to":67256,"date":"2026-03-11 09:33:35","modified":"2026-03-11 09:33:35","menu_order":0,"mime_type":"image\/jpeg","type":"image","subtype":"jpeg","icon":"https:\/\/www.ifg.gr\/wp-includes\/images\/media\/default.png","width":1300,"height":768,"sizes":{"thumbnail":"https:\/\/www.ifg.gr\/wp-content\/uploads\/2026\/03\/BANNER_WEB-IFG_1300x768px.jpg","thumbnail-width":150,"thumbnail-height":89,"medium":"https:\/\/www.ifg.gr\/wp-content\/uploads\/2026\/03\/BANNER_WEB-IFG_1300x768px.jpg","medium-width":300,"medium-height":177,"medium_large":"https:\/\/www.ifg.gr\/wp-content\/uploads\/2026\/03\/BANNER_WEB-IFG_1300x768px-768x454.jpg","medium_large-width":640,"medium_large-height":378,"large":"https:\/\/www.ifg.gr\/wp-content\/uploads\/2026\/03\/BANNER_WEB-IFG_1300x768px.jpg","large-width":640,"large-height":378,"1536x1536":"https:\/\/www.ifg.gr\/wp-content\/uploads\/2026\/03\/BANNER_WEB-IFG_1300x768px.jpg","1536x1536-width":1300,"1536x1536-height":768,"2048x2048":"https:\/\/www.ifg.gr\/wp-content\/uploads\/2026\/03\/BANNER_WEB-IFG_1300x768px.jpg","2048x2048-width":1300,"2048x2048-height":768,"full-width":"https:\/\/www.ifg.gr\/wp-content\/uploads\/2026\/03\/BANNER_WEB-IFG_1300x768px.jpg","full-width-width":1300,"full-width-height":768,"sidebar":"https:\/\/www.ifg.gr\/wp-content\/uploads\/2026\/03\/BANNER_WEB-IFG_1300x768px.jpg","sidebar-width":1300,"sidebar-height":768,"thumb-sm":"https:\/\/www.ifg.gr\/wp-content\/uploads\/2026\/03\/BANNER_WEB-IFG_1300x768px-220x130.jpg","thumb-sm-width":220,"thumb-sm-height":130,"thumb-square":"https:\/\/www.ifg.gr\/wp-content\/uploads\/2026\/03\/BANNER_WEB-IFG_1300x768px-500x500.jpg","thumb-square-width":500,"thumb-square-height":500,"thumb-big":"https:\/\/www.ifg.gr\/wp-content\/uploads\/2026\/03\/BANNER_WEB-IFG_1300x768px-600x400.jpg","thumb-big-width":600,"thumb-big-height":400,"slider-big":"https:\/\/www.ifg.gr\/wp-content\/uploads\/2026\/03\/BANNER_WEB-IFG_1300x768px.jpg","slider-big-width":1300,"slider-big-height":768}},"sponsors_group":false,"layout":false},"yoast_head":"<!-- This site is optimized with the Yoast SEO plugin v26.8 - https:\/\/yoast.com\/product\/yoast-seo-wordpress\/ -->\n<title>26e Festival du film francophone de Gr\u00e8ce<\/title>\n<meta name=\"description\" content=\"Derniers jours de festival ! D\u00e9couvrez le meilleur du cin\u00e9ma francophone du 26 mars au 2 avril 2026.\" \/>\n<meta name=\"robots\" content=\"index, follow, max-snippet:-1, max-image-preview:large, max-video-preview:-1\" \/>\n<link rel=\"canonical\" href=\"https:\/\/www.ifg.gr\/fr\/events\/26e-festival-du-film-francophone-de-grece\/\" \/>\n<meta property=\"og:locale\" content=\"fr_FR\" \/>\n<meta property=\"og:type\" content=\"article\" \/>\n<meta property=\"og:title\" content=\"26e Festival du film francophone de Gr\u00e8ce\" \/>\n<meta property=\"og:description\" content=\"Derniers jours de festival ! D\u00e9couvrez le meilleur du cin\u00e9ma francophone du 26 mars au 2 avril 2026.\" \/>\n<meta property=\"og:url\" content=\"https:\/\/www.ifg.gr\/fr\/events\/26e-festival-du-film-francophone-de-grece\/\" \/>\n<meta property=\"og:site_name\" content=\"IFG\" \/>\n<meta property=\"article:modified_time\" content=\"2026-03-30T11:17:20+00:00\" \/>\n<meta property=\"og:image\" content=\"https:\/\/www.ifg.gr\/wp-content\/uploads\/2026\/03\/BANNER_WEB-IFG_1200x800px.jpg\" \/>\n\t<meta property=\"og:image:width\" content=\"1200\" \/>\n\t<meta property=\"og:image:height\" content=\"800\" \/>\n\t<meta property=\"og:image:type\" content=\"image\/jpeg\" \/>\n<meta name=\"twitter:card\" content=\"summary_large_image\" \/>\n<meta name=\"twitter:label1\" content=\"Dur\u00e9e de lecture estim\u00e9e\" \/>\n\t<meta name=\"twitter:data1\" content=\"4 minutes\" \/>\n<script type=\"application\/ld+json\" class=\"yoast-schema-graph\">{\"@context\":\"https:\/\/schema.org\",\"@graph\":[{\"@type\":\"WebPage\",\"@id\":\"https:\/\/www.ifg.gr\/fr\/events\/26e-festival-du-film-francophone-de-grece\/\",\"url\":\"https:\/\/www.ifg.gr\/fr\/events\/26e-festival-du-film-francophone-de-grece\/\",\"name\":\"26e Festival du film francophone de Gr\u00e8ce\",\"isPartOf\":{\"@id\":\"https:\/\/www.ifg.gr\/#website\"},\"primaryImageOfPage\":{\"@id\":\"https:\/\/www.ifg.gr\/fr\/events\/26e-festival-du-film-francophone-de-grece\/#primaryimage\"},\"image\":{\"@id\":\"https:\/\/www.ifg.gr\/fr\/events\/26e-festival-du-film-francophone-de-grece\/#primaryimage\"},\"thumbnailUrl\":\"https:\/\/www.ifg.gr\/wp-content\/uploads\/2026\/03\/BANNER_WEB-IFG_1200x800px.jpg\",\"datePublished\":\"2026-03-12T14:35:06+00:00\",\"dateModified\":\"2026-03-30T11:17:20+00:00\",\"description\":\"Derniers jours de festival ! D\u00e9couvrez le meilleur du cin\u00e9ma francophone du 26 mars au 2 avril 2026.\",\"breadcrumb\":{\"@id\":\"https:\/\/www.ifg.gr\/fr\/events\/26e-festival-du-film-francophone-de-grece\/#breadcrumb\"},\"inLanguage\":\"fr-FR\",\"potentialAction\":[{\"@type\":\"ReadAction\",\"target\":[\"https:\/\/www.ifg.gr\/fr\/events\/26e-festival-du-film-francophone-de-grece\/\"]}]},{\"@type\":\"ImageObject\",\"inLanguage\":\"fr-FR\",\"@id\":\"https:\/\/www.ifg.gr\/fr\/events\/26e-festival-du-film-francophone-de-grece\/#primaryimage\",\"url\":\"https:\/\/www.ifg.gr\/wp-content\/uploads\/2026\/03\/BANNER_WEB-IFG_1200x800px.jpg\",\"contentUrl\":\"https:\/\/www.ifg.gr\/wp-content\/uploads\/2026\/03\/BANNER_WEB-IFG_1200x800px.jpg\",\"width\":1200,\"height\":800},{\"@type\":\"BreadcrumbList\",\"@id\":\"https:\/\/www.ifg.gr\/fr\/events\/26e-festival-du-film-francophone-de-grece\/#breadcrumb\",\"itemListElement\":[{\"@type\":\"ListItem\",\"position\":1,\"name\":\"Home\",\"item\":\"https:\/\/www.ifg.gr\/fr\/\"},{\"@type\":\"ListItem\",\"position\":2,\"name\":\"Events\",\"item\":\"https:\/\/www.ifg.gr\/events\/\"},{\"@type\":\"ListItem\",\"position\":3,\"name\":\"26e Festival du film francophone de Gr\u00e8ce\"}]},{\"@type\":\"WebSite\",\"@id\":\"https:\/\/www.ifg.gr\/#website\",\"url\":\"https:\/\/www.ifg.gr\/\",\"name\":\"IFG\",\"description\":\"\",\"potentialAction\":[{\"@type\":\"SearchAction\",\"target\":{\"@type\":\"EntryPoint\",\"urlTemplate\":\"https:\/\/www.ifg.gr\/?s={search_term_string}\"},\"query-input\":{\"@type\":\"PropertyValueSpecification\",\"valueRequired\":true,\"valueName\":\"search_term_string\"}}],\"inLanguage\":\"fr-FR\"}]}<\/script>\n<!-- \/ Yoast SEO plugin. -->","yoast_head_json":{"title":"26e Festival du film francophone de Gr\u00e8ce","description":"Derniers jours de festival ! D\u00e9couvrez le meilleur du cin\u00e9ma francophone du 26 mars au 2 avril 2026.","robots":{"index":"index","follow":"follow","max-snippet":"max-snippet:-1","max-image-preview":"max-image-preview:large","max-video-preview":"max-video-preview:-1"},"canonical":"https:\/\/www.ifg.gr\/fr\/events\/26e-festival-du-film-francophone-de-grece\/","og_locale":"fr_FR","og_type":"article","og_title":"26e Festival du film francophone de Gr\u00e8ce","og_description":"Derniers jours de festival ! D\u00e9couvrez le meilleur du cin\u00e9ma francophone du 26 mars au 2 avril 2026.","og_url":"https:\/\/www.ifg.gr\/fr\/events\/26e-festival-du-film-francophone-de-grece\/","og_site_name":"IFG","article_modified_time":"2026-03-30T11:17:20+00:00","og_image":[{"width":1200,"height":800,"url":"https:\/\/www.ifg.gr\/wp-content\/uploads\/2026\/03\/BANNER_WEB-IFG_1200x800px.jpg","type":"image\/jpeg"}],"twitter_card":"summary_large_image","twitter_misc":{"Dur\u00e9e de lecture estim\u00e9e":"4 minutes"},"schema":{"@context":"https:\/\/schema.org","@graph":[{"@type":"WebPage","@id":"https:\/\/www.ifg.gr\/fr\/events\/26e-festival-du-film-francophone-de-grece\/","url":"https:\/\/www.ifg.gr\/fr\/events\/26e-festival-du-film-francophone-de-grece\/","name":"26e Festival du film francophone de Gr\u00e8ce","isPartOf":{"@id":"https:\/\/www.ifg.gr\/#website"},"primaryImageOfPage":{"@id":"https:\/\/www.ifg.gr\/fr\/events\/26e-festival-du-film-francophone-de-grece\/#primaryimage"},"image":{"@id":"https:\/\/www.ifg.gr\/fr\/events\/26e-festival-du-film-francophone-de-grece\/#primaryimage"},"thumbnailUrl":"https:\/\/www.ifg.gr\/wp-content\/uploads\/2026\/03\/BANNER_WEB-IFG_1200x800px.jpg","datePublished":"2026-03-12T14:35:06+00:00","dateModified":"2026-03-30T11:17:20+00:00","description":"Derniers jours de festival ! D\u00e9couvrez le meilleur du cin\u00e9ma francophone du 26 mars au 2 avril 2026.","breadcrumb":{"@id":"https:\/\/www.ifg.gr\/fr\/events\/26e-festival-du-film-francophone-de-grece\/#breadcrumb"},"inLanguage":"fr-FR","potentialAction":[{"@type":"ReadAction","target":["https:\/\/www.ifg.gr\/fr\/events\/26e-festival-du-film-francophone-de-grece\/"]}]},{"@type":"ImageObject","inLanguage":"fr-FR","@id":"https:\/\/www.ifg.gr\/fr\/events\/26e-festival-du-film-francophone-de-grece\/#primaryimage","url":"https:\/\/www.ifg.gr\/wp-content\/uploads\/2026\/03\/BANNER_WEB-IFG_1200x800px.jpg","contentUrl":"https:\/\/www.ifg.gr\/wp-content\/uploads\/2026\/03\/BANNER_WEB-IFG_1200x800px.jpg","width":1200,"height":800},{"@type":"BreadcrumbList","@id":"https:\/\/www.ifg.gr\/fr\/events\/26e-festival-du-film-francophone-de-grece\/#breadcrumb","itemListElement":[{"@type":"ListItem","position":1,"name":"Home","item":"https:\/\/www.ifg.gr\/fr\/"},{"@type":"ListItem","position":2,"name":"Events","item":"https:\/\/www.ifg.gr\/events\/"},{"@type":"ListItem","position":3,"name":"26e Festival du film francophone de Gr\u00e8ce"}]},{"@type":"WebSite","@id":"https:\/\/www.ifg.gr\/#website","url":"https:\/\/www.ifg.gr\/","name":"IFG","description":"","potentialAction":[{"@type":"SearchAction","target":{"@type":"EntryPoint","urlTemplate":"https:\/\/www.ifg.gr\/?s={search_term_string}"},"query-input":{"@type":"PropertyValueSpecification","valueRequired":true,"valueName":"search_term_string"}}],"inLanguage":"fr-FR"}]}},"_links":{"self":[{"href":"https:\/\/www.ifg.gr\/fr\/wp-json\/wp\/v2\/event\/67256","targetHints":{"allow":["GET"]}}],"collection":[{"href":"https:\/\/www.ifg.gr\/fr\/wp-json\/wp\/v2\/event"}],"about":[{"href":"https:\/\/www.ifg.gr\/fr\/wp-json\/wp\/v2\/types\/event"}],"author":[{"embeddable":true,"href":"https:\/\/www.ifg.gr\/fr\/wp-json\/wp\/v2\/users\/18"}],"version-history":[{"count":12,"href":"https:\/\/www.ifg.gr\/fr\/wp-json\/wp\/v2\/event\/67256\/revisions"}],"predecessor-version":[{"id":67308,"href":"https:\/\/www.ifg.gr\/fr\/wp-json\/wp\/v2\/event\/67256\/revisions\/67308"}],"wp:featuredmedia":[{"embeddable":true,"href":"https:\/\/www.ifg.gr\/fr\/wp-json\/wp\/v2\/media\/67241"}],"wp:attachment":[{"href":"https:\/\/www.ifg.gr\/fr\/wp-json\/wp\/v2\/media?parent=67256"}],"wp:term":[{"taxonomy":"post_tag","embeddable":true,"href":"https:\/\/www.ifg.gr\/fr\/wp-json\/wp\/v2\/tags?post=67256"},{"taxonomy":"event_category","embeddable":true,"href":"https:\/\/www.ifg.gr\/fr\/wp-json\/wp\/v2\/event_category?post=67256"},{"taxonomy":"event_group","embeddable":true,"href":"https:\/\/www.ifg.gr\/fr\/wp-json\/wp\/v2\/event_group?post=67256"}],"curies":[{"name":"wp","href":"https:\/\/api.w.org\/{rel}","templated":true}]}}