{"id":67501,"date":"2026-04-27T16:38:58","date_gmt":"2026-04-27T13:38:58","guid":{"rendered":"https:\/\/www.ifg.gr\/events\/seira-exei-o-molieros-ellines-mathites-galliko-theatro\/"},"modified":"2026-04-27T16:43:23","modified_gmt":"2026-04-27T13:43:23","slug":"place-a-moliere-collegiens-grecs-theatre-francais","status":"publish","type":"event","link":"https:\/\/www.ifg.gr\/fr\/events\/place-a-moliere-collegiens-grecs-theatre-francais\/","title":{"rendered":"\u00ab Place \u00e0 Moli\u00e8re \u00bb : quand les coll\u00e9giens grecs font vibrer le th\u00e9\u00e2tre fran\u00e7ais !"},"content":{"rendered":"<p>L\u2019Institut fran\u00e7ais de Gr\u00e8ce, le 2e coll\u00e8ge pilote d\u2019Ath\u00e8nes, le lyc\u00e9e pilote Zanneio du Pir\u00e9e, le lyc\u00e9e g\u00e9n\u00e9ral de Kallipolis et le coll\u00e8ge pilote d\u2019Anavryta de Maroussi ont le plaisir de pr\u00e9senter le festival <strong>\u00ab Place \u00e0 Moli\u00e8re \u00bb : quand les coll\u00e9giens grecs font vibrer le th\u00e9\u00e2tre fran\u00e7ais<\/strong> !<\/p>\n<p>Venez \u00e9couter et red\u00e9couvrir trois pi\u00e8ces embl\u00e9matiques,<em> Le Malade Imaginaire<\/em>, <em>Th\u00e8ses et antith\u00e8ses sur le Misanthrope<\/em> et <em>Tartuffe revisit\u00e9<\/em>, port\u00e9es par des \u00e9l\u00e8ves avec \u00e9nergie, humour et audace.<\/p>\n<h3>Une rencontre vivante entre langue, culture et cr\u00e9ation.<\/h3>\n<p><img loading=\"lazy\" decoding=\"async\" class=\"alignnone size-full wp-image-67498\" src=\"https:\/\/www.ifg.gr\/wp-content\/uploads\/2026\/04\/MOLIERE_THEATRE_post.jpg\" alt=\"\" width=\"1500\" height=\"1875\" srcset=\"https:\/\/www.ifg.gr\/wp-content\/uploads\/2026\/04\/MOLIERE_THEATRE_post.jpg 1500w, https:\/\/www.ifg.gr\/wp-content\/uploads\/2026\/04\/MOLIERE_THEATRE_post-768x960.jpg 768w, https:\/\/www.ifg.gr\/wp-content\/uploads\/2026\/04\/MOLIERE_THEATRE_post-1229x1536.jpg 1229w, https:\/\/www.ifg.gr\/wp-content\/uploads\/2026\/04\/MOLIERE_THEATRE_post-800x1000.jpg 800w, https:\/\/www.ifg.gr\/wp-content\/uploads\/2026\/04\/MOLIERE_THEATRE_post-104x130.jpg 104w\" sizes=\"auto, (max-width: 1500px) 100vw, 1500px\" \/><\/p>\n","protected":false},"excerpt":{"rendered":"<p>Red\u00e9couvrez trois pi\u00e8ces embl\u00e9matiques de Moli\u00e8re, port\u00e9es par des \u00e9l\u00e8ves avec \u00e9nergie, humour et audace !<\/p>\n","protected":false},"author":18,"featured_media":67495,"template":"","tags":[1034,1037],"event_category":[872],"event_group":[],"class_list":["post-67501","event","type-event","status-publish","has-post-thumbnail","hentry","tag-theatro-fr","tag-theatre","event_category-spectacle-vivant"],"acf":{"sponsors_default":false,"info_title":"","info_text":"","date_range":{"start":"04\/05\/2026","end":"","cancelled":false,"note":"","start_time":"17:30","end_time":""},"details":{"location":"<p>Auditorium Th\u00e9o Angelopoulos<br \/>\nInstitut Fran\u00e7ais de Gr\u00e8ce<\/p>\n","hyperlink1a":{"text":"","link":""},"price":"Entr\u00e9e libre","hyperlink2a":{"text":"","link":""},"online_event":false,"live_streaming":false,"live_streaming_code":"","facebook_url":"","hyperlink":{"text":"","link":""},"hyperlink2":{"text":"","link":""},"hyperlink3":{"text":"","link":""},"press_release":false},"featured_image_credits":"","home_slider_image":{"ID":67497,"id":67497,"title":"MOLIERE_THEATRE_1300x768","filename":"MOLIERE_THEATRE_1300x768.jpg","filesize":567896,"url":"https:\/\/www.ifg.gr\/wp-content\/uploads\/2026\/04\/MOLIERE_THEATRE_1300x768.jpg","link":"https:\/\/www.ifg.gr\/fr\/events\/place-a-moliere-collegiens-grecs-theatre-francais\/moliere_theatre_1300x768-2\/","alt":"","author":"18","description":"","caption":"","name":"moliere_theatre_1300x768-2","status":"inherit","uploaded_to":67501,"date":"2026-04-27 13:26:35","modified":"2026-04-27 13:26:35","menu_order":0,"mime_type":"image\/jpeg","type":"image","subtype":"jpeg","icon":"https:\/\/www.ifg.gr\/wp-includes\/images\/media\/default.png","width":1806,"height":1067,"sizes":{"thumbnail":"https:\/\/www.ifg.gr\/wp-content\/uploads\/2026\/04\/MOLIERE_THEATRE_1300x768.jpg","thumbnail-width":150,"thumbnail-height":89,"medium":"https:\/\/www.ifg.gr\/wp-content\/uploads\/2026\/04\/MOLIERE_THEATRE_1300x768.jpg","medium-width":300,"medium-height":177,"medium_large":"https:\/\/www.ifg.gr\/wp-content\/uploads\/2026\/04\/MOLIERE_THEATRE_1300x768-768x454.jpg","medium_large-width":640,"medium_large-height":378,"large":"https:\/\/www.ifg.gr\/wp-content\/uploads\/2026\/04\/MOLIERE_THEATRE_1300x768.jpg","large-width":640,"large-height":378,"1536x1536":"https:\/\/www.ifg.gr\/wp-content\/uploads\/2026\/04\/MOLIERE_THEATRE_1300x768-1536x907.jpg","1536x1536-width":1536,"1536x1536-height":907,"2048x2048":"https:\/\/www.ifg.gr\/wp-content\/uploads\/2026\/04\/MOLIERE_THEATRE_1300x768.jpg","2048x2048-width":1806,"2048x2048-height":1067,"full-width":"https:\/\/www.ifg.gr\/wp-content\/uploads\/2026\/04\/MOLIERE_THEATRE_1300x768.jpg","full-width-width":1806,"full-width-height":1067,"sidebar":"https:\/\/www.ifg.gr\/wp-content\/uploads\/2026\/04\/MOLIERE_THEATRE_1300x768-1693x1000.jpg","sidebar-width":1693,"sidebar-height":1000,"thumb-sm":"https:\/\/www.ifg.gr\/wp-content\/uploads\/2026\/04\/MOLIERE_THEATRE_1300x768-220x130.jpg","thumb-sm-width":220,"thumb-sm-height":130,"thumb-square":"https:\/\/www.ifg.gr\/wp-content\/uploads\/2026\/04\/MOLIERE_THEATRE_1300x768-500x500.jpg","thumb-square-width":500,"thumb-square-height":500,"thumb-big":"https:\/\/www.ifg.gr\/wp-content\/uploads\/2026\/04\/MOLIERE_THEATRE_1300x768-600x400.jpg","thumb-big-width":600,"thumb-big-height":400,"slider-big":"https:\/\/www.ifg.gr\/wp-content\/uploads\/2026\/04\/MOLIERE_THEATRE_1300x768-1315x768.jpg","slider-big-width":1315,"slider-big-height":768}},"sponsors_group":false,"layout":false},"yoast_head":"<!-- This site is optimized with the Yoast SEO plugin v26.8 - https:\/\/yoast.com\/product\/yoast-seo-wordpress\/ -->\n<title>\u00ab Place \u00e0 Moli\u00e8re \u00bb : quand les coll\u00e9giens grecs font vibrer le th\u00e9\u00e2tre fran\u00e7ais !<\/title>\n<meta name=\"description\" content=\"Red\u00e9couvrez trois pi\u00e8ces embl\u00e9matiques de Moli\u00e8re, port\u00e9es par des \u00e9l\u00e8ves avec \u00e9nergie, humour et audace !\" \/>\n<meta name=\"robots\" content=\"index, follow, max-snippet:-1, max-image-preview:large, max-video-preview:-1\" \/>\n<link rel=\"canonical\" href=\"https:\/\/www.ifg.gr\/fr\/events\/place-a-moliere-collegiens-grecs-theatre-francais\/\" \/>\n<meta property=\"og:locale\" content=\"fr_FR\" \/>\n<meta property=\"og:type\" content=\"article\" \/>\n<meta property=\"og:title\" content=\"\u00ab Place \u00e0 Moli\u00e8re \u00bb : quand les coll\u00e9giens grecs font vibrer le th\u00e9\u00e2tre fran\u00e7ais !\" \/>\n<meta property=\"og:description\" content=\"Red\u00e9couvrez trois pi\u00e8ces embl\u00e9matiques de Moli\u00e8re, port\u00e9es par des \u00e9l\u00e8ves avec \u00e9nergie, humour et audace !\" \/>\n<meta property=\"og:url\" content=\"https:\/\/www.ifg.gr\/fr\/events\/place-a-moliere-collegiens-grecs-theatre-francais\/\" \/>\n<meta property=\"og:site_name\" content=\"IFG\" \/>\n<meta property=\"article:modified_time\" content=\"2026-04-27T13:43:23+00:00\" \/>\n<meta property=\"og:image\" content=\"https:\/\/www.ifg.gr\/wp-content\/uploads\/2026\/04\/MOLIERE_THEATRE__1200x800.jpg\" \/>\n\t<meta property=\"og:image:width\" content=\"1667\" \/>\n\t<meta property=\"og:image:height\" content=\"1111\" \/>\n\t<meta property=\"og:image:type\" content=\"image\/jpeg\" \/>\n<meta name=\"twitter:card\" content=\"summary_large_image\" \/>\n<meta name=\"twitter:label1\" content=\"Dur\u00e9e de lecture estim\u00e9e\" \/>\n\t<meta name=\"twitter:data1\" content=\"1 minute\" \/>\n<script type=\"application\/ld+json\" class=\"yoast-schema-graph\">{\"@context\":\"https:\/\/schema.org\",\"@graph\":[{\"@type\":\"WebPage\",\"@id\":\"https:\/\/www.ifg.gr\/fr\/events\/place-a-moliere-collegiens-grecs-theatre-francais\/\",\"url\":\"https:\/\/www.ifg.gr\/fr\/events\/place-a-moliere-collegiens-grecs-theatre-francais\/\",\"name\":\"\u00ab Place \u00e0 Moli\u00e8re \u00bb : quand les coll\u00e9giens grecs font vibrer le th\u00e9\u00e2tre fran\u00e7ais !\",\"isPartOf\":{\"@id\":\"https:\/\/www.ifg.gr\/#website\"},\"primaryImageOfPage\":{\"@id\":\"https:\/\/www.ifg.gr\/fr\/events\/place-a-moliere-collegiens-grecs-theatre-francais\/#primaryimage\"},\"image\":{\"@id\":\"https:\/\/www.ifg.gr\/fr\/events\/place-a-moliere-collegiens-grecs-theatre-francais\/#primaryimage\"},\"thumbnailUrl\":\"https:\/\/www.ifg.gr\/wp-content\/uploads\/2026\/04\/MOLIERE_THEATRE__1200x800.jpg\",\"datePublished\":\"2026-04-27T13:38:58+00:00\",\"dateModified\":\"2026-04-27T13:43:23+00:00\",\"description\":\"Red\u00e9couvrez trois pi\u00e8ces embl\u00e9matiques de Moli\u00e8re, port\u00e9es par des \u00e9l\u00e8ves avec \u00e9nergie, humour et audace !\",\"breadcrumb\":{\"@id\":\"https:\/\/www.ifg.gr\/fr\/events\/place-a-moliere-collegiens-grecs-theatre-francais\/#breadcrumb\"},\"inLanguage\":\"fr-FR\",\"potentialAction\":[{\"@type\":\"ReadAction\",\"target\":[\"https:\/\/www.ifg.gr\/fr\/events\/place-a-moliere-collegiens-grecs-theatre-francais\/\"]}]},{\"@type\":\"ImageObject\",\"inLanguage\":\"fr-FR\",\"@id\":\"https:\/\/www.ifg.gr\/fr\/events\/place-a-moliere-collegiens-grecs-theatre-francais\/#primaryimage\",\"url\":\"https:\/\/www.ifg.gr\/wp-content\/uploads\/2026\/04\/MOLIERE_THEATRE__1200x800.jpg\",\"contentUrl\":\"https:\/\/www.ifg.gr\/wp-content\/uploads\/2026\/04\/MOLIERE_THEATRE__1200x800.jpg\",\"width\":1667,\"height\":1111},{\"@type\":\"BreadcrumbList\",\"@id\":\"https:\/\/www.ifg.gr\/fr\/events\/place-a-moliere-collegiens-grecs-theatre-francais\/#breadcrumb\",\"itemListElement\":[{\"@type\":\"ListItem\",\"position\":1,\"name\":\"Home\",\"item\":\"https:\/\/www.ifg.gr\/fr\/\"},{\"@type\":\"ListItem\",\"position\":2,\"name\":\"Events\",\"item\":\"https:\/\/www.ifg.gr\/events\/\"},{\"@type\":\"ListItem\",\"position\":3,\"name\":\"\u00ab Place \u00e0 Moli\u00e8re \u00bb : quand les coll\u00e9giens grecs font vibrer le th\u00e9\u00e2tre fran\u00e7ais !\"}]},{\"@type\":\"WebSite\",\"@id\":\"https:\/\/www.ifg.gr\/#website\",\"url\":\"https:\/\/www.ifg.gr\/\",\"name\":\"IFG\",\"description\":\"\",\"potentialAction\":[{\"@type\":\"SearchAction\",\"target\":{\"@type\":\"EntryPoint\",\"urlTemplate\":\"https:\/\/www.ifg.gr\/?s={search_term_string}\"},\"query-input\":{\"@type\":\"PropertyValueSpecification\",\"valueRequired\":true,\"valueName\":\"search_term_string\"}}],\"inLanguage\":\"fr-FR\"}]}<\/script>\n<!-- \/ Yoast SEO plugin. -->","yoast_head_json":{"title":"\u00ab Place \u00e0 Moli\u00e8re \u00bb : quand les coll\u00e9giens grecs font vibrer le th\u00e9\u00e2tre fran\u00e7ais !","description":"Red\u00e9couvrez trois pi\u00e8ces embl\u00e9matiques de Moli\u00e8re, port\u00e9es par des \u00e9l\u00e8ves avec \u00e9nergie, humour et audace !","robots":{"index":"index","follow":"follow","max-snippet":"max-snippet:-1","max-image-preview":"max-image-preview:large","max-video-preview":"max-video-preview:-1"},"canonical":"https:\/\/www.ifg.gr\/fr\/events\/place-a-moliere-collegiens-grecs-theatre-francais\/","og_locale":"fr_FR","og_type":"article","og_title":"\u00ab Place \u00e0 Moli\u00e8re \u00bb : quand les coll\u00e9giens grecs font vibrer le th\u00e9\u00e2tre fran\u00e7ais !","og_description":"Red\u00e9couvrez trois pi\u00e8ces embl\u00e9matiques de Moli\u00e8re, port\u00e9es par des \u00e9l\u00e8ves avec \u00e9nergie, humour et audace !","og_url":"https:\/\/www.ifg.gr\/fr\/events\/place-a-moliere-collegiens-grecs-theatre-francais\/","og_site_name":"IFG","article_modified_time":"2026-04-27T13:43:23+00:00","og_image":[{"width":1667,"height":1111,"url":"https:\/\/www.ifg.gr\/wp-content\/uploads\/2026\/04\/MOLIERE_THEATRE__1200x800.jpg","type":"image\/jpeg"}],"twitter_card":"summary_large_image","twitter_misc":{"Dur\u00e9e de lecture estim\u00e9e":"1 minute"},"schema":{"@context":"https:\/\/schema.org","@graph":[{"@type":"WebPage","@id":"https:\/\/www.ifg.gr\/fr\/events\/place-a-moliere-collegiens-grecs-theatre-francais\/","url":"https:\/\/www.ifg.gr\/fr\/events\/place-a-moliere-collegiens-grecs-theatre-francais\/","name":"\u00ab Place \u00e0 Moli\u00e8re \u00bb : quand les coll\u00e9giens grecs font vibrer le th\u00e9\u00e2tre fran\u00e7ais !","isPartOf":{"@id":"https:\/\/www.ifg.gr\/#website"},"primaryImageOfPage":{"@id":"https:\/\/www.ifg.gr\/fr\/events\/place-a-moliere-collegiens-grecs-theatre-francais\/#primaryimage"},"image":{"@id":"https:\/\/www.ifg.gr\/fr\/events\/place-a-moliere-collegiens-grecs-theatre-francais\/#primaryimage"},"thumbnailUrl":"https:\/\/www.ifg.gr\/wp-content\/uploads\/2026\/04\/MOLIERE_THEATRE__1200x800.jpg","datePublished":"2026-04-27T13:38:58+00:00","dateModified":"2026-04-27T13:43:23+00:00","description":"Red\u00e9couvrez trois pi\u00e8ces embl\u00e9matiques de Moli\u00e8re, port\u00e9es par des \u00e9l\u00e8ves avec \u00e9nergie, humour et audace !","breadcrumb":{"@id":"https:\/\/www.ifg.gr\/fr\/events\/place-a-moliere-collegiens-grecs-theatre-francais\/#breadcrumb"},"inLanguage":"fr-FR","potentialAction":[{"@type":"ReadAction","target":["https:\/\/www.ifg.gr\/fr\/events\/place-a-moliere-collegiens-grecs-theatre-francais\/"]}]},{"@type":"ImageObject","inLanguage":"fr-FR","@id":"https:\/\/www.ifg.gr\/fr\/events\/place-a-moliere-collegiens-grecs-theatre-francais\/#primaryimage","url":"https:\/\/www.ifg.gr\/wp-content\/uploads\/2026\/04\/MOLIERE_THEATRE__1200x800.jpg","contentUrl":"https:\/\/www.ifg.gr\/wp-content\/uploads\/2026\/04\/MOLIERE_THEATRE__1200x800.jpg","width":1667,"height":1111},{"@type":"BreadcrumbList","@id":"https:\/\/www.ifg.gr\/fr\/events\/place-a-moliere-collegiens-grecs-theatre-francais\/#breadcrumb","itemListElement":[{"@type":"ListItem","position":1,"name":"Home","item":"https:\/\/www.ifg.gr\/fr\/"},{"@type":"ListItem","position":2,"name":"Events","item":"https:\/\/www.ifg.gr\/events\/"},{"@type":"ListItem","position":3,"name":"\u00ab Place \u00e0 Moli\u00e8re \u00bb : quand les coll\u00e9giens grecs font vibrer le th\u00e9\u00e2tre fran\u00e7ais !"}]},{"@type":"WebSite","@id":"https:\/\/www.ifg.gr\/#website","url":"https:\/\/www.ifg.gr\/","name":"IFG","description":"","potentialAction":[{"@type":"SearchAction","target":{"@type":"EntryPoint","urlTemplate":"https:\/\/www.ifg.gr\/?s={search_term_string}"},"query-input":{"@type":"PropertyValueSpecification","valueRequired":true,"valueName":"search_term_string"}}],"inLanguage":"fr-FR"}]}},"_links":{"self":[{"href":"https:\/\/www.ifg.gr\/fr\/wp-json\/wp\/v2\/event\/67501","targetHints":{"allow":["GET"]}}],"collection":[{"href":"https:\/\/www.ifg.gr\/fr\/wp-json\/wp\/v2\/event"}],"about":[{"href":"https:\/\/www.ifg.gr\/fr\/wp-json\/wp\/v2\/types\/event"}],"author":[{"embeddable":true,"href":"https:\/\/www.ifg.gr\/fr\/wp-json\/wp\/v2\/users\/18"}],"version-history":[{"count":2,"href":"https:\/\/www.ifg.gr\/fr\/wp-json\/wp\/v2\/event\/67501\/revisions"}],"predecessor-version":[{"id":67503,"href":"https:\/\/www.ifg.gr\/fr\/wp-json\/wp\/v2\/event\/67501\/revisions\/67503"}],"wp:featuredmedia":[{"embeddable":true,"href":"https:\/\/www.ifg.gr\/fr\/wp-json\/wp\/v2\/media\/67495"}],"wp:attachment":[{"href":"https:\/\/www.ifg.gr\/fr\/wp-json\/wp\/v2\/media?parent=67501"}],"wp:term":[{"taxonomy":"post_tag","embeddable":true,"href":"https:\/\/www.ifg.gr\/fr\/wp-json\/wp\/v2\/tags?post=67501"},{"taxonomy":"event_category","embeddable":true,"href":"https:\/\/www.ifg.gr\/fr\/wp-json\/wp\/v2\/event_category?post=67501"},{"taxonomy":"event_group","embeddable":true,"href":"https:\/\/www.ifg.gr\/fr\/wp-json\/wp\/v2\/event_group?post=67501"}],"curies":[{"name":"wp","href":"https:\/\/api.w.org\/{rel}","templated":true}]}}