{"id":69949,"date":"2026-09-04T14:41:10","date_gmt":"2026-09-04T11:41:10","guid":{"rendered":"https:\/\/www.ifg.gr\/events\/rendez-vous-campus-france-esdes-business-school\/"},"modified":"2026-09-04T15:09:09","modified_gmt":"2026-09-04T12:09:09","slug":"rendez-vous-campus-france-esdes-business-school","status":"publish","type":"event","link":"https:\/\/www.ifg.gr\/fr\/events\/rendez-vous-campus-france-esdes-business-school\/","title":{"rendered":"Rendez-vous Campus France: Venez d\u00e9couvrir ESDES Business School et ses programmes"},"content":{"rendered":"<p>Composante de l\u2019Universit\u00e9 Catholique de Lyon, <strong><a href=\"https:\/\/www.esdes.fr\/\" target=\"_blank\" rel=\"noopener\">ESDES Business School<\/a><\/strong> existe depuis 1987. Elle est situ\u00e9e en plein centre de la troisi\u00e8me ville de France, ainsi qu\u2019\u00e0 Annecy au c\u0153ur des Alpes. Accr\u00e9dit\u00e9e comme Grande Ecole, ses programmes de niveau Licence et Masters sont parfaitement reconnus par l\u2019Etat.<\/p>\n<p>Le Journal Le figaro Etudiant 2025 <strong>la classait dans le Top 5 des meilleures \u00e9coles de management post-bac<\/strong> en 2025. Un excellent choix pour entamer des \u00e9tudes de qualit\u00e9 tout en b\u00e9n\u00e9ficiant d\u2019un cadre de vie id\u00e9al.<\/p>\n<p>En partenariat avec Campus France, les repr\u00e9sentants d\u2019ESDES ainsi qu\u2019une Alumni grecque de l\u2019\u00e9cole auront le plaisir de vous faire d\u00e9couvrir leurs programmes ainsi que les conditions d\u2019\u00e9tudes et de vie dans leurs Campus.<\/p>\n<p>Vous rencontrerez :<br \/>\n&#8211; <strong>Carole VISCOGLIOSI<\/strong>, Responsable de la promotion internationale de l\u2019ESDES<br \/>\n&#8211; <strong>Argyris DAOULIARIS<\/strong>, professeur associ\u00e9 et repr\u00e9sentant de l\u2019ESDES en Gr\u00e8ce<br \/>\n&#8211; <strong>Eleni OIKONOMOPOULOU BARBERI<\/strong>, Alumni 2026 de l\u2019ESDES<\/p>\n<hr \/>\n<h3>Vous serez donc les bienvenus \u00e0 l\u2019Institut fran\u00e7ais de Gr\u00e8ce, amphith\u00e9\u00e2tre Gis\u00e8le Vivier (premier \u00e9tage), le jeudi 24 septembre 2026, de 18h \u00e0 20h !<em><br \/>\nParticipation gratuite et sans inscription pr\u00e9alable \/ pr\u00e9sentation en grec et en anglais<br \/>\n<\/em><\/h3>\n<p><img loading=\"lazy\" decoding=\"async\" class=\"alignnone size-full wp-image-69934\" src=\"https:\/\/www.ifg.gr\/wp-content\/uploads\/2026\/09\/Campus-Ucly_ESDES-scaled.jpg\" alt=\"\" width=\"2560\" height=\"1707\" srcset=\"https:\/\/www.ifg.gr\/wp-content\/uploads\/2026\/09\/Campus-Ucly_ESDES-scaled.jpg 2560w, https:\/\/www.ifg.gr\/wp-content\/uploads\/2026\/09\/Campus-Ucly_ESDES-768x512.jpg 768w, https:\/\/www.ifg.gr\/wp-content\/uploads\/2026\/09\/Campus-Ucly_ESDES-1536x1024.jpg 1536w, https:\/\/www.ifg.gr\/wp-content\/uploads\/2026\/09\/Campus-Ucly_ESDES-2048x1365.jpg 2048w, https:\/\/www.ifg.gr\/wp-content\/uploads\/2026\/09\/Campus-Ucly_ESDES-1920x1280.jpg 1920w, https:\/\/www.ifg.gr\/wp-content\/uploads\/2026\/09\/Campus-Ucly_ESDES-1500x1000.jpg 1500w, https:\/\/www.ifg.gr\/wp-content\/uploads\/2026\/09\/Campus-Ucly_ESDES-195x130.jpg 195w, https:\/\/www.ifg.gr\/wp-content\/uploads\/2026\/09\/Campus-Ucly_ESDES-600x400.jpg 600w\" sizes=\"auto, (max-width: 2560px) 100vw, 2560px\" \/><\/p>\n<p><img loading=\"lazy\" decoding=\"async\" class=\"alignnone size-full wp-image-69938\" src=\"https:\/\/www.ifg.gr\/wp-content\/uploads\/2026\/09\/Photo-UCLY-int.jpg\" alt=\"\" width=\"1920\" height=\"576\" srcset=\"https:\/\/www.ifg.gr\/wp-content\/uploads\/2026\/09\/Photo-UCLY-int.jpg 1920w, https:\/\/www.ifg.gr\/wp-content\/uploads\/2026\/09\/Photo-UCLY-int-768x230.jpg 768w, https:\/\/www.ifg.gr\/wp-content\/uploads\/2026\/09\/Photo-UCLY-int-1536x461.jpg 1536w, https:\/\/www.ifg.gr\/wp-content\/uploads\/2026\/09\/Photo-UCLY-int-433x130.jpg 433w\" sizes=\"auto, (max-width: 1920px) 100vw, 1920px\" \/><\/p>\n<p><img loading=\"lazy\" decoding=\"async\" class=\"alignnone wp-image-69936\" src=\"https:\/\/www.ifg.gr\/wp-content\/uploads\/2026\/09\/2024_Logo_ESDES_Blanc_Fond_Bleu.png\" alt=\"\" width=\"397\" height=\"192\" srcset=\"https:\/\/www.ifg.gr\/wp-content\/uploads\/2026\/09\/2024_Logo_ESDES_Blanc_Fond_Bleu.png 1739w, https:\/\/www.ifg.gr\/wp-content\/uploads\/2026\/09\/2024_Logo_ESDES_Blanc_Fond_Bleu-768x372.png 768w, https:\/\/www.ifg.gr\/wp-content\/uploads\/2026\/09\/2024_Logo_ESDES_Blanc_Fond_Bleu-1536x744.png 1536w, https:\/\/www.ifg.gr\/wp-content\/uploads\/2026\/09\/2024_Logo_ESDES_Blanc_Fond_Bleu-268x130.png 268w\" sizes=\"auto, (max-width: 397px) 100vw, 397px\" \/><\/p>\n","protected":false},"excerpt":{"rendered":"<p>Class\u00e9e parmi les 5 des meilleures \u00e9coles de management. Ne manquez pas la pr\u00e9sentation des programmes ainsi que des conditions d\u2019\u00e9tudes et de vie dans leurs Campus!<\/p>\n","protected":false},"author":18,"featured_media":69944,"template":"","tags":[940,974],"event_category":[1129],"event_group":[],"class_list":["post-69949","event","type-event","status-publish","has-post-thumbnail","hentry","tag-spoudes-sti-gallia-fr","tag-etudes-en-france-fr","event_category-etudes-en-france"],"acf":{"sponsors_default":false,"info_title":"","info_text":"","date_range":{"start":"24\/09\/2026","end":"","cancelled":false,"note":"","start_time":"18:00","end_time":"20:00"},"details":{"location":"<p>\u0391mphith\u00e9\u00e2tre Gis\u00e8le Vivier (premier \u00e9tage), Institut fran\u00e7ais de Gr\u00e8ce.<\/p>\n","hyperlink1a":{"text":"","link":""},"price":"Participation gratuite et sans inscription pr\u00e9alable \/ pr\u00e9sentation en grec et en anglais","hyperlink2a":{"text":"","link":""},"online_event":false,"live_streaming":false,"live_streaming_code":"","facebook_url":"","hyperlink":{"text":"","link":""},"hyperlink2":{"text":"","link":""},"hyperlink3":{"text":"","link":""},"press_release":false},"featured_image_credits":"","home_slider_image":{"ID":69946,"id":69946,"title":"CAMPUS FRANCE_ 240926_1300x768","filename":"CAMPUS-FRANCE_-240926_1300x768.png","filesize":3740865,"url":"https:\/\/www.ifg.gr\/wp-content\/uploads\/2026\/09\/CAMPUS-FRANCE_-240926_1300x768.png","link":"https:\/\/www.ifg.gr\/fr\/events\/rendez-vous-campus-france-esdes-business-school\/campus-france_-240926_1300x768-2\/","alt":"","author":"18","description":"","caption":"","name":"campus-france_-240926_1300x768-2","status":"inherit","uploaded_to":69949,"date":"2026-09-04 11:40:58","modified":"2026-09-04 11:40:58","menu_order":0,"mime_type":"image\/png","type":"image","subtype":"png","icon":"https:\/\/www.ifg.gr\/wp-includes\/images\/media\/default.png","width":1806,"height":1067,"sizes":{"thumbnail":"https:\/\/www.ifg.gr\/wp-content\/uploads\/2026\/09\/CAMPUS-FRANCE_-240926_1300x768.png","thumbnail-width":150,"thumbnail-height":89,"medium":"https:\/\/www.ifg.gr\/wp-content\/uploads\/2026\/09\/CAMPUS-FRANCE_-240926_1300x768.png","medium-width":300,"medium-height":177,"medium_large":"https:\/\/www.ifg.gr\/wp-content\/uploads\/2026\/09\/CAMPUS-FRANCE_-240926_1300x768-768x454.png","medium_large-width":640,"medium_large-height":378,"large":"https:\/\/www.ifg.gr\/wp-content\/uploads\/2026\/09\/CAMPUS-FRANCE_-240926_1300x768.png","large-width":640,"large-height":378,"1536x1536":"https:\/\/www.ifg.gr\/wp-content\/uploads\/2026\/09\/CAMPUS-FRANCE_-240926_1300x768-1536x907.png","1536x1536-width":1536,"1536x1536-height":907,"2048x2048":"https:\/\/www.ifg.gr\/wp-content\/uploads\/2026\/09\/CAMPUS-FRANCE_-240926_1300x768.png","2048x2048-width":1806,"2048x2048-height":1067,"full-width":"https:\/\/www.ifg.gr\/wp-content\/uploads\/2026\/09\/CAMPUS-FRANCE_-240926_1300x768.png","full-width-width":1806,"full-width-height":1067,"sidebar":"https:\/\/www.ifg.gr\/wp-content\/uploads\/2026\/09\/CAMPUS-FRANCE_-240926_1300x768-1693x1000.png","sidebar-width":1693,"sidebar-height":1000,"thumb-sm":"https:\/\/www.ifg.gr\/wp-content\/uploads\/2026\/09\/CAMPUS-FRANCE_-240926_1300x768-220x130.png","thumb-sm-width":220,"thumb-sm-height":130,"thumb-square":"https:\/\/www.ifg.gr\/wp-content\/uploads\/2026\/09\/CAMPUS-FRANCE_-240926_1300x768-500x500.png","thumb-square-width":500,"thumb-square-height":500,"thumb-big":"https:\/\/www.ifg.gr\/wp-content\/uploads\/2026\/09\/CAMPUS-FRANCE_-240926_1300x768-600x400.png","thumb-big-width":600,"thumb-big-height":400,"slider-big":"https:\/\/www.ifg.gr\/wp-content\/uploads\/2026\/09\/CAMPUS-FRANCE_-240926_1300x768-1315x768.png","slider-big-width":1315,"slider-big-height":768}},"sponsors_group":false,"layout":false},"yoast_head":"<!-- This site is optimized with the Yoast SEO plugin v28.3 - https:\/\/yoast.com\/product\/yoast-seo-wordpress\/ -->\n<title>Rendez-vous Campus France: Venez d\u00e9couvrir ESDES Business School et ses programmes<\/title>\n<meta name=\"description\" content=\"Class\u00e9e parmi les 5 des meilleures \u00e9coles de management. Ne manquez pas la pr\u00e9sentation des programmes ainsi que des conditions d\u2019\u00e9tudes et de vie dans leurs Campus!\" \/>\n<meta name=\"robots\" content=\"index, follow, max-snippet:-1, max-image-preview:large, max-video-preview:-1\" \/>\n<link rel=\"canonical\" href=\"https:\/\/www.ifg.gr\/fr\/events\/rendez-vous-campus-france-esdes-business-school\/\" \/>\n<meta property=\"og:locale\" content=\"fr_FR\" \/>\n<meta property=\"og:type\" content=\"article\" \/>\n<meta property=\"og:title\" content=\"Rendez-vous Campus France: Venez d\u00e9couvrir ESDES Business School et ses programmes\" \/>\n<meta property=\"og:description\" content=\"Class\u00e9e parmi les 5 des meilleures \u00e9coles de management. Ne manquez pas la pr\u00e9sentation des programmes ainsi que des conditions d\u2019\u00e9tudes et de vie dans leurs Campus!\" \/>\n<meta property=\"og:url\" content=\"https:\/\/www.ifg.gr\/fr\/events\/rendez-vous-campus-france-esdes-business-school\/\" \/>\n<meta property=\"og:site_name\" content=\"IFG\" \/>\n<meta property=\"article:modified_time\" content=\"2026-09-04T12:09:09+00:00\" \/>\n<meta property=\"og:image\" content=\"https:\/\/www.ifg.gr\/wp-content\/uploads\/2026\/09\/CAMPUS-FRANCE_-240926__1200x800-1.png\" \/>\n\t<meta property=\"og:image:width\" content=\"640\" \/>\n\t<meta property=\"og:image:height\" content=\"427\" \/>\n\t<meta property=\"og:image:type\" content=\"image\/png\" \/>\n<meta name=\"twitter:card\" content=\"summary_large_image\" \/>\n<meta name=\"twitter:label1\" content=\"Dur\u00e9e de lecture estim\u00e9e\" \/>\n\t<meta name=\"twitter:data1\" content=\"2 minutes\" \/>\n<script type=\"application\/ld+json\" class=\"yoast-schema-graph\">{\"@context\":\"https:\\\/\\\/schema.org\",\"@graph\":[{\"@type\":\"WebPage\",\"@id\":\"https:\\\/\\\/www.ifg.gr\\\/fr\\\/events\\\/rendez-vous-campus-france-esdes-business-school\\\/\",\"url\":\"https:\\\/\\\/www.ifg.gr\\\/fr\\\/events\\\/rendez-vous-campus-france-esdes-business-school\\\/\",\"name\":\"Rendez-vous Campus France: Venez d\u00e9couvrir ESDES Business School et ses programmes\",\"isPartOf\":{\"@id\":\"https:\\\/\\\/www.ifg.gr\\\/#website\"},\"primaryImageOfPage\":{\"@id\":\"https:\\\/\\\/www.ifg.gr\\\/fr\\\/events\\\/rendez-vous-campus-france-esdes-business-school\\\/#primaryimage\"},\"image\":{\"@id\":\"https:\\\/\\\/www.ifg.gr\\\/fr\\\/events\\\/rendez-vous-campus-france-esdes-business-school\\\/#primaryimage\"},\"thumbnailUrl\":\"https:\\\/\\\/www.ifg.gr\\\/wp-content\\\/uploads\\\/2026\\\/09\\\/CAMPUS-FRANCE_-240926__1200x800-1.png\",\"datePublished\":\"2026-09-04T11:41:10+00:00\",\"dateModified\":\"2026-09-04T12:09:09+00:00\",\"description\":\"Class\u00e9e parmi les 5 des meilleures \u00e9coles de management. Ne manquez pas la pr\u00e9sentation des programmes ainsi que des conditions d\u2019\u00e9tudes et de vie dans leurs Campus!\",\"breadcrumb\":{\"@id\":\"https:\\\/\\\/www.ifg.gr\\\/fr\\\/events\\\/rendez-vous-campus-france-esdes-business-school\\\/#breadcrumb\"},\"inLanguage\":\"fr-FR\",\"potentialAction\":[{\"@type\":\"ReadAction\",\"target\":[\"https:\\\/\\\/www.ifg.gr\\\/fr\\\/events\\\/rendez-vous-campus-france-esdes-business-school\\\/\"]}]},{\"@type\":\"ImageObject\",\"inLanguage\":\"fr-FR\",\"@id\":\"https:\\\/\\\/www.ifg.gr\\\/fr\\\/events\\\/rendez-vous-campus-france-esdes-business-school\\\/#primaryimage\",\"url\":\"https:\\\/\\\/www.ifg.gr\\\/wp-content\\\/uploads\\\/2026\\\/09\\\/CAMPUS-FRANCE_-240926__1200x800-1.png\",\"contentUrl\":\"https:\\\/\\\/www.ifg.gr\\\/wp-content\\\/uploads\\\/2026\\\/09\\\/CAMPUS-FRANCE_-240926__1200x800-1.png\",\"width\":1667,\"height\":1111},{\"@type\":\"BreadcrumbList\",\"@id\":\"https:\\\/\\\/www.ifg.gr\\\/fr\\\/events\\\/rendez-vous-campus-france-esdes-business-school\\\/#breadcrumb\",\"itemListElement\":[{\"@type\":\"ListItem\",\"position\":1,\"name\":\"Home\",\"item\":\"https:\\\/\\\/www.ifg.gr\\\/fr\\\/\"},{\"@type\":\"ListItem\",\"position\":2,\"name\":\"Events\",\"item\":\"https:\\\/\\\/www.ifg.gr\\\/events\\\/\"},{\"@type\":\"ListItem\",\"position\":3,\"name\":\"Rendez-vous Campus France: Venez d\u00e9couvrir ESDES Business School et ses programmes\"}]},{\"@type\":\"WebSite\",\"@id\":\"https:\\\/\\\/www.ifg.gr\\\/#website\",\"url\":\"https:\\\/\\\/www.ifg.gr\\\/\",\"name\":\"IFG\",\"description\":\"\",\"potentialAction\":[{\"@type\":\"SearchAction\",\"target\":{\"@type\":\"EntryPoint\",\"urlTemplate\":\"https:\\\/\\\/www.ifg.gr\\\/?s={search_term_string}\"},\"query-input\":{\"@type\":\"PropertyValueSpecification\",\"valueRequired\":true,\"valueName\":\"search_term_string\"}}],\"inLanguage\":\"fr-FR\"}]}<\/script>\n<!-- \/ Yoast SEO plugin. -->","yoast_head_json":{"title":"Rendez-vous Campus France: Venez d\u00e9couvrir ESDES Business School et ses programmes","description":"Class\u00e9e parmi les 5 des meilleures \u00e9coles de management. Ne manquez pas la pr\u00e9sentation des programmes ainsi que des conditions d\u2019\u00e9tudes et de vie dans leurs Campus!","robots":{"index":"index","follow":"follow","max-snippet":"max-snippet:-1","max-image-preview":"max-image-preview:large","max-video-preview":"max-video-preview:-1"},"canonical":"https:\/\/www.ifg.gr\/fr\/events\/rendez-vous-campus-france-esdes-business-school\/","og_locale":"fr_FR","og_type":"article","og_title":"Rendez-vous Campus France: Venez d\u00e9couvrir ESDES Business School et ses programmes","og_description":"Class\u00e9e parmi les 5 des meilleures \u00e9coles de management. Ne manquez pas la pr\u00e9sentation des programmes ainsi que des conditions d\u2019\u00e9tudes et de vie dans leurs Campus!","og_url":"https:\/\/www.ifg.gr\/fr\/events\/rendez-vous-campus-france-esdes-business-school\/","og_site_name":"IFG","article_modified_time":"2026-09-04T12:09:09+00:00","og_image":[{"url":"https:\/\/www.ifg.gr\/wp-content\/uploads\/2026\/09\/CAMPUS-FRANCE_-240926__1200x800-1.png","width":640,"height":427,"type":"image\/png"}],"twitter_card":"summary_large_image","twitter_misc":{"Dur\u00e9e de lecture estim\u00e9e":"2 minutes"},"schema":{"@context":"https:\/\/schema.org","@graph":[{"@type":"WebPage","@id":"https:\/\/www.ifg.gr\/fr\/events\/rendez-vous-campus-france-esdes-business-school\/","url":"https:\/\/www.ifg.gr\/fr\/events\/rendez-vous-campus-france-esdes-business-school\/","name":"Rendez-vous Campus France: Venez d\u00e9couvrir ESDES Business School et ses programmes","isPartOf":{"@id":"https:\/\/www.ifg.gr\/#website"},"primaryImageOfPage":{"@id":"https:\/\/www.ifg.gr\/fr\/events\/rendez-vous-campus-france-esdes-business-school\/#primaryimage"},"image":{"@id":"https:\/\/www.ifg.gr\/fr\/events\/rendez-vous-campus-france-esdes-business-school\/#primaryimage"},"thumbnailUrl":"https:\/\/www.ifg.gr\/wp-content\/uploads\/2026\/09\/CAMPUS-FRANCE_-240926__1200x800-1.png","datePublished":"2026-09-04T11:41:10+00:00","dateModified":"2026-09-04T12:09:09+00:00","description":"Class\u00e9e parmi les 5 des meilleures \u00e9coles de management. Ne manquez pas la pr\u00e9sentation des programmes ainsi que des conditions d\u2019\u00e9tudes et de vie dans leurs Campus!","breadcrumb":{"@id":"https:\/\/www.ifg.gr\/fr\/events\/rendez-vous-campus-france-esdes-business-school\/#breadcrumb"},"inLanguage":"fr-FR","potentialAction":[{"@type":"ReadAction","target":["https:\/\/www.ifg.gr\/fr\/events\/rendez-vous-campus-france-esdes-business-school\/"]}]},{"@type":"ImageObject","inLanguage":"fr-FR","@id":"https:\/\/www.ifg.gr\/fr\/events\/rendez-vous-campus-france-esdes-business-school\/#primaryimage","url":"https:\/\/www.ifg.gr\/wp-content\/uploads\/2026\/09\/CAMPUS-FRANCE_-240926__1200x800-1.png","contentUrl":"https:\/\/www.ifg.gr\/wp-content\/uploads\/2026\/09\/CAMPUS-FRANCE_-240926__1200x800-1.png","width":1667,"height":1111},{"@type":"BreadcrumbList","@id":"https:\/\/www.ifg.gr\/fr\/events\/rendez-vous-campus-france-esdes-business-school\/#breadcrumb","itemListElement":[{"@type":"ListItem","position":1,"name":"Home","item":"https:\/\/www.ifg.gr\/fr\/"},{"@type":"ListItem","position":2,"name":"Events","item":"https:\/\/www.ifg.gr\/events\/"},{"@type":"ListItem","position":3,"name":"Rendez-vous Campus France: Venez d\u00e9couvrir ESDES Business School et ses programmes"}]},{"@type":"WebSite","@id":"https:\/\/www.ifg.gr\/#website","url":"https:\/\/www.ifg.gr\/","name":"IFG","description":"","potentialAction":[{"@type":"SearchAction","target":{"@type":"EntryPoint","urlTemplate":"https:\/\/www.ifg.gr\/?s={search_term_string}"},"query-input":{"@type":"PropertyValueSpecification","valueRequired":true,"valueName":"search_term_string"}}],"inLanguage":"fr-FR"}]}},"_links":{"self":[{"href":"https:\/\/www.ifg.gr\/fr\/wp-json\/wp\/v2\/event\/69949","targetHints":{"allow":["GET"]}}],"collection":[{"href":"https:\/\/www.ifg.gr\/fr\/wp-json\/wp\/v2\/event"}],"about":[{"href":"https:\/\/www.ifg.gr\/fr\/wp-json\/wp\/v2\/types\/event"}],"author":[{"embeddable":true,"href":"https:\/\/www.ifg.gr\/fr\/wp-json\/wp\/v2\/users\/18"}],"version-history":[{"count":4,"href":"https:\/\/www.ifg.gr\/fr\/wp-json\/wp\/v2\/event\/69949\/revisions"}],"predecessor-version":[{"id":69955,"href":"https:\/\/www.ifg.gr\/fr\/wp-json\/wp\/v2\/event\/69949\/revisions\/69955"}],"wp:featuredmedia":[{"embeddable":true,"href":"https:\/\/www.ifg.gr\/fr\/wp-json\/wp\/v2\/media\/69944"}],"wp:attachment":[{"href":"https:\/\/www.ifg.gr\/fr\/wp-json\/wp\/v2\/media?parent=69949"}],"wp:term":[{"taxonomy":"post_tag","embeddable":true,"href":"https:\/\/www.ifg.gr\/fr\/wp-json\/wp\/v2\/tags?post=69949"},{"taxonomy":"event_category","embeddable":true,"href":"https:\/\/www.ifg.gr\/fr\/wp-json\/wp\/v2\/event_category?post=69949"},{"taxonomy":"event_group","embeddable":true,"href":"https:\/\/www.ifg.gr\/fr\/wp-json\/wp\/v2\/event_group?post=69949"}],"curies":[{"name":"wp","href":"https:\/\/api.w.org\/{rel}","templated":true}]}}