{"id":9828,"date":"2020-09-23T13:56:37","date_gmt":"2020-09-23T13:56:37","guid":{"rendered":"http:\/\/www.ifg.gr\/?post_type=event&#038;p=9828"},"modified":"2020-10-12T15:47:55","modified_gmt":"2020-10-12T15:47:55","slug":"connecting-with-french-innovative-ecosystem","status":"publish","type":"event","link":"https:\/\/www.ifg.gr\/fr\/events\/connecting-with-french-innovative-ecosystem\/","title":{"rendered":"Connecting with French Innovative ecosystem"},"content":{"rendered":"<p>L\u2019Institut fran\u00e7ais de Gr\u00e8ce est partenaire de la c\u00e9r\u00e9monie de lancement d\u2019une nouvelle \u00e8re de coop\u00e9ration franco-hell\u00e9nique pour l\u2019innovation.<\/p>\n<p>Ces derniers mois, la France et la Gr\u00e8ce ont particuli\u00e8rement renforc\u00e9 leurs relations strat\u00e9giques, preuve des liens uniques qui les unissent. L\u2019ambition d\u2019une \u00e9conomie innovante et faisant preuve d\u2019adaptabilit\u00e9 technologique et num\u00e9rique fait justement partie de ces visions communes que promeuvent \u00e0 la fois la France et la Gr\u00e8ce, ces derni\u00e8res ann\u00e9es. En l\u2019associant aux politiques de recherche et de formation, l\u2019innovation participe significativement au dynamisme \u00e9conomique et au progr\u00e8s social et durable de nos soci\u00e9t\u00e9s. Aussi, les startups sont plus que jamais au c\u0153ur de l\u2019actualit\u00e9 politique et \u00e9conomique de ces deux pays gr\u00e2ce aux initiatives nombreuses prises dans ce domaine, comme la naissance de la French Tech en France puis r\u00e9cemment de Elevate Greece sur le territoire hell\u00e9nique.<\/p>\n<p>Fruits de leur savoir-faire, la France et la Gr\u00e8ce regorgent de ressources, de talents, et d\u2019id\u00e9es novatrices qui ne demandent qu\u2019\u00e0 prendre vie et \u00e0 se compl\u00e9ter, s\u2019exporter et travailler sur leurs forces pour aller plus loin. A cette fin, le service \u00e9conomique de l\u2019Ambassade de France en Gr\u00e8ce et l\u2019Institut fran\u00e7ais de Gr\u00e8ce s\u2019associent \u00e0 l\u2019incubateur de r\u00e9f\u00e9rence ath\u00e9nien The Egg adoss\u00e9 \u00e0 Eurobank pour entamer une nouvelle \u00e8re autour de la coop\u00e9ration franco-grecque pour l\u2019innovation.<\/p>\n<p>L\u2019\u00e9v\u00e9nement de lancement, \u00e0 destination du monde l\u2019innovation et des startups, se tiendra \u00e0 l\u2019Institut fran\u00e7ais de Gr\u00e8ce mais aussi en ligne, et accueillera de nombreuses personnalit\u00e9s politiques et \u00e9conomiques grecques et fran\u00e7aises.<\/p>\n<p>Ce sera l\u2019occasion de rappeler les visions communes et les liens forts que partagent la France et la Gr\u00e8ce en termes de politiques li\u00e9es \u00e0 l\u2019innovation, aux nouvelles technologies et \u00e0 la place des startups. Des panels de discussions th\u00e9matiques s\u2019en suivront, propos\u00e9s par des experts fran\u00e7ais et grecs sur, entre autres, l\u2019acc\u00e8s au financement, les d\u00e9fis et opportunit\u00e9s pour l\u2019\u00e9cosyst\u00e8me de l\u2019innovation post-Covid, ou encore l\u2019innovation verte.<\/p>\n","protected":false},"excerpt":{"rendered":"<p>L\u2019Institut fran\u00e7ais de Gr\u00e8ce est partenaire de la c\u00e9r\u00e9monie de lancement d\u2019une nouvelle \u00e8re de coop\u00e9ration franco-hell\u00e9nique pour l\u2019innovation. Ces derniers mois, la France et la Gr\u00e8ce ont particuli\u00e8rement renforc\u00e9 leurs relations strat\u00e9giques, preuve des liens uniques qui les unissent. L\u2019ambition d\u2019une \u00e9conomie innovante et faisant preuve d\u2019adaptabilit\u00e9 technologique et num\u00e9rique fait justement partie de [&hellip;]<\/p>\n","protected":false},"author":1,"featured_media":27497,"template":"","tags":[],"event_category":[879],"event_group":[],"class_list":["post-9828","event","type-event","status-publish","has-post-thumbnail","hentry","event_category-innovation"],"acf":{"date_range":{"start":"13\/10\/2020","end":"","cancelled":false,"note":"","start_time":"10:00","end_time":"19:00"},"details":{"location":"","hyperlink1a":{"text":"","link":""},"price":"","hyperlink2a":{"text":"","link":""},"online_event":true,"live_streaming":false,"live_streaming_code":"","facebook_url":"","hyperlink":{"text":"","link":""},"hyperlink2":{"text":"","link":""},"hyperlink3":{"text":"","link":""},"press_release":false},"sponsors_default":false,"home_slider_image":{"ID":19503,"id":19503,"title":"13102020 The Egg 1350X768","filename":"13102020-The-Egg-1350X768.jpg","filesize":502271,"url":"https:\/\/www.ifg.gr\/wp-content\/uploads\/2020\/09\/13102020-The-Egg-1350X768.jpg","link":"https:\/\/www.ifg.gr\/fr\/events\/cine-club-la-passion-de-jeanne-darc\/13102020-the-egg-1350x768\/","alt":"","author":"1","description":"","caption":"","name":"13102020-the-egg-1350x768","status":"inherit","uploaded_to":8974,"date":"2020-09-29 09:38:09","modified":"2020-09-29 09:38:09","menu_order":0,"mime_type":"image\/jpeg","type":"image","subtype":"jpeg","icon":"https:\/\/www.ifg.gr\/wp-includes\/images\/media\/default.png","width":1350,"height":768,"sizes":{"thumbnail":"https:\/\/www.ifg.gr\/wp-content\/uploads\/2020\/09\/13102020-The-Egg-1350X768.jpg","thumbnail-width":150,"thumbnail-height":85,"medium":"https:\/\/www.ifg.gr\/wp-content\/uploads\/2020\/09\/13102020-The-Egg-1350X768.jpg","medium-width":300,"medium-height":171,"medium_large":"https:\/\/www.ifg.gr\/wp-content\/uploads\/2020\/09\/13102020-The-Egg-1350X768-768x437.jpg","medium_large-width":640,"medium_large-height":364,"large":"https:\/\/www.ifg.gr\/wp-content\/uploads\/2020\/09\/13102020-The-Egg-1350X768.jpg","large-width":640,"large-height":364,"1536x1536":"https:\/\/www.ifg.gr\/wp-content\/uploads\/2020\/09\/13102020-The-Egg-1350X768.jpg","1536x1536-width":1350,"1536x1536-height":768,"2048x2048":"https:\/\/www.ifg.gr\/wp-content\/uploads\/2020\/09\/13102020-The-Egg-1350X768.jpg","2048x2048-width":1350,"2048x2048-height":768,"full-width":"https:\/\/www.ifg.gr\/wp-content\/uploads\/2020\/09\/13102020-The-Egg-1350X768.jpg","full-width-width":1350,"full-width-height":768,"sidebar":"https:\/\/www.ifg.gr\/wp-content\/uploads\/2020\/09\/13102020-The-Egg-1350X768.jpg","sidebar-width":1350,"sidebar-height":768,"thumb-sm":"https:\/\/www.ifg.gr\/wp-content\/uploads\/2020\/09\/13102020-The-Egg-1350X768-229x130.jpg","thumb-sm-width":229,"thumb-sm-height":130,"thumb-square":"https:\/\/www.ifg.gr\/wp-content\/uploads\/2020\/09\/13102020-The-Egg-1350X768-300x300.jpg","thumb-square-width":300,"thumb-square-height":300,"thumb-big":"https:\/\/www.ifg.gr\/wp-content\/uploads\/2020\/09\/13102020-The-Egg-1350X768-600x400.jpg","thumb-big-width":600,"thumb-big-height":400,"slider-big":"https:\/\/www.ifg.gr\/wp-content\/uploads\/2020\/09\/13102020-The-Egg-1350X768-1315x768.jpg","slider-big-width":1315,"slider-big-height":768}},"sponsors_group":false,"layout":false,"info_title":"INFOS PRATIQUES","info_text":"<p>La c\u00e9r\u00e9monie se tiendra en anglais et sera diffus\u00e9e en ligne.<\/p>\n<p>Intervenants et programme de l\u2019\u00e9v\u00e9nement \u00e0 venir.<\/p>\n","featured_image_credits":""},"yoast_head":"<!-- This site is optimized with the Yoast SEO plugin v26.8 - https:\/\/yoast.com\/product\/yoast-seo-wordpress\/ -->\n<title>Nouvelles rencontres de l\u2019innovation franco-hell\u00e9nique<\/title>\n<meta name=\"description\" content=\"Nouvelles rencontres de l\u2019innovation franco-hell\u00e9nique\" \/>\n<meta name=\"robots\" content=\"index, follow, max-snippet:-1, max-image-preview:large, max-video-preview:-1\" \/>\n<link rel=\"canonical\" href=\"https:\/\/www.ifg.gr\/fr\/events\/connecting-with-french-innovative-ecosystem\/\" \/>\n<meta property=\"og:locale\" content=\"fr_FR\" \/>\n<meta property=\"og:type\" content=\"article\" \/>\n<meta property=\"og:title\" content=\"Nouvelles rencontres de l\u2019innovation franco-hell\u00e9nique\" \/>\n<meta property=\"og:description\" content=\"Nouvelles rencontres de l\u2019innovation franco-hell\u00e9nique\" \/>\n<meta property=\"og:url\" content=\"https:\/\/www.ifg.gr\/fr\/events\/connecting-with-french-innovative-ecosystem\/\" \/>\n<meta property=\"og:site_name\" content=\"IFG\" \/>\n<meta property=\"article:modified_time\" content=\"2020-10-12T15:47:55+00:00\" \/>\n<meta property=\"og:image\" content=\"https:\/\/www.ifg.gr\/wp-content\/uploads\/2020\/09\/GettyImages-150415588.jpg\" \/>\n\t<meta property=\"og:image:width\" content=\"2121\" \/>\n\t<meta property=\"og:image:height\" content=\"1414\" \/>\n\t<meta property=\"og:image:type\" content=\"image\/jpeg\" \/>\n<meta name=\"twitter:card\" content=\"summary_large_image\" \/>\n<meta name=\"twitter:label1\" content=\"Dur\u00e9e de lecture estim\u00e9e\" \/>\n\t<meta name=\"twitter:data1\" content=\"2 minutes\" \/>\n<script type=\"application\/ld+json\" class=\"yoast-schema-graph\">{\"@context\":\"https:\/\/schema.org\",\"@graph\":[{\"@type\":\"WebPage\",\"@id\":\"https:\/\/www.ifg.gr\/fr\/events\/connecting-with-french-innovative-ecosystem\/\",\"url\":\"https:\/\/www.ifg.gr\/fr\/events\/connecting-with-french-innovative-ecosystem\/\",\"name\":\"Nouvelles rencontres de l\u2019innovation franco-hell\u00e9nique\",\"isPartOf\":{\"@id\":\"https:\/\/www.ifg.gr\/#website\"},\"primaryImageOfPage\":{\"@id\":\"https:\/\/www.ifg.gr\/fr\/events\/connecting-with-french-innovative-ecosystem\/#primaryimage\"},\"image\":{\"@id\":\"https:\/\/www.ifg.gr\/fr\/events\/connecting-with-french-innovative-ecosystem\/#primaryimage\"},\"thumbnailUrl\":\"https:\/\/www.ifg.gr\/wp-content\/uploads\/2020\/09\/GettyImages-150415588.jpg\",\"datePublished\":\"2020-09-23T13:56:37+00:00\",\"dateModified\":\"2020-10-12T15:47:55+00:00\",\"description\":\"Nouvelles rencontres de l\u2019innovation franco-hell\u00e9nique\",\"breadcrumb\":{\"@id\":\"https:\/\/www.ifg.gr\/fr\/events\/connecting-with-french-innovative-ecosystem\/#breadcrumb\"},\"inLanguage\":\"fr-FR\",\"potentialAction\":[{\"@type\":\"ReadAction\",\"target\":[\"https:\/\/www.ifg.gr\/fr\/events\/connecting-with-french-innovative-ecosystem\/\"]}]},{\"@type\":\"ImageObject\",\"inLanguage\":\"fr-FR\",\"@id\":\"https:\/\/www.ifg.gr\/fr\/events\/connecting-with-french-innovative-ecosystem\/#primaryimage\",\"url\":\"https:\/\/www.ifg.gr\/wp-content\/uploads\/2020\/09\/GettyImages-150415588.jpg\",\"contentUrl\":\"https:\/\/www.ifg.gr\/wp-content\/uploads\/2020\/09\/GettyImages-150415588.jpg\",\"width\":2121,\"height\":1414,\"caption\":\"People connected by lines to represent a marketing scheme or social network\"},{\"@type\":\"BreadcrumbList\",\"@id\":\"https:\/\/www.ifg.gr\/fr\/events\/connecting-with-french-innovative-ecosystem\/#breadcrumb\",\"itemListElement\":[{\"@type\":\"ListItem\",\"position\":1,\"name\":\"Home\",\"item\":\"https:\/\/www.ifg.gr\/fr\/\"},{\"@type\":\"ListItem\",\"position\":2,\"name\":\"Events\",\"item\":\"https:\/\/www.ifg.gr\/events\/\"},{\"@type\":\"ListItem\",\"position\":3,\"name\":\"Connecting with French Innovative ecosystem\"}]},{\"@type\":\"WebSite\",\"@id\":\"https:\/\/www.ifg.gr\/#website\",\"url\":\"https:\/\/www.ifg.gr\/\",\"name\":\"IFG\",\"description\":\"\",\"potentialAction\":[{\"@type\":\"SearchAction\",\"target\":{\"@type\":\"EntryPoint\",\"urlTemplate\":\"https:\/\/www.ifg.gr\/?s={search_term_string}\"},\"query-input\":{\"@type\":\"PropertyValueSpecification\",\"valueRequired\":true,\"valueName\":\"search_term_string\"}}],\"inLanguage\":\"fr-FR\"}]}<\/script>\n<!-- \/ Yoast SEO plugin. -->","yoast_head_json":{"title":"Nouvelles rencontres de l\u2019innovation franco-hell\u00e9nique","description":"Nouvelles rencontres de l\u2019innovation franco-hell\u00e9nique","robots":{"index":"index","follow":"follow","max-snippet":"max-snippet:-1","max-image-preview":"max-image-preview:large","max-video-preview":"max-video-preview:-1"},"canonical":"https:\/\/www.ifg.gr\/fr\/events\/connecting-with-french-innovative-ecosystem\/","og_locale":"fr_FR","og_type":"article","og_title":"Nouvelles rencontres de l\u2019innovation franco-hell\u00e9nique","og_description":"Nouvelles rencontres de l\u2019innovation franco-hell\u00e9nique","og_url":"https:\/\/www.ifg.gr\/fr\/events\/connecting-with-french-innovative-ecosystem\/","og_site_name":"IFG","article_modified_time":"2020-10-12T15:47:55+00:00","og_image":[{"width":2121,"height":1414,"url":"https:\/\/www.ifg.gr\/wp-content\/uploads\/2020\/09\/GettyImages-150415588.jpg","type":"image\/jpeg"}],"twitter_card":"summary_large_image","twitter_misc":{"Dur\u00e9e de lecture estim\u00e9e":"2 minutes"},"schema":{"@context":"https:\/\/schema.org","@graph":[{"@type":"WebPage","@id":"https:\/\/www.ifg.gr\/fr\/events\/connecting-with-french-innovative-ecosystem\/","url":"https:\/\/www.ifg.gr\/fr\/events\/connecting-with-french-innovative-ecosystem\/","name":"Nouvelles rencontres de l\u2019innovation franco-hell\u00e9nique","isPartOf":{"@id":"https:\/\/www.ifg.gr\/#website"},"primaryImageOfPage":{"@id":"https:\/\/www.ifg.gr\/fr\/events\/connecting-with-french-innovative-ecosystem\/#primaryimage"},"image":{"@id":"https:\/\/www.ifg.gr\/fr\/events\/connecting-with-french-innovative-ecosystem\/#primaryimage"},"thumbnailUrl":"https:\/\/www.ifg.gr\/wp-content\/uploads\/2020\/09\/GettyImages-150415588.jpg","datePublished":"2020-09-23T13:56:37+00:00","dateModified":"2020-10-12T15:47:55+00:00","description":"Nouvelles rencontres de l\u2019innovation franco-hell\u00e9nique","breadcrumb":{"@id":"https:\/\/www.ifg.gr\/fr\/events\/connecting-with-french-innovative-ecosystem\/#breadcrumb"},"inLanguage":"fr-FR","potentialAction":[{"@type":"ReadAction","target":["https:\/\/www.ifg.gr\/fr\/events\/connecting-with-french-innovative-ecosystem\/"]}]},{"@type":"ImageObject","inLanguage":"fr-FR","@id":"https:\/\/www.ifg.gr\/fr\/events\/connecting-with-french-innovative-ecosystem\/#primaryimage","url":"https:\/\/www.ifg.gr\/wp-content\/uploads\/2020\/09\/GettyImages-150415588.jpg","contentUrl":"https:\/\/www.ifg.gr\/wp-content\/uploads\/2020\/09\/GettyImages-150415588.jpg","width":2121,"height":1414,"caption":"People connected by lines to represent a marketing scheme or social network"},{"@type":"BreadcrumbList","@id":"https:\/\/www.ifg.gr\/fr\/events\/connecting-with-french-innovative-ecosystem\/#breadcrumb","itemListElement":[{"@type":"ListItem","position":1,"name":"Home","item":"https:\/\/www.ifg.gr\/fr\/"},{"@type":"ListItem","position":2,"name":"Events","item":"https:\/\/www.ifg.gr\/events\/"},{"@type":"ListItem","position":3,"name":"Connecting with French Innovative ecosystem"}]},{"@type":"WebSite","@id":"https:\/\/www.ifg.gr\/#website","url":"https:\/\/www.ifg.gr\/","name":"IFG","description":"","potentialAction":[{"@type":"SearchAction","target":{"@type":"EntryPoint","urlTemplate":"https:\/\/www.ifg.gr\/?s={search_term_string}"},"query-input":{"@type":"PropertyValueSpecification","valueRequired":true,"valueName":"search_term_string"}}],"inLanguage":"fr-FR"}]}},"_links":{"self":[{"href":"https:\/\/www.ifg.gr\/fr\/wp-json\/wp\/v2\/event\/9828","targetHints":{"allow":["GET"]}}],"collection":[{"href":"https:\/\/www.ifg.gr\/fr\/wp-json\/wp\/v2\/event"}],"about":[{"href":"https:\/\/www.ifg.gr\/fr\/wp-json\/wp\/v2\/types\/event"}],"author":[{"embeddable":true,"href":"https:\/\/www.ifg.gr\/fr\/wp-json\/wp\/v2\/users\/1"}],"version-history":[{"count":0,"href":"https:\/\/www.ifg.gr\/fr\/wp-json\/wp\/v2\/event\/9828\/revisions"}],"wp:featuredmedia":[{"embeddable":true,"href":"https:\/\/www.ifg.gr\/fr\/wp-json\/wp\/v2\/media\/27497"}],"wp:attachment":[{"href":"https:\/\/www.ifg.gr\/fr\/wp-json\/wp\/v2\/media?parent=9828"}],"wp:term":[{"taxonomy":"post_tag","embeddable":true,"href":"https:\/\/www.ifg.gr\/fr\/wp-json\/wp\/v2\/tags?post=9828"},{"taxonomy":"event_category","embeddable":true,"href":"https:\/\/www.ifg.gr\/fr\/wp-json\/wp\/v2\/event_category?post=9828"},{"taxonomy":"event_group","embeddable":true,"href":"https:\/\/www.ifg.gr\/fr\/wp-json\/wp\/v2\/event_group?post=9828"}],"curies":[{"name":"wp","href":"https:\/\/api.w.org\/{rel}","templated":true}]}}