{"id":9234,"date":"2020-09-09T14:57:33","date_gmt":"2020-09-09T14:57:33","guid":{"rendered":"http:\/\/www.ifg.gr\/synergeies\/vivlio\/"},"modified":"2025-09-11T17:46:03","modified_gmt":"2025-09-11T14:46:03","slug":"livre","status":"publish","type":"page","link":"https:\/\/www.ifg.gr\/fr\/synergies\/livre\/","title":{"rendered":"Livre"},"content":{"rendered":"<p><strong>Coop\u00e9ration pour le livre &amp; la bande dessin\u00e9e <\/strong><\/p>\n<p><strong>Favoriser la traduction des \u0153uvres.<\/strong> L\u2019Institut fran\u00e7ais de Gr\u00e8ce met en place des programmes tels que le Programme d\u2019aide \u00e0 la publication (PAP) Jacqueline de Romilly qui visent aussi bien la traduction que l\u2019aide \u00e0 la cession de droits.<\/p>\n<p><strong>Promouvoir les auteurs et encourager les \u00e9changes culturels.<\/strong> En lien avec les \u00e9diteurs grecs et les librairies, l\u2019Institut fran\u00e7ais de Gr\u00e8ce construit la visibilit\u00e9 des ouvrages traduits en invitant leurs auteurs lors d\u2019\u00e9v\u00e9nements litt\u00e9raires \u00e0 forte visibilit\u00e9 comme le Salon international du livre de Thessalonique, ou lors de rencontres intimes dans les librairies.<\/p>\n<p><strong>Valoriser la diversit\u00e9 du secteur de l\u2019\u00e9dition.<\/strong> Pour atteindre un public aussi large que possible, l\u2019Institut fran\u00e7ais de Gr\u00e8ce met en avant les secteurs particuli\u00e8rement dynamiques de l\u2019\u00e9dition fran\u00e7aise, tels que la litt\u00e9rature jeunesse, les livres illustr\u00e9s, la bande-dessin\u00e9e et les cr\u00e9ations graphiques.<\/p>\n","protected":false},"excerpt":{"rendered":"<p>Coop\u00e9ration pour le livre &amp; la bande dessin\u00e9e Favoriser la traduction des \u0153uvres. L\u2019Institut fran\u00e7ais de Gr\u00e8ce met en place des programmes tels que le Programme d\u2019aide \u00e0 la publication (PAP) Jacqueline de Romilly qui visent aussi bien la traduction que l\u2019aide \u00e0 la cession de droits. Promouvoir les auteurs et encourager les \u00e9changes culturels. [&hellip;]<\/p>\n","protected":false},"author":1,"featured_media":0,"parent":9035,"menu_order":43,"comment_status":"closed","ping_status":"closed","template":"","meta":{"_acf_changed":false,"_searchwp_excluded":"","footnotes":""},"class_list":["post-9234","page","type-page","status-publish","hentry"],"acf":{"layout":[{"acf_fc_layout":"accordion","public":true,"title":"Programmes d\u2019aide \u00e0 la traduction du fran\u00e7ais vers le grec","side_image_right":false,"rolling_message":"","main":[{"acf_fc_layout":"textarea","text":"<p><strong>Programmes d\u2019aide \u00e0 la traduction<\/strong><\/p>\n<p>PAP \u00ab Jacqueline de Romilly \u00bb du fran\u00e7ais vers le grec. \u00c9tablit en 2011, ce programme permet \u00e0 toute publication en grec d\u2019un ouvrage \u00e9crit en fran\u00e7ais de d\u00e9poser une demande de soutien, adress\u00e9e par l\u2019\u00e9diteur grec \u00e0 l\u2019Institut fran\u00e7ais de Gr\u00e8ce. Tous les genres sont \u00e9ligibles hormis les livres scolaires. Le tirage pr\u00e9vu doit \u00eatre d\u2019au moins 1000 exemplaires.<\/p>\n<hr \/>\n<p><a href=\"https:\/\/www.ifg.gr\/fr\/news\/jacqueline-de-romilly-francais-vers-grec-nov-2025\/\" target=\"_blank\" rel=\"noopener\"><strong>Programme d\u2019aide \u00e0 la publication de l\u2019Institut fran\u00e7ais de Gr\u00e8ce \u00ab Jacqueline de Romilly \u00bb du fran\u00e7ais vers le grec \u2013 session novembre 2025<\/strong><\/a><\/p>\n"}],"sidebar":false,"side_information":{"title":"","sections":false}},{"acf_fc_layout":"accordion","public":true,"title":"Programmes d\u2019aide \u00e0 la traduction du grec vers le fran\u00e7ais","side_image_right":false,"rolling_message":"","main":[{"acf_fc_layout":"textarea","text":"<p><strong>Programmes d\u2019aide \u00e0 la traduction<\/strong><\/p>\n<p>PAP \u00ab Jacqueline de Romilly \u00bb du grec vers le fran\u00e7ais. Depuis 2018, l\u2019Institut fran\u00e7ais soutient aussi la diffusion du livre et des auteurs grecs dans le monde francophone. Toute publication en fran\u00e7ais d\u2019un ouvrage \u00e9crit en grec peut faire l\u2019objet d\u2019une demande de soutien, adress\u00e9e par l\u2019\u00e9diteur fran\u00e7ais ou grec \u00e0 l\u2019Institut. Tous les genres sont \u00e9ligibles hormis les livres scolaires.<\/p>\n<hr \/>\n<p><a href=\"https:\/\/www.ifg.gr\/fr\/news\/jacqueline-de-romilly-grec-vers-francais-2025\/\" target=\"_blank\" rel=\"noopener\"><strong>Programme d\u2019aide \u00e0 la publication de l\u2019Institut fran\u00e7ais de Gr\u00e8ce \u00ab Jacqueline de Romilly \u00bb du grec vers le fran\u00e7ais \u2013 2025<\/strong><\/a><\/p>\n"}],"sidebar":false,"side_information":{"title":"","sections":false}},{"acf_fc_layout":"accordion","public":true,"title":"Programme d\u2019aide \u00e0 la cession de droits","side_image_right":false,"rolling_message":"","main":[{"acf_fc_layout":"textarea","text":"<p><strong>Programme d\u2019aide \u00e0 la cession de droits<\/strong><\/p>\n<p><a href=\"https:\/\/www.ifg.gr\/fr\/news\/programme-aide-publication-institut-francais-paris-sept-2025\/\" target=\"_blank\" rel=\"noopener\"><strong>L&rsquo;appel \u00e0 candidatures pour septembre 2025 est ouvert !<\/strong><\/a><\/p>\n<hr \/>\n<p>PAP de l\u2019Institut fran\u00e7ais \u2013 Paris. L\u2019IFG est le relais en Gr\u00e8ce du programme d\u2019aide \u00e0 la cession de droits de l\u2019Institut fran\u00e7ais \u2013 Paris. Depuis 25 ans, les programmes d\u2019aide \u00e0 la publication des livres ont contribu\u00e9 \u00e0 la publier plus de 20 000 ouvrages d\u2019auteurs fran\u00e7ais et francophones dans 75 pays. Le soutien de l\u2019Institut fran\u00e7ais consiste \u00e0 verser des fonds (partiellement ou en int\u00e9gralit\u00e9) pay\u00e9s \u00e0 l\u2019avance sur les droits n\u00e9goci\u00e9s entre des \u00e9diteurs fran\u00e7ais et des \u00e9diteurs du monde entier pour toutes sortes d\u2019ouvrages, \u00e0 l\u2019exception des manuels scolaires ou universitaires.<\/p>\n"},{"acf_fc_layout":"posts","items":[{"ID":62953,"post_author":"18","post_date":"2025-05-29 15:20:19","post_date_gmt":"2025-05-29 12:20:19","post_content":"\u2757\u00c0\u00a0ne pas confondre avec le <a href=\"https:\/\/www.ifg.gr\/fr\/news\/programme-d-aide-aux-editeurs-jacqueline-de-romilly-francais-vers-grec-novembre-2024\/\" target=\"_blank\" rel=\"noopener\">PAP Jacqueline de Romilly de l\u2019Institut fran\u00e7ais de Gr\u00e8ce<\/a>\u2757\r\n\r\nL\u2019<strong><a href=\"https:\/\/www.if.institutfrancais.com\/fr\" target=\"_blank\" rel=\"noopener\">Institut fran\u00e7ais - Paris<\/a><\/strong>, op\u00e9rateur culturel du minist\u00e8re fran\u00e7ais des affaires \u00e9trang\u00e8res, lance la 1e session 2025 de son <strong>Programme d'aide \u00e0 la cession de droits.<\/strong>\r\n\r\nIl concerne <strong>tout type d\u2019ouvrages<\/strong> except\u00e9 les manuels scolaires, les ouvrages techniques ou les livres pratiques.\r\n\r\nLes dates de parution devront se situer au moins 3 mois apr\u00e8s la tenue de la commission.\r\n\r\n<strong>Important !<\/strong> Les \u00e9diteurs locaux doivent pr\u00e9venir les \u00e9diteurs fran\u00e7ais de leur d\u00e9p\u00f4t d\u2019une demande d\u2019aide afin notamment de pr\u00e9voir de surseoir au paiement dans l\u2019attente de la d\u00e9cision de la commission. <span style=\"text-decoration: underline;\">Il n\u2019est pas possible de pr\u00e9senter un titre dont les \u00e0-valoir ont d\u00e9j\u00e0 \u00e9t\u00e9 r\u00e9gl\u00e9s aupr\u00e8s de l\u2019\u00e9diteur fran\u00e7ais<\/span>.\r\n\r\n<hr \/>\r\n\r\n<h3>Les dossiers doivent \u00eatre pr\u00eats avant le vendredi 20 juin 2025.\r\nChaque \u00e9diteur peut d\u00e9poser jusqu\u2019\u00e0 deux dossiers.<\/h3>\r\n<h3>Les d\u00e9cisions de la commission seront communiqu\u00e9es d\u00e9but octobre 2025.<\/h3>\r\n\r\n<hr \/>\r\n\r\n<strong>Les dossiers doivent inclure :<\/strong>\r\n<ul>\r\n \t<li><a href=\"https:\/\/www.ifg.gr\/wp-content\/uploads\/2025\/05\/fiche-PAP-IF-sept-2025.docx\" target=\"_blank\" rel=\"noopener\"><strong>document no1 <\/strong>: le formulaire de demande d\u00fbment rempli<\/a><\/li>\r\n \t<li><strong>document no2<\/strong>: la copie du contrat de cession de droits, dat\u00e9e, sign\u00e9e<\/li>\r\n \t<li><a href=\"https:\/\/www.ifg.gr\/wp-content\/uploads\/2025\/05\/Budget-previsionnel.xls\" target=\"_blank\" rel=\"noopener\"><strong>document no3<\/strong>: le budget pr\u00e9visionnel<\/a>. Il doit \u00eatre \u00e9quilibr\u00e9 en recettes et d\u00e9penses, dat\u00e9 et sign\u00e9, en fran\u00e7ais ou en <a href=\"https:\/\/www.ifg.gr\/wp-content\/uploads\/2024\/12\/3-PAP-budget-vierge-ENG.pdf\" target=\"_blank\" rel=\"noopener\">anglais<\/a>, incluant l\u2019aide de l\u2019IF.<\/li>\r\n<\/ul>\r\nLes 3 documents doivent \u00eatre envoy\u00e9s par mail \u00e0 l'addresse <strong><a href=\"mailto:pmouratidou@ifg.gr\" target=\"_blank\" rel=\"noopener\">pmouratidou@ifg.gr<\/a><\/strong>\r\nLe document no1 doit \u00eatre sous format <span style=\"text-decoration: underline;\">WORD<\/span>.\r\nLes documents no2 et no3 doivent \u00eatre envoy\u00e9s, <span style=\"text-decoration: underline;\">SCANN\u00c9S en un seul document PDF<\/span>.","post_title":"Programme d\u2019aide \u00e0 la publication de l\u2019Institut fran\u00e7ais Paris - septembre 2025","post_excerpt":"Programme d'aide aux \u00e9diteurs grecs pour la cession de droits d'\u0153uvres d'auteurs fran\u00e7ais. Date limite de d\u00e9p\u00f4t de candidatures : 20\/06\/2025.","post_status":"publish","comment_status":"closed","ping_status":"closed","post_password":"","post_name":"programme-aide-publication-institut-francais-paris-sept-2025","to_ping":"","pinged":"","post_modified":"2025-06-10 12:05:05","post_modified_gmt":"2025-06-10 09:05:05","post_content_filtered":"","post_parent":0,"guid":"https:\/\/www.ifg.gr\/news\/programma-voitheias-ekdotes-institut-francais-parisi-sept-2025\/","menu_order":0,"post_type":"new","post_mime_type":"","comment_count":"0","filter":"raw"}]}],"sidebar":true,"side_information":{"title":"","sections":false}}],"background_color":"","hero_has_side_paragraph":false,"show_sidebar":false},"yoast_head":"<!-- This site is optimized with the Yoast SEO plugin v26.8 - https:\/\/yoast.com\/product\/yoast-seo-wordpress\/ -->\n<title>LIVRE - Coop\u00e9ration pour le livre &amp; la bande dessin\u00e9e<\/title>\n<meta name=\"description\" content=\"Coop\u00e9ration pour le livre &amp; la bande dessin\u00e9e: Favoriser la traduction, promouvoir les auteurs et valoriser la diversit\u00e9 du secteur de l\u2019\u00e9dition.\" \/>\n<meta name=\"robots\" content=\"index, follow, max-snippet:-1, max-image-preview:large, max-video-preview:-1\" \/>\n<link rel=\"canonical\" href=\"https:\/\/www.ifg.gr\/fr\/synergies\/livre\/\" \/>\n<meta property=\"og:locale\" content=\"fr_FR\" \/>\n<meta property=\"og:type\" content=\"article\" \/>\n<meta property=\"og:title\" content=\"LIVRE - Coop\u00e9ration pour le livre &amp; la bande dessin\u00e9e\" \/>\n<meta property=\"og:description\" content=\"Coop\u00e9ration pour le livre &amp; la bande dessin\u00e9e: Favoriser la traduction, promouvoir les auteurs et valoriser la diversit\u00e9 du secteur de l\u2019\u00e9dition.\" \/>\n<meta property=\"og:url\" content=\"https:\/\/www.ifg.gr\/fr\/synergies\/livre\/\" \/>\n<meta property=\"og:site_name\" content=\"IFG\" \/>\n<meta property=\"article:modified_time\" content=\"2025-09-11T14:46:03+00:00\" \/>\n<meta name=\"twitter:card\" content=\"summary_large_image\" \/>\n<meta name=\"twitter:label1\" content=\"Dur\u00e9e de lecture estim\u00e9e\" \/>\n\t<meta name=\"twitter:data1\" content=\"1 minute\" \/>\n<script type=\"application\/ld+json\" class=\"yoast-schema-graph\">{\"@context\":\"https:\/\/schema.org\",\"@graph\":[{\"@type\":\"WebPage\",\"@id\":\"https:\/\/www.ifg.gr\/fr\/synergies\/livre\/\",\"url\":\"https:\/\/www.ifg.gr\/fr\/synergies\/livre\/\",\"name\":\"LIVRE - Coop\u00e9ration pour le livre & la bande dessin\u00e9e\",\"isPartOf\":{\"@id\":\"https:\/\/www.ifg.gr\/#website\"},\"datePublished\":\"2020-09-09T14:57:33+00:00\",\"dateModified\":\"2025-09-11T14:46:03+00:00\",\"description\":\"Coop\u00e9ration pour le livre & la bande dessin\u00e9e: Favoriser la traduction, promouvoir les auteurs et valoriser la diversit\u00e9 du secteur de l\u2019\u00e9dition.\",\"breadcrumb\":{\"@id\":\"https:\/\/www.ifg.gr\/fr\/synergies\/livre\/#breadcrumb\"},\"inLanguage\":\"fr-FR\",\"potentialAction\":[{\"@type\":\"ReadAction\",\"target\":[\"https:\/\/www.ifg.gr\/fr\/synergies\/livre\/\"]}]},{\"@type\":\"BreadcrumbList\",\"@id\":\"https:\/\/www.ifg.gr\/fr\/synergies\/livre\/#breadcrumb\",\"itemListElement\":[{\"@type\":\"ListItem\",\"position\":1,\"name\":\"Home\",\"item\":\"https:\/\/www.ifg.gr\/fr\/\"},{\"@type\":\"ListItem\",\"position\":2,\"name\":\"SYNERGIES\",\"item\":\"https:\/\/www.ifg.gr\/fr\/synergies\/\"},{\"@type\":\"ListItem\",\"position\":3,\"name\":\"Livre\"}]},{\"@type\":\"WebSite\",\"@id\":\"https:\/\/www.ifg.gr\/#website\",\"url\":\"https:\/\/www.ifg.gr\/\",\"name\":\"IFG\",\"description\":\"\",\"potentialAction\":[{\"@type\":\"SearchAction\",\"target\":{\"@type\":\"EntryPoint\",\"urlTemplate\":\"https:\/\/www.ifg.gr\/?s={search_term_string}\"},\"query-input\":{\"@type\":\"PropertyValueSpecification\",\"valueRequired\":true,\"valueName\":\"search_term_string\"}}],\"inLanguage\":\"fr-FR\"}]}<\/script>\n<!-- \/ Yoast SEO plugin. -->","yoast_head_json":{"title":"LIVRE - Coop\u00e9ration pour le livre & la bande dessin\u00e9e","description":"Coop\u00e9ration pour le livre & la bande dessin\u00e9e: Favoriser la traduction, promouvoir les auteurs et valoriser la diversit\u00e9 du secteur de l\u2019\u00e9dition.","robots":{"index":"index","follow":"follow","max-snippet":"max-snippet:-1","max-image-preview":"max-image-preview:large","max-video-preview":"max-video-preview:-1"},"canonical":"https:\/\/www.ifg.gr\/fr\/synergies\/livre\/","og_locale":"fr_FR","og_type":"article","og_title":"LIVRE - Coop\u00e9ration pour le livre & la bande dessin\u00e9e","og_description":"Coop\u00e9ration pour le livre & la bande dessin\u00e9e: Favoriser la traduction, promouvoir les auteurs et valoriser la diversit\u00e9 du secteur de l\u2019\u00e9dition.","og_url":"https:\/\/www.ifg.gr\/fr\/synergies\/livre\/","og_site_name":"IFG","article_modified_time":"2025-09-11T14:46:03+00:00","twitter_card":"summary_large_image","twitter_misc":{"Dur\u00e9e de lecture estim\u00e9e":"1 minute"},"schema":{"@context":"https:\/\/schema.org","@graph":[{"@type":"WebPage","@id":"https:\/\/www.ifg.gr\/fr\/synergies\/livre\/","url":"https:\/\/www.ifg.gr\/fr\/synergies\/livre\/","name":"LIVRE - Coop\u00e9ration pour le livre & la bande dessin\u00e9e","isPartOf":{"@id":"https:\/\/www.ifg.gr\/#website"},"datePublished":"2020-09-09T14:57:33+00:00","dateModified":"2025-09-11T14:46:03+00:00","description":"Coop\u00e9ration pour le livre & la bande dessin\u00e9e: Favoriser la traduction, promouvoir les auteurs et valoriser la diversit\u00e9 du secteur de l\u2019\u00e9dition.","breadcrumb":{"@id":"https:\/\/www.ifg.gr\/fr\/synergies\/livre\/#breadcrumb"},"inLanguage":"fr-FR","potentialAction":[{"@type":"ReadAction","target":["https:\/\/www.ifg.gr\/fr\/synergies\/livre\/"]}]},{"@type":"BreadcrumbList","@id":"https:\/\/www.ifg.gr\/fr\/synergies\/livre\/#breadcrumb","itemListElement":[{"@type":"ListItem","position":1,"name":"Home","item":"https:\/\/www.ifg.gr\/fr\/"},{"@type":"ListItem","position":2,"name":"SYNERGIES","item":"https:\/\/www.ifg.gr\/fr\/synergies\/"},{"@type":"ListItem","position":3,"name":"Livre"}]},{"@type":"WebSite","@id":"https:\/\/www.ifg.gr\/#website","url":"https:\/\/www.ifg.gr\/","name":"IFG","description":"","potentialAction":[{"@type":"SearchAction","target":{"@type":"EntryPoint","urlTemplate":"https:\/\/www.ifg.gr\/?s={search_term_string}"},"query-input":{"@type":"PropertyValueSpecification","valueRequired":true,"valueName":"search_term_string"}}],"inLanguage":"fr-FR"}]}},"_links":{"self":[{"href":"https:\/\/www.ifg.gr\/fr\/wp-json\/wp\/v2\/pages\/9234","targetHints":{"allow":["GET"]}}],"collection":[{"href":"https:\/\/www.ifg.gr\/fr\/wp-json\/wp\/v2\/pages"}],"about":[{"href":"https:\/\/www.ifg.gr\/fr\/wp-json\/wp\/v2\/types\/page"}],"author":[{"embeddable":true,"href":"https:\/\/www.ifg.gr\/fr\/wp-json\/wp\/v2\/users\/1"}],"replies":[{"embeddable":true,"href":"https:\/\/www.ifg.gr\/fr\/wp-json\/wp\/v2\/comments?post=9234"}],"version-history":[{"count":16,"href":"https:\/\/www.ifg.gr\/fr\/wp-json\/wp\/v2\/pages\/9234\/revisions"}],"predecessor-version":[{"id":64881,"href":"https:\/\/www.ifg.gr\/fr\/wp-json\/wp\/v2\/pages\/9234\/revisions\/64881"}],"up":[{"embeddable":true,"href":"https:\/\/www.ifg.gr\/fr\/wp-json\/wp\/v2\/pages\/9035"}],"wp:attachment":[{"href":"https:\/\/www.ifg.gr\/fr\/wp-json\/wp\/v2\/media?parent=9234"}],"curies":[{"name":"wp","href":"https:\/\/api.w.org\/{rel}","templated":true}]}}